{"id":11849,"date":"2019-03-07T17:37:57","date_gmt":"2019-03-07T17:37:57","guid":{"rendered":"https:\/\/advbox.com.br\/blog\/?post_type=modelos&#038;p=11849"},"modified":"2025-04-29T16:49:12","modified_gmt":"2025-04-29T19:49:12","slug":"acao-de-implantacao-de-beneficio-especial","status":"publish","type":"modelos","link":"https:\/\/advbox.com.br\/blog\/modelos\/acao-de-implantacao-de-beneficio-especial\/","title":{"rendered":"Modelo de a\u00e7\u00e3o de implanta\u00e7\u00e3o de benef\u00edcio especial"},"content":{"rendered":"<p style=\"text-align: center; background: #eee; padding: 10px;\"><strong><em>Descubra como <a href=\"https:\/\/advbox.com.br\/blog\/como-automatizar-seus-modelos-de-peticoes\/\" target=\"_blank\">automatizar o preenchimento de todos os seus modelos de peti\u00e7\u00e3o<\/a> e otimizar o tempo de toda sua equipe.<\/em><\/strong><\/p>\n<h1><strong>MODELO DE A\u00c7\u00c3O DE IMPLANTA\u00c7\u00c3O DE BENEF\u00cdCIO ESPECIAL<\/strong><\/h1>\n<p><strong><br \/>\n<\/strong><strong><\/strong><\/p>\n<p style=\"text-align: justify;\"><span><strong>EXCELENT\u00cdSSIMO (A) SENHOR (A) JUIZ (A) FEDERAL RELATOR (A) DA EGR\u00c9GIA <\/strong><\/span><span><strong>&#8230;<\/strong><\/span><span><strong>\u00aa TURMA RECURSAL DOS JUIZADOS ESPECIAIS FEDERAIS DA SE\u00c7\u00c3O JUDICI\u00c1RIA DO <\/strong><\/span><span><strong>&#8230;.<\/strong><\/span><\/p>\n<p style=\"text-align: justify;\"><span><strong>&#8230; (nome completo em negrito da parte)<\/strong><\/span><span> j\u00e1 cadastrado eletronicamente, vem, respeitosamente, perante Vossa Excel\u00eancia, por meio de seus procuradores, requerer\u00a0<\/span><span>a imediata <\/span><\/p>\n<p style=\"text-align: center;\"><span><strong>IMPLANTA\u00c7\u00c3O DO BENEF\u00cdCIO N\u00ba <\/strong><\/span><span><strong>&#8230;<\/strong><\/span><\/p>\n<p style=\"text-align: justify;\"><span>com fulcro nos \u00a7\u00a7 1\u00ba e 4\u00ba do art. 6\u00ba do Regimento Interno das Turmas Recursais do Rio Grande do Sul, pelos fundamentos f\u00e1ticos e jur\u00eddicos que passa a expor:<\/span><\/p>\n<p style=\"text-align: justify;\"><span>O Autor ajuizou a\u00e7\u00e3o previdenci\u00e1ria no dia\u00a0<\/span><span><strong>20 de dezembro de 2011<\/strong><\/span><span>, objetivando a concess\u00e3o de aposentadoria especial ou, subsidiariamente, aposentadoria por tempo de contribui\u00e7\u00e3o, que foi julgada\u00a0<\/span><span><strong>procedente<\/strong><\/span><span>\u00a0para condenar o INSS a reconhecer a especialidade do labor desenvolvido nos per\u00edodos de 22\/04\/1986 a 30\/09\/1988, 01\/10\/1988 a 31\/12\/2001; 01\/01\/2002 a 18\/08\/2003, 19\/08\/2003 a 17\/06\/2011 e conceder a parte autora o benef\u00edcio de aposentadoria especial, NB XXX.XXX.XXX-X, a contar da DER (17\/06\/2011).<\/span><\/p>\n<p style=\"text-align: justify;\"><span><strong>A parte r\u00e9 interp\u00f4s recurso inominado perante a 1\u00aa Turma Recursal dos Juizados Especiais Federais do Rio Grande do Sul.<\/strong><\/span><\/p>\n<p style=\"text-align: justify;\"><span>Recurso este ao qual foi negado provimento, mantendo-se a concess\u00e3o do benef\u00edcio de aposentadoria especial.<\/span><\/p>\n<p style=\"text-align: justify;\"><span><strong>Ocorre que, inobstante o reconhecimento do Direito da parte Autora, n\u00e3o houve determina\u00e7\u00e3o nem intima\u00e7\u00e3o da Autarquia Previdenci\u00e1ria para que fosse implantado o benef\u00edcio.<\/strong><\/span><\/p>\n<p style=\"text-align: justify;\"><span><strong>Vale destacar que no \u00e2mbito dos Juizados Especiais, salvo situa\u00e7\u00f5es excepcionais, dever\u00e1 ser atribu\u00eddo apenas o efeito devolutivo aos recursos, de acordo com a previs\u00e3o do art.\u00a0<\/strong><\/span><span><strong>43<\/strong><\/span><span><strong>\u00a0da lei\u00a0<\/strong><\/span><span><strong>9.099<\/strong><\/span><span><strong>\/95, c\/c o art.\u00a0<\/strong><\/span><span><strong>1\u00ba<\/strong><\/span><span><strong>\u00a0da lei\u00a0<\/strong><\/span><span><strong>10.259<\/strong><\/span><span><strong>\/01.<\/strong><\/span><\/p>\n<p style=\"text-align: justify;\"><span>De qualquer forma, restam preenchidos os requisitos fundamentais da antecipa\u00e7\u00e3o dos efeitos da tutela: a prova inequ\u00edvoca, a partir da verossimilhan\u00e7a das alega\u00e7\u00f5es, e o\u00a0<\/span><span>periculum in mora<\/span><span>, que se caracteriza pelo preju\u00edzo que a demora da presta\u00e7\u00e3o jurisdicional pode ocasionar, conforme disposto no art.\u00a0<\/span><span>273<\/span><span>\u00a0do\u00a0<\/span><span>CPC<\/span><span>.<\/span><\/p>\n<p style=\"text-align: justify;\"><span>No que tange a possibilidade de implanta\u00e7\u00e3o imediata do benef\u00edcio de aposentadoria especial, imperioso ressaltar que a continuidade no exerc\u00edcio da profiss\u00e3o em condi\u00e7\u00f5es especiais\u00a0<\/span><span><strong>n\u00e3o<\/strong><\/span><span>\u00a0impede a imediata implanta\u00e7\u00e3o do <\/span><span>benef\u00edcio em sede senten\u00e7a, eis que\u00a0<\/span><span><strong>a exig\u00eancia de afastamento da atividade especial prevista no\u00a0<\/strong><\/span><span><strong>\u00a7 8\u00ba<\/strong><\/span><span><strong>, do art.\u00a0<\/strong><\/span><span><strong>57<\/strong><\/span><span><strong>, da Lei\u00a0<\/strong><\/span><span><strong>8.213<\/strong><\/span><span><strong>\/91 \u00e9 inconstitucional<\/strong><\/span><span>, pois cerceia indevidamente o exerc\u00edcio do trabalho e o acesso a previd\u00eancia social, afrontando o art.\u00a0<\/span><span>7\u00ba<\/span><span>,\u00a0<\/span><span>caput<\/span><span>\u00a0e o art.\u00a0<\/span><span>170<\/span><span>\u00a0da\u00a0<\/span><span>Constitui\u00e7\u00e3o Federal<\/span><span>.<\/span><\/p>\n<p style=\"text-align: justify;\"><span>Nesse sentido, a\u00a0<\/span><span><strong>corte especial do Tribunal Regional Federal da 4\u00aa Regi\u00e3o\u00a0<\/strong><\/span><span>j\u00e1 decidiu pela\u00a0<\/span><span><strong>inconstitucionalidade do\u00a0<\/strong><\/span><span><strong>\u00a7 8\u00ba<\/strong><\/span><span><strong>, do artigo\u00a0<\/strong><\/span><span><strong>57<\/strong><\/span><span><strong>, da Lei\u00a0<\/strong><\/span><span><strong>8.213<\/strong><\/span><span><strong>\/91<\/strong><\/span><span>, em ac\u00f3rd\u00e3o assim ementado:<\/span><\/p>\n<p style=\"text-align: justify;\"><span>PREVIDENCI\u00c1RIO. CONSTITUCIONAL. ARGUI\u00c7\u00c3O DE INCONSTUCIONALIDADE.\u00a0<\/span><span>\u00a7 8\u00ba<\/span><span>\u00a0DO ARTIGO\u00a0<\/span><span>57<\/span><span>\u00a0DA LEI N\u00ba\u00a0<\/span><span>8.213<\/span><span>\/91. APOSENTADORIA ESPECIAL. VEDA\u00c7\u00c3O DE PERCEP\u00c7\u00c3O POR TRABALHADOR QUE CONTINUA NA ATIVA, DESEMPENHANDO ATIVIDADE EM CONDI\u00c7\u00d5ES ESPECIAIS.<\/span><\/p>\n<p style=\"text-align: justify;\"><span>1. Comprovado o exerc\u00edcio de atividade especial por mais de 25 anos, o segurado faz jus \u00e0 concess\u00e3o da aposentadoria especial, nos termos do artigo\u00a0<\/span><span>57<\/span><span>\u00a0e \u00a7 1\u00ba da Lei\u00a0<\/span><span>8.213<\/span><span>, de 24-07-1991, observado, ainda, o disposto no art.\u00a0<\/span><span>18<\/span><span>,\u00a0<\/span><span>I<\/span><span>,\u00a0<\/span><span>d<\/span><span>\u00a0c\/c 29, II, da LB, a contar da data do requerimento administrativo.<\/span><\/p>\n<p style=\"text-align: justify;\"><span>2. O\u00a0<\/span><span>\u00a7 8\u00ba<\/span><span>\u00a0do artigo\u00a0<\/span><span>57<\/span><span>\u00a0da Lei n\u00ba\u00a0<\/span><span>8.213<\/span><span>\/91 veda a percep\u00e7\u00e3o de aposentadoria especial por parte do trabalhador que continuar exercendo atividade especial.<\/span><\/p>\n<p style=\"text-align: justify;\"><span>3<\/span><span><strong>. A restri\u00e7\u00e3o \u00e0 continuidade do desempenho da atividade por parte do trabalhador que obt\u00e9m aposentadoria especial cerceia, sem que haja autoriza\u00e7\u00e3o constitucional para tanto (pois a\u00a0<\/strong><\/span><span><strong>constitui\u00e7\u00e3o<\/strong><\/span><span><strong>\u00a0somente permite restri\u00e7\u00e3o relacionada \u00e0 qualifica\u00e7\u00e3o profissional), o desempenho de atividade profissional, e veda o acesso \u00e0 previd\u00eancia social ao segurado que implementou os requisitos estabelecidos na legisla\u00e7\u00e3o de reg\u00eancia.<\/strong><\/span><\/p>\n<p style=\"text-align: justify;\"><span>3. A regra em quest\u00e3o n\u00e3o possui car\u00e1ter protetivo, pois n\u00e3o veda o trabalho especial, ou mesmo sua continuidade, impedindo apenas o pagamento da aposentadoria. Nada obsta que o segurado permane\u00e7a trabalhando em atividades que impliquem exposi\u00e7\u00e3o a agentes nocivos sem requerer aposentadoria especial; ou que aguarde para se aposentar por tempo de contribui\u00e7\u00e3o, a fim de poder cumular o benef\u00edcio com a remunera\u00e7\u00e3o da atividade, caso mantenha o v\u00ednculo; como nada impede que se aposentando sem a considera\u00e7\u00e3o do tempo especial, pe\u00e7a, quando do afastamento definitivo do trabalho, a convers\u00e3o da aposentadoria por tempo de contribui\u00e7\u00e3o em aposentadoria especial. A regra, portanto, n\u00e3o tem por escopo a prote\u00e7\u00e3o do trabalhador, ostentando mero car\u00e1ter fiscal e cerceando de forma indevida o desempenho de atividade profissional.<\/span><\/p>\n<p style=\"text-align: justify;\"><span>4. A interpreta\u00e7\u00e3o conforme a\u00a0<\/span><span>constitui\u00e7\u00e3o<\/span><span>\u00a0n\u00e3o tem cabimento quando conduz a entendimento que contrarie sentido expresso da lei.<\/span><\/p>\n<p style=\"text-align: justify;\"><span>5. Reconhecimento da inconstitucionalidade do\u00a0<\/span><span>\u00a7 8\u00ba<\/span><span>\u00a0do artigo\u00a0<\/span><span>57<\/span><span>\u00a0da Lei n\u00ba\u00a0<\/span><span>8.213<\/span><span>\/91. (Argui\u00e7\u00e3o De Inconstitucionalidade 5001401-77.2012.404.0000, Rel. Des. Federal Ricardo Teixeira Do Valle Pereira).<\/span><\/p>\n<p style=\"text-align: justify;\"><span>Por outro lado, \u00e9 importante destacar que o deferimento da medida antecipat\u00f3ria poder\u00e1 ocorrer em qualquer fase do processo. Nesse sentido, contribui <\/span><span>Fredie<\/span><span> Didier Jr., Paula Sarno Braga e Rafael de Oliveira<\/span><span>[1]<\/span><span>:<\/span><\/p>\n<p style=\"text-align: justify;\"><span>A princ\u00edpio, a tutela antecipada pode ser requerida a qualquer tempo dentro do processo: desde o in\u00edcio, com a propositura da a\u00e7\u00e3o (liminarmente) at\u00e9 seus momentos finais. N\u00e3o h\u00e1 limite temporal.<\/span><\/p>\n<p style=\"text-align: justify;\"><span>A veracidade das alega\u00e7\u00f5es est\u00e1 comprovada atrav\u00e9s do ac\u00f3rd\u00e3o proferido pela 4\u00aa Turma Recursal dos Juizados Especiais Federais do Rio Grande do Sul, o qual negou provimento ao recurso interposto pelo R\u00e9u, mantendo a senten\u00e7a que condenou o INSS a conceder o benef\u00edcio de aposentadoria especial desde a DER.<\/span><\/p>\n<p style=\"text-align: justify;\"><span>O preju\u00edzo que a demora da presta\u00e7\u00e3o jurisdicional pode ocasionar se configura pelo fato de que se continuar privado do recebimento da aposentadoria, a parte Autora ter\u00e1 o seu sustento prejudicado. <\/span><span>O car\u00e1ter alimentar do benef\u00edcio traduzem<\/span><span> um quadro de urg\u00eancia que exige pronta resposta do Judici\u00e1rio, tendo em vista que nos benef\u00edcios previdenci\u00e1rios resta intuitivo o risco de inefic\u00e1cia do provimento jurisdicional final.<\/span><\/p>\n<p style=\"text-align: justify;\"><span>Ademais, destaca-se que o INSS interp\u00f4s embargos de declara\u00e7\u00e3o objetivando o prequestionamento de mat\u00e9ria para fins de interposi\u00e7\u00e3o de recurso extraordin\u00e1rio, o que acarretar\u00e1 grande demora para o tr\u00e2nsito em julgado da lide e imp\u00f5e a necessidade de antecipa\u00e7\u00e3o dos efeitos da tutela a fim de evitar preju\u00edzo ao sustento do Demandante.<\/span><\/p>\n<p style=\"text-align: justify;\"><span><strong>ASSIM SENDO<\/strong><\/span><span>, e considerando o enunciado 35 da FONAJEF, requer a antecipa\u00e7\u00e3o dos efeitos da tutela determinando-se\u00a0<\/span><span><strong>a imediata implanta\u00e7\u00e3o do benef\u00edcio n\u00ba <\/strong><\/span><span><strong>&#8230;<\/strong><\/span><span>\u00a0(aposentadoria especial), nos termos do ac\u00f3rd\u00e3o proferido por esta Nobre Turma Recursal.<\/span><\/p>\n<p style=\"text-align: justify;\"><span>Nesses termos, pede deferimento<\/span><span>.<\/span><\/p>\n<p style=\"text-align: justify;\"><span>Santa Maria, 24 de <\/span><span>Junho<\/span><span> de 2013.<\/span><\/p>\n<p style=\"text-align: justify;\"><span>Nestes termos, <\/span><\/p>\n<p style=\"text-align: justify;\"><span>pede e espera deferimento.<\/span><\/p>\n<p style=\"text-align: justify;\"><span>&#8230; (Munic\u00edpio \u2013 UF), &#8230; (dia) de &#8230; (m\u00eas) de &#8230; (ano).<\/span><\/p>\n<p style=\"text-align: center; margin-left: 80px;\"><span><strong>ADVOGADO<\/strong><\/span><\/p>\n<p style=\"text-align: center; margin-left: 80px;\"><span>OAB n\u00b0 &#8230;. \u2013 UF<\/span><\/p>\n<p style=\"text-align: center;\"><a href=\"https:\/\/advbox.com.br\/blog\/como-automatizar-seus-modelos-de-peticoes\/\" target=\"_blank\"><img fetchpriority=\"high\" decoding=\"async\" src=\"https:\/\/advbox.com.br\/blog\/wp-content\/uploads\/2019\/05\/automatize_a_produ%C3%A7%C3%A3o_de_suas_peti%C3%A7%C3%B5es.png\" alt=\"Automatize a Produ\u00e7\u00e3o de suas Peti\u00e7\u00f5es - Torne sua Advocacia ainda mais inteligente\" width=\"1000\" height=\"276\" class=\"alignnone wp-image-11456 size-full\"><\/a><\/p><\/p>\n","protected":false},"excerpt":{"rendered":"<p>Descubra como automatizar o preenchimento de todos os seus modelos de peti\u00e7\u00e3o e otimizar o tempo de toda sua equipe. MODELO DE A\u00c7\u00c3O DE IMPLANTA\u00c7\u00c3O DE BENEF\u00cdCIO ESPECIAL EXCELENT\u00cdSSIMO (A) SENHOR (A) JUIZ (A) FEDERAL RELATOR (A) DA EGR\u00c9GIA &#8230;\u00aa TURMA RECURSAL DOS JUIZADOS ESPECIAIS FEDERAIS DA SE\u00c7\u00c3O JUDICI\u00c1RIA DO [&hellip;]<\/p>\n","protected":false},"author":44,"featured_media":33127,"comment_status":"closed","ping_status":"closed","template":"","meta":{"_acf_changed":false,"om_disable_all_campaigns":false,"footnotes":""},"modelo_category":[1457,1484],"class_list":["post-11849","modelos","type-modelos","status-publish","has-post-thumbnail","hentry","modelo_category-direito","modelo_category-direito-previdenciario"],"acf":[],"yoast_head":"<!-- This site is optimized with the Yoast SEO plugin v26.9 - https:\/\/yoast.com\/product\/yoast-seo-wordpress\/ -->\n<title>Modelo de a\u00e7\u00e3o de implanta\u00e7\u00e3o de benef\u00edcio especial | ADVBOX<\/title>\n<meta name=\"description\" content=\"Disponibilizamos para voc\u00ea um modelo de a\u00e7\u00e3o de implanta\u00e7\u00e3o de benef\u00edcio especial. ADVBOX\" \/>\n<meta name=\"robots\" content=\"index, follow, max-snippet:-1, max-image-preview:large, max-video-preview:-1\" \/>\n<link rel=\"canonical\" href=\"https:\/\/advbox.com.br\/blog\/modelos\/acao-de-implantacao-de-beneficio-especial\/\" \/>\n<meta property=\"og:locale\" content=\"pt_BR\" \/>\n<meta property=\"og:type\" content=\"article\" \/>\n<meta property=\"og:title\" content=\"Modelo de a\u00e7\u00e3o de implanta\u00e7\u00e3o de benef\u00edcio especial | ADVBOX\" \/>\n<meta property=\"og:description\" content=\"Disponibilizamos para voc\u00ea um modelo de a\u00e7\u00e3o de implanta\u00e7\u00e3o de benef\u00edcio especial. ADVBOX\" \/>\n<meta property=\"og:url\" content=\"https:\/\/advbox.com.br\/blog\/modelos\/acao-de-implantacao-de-beneficio-especial\/\" \/>\n<meta property=\"og:site_name\" content=\"Software Jur\u00eddico Completo - ADVBOX\" \/>\n<meta property=\"article:publisher\" content=\"https:\/\/www.facebook.com\/advbox\/\" \/>\n<meta property=\"article:modified_time\" content=\"2025-04-29T19:49:12+00:00\" \/>\n<meta property=\"og:image\" content=\"https:\/\/advbox.com.br\/blog\/wp-content\/uploads\/2021\/05\/teletrabalho.jpg\" \/>\n\t<meta property=\"og:image:width\" content=\"672\" \/>\n\t<meta property=\"og:image:height\" content=\"448\" \/>\n\t<meta property=\"og:image:type\" content=\"image\/jpeg\" \/>\n<meta name=\"twitter:card\" content=\"summary_large_image\" \/>\n<meta name=\"twitter:site\" content=\"@advbox2\" \/>\n<script type=\"application\/ld+json\" class=\"yoast-schema-graph\">{\"@context\":\"https:\/\/schema.org\",\"@graph\":[{\"@type\":\"WebPage\",\"@id\":\"https:\/\/advbox.com.br\/blog\/modelos\/acao-de-implantacao-de-beneficio-especial\/\",\"url\":\"https:\/\/advbox.com.br\/blog\/modelos\/acao-de-implantacao-de-beneficio-especial\/\",\"name\":\"Modelo de a\u00e7\u00e3o de implanta\u00e7\u00e3o de benef\u00edcio especial | ADVBOX\",\"isPartOf\":{\"@id\":\"https:\/\/advbox.com.br\/blog\/#website\"},\"primaryImageOfPage\":{\"@id\":\"https:\/\/advbox.com.br\/blog\/modelos\/acao-de-implantacao-de-beneficio-especial\/#primaryimage\"},\"image\":{\"@id\":\"https:\/\/advbox.com.br\/blog\/modelos\/acao-de-implantacao-de-beneficio-especial\/#primaryimage\"},\"thumbnailUrl\":\"https:\/\/advbox.com.br\/blog\/wp-content\/uploads\/2021\/05\/teletrabalho.jpg\",\"datePublished\":\"2019-03-07T17:37:57+00:00\",\"dateModified\":\"2025-04-29T19:49:12+00:00\",\"description\":\"Disponibilizamos para voc\u00ea um modelo de a\u00e7\u00e3o de implanta\u00e7\u00e3o de benef\u00edcio especial. ADVBOX\",\"breadcrumb\":{\"@id\":\"https:\/\/advbox.com.br\/blog\/modelos\/acao-de-implantacao-de-beneficio-especial\/#breadcrumb\"},\"inLanguage\":\"pt-BR\",\"potentialAction\":[{\"@type\":\"ReadAction\",\"target\":[\"https:\/\/advbox.com.br\/blog\/modelos\/acao-de-implantacao-de-beneficio-especial\/\"]}]},{\"@type\":\"ImageObject\",\"inLanguage\":\"pt-BR\",\"@id\":\"https:\/\/advbox.com.br\/blog\/modelos\/acao-de-implantacao-de-beneficio-especial\/#primaryimage\",\"url\":\"https:\/\/advbox.com.br\/blog\/wp-content\/uploads\/2021\/05\/teletrabalho.jpg\",\"contentUrl\":\"https:\/\/advbox.com.br\/blog\/wp-content\/uploads\/2021\/05\/teletrabalho.jpg\",\"width\":672,\"height\":448,\"caption\":\"teletrabalho - transforma\u00e7\u00e3o digital na advocacia\"},{\"@type\":\"BreadcrumbList\",\"@id\":\"https:\/\/advbox.com.br\/blog\/modelos\/acao-de-implantacao-de-beneficio-especial\/#breadcrumb\",\"itemListElement\":[{\"@type\":\"ListItem\",\"position\":1,\"name\":\"In\u00edcio\",\"item\":\"https:\/\/advbox.com.br\/blog\/\"},{\"@type\":\"ListItem\",\"position\":2,\"name\":\"Modelos\",\"item\":\"https:\/\/advbox.com.br\/blog\/modelos\/\"},{\"@type\":\"ListItem\",\"position\":3,\"name\":\"Modelo de a\u00e7\u00e3o de implanta\u00e7\u00e3o de benef\u00edcio especial\"}]},{\"@type\":\"WebSite\",\"@id\":\"https:\/\/advbox.com.br\/blog\/#website\",\"url\":\"https:\/\/advbox.com.br\/blog\/\",\"name\":\"Software Jur\u00eddico Completo - ADVBOX\",\"description\":\"Plataforma para Advocacia Digital\",\"publisher\":{\"@id\":\"https:\/\/advbox.com.br\/blog\/#organization\"},\"potentialAction\":[{\"@type\":\"SearchAction\",\"target\":{\"@type\":\"EntryPoint\",\"urlTemplate\":\"https:\/\/advbox.com.br\/blog\/?s={search_term_string}\"},\"query-input\":{\"@type\":\"PropertyValueSpecification\",\"valueRequired\":true,\"valueName\":\"search_term_string\"}}],\"inLanguage\":\"pt-BR\"},{\"@type\":\"Organization\",\"@id\":\"https:\/\/advbox.com.br\/blog\/#organization\",\"name\":\"ADVBOX Blog - Software jur\u00eddico da advocacia digital\",\"url\":\"https:\/\/advbox.com.br\/blog\/\",\"logo\":{\"@type\":\"ImageObject\",\"inLanguage\":\"pt-BR\",\"@id\":\"https:\/\/advbox.com.br\/blog\/#\/schema\/logo\/image\/\",\"url\":\"https:\/\/advbox.com.br\/blog\/wp-content\/uploads\/2019\/12\/Como-aumentar-a-produtividade_.jpg\",\"contentUrl\":\"https:\/\/advbox.com.br\/blog\/wp-content\/uploads\/2019\/12\/Como-aumentar-a-produtividade_.jpg\",\"width\":320,\"height\":213,\"caption\":\"ADVBOX Blog - Software jur\u00eddico da advocacia digital\"},\"image\":{\"@id\":\"https:\/\/advbox.com.br\/blog\/#\/schema\/logo\/image\/\"},\"sameAs\":[\"https:\/\/www.facebook.com\/advbox\/\",\"https:\/\/x.com\/advbox2\"]}]}<\/script>\n<!-- \/ Yoast SEO plugin. -->","yoast_head_json":{"title":"Modelo de a\u00e7\u00e3o de implanta\u00e7\u00e3o de benef\u00edcio especial | ADVBOX","description":"Disponibilizamos para voc\u00ea um modelo de a\u00e7\u00e3o de implanta\u00e7\u00e3o de benef\u00edcio especial. ADVBOX","robots":{"index":"index","follow":"follow","max-snippet":"max-snippet:-1","max-image-preview":"max-image-preview:large","max-video-preview":"max-video-preview:-1"},"canonical":"https:\/\/advbox.com.br\/blog\/modelos\/acao-de-implantacao-de-beneficio-especial\/","og_locale":"pt_BR","og_type":"article","og_title":"Modelo de a\u00e7\u00e3o de implanta\u00e7\u00e3o de benef\u00edcio especial | ADVBOX","og_description":"Disponibilizamos para voc\u00ea um modelo de a\u00e7\u00e3o de implanta\u00e7\u00e3o de benef\u00edcio especial. ADVBOX","og_url":"https:\/\/advbox.com.br\/blog\/modelos\/acao-de-implantacao-de-beneficio-especial\/","og_site_name":"Software Jur\u00eddico Completo - ADVBOX","article_publisher":"https:\/\/www.facebook.com\/advbox\/","article_modified_time":"2025-04-29T19:49:12+00:00","og_image":[{"width":672,"height":448,"url":"https:\/\/advbox.com.br\/blog\/wp-content\/uploads\/2021\/05\/teletrabalho.jpg","type":"image\/jpeg"}],"twitter_card":"summary_large_image","twitter_site":"@advbox2","schema":{"@context":"https:\/\/schema.org","@graph":[{"@type":"WebPage","@id":"https:\/\/advbox.com.br\/blog\/modelos\/acao-de-implantacao-de-beneficio-especial\/","url":"https:\/\/advbox.com.br\/blog\/modelos\/acao-de-implantacao-de-beneficio-especial\/","name":"Modelo de a\u00e7\u00e3o de implanta\u00e7\u00e3o de benef\u00edcio especial | ADVBOX","isPartOf":{"@id":"https:\/\/advbox.com.br\/blog\/#website"},"primaryImageOfPage":{"@id":"https:\/\/advbox.com.br\/blog\/modelos\/acao-de-implantacao-de-beneficio-especial\/#primaryimage"},"image":{"@id":"https:\/\/advbox.com.br\/blog\/modelos\/acao-de-implantacao-de-beneficio-especial\/#primaryimage"},"thumbnailUrl":"https:\/\/advbox.com.br\/blog\/wp-content\/uploads\/2021\/05\/teletrabalho.jpg","datePublished":"2019-03-07T17:37:57+00:00","dateModified":"2025-04-29T19:49:12+00:00","description":"Disponibilizamos para voc\u00ea um modelo de a\u00e7\u00e3o de implanta\u00e7\u00e3o de benef\u00edcio especial. ADVBOX","breadcrumb":{"@id":"https:\/\/advbox.com.br\/blog\/modelos\/acao-de-implantacao-de-beneficio-especial\/#breadcrumb"},"inLanguage":"pt-BR","potentialAction":[{"@type":"ReadAction","target":["https:\/\/advbox.com.br\/blog\/modelos\/acao-de-implantacao-de-beneficio-especial\/"]}]},{"@type":"ImageObject","inLanguage":"pt-BR","@id":"https:\/\/advbox.com.br\/blog\/modelos\/acao-de-implantacao-de-beneficio-especial\/#primaryimage","url":"https:\/\/advbox.com.br\/blog\/wp-content\/uploads\/2021\/05\/teletrabalho.jpg","contentUrl":"https:\/\/advbox.com.br\/blog\/wp-content\/uploads\/2021\/05\/teletrabalho.jpg","width":672,"height":448,"caption":"teletrabalho - transforma\u00e7\u00e3o digital na advocacia"},{"@type":"BreadcrumbList","@id":"https:\/\/advbox.com.br\/blog\/modelos\/acao-de-implantacao-de-beneficio-especial\/#breadcrumb","itemListElement":[{"@type":"ListItem","position":1,"name":"In\u00edcio","item":"https:\/\/advbox.com.br\/blog\/"},{"@type":"ListItem","position":2,"name":"Modelos","item":"https:\/\/advbox.com.br\/blog\/modelos\/"},{"@type":"ListItem","position":3,"name":"Modelo de a\u00e7\u00e3o de implanta\u00e7\u00e3o de benef\u00edcio especial"}]},{"@type":"WebSite","@id":"https:\/\/advbox.com.br\/blog\/#website","url":"https:\/\/advbox.com.br\/blog\/","name":"Software Jur\u00eddico Completo - ADVBOX","description":"Plataforma para Advocacia Digital","publisher":{"@id":"https:\/\/advbox.com.br\/blog\/#organization"},"potentialAction":[{"@type":"SearchAction","target":{"@type":"EntryPoint","urlTemplate":"https:\/\/advbox.com.br\/blog\/?s={search_term_string}"},"query-input":{"@type":"PropertyValueSpecification","valueRequired":true,"valueName":"search_term_string"}}],"inLanguage":"pt-BR"},{"@type":"Organization","@id":"https:\/\/advbox.com.br\/blog\/#organization","name":"ADVBOX Blog - Software jur\u00eddico da advocacia digital","url":"https:\/\/advbox.com.br\/blog\/","logo":{"@type":"ImageObject","inLanguage":"pt-BR","@id":"https:\/\/advbox.com.br\/blog\/#\/schema\/logo\/image\/","url":"https:\/\/advbox.com.br\/blog\/wp-content\/uploads\/2019\/12\/Como-aumentar-a-produtividade_.jpg","contentUrl":"https:\/\/advbox.com.br\/blog\/wp-content\/uploads\/2019\/12\/Como-aumentar-a-produtividade_.jpg","width":320,"height":213,"caption":"ADVBOX Blog - Software jur\u00eddico da advocacia digital"},"image":{"@id":"https:\/\/advbox.com.br\/blog\/#\/schema\/logo\/image\/"},"sameAs":["https:\/\/www.facebook.com\/advbox\/","https:\/\/x.com\/advbox2"]}]}},"_links":{"self":[{"href":"https:\/\/advbox.com.br\/blog\/wp-json\/wp\/v2\/modelos\/11849","targetHints":{"allow":["GET"]}}],"collection":[{"href":"https:\/\/advbox.com.br\/blog\/wp-json\/wp\/v2\/modelos"}],"about":[{"href":"https:\/\/advbox.com.br\/blog\/wp-json\/wp\/v2\/types\/modelos"}],"author":[{"embeddable":true,"href":"https:\/\/advbox.com.br\/blog\/wp-json\/wp\/v2\/users\/44"}],"replies":[{"embeddable":true,"href":"https:\/\/advbox.com.br\/blog\/wp-json\/wp\/v2\/comments?post=11849"}],"version-history":[{"count":4,"href":"https:\/\/advbox.com.br\/blog\/wp-json\/wp\/v2\/modelos\/11849\/revisions"}],"predecessor-version":[{"id":73721,"href":"https:\/\/advbox.com.br\/blog\/wp-json\/wp\/v2\/modelos\/11849\/revisions\/73721"}],"wp:featuredmedia":[{"embeddable":true,"href":"https:\/\/advbox.com.br\/blog\/wp-json\/wp\/v2\/media\/33127"}],"wp:attachment":[{"href":"https:\/\/advbox.com.br\/blog\/wp-json\/wp\/v2\/media?parent=11849"}],"wp:term":[{"taxonomy":"modelo_category","embeddable":true,"href":"https:\/\/advbox.com.br\/blog\/wp-json\/wp\/v2\/modelo_category?post=11849"}],"curies":[{"name":"wp","href":"https:\/\/api.w.org\/{rel}","templated":true}]}}