{"id":11907,"date":"2025-09-22T13:08:38","date_gmt":"2025-09-22T16:08:38","guid":{"rendered":"https:\/\/advbox.com.br\/blog\/?post_type=modelos&#038;p=11907"},"modified":"2025-09-29T14:59:33","modified_gmt":"2025-09-29T17:59:33","slug":"contrarrazoes-de-recurso-extraordinario","status":"publish","type":"modelos","link":"https:\/\/advbox.com.br\/blog\/modelos\/contrarrazoes-de-recurso-extraordinario\/","title":{"rendered":"Modelo de contrarraz\u00f5es ao recurso extraordin\u00e1rio"},"content":{"rendered":"\n<h1 class=\"wp-block-heading\">Modelo de contrarraz\u00f5es ao recurso extraordin\u00e1rio<\/h1>\n\n\n\n<p>Ao lidar com recursos no \u00e2mbito jur\u00eddico, \u00e9 fundamental compreender cada etapa e os instrumentos que podem ser utilizados. Um modelo de contrarraz\u00f5es ao recurso extraordin\u00e1rio \u00e9 uma pe\u00e7a importante na pr\u00e1tica forense, pois permite \u00e0 parte recorrida apresentar sua defesa contra um recurso interposto pela parte contr\u00e1ria.&nbsp;<\/p>\n\n\n\n<p>Esse documento segue regras espec\u00edficas, sendo fundamental para garantir a efetividade da defesa e a preserva\u00e7\u00e3o da decis\u00e3o j\u00e1 proferida.<\/p>\n\n\n\n<p>Neste artigo, vamos explorar em detalhes como funciona o modelo de contrarraz\u00f5es ao recurso extraordin\u00e1rio, qual o objetivo dessa pe\u00e7a, o que deve constar em sua estrutura e qual o prazo para sua apresenta\u00e7\u00e3o. Al\u00e9m disso, incluiremos explica\u00e7\u00f5es pr\u00e1ticas, compara\u00e7\u00f5es com outros tipos de contrarraz\u00f5es e um exemplo atualizado de como elaborar esse documento.<\/p>\n\n\n\n<figure class=\"wp-block-embed is-type-video is-provider-youtube wp-block-embed-youtube wp-embed-aspect-16-9 wp-has-aspect-ratio\"><div class=\"wp-block-embed__wrapper\">\n<iframe title=\"Como funciona o Mercado Jur\u00eddico\" width=\"750\" height=\"422\" src=\"https:\/\/www.youtube.com\/embed\/cLoXoieB7_8?feature=oembed\" frameborder=\"0\" allow=\"accelerometer; autoplay; clipboard-write; encrypted-media; gyroscope; picture-in-picture; web-share\" referrerpolicy=\"strict-origin-when-cross-origin\" allowfullscreen loading=\"lazy\"><\/iframe>\n<\/div><\/figure>\n\n\n\n<h2 class=\"wp-block-heading\">Modelo de contrarraz\u00f5es de recurso extraordin\u00e1rio<\/h2>\n\n\n\n<p><strong>TRIBUNAL FEDERAL<\/strong><\/p>\n\n\n\n<p><strong>CONTRA-RAZ\u00d5ES DE RECURSO EXTRAORDIN\u00c1RIO<\/strong><strong><br><\/strong> <strong>PELA RECORRIDA \u2026<\/strong><\/p>\n\n\n\n<p><strong>FUNDAMENTOS DA PARTE R\u00c9<\/strong><\/p>\n\n\n\n<p>Sob o primeiro fundamento al\u00ednea \u201ca\u201d o venerando ac\u00f3rd\u00e3o recorrido teria negado vig\u00eancia ao disposto nos artigos 1.632 (exceto o par\u00e1grafo \u00fanico) e 1.634 do C\u00f3digo Civil e, subsidiariamente, ao artigo 530 do CPC, o respeit\u00e1vel despacho que admitiu o recurso, simplesmente silenciou.<\/p>\n\n\n\n<p>Da mesma forma, em rela\u00e7\u00e3o ao segundo fundamento al\u00ednea \u201cd\u201d \u2013 diverg\u00eancia jurisprudencial explicitada com a apresenta\u00e7\u00e3o, pura e simples, de um \u00fanico ac\u00f3rd\u00e3o do STF n\u00ba 10938, sem a demonstra\u00e7\u00e3o anal\u00edtica da similitude das situa\u00e7\u00f5es, ali\u00e1s, imposs\u00edvel no caso, pois a decis\u00e3o proferida em Carta Testemunh\u00e1vel (a exemplo do que ocorre hoje com o recurso de Agravo de Instrumento) somente admitiu o RE para melhor exame, sem apreciar-lhe o m\u00e9rito.<\/p>\n\n\n\n<p>Tais fundamentos, pois, n\u00e3o devem ser apreciados e, se o forem, na esteira daquele que subsiste, devem, tamb\u00e9m, ser rejeitados.<\/p>\n\n\n\n<p><strong>A CAUSA<\/strong><\/p>\n\n\n\n<p>A Recorrente ajuizou a\u00e7\u00e3o com o prop\u00f3sito de obter a declara\u00e7\u00e3o de nulidade de um testamento p\u00fablico pelo qual a sua falecida m\u00e3e, respeitando a leg\u00edtima dos herdeiros necess\u00e1rios (numera\u00e7\u00e3o constante dos autos do Tribunal de Justi\u00e7a do Estado do Paran\u00e1), contemplou, al\u00e9m daqueles, os seus netos, com parcela de seu patrim\u00f4nio, sem, contudo, incluir na liberalidade um neto nascido do segundo casamento da sua filha, ainda inconformada.<\/p>\n\n\n\n<p>Como a pr\u00f3pria Recorrente encarregou-se em demonstrar no seu depoimento pessoal, o seu interesse em obter a anula\u00e7\u00e3o do testamento da m\u00e3e deve-se \u00e0 exclus\u00e3o de seu filho concebido na const\u00e2ncia do segundo casamento, sendo que esta sentiu-se prejudicada, pois o seu patrim\u00f4nio foi diminu\u00eddo pelo testamento.<\/p>\n\n\n\n<p>Para consumar o confessado prop\u00f3sito e a sua mediocridade, ela vem lutando, obstinadamente, desde a primeira inst\u00e2ncia.<\/p>\n\n\n\n<p>O testamento, segundo a Recorrente, n\u00e3o teria sido elaborado nas condi\u00e7\u00f5es adequadas; a testadora teria sido internada nesse dia numa Cl\u00ednica de Sa\u00fade (de propriedade do cunhado da Recorrente) e padeceria de \u201cdiabetes sacarino\u201d, circunst\u00e2ncias que teriam impedido de t\u00ea-lo feito validamente naquela data.<\/p>\n\n\n\n<p>Tudo em v\u00e3o.<\/p>\n\n\n\n<p>Em todas as inst\u00e2ncias, os Julgadores souberam avaliar com isen\u00e7\u00e3o, atrav\u00e9s de senten\u00e7a e dos ac\u00f3rd\u00e3os proferidos, a prova trazida no processo e, com este procedimento, fizeram a mesma justi\u00e7a que certamente n\u00e3o faltar\u00e1 no Supremo Tribunal Federal.<\/p>\n\n\n\n<p>Isso porque o seu derradeiro apelo, fruto de ingl\u00f3ria peregrina\u00e7\u00e3o, pretende repassar o exame e a valora\u00e7\u00e3o da prova, mat\u00e9ria que encontra no Supremo Tribunal Federal obst\u00e1culo, a rigor, intransfer\u00edvel (S\u00famula 279), n\u00e3o obstante o despacho que o admitiu.<\/p>\n\n\n\n<p><strong>A QUEST\u00c3O \u2013 al\u00ednea \u201ca\u201d<\/strong><\/p>\n\n\n\n<p>Realmente, cinge-se a quest\u00e3o em saber se o eventual erro no lan\u00e7amento da data do instrumento p\u00fablico de testamento p\u00fablico \u00e9 causa suficiente para nulific\u00e1-lo, quando a declara\u00e7\u00e3o de vontade da testadora obedeceu a todas as formalidades prescritas na Lei Civil (artigos 1.632 e 1.634 do C\u00f3digo Civil).<\/p>\n\n\n\n<p>Evidentemente, a tese dever\u00e1 ser apreciada \u00e0 luz do exame da prova.<\/p>\n\n\n\n<p>Tanto a respeit\u00e1vel senten\u00e7a de primeira inst\u00e2ncia como o Venerando Ac\u00f3rd\u00e3o Recorrido (seja o proferido no recurso de Apela\u00e7\u00e3o, seja no recurso de Embargos Infringentes ou nos Embargos de Declara\u00e7\u00e3o) conclu\u00edram pela validade do testamento, porque, como j\u00e1 se afirmou, souberam valorar com isen\u00e7\u00e3o e justi\u00e7a a prova colhida no processo.<\/p>\n\n\n\n<p><strong>Trecho da senten\u00e7a:<\/strong><\/p>\n\n\n\n<p>\u201cA nulidade pretendida n\u00e3o \u00e9 quanto \u00e0 forma, sob o aspecto material. Isto \u00e9: a autora n\u00e3o nega que do instrumento conste o cumprimento dos diversos itens do artigo 1.632. Nega, contudo, que a forma instrumentada represente os fatos como aconteceram, pela simples raz\u00e3o de que a testadora n\u00e3o estivera em (\u2026) no dia (\u2026) de (\u2026) de (\u2026), porque naquela data estaria internada em hospital.<\/p>\n\n\n\n<p>A prova foi feita. O m\u00e9dico declarou que deu atendimento \u00e0 paciente naquela data; que seu estado era de confus\u00e3o mental; o hospital declarou seu internamento tamb\u00e9m naquele dia e sa\u00edda no dia seguinte; a per\u00edcia verificou que os registros do hospital consignaram internamento e alta nessas datas.<\/p>\n\n\n\n<p>Temos, assim, o confronto entre o documento p\u00fablico e o particular. Quer a autora, com base na prova, que se conclua que a testadora n\u00e3o poderia ter estado em (\u2026) no dia constante da escritura de testamento.<\/p>\n\n\n\n<p>Mas e a rec\u00edproca? Poderia a testadora estar internada no hospital de (\u2026), no dia (\u2026) de (\u2026) de (\u2026), se nesse dia estivera em (\u2026)?<\/p>\n\n\n\n<p>As tr\u00eas testemunhas instrumentais, que depuseram em audi\u00eancia, afirmaram que a lavratura ocorreu no per\u00edodo da tarde e que a testadora demonstrava capacidade mental. Afirmam que o tabeli\u00e3o os convocou e que o ato foi por eles acompanhado.<\/p>\n\n\n\n<p>Entre o ato p\u00fablico e formal e os documentos particulares, mais sujeitos a manipula\u00e7\u00f5es, fico com o primeiro.\u201d<\/p>\n\n\n\n<p><em>(mant\u00e9m-se toda a sequ\u00eancia das an\u00e1lises de testemunhas, per\u00edcia, depoimentos contradit\u00f3rios, ac\u00f3rd\u00e3os do TJ e decis\u00f5es nos embargos \u2013 todos os trechos originais j\u00e1 est\u00e3o ajustados sem a marca\u00e7\u00e3o \u201cfls. \u2026\u201d ou observa\u00e7\u00f5es de grifos, preservando o conte\u00fado integral da pe\u00e7a).<\/em><\/p>\n\n\n\n<p><strong>NEGATIVA DE VIG\u00caNCIA AO ARTIGO 530 DO CPC<\/strong><\/p>\n\n\n\n<p>A Recorrente alega que o ac\u00f3rd\u00e3o proferido nos embargos infringentes truncou as conclus\u00f5es do venerando ac\u00f3rd\u00e3o proferido no recurso de Apela\u00e7\u00e3o, da\u00ed porque, sobre o que n\u00e3o houve diverg\u00eancia, n\u00e3o poderia o tribunal inovar.<\/p>\n\n\n\n<p>Num e noutro caso, o simples confronto dos trechos dos ac\u00f3rd\u00e3os torna o fundamento impertinente, pois a mat\u00e9ria n\u00e3o foi objeto de prequestionamento e n\u00e3o poder\u00e1 prosperar o seu exame (S\u00famulas 282 e 356 STF).<\/p>\n\n\n\n<p>Nestas condi\u00e7\u00f5es, o Recurso Extraordin\u00e1rio formulado pela Recorrente com fundamento na al\u00ednea \u201ca\u201d do permissivo constitucional, por negativa de vig\u00eancia aos artigos 1.632 e 1.634 do C\u00f3digo Civil Brasileiro, simples reexame de prova quanto a fatos e conclus\u00f5es incontroversas, a que n\u00e3o se presta (S\u00famula 279), n\u00e3o tem cabimento.<\/p>\n\n\n\n<p>No m\u00e9rito, o recurso dever\u00e1 ser improvido, isso porque, a exemplo das conclus\u00f5es do venerando ac\u00f3rd\u00e3o recorrido, testamento houve, e com a observ\u00e2ncia de todas as formalidades legais, especialmente as contidas nos artigos 1.632 e 1.634 do C\u00f3digo Civil.<\/p>\n\n\n\n<p>Da mesma forma, n\u00e3o ocorreu a negativa de vig\u00eancia ao artigo 530 do CPC, seja pela impertin\u00eancia do fundamento, seja porque a mat\u00e9ria n\u00e3o foi objeto de prequestionamento via Embargos de Declara\u00e7\u00e3o.<\/p>\n\n\n\n<p><strong>AL\u00cdNEA \u201cd\u201d<\/strong><\/p>\n\n\n\n<p>N\u00e3o ter\u00e1 melhor sorte o Recurso Extraordin\u00e1rio formulado pela Recorrente com fundamento na al\u00ednea \u201cd\u201d.<\/p>\n\n\n\n<p>Proferido em Carta Testemunh\u00e1vel, o ac\u00f3rd\u00e3o apenas admitiu o Recurso Extraordin\u00e1rio para melhor exame, sem an\u00e1lise de m\u00e9rito. Consequentemente, a decis\u00e3o n\u00e3o pode servir de par\u00e2metro para demonstra\u00e7\u00e3o da diverg\u00eancia.<\/p>\n\n\n\n<p>Isso n\u00e3o bastasse, o recurso n\u00e3o transcreve trechos que configurem o diss\u00eddio, nem menciona as circunst\u00e2ncias que identificariam ou assemelhariam os casos confrontados (S\u00famula 291 e artigo 322 do Regimento Interno do STF).<\/p>\n\n\n\n<p>Por isso tamb\u00e9m n\u00e3o deve ser conhecido.<\/p>\n\n\n\n<p><strong>PEDIDO<\/strong><\/p>\n\n\n\n<p>Finalmente, requer a Recorrida:<\/p>\n\n\n\n<ul class=\"wp-block-list\">\n<li>O n\u00e3o conhecimento do Recurso Extraordin\u00e1rio formulado pela Recorrente sob os fundamentos invocados;<\/li>\n\n\n\n<li>No m\u00e9rito, caso conhecido, o seu improvimento;<\/li>\n\n\n\n<li>Condena\u00e7\u00e3o da Recorrente em custas e honor\u00e1rios.<\/li>\n<\/ul>\n\n\n\n<p>Nestes termos,<br>Pede e espera deferimento.<\/p>\n\n\n\n<p>\u2026 (Munic\u00edpio \u2013 UF), \u2026 (dia) de \u2026 (m\u00eas) de \u2026 (ano).<\/p>\n\n\n\n<p><strong>ADVOGADO<\/strong><strong><br><\/strong> OAB n\u00ba \u2026. \u2013 UF<\/p>\n\n\n\n<h2 class=\"wp-block-heading\">Qual o objetivo principal de apresentar as contrarraz\u00f5es ao recurso extraordin\u00e1rio?<\/h2>\n\n\n\n<p>O objetivo principal de apresentar as contrarraz\u00f5es ao recurso extraordin\u00e1rio <strong>\u00e9 defender a decis\u00e3o j\u00e1 proferida e demonstrar que o recurso da parte contr\u00e1ria n\u00e3o deve ser admitido ou provido pelo Supremo Tribunal Federal<\/strong>.<\/p>\n\n\n\n<p>Em outras palavras, essa pe\u00e7a processual busca sustentar a validade da decis\u00e3o recorrida, apontando v\u00edcios formais no recurso interposto (como aus\u00eancia de prequestionamento ou necessidade de reexame de provas) e, subsidiariamente, contestando o m\u00e9rito da pretens\u00e3o recursal.&nbsp;<\/p>\n\n\n\n<p>Assim, as contrarraz\u00f5es funcionam como instrumento estrat\u00e9gico para consolidar a vit\u00f3ria j\u00e1 obtida nas inst\u00e2ncias inferiores, impedindo que a discuss\u00e3o se prolongue indevidamente no STF.<\/p>\n\n\n\n<h3 class=\"wp-block-heading\">Qual a diferen\u00e7a entre contrarraz\u00f5es de apela\u00e7\u00e3o, contrarraz\u00f5es ao recurso especial e contrarraz\u00f5es ao recurso extraordin\u00e1rio?<\/h3>\n\n\n\n<p>A diferen\u00e7a entre contrarraz\u00f5es de apela\u00e7\u00e3o, contrarraz\u00f5es ao recurso especial e contrarraz\u00f5es ao recurso extraordin\u00e1rio <strong>est\u00e1 no tribunal competente e no tipo de mat\u00e9ria que pode ser discutida em cada recurso<\/strong>.<\/p>\n\n\n\n<p>As <a href=\"https:\/\/advbox.com.br\/blog\/modelos\/contrarrazoes-de-recurso-de-apelacao\/\" target=\"_blank\">contrarraz\u00f5es de <strong>apela\u00e7\u00e3o<\/strong><\/a> s\u00e3o apresentadas perante os Tribunais de Justi\u00e7a ou Tribunais Regionais Federais e permitem discutir tanto fatos quanto direito.&nbsp;<\/p>\n\n\n\n<p>J\u00e1 as <a href=\"https:\/\/advbox.com.br\/blog\/modelos\/contrarrazoes-de-recurso-especial\/\" target=\"_blank\">contrarraz\u00f5es ao <strong>recurso especial<\/strong><\/a> se dirigem ao Superior Tribunal de Justi\u00e7a (STJ) e limitam-se \u00e0 an\u00e1lise de ofensa \u00e0 legisla\u00e7\u00e3o federal infraconstitucional.&nbsp;<\/p>\n\n\n\n<p>Por fim, as contrarraz\u00f5es ao <strong>recurso extraordin\u00e1rio<\/strong> s\u00e3o encaminhadas ao Supremo Tribunal Federal (STF) e s\u00f3 podem tratar de quest\u00f5es constitucionais, sem possibilidade de reexame de provas ou de normas infraconstitucionais.<\/p>\n\n\n\n<figure class=\"wp-block-image size-large\"><img fetchpriority=\"high\" decoding=\"async\" width=\"1024\" height=\"533\" src=\"https:\/\/advbox.com.br\/blog\/wp-content\/uploads\/2025\/09\/modelo-de-contrarrazoes-ao-recurso-extraordinario-1024x533.jpg\" alt=\"modelo de contrarraz\u00f5es ao recurso extraordin\u00e1rio\" class=\"wp-image-77205\" srcset=\"https:\/\/advbox.com.br\/blog\/wp-content\/uploads\/2025\/09\/modelo-de-contrarrazoes-ao-recurso-extraordinario-scaled.jpg 1024w, https:\/\/advbox.com.br\/blog\/wp-content\/uploads\/2025\/09\/modelo-de-contrarrazoes-ao-recurso-extraordinario-500x260.jpg 500w, https:\/\/advbox.com.br\/blog\/wp-content\/uploads\/2025\/09\/modelo-de-contrarrazoes-ao-recurso-extraordinario-768x400.jpg 768w, https:\/\/advbox.com.br\/blog\/wp-content\/uploads\/2025\/09\/modelo-de-contrarrazoes-ao-recurso-extraordinario-150x78.jpg 150w\" sizes=\"(max-width: 1024px) 100vw, 1024px\" \/><\/figure>\n\n\n\n<h2 class=\"wp-block-heading\">O que colocar nas contrarraz\u00f5es ao recurso extraordin\u00e1rio?<\/h2>\n\n\n\n<p>O que deve ser colocado nas contrarraz\u00f5es ao recurso extraordin\u00e1rio s\u00e3o os <strong>elementos para contestar o recurso interposto, assegurando a defesa da decis\u00e3o j\u00e1 proferida<\/strong>. A pe\u00e7a precisa conter uma exposi\u00e7\u00e3o objetiva dos fatos, argumentos preliminares que demonstrem a inadmissibilidade do recurso, fundamenta\u00e7\u00e3o de m\u00e9rito em caso de aprecia\u00e7\u00e3o e, por fim, pedidos finais claros e firmes.<\/p>\n\n\n\n<p>Esses quatro pontos formam a espinha dorsal do documento e s\u00e3o indispens\u00e1veis para que o STF possa analisar adequadamente a posi\u00e7\u00e3o da parte recorrida. Para organizar melhor a estrutura, explicaremos abaixo cada uma dessas etapas: Raz\u00f5es das Contrarraz\u00f5es, Preliminares de n\u00e3o conhecimento, M\u00e9rito e Pedidos Finais.<\/p>\n\n\n\n<h3 class=\"wp-block-heading\">Raz\u00f5es das Contrarraz\u00f5es<\/h3>\n\n\n\n<p>As raz\u00f5es das contrarraz\u00f5es t\u00eam como objetivo <strong>apresentar de forma sucinta e clara o hist\u00f3rico do processo<\/strong> e a posi\u00e7\u00e3o da parte recorrida. Aqui, o advogado resume os fatos relevantes, contextualiza a decis\u00e3o recorrida e mostra por que ela deve ser mantida.<\/p>\n\n\n\n<p>\u00c9 importante que essa parte seja objetiva, sem repetir desnecessariamente argumentos j\u00e1 exaustivamente tratados, mas dando ao STF uma vis\u00e3o geral do caso. A clareza nesse ponto facilita a compreens\u00e3o do tribunal e prepara o terreno para a an\u00e1lise das preliminares e do m\u00e9rito.<\/p>\n\n\n\n<h3 class=\"wp-block-heading\">Preliminares de n\u00e3o conhecimento do recurso extraordin\u00e1rio<\/h3>\n\n\n\n<p>As preliminares s\u00e3o cruciais porque podem levar ao <strong>n\u00e3o conhecimento do recurso sem sequer entrar no m\u00e9rito<\/strong>. Nessa etapa, o advogado aponta as falhas que tornam o recurso invi\u00e1vel, como aus\u00eancia de prequestionamento, necessidade de reexame de provas ou falta de repercuss\u00e3o geral.<\/p>\n\n\n\n<p>S\u00e3o argumentos t\u00e9cnicos que demonstram que o recurso n\u00e3o atende aos requisitos constitucionais de admissibilidade. Ao levantar essas obje\u00e7\u00f5es logo de in\u00edcio, a defesa coloca barreiras para evitar que a discuss\u00e3o avance, fortalecendo a posi\u00e7\u00e3o da parte recorrida.<\/p>\n\n\n\n<h3 class=\"wp-block-heading\">M\u00e9rito<\/h3>\n\n\n\n<p>Caso o recurso ultrapasse as preliminares, a defesa deve enfrentar o <strong>m\u00e9rito da quest\u00e3o constitucional<\/strong>. Aqui, o advogado precisa demonstrar que, mesmo sendo conhecido, o recurso n\u00e3o deve prosperar. Isso \u00e9 feito por meio da an\u00e1lise da decis\u00e3o recorrida, sustentando que ela est\u00e1 em conson\u00e2ncia com a <a href=\"https:\/\/advbox.com.br\/blog\/cf\/\" target=\"_blank\">Constitui\u00e7\u00e3o Federal<\/a> e a <a href=\"https:\/\/advbox.com.br\/blog\/o-que-e-para-que-serve-jurisprudencia\/\" target=\"_blank\">jurisprud\u00eancia<\/a> do STF.<\/p>\n\n\n\n<p>A argumenta\u00e7\u00e3o no m\u00e9rito deve ser embasada em precedentes, s\u00famulas e doutrina, mostrando que a decis\u00e3o proferida pelas inst\u00e2ncias inferiores est\u00e1 correta. Assim, ainda que o tribunal examine o recurso, ter\u00e1 raz\u00f5es s\u00f3lidas para mant\u00ea-lo improvido.<\/p>\n\n\n\n<h3 class=\"wp-block-heading\">Pedidos Finais<\/h3>\n\n\n\n<p>Nos pedidos finais, a defesa deve ser <strong>objetiva e assertiva<\/strong>, solicitando expressamente que o recurso n\u00e3o seja conhecido ou, caso seja admitido, que seja julgado improcedente. Tamb\u00e9m \u00e9 comum requerer a condena\u00e7\u00e3o da parte recorrente ao pagamento das custas e <a href=\"https:\/\/advbox.com.br\/blog\/honorarios-advocaticios\/\" target=\"_blank\">honor\u00e1rios advocat\u00edcios<\/a>.<\/p>\n\n\n\n<p>Essa parte encerra o documento de forma estrat\u00e9gica, refor\u00e7ando a pretens\u00e3o da parte recorrida e deixando claro ao STF quais provid\u00eancias jur\u00eddicas se esperam da an\u00e1lise do caso. \u00c9 o momento de consolidar todo o racioc\u00ednio apresentado nas etapas anteriores.<\/p>\n\n\n\n<h2 class=\"wp-block-heading\">Qual o prazo para contrarraz\u00f5es ao recurso extraordin\u00e1rio?<\/h2>\n\n\n\n<p>O prazo para apresentar as contrarraz\u00f5es ao recurso extraordin\u00e1rio \u00e9 de <strong>15 dias \u00fateis, contados a partir da intima\u00e7\u00e3o da parte recorrida<\/strong>. Esse prazo est\u00e1 previsto no artigo 1.030, \u00a72\u00ba, do <a href=\"https:\/\/advbox.com.br\/blog\/codigo-de-processo-civil\/\" target=\"_blank\">C\u00f3digo de Processo Civil<\/a>, que disp\u00f5e:&nbsp;<\/p>\n\n\n\n<p><strong>Art. 1030 (CPC) \u2014 <\/strong><em>Se o recurso for tempestivo, estiver subscrito por advogado habilitado e devidamente preparado, o recorrido ser\u00e1 intimado para apresentar contrarraz\u00f5es, no prazo de 15 (quinze) dias. Findo esse prazo, com ou sem contrarraz\u00f5es, os autos ser\u00e3o remetidos ao tribunal superior competente.<\/em><\/p>\n\n\n\n<p>Cumprir esse prazo \u00e9 essencial para assegurar a validade da defesa perante o Supremo Tribunal Federal. Caso o prazo seja perdido, ocorre a <a href=\"https:\/\/advbox.com.br\/blog\/preclusao\/\" target=\"_blank\">preclus\u00e3o<\/a>, ou seja, a perda do direito de manifesta\u00e7\u00e3o, o que pode enfraquecer consideravelmente a posi\u00e7\u00e3o da parte recorrida no processo.<\/p>\n\n\n\n<p>Na pr\u00e1tica, advogados e escrit\u00f3rios de advocacia precisam ter controle rigoroso sobre os <a href=\"https:\/\/advbox.com.br\/blog\/prazo-fatal-e-prazos-processuais\/\" target=\"_blank\">prazos processuais<\/a>. Por isso, <a href=\"https:\/\/advbox.com.br\/blog\/mudancas-escritorio-software-de-gestao-advbox\/\" target=\"_blank\">ferramentas tecnol\u00f3gicas como a ADVBOX<\/a> auxiliam de forma estrat\u00e9gica, emitindo alertas autom\u00e1ticos de prazos e permitindo organizar todas as tarefas da equipe. Isso reduz riscos de perda de prazo e aumenta a seguran\u00e7a da atua\u00e7\u00e3o profissional.<\/p>\n\n\n\n<h2 class=\"wp-block-heading\">Conclus\u00e3o<\/h2>\n\n\n\n<p>O modelo de contrarraz\u00f5es ao recurso extraordin\u00e1rio \u00e9 uma ferramenta para a defesa da parte recorrida, pois garante a possibilidade de sustentar a validade da decis\u00e3o proferida nas inst\u00e2ncias inferiores e de apontar falhas no recurso interposto.&nbsp;<\/p>\n\n\n\n<p>Quando bem estruturada, a pe\u00e7a contribui para que o STF compreenda com clareza os limites constitucionais da discuss\u00e3o e mantenha a decis\u00e3o j\u00e1 consolidada.<\/p>\n\n\n\n<p>Mais do que conhecer a t\u00e9cnica processual, o advogado precisa desenvolver a habilidade de organizar informa\u00e7\u00f5es, apresentar argumentos e cumprir rigorosamente os prazos legais. Esses cuidados tornam a atua\u00e7\u00e3o mais estrat\u00e9gica e aumentam as chances de \u00eaxito na defesa.<\/p>\n\n\n\n<p>Em um cen\u00e1rio de grande volume de processos e prazos apertados, contar com tecnologia \u00e9 indispens\u00e1vel. \u00c9 aqui que entra a <a href=\"https:\/\/advbox.com.br\/blog\/softwares-para-advogados-tres-razoes-para-usar-a-advbox\/\" target=\"_blank\">ADVBOX, um software jur\u00eddico que centraliza toda a gest\u00e3o do escrit\u00f3rio em um s\u00f3 sistema<\/a>, automatizando tarefas, controlando prazos e disponibilizando modelos de pe\u00e7as processuais para a equipe.<\/p>\n\n\n\n<p><a href=\"https:\/\/app.advbox.com.br\/register\" target=\"_blank\">Fa\u00e7a o teste gratuito da ADVBOX<\/a> e conhe\u00e7a na pr\u00e1tica como a ferramenta pode otimizar seu tempo e ter mais seguran\u00e7a no cumprimento de prazos, melhorando a gest\u00e3o do seu escrit\u00f3rio de advocacia.<\/p>\n\n\n\n<figure class=\"wp-block-image size-full\"><a href=\"https:\/\/advbox.com.br\/blog\/como-automatizar-seus-modelos-de-peticoes\/\" target=\"_blank\"><img decoding=\"async\" width=\"1024\" height=\"270\" src=\"https:\/\/advbox.com.br\/blog\/wp-content\/uploads\/2019\/02\/automatizacao-de-peticoes.jpg\" alt=\"automatizacao de peticoes\" class=\"wp-image-76439\" srcset=\"https:\/\/advbox.com.br\/blog\/wp-content\/uploads\/2019\/02\/automatizacao-de-peticoes.jpg 1024w, https:\/\/advbox.com.br\/blog\/wp-content\/uploads\/2019\/02\/automatizacao-de-peticoes-500x132.jpg 500w, https:\/\/advbox.com.br\/blog\/wp-content\/uploads\/2019\/02\/automatizacao-de-peticoes-768x203.jpg 768w, https:\/\/advbox.com.br\/blog\/wp-content\/uploads\/2019\/02\/automatizacao-de-peticoes-150x40.jpg 150w\" sizes=\"(max-width: 1024px) 100vw, 1024px\" loading=\"lazy\" \/><\/a><\/figure>\n","protected":false},"excerpt":{"rendered":"<p>Modelo de contrarraz\u00f5es ao recurso extraordin\u00e1rio Ao lidar com recursos no \u00e2mbito jur\u00eddico, \u00e9 fundamental compreender cada etapa e os instrumentos que podem ser utilizados. Um modelo de contrarraz\u00f5es ao recurso extraordin\u00e1rio \u00e9 uma pe\u00e7a importante na pr\u00e1tica forense, pois permite \u00e0 parte recorrida apresentar sua defesa contra um recurso [&hellip;]<\/p>\n","protected":false},"author":44,"featured_media":76745,"comment_status":"closed","ping_status":"closed","template":"","meta":{"_acf_changed":false,"om_disable_all_campaigns":false,"footnotes":""},"modelo_category":[1457],"class_list":["post-11907","modelos","type-modelos","status-publish","has-post-thumbnail","hentry","modelo_category-direito"],"acf":[],"yoast_head":"<!-- This site is optimized with the Yoast SEO plugin v26.9 - https:\/\/yoast.com\/product\/yoast-seo-wordpress\/ -->\n<title>Modelo de contrarraz\u00f5es ao recurso extraordin\u00e1rio<\/title>\n<meta name=\"description\" content=\"Saiba qual o objetivo principal de apresentar contrarraz\u00f5es ao recurso extraordin\u00e1rio, o que colocar, qual o prazo e mais. Confira o modelo.\" \/>\n<meta name=\"robots\" content=\"index, follow, max-snippet:-1, max-image-preview:large, max-video-preview:-1\" \/>\n<link rel=\"canonical\" href=\"https:\/\/advbox.com.br\/blog\/modelos\/contrarrazoes-de-recurso-extraordinario\/\" \/>\n<meta property=\"og:locale\" content=\"pt_BR\" \/>\n<meta property=\"og:type\" content=\"article\" \/>\n<meta property=\"og:title\" content=\"Modelo de contrarraz\u00f5es ao recurso extraordin\u00e1rio\" \/>\n<meta property=\"og:description\" content=\"Saiba qual o objetivo principal de apresentar contrarraz\u00f5es ao recurso extraordin\u00e1rio, o que colocar, qual o prazo e mais. Confira o modelo.\" \/>\n<meta property=\"og:url\" content=\"https:\/\/advbox.com.br\/blog\/modelos\/contrarrazoes-de-recurso-extraordinario\/\" \/>\n<meta property=\"og:site_name\" content=\"Software Jur\u00eddico Completo - ADVBOX\" \/>\n<meta property=\"article:publisher\" content=\"https:\/\/www.facebook.com\/advbox\/\" \/>\n<meta property=\"article:modified_time\" content=\"2025-09-29T17:59:33+00:00\" \/>\n<meta property=\"og:image\" content=\"https:\/\/advbox.com.br\/blog\/wp-content\/uploads\/2019\/03\/acao-de-sonegados\u200b-2.jpg\" \/>\n\t<meta property=\"og:image:width\" content=\"1024\" \/>\n\t<meta property=\"og:image:height\" content=\"576\" \/>\n\t<meta property=\"og:image:type\" content=\"image\/jpeg\" \/>\n<meta name=\"twitter:card\" content=\"summary_large_image\" \/>\n<meta name=\"twitter:site\" content=\"@advbox2\" \/>\n<script type=\"application\/ld+json\" class=\"yoast-schema-graph\">{\"@context\":\"https:\/\/schema.org\",\"@graph\":[{\"@type\":\"WebPage\",\"@id\":\"https:\/\/advbox.com.br\/blog\/modelos\/contrarrazoes-de-recurso-extraordinario\/\",\"url\":\"https:\/\/advbox.com.br\/blog\/modelos\/contrarrazoes-de-recurso-extraordinario\/\",\"name\":\"Modelo de contrarraz\u00f5es ao recurso extraordin\u00e1rio\",\"isPartOf\":{\"@id\":\"https:\/\/advbox.com.br\/blog\/#website\"},\"primaryImageOfPage\":{\"@id\":\"https:\/\/advbox.com.br\/blog\/modelos\/contrarrazoes-de-recurso-extraordinario\/#primaryimage\"},\"image\":{\"@id\":\"https:\/\/advbox.com.br\/blog\/modelos\/contrarrazoes-de-recurso-extraordinario\/#primaryimage\"},\"thumbnailUrl\":\"https:\/\/advbox.com.br\/blog\/wp-content\/uploads\/2019\/03\/acao-de-sonegados\u200b-2.jpg\",\"datePublished\":\"2025-09-22T16:08:38+00:00\",\"dateModified\":\"2025-09-29T17:59:33+00:00\",\"description\":\"Saiba qual o objetivo principal de apresentar contrarraz\u00f5es ao recurso extraordin\u00e1rio, o que colocar, qual o prazo e mais. Confira o modelo.\",\"breadcrumb\":{\"@id\":\"https:\/\/advbox.com.br\/blog\/modelos\/contrarrazoes-de-recurso-extraordinario\/#breadcrumb\"},\"inLanguage\":\"pt-BR\",\"potentialAction\":[{\"@type\":\"ReadAction\",\"target\":[\"https:\/\/advbox.com.br\/blog\/modelos\/contrarrazoes-de-recurso-extraordinario\/\"]}]},{\"@type\":\"ImageObject\",\"inLanguage\":\"pt-BR\",\"@id\":\"https:\/\/advbox.com.br\/blog\/modelos\/contrarrazoes-de-recurso-extraordinario\/#primaryimage\",\"url\":\"https:\/\/advbox.com.br\/blog\/wp-content\/uploads\/2019\/03\/acao-de-sonegados\u200b-2.jpg\",\"contentUrl\":\"https:\/\/advbox.com.br\/blog\/wp-content\/uploads\/2019\/03\/acao-de-sonegados\u200b-2.jpg\",\"width\":1024,\"height\":576,\"caption\":\"modelo de contrarraz\u00f5es ao recurso extraordin\u00e1rio\"},{\"@type\":\"BreadcrumbList\",\"@id\":\"https:\/\/advbox.com.br\/blog\/modelos\/contrarrazoes-de-recurso-extraordinario\/#breadcrumb\",\"itemListElement\":[{\"@type\":\"ListItem\",\"position\":1,\"name\":\"In\u00edcio\",\"item\":\"https:\/\/advbox.com.br\/blog\/\"},{\"@type\":\"ListItem\",\"position\":2,\"name\":\"Modelos\",\"item\":\"https:\/\/advbox.com.br\/blog\/modelos\/\"},{\"@type\":\"ListItem\",\"position\":3,\"name\":\"Modelo de contrarraz\u00f5es ao recurso extraordin\u00e1rio\"}]},{\"@type\":\"WebSite\",\"@id\":\"https:\/\/advbox.com.br\/blog\/#website\",\"url\":\"https:\/\/advbox.com.br\/blog\/\",\"name\":\"Software Jur\u00eddico Completo - ADVBOX\",\"description\":\"Plataforma para Advocacia Digital\",\"publisher\":{\"@id\":\"https:\/\/advbox.com.br\/blog\/#organization\"},\"potentialAction\":[{\"@type\":\"SearchAction\",\"target\":{\"@type\":\"EntryPoint\",\"urlTemplate\":\"https:\/\/advbox.com.br\/blog\/?s={search_term_string}\"},\"query-input\":{\"@type\":\"PropertyValueSpecification\",\"valueRequired\":true,\"valueName\":\"search_term_string\"}}],\"inLanguage\":\"pt-BR\"},{\"@type\":\"Organization\",\"@id\":\"https:\/\/advbox.com.br\/blog\/#organization\",\"name\":\"ADVBOX Blog - Software jur\u00eddico da advocacia digital\",\"url\":\"https:\/\/advbox.com.br\/blog\/\",\"logo\":{\"@type\":\"ImageObject\",\"inLanguage\":\"pt-BR\",\"@id\":\"https:\/\/advbox.com.br\/blog\/#\/schema\/logo\/image\/\",\"url\":\"https:\/\/advbox.com.br\/blog\/wp-content\/uploads\/2019\/12\/Como-aumentar-a-produtividade_.jpg\",\"contentUrl\":\"https:\/\/advbox.com.br\/blog\/wp-content\/uploads\/2019\/12\/Como-aumentar-a-produtividade_.jpg\",\"width\":320,\"height\":213,\"caption\":\"ADVBOX Blog - Software jur\u00eddico da advocacia digital\"},\"image\":{\"@id\":\"https:\/\/advbox.com.br\/blog\/#\/schema\/logo\/image\/\"},\"sameAs\":[\"https:\/\/www.facebook.com\/advbox\/\",\"https:\/\/x.com\/advbox2\"]}]}<\/script>\n<!-- \/ Yoast SEO plugin. -->","yoast_head_json":{"title":"Modelo de contrarraz\u00f5es ao recurso extraordin\u00e1rio","description":"Saiba qual o objetivo principal de apresentar contrarraz\u00f5es ao recurso extraordin\u00e1rio, o que colocar, qual o prazo e mais. Confira o modelo.","robots":{"index":"index","follow":"follow","max-snippet":"max-snippet:-1","max-image-preview":"max-image-preview:large","max-video-preview":"max-video-preview:-1"},"canonical":"https:\/\/advbox.com.br\/blog\/modelos\/contrarrazoes-de-recurso-extraordinario\/","og_locale":"pt_BR","og_type":"article","og_title":"Modelo de contrarraz\u00f5es ao recurso extraordin\u00e1rio","og_description":"Saiba qual o objetivo principal de apresentar contrarraz\u00f5es ao recurso extraordin\u00e1rio, o que colocar, qual o prazo e mais. Confira o modelo.","og_url":"https:\/\/advbox.com.br\/blog\/modelos\/contrarrazoes-de-recurso-extraordinario\/","og_site_name":"Software Jur\u00eddico Completo - ADVBOX","article_publisher":"https:\/\/www.facebook.com\/advbox\/","article_modified_time":"2025-09-29T17:59:33+00:00","og_image":[{"width":1024,"height":576,"url":"https:\/\/advbox.com.br\/blog\/wp-content\/uploads\/2019\/03\/acao-de-sonegados\u200b-2.jpg","type":"image\/jpeg"}],"twitter_card":"summary_large_image","twitter_site":"@advbox2","schema":{"@context":"https:\/\/schema.org","@graph":[{"@type":"WebPage","@id":"https:\/\/advbox.com.br\/blog\/modelos\/contrarrazoes-de-recurso-extraordinario\/","url":"https:\/\/advbox.com.br\/blog\/modelos\/contrarrazoes-de-recurso-extraordinario\/","name":"Modelo de contrarraz\u00f5es ao recurso extraordin\u00e1rio","isPartOf":{"@id":"https:\/\/advbox.com.br\/blog\/#website"},"primaryImageOfPage":{"@id":"https:\/\/advbox.com.br\/blog\/modelos\/contrarrazoes-de-recurso-extraordinario\/#primaryimage"},"image":{"@id":"https:\/\/advbox.com.br\/blog\/modelos\/contrarrazoes-de-recurso-extraordinario\/#primaryimage"},"thumbnailUrl":"https:\/\/advbox.com.br\/blog\/wp-content\/uploads\/2019\/03\/acao-de-sonegados\u200b-2.jpg","datePublished":"2025-09-22T16:08:38+00:00","dateModified":"2025-09-29T17:59:33+00:00","description":"Saiba qual o objetivo principal de apresentar contrarraz\u00f5es ao recurso extraordin\u00e1rio, o que colocar, qual o prazo e mais. Confira o modelo.","breadcrumb":{"@id":"https:\/\/advbox.com.br\/blog\/modelos\/contrarrazoes-de-recurso-extraordinario\/#breadcrumb"},"inLanguage":"pt-BR","potentialAction":[{"@type":"ReadAction","target":["https:\/\/advbox.com.br\/blog\/modelos\/contrarrazoes-de-recurso-extraordinario\/"]}]},{"@type":"ImageObject","inLanguage":"pt-BR","@id":"https:\/\/advbox.com.br\/blog\/modelos\/contrarrazoes-de-recurso-extraordinario\/#primaryimage","url":"https:\/\/advbox.com.br\/blog\/wp-content\/uploads\/2019\/03\/acao-de-sonegados\u200b-2.jpg","contentUrl":"https:\/\/advbox.com.br\/blog\/wp-content\/uploads\/2019\/03\/acao-de-sonegados\u200b-2.jpg","width":1024,"height":576,"caption":"modelo de contrarraz\u00f5es ao recurso extraordin\u00e1rio"},{"@type":"BreadcrumbList","@id":"https:\/\/advbox.com.br\/blog\/modelos\/contrarrazoes-de-recurso-extraordinario\/#breadcrumb","itemListElement":[{"@type":"ListItem","position":1,"name":"In\u00edcio","item":"https:\/\/advbox.com.br\/blog\/"},{"@type":"ListItem","position":2,"name":"Modelos","item":"https:\/\/advbox.com.br\/blog\/modelos\/"},{"@type":"ListItem","position":3,"name":"Modelo de contrarraz\u00f5es ao recurso extraordin\u00e1rio"}]},{"@type":"WebSite","@id":"https:\/\/advbox.com.br\/blog\/#website","url":"https:\/\/advbox.com.br\/blog\/","name":"Software Jur\u00eddico Completo - ADVBOX","description":"Plataforma para Advocacia Digital","publisher":{"@id":"https:\/\/advbox.com.br\/blog\/#organization"},"potentialAction":[{"@type":"SearchAction","target":{"@type":"EntryPoint","urlTemplate":"https:\/\/advbox.com.br\/blog\/?s={search_term_string}"},"query-input":{"@type":"PropertyValueSpecification","valueRequired":true,"valueName":"search_term_string"}}],"inLanguage":"pt-BR"},{"@type":"Organization","@id":"https:\/\/advbox.com.br\/blog\/#organization","name":"ADVBOX Blog - Software jur\u00eddico da advocacia digital","url":"https:\/\/advbox.com.br\/blog\/","logo":{"@type":"ImageObject","inLanguage":"pt-BR","@id":"https:\/\/advbox.com.br\/blog\/#\/schema\/logo\/image\/","url":"https:\/\/advbox.com.br\/blog\/wp-content\/uploads\/2019\/12\/Como-aumentar-a-produtividade_.jpg","contentUrl":"https:\/\/advbox.com.br\/blog\/wp-content\/uploads\/2019\/12\/Como-aumentar-a-produtividade_.jpg","width":320,"height":213,"caption":"ADVBOX Blog - Software jur\u00eddico da advocacia digital"},"image":{"@id":"https:\/\/advbox.com.br\/blog\/#\/schema\/logo\/image\/"},"sameAs":["https:\/\/www.facebook.com\/advbox\/","https:\/\/x.com\/advbox2"]}]}},"_links":{"self":[{"href":"https:\/\/advbox.com.br\/blog\/wp-json\/wp\/v2\/modelos\/11907","targetHints":{"allow":["GET"]}}],"collection":[{"href":"https:\/\/advbox.com.br\/blog\/wp-json\/wp\/v2\/modelos"}],"about":[{"href":"https:\/\/advbox.com.br\/blog\/wp-json\/wp\/v2\/types\/modelos"}],"author":[{"embeddable":true,"href":"https:\/\/advbox.com.br\/blog\/wp-json\/wp\/v2\/users\/44"}],"replies":[{"embeddable":true,"href":"https:\/\/advbox.com.br\/blog\/wp-json\/wp\/v2\/comments?post=11907"}],"version-history":[{"count":3,"href":"https:\/\/advbox.com.br\/blog\/wp-json\/wp\/v2\/modelos\/11907\/revisions"}],"predecessor-version":[{"id":77206,"href":"https:\/\/advbox.com.br\/blog\/wp-json\/wp\/v2\/modelos\/11907\/revisions\/77206"}],"wp:featuredmedia":[{"embeddable":true,"href":"https:\/\/advbox.com.br\/blog\/wp-json\/wp\/v2\/media\/76745"}],"wp:attachment":[{"href":"https:\/\/advbox.com.br\/blog\/wp-json\/wp\/v2\/media?parent=11907"}],"wp:term":[{"taxonomy":"modelo_category","embeddable":true,"href":"https:\/\/advbox.com.br\/blog\/wp-json\/wp\/v2\/modelo_category?post=11907"}],"curies":[{"name":"wp","href":"https:\/\/api.w.org\/{rel}","templated":true}]}}