{"id":12032,"date":"2019-03-07T12:37:41","date_gmt":"2019-03-07T12:37:41","guid":{"rendered":"https:\/\/advbox.com.br\/blog\/?post_type=modelos&#038;p=12032"},"modified":"2025-12-24T11:12:32","modified_gmt":"2025-12-24T14:12:32","slug":"desconfiguracao-de-justa-causa","status":"publish","type":"modelos","link":"https:\/\/advbox.com.br\/blog\/modelos\/desconfiguracao-de-justa-causa\/","title":{"rendered":"Modelo de desconfigura\u00e7\u00e3o de justa causa"},"content":{"rendered":"\n<p class=\"has-text-align-center\"><strong>MODELO DE DESCONFIGURA\u00c7\u00c3O DE JUSTA &#8211; CAUSA<\/strong><\/p>\n\n\n\n<p><span><strong>EXCELENT\u00cdSSIMO SENHOR DOUTOR JUIZ DO TRABALHO DA ____\u00aa VARA DO TRABALHO DA COMARCA DE <\/strong><\/span><span><strong>CIDADE<\/strong><\/span><span><strong>&#8211;<\/strong><\/span><span><strong>ESTADO<\/strong><\/span><\/p>\n\n\n\n<p><span><strong>&#8230; (nome completo em negrito do reclamante)<\/strong><\/span><span>, <\/span><span>&#8230; (nacionalidade)<\/span><span>, <\/span><span>&#8230; (estado civil)<\/span><span>, <\/span><span>&#8230; (profiss\u00e3o)<\/span><span>, portador <\/span><span>do<\/span><span> CPF\/MF n\u00ba <\/span><span>&#8230;, com Documento de Identidade de n\u00b0 &#8230;, residente e domiciliado na <\/span><span>Rua &#8230;, n. &#8230;, &#8230; (bairro), CEP: &#8230;, &#8230; (Munic\u00edpio \u2013 UF)<\/span><span>, vem respeitosamente perante a Vossa Excel\u00eancia propor:<\/span><\/p>\n\n\n\n<p class=\"has-text-align-center\"><span><strong>A\u00c7\u00c3O DE RECLAMA\u00c7\u00c3O TRABALHISTA<\/strong><\/span><\/p>\n\n\n\n<p><span>em face <\/span><span>de <\/span><span><strong>&#8230; (nome em negrito do reclamado)<\/strong><\/span><span>, <\/span><span>&#8230; (indicar se \u00e9 pessoa f\u00edsica ou jur\u00eddica), com CPF\/CNPJ de n. &#8230;, com sede na <\/span><span>Rua &#8230;, n. &#8230;, &#8230; (bairro), CEP: &#8230;, &#8230; (<\/span><span>Munic\u00edpio<\/span><span>\u2013 UF)<\/span><span>, pelas raz\u00f5es de fato e de direito que passa a aduzir e no final requer.:<\/span><\/p>\n\n\n\n<p><span><strong>DOS FATOS<\/strong><\/span><\/p>\n\n\n\n<p><span><strong>DA ADMISS\u00c3O, DA FUN\u00c7\u00c3O, DA DISPENSA POR JUSTA CAUSA E DO SAL\u00c1RIO<\/strong><\/span><span><strong>.<\/strong><\/span><\/p>\n\n\n\n<p><span>O reclamante foi admitido em 08 de Fevereiro de 2015, para exercer<\/span><span> a fun\u00e7\u00e3o de cobrador de \u00f4nibu<\/span><span>s<\/span><span>, recebendo a t\u00edtulo de remunera\u00e7\u00e3o a quantia de R$1.200,00 (mil e duzentos reais)<\/span><span>, quando, e<\/span><span>m 10 de junho de 2016<\/span><span> foi demitido por justa causa, d<\/span><span>evido a sua <\/span><span>conduta em hor\u00e1rios de trabalho.<\/span><\/p>\n\n\n\n<p><span>P<\/span><span>or\u00e9m, <\/span><span>o <\/span><span>reclamante<\/span><span> n\u00e3o concordou com a justificativa usada pela empresa para que a de<\/span><span>s<\/span><span>pedida fosse motivada<\/span><span> e at\u00e9 a presente data ainda sua CTPS se encontra <\/span><span>sem ser dada a devida baixa na situa\u00e7\u00e3o empregat\u00edcia<\/span><span>, o que lhe est\u00e1 prejudicando, haja vista est\u00e1 impossibilitado conseguir um novo emprego<\/span><span>.<\/span><\/p>\n\n\n\n<p><span><strong>DA INEXIST\u00caNCIA DA JUSTA CAUSA<\/strong><\/span><span><strong>.<\/strong><\/span><\/p>\n\n\n\n<p><span>O reclamante no momento da assinatura do termo de rescis\u00e3o do contrato de trabalho foi surpreendido pela demiss\u00e3o por justa causa, pois durante a rela\u00e7\u00e3o empregat\u00edcia<\/span><span>&nbsp;<\/span><span>sempre<\/span><span>&nbsp;<\/span><span>exerceu sua fun\u00e7\u00e3o com zelo, jamais provocando qualquer ato que desabonasse sua pessoa ou atividade laborativa<\/span><span>.<\/span><\/p>\n\n\n\n<p><span>A demiss\u00e3o, que se deu por justa causa, foi arbitr\u00e1ria,<\/span><span> <\/span><span>uma vez que a justificativa apresentada pela empresa n\u00e3o foi forte o suficiente para acarretar <\/span><span>a medida tomada<\/span><span>, conforme se demonstrar\u00e1 mais adiante.<\/span><\/p>\n\n\n\n<p><span>Essa atitude arbitr\u00e1ria deixou o reclamante totalmente desamparado financeiramente: primeiro, porque n\u00e3o recebeu integralmente as verbas rescis\u00f3rias; segundo, porque lhe obstou de receber o seguro-desemprego; terceiro, vedou-lhe de levantar o saldo existente do FGTS, a fim de amenizar as despesas corriqueiras do ser humano, tais como: alimenta\u00e7\u00e3o, despesas m\u00e9dicas<\/span><span>, \u00e1gua, luz, medicamentos, etc.<\/span><\/p>\n\n\n\n<p><span>Na realidade, a reclamada quem n\u00e3o vinha cumprindo o contrato de trabalho de maneira<\/span><span> correta<\/span><span>, como adiante se demonstrar\u00e1, tais como: supress\u00e3o no pagamento de horas <\/span><span>extras e adicionais noturnos que o <\/span><span>reclamante<\/span><span> fazia jus, gra\u00e7as a sua ext<\/span><span>raordin\u00e1ria de trabalho di\u00e1ria.<\/span><\/p>\n\n\n\n<p><span><strong>DA DISPENSA POR JUSTA CAUSA<\/strong><\/span><span><strong>.<\/strong><\/span><\/p>\n\n\n\n<p><span>A dispensa foi motivada pela empresa baseada no art. 482, al\u00ednea \u201cB\u201d da CLT<\/span><span>, neste caso por incontin\u00eancia de conduta<\/span><span>.<\/span><\/p>\n\n\n\n<p><span>Ressalta-se aqui a insufici\u00eancia de motivos alegados, uma vez que segundo jurisprud\u00eancia do TRT, para a configura\u00e7\u00e3o de inconti<\/span><span>n\u00eancia de cond<\/span><span>uta, \u00e9 preciso que haja atos reiterados, ou seja, \u00e9 preciso que sejam praticados por diversas vezes<\/span><span>, configurando-se uma postura comum do funcion\u00e1rio<\/span><span>, o que n\u00e3o aconteceu.<\/span><\/p>\n\n\n\n<p><span>JUSTA CAUSA. INCONTIN\u00caNCIA DE CONDUTA OU MAU PROCEDIMENTO. PROVA. &#8211; A JUSTA CAUSA, NA MODALIDADE INCONTIN\u00caNCIA DE CONDUTA OU MAU PROCEDIMENTO, POR CONFIGURAR UMA PENA M\u00c1XIMA APLICADA AO OBREIRO, DEVE FICAR ROBUSTAMENTE COMPROVADA, INCLUSIVE PELOS GRAVES CONSECT\u00c1RIOS DELA DECORRENTES, DE ORDEM SOCIAL E MORAL, O QUE N\u00c3O SE CONFIGUROU NA ESP\u00c9CIE &#8211; O FATO IMPUTADO AO AUTOR &#8211; REVALIDA\u00c7\u00c3O DE PRODUTOS VENCIDOS &#8211; N\u00c3O FOI COMPROVADO.(TRT-19 &#8211; RO: 59500200900519008 AL 59500.2009.005.19.00-8, Relator: Eliane Barbosa, Data de Publica\u00e7\u00e3o: 25\/05\/2011)<\/span><\/p>\n\n\n\n<p><span>Diante da Jurisprud\u00eancia do TRT \u2013 AL, <\/span><span>podemos observar que a conduta do obreiro deve ser grave, de modo a ofender a ordem moral e social, como <\/span><span>consequ\u00eancia<\/span><span> dos atos, o que, conforme ser\u00e1 exposto a seguir, n\u00e3o ocorreu. <\/span><\/p>\n\n\n\n<p><span><strong>DA INEXIST\u00caNCIA DE FALTA GRAVE PARA AMPARAR A DISPENSA POR JUSTA <\/strong><\/span><span><strong>CAUSA \u2013<\/strong><\/span><span><strong> <\/strong><\/span><span><strong>INCONTIN\u00caNCIA DE CONDUTA.<\/strong><\/span><\/p>\n\n\n\n<p><span>Ante o exposto inexiste motivo legal para a dispensa por justa causa do empregado.<\/span><\/p>\n\n\n\n<p><span>Assim sendo, a reclamante n\u00e3o praticou atos que pudessem caracterizar <\/span><span>a incontin\u00eancia de conduta<\/span><span> (artigo 482, \u201cb\u201d, da CLT),<\/span><span> <\/span><span>raz\u00e3o pela qual<\/span><span>, a dispensa por justa causa se afigura indevida<\/span><span>, haja vista que o ato de abra\u00e7ar e beijar a namorada<\/span><span> <\/span><span>se deu uma \u00fanica vez, em sua \u00faltima viagem,<\/span><span> n\u00e3o sendo um ato de extrema las<\/span><span>cividade<\/span><span>,<\/span><span> que viesse a atingir o respeito dos poucos passageiros ali presentes, t\u00e3o pouco por n\u00e3o serem atos reiterados<\/span><span>, podendo ser corrigido com apenas uma advert\u00eancia, para que n\u00e3o mais ocorresse<\/span><span>.<\/span><\/p>\n\n\n\n<p><span>Desta feita, dever\u00e1 ser desconsiderada a dispensa por justa causa, <\/span><span>devendo o reclamante ter reconhecida<\/span><span> a dispensa imotivada<\/span><span> ou ao menos reintegrado<\/span><span>, com o pagamento das verbas correspondentes, inclusive, o aviso pr\u00e9vio com integra\u00e7\u00e3o no tempo de servi\u00e7o (OJ SBDI n\u00ba 82 do TST), diante da inexist\u00eancia da pr\u00e1tica da conduta elencada no artigo 482, \u201cb\u201d, da CLT.<\/span><\/p>\n\n\n\n<p><span>Diante do v\u00eddeo usado pela empresa para motivar a dispensa por justa causa, o <\/span><span>reclamante<\/span><span> coloca a m\u00e3o nas costas, no quadril e na lateral da coxa da <\/span><span>namorada, o que, <\/span><span>perante<\/span><span> a quantidade de passageiros dentro do ve\u00edculo <\/span><span>e da conduta<\/span><span> do mesmo no momento, n\u00e3o ofendeu a moral m\u00e9dia dos ali presentes<\/span><span>, que eram cerca de dez pessoas<\/span><span>.<\/span><\/p>\n\n\n\n<p><span> Na dispensa foi usado o argumento <\/span><span>de que a namorada do rapaz pegav<\/span><span>a o \u00f4nibus diariamente apenas para \u201cnamorar\u201d, por\u00e9m, ela era uma passageira comum, que ap\u00f3s suas atividades laborais di\u00e1rias, pegava o \u00f4nibus onde o <\/span><span>reclamante<\/span><span> trabalhava para ir para casa. <\/span><span> <\/span><\/p>\n\n\n\n<p><span><strong>DAS VERBAS RESCIS\u00d3RIAS DECORRENTE DO RECONHECIMENTO DA DISPENSA IMOTIVADA<\/strong><\/span><\/p>\n\n\n\n<p><span>Reconhecida a dispensa imotivada, e levando-se em considera\u00e7\u00e3o o tempo em que laborou para a reclamada, j\u00e1 com a proje\u00e7\u00e3o do <\/span><span>aviso pr\u00e9vio indenizado, o <\/span><span>reclamante<\/span><span> faz jus ao SAL\u00c1RIO de Junho de 2016 (3<\/span><span>0 dias), AVISO PR\u00c9VIO INDENIZADO<\/span><span>,<\/span><span> <\/span><span>F\u00c9RIAS SIMPLES <\/span><span>+ 1\/3, F\u00c9RIAS PROPORCIONAIS<\/span><span>, 13\u00ba SAL\u00c1RIO PR<\/span><span>OPORCIONAL do ano de 2016<\/span><span>, mais o TRCT (c\u00f3d. 01), CHAVE DE CONECTIVIDADE e GUIAS CD\/SD (ou indeniza\u00e7\u00e3o substitutiva).&nbsp;&nbsp;&nbsp;&nbsp;&nbsp;&nbsp;&nbsp;&nbsp;&nbsp;&nbsp;&nbsp;&nbsp;&nbsp;&nbsp;&nbsp;&nbsp;&nbsp;&nbsp;&nbsp;&nbsp;&nbsp;&nbsp;&nbsp;<\/span><\/p>\n\n\n\n<p><span>Ainda como consequ\u00eancia do reconhecimento da dispensa imotivada, faz jus a reclamante \u00e0 retifica\u00e7\u00e3o da data da baixa da CTPS para o dia <\/span><span>10 de Julho de 2016.<\/span><\/p>\n\n\n\n<p><span><strong>DAS HORAS EXTRAS<\/strong><\/span><\/p>\n\n\n\n<p><span><strong><\/strong><\/span><span>Durante seu labor o reclamante laborava sob horas extraordin\u00e1rias<\/span><span>, cerca de 30 horas mensais<\/span><span>, n\u00e3o recebendo os valores devidos, situa\u00e7\u00e3o em que a empresa suprimia <\/span><span>algum<\/span><span>as horas trabalhadas de em m\u00e9dia 3(tr\u00eas) horas mensais<\/span><span>, <\/span><span>de acordo com<\/span><span> o relat\u00f3rio que o mesmo fazia em aplicativo telef\u00f4nico.<\/span><\/p>\n\n\n\n<p><span>Devendo ent\u00e3o ser ressarcido destas horas extras, haja vista ser \u00f4nus do empregador arcar com toda e qualquer hora extra<\/span><span>ordin\u00e1ria exercida pelo seu funcion\u00e1rio.<\/span><\/p>\n\n\n\n<p><span><strong>DO AVISO PR\u00c9VIO INDENIZADO<\/strong><\/span><\/p>\n\n\n\n<p><span>Tendo em vista a inexist\u00eancia de justa causa para a rescis\u00e3o do contrato de trabalho, surge para o Reclamante o direito ao Aviso Pr\u00e9vio indenizado, prorrogado o t\u00e9rmino do contrato para o m\u00eas de <\/span><span>julho<\/span><span> de 201<\/span><span>6,<\/span><span> uma vez que o \u00a7 1\u00bado art.<\/span><span>&nbsp;<\/span><span>487<\/span><span>, da <\/span><span>CLT<\/span><span>, estabelece que a n\u00e3o concess\u00e3o de aviso pr\u00e9vio pelo empregador d\u00e1 direito ao pagamento dos sal\u00e1rios do respectivo per\u00edodo, integrando-se ao seu tempo de servi\u00e7o para todos os fins legais.<\/span><\/p>\n\n\n\n<p><span>Dessa forma, o per\u00edodo de aviso pr\u00e9vio indenizado, corresponde a mais 30 dias de tempo de servi\u00e7o para efeitos de c\u00e1lculo do 13\u00ba sal\u00e1rio, f\u00e9rias + 40%.<\/span><\/p>\n\n\n\n<p><span>O reclamante faz jus, portanto, ao recebimento do Aviso Pr\u00e9vio indenizado.<\/span><\/p>\n\n\n\n<p><span><strong>DAS F\u00c9RIAS PROPORCIONAIS + 1\/3 CONSTITUCIONAL<\/strong><\/span><\/p>\n\n\n\n<p><span>O reclamante tem direito a receber as f\u00e9rias proporcionais do ano incompleto trabalhado, acrescido do ter\u00e7o constitucional, em conformidade com o art.<\/span><span>&nbsp;<\/span><span>146<\/span><span>,<\/span><span>&nbsp;<\/span><span>par\u00e1grafo \u00fanico<\/span><span>&nbsp;<\/span><span>da<\/span><span>&nbsp;<\/span><span>CLT<\/span><span>&nbsp;<\/span><span>e art.<\/span><span>&nbsp;<\/span><span>7\u00ba<\/span><span>,<\/span><span>&nbsp;<\/span><span>XVII<\/span><span>&nbsp;<\/span><span>da<\/span><span>CF\/88<\/span><span>.<\/span><\/p>\n\n\n\n<p><span>O<\/span><span>&nbsp;<\/span><span>par\u00e1grafo \u00fanico<\/span><span>&nbsp;<\/span><span>do art.<\/span><span>&nbsp;<\/span><span>146<\/span><span>&nbsp;<\/span><span>da<\/span><span>&nbsp;<\/span><span>CLT<\/span><span>, prev\u00ea o direito do empregado ao per\u00edodo de f\u00e9rias na propor\u00e7\u00e3o de <\/span><span>07<\/span><span>\/12 por m\u00eas trabalhado ou fra\u00e7\u00e3o superior a 14 dias.<\/span><\/p>\n\n\n\n<p><span>Sendo assim, como a justi\u00e7a permite, o reclamante faz jus as f\u00e9rias proporcionais e indeniza\u00e7\u00e3o compensat\u00f3ria pela futura f\u00e9rias a que teria direito pela estabilidade provis\u00f3ria acrescidas do ter\u00e7o constitucional.<\/span><\/p>\n\n\n\n<p><span><strong>DO 13\u00ba SAL\u00c1RIO PROPORCIONAL<\/strong><\/span><\/p>\n\n\n\n<p><span>As leis<\/span><span>&nbsp;<\/span><span>4090<\/span><span>\/62 e<\/span><span>&nbsp;<\/span><span>4749<\/span><span>\/65 preceituam que o d\u00e9cimo terceiro sal\u00e1rio ser\u00e1 pago at\u00e9 o dia 20 de dezembro de cada ano, sendo ainda certo que a fra\u00e7\u00e3o igual ou superior a 15 dias de trabalho ser\u00e1 havida como m\u00eas integral para efeitos do c\u00e1lculo do 13\u00ba sal\u00e1rio.<\/span><\/p>\n\n\n\n<p><span>O reclamante faz jus a receber o seu 13\u00ba sal\u00e1rio <\/span><span>na propor\u00e7\u00e3o de 06\/12, haja vista ter sido sua sa\u00edda datada do m\u00eas julho de 2016<\/span><span>.<\/span><\/p>\n\n\n\n<p><span><strong>DO FGTS + MULTA DE 40%<\/strong><\/span><\/p>\n\n\n\n<p><span>Diz o art.<\/span><span>&nbsp;<\/span><span>15<\/span><span>&nbsp;<\/span><span>da lei<\/span><span>&nbsp;<\/span><span>8036<\/span><span>\/90 que todo empregador dever\u00e1 depositar at\u00e9 o dia 7 de cada m\u00eas na conta vinculada do empregado a import\u00e2ncia correspondente a 8% de sua remunera\u00e7\u00e3o devida no m\u00eas anterior.<\/span><\/p>\n\n\n\n<p><span>Sendo assim, Vossa Excel\u00eancia dever\u00e1 condenar a Reclamada a <\/span><span>liberar<\/span><span>os dep\u00f3sitos correspondentes todo o per\u00edodo da rela\u00e7\u00e3o de emprego desde seu in\u00edcio at\u00e9 o final<\/span><span>, acrescido da multa de 40% <\/span><span>sobre o valor total depositado a t\u00edtulo de FGTS, de acordo com<\/span><span>&nbsp;<\/span><span>\u00a7 1\u00ba<\/span><span>&nbsp;<\/span><span>do art.<\/span><span>&nbsp;<\/span><span>18<\/span><span>&nbsp;<\/span><span>da lei<\/span><span>&nbsp;<\/span><span>8036<\/span><span>\/90 c\/c art.<\/span><span>&nbsp;<\/span><span>7\u00ba<\/span><span>,<\/span><span>&nbsp;<\/span><span>I<\/span><span>,<\/span><span>&nbsp;<\/span><span>CF\/88<\/span><span>.<\/span><\/p>\n\n\n\n<p><span><strong>DA REINTEGRA\u00c7\u00c3O AO SERVI\u00c7O<\/strong><\/span><\/p>\n\n\n\n<p><span><strong><\/strong><\/span><span>Como j\u00e1 incansavelmente demonstrado, a dispensa por justa causa em <\/span><span>casos de incontin\u00eancia de conduta deve se dar por uma conduta sexual que leve a uma atitude grave que desonre a imagem da empresa, que v\u00e1 em desencontro com a moral m\u00e9dia, ou em casos de atos reiterados, tornando comum o modo de se portar sexualmente inconveniente do reclamante.<\/span><\/p>\n\n\n\n<p><span>Ocorre que em nada do que foi feito pelo reclamante se enquadra nessas hip\u00f3teses, situa\u00e7\u00e3o em que apenas aproveitou a sua \u00faltima viagem, em que sua namorada estava a pegar o \u00f4nibus para ir para casa, para d\u00e1-la um abra\u00e7o e um beijo, em momento algum possuindo um comportamento lascivo.<\/span><\/p>\n\n\n\n<p><span>Neste sentido, por mero ju\u00edzo de precau\u00e7\u00e3o, caso Vossa Excel\u00eancia n\u00e3o entenda pela convers\u00e3o da demiss\u00e3o por justa causa para demiss\u00e3o sem justa causa, seja ao menos o reclamante reintegrado a seus servi\u00e7os, posto ser um funcion\u00e1rio exemplar, abonado de boas condutas, sendo esta a \u00fanica vez que realizou algo que incomodasse a reclamada, n\u00e3o merecendo ser demitido por justa causa, que deve ser a pena m\u00e1xima a uma falta de empregado, n\u00e3o podendo ser utilizada a esmo.<\/span><\/p>\n\n\n\n<p><span>Salienta-se que mesmo com receio de retalia\u00e7\u00e3o por parte da reclamada caso seja reintegrado, devido os meios jur\u00eddicos utilizados para que esta situa\u00e7\u00e3o ocorresse, o reclamante necessita trabalhar, a queda financeira inesperada pela demiss\u00e3o vem o causando muitos preju\u00edzos, posto ser pai de fam\u00edlia e provedor desta, ademais ainda est\u00e1 impossibilitado de arrumar outro emprego, pois em sua CTPS n\u00e3o foi dada a devida baixa.<\/span><\/p>\n\n\n\n<p><span><strong>D<\/strong><\/span><span><strong>O DANO MORAL E DA OBRIGA\u00c7\u00c3O DE INDENIZAR<\/strong><\/span><\/p>\n\n\n\n<p><span>A forma como se deu a rescis\u00e3o do contrato de trabalho, causou a<\/span><span>o<\/span><span> reclamante sofrimento, humilha\u00e7\u00e3o e constra<\/span><span>ngimento, pois f<\/span><span>ora deveras<\/span><span> injusta.<\/span><\/p>\n\n\n\n<p><span>Ressalte-se que pelo fato de ter sido dispensad<\/span><span>o<\/span><span> por justa causa, ficou impedid<\/span><span>o<\/span><span> de levantar os dep\u00f3sitos do FGTS e receber o seguro desemprego, al\u00e9m de <\/span><span>n\u00e3o fazer jus <\/span><span>\u00e0s verbas rescis\u00f3rias (Aviso pr\u00e9vio<\/span><span>, f\u00e9<\/span><span>rias e 13\u00ba sal\u00e1rio proporcional<\/span><span>, entre outros). Al\u00e9m do constrangimento por ter sido acusad<\/span><span>o<\/span><span> <\/span><span>de uma conduta d<\/span><span>a<\/span><span> qual n\u00e3o praticou.<\/span><\/p>\n\n\n\n<p><span>Sendo necess\u00e1rio mencionar<\/span><span> que o reclamado <\/span><span>mudava consta<\/span><span>n<\/span><span>temente o <\/span><span>reclamante<\/span><span> de linha de \u00f4ni<\/span><span>bus<\/span><span>, para que percorresse caminhos mais perigosos<\/span><span>, como meio de punir o mesmo<\/span><span>, que acabava fazendo com <\/span><span>que<\/span><span> n\u00e3o tivesse hora certa para chegar em casa,<\/span><span> <\/span><span>o f<\/span><span>a<\/span><span>z<\/span><span>endo<\/span><span> perceber que <\/span><span>queria<\/span><span>m<\/span><span> que pedisse demiss\u00e3o<\/span><span>, n\u00e3o logrando \u00eaxito, <\/span><span>inexistindo<\/span><span> <\/span><span>alternativa<\/span><span>, sen\u00e3o for\u00e7ar um motivo para demiti-lo, e assim o fez.<\/span><\/p>\n\n\n\n<p><span>O <\/span><span>reclamante<\/span><span> sofreu quatro<\/span><span> assaltos (Boletins de ocorr\u00eancia em anexo) no pe<\/span><span>r<\/span><span>\u00edodo em que ficou na empresa (<\/span><span>cerca de um ano), nos quais em <\/span><span>tr\u00eas<\/span><span> sofreu grave amea\u00e7a<\/span><span> ou viol\u00eancia<\/span><span>, <\/span><span>mexendo com seu psicol\u00f3gico, fazendo<\/span><span> que o mesmo ficasse muito assustado, <\/span><span>o <\/span><span>causando medo e fazendo com que o <\/span><span>reclamante<\/span><span> n\u00e3o quisesse mais ir ao trabalho, indo somente porque n\u00e3o tinha como <\/span><span>manter a si e sua fam\u00edlia<\/span><span> sem o emprego. <\/span><\/p>\n\n\n\n<p><span>Neste diapas\u00e3o, a<\/span><span> reclamada<\/span><span> n\u00e3o tomou<\/span><span> nenhuma provid\u00eancia a respeito, nem mesmo acompanhamento psicol\u00f3g<\/span><span>ico ao funcion\u00e1rio traumatizado, que mesmo muito fragilizado com os assaltos reiterados, tinha que voltar ao labor, conduta esta que demonstra o tipo de trabalhador que <\/span><span>era <\/span><span>o <\/span><span>reclamante<\/span><span>, sempre voltando a trabalhar sem reclama\u00e7\u00e3o. <\/span><\/p>\n\n\n\n<p><span>Diante dos requisitos da obriga\u00e7\u00e3o de indenizar presentes no caso em tela, diga-se, <\/span><span>a dispensa imotivada<\/span><span>, o dano moral e<\/span><span>xperimentado pel<\/span><span>o <\/span><span>reclamante<\/span><span> atrav\u00e9s de traumas reitera<\/span><span>dos<\/span><span>, e<\/span><span> com fundamento <\/span><span> no artigo 5\u00ba, inciso V, da CF\/88, dever\u00e1 a reclamada ser condenada a reparar o dano moral causado ao reclamante.<\/span><\/p>\n\n\n\n<p><span><strong>DA ANTECIPA\u00c7\u00c3O DE TUTELA<\/strong><\/span><\/p>\n\n\n\n<p><span>Como j\u00e1 supra<\/span><span>mencionado o reclamante mesmo demitido, independente de ser injusta ou n\u00e3o sua demiss\u00e3o, <\/span><span>n\u00e3o teve a devida baixa dada em sua CTPS<\/span><span>, fazendo com que o mesmo venha perdendo oportunidade de empregos.<\/span><\/p>\n\n\n\n<p><span>Desta feita, r<\/span><span>equer deste Douto Ju\u00edzo a concess\u00e3o da Tutela Antecipada nos moldes do artigo 2<\/span><span>94<\/span><span> do <\/span><span>N<\/span><span>CPC, utilizado subsidiariamente conforme artigo 769 do CLT com o objetivo de antecipar os efeitos da senten\u00e7a que nada mais \u00e9 <\/span><span>que seja dada baixa na CTPS do reclamante<\/span><span> <\/span><span>com as devidas anota\u00e7\u00f5es<\/span><span>, mesmo que ainda <\/span><span>restem<\/span><span> incontroversas os motivos<\/span><span>.<\/span><\/p>\n\n\n\n<p><span>Ocorre que para a concess\u00e3o da Tutela \u00e9 imprescind\u00edvel o preenchimento de alguns requisitos, tais como:<\/span><\/p>\n\n\n\n<p><span>a) A prova inequ\u00edvoca est\u00e1 demonstrada na rela\u00e7\u00e3o de emprego ocorrida entre as partes e o n\u00e3o pagamento dos sal\u00e1rios.<\/span><\/p>\n\n\n\n<p><span>Neste contexto a verossimilhan\u00e7a da alega\u00e7\u00e3o fica evidente <\/span><span>da dispensa do reclamante e o fato de que ainda n\u00e3o foi dada baixa na sua CTPS<\/span><span>, ou seja, os fatos s\u00e3o verdadeiros conforme provado documentalmente e ainda testemunhalmente em audi\u00eancia.<\/span><\/p>\n\n\n\n<p><span>Nobre Julgador, uma vez concedida a Tutela Antecipada caso esta seja revogada por Vossa excel\u00eancia n\u00e3o trar\u00e1 preju\u00edzo a reclamada diante<\/span><span> do direito do reclamante de est\u00e1 em posse de seus documentos<\/span><span>.<\/span><\/p>\n\n\n\n<p><span>Por fim, requer a concess\u00e3o da Tutela Antecipada ordenando que a reclamada <\/span><span>d\u00ea a devida baixa n<\/span><span>a CTPS do reclamante a fim de que este d\u00ea seguimento a sua vida profissional<\/span><span>.<\/span><\/p>\n\n\n\n<p><span><strong>DA MULTA DO ARTIGO 477, \u00a7 8\u00ba DA CLT<\/strong><\/span><span><strong>.<\/strong><\/span><\/p>\n\n\n\n<p><span>&nbsp;<\/span><span>Sobre tema, eis um julgado do TST:<\/span><\/p>\n\n\n\n<p><span>AGRAVO DE INSTRUMENTO \u2013 MULTA DO ART. 477, \u00a78\u00ba, DA CLT \u2013 REVERS\u00c3O JUDICIAL DA DISPENSA POR JUSTA CAUSA \u2013 A multa prevista no artigo 477, \u00a7 8\u00ba, da CLT \u00e9 devida ainda que as verbas rescis\u00f3rias sejam deferidas em ju\u00edzo. Precedentes. Agravo de Instrumento a que se nega provimento.\u201d (TST \u2013 AIRR 440-21.2012.5.15.0070 \u2013 Rel. Min. Jo\u00e3o Pedro Silvestrin \u2013 DJe 05.11.2013 \u2013 p. 407)<\/span><\/p>\n\n\n\n<p><span>Afastada a dispensa por justa causa e, por consequ\u00eancia, reconhecida a dispensa imotivada e deferidas as verbas rescis\u00f3rias, dever\u00e1 a reclamada ser condenada ao pagamento da multa prevista no artigo 477, \u00a7 8\u00ba, da CLT.<\/span><\/p>\n\n\n\n<p><span><strong>DA MULTA DO ARTIGO 467 DA CLT<\/strong><\/span><\/p>\n\n\n\n<p><span>Dian<\/span><span>te da falta de justificativa na conduta do <\/span><span>reclamante<\/span><span> para que fosse demitido, o <\/span><span>reclamante<\/span><span> faz jus ao pagamento da multa do art. 467 da CLT.<\/span><span>&nbsp;&nbsp;&nbsp;&nbsp;&nbsp;&nbsp;&nbsp;&nbsp;<\/span><\/p>\n\n\n\n<p><span>Eis um julgado:<\/span><\/p>\n\n\n\n<p><span>\u201cRECURSO ORDIN\u00c1RIO DA PRIMEIRA RECLAMADA DA PRELIMINAR DE ILEGITIMIDADE PASSIVA AD CAUSAM DOS SEGUNDO E TERCEIRO RECLAMADOS, SUSCITADA PELA PRIMEIRA RECLAMADA \u2013 FALTA DE INTERESSE RECURSAL \u2013 PREJUDICADA \u2013 (&#8230;). JUSTA CAUSA DESCONSTITU\u00cdDA EM JU\u00cdZO \u2013 MULTA DO ARTIGO 467 DA CLT \u2013 CABIMENTO \u2013 O Judici\u00e1rio n\u00e3o deve chancelar situa\u00e7\u00f5es que visem burlar a legisla\u00e7\u00e3o trabalhista com o pagamento a menor das verbas rescis\u00f3rias devidas ao empregado. Comprovado nos autos que a justa causa aplicada configurou flagrante dissimula\u00e7\u00e3o quanto ao n\u00e3o pagamento das verbas rescis\u00f3rias decorrentes de dispensa imotivada, \u00e9 devida a multa do art. 467, da CLT, eis que tais verbas j\u00e1 se encontravam incontroversas no momento da audi\u00eancia de instru\u00e7\u00e3o processual. Recurso da primeira reclamada improvido, quanto a este aspecto. (&#8230;). Recurso do reclamante provido parcialmente nesse aspecto. (TRT 08\u00aa R. \u2013 RO 0001467-51.2011.5.08.0011 \u2013 Rel. Des. Fed. Walter Roberto Paro \u2013 DJe 23.11.2012 \u2013 p. 49) (g.n.)<\/span><\/p>\n\n\n\n<p><span>Tendo em vista ser muito extensa a ementa do julgado, foi transcrita apenas a parte que alude \u00e0 multa do artigo 467 da CLT.<\/span><\/p>\n\n\n\n<p><span><strong>DOS PEDIDOS<\/strong><\/span><\/p>\n\n\n\n<p><span>Pelo exposto, requer sejam JULGADOS PROCEDENTES os pedidos abaixo formulados:<\/span><\/p>\n\n\n\n<ul class=\"wp-block-list\">\n<li><span>Que seja deferido o benef\u00edcio da assist\u00eancia judici\u00e1ria gratuita, devido \u00e0 dif\u00edcil situa\u00e7\u00e3o econ\u00f4mica do reclamado, que n\u00e3o possui condi\u00e7\u00f5es de custear o processo, sem preju\u00edzo pr\u00f3prio.<\/span><\/li>\n\n\n\n<li><span>A notifica\u00e7\u00e3o da Reclamada para comparecer \u00e0 audi\u00eancia a ser designada para querendo apresentar defesa a presente reclama\u00e7\u00e3o e acompanha-la em todos os seus termos, sob as penas da lei.<\/span><\/li>\n\n\n\n<li><span><strong>A concess\u00e3o antecipa\u00e7\u00e3o da tutela para que seja dada baixa na CTPS do reclamante com as devidas anota\u00e7\u00f5es, mesmo que posteriormente venha a ser retificada a depender do transcorrer da presente lide;<\/strong><\/span><\/li>\n\n\n\n<li><span>Julgar ao final TOTALMENTE PROCEDENTE a presente Reclama\u00e7\u00e3o, <\/span><span>declarando nula a demiss\u00e3o por justa causa, <\/span><span>bem como CONVERTENDO <\/span><span><strong>a dispensa por justa causa para DISPENSA IMOTIVADA e, por consequ\u00eancia, <\/strong><\/span><span><strong>o pagamento\/fornecimento dos direitos trabalhistas abaixo, j\u00e1 com a proje\u00e7\u00e3o do aviso pr\u00e9vio indenizado, corrigidos monetariamente (s\u00famula 381 do TST) e com juros de 1% a.m. (artigo 883 da CLT e s\u00famula 15 do TRT da 3\u00aa Reg.)<\/strong><\/span><span>:<\/span><\/li>\n\n\n\n<li><span>Pagar o Aviso Pr\u00e9vio indenizado<\/span><span> (30 dias), com incid\u00eancia das horas extras m\u00e9dias que perfazia;<\/span><\/li>\n\n\n\n<li><span>Pagar o 13\u00ba sal\u00e1rio<\/span><span> proporcional<\/span><span> na propor\u00e7\u00e3o de 07\/12, haja vista que devido a sua demiss\u00e3o sem justa causa o aviso pr\u00e9vio leva a data de demiss\u00e3o para julho de 2016;<\/span><span> <\/span><\/li>\n\n\n\n<li><span>Pagar as <\/span><span>f\u00e9rias proporcionais + 1\/3<\/span><span> na propor\u00e7\u00e3o de 07\/12;<\/span><\/li>\n\n\n\n<li><span>Pagar <\/span><span>os dep\u00f3sitos de FGTS de todo o per\u00edodo acrescido de multa de 40% \u00e0 t\u00edtulo de indeniza\u00e7\u00e3o;<\/span><\/li>\n\n\n\n<li><span>A<\/span><span>o pagamento das Horas Extras de 3 horas mensais que eram suprimidas pelo reclamado, e a incid\u00eancia de seus reflexos em todas as demais verbas rescis\u00f3rias;<\/span><\/li>\n\n\n\n<li><span>Caso Vossa excel\u00eancia assim n\u00e3o entenda pela convers\u00e3o para demiss\u00e3o sem justa causa, que seja o reclamante imediatamente reintegrado a seus servi\u00e7o, posto ter sido sempre um funcion\u00e1rio exemplar, n\u00e3o merecendo tamanha penalidade por um ato t\u00e3o \u00ednfimo mediante sua boa conduta laboral;<\/span><\/li>\n\n\n\n<li><span>Pagar honor\u00e1rios advocat\u00edcios no patamar de 20<\/span><span>% sobre a condena\u00e7\u00e3o.<\/span><\/li>\n<\/ul>\n\n\n\n<p><span><strong>DAS PROVAS<\/strong><\/span><\/p>\n\n\n\n<p><span>Pretende provar o alegado com os documentos que instruem a presente, depoimento pessoal do representante legal da reclamada, oitiva de testemunhas e documentos novos.<\/span><\/p>\n\n\n\n<p><span><strong>5<\/strong><\/span><span><strong>. DO VALOR DA CAUSA<\/strong><\/span><span><strong>. <\/strong><\/span><\/p>\n\n\n\n<p><span>Da-se <\/span><span>a causa o valor de R$ <\/span><span>4<\/span><span>0.000,00 (<\/span><span>quarenta<\/span><span> mil reais)<\/span><span> <\/span><\/p>\n\n\n\n<p><span>Nestes termos, <\/span><\/p>\n\n\n\n<p><span>pede e espera deferimento.<\/span><\/p>\n\n\n\n<p><span>&#8230; (Munic\u00edpio \u2013 UF), &#8230; (dia) de &#8230; (m\u00eas) de &#8230; (ano).<\/span><\/p>\n\n\n\n<p class=\"has-text-align-center\"><span><strong>ADVOGADO<\/strong><\/span><\/p>\n\n\n\n<p class=\"has-text-align-center\"><span>OAB n\u00b0 &#8230;. &#8211; UF<\/span><\/p>\n\n\n\n<p class=\"has-text-align-center\"><span style=\"color: #ff0000;\"><strong>Aten\u00e7\u00e3o<\/strong><\/span><\/p>\n\n\n\n<p><span style=\"color: #ff0000;\">Dentre as principais mudan\u00e7as trazidas pela Reforma Trabalhista, importante destacar sobre a necess\u00e1ria liquida\u00e7\u00e3o pr\u00e9via dos valores pleiteados, considerando a altera\u00e7\u00e3o do Art.&nbsp;<\/span><span style=\"color: #ff0000;\">840<\/span><span style=\"color: #ff0000;\">&nbsp;da&nbsp;<\/span><span style=\"color: #ff0000;\">CLT<\/span><span style=\"color: #ff0000;\">, passando a adotar a seguinte reda\u00e7\u00e3o:<\/span><\/p>\n\n\n\n<p><span style=\"color: #ff0000;\">\u00a7 1o Sendo escrita, a reclama\u00e7\u00e3o dever\u00e1 conter a designa\u00e7\u00e3o do ju\u00edzo, a qualifica\u00e7\u00e3o das partes, a breve exposi\u00e7\u00e3o dos fatos de que resulte o diss\u00eddio, o pedido, que dever\u00e1 ser certo, determinado e com indica\u00e7\u00e3o de seu valor, a data e a assinatura do reclamante ou de seu representante.<\/span><\/p>\n\n\n\n<p><span style=\"color: #ff0000;\">\u00a7 2o Se verbal, a reclama\u00e7\u00e3o ser\u00e1 reduzida a termo, em duas vias datadas e assinadas pelo escriv\u00e3o ou secret\u00e1rio, observado, no que couber, o disposto no \u00a7 1o deste artigo.<\/span><\/p>\n\n\n\n<p><span style=\"color: #ff0000;\">Com isso, tem-se a necessidade de se apresentar os valores discriminados das verbas pleiteadas e todos os seus reflexos, sob pena de extin\u00e7\u00e3o do processo, conforme reda\u00e7\u00e3o do referido artigo 840 em seu \u00a7 3\u00ba:<\/span><\/p>\n\n\n\n<p><span style=\"color: #ff0000;\">\u00a7 3o Os pedidos que n\u00e3o atendam ao disposto no \u00a7 1o deste artigo ser\u00e3o julgados extintos sem resolu\u00e7\u00e3o do m\u00e9rito.<\/span><\/p>\n\n\n\n<p><span style=\"color: #ff0000;\">A import\u00e2ncia de uma discrimina\u00e7\u00e3o minuciosa dos valores pleiteados ganha especial relev\u00e2ncia, uma vez que estes valores ser\u00e3o tomados por base para o pagamento das verbas de sucumb\u00eancia, outra novidade trazida pela reforma trabalhista.<\/span><\/p>\n\n\n\n<figure class=\"wp-block-image size-full\"><a href=\"https:\/\/advbox.com.br\/blog\/como-automatizar-seus-modelos-de-peticoes\/\" target=\"_blank\"><img fetchpriority=\"high\" decoding=\"async\" width=\"1024\" height=\"270\" src=\"https:\/\/advbox.com.br\/blog\/wp-content\/uploads\/2025\/12\/CTA-REBRANDING-16.webp\" alt=\"Banner com imagem ilustrativa de automa\u00e7\u00e3o de peti\u00e7\u00f5es jur\u00eddicas, destacando cria\u00e7\u00e3o, padroniza\u00e7\u00e3o e controle de peti\u00e7\u00f5es para advogados com a ADVBOX\" class=\"wp-image-79759\" srcset=\"https:\/\/advbox.com.br\/blog\/wp-content\/uploads\/2025\/12\/CTA-REBRANDING-16.webp 1024w, https:\/\/advbox.com.br\/blog\/wp-content\/uploads\/2025\/12\/CTA-REBRANDING-16-500x132.webp 500w, https:\/\/advbox.com.br\/blog\/wp-content\/uploads\/2025\/12\/CTA-REBRANDING-16-768x203.webp 768w, https:\/\/advbox.com.br\/blog\/wp-content\/uploads\/2025\/12\/CTA-REBRANDING-16-150x40.webp 150w\" sizes=\"(max-width: 1024px) 100vw, 1024px\" \/><\/a><\/figure>\n\n\n\n<p class=\"has-text-align-center\"><\/p>\n","protected":false},"excerpt":{"rendered":"<p>MODELO DE DESCONFIGURA\u00c7\u00c3O DE JUSTA &#8211; CAUSA EXCELENT\u00cdSSIMO SENHOR DOUTOR JUIZ DO TRABALHO DA ____\u00aa VARA DO TRABALHO DA COMARCA DE CIDADE&#8211;ESTADO &#8230; (nome completo em negrito do reclamante), &#8230; (nacionalidade), &#8230; (estado civil), &#8230; (profiss\u00e3o), portador do CPF\/MF n\u00ba &#8230;, com Documento de Identidade de n\u00b0 &#8230;, residente e [&hellip;]<\/p>\n","protected":false},"author":44,"featured_media":79776,"comment_status":"closed","ping_status":"closed","template":"","meta":{"_acf_changed":false,"om_disable_all_campaigns":false,"footnotes":""},"modelo_category":[1489],"class_list":["post-12032","modelos","type-modelos","status-publish","has-post-thumbnail","hentry","modelo_category-direito-do-trabalho"],"acf":[],"yoast_head":"<!-- This site is optimized with the Yoast SEO plugin v26.9 - https:\/\/yoast.com\/product\/yoast-seo-wordpress\/ -->\n<title>Modelo de desconfigura\u00e7\u00e3o de justa - causa | ADVBOX<\/title>\n<meta name=\"description\" content=\"Disponibilizamos para voc\u00ea um modelo de desconfigura\u00e7\u00e3o de justa - causa. ADVBOX\" \/>\n<meta name=\"robots\" content=\"index, follow, max-snippet:-1, max-image-preview:large, max-video-preview:-1\" \/>\n<link rel=\"canonical\" href=\"https:\/\/advbox.com.br\/blog\/modelos\/desconfiguracao-de-justa-causa\/\" \/>\n<meta property=\"og:locale\" content=\"pt_BR\" \/>\n<meta property=\"og:type\" content=\"article\" \/>\n<meta property=\"og:title\" content=\"Modelo de desconfigura\u00e7\u00e3o de justa - causa | ADVBOX\" \/>\n<meta property=\"og:description\" content=\"Disponibilizamos para voc\u00ea um modelo de desconfigura\u00e7\u00e3o de justa - causa. ADVBOX\" \/>\n<meta property=\"og:url\" content=\"https:\/\/advbox.com.br\/blog\/modelos\/desconfiguracao-de-justa-causa\/\" \/>\n<meta property=\"og:site_name\" content=\"Software Jur\u00eddico Completo - ADVBOX\" \/>\n<meta property=\"article:publisher\" content=\"https:\/\/www.facebook.com\/advbox\/\" \/>\n<meta property=\"article:modified_time\" content=\"2025-12-24T14:12:32+00:00\" \/>\n<meta property=\"og:image\" content=\"https:\/\/advbox.com.br\/blog\/wp-content\/uploads\/2025\/12\/sobrestamento-1.jpg\" \/>\n\t<meta property=\"og:image:width\" content=\"1024\" \/>\n\t<meta property=\"og:image:height\" content=\"576\" \/>\n\t<meta property=\"og:image:type\" content=\"image\/jpeg\" \/>\n<meta name=\"twitter:card\" content=\"summary_large_image\" \/>\n<meta name=\"twitter:site\" content=\"@advbox2\" \/>\n<script type=\"application\/ld+json\" class=\"yoast-schema-graph\">{\"@context\":\"https:\/\/schema.org\",\"@graph\":[{\"@type\":\"WebPage\",\"@id\":\"https:\/\/advbox.com.br\/blog\/modelos\/desconfiguracao-de-justa-causa\/\",\"url\":\"https:\/\/advbox.com.br\/blog\/modelos\/desconfiguracao-de-justa-causa\/\",\"name\":\"Modelo de desconfigura\u00e7\u00e3o de justa - causa | ADVBOX\",\"isPartOf\":{\"@id\":\"https:\/\/advbox.com.br\/blog\/#website\"},\"primaryImageOfPage\":{\"@id\":\"https:\/\/advbox.com.br\/blog\/modelos\/desconfiguracao-de-justa-causa\/#primaryimage\"},\"image\":{\"@id\":\"https:\/\/advbox.com.br\/blog\/modelos\/desconfiguracao-de-justa-causa\/#primaryimage\"},\"thumbnailUrl\":\"https:\/\/advbox.com.br\/blog\/wp-content\/uploads\/2025\/12\/sobrestamento-1.jpg\",\"datePublished\":\"2019-03-07T12:37:41+00:00\",\"dateModified\":\"2025-12-24T14:12:32+00:00\",\"description\":\"Disponibilizamos para voc\u00ea um modelo de desconfigura\u00e7\u00e3o de justa - causa. ADVBOX\",\"breadcrumb\":{\"@id\":\"https:\/\/advbox.com.br\/blog\/modelos\/desconfiguracao-de-justa-causa\/#breadcrumb\"},\"inLanguage\":\"pt-BR\",\"potentialAction\":[{\"@type\":\"ReadAction\",\"target\":[\"https:\/\/advbox.com.br\/blog\/modelos\/desconfiguracao-de-justa-causa\/\"]}]},{\"@type\":\"ImageObject\",\"inLanguage\":\"pt-BR\",\"@id\":\"https:\/\/advbox.com.br\/blog\/modelos\/desconfiguracao-de-justa-causa\/#primaryimage\",\"url\":\"https:\/\/advbox.com.br\/blog\/wp-content\/uploads\/2025\/12\/sobrestamento-1.jpg\",\"contentUrl\":\"https:\/\/advbox.com.br\/blog\/wp-content\/uploads\/2025\/12\/sobrestamento-1.jpg\",\"width\":1024,\"height\":576,\"caption\":\"Banner institucional da ADVBOX com elemento visual abstrato em tons de azul, representando estrutura, tecnologia e identidade visual da marca\"},{\"@type\":\"BreadcrumbList\",\"@id\":\"https:\/\/advbox.com.br\/blog\/modelos\/desconfiguracao-de-justa-causa\/#breadcrumb\",\"itemListElement\":[{\"@type\":\"ListItem\",\"position\":1,\"name\":\"In\u00edcio\",\"item\":\"https:\/\/advbox.com.br\/blog\/\"},{\"@type\":\"ListItem\",\"position\":2,\"name\":\"Modelos\",\"item\":\"https:\/\/advbox.com.br\/blog\/modelos\/\"},{\"@type\":\"ListItem\",\"position\":3,\"name\":\"Modelo de desconfigura\u00e7\u00e3o de justa causa\"}]},{\"@type\":\"WebSite\",\"@id\":\"https:\/\/advbox.com.br\/blog\/#website\",\"url\":\"https:\/\/advbox.com.br\/blog\/\",\"name\":\"Software Jur\u00eddico Completo - ADVBOX\",\"description\":\"Plataforma para Advocacia Digital\",\"publisher\":{\"@id\":\"https:\/\/advbox.com.br\/blog\/#organization\"},\"potentialAction\":[{\"@type\":\"SearchAction\",\"target\":{\"@type\":\"EntryPoint\",\"urlTemplate\":\"https:\/\/advbox.com.br\/blog\/?s={search_term_string}\"},\"query-input\":{\"@type\":\"PropertyValueSpecification\",\"valueRequired\":true,\"valueName\":\"search_term_string\"}}],\"inLanguage\":\"pt-BR\"},{\"@type\":\"Organization\",\"@id\":\"https:\/\/advbox.com.br\/blog\/#organization\",\"name\":\"ADVBOX Blog - Software jur\u00eddico da advocacia digital\",\"url\":\"https:\/\/advbox.com.br\/blog\/\",\"logo\":{\"@type\":\"ImageObject\",\"inLanguage\":\"pt-BR\",\"@id\":\"https:\/\/advbox.com.br\/blog\/#\/schema\/logo\/image\/\",\"url\":\"https:\/\/advbox.com.br\/blog\/wp-content\/uploads\/2019\/12\/Como-aumentar-a-produtividade_.jpg\",\"contentUrl\":\"https:\/\/advbox.com.br\/blog\/wp-content\/uploads\/2019\/12\/Como-aumentar-a-produtividade_.jpg\",\"width\":320,\"height\":213,\"caption\":\"ADVBOX Blog - Software jur\u00eddico da advocacia digital\"},\"image\":{\"@id\":\"https:\/\/advbox.com.br\/blog\/#\/schema\/logo\/image\/\"},\"sameAs\":[\"https:\/\/www.facebook.com\/advbox\/\",\"https:\/\/x.com\/advbox2\"]}]}<\/script>\n<!-- \/ Yoast SEO plugin. -->","yoast_head_json":{"title":"Modelo de desconfigura\u00e7\u00e3o de justa - causa | ADVBOX","description":"Disponibilizamos para voc\u00ea um modelo de desconfigura\u00e7\u00e3o de justa - causa. ADVBOX","robots":{"index":"index","follow":"follow","max-snippet":"max-snippet:-1","max-image-preview":"max-image-preview:large","max-video-preview":"max-video-preview:-1"},"canonical":"https:\/\/advbox.com.br\/blog\/modelos\/desconfiguracao-de-justa-causa\/","og_locale":"pt_BR","og_type":"article","og_title":"Modelo de desconfigura\u00e7\u00e3o de justa - causa | ADVBOX","og_description":"Disponibilizamos para voc\u00ea um modelo de desconfigura\u00e7\u00e3o de justa - causa. ADVBOX","og_url":"https:\/\/advbox.com.br\/blog\/modelos\/desconfiguracao-de-justa-causa\/","og_site_name":"Software Jur\u00eddico Completo - ADVBOX","article_publisher":"https:\/\/www.facebook.com\/advbox\/","article_modified_time":"2025-12-24T14:12:32+00:00","og_image":[{"width":1024,"height":576,"url":"https:\/\/advbox.com.br\/blog\/wp-content\/uploads\/2025\/12\/sobrestamento-1.jpg","type":"image\/jpeg"}],"twitter_card":"summary_large_image","twitter_site":"@advbox2","schema":{"@context":"https:\/\/schema.org","@graph":[{"@type":"WebPage","@id":"https:\/\/advbox.com.br\/blog\/modelos\/desconfiguracao-de-justa-causa\/","url":"https:\/\/advbox.com.br\/blog\/modelos\/desconfiguracao-de-justa-causa\/","name":"Modelo de desconfigura\u00e7\u00e3o de justa - causa | ADVBOX","isPartOf":{"@id":"https:\/\/advbox.com.br\/blog\/#website"},"primaryImageOfPage":{"@id":"https:\/\/advbox.com.br\/blog\/modelos\/desconfiguracao-de-justa-causa\/#primaryimage"},"image":{"@id":"https:\/\/advbox.com.br\/blog\/modelos\/desconfiguracao-de-justa-causa\/#primaryimage"},"thumbnailUrl":"https:\/\/advbox.com.br\/blog\/wp-content\/uploads\/2025\/12\/sobrestamento-1.jpg","datePublished":"2019-03-07T12:37:41+00:00","dateModified":"2025-12-24T14:12:32+00:00","description":"Disponibilizamos para voc\u00ea um modelo de desconfigura\u00e7\u00e3o de justa - causa. ADVBOX","breadcrumb":{"@id":"https:\/\/advbox.com.br\/blog\/modelos\/desconfiguracao-de-justa-causa\/#breadcrumb"},"inLanguage":"pt-BR","potentialAction":[{"@type":"ReadAction","target":["https:\/\/advbox.com.br\/blog\/modelos\/desconfiguracao-de-justa-causa\/"]}]},{"@type":"ImageObject","inLanguage":"pt-BR","@id":"https:\/\/advbox.com.br\/blog\/modelos\/desconfiguracao-de-justa-causa\/#primaryimage","url":"https:\/\/advbox.com.br\/blog\/wp-content\/uploads\/2025\/12\/sobrestamento-1.jpg","contentUrl":"https:\/\/advbox.com.br\/blog\/wp-content\/uploads\/2025\/12\/sobrestamento-1.jpg","width":1024,"height":576,"caption":"Banner institucional da ADVBOX com elemento visual abstrato em tons de azul, representando estrutura, tecnologia e identidade visual da marca"},{"@type":"BreadcrumbList","@id":"https:\/\/advbox.com.br\/blog\/modelos\/desconfiguracao-de-justa-causa\/#breadcrumb","itemListElement":[{"@type":"ListItem","position":1,"name":"In\u00edcio","item":"https:\/\/advbox.com.br\/blog\/"},{"@type":"ListItem","position":2,"name":"Modelos","item":"https:\/\/advbox.com.br\/blog\/modelos\/"},{"@type":"ListItem","position":3,"name":"Modelo de desconfigura\u00e7\u00e3o de justa causa"}]},{"@type":"WebSite","@id":"https:\/\/advbox.com.br\/blog\/#website","url":"https:\/\/advbox.com.br\/blog\/","name":"Software Jur\u00eddico Completo - ADVBOX","description":"Plataforma para Advocacia Digital","publisher":{"@id":"https:\/\/advbox.com.br\/blog\/#organization"},"potentialAction":[{"@type":"SearchAction","target":{"@type":"EntryPoint","urlTemplate":"https:\/\/advbox.com.br\/blog\/?s={search_term_string}"},"query-input":{"@type":"PropertyValueSpecification","valueRequired":true,"valueName":"search_term_string"}}],"inLanguage":"pt-BR"},{"@type":"Organization","@id":"https:\/\/advbox.com.br\/blog\/#organization","name":"ADVBOX Blog - Software jur\u00eddico da advocacia digital","url":"https:\/\/advbox.com.br\/blog\/","logo":{"@type":"ImageObject","inLanguage":"pt-BR","@id":"https:\/\/advbox.com.br\/blog\/#\/schema\/logo\/image\/","url":"https:\/\/advbox.com.br\/blog\/wp-content\/uploads\/2019\/12\/Como-aumentar-a-produtividade_.jpg","contentUrl":"https:\/\/advbox.com.br\/blog\/wp-content\/uploads\/2019\/12\/Como-aumentar-a-produtividade_.jpg","width":320,"height":213,"caption":"ADVBOX Blog - Software jur\u00eddico da advocacia digital"},"image":{"@id":"https:\/\/advbox.com.br\/blog\/#\/schema\/logo\/image\/"},"sameAs":["https:\/\/www.facebook.com\/advbox\/","https:\/\/x.com\/advbox2"]}]}},"_links":{"self":[{"href":"https:\/\/advbox.com.br\/blog\/wp-json\/wp\/v2\/modelos\/12032","targetHints":{"allow":["GET"]}}],"collection":[{"href":"https:\/\/advbox.com.br\/blog\/wp-json\/wp\/v2\/modelos"}],"about":[{"href":"https:\/\/advbox.com.br\/blog\/wp-json\/wp\/v2\/types\/modelos"}],"author":[{"embeddable":true,"href":"https:\/\/advbox.com.br\/blog\/wp-json\/wp\/v2\/users\/44"}],"replies":[{"embeddable":true,"href":"https:\/\/advbox.com.br\/blog\/wp-json\/wp\/v2\/comments?post=12032"}],"version-history":[{"count":4,"href":"https:\/\/advbox.com.br\/blog\/wp-json\/wp\/v2\/modelos\/12032\/revisions"}],"predecessor-version":[{"id":80229,"href":"https:\/\/advbox.com.br\/blog\/wp-json\/wp\/v2\/modelos\/12032\/revisions\/80229"}],"wp:featuredmedia":[{"embeddable":true,"href":"https:\/\/advbox.com.br\/blog\/wp-json\/wp\/v2\/media\/79776"}],"wp:attachment":[{"href":"https:\/\/advbox.com.br\/blog\/wp-json\/wp\/v2\/media?parent=12032"}],"wp:term":[{"taxonomy":"modelo_category","embeddable":true,"href":"https:\/\/advbox.com.br\/blog\/wp-json\/wp\/v2\/modelo_category?post=12032"}],"curies":[{"name":"wp","href":"https:\/\/api.w.org\/{rel}","templated":true}]}}