{"id":12057,"date":"2019-03-07T05:56:10","date_gmt":"2019-03-07T05:56:10","guid":{"rendered":"https:\/\/advbox.com.br\/blog\/?post_type=modelos&#038;p=12057"},"modified":"2024-12-28T10:55:54","modified_gmt":"2024-12-28T13:55:54","slug":"reclamacao-trabalhistas-adicional-noturno","status":"publish","type":"modelos","link":"https:\/\/advbox.com.br\/blog\/modelos\/reclamacao-trabalhistas-adicional-noturno\/","title":{"rendered":"Modelo de reclama\u00e7\u00e3o trabalhista para adicional noturno"},"content":{"rendered":"<p class=\"has-text-align-center\"><strong><em>Quer descobrir como automatizar o preenchimento de todos os seus modelos de peti\u00e7\u00e3o e otimizar o tempo de toda sua equipe? <a href=\"https:\/\/advbox.com.br\/blog\/como-automatizar-seus-modelos-de-peticoes\/\" alt=\"Automatize o preenchimento das suas Peti\u00e7\u00f5es e otimize Tempo\" target=\"_blank\">Clique aqui<\/a><\/em><\/strong><\/p><h1 class=\"wp-block-heading\"><strong>MODELO DE RECLAMA\u00c7\u00c3O TRABALHISTAS &#8211; ADICIONAL NOTURNO<\/strong><\/h1><p><span><strong>EXCELENT\u00cdSSIMO (A) SENHOR (A) DOUTOR (A) JUIZ (A) FEDERAL DO TRABALHO DA VARA DO TRABALHO DA COMARCA DE MACAP\u00c1 &#8211; TRT 8\u00aa REGI\u00c3O.<\/strong><\/span><\/p><p><span><strong>&#8230; (nome completo em negrito <\/strong><\/span><span><strong>da parte<\/strong><\/span><span><strong>)<\/strong><\/span><span>, &#8230; (nacionalidade), &#8230; (estado civil), &#8230; (profiss\u00e3o), portador do CPF\/MF n\u00ba &#8230;, com Documento de Identidade de n\u00b0 &#8230;, residente e domiciliado na <\/span><span>Rua &#8230;, n. &#8230;, &#8230; (bairro), CEP: &#8230;, &#8230; (Munic\u00edpio \u2013 UF)<\/span><span>,<\/span><span> <\/span><span>Vem, atrav\u00e9s de seu procurador infra-assinado (<\/span><span><strong>doc. 01<\/strong><\/span><span>) com escrit\u00f3rio profissional no endere\u00e7o abaixo mencionado, onde recebe notifica\u00e7\u00f5es, cita\u00e7\u00f5es e intima\u00e7\u00f5es, com as honras de estilo reservadas \u00e0 V. Ex\u00aa, ajuizar a presente:<\/span><\/p><p class=\"has-text-align-center\"><span><strong>RECLAMA\u00c7\u00c3O TRABALHISTA<\/strong><\/span><\/p><p><span>Em desfavor de<\/span><span><strong>\u00a0________<\/strong><\/span><span><strong>,\u00a0<\/strong><\/span><span>pessoa jur\u00eddica de direito privado, inscrita no CNPJ de n\u00ba 0000000000000000000000, podendo ser notificada na _________________, n\u00ba. 1162, Bairro: ___, CEP: 68.908-160, Macap\u00e1\/AP, pelas raz\u00f5es de fato e de direito que passa a expender:<\/span><\/p><p><span><strong>DA ADMISS\u00c3O\/DEMISS\u00c3O<\/strong><\/span><\/p><p><span><strong>O obreiro foi contratado pela reclamada no dia 24\/10\/2014<\/strong><\/span><span>, para exercer\u00a0<\/span><span><strong>a fun\u00e7\u00e3o de VIGILANTE<\/strong><\/span><span>\u00a0recebendo como sal\u00e1rio mensal o valor de R$ 1.325,74 (UM MIL, TREZENTOS E VINTE E CINCO REAIS E SETENTA E QUATRO CENTAVOS), e como\u00a0<\/span><span><strong>remunera\u00e7\u00e3o no valor de R$ 2.869,42 (DOIS MIL, OITOCENTOS E SESSENTA E NOVE REAIS E QUARENTA E DOIS CENTAVOS)<\/strong><\/span><span>\u00a0<\/span><span><strong>Foi demitido, sem justa causa, no dia 08\/03\/2016.<\/strong><\/span><\/p><p><span><strong>PARCELA<\/strong><\/span><\/p><p><span><strong>VALOR (R$)<\/strong><\/span><\/p><p><span><strong>Sal\u00e1rio Normativo<\/strong><\/span><\/p><p><span><strong>R$ 1.325,74<\/strong><\/span><\/p><p><span><strong>Adicional de Risco 30%\u00a0<\/strong><\/span><span>(Lei 12.740\/2012 e Cl\u00e1usula 15\u00aa da CCT 2015\/2016).<\/span><\/p><p><span><strong>R$ 397,72<\/strong><\/span><\/p><p><span><strong>Hora Extra Noturna (intervalo Intrajornada\u00a0<\/strong><\/span><span>previsto no art. 71, CLT e Cl\u00e1usula 25\u00aa da CCT 2015\/2016).<\/span><\/p><p><span><strong>R$ 211,52<\/strong><\/span><\/p><p><span><strong>Adicional Noturno\u00a0<\/strong><\/span><span>(Cl\u00e1usula 10\u00aa da CCT 2015\/2016)<\/span><span><strong>.<\/strong><\/span><\/p><p><span><strong>R$ 241,72<\/strong><\/span><\/p><p><span><strong>Hora Extra Noturna\u00a0<\/strong><\/span><span>(Hora Noturna Reduzida Art. 73 da CLT e Cl\u00e1usula 17\u00aa da CCT 2015\/2016).<\/span><\/p><p><span><strong>R$ 271,87<\/strong><\/span><\/p><p><span><strong>DSR sobre Hora Extra Noturna\u00a0<\/strong><\/span><span>(Intervalo Intrajornada) Cl\u00e1usula 25\u00aa da CCT 2015\/2016.<\/span><\/p><p><span><strong>R$ 35,25<\/strong><\/span><\/p><p><span><strong>DSR sobre Adicional Noturno\u00a0<\/strong><\/span><span>(Cl\u00e1usula 10\u00aa da CCT 2014\/2015).<\/span><\/p><p><span><strong>R$ 40,29<\/strong><\/span><\/p><p><span><strong>DSR sobre Hora Extra Noturna<\/strong><\/span><span>\u00a0(Hora Noturna Reduzida) Cl\u00e1usula 17\u00aa da CCT 2015\/2016<\/span><span><strong>.<\/strong><\/span><\/p><p><span><strong>R$ 45,31<\/strong><\/span><\/p><p><span><strong>Vale\/Ticket Alimenta\u00e7\u00e3o<\/strong><\/span><span>\u00a0(Cl\u00e1usula Quarta da CCT 2015\/2016).<\/span><\/p><p><span><strong>R$ 300,00<\/strong><\/span><\/p><p><span><strong>TOTAL (Remunera\u00e7\u00e3o + Vale\/Ticket Alimenta\u00e7\u00e3o).<\/strong><\/span><\/p><p><span><strong>R$ 2.869,42<\/strong><\/span><\/p><p><span><strong>VALE ALIMENTA\u00c7\u00c3O CONVENCIONADO &#8211; INTEGRA\u00c7\u00c3O AO SAL\u00c1RIO &#8211; INTELIGENCIA DA OJ. 133\/SDI-1<\/strong><\/span><\/p><p><span>A reclamada n\u00e3o participa do PAT-Programa de Alimenta\u00e7\u00e3o ao Trabalhador, institu\u00edda pela lei\u00a0<\/span><span>6.321<\/span><span>\/76, portanto faz jus ao reclamante a integra\u00e7\u00e3o da parcela vale alimenta\u00e7\u00e3o ao sal\u00e1rio para todos os fins.<\/span><\/p><p><span>Raz\u00e3o pela qual requer que seja declarada a natureza salarial do vale alimenta\u00e7\u00e3o, bem como integre todas as verbas do reclamante.<\/span><\/p><p><span><strong>DA JORNADA DE TRABALHO<\/strong><\/span><\/p><p><span>O reclamante desempenhava a jornada de trabalho no per\u00edodo de Outubro\/2014 \u00e0 Mar\u00e7o\/2016, cumprindo o regime de 12\/36 no hor\u00e1rio compreendido das 19h00 \u00e0s 07h00; sem intervalo.<\/span><\/p><p><span style=\"color: #4f81bd;\"><strong>DO DIREITO<\/strong><\/span><\/p><p><span><strong>DAS VERBAS RESILIT\u00d3RIAS<\/strong><\/span><\/p><p><span>O reclamante foi demitido sem justa causa no dia 08\/03\/2016, ocorre que at\u00e9 a presente data n\u00e3o foi homologado a rescis\u00e3o contratual do obreiro, por essa raz\u00e3o vem a esta justi\u00e7a especializada requerer as verbas rescis\u00f3rias de direito seguinte:<\/span><\/p><p><span><strong>DO SALDO DE SAL\u00c1RIO<\/strong><\/span><\/p><p><span>O reclamante n\u00e3o recebeu o saldo de sal\u00e1rio referente \u00e0 08 dias do m\u00eas de Mar\u00e7o\/2016. Pelo que requer seja a reclamada condenada a pagar o saldo de sal\u00e1rio referente ao m\u00eas supramencionado.<\/span><\/p><p><span><strong>DO AVISO PR\u00c9VIO INDENIZADO (art.\u00a0<\/strong><\/span><span><strong>487<\/strong><\/span><span><strong>, ss,\u00a0<\/strong><\/span><span><strong>CLT<\/strong><\/span><span><strong>).<\/strong><\/span><\/p><p><span>O reclamante n\u00e3o foi notificado antecipadamente de sua demiss\u00e3o, haja vista que o mesmo foi notificado somente no ato de sua demiss\u00e3o, raz\u00e3o pelo qual requer seja a reclamada condenada a indenizar o reclamante, conforme memorial de c\u00e1lculo anexo.<\/span><\/p><p><span><strong>DO 13\u00ba SAL\u00c1RIO\u00a0(ARTIGO 7\u00ba, INCISO VIII, DA CRFB\/88 E NO ARTIGO 1\u00ba DA LEI N\u00ba 4.090\/62)<\/strong><\/span><\/p><p><span>\u00c9 devido ainda ao obreiro o 13\u00ba sal\u00e1rio proporcional 2016 &#8211; 02\/12 avos, com a proje\u00e7\u00e3o do aviso pr\u00e9vio, raz\u00e3o pelo qual deve ser compelida a pagar a import\u00e2ncia apurada nos c\u00e1lculos em anexo.<\/span><\/p><p><span><strong>DAS F\u00c9RIAS + 1\/3 (Artigo 7\u00ba, inciso XVII, da CRFB\/88 e do Artigo 130 da CLT<\/strong><\/span><\/p><p><span>Assiste ao reclamante o direito de receber f\u00e9rias + 1\/3 proporcional referente ao per\u00edodo laborado de (24\/10\/2015 a 08\/03\/2016), com a proje\u00e7\u00e3o do aviso pr\u00e9vio, pelo que requer seja a reclamada condenada ao efetivo pagamento no valor constante na planilha de c\u00e1lculo que segue anexo.<\/span><\/p><p><span><strong>DA DIFEREN\u00c7A DO FGTS + 40%\u00a0(Artigo 7\u00ba- III, da CRFB\/88, artigo 10-I, do ADCT.<\/strong><\/span><\/p><p><span>Que a reclamada n\u00e3o promoveu corretamente os dep\u00f3sitos mensais do FGTS na conta vinculada do reclamante junto a Caixa Econ\u00f4mica Federal, durante todo o pacto laboral, caracterizando a m\u00e1-f\u00e9 da mesma quanto aos direitos trabalhistas, raz\u00e3o pela qual, requer seja efetuado o pagamento diretamente ao reclamante, acrescido de multa de 40%, pela demiss\u00e3o sem justa causa, conforme valores demonstrados no memorial de calculo.<\/span><\/p><p><span>Dessa forma, requer seja condenada a reclamada a indenizar o valor o referente ao FGTS + 40%, bem como seja expedido.<\/span><\/p><p><span>Informa &#8211; se por oportuno que o reclamante conseguiu sacar o valor de\u00a0<\/span><span><strong>R$1.442,09 (um mil, quatrocentos e quarenta e dois reais e nove centavos)<\/strong><\/span><span>, os quais, para evitar enriquecimento il\u00edcito do obreiro, j\u00e1 estar\u00e3o compensados no corpo do calculo anexo.<\/span><\/p><p><span><strong>DO SEGURO DESEMPREGO INDENIZADO<\/strong><\/span><\/p><p><span>A\u00a0<\/span><span>constitui\u00e7\u00e3o federal<\/span><span>\u00a0instituiu como direito social dos trabalhadores urbanos e rurais, no inciso\u00a0<\/span><span>II<\/span><span>\u00a0de seu art.\u00a0<\/span><span>7\u00ba<\/span><span>, o beneficio do seguro- desemprego que, regulamentado pela Lei n\u00ba\u00a0<\/span><span>7.998<\/span><span>\/90, adquiriu contornos de parcelas assist\u00eancias devida pelo pr\u00f3prio estado aos trabalhadores em situa\u00e7\u00e3o de desemprego involunt\u00e1rio.<\/span><\/p><p><span>O reclamante foi demitido na modalidade sem justo motivo, por\u00e9m, o reclamado n\u00e3o forneceu as Guias de Seguro Desemprego para regular habilita\u00e7\u00e3o no benef\u00edcio previdenci\u00e1rio.<\/span><\/p><p><span>Dada a negligencia da reclamada, requer seja condenada a indenizar o obreiro pelo n\u00e3o fornecimento das Guias de Seguro Desemprego em tempo h\u00e1bil no importe de 04 (quatro) parcelas no valor de\u00a0<\/span><span><strong>R$1.385,90<\/strong><\/span><span>\u00a0(mil, trezentos e oitenta e cinco reais e noventa centavos), totalizando o valor de\u00a0<\/span><span><strong>R$5.540,00<\/strong><\/span><span>(cinco mil, quinhentos e quarenta reais), conforme calculo anexo.<\/span><\/p><p><span><strong>A MULTA DO ART.\u00a0<\/strong><\/span><span><strong>477<\/strong><\/span><span><strong>\u00a0DA\u00a0<\/strong><\/span><span><strong>CLT<\/strong><\/span><\/p><p><span>A reclamada n\u00e3o promoveu o pagamento da rescis\u00e3o contratual at\u00e9a presente data.<\/span><\/p><p><span>Dito isto, seja julgado procedente o pedido da reclamante no sentido de condenar a reclamada no pagamento da multa que determina o art.\u00a0<\/span><span>477<\/span><span>,\u00a0<\/span><span>\u00a7\u00a7 6\u00ba<\/span><span>e\u00a0<\/span><span>8\u00ba<\/span><span>\u00a0da\u00a0<\/span><span>CLT<\/span><span>, no valor da maior remunera\u00e7\u00e3o percebida pela reclamante durante o contrato de trabalho.<\/span><\/p><p><span><strong>DA MULTA DO ART.\u00a0<\/strong><\/span><span><strong>467<\/strong><\/span><span><strong>\u00a0DA\u00a0<\/strong><\/span><span><strong>CLT<\/strong><\/span><\/p><p><span>Resta provado que o reclamado n\u00e3o pagou as verbas indenizat\u00f3rias devidas a reclamante por for\u00e7a do contrato de trabalho, raz\u00e3o pelo qual, caso n\u00e3o efetue o pagamento na audi\u00eancia inaugural, seja condenado a multa de 50% sobre a parte incontroversas das verbas rescis\u00f3rias que determina o artigo\u00a0<\/span><span>467<\/span><span>\u00a0da\u00a0<\/span><span>CLT<\/span><span>, conforme requer nos c\u00e1lculos apresentados.<\/span><\/p><p><span><strong>DOS SAL\u00c1RIOS RETIDOS<\/strong><\/span><\/p><p><span>O reclamante n\u00e3o recebeu o sal\u00e1rio referente aos meses de Dezembro\/2015, Janeiro e Fevereiro\/2016 desta forma, requer seja efetuado o pagamento de seu sal\u00e1rio retido, conforme tabela extra\u00edda do Sistema \u00danico de C\u00e1lculo do E. TRT 8\u00aa Regi\u00e3o, anexa e demonstrativo abaixo.<\/span><\/p><p><span>Vale ressaltar que o obreiro recebeu seus contracheques dos meses de Dezembro\/2015, Janeiro e Fevereiro\/2016, por\u00e9m n\u00e3o recebeu os valores neles descritos (contracheques em anexo), pelo que requer a nulidade, e o pagamento, conforme memorial de c\u00e1lculo anexo.<\/span><\/p><p><span style=\"color: #4f81bd;\"><strong>DA APLICA\u00c7\u00c3O DA MULTA 10% DO ART.\u00a0<\/strong><\/span><span style=\"color: #4f81bd;\"><strong>523<\/strong><\/span><span style=\"color: #4f81bd;\"><strong>, \u00a7 1\u00ba DO CPC<\/strong><\/span><\/p><p><span>Com fulcro no disposto no art.\u00a0<\/span><span>832<\/span><span>,\u00a0<\/span><span>\u00a7 1\u00ba<\/span><span>, da\u00a0<\/span><span>CLT<\/span><span>, requer seja concedido \u00e0 reclamada o prazo de 15 dias, ap\u00f3s o tr\u00e2nsito em julgado da decis\u00e3o, para pagar ou garantir a execu\u00e7\u00e3o, sob pena de multa no importe de 10% sobre o valor total da condena\u00e7\u00e3o, prevista no art.\u00a0<\/span><span>523<\/span><span>, \u00a7 1\u00ba, do CPC, de aplica\u00e7\u00e3o subsidi\u00e1ria ao Processo do Trabalho, ex vi do art.\u00a0<\/span><span>8\u00ba<\/span><span>\u00a0da\u00a0<\/span><span>CLT<\/span><span>.<\/span><\/p><p><span><strong>INDENIZA\u00c7\u00c3O POR DANOS MORAIS<\/strong><\/span><\/p><p><span>Excel\u00eancia, o reclamante ficou sem receber seus sal\u00e1rios dos tr\u00eas \u00faltimos meses trabalhados\u00a0<\/span><span><strong>(Dezembro\/2015, Janeiro e Fevereiro\/2016)\u00a0<\/strong><\/span><span>passando assim por diversas dificuldades junto a credores como aluguel, supermercado, sa\u00fade, vestu\u00e1rio e empr\u00e9stimos junto ao banco, uma vez que seu pagamento n\u00e3o era efetuado pela reclamada e consequentemente, tendo que depender de aux\u00edlio de seus familiares.<\/span><\/p><p><span>Ressalta ainda que pode &#8211; se verificar o atraso nos pagamentos dos sal\u00e1rios atrav\u00e9s dos dep\u00f3sitos realizados pela empresa na conta sal\u00e1rio do reclamante, raz\u00e3o pela qual requer que a reclamada junte a ordem banc\u00e1ria com o referido pagamento e os contracheques da reclamante relativo a todo per\u00edodo contratual.<\/span><\/p><p><span>Logo, o reiterado atraso nos sal\u00e1rios e a incerteza quanto ao recebimento, por si s\u00f3, geram ofensa a dignidade do trabalhador, como ser humano, advindo dai a motivo para a repara\u00e7\u00e3o.<\/span><\/p><p><span>Assim disp\u00f5e os Arts.\u00a0<\/span><span>186<\/span><span>\u00a0e\u00a0<\/span><span>927<\/span><span>\u00a0do\u00a0<\/span><span>C\u00f3digo Civil<\/span><span>:<\/span><\/p><p><span><strong>Art. 186. Aquele que, por a\u00e7\u00e3o ou omiss\u00e3o volunt\u00e1ria, neglig\u00eancia ou imprud\u00eancia, violar direito e causar dano a outrem, ainda que exclusivamente moral, comete ato il\u00edcito. (Grifamos)<\/strong><\/span><\/p><p><span><strong>Art. 927. Aquele que, por ato il\u00edcito (arts. 186 e 187), causar dano a outrem, fica obrigado a repar\u00e1-lo. (Grifamos)<\/strong><\/span><\/p><p><span>Vale frisar excel\u00eancia que a Dignidade da pessoa humana faz parte dos direitos fundamentais estabelecidos no art.\u00a0<\/span><span>1\u00ba<\/span><span>, inciso\u00a0<\/span><span>III<\/span><span>\u00a0da\u00a0<\/span><span>CF\/88<\/span><span>, e sua viola\u00e7\u00e3o enseja repara\u00e7\u00e3o por dano moral, como prescreve o art.\u00a0<\/span><span>5\u00ba<\/span><span>, incisos\u00a0<\/span><span>V<\/span><span>e\u00a0<\/span><span>X<\/span><span>\u00a0da referida\u00a0<\/span><span>Carta Magna<\/span><span>,\u00a0<\/span><span>verbis<\/span><span>:<\/span><\/p><p><span><strong>Art. 5\u00ba Todos s\u00e3o iguais perante a lei, sem distin\u00e7\u00e3o de qualquer natureza, garantindo-se aos brasileiros e aos estrangeiros residentes no Pa\u00eds a inviolabilidade do direito \u00e0 vida, \u00e0 liberdade, \u00e0 igualdade, \u00e0 seguran\u00e7a e \u00e0 propriedade, nos termos seguintes:<\/strong><\/span><\/p><p><span><strong>V &#8211; \u00e9 assegurado o direito de resposta, proporcional ao agravo, al\u00e9m da indeniza\u00e7\u00e3o por dano material, moral ou \u00e0 imagem;<\/strong><\/span><\/p><p><span>Excel\u00eancia, o obreiro sente-se lesado em seu direito, j\u00e1 que a reclamada n\u00e3o efetuava o pagamento de se sal\u00e1rio mensalmente, prejudicando assim o obreiro na manuten\u00e7\u00e3o e no bem estar de sua fam\u00edlia. Uma vez que seu sal\u00e1rio n\u00e3o era pago no prazo legal, o obreiro n\u00e3o tinha como pagar suas contas e muito menos fazer suas compras para a manuten\u00e7\u00e3o de seus familiares, tendo que depender de ajuda de outras pessoas para o seu sustento.<\/span><\/p><p><span>Diante do fato exposto, requer o pagamento de indeniza\u00e7\u00e3o por danos morais no valor de\u00a0<\/span><span><strong>R$ 30.000,00 (TRINTA MIL REAIS)<\/strong><\/span><span>, como forma de compensa\u00e7\u00e3o pelo direito lesado.<\/span><\/p><p><span><strong>DOS HONOR\u00c1RIOS ADVOCAT\u00cdCIOS.<\/strong><\/span><\/p><p><span>Por for\u00e7a do Art.\u00a0<\/span><span>133<\/span><span>\u00a0da\u00a0<\/span><span>CF\/88<\/span><span>, Art.\u00a0<\/span><span>20<\/span><span>.\u00a0<\/span><span>\u00a7 3<\/span><span>\u00a0do\u00a0<\/span><span>CPC<\/span><span>, dos Art.\u00a0<\/span><span>389<\/span><span>,\u00a0<\/span><span>402<\/span><span>\u00a0e\u00a0<\/span><span>404<\/span><span>do\u00a0<\/span><span>CC<\/span><span>, do princ\u00edpio da integral repara\u00e7\u00e3o, e considerando a hierarquia das normas e o disposto no art.\u00a0<\/span><span>769<\/span><span>\u00a0e art.\u00a0<\/span><span>8\u00ba<\/span><span>\u00a0<\/span><span>par\u00e1grafo \u00fanico<\/span><span>\u00a0da\u00a0<\/span><span>CLT<\/span><span>, requer honor\u00e1rios no importe de 20% ou a crit\u00e9rio do M. M\u00a0<\/span><span>ju\u00edzo,\u00a0<\/span><span>sobre o valor a ser pago ao autor, uma vez que preenchido os requisitos legais para sua concess\u00e3o.<\/span><\/p><p><span>ART.\u00a0<\/span><span>20<\/span><span>\u00a0do\u00a0<\/span><span>CPC<\/span><span>&#8211; A senten\u00e7a condenar\u00e1 o vencido a pagar ao vencedor as despesas que antecipou e os honor\u00e1rios advocat\u00edcios. Esta verba honor\u00e1ria ser\u00e1 devida, tamb\u00e9m, nos casos em que o advogado funcionar em causa pr\u00f3pria.<\/span><\/p><p><span>\u00a7 3\u00ba Os honor\u00e1rios ser\u00e3o fixados entre o m\u00ednimo de dez por cento (10%) e o m\u00e1ximo de vinte por cento (20%) sobre o valor da condena\u00e7\u00e3o, atendidos:<\/span><\/p><p><span>a)\u00a0o grau de zelo do profissional;<\/span><\/p><p><span>b)\u00a0o lugar de presta\u00e7\u00e3o do servi\u00e7o;<\/span><\/p><p><span>c)\u00a0a natureza e import\u00e2ncia da causa, o trabalho realizado pelo advogado e o tempo exigido para o seu servi\u00e7o.<\/span><\/p><p><span>Recentes decis\u00f5es superiores das instancias vem concedendo o pagamento de honor\u00e1rios de sucumb\u00eancia ao processo do trabalho. Sen\u00e3o Vejamos:<\/span><\/p><p><span>&#8220;HONOR\u00c1RIOS ADVOCAT\u00cdCIOS (SEMPRE DEVIDOS, HAVENDO<\/span><\/p><p><span>SUCUMB\u00caNCIA) &#8211; independentemente da condi\u00e7\u00e3o econ\u00f4mica financeira do reclamante empregado, os honor\u00e1rios advocat\u00edcios, havendo sucumb\u00eancia do empregador, sempre s\u00e3o devidos, por imposi\u00e7\u00e3o do art.\u00a0<\/span><span>20<\/span><span>\u00a0<\/span><span>\u00a7 3\u00ba<\/span><span>\u00a0e al\u00edneas do\u00a0<\/span><span>CPC<\/span><span>, subsidiariamente aplic\u00e1veis ao processo do trabalho (R. O. Parcialmente provido). (TRT 7\u00ba R &#8211; RO 510\/01 &#8211; (1150\/01-1)-Rel. Juiz Francisco Tarc\u00edsio Guedes Lima Verde &#8211; J. 04.04.2001)&#8221;.<\/span><\/p><p><span>Nesse diapas\u00e3o em raz\u00e3o de reiteradas decis\u00f5es nesse sentido o C. TST formulou a intelig\u00eancia da OJ 421 que trata de honor\u00e1rios advocat\u00edcios na Justi\u00e7a do Trabalho. Assim transcrita:<\/span><\/p><p><span>&#8220;OJ 421. HONOR\u00c1RIOS ADVOCAT\u00cdCIOS. A\u00c7\u00c3O DE INDENIZA\u00c7\u00c3O POR DANOS MORAIS E MATERIAIS DECORRENTES DE ACIDENTE DE TRABALHO OU DE DOEN\u00c7A PROFISSIONAL. AJUIZAMENTO PERANTE A JUSTI\u00c7A COMUM ANTES DA PROMULGA\u00c7\u00c3O DA EMENDA CONSTITUCIONAL N\u00ba\u00a0<\/span><span>45<\/span><span>\/2004. POSTERIOR REMESSA DOS AUTOS \u00c0 JUSTI\u00c7A DO TRABALHO. ART.\u00a0<\/span><span>20<\/span><span>\u00a0DO\u00a0<\/span><span>CPC<\/span><span>. INCID\u00caNCIA&#8221;.<\/span><\/p><p><span>Face o exposto requer seja a reclamada condenada ao pagamento de honor\u00e1rios advocat\u00edcios da esp\u00e9cie sucumbenciais conforme memorial de calculo em anexo.<\/span><\/p><p><span><strong>DO PEDIDO:<\/strong><\/span><\/p><p><span>Em face do exposto, vem, respeitosamente, perante Vossa Excel\u00eancia, e com apoio da CF\/88,\u00a0<\/span><span>CLT<\/span><span>\u00a0e demais disposi\u00e7\u00f5es legais,\u00a0<\/span><span><strong>RECLAMAR:<\/strong><\/span><\/p><p><span><strong>JurisCalc &#8211; Resumo do Demonstrativo do C\u00e1lculo<\/strong><\/span><\/p><p><span><strong>AQUI INSERE A TABELA DOS C\u00c1LCULOS JURISCALC<\/strong><\/span><\/p><p><span><strong>NO AMAP\u00c1 &#8211; (96) 99196-3560 (MANOEL JUNIOR)<\/strong><\/span><\/p><p><span>Diante do exposto,\u00a0<\/span><span><strong>REQUER:<\/strong><\/span><\/p><p><span><strong>a)\u00a0<\/strong><\/span><span>A cita\u00e7\u00e3o da reclamada, para, querendo, responder os termos da presente reclama\u00e7\u00e3o, sob pena de revelia e confiss\u00e3o ficta quanto \u00e0 mat\u00e9ria de fato.<\/span><\/p><p><span><strong>b)\u00a0<\/strong><\/span><span>Se digne Vossa Excel\u00eancia, ap\u00f3s instru\u00e7\u00e3o, julgar totalmente procedente a presente reclama\u00e7\u00e3o, e condenando a reclamada, a pagar \u00e0 import\u00e2ncia de\u00a0<\/span><span><strong>R$\u00a086.846,04\u00a0(OITENTA E SEIS MIL, OITOCENTOS E QUARENTA E SEIS REAIS E QUATRO CENTAVOS);<\/strong><\/span><\/p><p><span><strong>c)\u00a0<\/strong><\/span><span>Requer seja declarada a natureza salarial do vale alimenta\u00e7\u00e3o, bem como integre todas as verbas do reclamante.<\/span><\/p><p><span><strong>d)\u00a0<\/strong><\/span><span>Requer seja o reclamado compelido a apresentar todos os contracheques do reclamante, nos termos do artigo\u00a0<\/span><span>355<\/span><span>, do\u00a0<\/span><span>CPC<\/span><span>, dessa forma a n\u00e3o apresenta\u00e7\u00e3o injustificada dos contracheques gera presun\u00e7\u00e3o relativa de veracidade da remunera\u00e7\u00e3o alegada na inicial.<\/span><\/p><p><span><strong>e)\u00a0<\/strong><\/span><span>Requer seja o reclamado compelido a apresentar os registros de jornada de trabalho do reclamante, com base na S\u00famula 338 do TST e do artigo\u00a0<\/span><span>74<\/span><span>,\u00a0<\/span><span>\u00a7 2\u00ba<\/span><span>, da\u00a0<\/span><span>CLT<\/span><span>, pois \u00e9 \u00f4nus do empregador que conta com mais de 10 empregados mantem registros de jornada de trabalho. Nos termos do entendimento cristalizado no item I da referida S\u00famula, a n\u00e3o apresenta\u00e7\u00e3o injustificada dos controles de frequ\u00eancia gera presun\u00e7\u00e3o relativa de veracidade da jornada de trabalho alegada na inicial.<\/span><\/p><p><span><strong>f)\u00a0<\/strong><\/span><span>Requer\u00a0<\/span><span><strong>aplica\u00e7\u00e3o da multa de 10%, com base no art.\u00a0<\/strong><\/span><span><strong>523<\/strong><\/span><span><strong>CPC\/2015<\/strong><\/span><span>; caso, o executado n\u00e3o pague o valor da condena\u00e7\u00e3o no prazo de 15 dias, depois de transitado em julgado da senten\u00e7a condenat\u00f3ria<\/span><span><strong>.<\/strong><\/span><\/p><p><span><strong>g)\u00a0<\/strong><\/span><span>A concess\u00e3o dos benef\u00edcios da\u00a0<\/span><span><strong>JUSTI\u00c7A GRATUITA<\/strong><\/span><span>, por ser pobre na forma da Lei n\u00ba.\u00a0<\/span><span>1060<\/span><span>\/50, alterada, parcialmente pela Lei n\u00ba.\u00a0<\/span><span>7510<\/span><span>\/86 e consequentemente isen\u00e7\u00e3o das custas e dep\u00f3sitos processuais, eis que o reclamante n\u00e3o tem condi\u00e7\u00f5es de suport\u00e1-las sem preju\u00edzo ao sustento pr\u00f3prio e de sua fam\u00edlia. Assume a reclamante, nos termos do art. 2\u00ba da Lei n\u00ba.\u00a0<\/span><span>7.115<\/span><span>\/83, toda a responsabilidade por esta declara\u00e7\u00e3o.<\/span><\/p><p><span><strong>h)\u00a0<\/strong><\/span><span>Protesta provar o alegado por todos os meios de provas permitidas em direito, inclusive oitiva de testemunha, que compareceram independentes de notifica\u00e7\u00e3o.<\/span><\/p><p><span><strong>i)\u00a0<\/strong><\/span><span>D\u00e1-se \u00e0 causa o valor de\u00a0<\/span><span><strong>R$ 86.846,04(OITENTA E SEIS MIL, OITOCENTOS E QUARENTA E SEIS REAIS E QUATRO CENTAVOS);<\/strong><\/span><\/p><p><span>para efeitos fiscais.<\/span><\/p><p><span>Nestes termos, <\/span><\/p><p><span>pede e espera deferimento.<\/span><\/p><p><span>&#8230; (Munic\u00edpio \u2013 UF), &#8230; (dia) de &#8230; (m\u00eas) de &#8230; (ano).<\/span><\/p><p><\/p><p><\/p><p class=\"has-text-align-center\"><\/p><p class=\"has-text-align-center\"><span><strong>ADVOGADO<\/strong><\/span><\/p><p class=\"has-text-align-center\"><span>OAB n\u00b0 &#8230;. <\/span><span>\u2013<\/span><span> UF<\/span><\/p><p class=\"has-text-align-center\"><\/p><p class=\"has-text-align-center\"><\/p><p class=\"has-text-align-center\"><span style=\"color: #ff0000;\"><strong>Aten\u00e7\u00e3o<\/strong><\/span><\/p><p><span style=\"color: #ff0000;\">Dentre as principais mudan\u00e7as trazidas pela Reforma Trabalhista, importante destacar sobre a necess\u00e1ria liquida\u00e7\u00e3o pr\u00e9via dos valores pleiteados, considerando a altera\u00e7\u00e3o do Art.\u00a0<\/span><span style=\"color: #ff0000;\">840<\/span><span style=\"color: #ff0000;\">\u00a0da\u00a0<\/span><span style=\"color: #ff0000;\">CLT<\/span><span style=\"color: #ff0000;\">, passando a adotar a seguinte reda\u00e7\u00e3o:<\/span><\/p><p><span style=\"color: #ff0000;\">\u00a7 1o Sendo escrita, a reclama\u00e7\u00e3o dever\u00e1 conter a designa\u00e7\u00e3o do ju\u00edzo, a qualifica\u00e7\u00e3o das partes, a breve exposi\u00e7\u00e3o dos fatos de que resulte o diss\u00eddio, o pedido, que dever\u00e1 ser certo, determinado e com indica\u00e7\u00e3o de seu valor, a data e a assinatura do reclamante ou de seu representante.<\/span><\/p><p><span style=\"color: #ff0000;\">\u00a7 2o Se verbal, a reclama\u00e7\u00e3o ser\u00e1 reduzida a termo, em duas vias datadas e assinadas pelo escriv\u00e3o ou secret\u00e1rio, observado, no que couber, o disposto no \u00a7 1o deste artigo.<\/span><\/p><p><span style=\"color: #ff0000;\">Com isso, tem-se a necessidade de se apresentar os valores discriminados das verbas pleiteadas e todos os seus reflexos, sob pena de extin\u00e7\u00e3o do processo, conforme reda\u00e7\u00e3o do referido artigo 840 em seu \u00a7 3\u00ba:<\/span><\/p><p><span style=\"color: #ff0000;\">\u00a7 3o Os pedidos que n\u00e3o atendam ao disposto no \u00a7 1o deste artigo ser\u00e3o julgados extintos sem resolu\u00e7\u00e3o do m\u00e9rito.<\/span><\/p><p><span style=\"color: #ff0000;\">A import\u00e2ncia de uma discrimina\u00e7\u00e3o minuciosa dos valores pleiteados ganha especial relev\u00e2ncia, uma vez que estes valores ser\u00e3o tomados por base <\/span><span style=\"color: #ff0000;\">para o pagamento das verbas de sucumb\u00eancia, outra novidade trazida pela reforma trabalhista.<\/span><\/p><figure class=\"wp-block-image\"><a href=\"https:\/\/advbox.com.br\/blog\/como-automatizar-seus-modelos-de-peticoes\/\" target=\"_blank\"><img decoding=\"async\" src=\"https:\/\/advbox.com.br\/blog\/wp-content\/uploads\/2019\/05\/automatize_a_produ%C3%A7%C3%A3o_de_suas_peti%C3%A7%C3%B5es.png\" alt=\"Automatize a Produ\u00e7\u00e3o de suas Peti\u00e7\u00f5es - Torne sua Advocacia ainda mais inteligente\" class=\"wp-image-11456\" loading=\"lazy\"><\/a><\/figure><p class=\"has-text-align-center\"><\/p>\n","protected":false},"excerpt":{"rendered":"<p>Quer descobrir como automatizar o preenchimento de todos os seus modelos de peti\u00e7\u00e3o e otimizar o tempo de toda sua equipe? Clique aqui MODELO DE RECLAMA\u00c7\u00c3O TRABALHISTAS &#8211; ADICIONAL NOTURNO EXCELENT\u00cdSSIMO (A) SENHOR (A) DOUTOR (A) JUIZ (A) FEDERAL DO TRABALHO DA VARA DO TRABALHO DA COMARCA DE MACAP\u00c1 &#8211; [&hellip;]<\/p>\n","protected":false},"author":44,"featured_media":11456,"comment_status":"closed","ping_status":"closed","template":"","meta":{"_acf_changed":false,"om_disable_all_campaigns":false,"footnotes":""},"modelo_category":[1457],"class_list":["post-12057","modelos","type-modelos","status-publish","has-post-thumbnail","hentry","modelo_category-direito"],"acf":[],"yoast_head":"<!-- This site is optimized with the Yoast SEO plugin v26.9 - https:\/\/yoast.com\/product\/yoast-seo-wordpress\/ -->\n<title>Modelo de reclama\u00e7\u00e3o trabalhista para adicional noturno<\/title>\n<meta name=\"description\" content=\"Disponibilizamos para voc\u00ea um modelo de reclama\u00e7\u00e3o trabalhista para adicional noturno. ADVBOX\" \/>\n<meta name=\"robots\" content=\"index, follow, max-snippet:-1, max-image-preview:large, max-video-preview:-1\" \/>\n<link rel=\"canonical\" href=\"https:\/\/advbox.com.br\/blog\/modelos\/reclamacao-trabalhistas-adicional-noturno\/\" \/>\n<meta property=\"og:locale\" content=\"pt_BR\" \/>\n<meta property=\"og:type\" content=\"article\" \/>\n<meta property=\"og:title\" content=\"Modelo de reclama\u00e7\u00e3o trabalhista para adicional noturno\" \/>\n<meta property=\"og:description\" content=\"Disponibilizamos para voc\u00ea um modelo de reclama\u00e7\u00e3o trabalhista para adicional noturno. ADVBOX\" \/>\n<meta property=\"og:url\" content=\"https:\/\/advbox.com.br\/blog\/modelos\/reclamacao-trabalhistas-adicional-noturno\/\" \/>\n<meta property=\"og:site_name\" content=\"Software Jur\u00eddico Completo - ADVBOX\" \/>\n<meta property=\"article:publisher\" content=\"https:\/\/www.facebook.com\/advbox\/\" \/>\n<meta property=\"article:modified_time\" content=\"2024-12-28T13:55:54+00:00\" \/>\n<meta property=\"og:image\" content=\"https:\/\/advbox.com.br\/blog\/wp-content\/uploads\/2019\/05\/automatize_a_produ\u00e7\u00e3o_de_suas_peti\u00e7\u00f5es.png\" \/>\n\t<meta property=\"og:image:width\" content=\"1000\" \/>\n\t<meta property=\"og:image:height\" content=\"276\" \/>\n\t<meta property=\"og:image:type\" content=\"image\/png\" \/>\n<meta name=\"twitter:card\" content=\"summary_large_image\" \/>\n<meta name=\"twitter:site\" content=\"@advbox2\" \/>\n<script type=\"application\/ld+json\" class=\"yoast-schema-graph\">{\"@context\":\"https:\/\/schema.org\",\"@graph\":[{\"@type\":\"WebPage\",\"@id\":\"https:\/\/advbox.com.br\/blog\/modelos\/reclamacao-trabalhistas-adicional-noturno\/\",\"url\":\"https:\/\/advbox.com.br\/blog\/modelos\/reclamacao-trabalhistas-adicional-noturno\/\",\"name\":\"Modelo de reclama\u00e7\u00e3o trabalhista para adicional noturno\",\"isPartOf\":{\"@id\":\"https:\/\/advbox.com.br\/blog\/#website\"},\"primaryImageOfPage\":{\"@id\":\"https:\/\/advbox.com.br\/blog\/modelos\/reclamacao-trabalhistas-adicional-noturno\/#primaryimage\"},\"image\":{\"@id\":\"https:\/\/advbox.com.br\/blog\/modelos\/reclamacao-trabalhistas-adicional-noturno\/#primaryimage\"},\"thumbnailUrl\":\"https:\/\/advbox.com.br\/blog\/wp-content\/uploads\/2019\/05\/automatize_a_produ\u00e7\u00e3o_de_suas_peti\u00e7\u00f5es.png\",\"datePublished\":\"2019-03-07T05:56:10+00:00\",\"dateModified\":\"2024-12-28T13:55:54+00:00\",\"description\":\"Disponibilizamos para voc\u00ea um modelo de reclama\u00e7\u00e3o trabalhista para adicional noturno. ADVBOX\",\"breadcrumb\":{\"@id\":\"https:\/\/advbox.com.br\/blog\/modelos\/reclamacao-trabalhistas-adicional-noturno\/#breadcrumb\"},\"inLanguage\":\"pt-BR\",\"potentialAction\":[{\"@type\":\"ReadAction\",\"target\":[\"https:\/\/advbox.com.br\/blog\/modelos\/reclamacao-trabalhistas-adicional-noturno\/\"]}]},{\"@type\":\"ImageObject\",\"inLanguage\":\"pt-BR\",\"@id\":\"https:\/\/advbox.com.br\/blog\/modelos\/reclamacao-trabalhistas-adicional-noturno\/#primaryimage\",\"url\":\"https:\/\/advbox.com.br\/blog\/wp-content\/uploads\/2019\/05\/automatize_a_produ\u00e7\u00e3o_de_suas_peti\u00e7\u00f5es.png\",\"contentUrl\":\"https:\/\/advbox.com.br\/blog\/wp-content\/uploads\/2019\/05\/automatize_a_produ\u00e7\u00e3o_de_suas_peti\u00e7\u00f5es.png\",\"width\":1000,\"height\":276,\"caption\":\"automatiza\u00e7\u00e3o de peti\u00e7\u00f5es\"},{\"@type\":\"BreadcrumbList\",\"@id\":\"https:\/\/advbox.com.br\/blog\/modelos\/reclamacao-trabalhistas-adicional-noturno\/#breadcrumb\",\"itemListElement\":[{\"@type\":\"ListItem\",\"position\":1,\"name\":\"In\u00edcio\",\"item\":\"https:\/\/advbox.com.br\/blog\/\"},{\"@type\":\"ListItem\",\"position\":2,\"name\":\"Modelos\",\"item\":\"https:\/\/advbox.com.br\/blog\/modelos\/\"},{\"@type\":\"ListItem\",\"position\":3,\"name\":\"Modelo de reclama\u00e7\u00e3o trabalhista para adicional noturno\"}]},{\"@type\":\"WebSite\",\"@id\":\"https:\/\/advbox.com.br\/blog\/#website\",\"url\":\"https:\/\/advbox.com.br\/blog\/\",\"name\":\"Software Jur\u00eddico Completo - ADVBOX\",\"description\":\"Plataforma para Advocacia Digital\",\"publisher\":{\"@id\":\"https:\/\/advbox.com.br\/blog\/#organization\"},\"potentialAction\":[{\"@type\":\"SearchAction\",\"target\":{\"@type\":\"EntryPoint\",\"urlTemplate\":\"https:\/\/advbox.com.br\/blog\/?s={search_term_string}\"},\"query-input\":{\"@type\":\"PropertyValueSpecification\",\"valueRequired\":true,\"valueName\":\"search_term_string\"}}],\"inLanguage\":\"pt-BR\"},{\"@type\":\"Organization\",\"@id\":\"https:\/\/advbox.com.br\/blog\/#organization\",\"name\":\"ADVBOX Blog - Software jur\u00eddico da advocacia digital\",\"url\":\"https:\/\/advbox.com.br\/blog\/\",\"logo\":{\"@type\":\"ImageObject\",\"inLanguage\":\"pt-BR\",\"@id\":\"https:\/\/advbox.com.br\/blog\/#\/schema\/logo\/image\/\",\"url\":\"https:\/\/advbox.com.br\/blog\/wp-content\/uploads\/2019\/12\/Como-aumentar-a-produtividade_.jpg\",\"contentUrl\":\"https:\/\/advbox.com.br\/blog\/wp-content\/uploads\/2019\/12\/Como-aumentar-a-produtividade_.jpg\",\"width\":320,\"height\":213,\"caption\":\"ADVBOX Blog - Software jur\u00eddico da advocacia digital\"},\"image\":{\"@id\":\"https:\/\/advbox.com.br\/blog\/#\/schema\/logo\/image\/\"},\"sameAs\":[\"https:\/\/www.facebook.com\/advbox\/\",\"https:\/\/x.com\/advbox2\"]}]}<\/script>\n<!-- \/ Yoast SEO plugin. -->","yoast_head_json":{"title":"Modelo de reclama\u00e7\u00e3o trabalhista para adicional noturno","description":"Disponibilizamos para voc\u00ea um modelo de reclama\u00e7\u00e3o trabalhista para adicional noturno. ADVBOX","robots":{"index":"index","follow":"follow","max-snippet":"max-snippet:-1","max-image-preview":"max-image-preview:large","max-video-preview":"max-video-preview:-1"},"canonical":"https:\/\/advbox.com.br\/blog\/modelos\/reclamacao-trabalhistas-adicional-noturno\/","og_locale":"pt_BR","og_type":"article","og_title":"Modelo de reclama\u00e7\u00e3o trabalhista para adicional noturno","og_description":"Disponibilizamos para voc\u00ea um modelo de reclama\u00e7\u00e3o trabalhista para adicional noturno. ADVBOX","og_url":"https:\/\/advbox.com.br\/blog\/modelos\/reclamacao-trabalhistas-adicional-noturno\/","og_site_name":"Software Jur\u00eddico Completo - ADVBOX","article_publisher":"https:\/\/www.facebook.com\/advbox\/","article_modified_time":"2024-12-28T13:55:54+00:00","og_image":[{"width":1000,"height":276,"url":"https:\/\/advbox.com.br\/blog\/wp-content\/uploads\/2019\/05\/automatize_a_produ\u00e7\u00e3o_de_suas_peti\u00e7\u00f5es.png","type":"image\/png"}],"twitter_card":"summary_large_image","twitter_site":"@advbox2","schema":{"@context":"https:\/\/schema.org","@graph":[{"@type":"WebPage","@id":"https:\/\/advbox.com.br\/blog\/modelos\/reclamacao-trabalhistas-adicional-noturno\/","url":"https:\/\/advbox.com.br\/blog\/modelos\/reclamacao-trabalhistas-adicional-noturno\/","name":"Modelo de reclama\u00e7\u00e3o trabalhista para adicional noturno","isPartOf":{"@id":"https:\/\/advbox.com.br\/blog\/#website"},"primaryImageOfPage":{"@id":"https:\/\/advbox.com.br\/blog\/modelos\/reclamacao-trabalhistas-adicional-noturno\/#primaryimage"},"image":{"@id":"https:\/\/advbox.com.br\/blog\/modelos\/reclamacao-trabalhistas-adicional-noturno\/#primaryimage"},"thumbnailUrl":"https:\/\/advbox.com.br\/blog\/wp-content\/uploads\/2019\/05\/automatize_a_produ\u00e7\u00e3o_de_suas_peti\u00e7\u00f5es.png","datePublished":"2019-03-07T05:56:10+00:00","dateModified":"2024-12-28T13:55:54+00:00","description":"Disponibilizamos para voc\u00ea um modelo de reclama\u00e7\u00e3o trabalhista para adicional noturno. ADVBOX","breadcrumb":{"@id":"https:\/\/advbox.com.br\/blog\/modelos\/reclamacao-trabalhistas-adicional-noturno\/#breadcrumb"},"inLanguage":"pt-BR","potentialAction":[{"@type":"ReadAction","target":["https:\/\/advbox.com.br\/blog\/modelos\/reclamacao-trabalhistas-adicional-noturno\/"]}]},{"@type":"ImageObject","inLanguage":"pt-BR","@id":"https:\/\/advbox.com.br\/blog\/modelos\/reclamacao-trabalhistas-adicional-noturno\/#primaryimage","url":"https:\/\/advbox.com.br\/blog\/wp-content\/uploads\/2019\/05\/automatize_a_produ\u00e7\u00e3o_de_suas_peti\u00e7\u00f5es.png","contentUrl":"https:\/\/advbox.com.br\/blog\/wp-content\/uploads\/2019\/05\/automatize_a_produ\u00e7\u00e3o_de_suas_peti\u00e7\u00f5es.png","width":1000,"height":276,"caption":"automatiza\u00e7\u00e3o de peti\u00e7\u00f5es"},{"@type":"BreadcrumbList","@id":"https:\/\/advbox.com.br\/blog\/modelos\/reclamacao-trabalhistas-adicional-noturno\/#breadcrumb","itemListElement":[{"@type":"ListItem","position":1,"name":"In\u00edcio","item":"https:\/\/advbox.com.br\/blog\/"},{"@type":"ListItem","position":2,"name":"Modelos","item":"https:\/\/advbox.com.br\/blog\/modelos\/"},{"@type":"ListItem","position":3,"name":"Modelo de reclama\u00e7\u00e3o trabalhista para adicional noturno"}]},{"@type":"WebSite","@id":"https:\/\/advbox.com.br\/blog\/#website","url":"https:\/\/advbox.com.br\/blog\/","name":"Software Jur\u00eddico Completo - ADVBOX","description":"Plataforma para Advocacia Digital","publisher":{"@id":"https:\/\/advbox.com.br\/blog\/#organization"},"potentialAction":[{"@type":"SearchAction","target":{"@type":"EntryPoint","urlTemplate":"https:\/\/advbox.com.br\/blog\/?s={search_term_string}"},"query-input":{"@type":"PropertyValueSpecification","valueRequired":true,"valueName":"search_term_string"}}],"inLanguage":"pt-BR"},{"@type":"Organization","@id":"https:\/\/advbox.com.br\/blog\/#organization","name":"ADVBOX Blog - Software jur\u00eddico da advocacia digital","url":"https:\/\/advbox.com.br\/blog\/","logo":{"@type":"ImageObject","inLanguage":"pt-BR","@id":"https:\/\/advbox.com.br\/blog\/#\/schema\/logo\/image\/","url":"https:\/\/advbox.com.br\/blog\/wp-content\/uploads\/2019\/12\/Como-aumentar-a-produtividade_.jpg","contentUrl":"https:\/\/advbox.com.br\/blog\/wp-content\/uploads\/2019\/12\/Como-aumentar-a-produtividade_.jpg","width":320,"height":213,"caption":"ADVBOX Blog - Software jur\u00eddico da advocacia digital"},"image":{"@id":"https:\/\/advbox.com.br\/blog\/#\/schema\/logo\/image\/"},"sameAs":["https:\/\/www.facebook.com\/advbox\/","https:\/\/x.com\/advbox2"]}]}},"_links":{"self":[{"href":"https:\/\/advbox.com.br\/blog\/wp-json\/wp\/v2\/modelos\/12057","targetHints":{"allow":["GET"]}}],"collection":[{"href":"https:\/\/advbox.com.br\/blog\/wp-json\/wp\/v2\/modelos"}],"about":[{"href":"https:\/\/advbox.com.br\/blog\/wp-json\/wp\/v2\/types\/modelos"}],"author":[{"embeddable":true,"href":"https:\/\/advbox.com.br\/blog\/wp-json\/wp\/v2\/users\/44"}],"replies":[{"embeddable":true,"href":"https:\/\/advbox.com.br\/blog\/wp-json\/wp\/v2\/comments?post=12057"}],"version-history":[{"count":2,"href":"https:\/\/advbox.com.br\/blog\/wp-json\/wp\/v2\/modelos\/12057\/revisions"}],"predecessor-version":[{"id":70384,"href":"https:\/\/advbox.com.br\/blog\/wp-json\/wp\/v2\/modelos\/12057\/revisions\/70384"}],"wp:featuredmedia":[{"embeddable":true,"href":"https:\/\/advbox.com.br\/blog\/wp-json\/wp\/v2\/media\/11456"}],"wp:attachment":[{"href":"https:\/\/advbox.com.br\/blog\/wp-json\/wp\/v2\/media?parent=12057"}],"wp:term":[{"taxonomy":"modelo_category","embeddable":true,"href":"https:\/\/advbox.com.br\/blog\/wp-json\/wp\/v2\/modelo_category?post=12057"}],"curies":[{"name":"wp","href":"https:\/\/api.w.org\/{rel}","templated":true}]}}