{"id":12127,"date":"2024-07-25T17:53:31","date_gmt":"2024-07-25T20:53:31","guid":{"rendered":"https:\/\/advbox.com.br\/blog\/?post_type=modelos&#038;p=12127"},"modified":"2025-12-23T18:10:58","modified_gmt":"2025-12-23T21:10:58","slug":"contestacao-civel-8","status":"publish","type":"modelos","link":"https:\/\/advbox.com.br\/blog\/modelos\/contestacao-civel-8\/","title":{"rendered":"Modelo de contesta\u00e7\u00e3o c\u00edvel"},"content":{"rendered":"\n<p class=\"has-text-align-center\"><strong>MODELO DE CONTESTA\u00c7\u00c3O C\u00cdVEL<\/strong><\/p>\n\n\n\n<p><span><strong>EXCELENT\u00cdSSIMO SENHOR DOUTOR JUIZ DA <\/strong><\/span><span><strong>&#8230;<\/strong><\/span><span><strong> VARA C\u00cdVEL DA COMARCA DE <\/strong><\/span><span><strong>&#8230;<\/strong><\/span><\/p>\n\n\n\n<p><span>Processo n.\u00ba <\/span><span>&#8230;<\/span><\/p>\n\n\n\n<p><span><strong>&#8230; (nome da parte em negrito)<\/strong><\/span><span>, vem respeitosamente \u00e0 presen\u00e7a de Vossa Excel\u00eancia, por interm\u00e9dio de sua curadora nomeada, apresentar<\/span><\/p>\n\n\n\n<p class=\"has-text-align-center\"><span><strong>CONTESTA\u00c7\u00c3O<\/strong><\/span><\/p>\n\n\n\n<p><span>pelos fatos e fundamentos que passa a expor e ao final requerer:<\/span><\/p>\n\n\n\n<p><span><strong>I \u2013 Quest\u00f5es Processuais:<\/strong><\/span><\/p>\n\n\n\n<p><span><strong>1. Da Tempestividade da Contesta\u00e7\u00e3o<\/strong><\/span><\/p>\n\n\n\n<p><span>Esta curadora foi intimada em <\/span><span>xx<\/span><span>\/<\/span><span>xx<\/span><span>\/<\/span><span>xxxx<\/span><span>, considerando o termo do cart\u00f3rio de envio do of\u00edcio de nomea\u00e7\u00e3o desta curadora, e nos termos do art.&nbsp;<\/span><span>231<\/span><span>,&nbsp;<\/span><span>I<\/span><span>&nbsp;do&nbsp;<\/span><span>CPC<\/span><span>, o termo inicial do prazo da contesta\u00e7\u00e3o se d\u00e1 na data da juntada do aviso de recebimento, quando a cita\u00e7\u00e3o ocorrer pelo correio, entendendo que no caso em tela conta-se a partir da juntada da certid\u00e3o aos autos.<\/span><\/p>\n\n\n\n<p><span>E considerando que a contagem dos prazos, nos termos do art.&nbsp;<\/span><span>219<\/span><span>&nbsp;do&nbsp;<\/span><span>CPC<\/span><span>, ocorrer\u00e1 somente nos dias \u00fateis, tem-se que est\u00e1 plenamente tempestiva a presente contesta\u00e7\u00e3o.<\/span><\/p>\n\n\n\n<p><span><strong>2. Da Audi\u00eancia de Concilia\u00e7\u00e3o:<\/strong><\/span><\/p>\n\n\n\n<p><span>Resta a audi\u00eancia de concilia\u00e7\u00e3o prejudicada, diante da aus\u00eancia da possibilidade de comparecimento do requerido, tendo em vista o item 3. a.<\/span><\/p>\n\n\n\n<p><span><strong>3. Preliminares:<\/strong><\/span><\/p>\n\n\n\n<p><span><strong>a. Da Nulidade da Cita\u00e7\u00e3o por edital.<\/strong><\/span><\/p>\n\n\n\n<p><span>Percebe-se nos autos uma tremenda confus\u00e3o com v\u00e1rias cita\u00e7\u00f5es em diversos endere\u00e7os, por\u00e9m em nenhum deles foi logrado o \u00eaxito na cita\u00e7\u00e3o.<\/span><\/p>\n\n\n\n<p><span>Por\u00e9m, nem todos os bancos de dados do judici\u00e1rio foram pesquisados, e o autor n\u00e3o comprovou que esgotou os meios de busca da requerida, tais como consulta <\/span><span>\u00e0<\/span><span> listas telef\u00f4nicas, e internet, sendo que as escolhas para os locais foram aleat\u00f3rias por conta do autor.<\/span><\/p>\n\n\n\n<p><span>Conforme se colaciona do ac\u00f3rd\u00e3o abaixo,<\/span><\/p>\n\n\n\n<p><span>A cita\u00e7\u00e3o por edital, medida excepcional, s\u00f3 deve ser promovida se&nbsp;<\/span><span><strong>comprovado o exaurimento<\/strong><\/span><span>&nbsp;dos meios h\u00e1beis para a localiza\u00e7\u00e3o do endere\u00e7o da parte r\u00e9. N\u00e3o esgotadas todas as tentativas de localiza\u00e7\u00e3o, a cita\u00e7\u00e3o por edital \u00e9 nula.&#8221;<\/span><\/p>\n\n\n\n<p><span>&#8220;Por representar medida extraordin\u00e1ria, a cita\u00e7\u00e3o por edital deve ser precedida de provid\u00eancias exaurientes voltadas \u00e0 localiza\u00e7\u00e3o do demandado. Ac\u00f3rd\u00e3o 910693 TJDF<\/span><\/p>\n\n\n\n<p><span>No caso em tela, percebe-se que n\u00e3o houve o exaurimento das tentativas de localiza\u00e7\u00e3o, e, <\/span><span>portanto<\/span><span> a decreta\u00e7\u00e3o da nulidade da cita\u00e7\u00e3o por edital \u00e9 medida que se imp\u00f5e, pois, conforme o artigo 256 do C\u00f3digo de Processo Civil:<\/span><\/p>\n\n\n\n<p><span>Art. 256. A cita\u00e7\u00e3o por edital ser\u00e1 feita:<\/span><\/p>\n\n\n\n<p><span>I &#8211; <\/span><span>quando<\/span><span> desconhecido ou incerto o citando;<\/span><\/p>\n\n\n\n<p><span>II &#8211; <\/span><span>quando<\/span><span> ignorado, incerto ou inacess\u00edvel o lugar em que se encontrar o citando;<\/span><\/p>\n\n\n\n<p><span>III &#8211; nos casos expressos em lei.<\/span><\/p>\n\n\n\n<p><span>\u00a7 1o Considera-se inacess\u00edvel, para efeito de cita\u00e7\u00e3o por edital, o pa\u00eds que recusar o cumprimento de carta rogat\u00f3ria.<\/span><\/p>\n\n\n\n<p><span>\u00a7 2o&nbsp;<\/span><span><strong>No caso de ser inacess\u00edvel o lugar em que se encontrar o r\u00e9u, a not\u00edcia de sua cita\u00e7\u00e3o ser\u00e1 <\/strong><\/span><span><strong>divulgada tamb\u00e9m pelo r\u00e1dio, se na comarca houver emissora de radiodifus\u00e3o<\/strong><\/span><span>.<\/span><\/p>\n\n\n\n<p><span>\u00a7 3o O r\u00e9u ser\u00e1 considerado em local ignorado ou incerto se infrut\u00edferas as tentativas de sua localiza\u00e7\u00e3o, inclusive mediante requisi\u00e7\u00e3o pelo ju\u00edzo de informa\u00e7\u00f5es sobre seu endere\u00e7o nos cadastros de \u00f3rg\u00e3os p\u00fablicos ou de concession\u00e1rias de servi\u00e7os p\u00fablicos.<\/span><\/p>\n\n\n\n<p><span>No caso em tela, percebe-se que n\u00e3o houve a tentativa de cita\u00e7\u00e3o pelo r\u00e1dio, apesar de todas as not\u00edcias nos autos levam a cidades que possuem emissora de r\u00e1dio difus\u00e3o.<\/span><\/p>\n\n\n\n<p><span>Al\u00e9m disso, conforme verifica-se nos autos, n\u00e3o houve exaurimento das buscas pela requerida, assim, a decreta\u00e7\u00e3o da nulidade da cita\u00e7\u00e3o \u00e9 medida que se imp\u00f5e.<\/span><\/p>\n\n\n\n<p><span><strong>b. In\u00e9pcia da Inicial:<\/strong><\/span><\/p>\n\n\n\n<p><span>\u00c9 sabido que uma <a href=\"https:\/\/advbox.com.br\/blog\/como-automatizar-seus-modelos-de-peticoes\/\" target=\"_blank\">peti\u00e7\u00e3o<\/a> inicial \u00e9 inepta, quando viciada por omiss\u00f5es ou contradi\u00e7\u00f5es que impossibilitem ou dificultem a defesa do r\u00e9u.<\/span><\/p>\n\n\n\n<p><span>O autor n\u00e3o apresentou <\/span><span>bloquetos<\/span><span> de cobran\u00e7a, para demonstrar a exist\u00eancia do d\u00e9bito, e tamb\u00e9m n\u00e3o constituiu a requerida em mora, e tenta, agora, cobrar alugu\u00e9is vencidos sem provas de que a requerida tenha deixado de realizar o pagamento.<\/span><\/p>\n\n\n\n<p><span>Fato que causa estranheza \u00e9 o im\u00f3vel estar desocupado e a requerida n\u00e3o estar l\u00e1 para ser citada.<\/span><\/p>\n\n\n\n<p><span>Sequer h\u00e1 prova nos autos de que a requerida \u00e9 realmente propriet\u00e1ria do im\u00f3vel, pois, se o fosse haveriam provas documentais que deveriam ter sido trazidos pelo autor junto com a inicial, ou ainda, a requerida poderia ter sido encontrada no im\u00f3vel, eis que os im\u00f3veis da minha casa <\/span><span>minha vida s\u00e3o<\/span><span> para uso dos propriet\u00e1rios, pessoas carentes.<\/span><\/p>\n\n\n\n<p><span><strong>4. Do M\u00e9rito:<\/strong><\/span><\/p>\n\n\n\n<p><span><strong>a. Dos Fatos:<\/strong><\/span><\/p>\n\n\n\n<p><span>Alega o autor, em s\u00edntese, que a requerida \u00e9 a propriet\u00e1ria\/cond\u00f4mina de uma unidade no condom\u00ednio <\/span><span>xxxxxxxx<\/span><span> respons\u00e1vel pelo pagamento da contribui\u00e7\u00e3o mensal devida para a manuten\u00e7\u00e3o do condom\u00ednio, e que estaria inadimplente no montante de R$ 5400,78 (Cinco Mil e <\/span><span>Quatroscentos<\/span><span> Reais e <\/span><span>Stenta<\/span><span> e Oito Centavos), consoante planilha anexada aos autos, inclu\u00eddos multa e juros.<\/span><\/p>\n\n\n\n<p><span>Alega que a inadimpl\u00eancia no condom\u00ednio est\u00e1 muito alta, e por este motivo ingressou com a presente a\u00e7\u00e3o de cobran\u00e7a no intuito de reaver os d\u00e9bitos a que, em tese, teria direito.<\/span><\/p>\n\n\n\n<p><span>Raz\u00e3o n\u00e3o assiste ao autor, conforme se verificar\u00e1 adiante:<\/span><\/p>\n\n\n\n<p><span>Da mesma forma que est\u00e1 assegurado como preceito constitucional o direito de a\u00e7\u00e3o afeto ao autor, um igual preceito confere ao r\u00e9u o poder de resist\u00eancia a esta mesma pretens\u00e3o. O art.&nbsp;<\/span><span>5\u00ba<\/span><span>,&nbsp;<\/span><span>LV<\/span><span>, da&nbsp;<\/span><span>CF<\/span><span>&nbsp;prev\u00ea:<\/span><\/p>\n\n\n\n<p><span>Aos litigantes, em processo judicial ou administrativo, e aos acusados em geral s\u00e3o assegurados o contradit\u00f3rio e a ampla defesa, com os recursos a ela inerentes.<\/span><\/p>\n\n\n\n<p><span>Desta feita, o requerido tem o direito de trazer aos autos a sua vers\u00e3o dos fatos e se defender, o que se torna prejudicado diante da nulidade da cita\u00e7\u00e3o antes mencionada.<\/span><\/p>\n\n\n\n<p><span><strong>a. Da Cobran\u00e7a de Valores de Condom\u00ednio:<\/strong><\/span><\/p>\n\n\n\n<p><span>Caso vencidas as preliminares, passa-se, apenas por amor ao debate, uma vez que entende esta curadora o processo ser totalmente nulo, quer por in\u00e9pcia da inicial, quer pela nulidade da cita\u00e7\u00e3o, pelos motivos j\u00e1 aven\u00e7ados, passamos a discorrer sobre o m\u00e9rito propriamente dito.<\/span><\/p>\n\n\n\n<p><span>N\u00e3o existe nenhuma prova de propriedade do referido im\u00f3vel nestes autos. Apenas a fr\u00e1gil alega\u00e7\u00e3o do autor de que a requerida \u00e9 propriet\u00e1ria, e como bem se sabe, somente o propriet\u00e1rio pode ser responsabilizado pelo n\u00e3o pagamento das verbas de condom\u00ednio, e, se n\u00e3o h\u00e1 provas nos autos de que a requerida \u00e9 propriet\u00e1ria do im\u00f3vel, n\u00e3o existe prova do d\u00e9bito, n\u00e3o h\u00e1 que se falar em qualquer tipo de cobran\u00e7a nos presentes autos.<\/span><\/p>\n\n\n\n<p><span>Com rela\u00e7\u00e3o \u00e0 cobran\u00e7a de multa, segundo legisla\u00e7\u00e3o e jurisprud\u00eancia vigentes, <\/span><span>esta<\/span><span> s\u00f3 \u00e9 cab\u00edvel quando assim definidos na conven\u00e7\u00e3o condominial.<\/span><\/p>\n\n\n\n<p><span>CONDOM\u00cdNIO \u2013 Despesas condominiais \u2013 Multa pelo pagamento atrasado prevista no artigo&nbsp;<\/span><span>12<\/span><span>,&nbsp;<\/span><span>\u00a7 3\u00ba<\/span><span>&nbsp;, da Lei&nbsp;<\/span><span>4.591<\/span><span>\/64 \u2013 NECESSIDADE DA FIXA\u00c7\u00c3O DO PERCENTUAL a ser aplicado em conven\u00e7\u00e3o condominial.<\/span><\/p>\n\n\n\n<p><span>Como se v\u00ea na leitura da assembleia de institui\u00e7\u00e3o do condom\u00ednio juntada aos autos em folhas 11 a 20, n\u00e3o h\u00e1 qualquer previs\u00e3o de cobran\u00e7a de juros ou multas para os casos de n\u00e3o pagamento dos alugu\u00e9is.<\/span><\/p>\n\n\n\n<p><span>Assim, conforme fartamente demonstrado, temos que:<\/span><\/p>\n\n\n\n<p><span>1. Os valores de alugu\u00e9is n\u00e3o s\u00e3o devidos no presente processo diante da falta da prova de propriedade do im\u00f3vel;<\/span><\/p>\n\n\n\n<p><span>2. Ainda que os valores de alugu\u00e9is fossem devidos, n\u00e3o seriam devidos juros e multa por que n\u00e3o previstos na assembleia do condom\u00ednio juntado \u00e0s folhas 11-22.<\/span><\/p>\n\n\n\n<p><span>Assim, totalmente in\u00f3cua a presente a\u00e7\u00e3o e por estes motivos, como forma de aplica\u00e7\u00e3o da justi\u00e7a ao caso concreto, requer:<\/span><\/p>\n\n\n\n<p><span><strong>A. DOS REQUERIMENTOS:<\/strong><\/span><\/p>\n\n\n\n<p><span>a) Que a presente demanda seja julgada TOTALMENTE IMPROCEDENTE, absolvendo o requerido dos pedidos pleiteados pela autora, com o reconhecimento das preliminares e julgamento do processo sem julgamento de m\u00e9rito;<\/span><\/p>\n\n\n\n<p><span>b) Caso diverso seja o entendimento de V. <\/span><span>Exa<\/span><span>, requer o julgamento improcedente no m\u00e9rito, diante dos motivos de fato e de direito supra -mencionados.<\/span><\/p>\n\n\n\n<p><span>c) A condena\u00e7\u00e3o da autora ao pagamento das custas e honor\u00e1rios sucumb\u00eancias, de acordo com o artigo 85, \u00a7 2\u00ba do C\u00f3digo de Processo Civil;<\/span><\/p>\n\n\n\n<p><span>d) Protesta pelo julgamento antecipado da lide, uma vez que se trata de mat\u00e9ria exclusivamente de direito.<\/span><\/p>\n\n\n\n<p><span>e) O arbitramento dos honor\u00e1rios desta curadora nomeada.<\/span><\/p>\n\n\n\n<p><span>Nestes termos, <\/span><\/p>\n\n\n\n<p><span>pede e espera deferimento.<\/span><\/p>\n\n\n\n<p><span>&#8230; (Munic\u00edpio \u2013 UF), &#8230; (dia) de &#8230; (m\u00eas) de &#8230; (ano).<\/span><\/p>\n\n\n\n<p class=\"has-text-align-center\"><span><strong>ADVOGADO<\/strong><\/span><\/p>\n\n\n\n<p class=\"has-text-align-center\"><span>OAB n\u00b0 &#8230;. \u2013 UF<\/span><\/p>\n\n\n\n<figure class=\"wp-block-image size-full\"><a href=\"https:\/\/advbox.com.br\/blog\/como-automatizar-seus-modelos-de-peticoes\/\" target=\"_blank\"><img fetchpriority=\"high\" decoding=\"async\" width=\"1024\" height=\"270\" src=\"https:\/\/advbox.com.br\/blog\/wp-content\/uploads\/2025\/12\/CTA-REBRANDING-16.webp\" alt=\"Banner com imagem ilustrativa de automa\u00e7\u00e3o de peti\u00e7\u00f5es jur\u00eddicas, destacando cria\u00e7\u00e3o, padroniza\u00e7\u00e3o e controle de peti\u00e7\u00f5es para advogados com a ADVBOX\" class=\"wp-image-79759\" srcset=\"https:\/\/advbox.com.br\/blog\/wp-content\/uploads\/2025\/12\/CTA-REBRANDING-16.webp 1024w, https:\/\/advbox.com.br\/blog\/wp-content\/uploads\/2025\/12\/CTA-REBRANDING-16-500x132.webp 500w, https:\/\/advbox.com.br\/blog\/wp-content\/uploads\/2025\/12\/CTA-REBRANDING-16-768x203.webp 768w, https:\/\/advbox.com.br\/blog\/wp-content\/uploads\/2025\/12\/CTA-REBRANDING-16-150x40.webp 150w\" sizes=\"(max-width: 1024px) 100vw, 1024px\" \/><\/a><\/figure>\n","protected":false},"excerpt":{"rendered":"<p>MODELO DE CONTESTA\u00c7\u00c3O C\u00cdVEL EXCELENT\u00cdSSIMO SENHOR DOUTOR JUIZ DA &#8230; VARA C\u00cdVEL DA COMARCA DE &#8230; Processo n.\u00ba &#8230; &#8230; (nome da parte em negrito), vem respeitosamente \u00e0 presen\u00e7a de Vossa Excel\u00eancia, por interm\u00e9dio de sua curadora nomeada, apresentar CONTESTA\u00c7\u00c3O pelos fatos e fundamentos que passa a expor e ao [&hellip;]<\/p>\n","protected":false},"author":44,"featured_media":79776,"comment_status":"closed","ping_status":"closed","template":"","meta":{"_acf_changed":false,"om_disable_all_campaigns":false,"footnotes":""},"modelo_category":[1457],"class_list":["post-12127","modelos","type-modelos","status-publish","has-post-thumbnail","hentry","modelo_category-direito"],"acf":[],"yoast_head":"<!-- This site is optimized with the Yoast SEO plugin v26.9 - https:\/\/yoast.com\/product\/yoast-seo-wordpress\/ -->\n<title>Modelo de contesta\u00e7\u00e3o c\u00edvel 8 - confira aqui<\/title>\n<meta name=\"description\" content=\"Copie aqui sem restri\u00e7\u00f5es e baixe em word seu Modelo de contesta\u00e7\u00e3o c\u00edvel 8\" \/>\n<meta name=\"robots\" content=\"index, follow, max-snippet:-1, max-image-preview:large, max-video-preview:-1\" \/>\n<link rel=\"canonical\" href=\"https:\/\/advbox.com.br\/blog\/modelos\/contestacao-civel-8\/\" \/>\n<meta property=\"og:locale\" content=\"pt_BR\" \/>\n<meta property=\"og:type\" content=\"article\" \/>\n<meta property=\"og:title\" content=\"Modelo de contesta\u00e7\u00e3o c\u00edvel 8 - confira aqui\" \/>\n<meta property=\"og:description\" content=\"Copie aqui sem restri\u00e7\u00f5es e baixe em word seu Modelo de contesta\u00e7\u00e3o c\u00edvel 8\" \/>\n<meta property=\"og:url\" content=\"https:\/\/advbox.com.br\/blog\/modelos\/contestacao-civel-8\/\" \/>\n<meta property=\"og:site_name\" content=\"Software Jur\u00eddico Completo - ADVBOX\" \/>\n<meta property=\"article:publisher\" content=\"https:\/\/www.facebook.com\/advbox\/\" \/>\n<meta property=\"article:modified_time\" content=\"2025-12-23T21:10:58+00:00\" \/>\n<meta property=\"og:image\" content=\"https:\/\/advbox.com.br\/blog\/wp-content\/uploads\/2025\/12\/sobrestamento-1.jpg\" \/>\n\t<meta property=\"og:image:width\" content=\"1024\" \/>\n\t<meta property=\"og:image:height\" content=\"576\" \/>\n\t<meta property=\"og:image:type\" content=\"image\/jpeg\" \/>\n<meta name=\"twitter:card\" content=\"summary_large_image\" \/>\n<meta name=\"twitter:site\" content=\"@advbox2\" \/>\n<script type=\"application\/ld+json\" class=\"yoast-schema-graph\">{\"@context\":\"https:\/\/schema.org\",\"@graph\":[{\"@type\":\"WebPage\",\"@id\":\"https:\/\/advbox.com.br\/blog\/modelos\/contestacao-civel-8\/\",\"url\":\"https:\/\/advbox.com.br\/blog\/modelos\/contestacao-civel-8\/\",\"name\":\"Modelo de contesta\u00e7\u00e3o c\u00edvel 8 - confira aqui\",\"isPartOf\":{\"@id\":\"https:\/\/advbox.com.br\/blog\/#website\"},\"primaryImageOfPage\":{\"@id\":\"https:\/\/advbox.com.br\/blog\/modelos\/contestacao-civel-8\/#primaryimage\"},\"image\":{\"@id\":\"https:\/\/advbox.com.br\/blog\/modelos\/contestacao-civel-8\/#primaryimage\"},\"thumbnailUrl\":\"https:\/\/advbox.com.br\/blog\/wp-content\/uploads\/2025\/12\/sobrestamento-1.jpg\",\"datePublished\":\"2024-07-25T20:53:31+00:00\",\"dateModified\":\"2025-12-23T21:10:58+00:00\",\"description\":\"Copie aqui sem restri\u00e7\u00f5es e baixe em word seu Modelo de contesta\u00e7\u00e3o c\u00edvel 8\",\"breadcrumb\":{\"@id\":\"https:\/\/advbox.com.br\/blog\/modelos\/contestacao-civel-8\/#breadcrumb\"},\"inLanguage\":\"pt-BR\",\"potentialAction\":[{\"@type\":\"ReadAction\",\"target\":[\"https:\/\/advbox.com.br\/blog\/modelos\/contestacao-civel-8\/\"]}]},{\"@type\":\"ImageObject\",\"inLanguage\":\"pt-BR\",\"@id\":\"https:\/\/advbox.com.br\/blog\/modelos\/contestacao-civel-8\/#primaryimage\",\"url\":\"https:\/\/advbox.com.br\/blog\/wp-content\/uploads\/2025\/12\/sobrestamento-1.jpg\",\"contentUrl\":\"https:\/\/advbox.com.br\/blog\/wp-content\/uploads\/2025\/12\/sobrestamento-1.jpg\",\"width\":1024,\"height\":576,\"caption\":\"Banner institucional da ADVBOX com elemento visual abstrato em tons de azul, representando estrutura, tecnologia e identidade visual da marca\"},{\"@type\":\"BreadcrumbList\",\"@id\":\"https:\/\/advbox.com.br\/blog\/modelos\/contestacao-civel-8\/#breadcrumb\",\"itemListElement\":[{\"@type\":\"ListItem\",\"position\":1,\"name\":\"In\u00edcio\",\"item\":\"https:\/\/advbox.com.br\/blog\/\"},{\"@type\":\"ListItem\",\"position\":2,\"name\":\"Modelos\",\"item\":\"https:\/\/advbox.com.br\/blog\/modelos\/\"},{\"@type\":\"ListItem\",\"position\":3,\"name\":\"Modelo de contesta\u00e7\u00e3o c\u00edvel\"}]},{\"@type\":\"WebSite\",\"@id\":\"https:\/\/advbox.com.br\/blog\/#website\",\"url\":\"https:\/\/advbox.com.br\/blog\/\",\"name\":\"Software Jur\u00eddico Completo - ADVBOX\",\"description\":\"Plataforma para Advocacia Digital\",\"publisher\":{\"@id\":\"https:\/\/advbox.com.br\/blog\/#organization\"},\"potentialAction\":[{\"@type\":\"SearchAction\",\"target\":{\"@type\":\"EntryPoint\",\"urlTemplate\":\"https:\/\/advbox.com.br\/blog\/?s={search_term_string}\"},\"query-input\":{\"@type\":\"PropertyValueSpecification\",\"valueRequired\":true,\"valueName\":\"search_term_string\"}}],\"inLanguage\":\"pt-BR\"},{\"@type\":\"Organization\",\"@id\":\"https:\/\/advbox.com.br\/blog\/#organization\",\"name\":\"ADVBOX Blog - Software jur\u00eddico da advocacia digital\",\"url\":\"https:\/\/advbox.com.br\/blog\/\",\"logo\":{\"@type\":\"ImageObject\",\"inLanguage\":\"pt-BR\",\"@id\":\"https:\/\/advbox.com.br\/blog\/#\/schema\/logo\/image\/\",\"url\":\"https:\/\/advbox.com.br\/blog\/wp-content\/uploads\/2019\/12\/Como-aumentar-a-produtividade_.jpg\",\"contentUrl\":\"https:\/\/advbox.com.br\/blog\/wp-content\/uploads\/2019\/12\/Como-aumentar-a-produtividade_.jpg\",\"width\":320,\"height\":213,\"caption\":\"ADVBOX Blog - Software jur\u00eddico da advocacia digital\"},\"image\":{\"@id\":\"https:\/\/advbox.com.br\/blog\/#\/schema\/logo\/image\/\"},\"sameAs\":[\"https:\/\/www.facebook.com\/advbox\/\",\"https:\/\/x.com\/advbox2\"]}]}<\/script>\n<!-- \/ Yoast SEO plugin. -->","yoast_head_json":{"title":"Modelo de contesta\u00e7\u00e3o c\u00edvel 8 - confira aqui","description":"Copie aqui sem restri\u00e7\u00f5es e baixe em word seu Modelo de contesta\u00e7\u00e3o c\u00edvel 8","robots":{"index":"index","follow":"follow","max-snippet":"max-snippet:-1","max-image-preview":"max-image-preview:large","max-video-preview":"max-video-preview:-1"},"canonical":"https:\/\/advbox.com.br\/blog\/modelos\/contestacao-civel-8\/","og_locale":"pt_BR","og_type":"article","og_title":"Modelo de contesta\u00e7\u00e3o c\u00edvel 8 - confira aqui","og_description":"Copie aqui sem restri\u00e7\u00f5es e baixe em word seu Modelo de contesta\u00e7\u00e3o c\u00edvel 8","og_url":"https:\/\/advbox.com.br\/blog\/modelos\/contestacao-civel-8\/","og_site_name":"Software Jur\u00eddico Completo - ADVBOX","article_publisher":"https:\/\/www.facebook.com\/advbox\/","article_modified_time":"2025-12-23T21:10:58+00:00","og_image":[{"width":1024,"height":576,"url":"https:\/\/advbox.com.br\/blog\/wp-content\/uploads\/2025\/12\/sobrestamento-1.jpg","type":"image\/jpeg"}],"twitter_card":"summary_large_image","twitter_site":"@advbox2","schema":{"@context":"https:\/\/schema.org","@graph":[{"@type":"WebPage","@id":"https:\/\/advbox.com.br\/blog\/modelos\/contestacao-civel-8\/","url":"https:\/\/advbox.com.br\/blog\/modelos\/contestacao-civel-8\/","name":"Modelo de contesta\u00e7\u00e3o c\u00edvel 8 - confira aqui","isPartOf":{"@id":"https:\/\/advbox.com.br\/blog\/#website"},"primaryImageOfPage":{"@id":"https:\/\/advbox.com.br\/blog\/modelos\/contestacao-civel-8\/#primaryimage"},"image":{"@id":"https:\/\/advbox.com.br\/blog\/modelos\/contestacao-civel-8\/#primaryimage"},"thumbnailUrl":"https:\/\/advbox.com.br\/blog\/wp-content\/uploads\/2025\/12\/sobrestamento-1.jpg","datePublished":"2024-07-25T20:53:31+00:00","dateModified":"2025-12-23T21:10:58+00:00","description":"Copie aqui sem restri\u00e7\u00f5es e baixe em word seu Modelo de contesta\u00e7\u00e3o c\u00edvel 8","breadcrumb":{"@id":"https:\/\/advbox.com.br\/blog\/modelos\/contestacao-civel-8\/#breadcrumb"},"inLanguage":"pt-BR","potentialAction":[{"@type":"ReadAction","target":["https:\/\/advbox.com.br\/blog\/modelos\/contestacao-civel-8\/"]}]},{"@type":"ImageObject","inLanguage":"pt-BR","@id":"https:\/\/advbox.com.br\/blog\/modelos\/contestacao-civel-8\/#primaryimage","url":"https:\/\/advbox.com.br\/blog\/wp-content\/uploads\/2025\/12\/sobrestamento-1.jpg","contentUrl":"https:\/\/advbox.com.br\/blog\/wp-content\/uploads\/2025\/12\/sobrestamento-1.jpg","width":1024,"height":576,"caption":"Banner institucional da ADVBOX com elemento visual abstrato em tons de azul, representando estrutura, tecnologia e identidade visual da marca"},{"@type":"BreadcrumbList","@id":"https:\/\/advbox.com.br\/blog\/modelos\/contestacao-civel-8\/#breadcrumb","itemListElement":[{"@type":"ListItem","position":1,"name":"In\u00edcio","item":"https:\/\/advbox.com.br\/blog\/"},{"@type":"ListItem","position":2,"name":"Modelos","item":"https:\/\/advbox.com.br\/blog\/modelos\/"},{"@type":"ListItem","position":3,"name":"Modelo de contesta\u00e7\u00e3o c\u00edvel"}]},{"@type":"WebSite","@id":"https:\/\/advbox.com.br\/blog\/#website","url":"https:\/\/advbox.com.br\/blog\/","name":"Software Jur\u00eddico Completo - ADVBOX","description":"Plataforma para Advocacia Digital","publisher":{"@id":"https:\/\/advbox.com.br\/blog\/#organization"},"potentialAction":[{"@type":"SearchAction","target":{"@type":"EntryPoint","urlTemplate":"https:\/\/advbox.com.br\/blog\/?s={search_term_string}"},"query-input":{"@type":"PropertyValueSpecification","valueRequired":true,"valueName":"search_term_string"}}],"inLanguage":"pt-BR"},{"@type":"Organization","@id":"https:\/\/advbox.com.br\/blog\/#organization","name":"ADVBOX Blog - Software jur\u00eddico da advocacia digital","url":"https:\/\/advbox.com.br\/blog\/","logo":{"@type":"ImageObject","inLanguage":"pt-BR","@id":"https:\/\/advbox.com.br\/blog\/#\/schema\/logo\/image\/","url":"https:\/\/advbox.com.br\/blog\/wp-content\/uploads\/2019\/12\/Como-aumentar-a-produtividade_.jpg","contentUrl":"https:\/\/advbox.com.br\/blog\/wp-content\/uploads\/2019\/12\/Como-aumentar-a-produtividade_.jpg","width":320,"height":213,"caption":"ADVBOX Blog - Software jur\u00eddico da advocacia digital"},"image":{"@id":"https:\/\/advbox.com.br\/blog\/#\/schema\/logo\/image\/"},"sameAs":["https:\/\/www.facebook.com\/advbox\/","https:\/\/x.com\/advbox2"]}]}},"_links":{"self":[{"href":"https:\/\/advbox.com.br\/blog\/wp-json\/wp\/v2\/modelos\/12127","targetHints":{"allow":["GET"]}}],"collection":[{"href":"https:\/\/advbox.com.br\/blog\/wp-json\/wp\/v2\/modelos"}],"about":[{"href":"https:\/\/advbox.com.br\/blog\/wp-json\/wp\/v2\/types\/modelos"}],"author":[{"embeddable":true,"href":"https:\/\/advbox.com.br\/blog\/wp-json\/wp\/v2\/users\/44"}],"replies":[{"embeddable":true,"href":"https:\/\/advbox.com.br\/blog\/wp-json\/wp\/v2\/comments?post=12127"}],"version-history":[{"count":3,"href":"https:\/\/advbox.com.br\/blog\/wp-json\/wp\/v2\/modelos\/12127\/revisions"}],"predecessor-version":[{"id":80049,"href":"https:\/\/advbox.com.br\/blog\/wp-json\/wp\/v2\/modelos\/12127\/revisions\/80049"}],"wp:featuredmedia":[{"embeddable":true,"href":"https:\/\/advbox.com.br\/blog\/wp-json\/wp\/v2\/media\/79776"}],"wp:attachment":[{"href":"https:\/\/advbox.com.br\/blog\/wp-json\/wp\/v2\/media?parent=12127"}],"wp:term":[{"taxonomy":"modelo_category","embeddable":true,"href":"https:\/\/advbox.com.br\/blog\/wp-json\/wp\/v2\/modelo_category?post=12127"}],"curies":[{"name":"wp","href":"https:\/\/api.w.org\/{rel}","templated":true}]}}