{"id":12150,"date":"2019-03-07T06:18:54","date_gmt":"2019-03-07T06:18:54","guid":{"rendered":"https:\/\/advbox.com.br\/blog\/?post_type=modelos&#038;p=12150"},"modified":"2025-04-29T16:27:34","modified_gmt":"2025-04-29T19:27:34","slug":"acao-de-danos-morais-e-materiais-furto-em-estacionamento","status":"publish","type":"modelos","link":"https:\/\/advbox.com.br\/blog\/modelos\/acao-de-danos-morais-e-materiais-furto-em-estacionamento\/","title":{"rendered":"MODELO DE A\u00c7\u00c3O DE DANOS MORAIS E MATERIAIS &#8211; FURTO EM ESTACIONAMENTO"},"content":{"rendered":"<p style=\"text-align: center; background: #eee; padding: 10px;\"><strong><em>Quer descobrir como automatizar o preenchimento de todos os seus modelos de peti\u00e7\u00e3o e otimizar o tempo de toda sua equipe? <a href=\"https:\/\/advbox.com.br\/blog\/como-automatizar-seus-modelos-de-peticoes\/\" alt=\"Automatize o preenchimento das suas Peti\u00e7\u00f5es e otimize Tempo\" target=\"_blank\">Clique aqui<\/a><\/em><\/strong><\/p>\n<h1><strong>MODELO DE A\u00c7\u00c3O DE DANOS MORAIS E MATERIAIS &#8211; FURTO EM ESTACIONAMENTO<\/strong><strong> <\/strong><\/h1>\n<p><strong><\/strong><span><strong>DOUTO<\/strong><\/span><span><strong> JUIZADO ESPECIAL C\u00cdVEL E CRIMINAL DA CAPITAL<\/strong><\/span><span>\u00a0\u00a0\u00a0<\/span><span>\u00a0<\/span><span>\u00a0<\/span><\/p>\n<p style=\"text-align: justify;\"><span><strong>&#8230; <\/strong><\/span><span><strong>(nome completo em negrito da parte)<\/strong><\/span><span>, <\/span><span>&#8230; (nacionalidade)<\/span><span>, <\/span><span>&#8230; (estado civil)<\/span><span>, <\/span><span>&#8230; (profiss\u00e3o)<\/span><span>, portador <\/span><span>do<\/span><span> CPF\/MF n\u00ba <\/span><span>&#8230;, com Documento de Identidade de n\u00b0 &#8230;, residente e domiciliado na <\/span><span>Rua &#8230;, n. &#8230;, &#8230; (bairro), CE<\/span><span>P: &#8230;, &#8230; (Munic\u00edpio \u2013 UF)<\/span><span>, <\/span><span>vem respeitosamente perante a Vossa Excel\u00eancia propor:<\/span><\/p>\n<p style=\"text-align: center;\"><span><strong>A\u00c7\u00c3O DANOS MATERIAIS E MORAIS<\/strong><\/span><span>,<\/span><\/p>\n<p style=\"text-align: justify;\"><span>em face <\/span><span>de <\/span><span><strong>&#8230; (nome em negrito da parte)<\/strong><\/span><span>, <\/span><span>&#8230; (indicar se \u00e9 pessoa f\u00edsica ou jur\u00eddica), com CPF\/CNPJ de n. &#8230;, com sede na <\/span><span>Rua &#8230;, n. &#8230;, &#8230; (bairro), CEP: &#8230;, &#8230; (<\/span><span>Munic\u00edpio<\/span><span>\u2013 UF)<\/span><span>, pelas raz\u00f5es de fato e de direito que passa a aduzir e no final requer.:<\/span><\/p>\n<p><span><strong>DOS FATOS<\/strong><\/span><span>\u00a0<\/span><span>O <\/span><span>demandante<\/span><span>, em 31 de <\/span><span>Maio<\/span><span> de 2016,<\/span><span> esteve no estabelecimento comercial de g\u00eaneros aliment\u00edcios <\/span><span>demandado <\/span><span>para fazer uma pequena compra, quando, teve sua \u00fanica bicicleta<\/span><span> furtada<\/span><span>, uma <\/span><span>Monark<\/span><span> de cor vermelha,<\/span><span> comprada ao Sr. <\/span><span>&#8230;<\/span><span>, pelo valor de R$600,00 (seiscentos reais), conforme declara\u00e7\u00e3o em anexo<\/span><span>. <\/span><span>Ao chegar <\/span><span>ao<\/span><span> estabelecimento comercial, o <\/span><span>demandante<\/span><span> que conduzia sua bicicleta, <\/span><span>pediu para que o seguran\u00e7a da loja, que estava parado na frente do estabelecimento <\/span><span>cuidasse de<\/span><span> seu bem, enquanto ele entrava e comprava um pacote de fub\u00e1, o que n\u00e3o levaria mais de 10 minutos. O seguran\u00e7a concordou e disse que iria <\/span><span>cuid\u00e1-la at\u00e9 o seu retorno<\/span><span>.<\/span><span>Logo depois,<\/span><span> <\/span><span>dirigiu-se \u00e0 \u00e1rea de compras, mas, quando o <\/span><span>Demandante<\/span><span> voltou para o local onde havia deixado seu bem sob vigil\u00e2ncia do <\/span><span>funcion\u00e1rio da demandada<\/span><span>, <\/span><span>a biciclet<\/span><span>a n\u00e3o se encontrava mais onde <\/span><span>a <\/span><span>tinha <\/span><span>deixado estacionada, e o seguran\u00e7a <\/span><span>o <\/span><span>orientou <\/span><span>Demandante<\/span><span> que procurasse <\/span><span>melhor pelo seu bem em todo o<\/span><span> estacionamento.<\/span><span> <\/span><span>Ap\u00f3s n\u00e3o encontrar seu bem dentro do est<\/span><span>acionamento, o <\/span><span>Demandante<\/span><span> procurou <\/span><span>gerente da loja,<\/span><span> que <\/span><span>informou que tomaria as devidas atitudes para que o <\/span><span>demandante<\/span><span> <\/span><span>reavesse<\/span><span> sua bicicleta<\/span><span>.<\/span><span>O <\/span><span>gerente da loja <\/span><span>pediu-lhe que fosse lavrado<\/span><span> do Boletim de Ocorr\u00eancia e pediu que o entregasse ao estabelecimento <\/span><span>Demandado<\/span><span> para que fossem tomadas as devidas provid\u00eancias sobre o caso.\u00a0<\/span><span>No intuito de ver resolvido o problema, se encaminhou a <\/span><span>4\u00ba Delegacia de Pol\u00edcia<\/span><span> para a feitura do Boletim de O<\/span><span>corr\u00eancia que consta anexo para a resolu\u00e7\u00e3o do caso, o que, at\u00e9 o presente momento, n\u00e3o foi feito.<\/span><span>Ao procurar o gerente da loja, o mesmo rec<\/span><span>omendou que o <\/span><span>Demandante<\/span><span> procurasse resolver o caso por vias judiciais. <\/span><span>Ressalta-se que a bicicleta era o \u00fanico meio de transporte do <\/span><span>Demandante<\/span><span>, prejud<\/span><span>icando suas atividades laborais, pois o mesmo chegava cansado ao trabalho<\/span><span>, isso quando conseguia realiz\u00e1-lo, haja vista, andar por toda cidade com sal bicicleta para realizar seu servi\u00e7o de jardinagem.<\/span><span>Destarte, devido \u00e0 falta de razoabilidade necess\u00e1ria para resolver tal lit\u00edgio, insurge tal demanda a ser analisada por este M.M. Ju\u00edzo.<\/span><span><strong>\u00a0<\/strong><\/span><span><strong>DO DIREITO<\/strong><\/span><span>\u00a0<\/span><span><strong>Da <\/strong><\/span><span><strong>tradi\u00e7\u00e3o<\/strong><\/span><span><strong> Como<\/strong><\/span><span><strong> <\/strong><\/span><span><strong>transmi\u00e7\u00e3o<\/strong><\/span><span><strong> de propriedade <\/strong><\/span><span>Para Carlos Roberto Gon\u00e7alves, tradi\u00e7\u00e3o consiste na entrega da coisa do alienante ao adquirente, com a inten\u00e7\u00e3o de lhe transferir o dom\u00ednio, em complementa\u00e7\u00e3o do contrato. Com essa entrega, torna-se p\u00fablica a transfer\u00eancia.<\/span><span>De acordo com o art. 1.267 do C\u00f3digo Civil, \u201c<\/span><span>a propriedade das coisas n\u00e3o se transfere pelos neg\u00f3cios jur\u00eddicos antes da tradi\u00e7\u00e3o<\/span><span>\u201d. Sendo assim, a tradi\u00e7\u00e3o mostra-se de suma import\u00e2ncia na aquisi\u00e7\u00e3o de bens <\/span><span>i<\/span><span>m\u00f3veis.<\/span><span>Logo, apesar de o <\/span><span>Demandante<\/span><span> n\u00e3o ter como comp<\/span><span>ro<\/span><span>var a propriedade da bicicleta atrav\u00e9s de nenhum documento escrito, isso n\u00e3o seria necess\u00e1rio, uma vez que a propriedade se tra<\/span><span>n<\/span><span>smite atrav\u00e9s da tradi\u00e7\u00e3o<\/span><span>, e apenas pelo fato de possuir o <\/span><span>animus <\/span><span>domini<\/span><span> <\/span><span>j\u00e1 o caracteriza como propriet\u00e1rio do bem, devendo ser ressarcido pelo dano que lhe foi causado.<\/span><span><strong>Da responsabilidade do estabelecimento <\/strong><\/span><span><strong>Demandado<\/strong><\/span><span>\u00a0<\/span><span>Em face dos danos que se sucederam, pretende o <\/span><span>Demandante<\/span><span> haver do <\/span><span>Demandado<\/span><span> a repara\u00e7\u00e3o correspondente, raz\u00e3o pela qual busca, pela via da presente a\u00e7\u00e3o, a presta\u00e7\u00e3o jurisdicional respectiva.<\/span><span>Por meio dos fatos supra narrados, d\u00favidas n\u00e3o pairam de que<\/span><span>\u00a0<\/span><span>a bicicleta do <\/span><span>Demandante<\/span><span> foi furtada dentro do estacionamento do <\/span><span>Demandado<\/span><span> <\/span><span>e mais, que tal conflito poderia ser facilmente resolvido caso o mesmo abrisse a possibilidade de entendimento sobre o caso.\u00a0<\/span><span>Quanto \u00e0 lei, doutrina e \u00e0 jurisprud\u00eancia n\u00e3o resta qualquer d\u00favida de que os danos dever\u00e3o ser suportados pelo <\/span><span>Demandado<\/span><span>.\u00a0A obriga\u00e7\u00e3o de indenizar nasce, no caso em tela, do furto no estacionamento do <\/span><span>Demandado<\/span><span>, sen\u00e3o vejamos:<\/span><span>\u00a0Assim disp\u00f5e o C\u00f3digo Civil em seu artigo 186:\u00a0<\/span><\/p>\n<p style=\"margin-left: 120px;\"><span>Aquele que, por a\u00e7\u00e3o ou omiss\u00e3o volunt\u00e1ria, neglig\u00eancia ou imprud\u00eancia, violar direito e causar dano a outrem, ainda que exclusivamente moral, comete ato il\u00edcito.<\/span><span>\u00a0<\/span><\/p>\n<p><span>Bem como, o Artigo 927 do C\u00f3digo Civil:<\/span><\/p>\n<p style=\"margin-left: 120px;\"><span>Aquele que, por ato il\u00edcito, causar dano a outrem, fica obrigado a repar\u00e1-lo.<\/span><span> <\/span><span>Par\u00e1grafo <\/span><span>\u00fanico:<\/span><span><strong>Haver\u00e1<\/strong><\/span><span><strong> a obriga\u00e7\u00e3o de reparar o dano, independentemente de culpa<\/strong><\/span><span>, nos casos especificados em lei, ou quando a atividade normalmente desenvolvida pelo autor do dano implicar, por sua natureza, risco para os direitos de outrem.\u00a0<\/span><span>(Grifo nosso)\u00a0<\/span><\/p>\n<p><span>Reza o C\u00f3digo de Defesa do Consumidor:\u00a0<\/span><\/p>\n<p style=\"margin-left: 120px;\"><span>Art. 14 do C\u00f3digo de Defesa do Consumidor:<\/span><\/p>\n<p style=\"margin-left: 120px;\"><span>O fornecedor de servi\u00e7os,\u00a0<\/span><span><strong>responde, independentemente da exist\u00eancia de culpa, pela repara\u00e7\u00e3o dos danos causados aos <\/strong><\/span><span><strong>consumidores por defeitos relativos \u00e0 presta\u00e7\u00e3o de servi\u00e7os<\/strong><\/span><span>, bem como por informa\u00e7\u00f5es insuficientes ou inadequadas sobre sua frui\u00e7\u00e3o e riscos.<\/span><span>\u00a0(Grifo nosso)\u00a0<\/span><\/p>\n<p><span>Demonstrado est\u00e1 que o <\/span><span>Demandado<\/span><span> tem o dever de guarda, pois o mesmo cria, para o usu\u00e1rio, uma leg\u00edtima expectativa quanto \u00e0 prote\u00e7\u00e3o, \u00e0 se<\/span><span>guran\u00e7a proporcionada a bicicleta<\/span><span> ali deixado, al\u00e9m de beneficiar-se pelo atrativo que o estacionamento exerce sobre os clientes.\u00a0<\/span><span>Ademais, o estacionamento, embora gratuito, n\u00e3o \u00e9 uma gentileza, porque atrai a clientela, sendo parte essencial do neg\u00f3cio empresarial, gerando expectativa de lucros, sendo que o <\/span><span>Demandado<\/span><span> recebe pelo servi\u00e7o disponibilizado a seus clientes, porquanto seu pre\u00e7o est\u00e1 sempre embutido nas mercadorias que os clientes adquirem.\u00a0<\/span><span>O eminente doutrinador S\u00edlvio de Salvo Venosa, em sua obra de Direito Civil: Responsabilidade Civil, Editora Atlas, 3\u00aa ed. S\u00e3o Paulo. 2003, p\u00e1g. 186, muito bem explica a responsabilidade do <\/span><span>Demandado<\/span><span>, qual seja, objetiva:\u00a0<\/span><\/p>\n<p style=\"margin-left: 120px;\"><span>Assim ocorre quando o estabelecimento comercial oferece estacionamento a seus clientes. Nesse caso, o estacionamento do ve\u00edculo faz parte inarred\u00e1vel do neg\u00f3cio do fornecedor e a responsabilidade por danos ou furto no ve\u00edculo \u00e9 objetiva, de acordo com o C\u00f3digo de Defesa do Consumidor. Na terminologia mercantil, podemos dizer que o estacionamento em estabelecimentos comercial integra seu aviamento, fazendo parte do neg\u00f3cio. Pouco importa, nessa hip\u00f3tese, seja oneroso ou gratuito<\/span><\/p>\n<p><span>Quanto \u00e0 jurisprud\u00eancia n\u00e3o resta qualquer d\u00favida de que os\u00a0<\/span><span><strong>danos dever\u00e3o ser suportados pelo <\/strong><\/span><span><strong>Demandado<\/strong><\/span><span><strong>, cuja responsabilidade \u00e9 objetiva<\/strong><\/span><span>.<\/span><span>N\u00e3o s\u00f3 objetiva em rela\u00e7\u00e3o a seu estacionamento, mas tamb\u00e9m sobre os atos tomados por seu funcion\u00e1rio, que se prontificou em resguardar o bem do demandante, mas mesmo assim n\u00e3o o fez<\/span><span>, conforme j\u00e1 preconiza entendimento dos nossos tribunais, conforme abaixo exposto:<\/span><\/p>\n<p style=\"margin-left: 120px;\"><span>APELA\u00c7\u00c3O C\u00cdVEL. RESPONSABILIDADE CIVIL. INSTITUI\u00c7\u00c3O FINANCEIRA. FUNCION\u00c1RIO. RESPONSABILIDADE OBJETIVA. DANOS MORAIS. ATO IL\u00cdCITO. AUS\u00caNCIA DE PROVAS. ART. 333, I, DO CPC. DEVER DE INDENIZAR. INEXISTENCIA. I &#8211; Para a configura\u00e7\u00e3o da responsabilidade civil, \u00e9 imprescind\u00edvel a demonstra\u00e7\u00e3o do ato il\u00edcito, do <\/span><span>dano efetivo e do nexo de causalidade entre tais elementos. II &#8211; Ao autor da a\u00e7\u00e3o incumbe fazer prova acerca dos fatos alegados como fundamento do invocado direito, sob pena de n\u00e3o obter a tutela jurisdicional pretendida. III &#8211; O empregador responde objetivamente pela pr\u00e1tica de ato il\u00edcito e danoso de seus empregados, nos termos do art. 932, inciso III, do CC\/02. IV &#8211; N\u00e3o havendo prova segura a respeito do ato il\u00edcito, a improced\u00eancia da a\u00e7\u00e3o \u00e9 medida que se <\/span><span>imp\u00f5e.(<\/span><span>TJ-MG &#8211; AC: 10095090073453001 MG, Relator: Leite Pra\u00e7a, Data de Julgamento: 15\/05\/2014, C\u00e2maras C\u00edveis \/ 17\u00aa C\u00c2MARA C\u00cdVEL, Data de Publica\u00e7\u00e3o: 27\/05\/2014)<\/span><\/p>\n<p><span>\u00a0<\/span><span><\/span><span>Ressalta-se, ainda, que o STJ j\u00e1 havia se pronunciado por interm\u00e9dio da s\u00famula n\u00ba 130, na qual responsabiliza o estabelecimento comercial por danos ou furto ocorridos em seu estacionamento.\u00a0<\/span><span>In verbis<\/span><span>: <\/span><span>\u201c<\/span><span>A empresa responde, perante o cliente, pela repara\u00e7\u00e3o de dano ou furto de <\/span><span>veiculo<\/span><span> ocorridos em seu estacionamento<\/span><span>\u201d<\/span><span>:<\/span><span> <\/span><\/p>\n<p style=\"margin-left: 120px;\"><span>AGRAVO REGIMENTAL<\/span><span>\u00a0<\/span><span><strong>NO<\/strong><\/span><span>\u00a0<\/span><span>AGRAVO EM RECURSO ESPECIAL. A\u00c7\u00c3O DE INDENIZA\u00c7\u00c3O POR<\/span><span>\u00a0<\/span><span><strong>DANOS<\/strong><\/span><span>\u00a0<\/span><span>MATERIAIS E<\/span><span>\u00a0<\/span><span><strong>MORAIS<\/strong><\/span><span>.<\/span><span>\u00a0<\/span><span><strong>FURTO<\/strong><\/span><span>\u00a0<\/span><span>DE VE\u00cdCULO EM <\/span><span><strong>ESTACIONAMENTO<\/strong><\/span><span>\u00a0<\/span><span>DE SUPERMERCADO. RESPONSABILIDADE OBJETIVA DO R\u00c9U. FALHA NA PRESTA\u00c7\u00c3O DO SERVI\u00c7O. S\u00daMULA 130\/STJ.<\/span><span>\u00a0<\/span><span><strong>DANO<\/strong><\/span><span>\u00a0<\/span><span><strong>MORAL<\/strong><\/span><span>. FIXA\u00c7\u00c3O DO QUANTUM. OBSERV\u00c2NCIA DOS PAR\u00c2METROS DA RAZOABILIDADE. RECURSO DESPROVIDO. 1. Nos termos da S\u00famula 130 do Superior Tribunal de Justi\u00e7a, &#8220;a empresa responde, perante o cliente, pela repara\u00e7\u00e3o de<\/span><span>\u00a0<\/span><span><strong>dano<\/strong><\/span><span>\u00a0<\/span><span>ou<\/span><span>\u00a0<\/span><span><strong>furto<\/strong><\/span><span>\u00a0<\/span><span>de ve\u00edculo ocorridos em seu<\/span><span>\u00a0<\/span><span><strong>estacionamento<\/strong><\/span><span>&#8220;.<\/span><\/p>\n<p><span>Desta forma n\u00e3o obsta d\u00favidas de que \u00e9 de pleno direito do demandante ser ressarcido pelo constrangimento causado pelas atitudes negligentes da demandada e tamb\u00e9m imprudente, posto que poderia resolver extrajudicialmente o problema, o que n\u00e3o ocorreu, tendo o demandante que buscar judicialmente o respeito a seus direitos.<\/span><span>\u00a0<\/span><span><strong>Dos danos<\/strong><\/span><span>\u00a0<\/span><span><strong>Dos danos materiais\u00a0<\/strong><\/span><span>&#8211;<\/span><span> <\/span><span>O dano material \u00e9 aquele que atinge os valores econ\u00f4micos, como redu\u00e7\u00e3o da renda ou da sua perspectiva, repercutindo no padr\u00e3o de vida da v\u00edtima ou na forma\u00e7\u00e3o de seu patrim\u00f4nio.\u00a0<\/span><span>Como comprovado pela nota fiscal de compra dos equipamentos de som furtados do ve\u00edculo do <\/span><span>Demandante<\/span><span>, os danos materiais totalizaram R$900,00 (novecentos reais)<\/span><span><strong>Dos danos morais &#8211; <\/strong><\/span><span>S\u00e3o <\/span><span>aqueles danos que atingem a moral de uma pessoa, a sua dignidade, reputa\u00e7\u00e3o, e que acabam lhe trazendo uma s\u00e9rie de problemas graves.<\/span><span>Pois bem, superada toda essa discuss\u00e3o, nesse momento \u00e9 imprescind\u00edvel a discuss\u00e3o a respeito de outro assunto de extrema relev\u00e2ncia nesta demanda: o &#8220;quantum&#8221; a ser fixado. <\/span><span>Logo de in\u00edcio, \u00e9 importante considerar que a repara\u00e7\u00e3o, na qual se convertem em pec\u00fania os danos morais, devem ter car\u00e1ter d\u00faplice, ou seja, o que penaliza o ofensor, sancionando-o para que n\u00e3o volte a praticar o ato il\u00edcito, bem como o compensat\u00f3rio, para que o ofendido, recebendo determinada soma pecuni\u00e1ria, possa amenizar os efeitos decorrentes do ato que foi v\u00edtima. <\/span><span>Ante esse racioc\u00ednio, deve-se sopesar, em cada caso concreto, todas as circunst\u00e2ncias que possam influenciar na fixa\u00e7\u00e3o do &#8220;<\/span><span>quantum<\/span><span>&#8221; indenizat\u00f3rio, levando em considera\u00e7\u00e3o que o dano moral abrange, al\u00e9m das perdas valorativas internas, as exteriorizadas no relacionamento di\u00e1rio pessoal, familiar, profissional e social do ofendido. <\/span><span>Deve-se lembrar ainda, por outro \u00e2ngulo, que a indeniza\u00e7\u00e3o por danos morais deve ser fixada num montante que sirva de aviso \u00e0 <\/span><span>demandado<\/span><span> e \u00e0 sociedade, como um todo, de que o nosso direito n\u00e3o tolera aquela conduta danosa impunemente, devendo a condena\u00e7\u00e3o atingir efetivamente, de modo muito significativo, o patrim\u00f4nio da causadora do dano, para que assim o Estado possa demonstrar que o Direito existe para ser cumprido. <\/span><span>Isto posto, por n\u00e3o ser a primeira nem \u00faltima v\u00edtima do demandado, o quantum indenizat\u00f3rio deve ser fixado a ponto <\/span><span>do<\/span><span> mesmo pensar duas vezes ao n\u00e3o resguardar os bens deixados por seus clientes enquanto os mesmo consomem seus produtos. <\/span><span>\u00a0<\/span><span><strong>DOS PEDIDOS<\/strong><\/span><span>\u00a0<\/span><span>Diante do exposto requer se digne Vossa Excel\u00eancia:<\/span><span>I &#8211; Mandar citar o Requerido na pessoa de seu representante legal, na<\/span><span> Av. Menino Marcelo, Sem N\u00famero, <\/span><span>nesta Capital,<\/span><span> CEP<\/span><span>.: 57045-660<\/span><span>,<\/span><span> para, querendo, responder aos termos da presente A\u00e7\u00e3o Ordin\u00e1ria sob pena de revelia;<\/span><span>II &#8211; Finalmente requer-se seja julgado procedente o presente pedido, condenando o Requerido ao pagamento da indeniza\u00e7\u00e3o correspondente ao valor <\/span><span>da bicicleta<\/span><span>, neste caso R$600,00 (seiscentos reais)<\/span><span>, devidamente atualizado at\u00e9 o efetivo pagamento, acrescido de juros, <\/span><span>custas processuais e honor\u00e1rias advocat\u00edcios<\/span><span>.<\/span><span>III \u2013 Bem como condenar o demandado ao pagamento dos danos morais pelos constrangimentos desnecess\u00e1rios a que o demandante foi submetido, de forma a amenizar a mal interior a ele causado a ser fixado no valor de R$5.000,00 (cinco mil reais).<\/span><span>O<\/span><span> <\/span><span>Demandante<\/span><span> pretende provar o alegado pela produ\u00e7\u00e3o de provas em direito admitidas, contudo, consideradas as peculiaridades do caso, pede que se digne este D. Ju\u00edzo de determinar a\u00a0<\/span><span><strong>invers\u00e3o do \u00f4nus da prova em favor do <\/strong><\/span><span><strong>Demandante<\/strong><\/span><span><strong> para que junte as filmagens das c\u00e2meras<\/strong><\/span><span>, conforme autoriza Art. 6\u00ba, Inciso VIII, do C\u00f3digo de Defesa do Consumidor.\u00a0<\/span><span>D\u00e1-se a causa o valor de R$ <\/span><span>5.6<\/span><span>00<\/span><span>,00<\/span><span> (<\/span><span>cinco mil e seiscentos<\/span><span> reais)<\/span><\/p>\n<p style=\"text-align: justify;\"><span>Nestes termos, <\/span><\/p>\n<p style=\"text-align: justify;\"><span>pede e espera deferimento.<\/span><\/p>\n<p style=\"text-align: justify;\"><span>&#8230; (Munic\u00edpio \u2013 UF), &#8230; (dia) de &#8230; (m\u00eas) de &#8230; (ano).<\/span><\/p>\n<p style=\"text-align: center; margin-left: 80px;\"><span><strong>ADVOGADO<\/strong><\/span><\/p>\n<p style=\"text-align: center; margin-left: 80px;\"><span>OAB n\u00b0 &#8230;. &#8211; UF<\/span><\/p>\n<p style=\"text-align: center; margin-left: 0px;\">\n<p style=\"text-align: center;\"><a href=\"https:\/\/advbox.com.br\/blog\/como-automatizar-seus-modelos-de-peticoes\/\" target=\"_blank\"><img fetchpriority=\"high\" decoding=\"async\" src=\"https:\/\/advbox.com.br\/blog\/wp-content\/uploads\/2019\/05\/automatize_a_produ%C3%A7%C3%A3o_de_suas_peti%C3%A7%C3%B5es.png\" alt=\"Automatize a Produ\u00e7\u00e3o de suas Peti\u00e7\u00f5es - Torne sua Advocacia ainda mais inteligente\" width=\"1000\" height=\"276\" class=\"alignnone wp-image-11456 size-full\"><\/a><\/p><\/p>\n","protected":false},"excerpt":{"rendered":"<p>Quer descobrir como automatizar o preenchimento de todos os seus modelos de peti\u00e7\u00e3o e otimizar o tempo de toda sua equipe? Clique aqui MODELO DE A\u00c7\u00c3O DE DANOS MORAIS E MATERIAIS &#8211; FURTO EM ESTACIONAMENTO DOUTO JUIZADO ESPECIAL C\u00cdVEL E CRIMINAL DA CAPITAL\u00a0\u00a0\u00a0\u00a0\u00a0 &#8230; (nome completo em negrito da parte), [&hellip;]<\/p>\n","protected":false},"author":44,"featured_media":33127,"comment_status":"closed","ping_status":"closed","template":"","meta":{"_acf_changed":false,"om_disable_all_campaigns":false,"footnotes":""},"modelo_category":[1457,1488],"class_list":["post-12150","modelos","type-modelos","status-publish","has-post-thumbnail","hentry","modelo_category-direito","modelo_category-direito-do-consumidor"],"acf":[],"yoast_head":"<!-- This site is optimized with the Yoast SEO plugin v26.9 - https:\/\/yoast.com\/product\/yoast-seo-wordpress\/ -->\n<title>A\u00e7\u00e3o de danos morais e materiais - furto em estacionamento<\/title>\n<meta name=\"description\" content=\"Copie aqui sem restri\u00e7\u00f5es e baixe em word seu modelo de A\u00c7\u00c3O DE DANOS MORAIS E MATERIAIS - FURTO EM ESTACIONAMENTO\" \/>\n<meta name=\"robots\" content=\"index, follow, max-snippet:-1, max-image-preview:large, max-video-preview:-1\" \/>\n<link rel=\"canonical\" href=\"https:\/\/advbox.com.br\/blog\/modelos\/acao-de-danos-morais-e-materiais-furto-em-estacionamento\/\" \/>\n<meta property=\"og:locale\" content=\"pt_BR\" \/>\n<meta property=\"og:type\" content=\"article\" \/>\n<meta property=\"og:title\" content=\"A\u00e7\u00e3o de danos morais e materiais - furto em estacionamento\" \/>\n<meta property=\"og:description\" content=\"Copie aqui sem restri\u00e7\u00f5es e baixe em word seu modelo de A\u00c7\u00c3O DE DANOS MORAIS E MATERIAIS - FURTO EM ESTACIONAMENTO\" \/>\n<meta property=\"og:url\" content=\"https:\/\/advbox.com.br\/blog\/modelos\/acao-de-danos-morais-e-materiais-furto-em-estacionamento\/\" \/>\n<meta property=\"og:site_name\" content=\"Software Jur\u00eddico Completo - ADVBOX\" \/>\n<meta property=\"article:publisher\" content=\"https:\/\/www.facebook.com\/advbox\/\" \/>\n<meta property=\"article:modified_time\" content=\"2025-04-29T19:27:34+00:00\" \/>\n<meta property=\"og:image\" content=\"https:\/\/advbox.com.br\/blog\/wp-content\/uploads\/2021\/05\/teletrabalho.jpg\" \/>\n\t<meta property=\"og:image:width\" content=\"672\" \/>\n\t<meta property=\"og:image:height\" content=\"448\" \/>\n\t<meta property=\"og:image:type\" content=\"image\/jpeg\" \/>\n<meta name=\"twitter:card\" content=\"summary_large_image\" \/>\n<meta name=\"twitter:site\" content=\"@advbox2\" \/>\n<script type=\"application\/ld+json\" class=\"yoast-schema-graph\">{\"@context\":\"https:\/\/schema.org\",\"@graph\":[{\"@type\":\"WebPage\",\"@id\":\"https:\/\/advbox.com.br\/blog\/modelos\/acao-de-danos-morais-e-materiais-furto-em-estacionamento\/\",\"url\":\"https:\/\/advbox.com.br\/blog\/modelos\/acao-de-danos-morais-e-materiais-furto-em-estacionamento\/\",\"name\":\"A\u00e7\u00e3o de danos morais e materiais - furto em estacionamento\",\"isPartOf\":{\"@id\":\"https:\/\/advbox.com.br\/blog\/#website\"},\"primaryImageOfPage\":{\"@id\":\"https:\/\/advbox.com.br\/blog\/modelos\/acao-de-danos-morais-e-materiais-furto-em-estacionamento\/#primaryimage\"},\"image\":{\"@id\":\"https:\/\/advbox.com.br\/blog\/modelos\/acao-de-danos-morais-e-materiais-furto-em-estacionamento\/#primaryimage\"},\"thumbnailUrl\":\"https:\/\/advbox.com.br\/blog\/wp-content\/uploads\/2021\/05\/teletrabalho.jpg\",\"datePublished\":\"2019-03-07T06:18:54+00:00\",\"dateModified\":\"2025-04-29T19:27:34+00:00\",\"description\":\"Copie aqui sem restri\u00e7\u00f5es e baixe em word seu modelo de A\u00c7\u00c3O DE DANOS MORAIS E MATERIAIS - FURTO EM ESTACIONAMENTO\",\"breadcrumb\":{\"@id\":\"https:\/\/advbox.com.br\/blog\/modelos\/acao-de-danos-morais-e-materiais-furto-em-estacionamento\/#breadcrumb\"},\"inLanguage\":\"pt-BR\",\"potentialAction\":[{\"@type\":\"ReadAction\",\"target\":[\"https:\/\/advbox.com.br\/blog\/modelos\/acao-de-danos-morais-e-materiais-furto-em-estacionamento\/\"]}]},{\"@type\":\"ImageObject\",\"inLanguage\":\"pt-BR\",\"@id\":\"https:\/\/advbox.com.br\/blog\/modelos\/acao-de-danos-morais-e-materiais-furto-em-estacionamento\/#primaryimage\",\"url\":\"https:\/\/advbox.com.br\/blog\/wp-content\/uploads\/2021\/05\/teletrabalho.jpg\",\"contentUrl\":\"https:\/\/advbox.com.br\/blog\/wp-content\/uploads\/2021\/05\/teletrabalho.jpg\",\"width\":672,\"height\":448,\"caption\":\"teletrabalho - transforma\u00e7\u00e3o digital na advocacia\"},{\"@type\":\"BreadcrumbList\",\"@id\":\"https:\/\/advbox.com.br\/blog\/modelos\/acao-de-danos-morais-e-materiais-furto-em-estacionamento\/#breadcrumb\",\"itemListElement\":[{\"@type\":\"ListItem\",\"position\":1,\"name\":\"In\u00edcio\",\"item\":\"https:\/\/advbox.com.br\/blog\/\"},{\"@type\":\"ListItem\",\"position\":2,\"name\":\"Modelos\",\"item\":\"https:\/\/advbox.com.br\/blog\/modelos\/\"},{\"@type\":\"ListItem\",\"position\":3,\"name\":\"MODELO DE A\u00c7\u00c3O DE DANOS MORAIS E MATERIAIS &#8211; FURTO EM ESTACIONAMENTO\"}]},{\"@type\":\"WebSite\",\"@id\":\"https:\/\/advbox.com.br\/blog\/#website\",\"url\":\"https:\/\/advbox.com.br\/blog\/\",\"name\":\"Software Jur\u00eddico Completo - ADVBOX\",\"description\":\"Plataforma para Advocacia Digital\",\"publisher\":{\"@id\":\"https:\/\/advbox.com.br\/blog\/#organization\"},\"potentialAction\":[{\"@type\":\"SearchAction\",\"target\":{\"@type\":\"EntryPoint\",\"urlTemplate\":\"https:\/\/advbox.com.br\/blog\/?s={search_term_string}\"},\"query-input\":{\"@type\":\"PropertyValueSpecification\",\"valueRequired\":true,\"valueName\":\"search_term_string\"}}],\"inLanguage\":\"pt-BR\"},{\"@type\":\"Organization\",\"@id\":\"https:\/\/advbox.com.br\/blog\/#organization\",\"name\":\"ADVBOX Blog - Software jur\u00eddico da advocacia digital\",\"url\":\"https:\/\/advbox.com.br\/blog\/\",\"logo\":{\"@type\":\"ImageObject\",\"inLanguage\":\"pt-BR\",\"@id\":\"https:\/\/advbox.com.br\/blog\/#\/schema\/logo\/image\/\",\"url\":\"https:\/\/advbox.com.br\/blog\/wp-content\/uploads\/2019\/12\/Como-aumentar-a-produtividade_.jpg\",\"contentUrl\":\"https:\/\/advbox.com.br\/blog\/wp-content\/uploads\/2019\/12\/Como-aumentar-a-produtividade_.jpg\",\"width\":320,\"height\":213,\"caption\":\"ADVBOX Blog - Software jur\u00eddico da advocacia digital\"},\"image\":{\"@id\":\"https:\/\/advbox.com.br\/blog\/#\/schema\/logo\/image\/\"},\"sameAs\":[\"https:\/\/www.facebook.com\/advbox\/\",\"https:\/\/x.com\/advbox2\"]}]}<\/script>\n<!-- \/ Yoast SEO plugin. -->","yoast_head_json":{"title":"A\u00e7\u00e3o de danos morais e materiais - furto em estacionamento","description":"Copie aqui sem restri\u00e7\u00f5es e baixe em word seu modelo de A\u00c7\u00c3O DE DANOS MORAIS E MATERIAIS - FURTO EM ESTACIONAMENTO","robots":{"index":"index","follow":"follow","max-snippet":"max-snippet:-1","max-image-preview":"max-image-preview:large","max-video-preview":"max-video-preview:-1"},"canonical":"https:\/\/advbox.com.br\/blog\/modelos\/acao-de-danos-morais-e-materiais-furto-em-estacionamento\/","og_locale":"pt_BR","og_type":"article","og_title":"A\u00e7\u00e3o de danos morais e materiais - furto em estacionamento","og_description":"Copie aqui sem restri\u00e7\u00f5es e baixe em word seu modelo de A\u00c7\u00c3O DE DANOS MORAIS E MATERIAIS - FURTO EM ESTACIONAMENTO","og_url":"https:\/\/advbox.com.br\/blog\/modelos\/acao-de-danos-morais-e-materiais-furto-em-estacionamento\/","og_site_name":"Software Jur\u00eddico Completo - ADVBOX","article_publisher":"https:\/\/www.facebook.com\/advbox\/","article_modified_time":"2025-04-29T19:27:34+00:00","og_image":[{"width":672,"height":448,"url":"https:\/\/advbox.com.br\/blog\/wp-content\/uploads\/2021\/05\/teletrabalho.jpg","type":"image\/jpeg"}],"twitter_card":"summary_large_image","twitter_site":"@advbox2","schema":{"@context":"https:\/\/schema.org","@graph":[{"@type":"WebPage","@id":"https:\/\/advbox.com.br\/blog\/modelos\/acao-de-danos-morais-e-materiais-furto-em-estacionamento\/","url":"https:\/\/advbox.com.br\/blog\/modelos\/acao-de-danos-morais-e-materiais-furto-em-estacionamento\/","name":"A\u00e7\u00e3o de danos morais e materiais - furto em estacionamento","isPartOf":{"@id":"https:\/\/advbox.com.br\/blog\/#website"},"primaryImageOfPage":{"@id":"https:\/\/advbox.com.br\/blog\/modelos\/acao-de-danos-morais-e-materiais-furto-em-estacionamento\/#primaryimage"},"image":{"@id":"https:\/\/advbox.com.br\/blog\/modelos\/acao-de-danos-morais-e-materiais-furto-em-estacionamento\/#primaryimage"},"thumbnailUrl":"https:\/\/advbox.com.br\/blog\/wp-content\/uploads\/2021\/05\/teletrabalho.jpg","datePublished":"2019-03-07T06:18:54+00:00","dateModified":"2025-04-29T19:27:34+00:00","description":"Copie aqui sem restri\u00e7\u00f5es e baixe em word seu modelo de A\u00c7\u00c3O DE DANOS MORAIS E MATERIAIS - FURTO EM ESTACIONAMENTO","breadcrumb":{"@id":"https:\/\/advbox.com.br\/blog\/modelos\/acao-de-danos-morais-e-materiais-furto-em-estacionamento\/#breadcrumb"},"inLanguage":"pt-BR","potentialAction":[{"@type":"ReadAction","target":["https:\/\/advbox.com.br\/blog\/modelos\/acao-de-danos-morais-e-materiais-furto-em-estacionamento\/"]}]},{"@type":"ImageObject","inLanguage":"pt-BR","@id":"https:\/\/advbox.com.br\/blog\/modelos\/acao-de-danos-morais-e-materiais-furto-em-estacionamento\/#primaryimage","url":"https:\/\/advbox.com.br\/blog\/wp-content\/uploads\/2021\/05\/teletrabalho.jpg","contentUrl":"https:\/\/advbox.com.br\/blog\/wp-content\/uploads\/2021\/05\/teletrabalho.jpg","width":672,"height":448,"caption":"teletrabalho - transforma\u00e7\u00e3o digital na advocacia"},{"@type":"BreadcrumbList","@id":"https:\/\/advbox.com.br\/blog\/modelos\/acao-de-danos-morais-e-materiais-furto-em-estacionamento\/#breadcrumb","itemListElement":[{"@type":"ListItem","position":1,"name":"In\u00edcio","item":"https:\/\/advbox.com.br\/blog\/"},{"@type":"ListItem","position":2,"name":"Modelos","item":"https:\/\/advbox.com.br\/blog\/modelos\/"},{"@type":"ListItem","position":3,"name":"MODELO DE A\u00c7\u00c3O DE DANOS MORAIS E MATERIAIS &#8211; FURTO EM ESTACIONAMENTO"}]},{"@type":"WebSite","@id":"https:\/\/advbox.com.br\/blog\/#website","url":"https:\/\/advbox.com.br\/blog\/","name":"Software Jur\u00eddico Completo - ADVBOX","description":"Plataforma para Advocacia Digital","publisher":{"@id":"https:\/\/advbox.com.br\/blog\/#organization"},"potentialAction":[{"@type":"SearchAction","target":{"@type":"EntryPoint","urlTemplate":"https:\/\/advbox.com.br\/blog\/?s={search_term_string}"},"query-input":{"@type":"PropertyValueSpecification","valueRequired":true,"valueName":"search_term_string"}}],"inLanguage":"pt-BR"},{"@type":"Organization","@id":"https:\/\/advbox.com.br\/blog\/#organization","name":"ADVBOX Blog - Software jur\u00eddico da advocacia digital","url":"https:\/\/advbox.com.br\/blog\/","logo":{"@type":"ImageObject","inLanguage":"pt-BR","@id":"https:\/\/advbox.com.br\/blog\/#\/schema\/logo\/image\/","url":"https:\/\/advbox.com.br\/blog\/wp-content\/uploads\/2019\/12\/Como-aumentar-a-produtividade_.jpg","contentUrl":"https:\/\/advbox.com.br\/blog\/wp-content\/uploads\/2019\/12\/Como-aumentar-a-produtividade_.jpg","width":320,"height":213,"caption":"ADVBOX Blog - Software jur\u00eddico da advocacia digital"},"image":{"@id":"https:\/\/advbox.com.br\/blog\/#\/schema\/logo\/image\/"},"sameAs":["https:\/\/www.facebook.com\/advbox\/","https:\/\/x.com\/advbox2"]}]}},"_links":{"self":[{"href":"https:\/\/advbox.com.br\/blog\/wp-json\/wp\/v2\/modelos\/12150","targetHints":{"allow":["GET"]}}],"collection":[{"href":"https:\/\/advbox.com.br\/blog\/wp-json\/wp\/v2\/modelos"}],"about":[{"href":"https:\/\/advbox.com.br\/blog\/wp-json\/wp\/v2\/types\/modelos"}],"author":[{"embeddable":true,"href":"https:\/\/advbox.com.br\/blog\/wp-json\/wp\/v2\/users\/44"}],"replies":[{"embeddable":true,"href":"https:\/\/advbox.com.br\/blog\/wp-json\/wp\/v2\/comments?post=12150"}],"version-history":[{"count":4,"href":"https:\/\/advbox.com.br\/blog\/wp-json\/wp\/v2\/modelos\/12150\/revisions"}],"predecessor-version":[{"id":73696,"href":"https:\/\/advbox.com.br\/blog\/wp-json\/wp\/v2\/modelos\/12150\/revisions\/73696"}],"wp:featuredmedia":[{"embeddable":true,"href":"https:\/\/advbox.com.br\/blog\/wp-json\/wp\/v2\/media\/33127"}],"wp:attachment":[{"href":"https:\/\/advbox.com.br\/blog\/wp-json\/wp\/v2\/media?parent=12150"}],"wp:term":[{"taxonomy":"modelo_category","embeddable":true,"href":"https:\/\/advbox.com.br\/blog\/wp-json\/wp\/v2\/modelo_category?post=12150"}],"curies":[{"name":"wp","href":"https:\/\/api.w.org\/{rel}","templated":true}]}}