{"id":12154,"date":"2024-07-29T15:04:03","date_gmt":"2024-07-29T18:04:03","guid":{"rendered":"https:\/\/advbox.com.br\/blog\/?post_type=modelos&#038;p=12154"},"modified":"2025-12-23T18:55:54","modified_gmt":"2025-12-23T21:55:54","slug":"acao-de-manutencao-de-posse-do-imovel","status":"publish","type":"modelos","link":"https:\/\/advbox.com.br\/blog\/modelos\/acao-de-manutencao-de-posse-do-imovel\/","title":{"rendered":"Modelo de a\u00e7\u00e3o de manuten\u00e7\u00e3o de posse de im\u00f3vel"},"content":{"rendered":"\n<p class=\"has-text-align-center\"><strong>MODELO DE A\u00c7\u00c3O DE MANUTEN\u00c7\u00c3O DE POSSE DO IM\u00d3VEL<\/strong><\/p>\n\n\n\n<p><\/p>\n\n\n\n<p><span><strong>DOUTO JU\u00cdZO<\/strong><\/span><span><strong> DA ____\u00aa VARA C\u00cdVEL (JUIZADO ESPECIAL) DA COMARCA DE CIDADE-ESTADO<\/strong><\/span><\/p>\n\n\n\n<p><span><strong>&#8230; (nome completo em negrito do reclamante)<\/strong><\/span><span>, &#8230; (nacionalidade), &#8230; (estado civil), &#8230; (profiss\u00e3o), portador do CPF\/MF n\u00ba &#8230;, com Documento de Identidade de n\u00b0 &#8230;, residente e domiciliado na <\/span><span>Rua &#8230;, n. &#8230;, &#8230; (bairro), CEP: &#8230;, &#8230; (Munic\u00edpio \u2013 UF)<\/span><span>, vem respeitosamente perante a Vossa Excel\u00eancia propor:<\/span><\/p>\n\n\n\n<p class=\"has-text-align-center\"><span><strong>A\u00c7\u00c3O DE MANUNTEN\u00c7\u00c3O DE POSSE C\/C MEDIDA LIMINAR<\/strong><\/span><\/p>\n\n\n\n<p><span>em face de <\/span><span><strong>&#8230; (nome em negrito do reclamado)<\/strong><\/span><span>, &#8230; (indicar se \u00e9 pessoa f\u00edsica ou jur\u00eddica), com CPF\/CNPJ de n. &#8230;, com sede na Rua &#8230;, n. &#8230;, &#8230; (bairro), CEP: &#8230;, &#8230; (Munic\u00edpio\u2013 UF), pelas raz\u00f5es de fato e de direito que passa a aduzir e no final requer.:<\/span><\/p>\n\n\n\n<p><span><strong>DOS FATOS<\/strong><\/span><\/p>\n\n\n\n<p><span>A <\/span><span>Autora <\/span><span>\u00e9 propriet\u00e1ria <\/span><span>e possuidora <\/span><span>do im\u00f3vel <\/span><span>sito na Rua X, n\u00ba. <\/span><span>&#8230;<\/span><span>, Zona Rural, em Londrina (PR),<\/span><span> <\/span><span>objeto da matr\u00edcula de regi<\/span><span>stro imobili\u00e1rio n\u00ba. <\/span><span>&#8230;<\/span><span> R<\/span><span>eferido bem<\/span><span> fora adquirido em 1<\/span><span>&#8230;<\/span><span>, <\/span><span>onde <\/span><span>a Promovente pagara, em moeda corrente nacional, a quantia de R$ <\/span><span>&#8230;<\/span><span> ( <\/span><span>&#8230;<\/span><span> ), o que <\/span><span>se <\/span><span>comprova pela c\u00f3pia da escritura p\u00fablica e certid\u00e3o de registro de im\u00f3vel, devidamente <\/span><span>registrado <\/span><span>em nome da Autora<\/span><span> <\/span><\/p>\n\n\n\n<p><span>Desde ent\u00e3o a Autora mant\u00e9m a posse e propriedade do referido bem, inclusive pagamentos os encargos tribut\u00e1rio<\/span><span>s<\/span><span> pertinentes ao mesmo. <\/span><\/p>\n\n\n\n<p><span>Com o material fotogr\u00e1fico ora acostado, tamb\u00e9m <\/span><span>se <\/span><span>demonstra que a Autora mant\u00e9m atividade pecu\u00e1ria e de cultivo de caju. <\/span><\/p>\n\n\n\n<p><span>Demonstra-se, mais, que <\/span><span>no situado endere\u00e7o funciona, h\u00e1 anos, uma f\u00e1brica de extra\u00e7\u00e3o da castanha de caju<\/span><\/p>\n\n\n\n<p><span>O R\u00e9u \u00e9 confinante com a Autora desde <\/span><span>&#8230;<\/span><span>, onde passou a residir e realizar a cria\u00e7\u00e3o de cabras para engorda e posterior venda. De logo <\/span><span>inserimos <\/span><span>prova documental de documentos que comprovam a titularidade do im\u00f3vel confinante<\/span><\/p>\n\n\n\n<p><span><\/span><span>Todavia, h<\/span><span>\u00e1 alguns meses o R\u00e9u insiste em <\/span><span>adentrar no im\u00f3vel pertencente \u00e0<\/span><span> Autora, <\/span><span>onde leva sua cria\u00e7\u00e3o de animais para engorda em uma pastagem nos fundos do im\u00f3vel desta. De j\u00e1 <\/span><span>se <\/span><span>comprova <\/span><span>por fotos verificadas em v\u00e1rias ocasi\u00f5es e, mais, <\/span><span>ata notarial<\/span><span> com depoimentos<\/span><span> de pessoas que atestam os fatos, estes<\/span><span> presenciados pelo<\/span><span> Tabeli\u00e3o, tamb\u00e9m aqui anexada.<\/span><span>(<\/span><span>anexo<\/span><span>)<\/span><span> Dess<\/span><span>es, constata-se que a \u00faltima invas\u00e3o <\/span><span>se <\/span><span>deu em <\/span><span>&#8230;<\/span><span>.<\/span><\/p>\n\n\n\n<p><span>Em conta <\/span><span>dess<\/span><span>e fato, a Autora notificou o<\/span><span> R\u00e9 a <\/span><span>interromper a invas\u00e3o de suas terras<\/span><span>, sob pena de sofrer a\u00e7\u00e3o judicial e pagar indeniza\u00e7\u00e3o pelo<\/span><span>s danos ocasionados<\/span><span>. <\/span><\/p>\n\n\n\n<p><span><\/span><span>Contudo<\/span><span>, decorrido o prazo concedido, o<\/span><span> R\u00e9<\/span><span>u<\/span><span> quedou-se inerte, <\/span><span>continuando<\/span><span>, injustamente, <\/span><span>a invadir <\/span><span>o im\u00f3vel. <\/span><\/p>\n\n\n\n<p><span>Por tudo isso, n\u00e3o restou \u00e0 Autora outra alternativa sen\u00e3o buscar seus direitos por meio da presente A\u00e7\u00e3o de Reintegra\u00e7\u00e3o de Posse. <\/span><span>(CPC<\/span><span>\/2015<\/span><span>, a<\/span><span>rt. 17<\/span><span>)<\/span><\/p>\n\n\n\n<p><span><strong>DO DIREITO<\/strong><\/span><\/p>\n\n\n\n<p><span><strong>Da compet\u00eancia <\/strong><\/span><\/p>\n\n\n\n<p><span>A priori, cumpre ressaltar<\/span><span>, que<\/span><span> <\/span><span>a<\/span><span> Autor<\/span><span>a<\/span><span> promove<\/span><span> <\/span><span>a presente a\u00e7\u00e3o <\/span><span><strong>no foro <\/strong><\/span><span><strong>territorial competente<\/strong><\/span><span>, visto que o im\u00f3vel em li\u00e7a <\/span><span>se <\/span><span>s<\/span><span>itua na Rua <\/span><span>&#8230; (endere\u00e7o)<\/span><span>. <\/span><span>Ex<\/span><span> vi:<\/span><\/p>\n\n\n\n<p><span>Novo C\u00f3digo de Processo Civil<\/span><\/p>\n\n\n\n<p><span>Art. 47 &#8211; Para as a\u00e7\u00f5es fundadas em direito real sobre im\u00f3veis <\/span><span>\u00e9 competente o foro de situa\u00e7\u00e3o da coisa<\/span><span>.<\/span><\/p>\n\n\n\n<p><span>Desta forma, resta comprovado que encontra-se plenamente vi\u00e1vel a <\/span><span>t<\/span><span>ramita\u00e7\u00e3o do processo em epigrafe neste ju\u00edzo <\/span><\/p>\n\n\n\n<p><span><strong>Do rito processual desta demanda <\/strong><\/span><\/p>\n\n\n\n<p><span>Destaca-se que a presente a\u00e7\u00e3o fora ajuizada no dia <\/span><span>&#8230;.<\/span><span>. D<\/span><span>e outro bordo, a notifica\u00e7\u00e3o do <\/span><span>R\u00e9<\/span><span>u <\/span><span>para <\/span><span>interromper a invas\u00e3o d<\/span><span>o im\u00f3vel \u2013 <\/span><span>portanto, a turba\u00e7\u00e3o<\/span><span> \u2013 ocorrera no dia <\/span><span>&#8230;<\/span><span>. O <\/span><span>rito<\/span><span>, destarte, \u00e9 <\/span><span>especial<\/span><span>, uma vez que<\/span><span> a ofensa ao direito da Autora ocorrera em menos de ano e dia (<\/span><span>posse nova<\/span><span>)<\/span><span>. <\/span><\/p>\n\n\n\n<p><span>A <\/span><span>fim<\/span><span>, <\/span><span>observemos as seguintes jurisprud\u00eancias<\/span><span>:<\/span><\/p>\n\n\n\n<p><span>PROCESSO CIVIL. EMBARGOS DECLARAT\u00d3RIOS COM EFEITOS INFRINGENTES. OMISS\u00c3O VERIFICADA. EXIST\u00caNCIA, NOS AUTOS, DE PROVA DA DATA DO ESBULHO. POSSE NOVA. REQUISITOS PARA O DEFERIMENTO DA LIMINAR PREENCHIDOS. EMBARGOS ACOLHIDOS. DECIS\u00c3O REFORMADA COM EFEITOS MODIFICATIVOS. <\/span><\/p>\n\n\n\n<p><span>1 \u00ad Consoante sumariamente anunciado, a decis\u00e3o ora atacada negou provimento a agravo de instrumento sob o argumento que inexistiriam nestes autos, prova da data do esbulho, o que, ainda segundo a decis\u00e3o, ensejaria a presun\u00e7\u00e3o de que este ocorreu em per\u00edodo superior \u00e0quele que autoriza o deferimento da medida liminar (um ano e um dia). <\/span><\/p>\n\n\n\n<p><span>2 \u00ad Todavia, na oportunidade em que foi ofertada a contesta\u00e7\u00e3o, em primeiro grau, os pr\u00f3prios invasores confessaram a data em que se deu o esbulho, a saber, mar\u00e7o de 2007. (fl. 260 destes autos). <\/span><\/p>\n\n\n\n<p><span>3 \u00ad Desta forma, tendo sido a <\/span><span>actio<\/span><span> origin\u00e1ria proposta em setembro de 2007, menos de um ano e um dia da data do esbulho, resta preenchido o requisito elencado no inciso III, do art. 927 [CPC\/2015, art. 561], CPC, c\/c art. 924 do mesmo diploma. [CPC\/2015, art. 558]<\/span><\/p>\n\n\n\n<p><span>4 \u00ad Os demais requisitos, quais sejam, a posse da companhia promovente, o esbulho praticado pelos r\u00e9us e a perda da posse, restam tamb\u00e9m preenchidos, e n\u00e3o foram sequer recha\u00e7ados pelos agravados, na contesta\u00e7\u00e3o da a\u00e7\u00e3o origin\u00e1ria. 5 \u00ad Em verdade, o indeferimento da medida liminar de reintegra\u00e7\u00e3o teve como \u00fanico fundamento o suposto <\/span><span>n\u00e3o atendimento da condi\u00e7\u00e3o temporal, o que, conforme j\u00e1 demonstrado, restou superado. <\/span><\/p>\n\n\n\n<p><span>6 \u00ad Estando presentes os requisitos autorizadores da medida <\/span><span>reintegrat\u00f3ria<\/span><span> liminar, o seu deferimento \u00e9 medida que se imp\u00f5e. <\/span><\/p>\n\n\n\n<p><span>7 \u00ad Por fim, tenho que merece especial aten\u00e7\u00e3o a forma que dever\u00e1 ser realizada a reintegra\u00e7\u00e3o em comento. \u00c9 que, <\/span><span>tratando\u00adse<\/span><span> de quest\u00e3o social, cujos reflexos exorbitam a ordem patrimonial, a presente causa enseja o condicionamento da execu\u00e7\u00e3o da medida <\/span><span>reintegrat\u00f3ria<\/span><span>. <\/span><\/p>\n\n\n\n<p><span>8 \u00ad A prud\u00eancia e a razoabilidade nos orienta a garantir que a reintegra\u00e7\u00e3o seja condicionada ao pr\u00e9vio remanejamento das fam\u00edlias realmente necessitadas \u00ad condi\u00e7\u00e3o a ser preliminarmente aferida por assistente social \u00ad para outro local a ser providenciado pela empresa promovente, ora embargante, junto ao Governo do Estado do Cear\u00e1, visto que este foi admitido como assistente. <\/span><\/p>\n\n\n\n<p><span>9 \u00ad Ademais, dever\u00e1 ser disponibilizado o transporte necess\u00e1rio para a desocupa\u00e7\u00e3o da \u00e1rea e o remanejamento das fam\u00edlias. <\/span><\/p>\n\n\n\n<p><span>10 \u00ad Por fim, mas n\u00e3o menos importante, todo o processo de cumprimento desta decis\u00e3o deve ser acompanhado por assistentes sociais e pelo necess\u00e1rio policiamento. <\/span><\/p>\n\n\n\n<p><span>11 \u00ad Embargos conhecidos e acolhidos com efeitos infringentes. Decis\u00e3o reformada para dar provimento ao agravo de instrumento interposto pela Companhia de Desenvolvimento do Cear\u00e1, deferindo a liminar <\/span><span>reintegrat\u00f3ria<\/span><span>. (TJCE &#8211; <\/span><span>EDcl<\/span><span> 7780\u00ad08.2007.8.06.0000\/1; Quarta C\u00e2mara C\u00edvel; Rel. Des. Teodoro Silva Santos; DJCE 03\/05\/2012; P\u00e1g. 41)<\/span><\/p>\n\n\n\n<p><span>AGRAVO DE INSTRUMENTO. REINTEGRA\u00c7\u00c3O DE POSSE. INVAS\u00c3O DE LOTE RURAL. CLANDESTINIDADE. POSSE NOVA. JUSTIFICA\u00c7\u00c3O PR\u00c9VIA REALIZADA. RETOMADA ORDENADA. MANUTEN\u00c7\u00c3O. <\/span><\/p>\n\n\n\n<p><span>Comprovada atrav\u00e9s de audi\u00eancia de justifica\u00e7\u00e3o pr\u00e9via que a posse dos requeridos \u00e9 nova e clandestina, \u00e9 cab\u00edvel a concess\u00e3o de liminar para determinar a imediata desocupa\u00e7\u00e3o da \u00e1rea e sua devolu\u00e7\u00e3o \u00e0 posseira primeva. (TJRO &#8211; AI 0013340-42.2011.8.22.0000; Rel. Des. Moreira Chagas; <\/span><span>Julg<\/span><span>. 27\/03\/2012; DJERO 03\/04\/2012; P\u00e1g. 74)<\/span><\/p>\n\n\n\n<p><span>A Autora \u00e9 propriet\u00e1ria e possuidora do im\u00f3vel sito na<\/span><span> &#8230;.<\/span><span>, objeto da matr\u00edcula de registro imobili\u00e1rio n\u00ba. <\/span><span>&#8230;<\/span><span>. Referido bem fora adquirido em <\/span><span>&#8230;<\/span><span>, onde a Promovente pagara, em moeda corrente nacional, a quantia de R$ <\/span><span>&#8230;.<\/span><span> ( <\/span><span>&#8230;.<\/span><span> ), o que comprova-se pela c\u00f3pia da escritura p\u00fablica e certid\u00e3o de registro de im\u00f3vel, devidamente registrado em nome da Autora. (<\/span><span>anexo<\/span><span>) <\/span><\/p>\n\n\n\n<p><span>Desde ent\u00e3o a Autora mant\u00e9m a posse e propriedade do referido bem, inclusive pagamentos os encargos tribut\u00e1rio<\/span><span>s<\/span><span> p<\/span><span>ertinentes ao mesmo<\/span><\/p>\n\n\n\n<p><span>Com o material fotogr\u00e1fico ora acostado, tamb\u00e9m demonstra-se que a Autora mant\u00e9m atividade pecu\u00e1ria e de cultivo de caju. (<\/span><span>anexo<\/span><span>)<\/span><\/p>\n\n\n\n<p><span>Demonstra-se, mais, que no situado endere\u00e7o funciona, h\u00e1 anos, uma f\u00e1brica de extra\u00e7\u00e3o da castanha de caju<\/span><\/p>\n\n\n\n<p><span><\/span><span>Desta sorte, n\u00e3o h\u00e1 qualquer d\u00favida que a Autora seja possuidora direta do im\u00f3vel turbado.<\/span><\/p>\n\n\n\n<p><span>O quadro f\u00e1tico em enfoque representa n\u00edtido ato de <\/span><span>turba\u00e7\u00e3o<\/span><span>, n\u00e3o de <\/span><span>esbulho<\/span><span>. \u00c9 que, segundo melhor doutrina, na turba\u00e7<\/span><span>\u00e3o, em que pese o ato molestador, o possuidor <\/span><span>conserva-se na posse do bem<\/span><span>. N\u00e3o \u00e9 o caso, l\u00f3gico.<\/span><\/p>\n\n\n\n<p><span>Sem maiores dificuldades verificamos que a R\u00e9 pratica ato de <\/span><span>turba\u00e7\u00e3o<\/span><span>, como a prop\u00f3sito lecionam <\/span><span>Cristiano Chaves de Far<\/span><span>ias e Nelson Rosenvald:<\/span><\/p>\n\n\n\n<p><span>\u201cSe o esbulho h\u00e1 efetiva priva\u00e7\u00e3o do exerc\u00edcio direto da posse sobre a coisa, muitas vezes pode o possuidor ser perturbado ou severamente incomodado no exerc\u00edcio da posse, sem que tal agress\u00e3o seja intensa o suficiente para exclu\u00ed-lo do poder f\u00edsico sobre o bem. O interdito da manuten\u00e7\u00e3o de posse pretende exatamente interromper a pr\u00e1tica dos atos de turba\u00e7\u00e3o, impondo-se ao causador da mol\u00e9stia a obriga\u00e7\u00e3o de abster-se da pr\u00e1tica de atos contr\u00e1rios ao pleno exerc\u00edcio livre da posse do autor, garantindo a perman\u00eancia do estado de fato. <\/span><\/p>\n\n\n\n<p><span>Da\u00ed que a distin\u00e7\u00e3o entre a reintegra\u00e7\u00e3o de posse e a manuten\u00e7\u00e3o de posse se insere na intensidade da agress\u00e3o, pois a turba\u00e7\u00e3o \u00e9 menor ofensiva que o esbulho, eis que n\u00e3o priva o possuidor do poder f\u00e1tico sobre o bem. \u201c(FARIAS, Cristiano Chaves de; ROSENVALD, N\u00e9lson. Direitos Reais. 6\u00aa Ed. Rio de Janeiro: <\/span><span>Lumen<\/span><span> Juris, 2010. P\u00e1g. 130-131)<\/span><\/p>\n\n\n\n<p><span> <\/span><span>Neste sentido<\/span><span>, <\/span><span>disp\u00f5e a lei<\/span><span> Civil que:<\/span><\/p>\n\n\n\n<p><span>C\u00d3DIGO CIVIL<\/span><\/p>\n\n\n\n<p><span>Art. 1210 \u2013 O possuidor tem o direito a ser mantido na posse em caso de turba\u00e7\u00e3o, restitu\u00eddo no de esbulho e segurado de viol\u00eancia iminente, se tiver justo receio de ser molestado.<\/span><\/p>\n\n\n\n<p><span>Trata ainda<\/span><span>:<\/span><\/p>\n\n\n\n<p><span>CIVIL E PROCESSO CIVIL. APELA\u00c7\u00c3O C\u00cdVEL. MANUTEN\u00c7\u00c3O DE POSSE. IM\u00d3VEL. DESFAZIMENTO DE ACORDO DE CONCESS\u00c3O DE PASSAGEM. NOTIFICA\u00c7\u00c3O. TURBA\u00c7\u00c3O. CARACTERIZA\u00c7\u00c3O. <\/span><\/p>\n\n\n\n<p><span>1.N\u00e3o merece reparo senten\u00e7a que concedeu a manuten\u00e7\u00e3o de posse de im\u00f3vel cuja turba\u00e7\u00e3o ficou caracterizada ap\u00f3s notifica\u00e7\u00e3o com prazo <\/span><span>razo\u00e1vel para que os r\u00e9us buscassem outro caminho para acessar o seu im\u00f3vel. <\/span><\/p>\n\n\n\n<p><span>2.Patente a turba\u00e7\u00e3o da posse uma vez que n\u00e3o se trata de im\u00f3vel encravado e existe outra passagem de acesso dos apelantes para o seu pr\u00e9dio. <\/span><\/p>\n\n\n\n<p><span>3.Demonstrada a presen\u00e7a dos requisitos insculpidos nos preceptivos dos artigos 927 [CPC\/2015, art. 927] e 928 [CPC\/2015, art. 562], do C\u00f3digo de Processo Civil, a medida possess\u00f3ria deve ser concedida initio <\/span><span>littis<\/span><span>. <\/span><\/p>\n\n\n\n<p><span>4. Recurso desprovido. (TJDF &#8211; <\/span><span>Rec<\/span><span> 2011.08.1.000592-8; Ac. 588.761; Terceira Turma C\u00edvel; Rel. Des. Mario-<\/span><span>Zam<\/span><span> Belmiro; DJDFTE 04\/06\/2012; P\u00e1g. 119)<\/span><\/p>\n\n\n\n<p><span>DIREITO PROCESSUAL CIVIL E CIVIL. A\u00c7\u00c3O DE MANUTEN\u00c7\u00c3O DE POSSE. ATO TURBATIVO. AMEA\u00c7A DE RETIRADA DE MURO. REQUISITOS DOS ARTIGOS 927 E 928 DO CPC. COMPROVA\u00c7\u00c3O. APELA\u00c7\u00c3O CONHECIDA MAS IMPROVIDA. <\/span><\/p>\n\n\n\n<p><span>1 \u00ad A a\u00e7\u00e3o de manuten\u00e7\u00e3o de posse visa garantir o possuidor na posse amea\u00e7ada, em caso de turba\u00e7\u00e3o, e esta deve ser entendida como a injusta <\/span><span>molesta\u00e7\u00e3o<\/span><span> ou amea\u00e7a de priva\u00e7\u00e3o da posse sofrida por algu\u00e9m que a vinha exercendo de forma mansa e pac\u00edfica. <\/span><\/p>\n\n\n\n<p><span>2 Preceituam os artigos 927 [CPC\/2015, art. 561] de 928 do CPC [CPC\/2015, art. 562] que a a\u00e7\u00e3o de manuten\u00e7\u00e3o de posse se prende \u00e0 prova da posse do autor, \u00e0 turba\u00e7\u00e3o praticada pelo r\u00e9u, \u00e0 data em que esta ocorreu e \u00e0 continua\u00e7\u00e3o da posse, embora turbada. Provados tais requisitos, \u00e9 de rigor a concess\u00e3o da medida. <\/span><\/p>\n\n\n\n<p><span>3\u00ad No caso em deslinde, os elementos restaram comprovados atrav\u00e9s dos depoimentos das testemunhas dos litigantes, devendo ser mantidos na posse os apelados. <\/span><\/p>\n\n\n\n<p><span>4 \u00ad Apela\u00e7\u00e3o conhecida mas improvida. (TJCE &#8211; AC 0047449\u00ad02.2006.8.06.0001; Quinta C\u00e2mara C\u00edvel; <\/span><span>Rel\u00aa<\/span><span> Des\u00aa <\/span><span>S\u00e9rgia<\/span><span> Maria Mendon\u00e7a Miranda; DJCE 30\/05\/2012; P\u00e1g. 58)<\/span><\/p>\n\n\n\n<p><span>AGRAVO DE INSTRUMENTO. A\u00c7\u00c3O DE MANUTEN\u00c7\u00c3O DE POSSE. VIG\u00caNCIA DE LOCA\u00c7\u00c3O. LIMINAR DEFERIDA. <\/span><\/p>\n\n\n\n<p><span>A concess\u00e3o da liminar em sede manuten\u00e7\u00e3o de posse est\u00e1 condicionada a razo\u00e1vel certeza acerca dos requisitos elencados pelo artigo 927, do CPC [CPC\/2015, art. 561]. No caso, demonstrada a posse do agravado, a poss\u00edvel turba\u00e7\u00e3o ocorrida considerando a vig\u00eancia do contrato de loca\u00e7\u00e3o, de rigor a manuten\u00e7\u00e3o da medida deferida no ju\u00edzo de origem. Agravo de instrumento desprovido. (TJRS &#8211; AI 23046-91.2012.8.21.7000; Tramanda\u00ed; D\u00e9cima Sexta C\u00e2mara C\u00edvel; Rel. Des. Marco Aur\u00e9lio dos Santos Caminha; <\/span><span>Julg<\/span><span>. 17\/05\/2012; DJERS 22\/05\/2012)<\/span><\/p>\n\n\n\n<p><span>Temos que o R\u00e9u fora <\/span><span>notificado <\/span><span>na data de <\/span><span>&#8230; <\/span><span>e, nesta<\/span><span> notifica<\/span><span>\u00e7<\/span><span>\u00e3o<\/span><span>, frisou-se a data da <\/span><span>\u00faltima turba\u00e7\u00e3o<\/span><span>, ou seja, em <\/span><span>&#8230;<\/span><span>. <\/span><span>Ademais, da <\/span><span>ata notarial<\/span><span> podemos extrair tais assertivas<\/span><span>.<\/span><span> <\/span><\/p>\n\n\n\n<p><span>Quanto \u00e0 data para efeito de <\/span><span>turba\u00e7\u00e3o<\/span><span>, sob a \u00e9gide das li\u00e7\u00f5es de <\/span><span><strong>Carlos Roberto Gon\u00e7alves<\/strong><\/span><span>, temos que:<\/span><\/p>\n\n\n\n<p><span>\u201c Quando reiterados os atos de turba\u00e7\u00e3o, sem que exista nexo de causalidade entre eles, a cada um pode corresponder uma a\u00e7\u00e3o, fluindo o prazo de ano e dia da data em que se verifica o respectivo ato. Examine-se exemplo ministrado por VICENTE RA\u00d3, citado por WASHINGTON DE BARROS MONTEIRO: \u2018Um vizinho penetra na minha fazenda uma, duas, cinco vezes, a fim de extrair lenha. Cada um desses atos, isoladamente, ofende minha posse e contra cada um deles posso pedir manuten\u00e7\u00e3o. Suposto que decorrido haja o prazo de ano e dia a conta do primeiro ato <\/span><span>turbativo<\/span><span>, nem por isso perderei o direito de recorrer ao interdito, para me opor \u00e0s turba\u00e7\u00f5es subsequentes, verificadas dentro do prazo legal.\u201d<\/span><\/p>\n\n\n\n<p><span>\u201c(GON\u00c7ALVES, Carlos Roberto. Direito Civil Brasileiro. S\u00e3o Paulo: Saraiva, 2006, vol. 5. P\u00e1g. 136)<\/span><span>Todo o relato f\u00e1tico e, mais, a prova documental carreada com esta pe\u00e7a vestibular, indicam que a Autora ainda det\u00e9m a posse do im\u00f3vel turbado, todavia <\/span><span>sendo molestada pelo R\u00e9u em face das invas\u00f5es perpetradas. <\/span><\/p>\n\n\n\n<p><span><strong>DA MEDIDA LIMINAR <\/strong><\/span><\/p>\n\n\n\n<p><span>A Autora faz jus \u00e0 medida liminar de <\/span><span>manuten\u00e7\u00e3o<\/span><span> de posse inaudita altera parte. (CPC<\/span><span>\/2015<\/span><span>, art. <\/span><span>562, caput c\/c 563<\/span><span>)<\/span><\/p>\n\n\n\n<p><span>A presente pe\u00e7a vestibular encontra-se devida instru\u00edda prova documental robusta, prova esta pertinente aos pressupostos estatu\u00eddos no art. <\/span><span>561<\/span><span> e seus incisos do Estatuto de Ritos. <\/span><\/p>\n\n\n\n<p><span>Frise-se, mais, que na hip\u00f3tese em vertente n\u00e3o que se falar em periculum in mora<\/span><span>. \u00c9 que, como consabido, a hip\u00f3tese n\u00e3o reclama <\/span><span>pleito com fun\u00e7\u00e3o <\/span><span>acautelat\u00f3ria<\/span><span>. Pelo contr\u00e1rio, aqui <\/span><span>se <\/span><span>debru\u00e7a acerca do direito objetivo material<\/span><span>. <\/span><\/p>\n\n\n\n<p><span>Ness<\/span><span>e diapas\u00e3o, provados<\/span><span> a turba\u00e7\u00e3o<\/span><span> e sua data (for\u00e7a nova), h\u00e1 de ser concedid<\/span><span>a<\/span><span> a medida liminar, independentemente da oitiva preliminar da parte promovida. N\u00e3o h\u00e1 que se falar, portanto, em ato discricion\u00e1rio quanto \u00e0 concess\u00e3o desta medida judicial. <\/span><\/p>\n\n\n\n<p><span><\/span><span>Corrobora com este entendimento<\/span><span>:<\/span><\/p>\n\n\n\n<p><span>AGRAVO DE INSTRUMENTO. MANUTEN\u00c7\u00c3O DE POSSE. PEDIDO DE LIMINAR. DEMONSTRA\u00c7\u00c3O DOS REQUISITOS DO ARTIGO 927 DO C\u00d3DIGO DE PROCESSO CIVIL. DEFERIMENTO DE LIMINAR QUE N\u00c3O MERECE REPAROS. RECURSO DESPROVIDO. <\/span><\/p>\n\n\n\n<p><span>Presentes os requisitos do artigo 927 do CPC [CPC\/2015, art. 561], eis que demonstrada a posse, a turba\u00e7\u00e3o, a data da turba\u00e7\u00e3o e a continua\u00e7\u00e3o da posse, embora turbada, correto o deferimento de liminar de manuten\u00e7\u00e3o da autora na posse do bem. (TJMT &#8211; AI <\/span><span>96540\/2011; Juscimeira; Sexta C\u00e2mara C\u00edvel; Rel. Des. Juracy <\/span><span>Persiani<\/span><span>; <\/span><span>Julg<\/span><span>. 23\/05\/2012; DJMT 30\/05\/2012; P\u00e1g. 70)<\/span><\/p>\n\n\n\n<p><span>Destarte, pede a Autora seja <\/span><span><strong>deferida <\/strong><\/span><span><strong> <\/strong><\/span><span><strong>medida liminar<\/strong><\/span><span><strong> <\/strong><\/span><span>de <\/span><span>manuten\u00e7\u00e3o d<\/span><span>e posse<\/span><span> no im\u00f3vel descrito nesta pe\u00e7a proemial<\/span><span>, sem a outiva pr\u00e9via da parte contr\u00e1ria, a ser cumprida por dois oficiais de justi\u00e7a, facultando-lhes a utiliza\u00e7\u00e3o de for\u00e7a policial e ordem de arrombamento. <\/span><\/p>\n\n\n\n<p><span>Requer-se<\/span><span>, ainda no importe do pleito sucessivo, <\/span><span>a <\/span><span>cita\u00e7\u00e3o do<\/span><span> R\u00e9<\/span><span>u<\/span><span> para comparecer \u00e0 audi\u00eancia de justifica\u00e7\u00e3o (CPC<\/span><span>\/2015<\/span><span>, art. <\/span><span>562<\/span><span>, segunda parte) e <\/span><span>a <\/span><span>intima\u00e7\u00e3o das testemunhas <\/span><span>tamb\u00e9m para esta finalidade processual <\/span><span>e, <\/span><span>ade<\/span><span>mais, provado o quadro f\u00e1tico ora narrado, de logo pleiteia-se o deferimento da medida liminar<\/span><span> de <\/span><span>manuten\u00e7\u00e3o <\/span><span>de posse<\/span><span>. (CPC<\/span><span>\/2015<\/span><span>, art. <\/span><span>563<\/span><span>)<\/span><\/p>\n\n\n\n<p><span><strong>DA MULTA <\/strong><\/span><\/p>\n\n\n\n<p><span>Com a finalidade de <\/span><span>se <\/span><span>evitar novas turba\u00e7\u00f5es do R\u00e9u, a Autora pede que seja impost<\/span><span>a<\/span><span> ao mesmo a pena cominat\u00f3ria de R$ 1.000,00 (mil reais) por cada nova turba\u00e7\u00e3o constatada<\/span><span>, com fulcro no art. 555, par\u00e1grafo \u00fanico, inc. I, CPC\/2015<\/span><span>. <\/span><span> <\/span><span><\/span><span><\/span><span><\/span><span><\/span><\/p>\n\n\n\n<p><span><strong>DOS REQUERIMENTOS <\/strong><\/span><\/p>\n\n\n\n<p><span><\/span><span>Diante de todo o exposto, requer:<\/span><\/p>\n\n\n\n<p><span>a) Requer, ap\u00f3s cumprida a medida liminar em ensejo, a cita\u00e7\u00e3o da R\u00e9 para, no prazo de cinco dias, querendo, contestar a a\u00e7\u00e3o (NCPC, art. 564);<\/span><\/p>\n\n\n\n<p><span>b) <\/span><span>pede, mais, sejam julgados procedentes os pedidos formulados na presente a\u00e7\u00e3o, confirmando-se por definitivo a medida liminar antes conferida<\/span><span> e <\/span><span>manutenindo <\/span><span>na posse a Autora<\/span><span>, condenando a parte R\u00e9 a <\/span><span>n\u00e3o fazer novas turba\u00e7\u00f5es, sob pena de pagamento de multa, por cada uma, no importe de R$ 1.000,00 (mil reais)<\/span><span>I<\/span><span>;<\/span><\/p>\n\n\n\n<p><span>c) pede, outrossim, seja o<\/span><span> R\u00e9<\/span><span>u<\/span><span> <\/span><span>seja condenado<\/span><span> ao pagamento de honor\u00e1rios advocat\u00edcios e custas processuais<\/span><span>, esses arbitrados no percentual de 20%(vinte por cento) <\/span><span>sobre o valor da causa (CPC\/2015, art. 85, \u00a7 2\u00ba);<\/span><\/p>\n\n\n\n<p><span>d<\/span><span>) <\/span><span>entende a Autora que o resultado da demanda prescinde de produ\u00e7\u00e3o de provas<\/span><span>, tendo em conta a prova documental colacionada aos autos<\/span><span>. Todavia, ressalva a mesma que, caso es<\/span><span>s<\/span><span>e n\u00e3o seja o entendimento de Vossa Excel\u00eancia, <\/span><span>protesta<\/span><span> provar o <\/span><span>alegado por todos os meios de prova em direitos admitidos, por mais especiais que sejam, <\/span><span>sobretudo com a<\/span><span> oitiva das<\/span><span> testemunhas<\/span><span> ora arroladas<\/span><span>, <\/span><span>per\u00edcia, <\/span><span>depoimento pessoal do<\/span><span> Promovido<\/span><span>, o que desd<\/span><span>e j\u00e1 requer, sob pena de confiss\u00e3o<\/span><span>.<\/span><\/p>\n\n\n\n<p><span>Concede-se \u00e0 causa o valor de R$ <\/span><span>&#8230;<\/span><span> ( <\/span><span>&#8230;<\/span><span> ), correspondente ao valor do im\u00f3vel em quest\u00e3o (NCPC, art. 292, inc. III).<\/span><\/p>\n\n\n\n<p><span style=\"color: #auto;\">Nestes termos, <\/span><\/p>\n\n\n\n<p><span style=\"color: #auto;\">pede e espera deferimento.<\/span><\/p>\n\n\n\n<p><span style=\"color: #auto;\">&#8230; (Munic\u00edpio \u2013 UF), &#8230; (dia) de &#8230; (m\u00eas) de &#8230; (ano).<\/span><\/p>\n\n\n\n<p class=\"has-text-align-center\"><span><strong>ADVOGADO<\/strong><\/span><\/p>\n\n\n\n<p class=\"has-text-align-center\"><span>OAB n\u00b0 &#8230;. &#8211; UF<\/span><\/p>\n\n\n\n<figure class=\"wp-block-image size-full\"><a href=\"https:\/\/advbox.com.br\/blog\/como-automatizar-seus-modelos-de-peticoes\/\" target=\"_blank\"><img fetchpriority=\"high\" decoding=\"async\" width=\"1024\" height=\"270\" src=\"https:\/\/advbox.com.br\/blog\/wp-content\/uploads\/2025\/12\/CTA-REBRANDING-16.webp\" alt=\"Banner com imagem ilustrativa de automa\u00e7\u00e3o de peti\u00e7\u00f5es jur\u00eddicas, destacando cria\u00e7\u00e3o, padroniza\u00e7\u00e3o e controle de peti\u00e7\u00f5es para advogados com a ADVBOX\" class=\"wp-image-79759\" srcset=\"https:\/\/advbox.com.br\/blog\/wp-content\/uploads\/2025\/12\/CTA-REBRANDING-16.webp 1024w, https:\/\/advbox.com.br\/blog\/wp-content\/uploads\/2025\/12\/CTA-REBRANDING-16-500x132.webp 500w, https:\/\/advbox.com.br\/blog\/wp-content\/uploads\/2025\/12\/CTA-REBRANDING-16-768x203.webp 768w, https:\/\/advbox.com.br\/blog\/wp-content\/uploads\/2025\/12\/CTA-REBRANDING-16-150x40.webp 150w\" sizes=\"(max-width: 1024px) 100vw, 1024px\" \/><\/a><\/figure>\n","protected":false},"excerpt":{"rendered":"<p>MODELO DE A\u00c7\u00c3O DE MANUTEN\u00c7\u00c3O DE POSSE DO IM\u00d3VEL DOUTO JU\u00cdZO DA ____\u00aa VARA C\u00cdVEL (JUIZADO ESPECIAL) DA COMARCA DE CIDADE-ESTADO &#8230; (nome completo em negrito do reclamante), &#8230; (nacionalidade), &#8230; (estado civil), &#8230; (profiss\u00e3o), portador do CPF\/MF n\u00ba &#8230;, com Documento de Identidade de n\u00b0 &#8230;, residente e domiciliado [&hellip;]<\/p>\n","protected":false},"author":44,"featured_media":79776,"comment_status":"closed","ping_status":"closed","template":"","meta":{"_acf_changed":false,"om_disable_all_campaigns":false,"footnotes":""},"modelo_category":[1457,1481],"class_list":["post-12154","modelos","type-modelos","status-publish","has-post-thumbnail","hentry","modelo_category-direito","modelo_category-direito-civil"],"acf":[],"yoast_head":"<!-- This site is optimized with the Yoast SEO plugin v26.9 - https:\/\/yoast.com\/product\/yoast-seo-wordpress\/ -->\n<title>Modelo de a\u00e7\u00e3o de manuten\u00e7\u00e3o de posse de im\u00f3vel | ADVBOX<\/title>\n<meta name=\"description\" content=\"Disponibilizamos para voc\u00ea um modelo de a\u00e7\u00e3o de manuten\u00e7\u00e3o de posse de im\u00f3vel. Otimize seu escrit\u00f3rio com ADVBOX.\" \/>\n<meta name=\"robots\" content=\"index, follow, max-snippet:-1, max-image-preview:large, max-video-preview:-1\" \/>\n<link rel=\"canonical\" href=\"https:\/\/advbox.com.br\/blog\/modelos\/acao-de-manutencao-de-posse-do-imovel\/\" \/>\n<meta property=\"og:locale\" content=\"pt_BR\" \/>\n<meta property=\"og:type\" content=\"article\" \/>\n<meta property=\"og:title\" content=\"Modelo de a\u00e7\u00e3o de manuten\u00e7\u00e3o de posse de im\u00f3vel | ADVBOX\" \/>\n<meta property=\"og:description\" content=\"Disponibilizamos para voc\u00ea um modelo de a\u00e7\u00e3o de manuten\u00e7\u00e3o de posse de im\u00f3vel. Otimize seu escrit\u00f3rio com ADVBOX.\" \/>\n<meta property=\"og:url\" content=\"https:\/\/advbox.com.br\/blog\/modelos\/acao-de-manutencao-de-posse-do-imovel\/\" \/>\n<meta property=\"og:site_name\" content=\"Software Jur\u00eddico Completo - ADVBOX\" \/>\n<meta property=\"article:publisher\" content=\"https:\/\/www.facebook.com\/advbox\/\" \/>\n<meta property=\"article:modified_time\" content=\"2025-12-23T21:55:54+00:00\" \/>\n<meta property=\"og:image\" content=\"https:\/\/advbox.com.br\/blog\/wp-content\/uploads\/2025\/12\/sobrestamento-1.jpg\" \/>\n\t<meta property=\"og:image:width\" content=\"1024\" \/>\n\t<meta property=\"og:image:height\" content=\"576\" \/>\n\t<meta property=\"og:image:type\" content=\"image\/jpeg\" \/>\n<meta name=\"twitter:card\" content=\"summary_large_image\" \/>\n<meta name=\"twitter:site\" content=\"@advbox2\" \/>\n<script type=\"application\/ld+json\" class=\"yoast-schema-graph\">{\"@context\":\"https:\/\/schema.org\",\"@graph\":[{\"@type\":\"WebPage\",\"@id\":\"https:\/\/advbox.com.br\/blog\/modelos\/acao-de-manutencao-de-posse-do-imovel\/\",\"url\":\"https:\/\/advbox.com.br\/blog\/modelos\/acao-de-manutencao-de-posse-do-imovel\/\",\"name\":\"Modelo de a\u00e7\u00e3o de manuten\u00e7\u00e3o de posse de im\u00f3vel | ADVBOX\",\"isPartOf\":{\"@id\":\"https:\/\/advbox.com.br\/blog\/#website\"},\"primaryImageOfPage\":{\"@id\":\"https:\/\/advbox.com.br\/blog\/modelos\/acao-de-manutencao-de-posse-do-imovel\/#primaryimage\"},\"image\":{\"@id\":\"https:\/\/advbox.com.br\/blog\/modelos\/acao-de-manutencao-de-posse-do-imovel\/#primaryimage\"},\"thumbnailUrl\":\"https:\/\/advbox.com.br\/blog\/wp-content\/uploads\/2025\/12\/sobrestamento-1.jpg\",\"datePublished\":\"2024-07-29T18:04:03+00:00\",\"dateModified\":\"2025-12-23T21:55:54+00:00\",\"description\":\"Disponibilizamos para voc\u00ea um modelo de a\u00e7\u00e3o de manuten\u00e7\u00e3o de posse de im\u00f3vel. Otimize seu escrit\u00f3rio com ADVBOX.\",\"breadcrumb\":{\"@id\":\"https:\/\/advbox.com.br\/blog\/modelos\/acao-de-manutencao-de-posse-do-imovel\/#breadcrumb\"},\"inLanguage\":\"pt-BR\",\"potentialAction\":[{\"@type\":\"ReadAction\",\"target\":[\"https:\/\/advbox.com.br\/blog\/modelos\/acao-de-manutencao-de-posse-do-imovel\/\"]}]},{\"@type\":\"ImageObject\",\"inLanguage\":\"pt-BR\",\"@id\":\"https:\/\/advbox.com.br\/blog\/modelos\/acao-de-manutencao-de-posse-do-imovel\/#primaryimage\",\"url\":\"https:\/\/advbox.com.br\/blog\/wp-content\/uploads\/2025\/12\/sobrestamento-1.jpg\",\"contentUrl\":\"https:\/\/advbox.com.br\/blog\/wp-content\/uploads\/2025\/12\/sobrestamento-1.jpg\",\"width\":1024,\"height\":576,\"caption\":\"Banner institucional da ADVBOX com elemento visual abstrato em tons de azul, representando estrutura, tecnologia e identidade visual da marca\"},{\"@type\":\"BreadcrumbList\",\"@id\":\"https:\/\/advbox.com.br\/blog\/modelos\/acao-de-manutencao-de-posse-do-imovel\/#breadcrumb\",\"itemListElement\":[{\"@type\":\"ListItem\",\"position\":1,\"name\":\"In\u00edcio\",\"item\":\"https:\/\/advbox.com.br\/blog\/\"},{\"@type\":\"ListItem\",\"position\":2,\"name\":\"Modelos\",\"item\":\"https:\/\/advbox.com.br\/blog\/modelos\/\"},{\"@type\":\"ListItem\",\"position\":3,\"name\":\"Modelo de a\u00e7\u00e3o de manuten\u00e7\u00e3o de posse de im\u00f3vel\"}]},{\"@type\":\"WebSite\",\"@id\":\"https:\/\/advbox.com.br\/blog\/#website\",\"url\":\"https:\/\/advbox.com.br\/blog\/\",\"name\":\"Software Jur\u00eddico Completo - ADVBOX\",\"description\":\"Plataforma para Advocacia Digital\",\"publisher\":{\"@id\":\"https:\/\/advbox.com.br\/blog\/#organization\"},\"potentialAction\":[{\"@type\":\"SearchAction\",\"target\":{\"@type\":\"EntryPoint\",\"urlTemplate\":\"https:\/\/advbox.com.br\/blog\/?s={search_term_string}\"},\"query-input\":{\"@type\":\"PropertyValueSpecification\",\"valueRequired\":true,\"valueName\":\"search_term_string\"}}],\"inLanguage\":\"pt-BR\"},{\"@type\":\"Organization\",\"@id\":\"https:\/\/advbox.com.br\/blog\/#organization\",\"name\":\"ADVBOX Blog - Software jur\u00eddico da advocacia digital\",\"url\":\"https:\/\/advbox.com.br\/blog\/\",\"logo\":{\"@type\":\"ImageObject\",\"inLanguage\":\"pt-BR\",\"@id\":\"https:\/\/advbox.com.br\/blog\/#\/schema\/logo\/image\/\",\"url\":\"https:\/\/advbox.com.br\/blog\/wp-content\/uploads\/2019\/12\/Como-aumentar-a-produtividade_.jpg\",\"contentUrl\":\"https:\/\/advbox.com.br\/blog\/wp-content\/uploads\/2019\/12\/Como-aumentar-a-produtividade_.jpg\",\"width\":320,\"height\":213,\"caption\":\"ADVBOX Blog - Software jur\u00eddico da advocacia digital\"},\"image\":{\"@id\":\"https:\/\/advbox.com.br\/blog\/#\/schema\/logo\/image\/\"},\"sameAs\":[\"https:\/\/www.facebook.com\/advbox\/\",\"https:\/\/x.com\/advbox2\"]}]}<\/script>\n<!-- \/ Yoast SEO plugin. -->","yoast_head_json":{"title":"Modelo de a\u00e7\u00e3o de manuten\u00e7\u00e3o de posse de im\u00f3vel | ADVBOX","description":"Disponibilizamos para voc\u00ea um modelo de a\u00e7\u00e3o de manuten\u00e7\u00e3o de posse de im\u00f3vel. Otimize seu escrit\u00f3rio com ADVBOX.","robots":{"index":"index","follow":"follow","max-snippet":"max-snippet:-1","max-image-preview":"max-image-preview:large","max-video-preview":"max-video-preview:-1"},"canonical":"https:\/\/advbox.com.br\/blog\/modelos\/acao-de-manutencao-de-posse-do-imovel\/","og_locale":"pt_BR","og_type":"article","og_title":"Modelo de a\u00e7\u00e3o de manuten\u00e7\u00e3o de posse de im\u00f3vel | ADVBOX","og_description":"Disponibilizamos para voc\u00ea um modelo de a\u00e7\u00e3o de manuten\u00e7\u00e3o de posse de im\u00f3vel. Otimize seu escrit\u00f3rio com ADVBOX.","og_url":"https:\/\/advbox.com.br\/blog\/modelos\/acao-de-manutencao-de-posse-do-imovel\/","og_site_name":"Software Jur\u00eddico Completo - ADVBOX","article_publisher":"https:\/\/www.facebook.com\/advbox\/","article_modified_time":"2025-12-23T21:55:54+00:00","og_image":[{"width":1024,"height":576,"url":"https:\/\/advbox.com.br\/blog\/wp-content\/uploads\/2025\/12\/sobrestamento-1.jpg","type":"image\/jpeg"}],"twitter_card":"summary_large_image","twitter_site":"@advbox2","schema":{"@context":"https:\/\/schema.org","@graph":[{"@type":"WebPage","@id":"https:\/\/advbox.com.br\/blog\/modelos\/acao-de-manutencao-de-posse-do-imovel\/","url":"https:\/\/advbox.com.br\/blog\/modelos\/acao-de-manutencao-de-posse-do-imovel\/","name":"Modelo de a\u00e7\u00e3o de manuten\u00e7\u00e3o de posse de im\u00f3vel | ADVBOX","isPartOf":{"@id":"https:\/\/advbox.com.br\/blog\/#website"},"primaryImageOfPage":{"@id":"https:\/\/advbox.com.br\/blog\/modelos\/acao-de-manutencao-de-posse-do-imovel\/#primaryimage"},"image":{"@id":"https:\/\/advbox.com.br\/blog\/modelos\/acao-de-manutencao-de-posse-do-imovel\/#primaryimage"},"thumbnailUrl":"https:\/\/advbox.com.br\/blog\/wp-content\/uploads\/2025\/12\/sobrestamento-1.jpg","datePublished":"2024-07-29T18:04:03+00:00","dateModified":"2025-12-23T21:55:54+00:00","description":"Disponibilizamos para voc\u00ea um modelo de a\u00e7\u00e3o de manuten\u00e7\u00e3o de posse de im\u00f3vel. Otimize seu escrit\u00f3rio com ADVBOX.","breadcrumb":{"@id":"https:\/\/advbox.com.br\/blog\/modelos\/acao-de-manutencao-de-posse-do-imovel\/#breadcrumb"},"inLanguage":"pt-BR","potentialAction":[{"@type":"ReadAction","target":["https:\/\/advbox.com.br\/blog\/modelos\/acao-de-manutencao-de-posse-do-imovel\/"]}]},{"@type":"ImageObject","inLanguage":"pt-BR","@id":"https:\/\/advbox.com.br\/blog\/modelos\/acao-de-manutencao-de-posse-do-imovel\/#primaryimage","url":"https:\/\/advbox.com.br\/blog\/wp-content\/uploads\/2025\/12\/sobrestamento-1.jpg","contentUrl":"https:\/\/advbox.com.br\/blog\/wp-content\/uploads\/2025\/12\/sobrestamento-1.jpg","width":1024,"height":576,"caption":"Banner institucional da ADVBOX com elemento visual abstrato em tons de azul, representando estrutura, tecnologia e identidade visual da marca"},{"@type":"BreadcrumbList","@id":"https:\/\/advbox.com.br\/blog\/modelos\/acao-de-manutencao-de-posse-do-imovel\/#breadcrumb","itemListElement":[{"@type":"ListItem","position":1,"name":"In\u00edcio","item":"https:\/\/advbox.com.br\/blog\/"},{"@type":"ListItem","position":2,"name":"Modelos","item":"https:\/\/advbox.com.br\/blog\/modelos\/"},{"@type":"ListItem","position":3,"name":"Modelo de a\u00e7\u00e3o de manuten\u00e7\u00e3o de posse de im\u00f3vel"}]},{"@type":"WebSite","@id":"https:\/\/advbox.com.br\/blog\/#website","url":"https:\/\/advbox.com.br\/blog\/","name":"Software Jur\u00eddico Completo - ADVBOX","description":"Plataforma para Advocacia Digital","publisher":{"@id":"https:\/\/advbox.com.br\/blog\/#organization"},"potentialAction":[{"@type":"SearchAction","target":{"@type":"EntryPoint","urlTemplate":"https:\/\/advbox.com.br\/blog\/?s={search_term_string}"},"query-input":{"@type":"PropertyValueSpecification","valueRequired":true,"valueName":"search_term_string"}}],"inLanguage":"pt-BR"},{"@type":"Organization","@id":"https:\/\/advbox.com.br\/blog\/#organization","name":"ADVBOX Blog - Software jur\u00eddico da advocacia digital","url":"https:\/\/advbox.com.br\/blog\/","logo":{"@type":"ImageObject","inLanguage":"pt-BR","@id":"https:\/\/advbox.com.br\/blog\/#\/schema\/logo\/image\/","url":"https:\/\/advbox.com.br\/blog\/wp-content\/uploads\/2019\/12\/Como-aumentar-a-produtividade_.jpg","contentUrl":"https:\/\/advbox.com.br\/blog\/wp-content\/uploads\/2019\/12\/Como-aumentar-a-produtividade_.jpg","width":320,"height":213,"caption":"ADVBOX Blog - Software jur\u00eddico da advocacia digital"},"image":{"@id":"https:\/\/advbox.com.br\/blog\/#\/schema\/logo\/image\/"},"sameAs":["https:\/\/www.facebook.com\/advbox\/","https:\/\/x.com\/advbox2"]}]}},"_links":{"self":[{"href":"https:\/\/advbox.com.br\/blog\/wp-json\/wp\/v2\/modelos\/12154","targetHints":{"allow":["GET"]}}],"collection":[{"href":"https:\/\/advbox.com.br\/blog\/wp-json\/wp\/v2\/modelos"}],"about":[{"href":"https:\/\/advbox.com.br\/blog\/wp-json\/wp\/v2\/types\/modelos"}],"author":[{"embeddable":true,"href":"https:\/\/advbox.com.br\/blog\/wp-json\/wp\/v2\/users\/44"}],"replies":[{"embeddable":true,"href":"https:\/\/advbox.com.br\/blog\/wp-json\/wp\/v2\/comments?post=12154"}],"version-history":[{"count":7,"href":"https:\/\/advbox.com.br\/blog\/wp-json\/wp\/v2\/modelos\/12154\/revisions"}],"predecessor-version":[{"id":80091,"href":"https:\/\/advbox.com.br\/blog\/wp-json\/wp\/v2\/modelos\/12154\/revisions\/80091"}],"wp:featuredmedia":[{"embeddable":true,"href":"https:\/\/advbox.com.br\/blog\/wp-json\/wp\/v2\/media\/79776"}],"wp:attachment":[{"href":"https:\/\/advbox.com.br\/blog\/wp-json\/wp\/v2\/media?parent=12154"}],"wp:term":[{"taxonomy":"modelo_category","embeddable":true,"href":"https:\/\/advbox.com.br\/blog\/wp-json\/wp\/v2\/modelo_category?post=12154"}],"curies":[{"name":"wp","href":"https:\/\/api.w.org\/{rel}","templated":true}]}}