{"id":12224,"date":"2019-03-07T05:52:44","date_gmt":"2019-03-07T05:52:44","guid":{"rendered":"https:\/\/advbox.com.br\/blog\/?post_type=modelos&#038;p=12224"},"modified":"2024-12-26T16:15:12","modified_gmt":"2024-12-26T19:15:12","slug":"habeas-corpus-concessao-de-liminar","status":"publish","type":"modelos","link":"https:\/\/advbox.com.br\/blog\/modelos\/habeas-corpus-concessao-de-liminar\/","title":{"rendered":"Modelo de Habeas Corpus &#8211; Concess\u00e3o de Liminar"},"content":{"rendered":"<p style=\"text-align: center; background: #eee; padding: 10px;\"><strong><em>Quer descobrir como automatizar o preenchimento de todos os seus modelos de peti\u00e7\u00e3o e otimizar o tempo de toda sua equipe? <a href=\"https:\/\/advbox.com.br\/blog\/como-automatizar-seus-modelos-de-peticoes\/\" alt=\"Automatize o preenchimento das suas Peti\u00e7\u00f5es e otimize Tempo\" target=\"_blank\">Clique aqui<\/a><\/em><\/strong><\/p>\n<p>\n\u00a0\n<\/p>\n<h1><strong>MODELO DE HABEAS CORPUS &#8211; CONCESS\u00c3O DE LIMINAR<\/strong><\/h1>\n<p>\n\u00a0<\/p>\n<p><span style=\"color: #212121;\"><\/span><\/p>\n<p><span style=\"color: #212121;\"><strong>EXCELENT\u00cdSSIMO SENHOR DESEMBARGADOR PRESIDENTE DO EGR\u00c9GIO TRIBUNAL DE JUSTI\u00c7A DO ESTADO <\/strong><\/span><span style=\"color: #212121;\"><strong>TAL<\/strong><\/span><\/p>\n<p>\u00a0<\/p>\n<p>\u00a0<\/p>\n<p><span style=\"color: #212121;\"><strong>NOME DO ADVOGADO<\/strong><\/span><span style=\"color: #212121;\">, advogado, inscrito na OAB\/<\/span><span style=\"color: #212121;\">UF<\/span><span style=\"color: #212121;\"> sob o n\u00ba <\/span><span style=\"color: #212121;\">000000<\/span><span style=\"color: #212121;\">, com escrit\u00f3rio profissional na Rua <\/span><span style=\"color: #212121;\">TAL<\/span><span style=\"color: #212121;\">, onde recebe intima\u00e7\u00f5es, vem<\/span><span style=\"color: #212121;\"> <\/span><span style=\"color: #212121;\">respeitosamente perante esse Egr\u00e9gio Tribunal, com fulcro no art<\/span><span style=\"color: #212121;\">. 5\u00ba<\/span><span style=\"color: #212121;\">, inciso<\/span><span style=\"color: #212121;\"> LXVIII<\/span><span style=\"color: #212121;\">, da<\/span><span style=\"color: #212121;\"> Constitui\u00e7\u00e3o Federal<\/span><span style=\"color: #212121;\"> de 1988 e artigos<\/span><span style=\"color: #212121;\"> 647<\/span><span style=\"color: #212121;\">\u00a0e<\/span><span style=\"color: #212121;\"> 648<\/span><span style=\"color: #212121;\">, ambos do<\/span><span style=\"color: #212121;\"> C\u00f3digo de Processo Penal<\/span><span style=\"color: #212121;\"> impetrar o presente<\/span><\/p>\n<p>\u00a0<\/p>\n<p><span style=\"color: #212121;\"><strong>HABEAS CORPUS LIBERAT\u00d3RIO COM PEDIDO DE CONCESS\u00c3O DE LIMINAR<\/strong><\/span><\/p>\n<p>\u00a0<\/p>\n<p><span style=\"color: #212121;\">em benef\u00edcio do paciente\u00a0<\/span><span style=\"color: #212121;\"><strong>NOME DO CLIENTE<\/strong><\/span><span style=\"color: #212121;\">, brasileiro, solteiro, nascido em <\/span><span style=\"color: #212121;\">DATA TAL<\/span><span style=\"color: #212121;\">, residente na Rua <\/span><span style=\"color: #212121;\">TAL<\/span><span style=\"color: #212121;\">, atualmente recolhido na Penitenci\u00e1ria <\/span><span style=\"color: #212121;\">TAL<\/span><span style=\"color: #212121;\">, o qual vem sofrendo violenta coa\u00e7\u00e3o em sua liberdade, por ato ilegal e abusivo do Excelent\u00edssimo Senhor Juiz de Direito da <\/span><span style=\"color: #212121;\">00\u00ba <\/span><span style=\"color: #212121;\">Vara Criminal da Comarca de <\/span><span style=\"color: #212121;\">CIDADE-UF<\/span><span style=\"color: #212121;\">, pelos motivos de fato e de direito a seguir delineados:<\/span><\/p>\n<p>\u00a0<\/p>\n<p><span style=\"color: #212121;\"><strong>DA S\u00cdNTESE DOS FATOS<\/strong><\/span><\/p>\n<p><span style=\"color: #212121;\">Constam nos autos do processo criminal n\u00ba\u00a0<\/span><span style=\"color: #212121;\">00000000<\/span><span style=\"color: #212121;\"> o qual tramitou na<\/span><span style=\"color: #212121;\"> 00\u00ba <\/span><span style=\"color: #212121;\">Vara Criminal da Comarca de <\/span><span style=\"color: #212121;\">CIDADE-UF<\/span><span style=\"color: #212121;\">, que supostamente o paciente praticou o crime de <\/span><span style=\"color: #212121;\">TIPIFI<\/span><span style=\"color: #212121;\">CAR O CRIME.<\/span><\/p>\n<p><span style=\"color: #212121;\">Chegando o fato ao conhecimento da autoridade policial, instaurou-se o inqu\u00e9rito policial para apurar eventual infra\u00e7\u00e3o penal. Ouvido a v\u00edtima, acusado e testemunhas, a Delegada de Pol\u00edcia Civil decidiu por indiciar <\/span><span style=\"color: #212121;\">NOME DO INDICIADO<\/span><span style=\"color: #212121;\"> pela pr\u00e1tica descrita no artigo <\/span><span style=\"color: #212121;\">TAL<\/span><span style=\"color: #212121;\"> do<\/span><span style=\"color: #212121;\"> C\u00f3digo Penal<\/span><span style=\"color: #212121;\">, bem como representar por sua pris\u00e3o preventiva.<\/span><\/p>\n<p><span style=\"color: #212121;\">Em depoimento na esfera policial (discorrer fatos).<\/span><\/p>\n<p><span style=\"color: #212121;\">O ilustre representante do &#8220;<\/span><span style=\"color: #212121;\">Parquet<\/span><span style=\"color: #212121;\">&#8221; denunciou o ora paciente nas condutas previstas nos artigos <\/span><span style=\"color: #212121;\">TAL<\/span><span style=\"color: #212121;\"> e <\/span><span style=\"color: #212121;\">TAL<\/span><span style=\"color: #212121;\"> todos do<\/span><span style=\"color: #212121;\"> C\u00f3digo Penal<\/span><span style=\"color: #212121;\">. Em <\/span><span style=\"color: #212121;\">DATA TAL<\/span><span style=\"color: #212121;\"> o Excelent\u00edssimo Juiz decretou a pris\u00e3o preventiva de <\/span><span style=\"color: #212121;\">TAL,<\/span><span style=\"color: #212121;\"> fundamentando (discorrer fatos).<\/span><\/p>\n<p><span style=\"color: #212121;\">Ocorre Nobre Julgador, que a decreta\u00e7\u00e3o da pris\u00e3o preventiva do paciente n\u00e3o encontra qualquer respaldo no ordenamento jur\u00eddico, motivo de sua ilegalidade.<\/span><\/p>\n<p><span style=\"color: #212121;\"><strong>DA FUNDAMENTA\u00c7\u00c3O JUR\u00cdDICA<\/strong><\/span><\/p>\n<p><span style=\"color: #212121;\">A<\/span><span style=\"color: #212121;\"> CF<\/span><span style=\"color: #212121;\"> de 1988 prescreve em seu art.<\/span><span style=\"color: #212121;\"> 5\u00ba<\/span><span style=\"color: #212121;\">, inciso<\/span><span style=\"color: #212121;\"> LXVIII<\/span><span style=\"color: #212121;\">, que ser\u00e1 concedido \u201c<\/span><span style=\"color: #212121;\">habeas corpus<\/span><span style=\"color: #212121;\">\u201d sempre que algu\u00e9m sofrer ou se achar amea\u00e7ado de sofrer viol\u00eancia ou coa\u00e7\u00e3o em sua liberdade de locomo\u00e7\u00e3o, por ilegalidade ou abuso de poder.<\/span><\/p>\n<p><span style=\"color: #212121;\">Em igual substrato, o<\/span><span style=\"color: #212121;\"> C\u00f3digo de Processo Penal<\/span><span style=\"color: #212121;\"> contempla em seus artigos<\/span><span style=\"color: #212121;\"> 647 <\/span><span style=\"color: #212121;\">e<\/span><span style=\"color: #212121;\"> 648:<\/span><\/p>\n<p>\u00a0\n<\/p>\n<p style=\"text-align: justify;\"><span style=\"color: #4472c4;\">&#8220;Art. 647. Dar-se-\u00e1 habeas corpus sempre que algu\u00e9m sofrer ou se achar na imin\u00eancia de sofrer viol\u00eancia ou coa\u00e7\u00e3o ilegal na sua liberdade de ir e vir, salvo nos casos de puni\u00e7\u00e3o disciplinar;&#8221;<\/span><\/p>\n<p style=\"text-align: justify;\"><span><strong>(&#8230;)<\/strong><\/span><\/p>\n<p style=\"text-align: justify;\"><span style=\"color: #4472c4;\"><strong>&#8220;Art. 648. A coa\u00e7\u00e3o considerar-se-\u00e1 ilegal:<\/strong><\/span><\/p>\n<p style=\"text-align: justify;\"><span style=\"color: #4472c4;\"><strong>I &#8211; quando n\u00e3o houver justa causa; (&#8230;)&#8221;<\/strong><\/span><\/p>\n<p><span style=\"color: #212121;\">H\u00e1 que se mencionar ainda o Pacto de S\u00e3o Jos\u00e9 da Costa Rica, recepcionado em nosso ordenamento jur\u00eddico brasileiro, que em seu art. 7\u00ba, \u00e9 taxativo ao expor que toda pessoa tem direito a liberdade, sendo que ningu\u00e9m pode ser submetido ao encarceramento arbitr\u00e1rio.<\/span><span style=\"color: #212121;\">Assim, para ocorrer o cerceamento da liberdade de qualquer cidad\u00e3o deve-se observar os princ\u00edpios e garantias previstos na<\/span><span style=\"color: #212121;\"> Carta Magna<\/span><span style=\"color: #212121;\">, o que foi gritantemente violado, al\u00e9m de, vislumbrar que, no caso em tela, n\u00e3o ocorreram os requisitos do artigo<\/span><span style=\"color: #212121;\"> 312 <\/span><span style=\"color: #212121;\">do<\/span><span style=\"color: #212121;\"> CPP<\/span><span style=\"color: #212121;\"> (pris\u00e3o preventiva) do paciente que foi determinada com base em suposi\u00e7\u00f5es que n\u00e3o encontram qualquer amparo nas provas colhidas, consubstanciando ainda no presente\u00a0<\/span><span style=\"color: #212121;\">writ<\/span><span style=\"color: #212121;\">, a exacerba\u00e7\u00e3o e reiterados erros na aplica\u00e7\u00e3o da dosimetria da pena.<\/span><span style=\"color: #212121;\"><strong>DAS NULIDADES<\/strong><\/span><span style=\"color: #212121;\">De acordo com Tourinho Filho<\/span><span style=\"color: #212121;\">:<\/span><\/p>\n<p>\u00a0\n<\/p>\n<p style=\"text-align: justify;\"><span style=\"color: #4472c4;\">\u201ctodo ato viciado ou com algum defeito, por ter sido praticado sem a observ\u00e2ncia da forma legal, \u00e9 passivo de receber a san\u00e7\u00e3o penal chamada de nulidade. A nulidade apresenta-se como a san\u00e7\u00e3o penal aplicada ao processo, ou h\u00e1 algum ato processual defeituoso e com v\u00edcios, praticado sem observ\u00e2ncia da forma prevista em lei ou em forma proibida pela lei processual penal\u201d. <\/span><\/p>\n<p><span style=\"color: #212121;\">Desta forma, o motivo para a exist\u00eancia das nulidades \u00e9 a necessidade de um procedimento processual feito de acordo com as formalidades exigidas para os <\/span><span style=\"color: #212121;\">atos processuais, j\u00e1 que \u00e9 garantia para as partes ter um processo justo e regular, como preceitua a<\/span><span style=\"color: #212121;\"> CF<\/span><span style=\"color: #212121;\"> de 1988.<\/span><span style=\"color: #212121;\"><strong>DA VIOLA\u00c7\u00c3O AOS PRINC\u00cdPIOS DOS CONTRADIT\u00d3RIOS E DA AMPLA DEFESA<\/strong><\/span><span style=\"color: #212121;\">\u00c9 cedi\u00e7o que no antigo sistema inquisit\u00f3rio (o qual surgiu logo ap\u00f3s o acusat\u00f3rio cl\u00e1ssico), dentre outras peculiaridades, as provas eram calculadas conforme c\u00e1lculo matem\u00e1tico em que se distribu\u00edam pontos dentre cada prova apresentada e ao final, a somat\u00f3ria de tais pontos determinava a condena\u00e7\u00e3o ou absolvi\u00e7\u00e3o do r\u00e9u. Neste sistema havia o \u201cxeque-mate da a\u00e7\u00e3o penal\u201d, o qual possu\u00eda o nome de Rainha das provas, que consistia na apresenta\u00e7\u00e3o de uma prova que automaticamente decretasse a condena\u00e7\u00e3o ou absolvi\u00e7\u00e3o do acusado (exemplo: confiss\u00e3o). Apresentada tal prova a instru\u00e7\u00e3o penal n\u00e3o se fazia mais necess\u00e1ria e o juiz ent\u00e3o, considerando aquela prova como suficiente, condenava ou absolvia o r\u00e9u.<\/span><span style=\"color: #212121;\">Com o novo sistema inquisit\u00f3rio (parte da doutrina diz sistema inquisit\u00f3rio misto) este sistema de valora\u00e7\u00e3o de provas caiu por terra, vez que entendeu-se que a rainha das provas poderia vir acompanhada de algum v\u00edcio, como por exemplo uma confiss\u00e3o para livrar outra pessoa, bem como deveria se considerar a aplica\u00e7\u00e3o de princ\u00edpios basilares do direito penal como o\u00a0<\/span><span style=\"color: #212121;\">favor rei (favor libertatis)<\/span><span style=\"color: #212121;\">, que t\u00e3o importante se fez acabou por consolidado no artigo<\/span><span style=\"color: #212121;\"> 386<\/span><span style=\"color: #212121;\">, inciso<\/span><span style=\"color: #212121;\"> VII<\/span><span style=\"color: #212121;\">\u00a0do<\/span><span style=\"color: #212121;\"> C\u00f3digo de Processo Penal<\/span><span style=\"color: #212121;\">\u00a0p\u00e1trio,\u00a0<\/span><span style=\"color: #212121;\">in verbis<\/span><span style=\"color: #212121;\">:<\/span><\/p>\n<p style=\"text-align: justify;\"><span style=\"color: #4472c4;\"><strong>Art. 386. O juiz absolver\u00e1 o r\u00e9u, mencionando a causa na parte dispositiva, desde que reconhe\u00e7a:<\/strong><\/span><\/p>\n<p><span style=\"color: #212121;\">(&#8230;)<\/span><\/p>\n<p style=\"text-align: justify;\"><span style=\"color: #4472c4;\"><strong>VII \u2013 n\u00e3o existir prova suficiente para a condena\u00e7\u00e3o<\/strong><\/span><\/p>\n<p><span style=\"color: #212121;\">Trazendo tais informa\u00e7\u00f5es para os autos, o que se v\u00ea \u00e9 utiliza\u00e7\u00e3o por parte do Merit\u00edssimo Juiz de direito da XX Vara Criminal de XXXXX\/XX do instituto da rainha das provas, considerando que o \u00fanico ind\u00edcio de uma conduta reprov\u00e1vel por parte <\/span><span style=\"color: #212121;\">da paciente parte<\/span><span style=\"color: #212121;\"> do depoimento de uma \u00fanica testemunha que sequer presenciou os fatos.<\/span><span style=\"color: #212121;\"><strong>DA N\u00c3O PRODU\u00c7\u00c3O DE PROVAS IL\u00cdCITAS<\/strong><\/span><span style=\"color: #212121;\">O processo como um procedimento em contradit\u00f3rio gira em torno da senten\u00e7a, ou seja, do provimento final, a qual nada mais \u00e9 do que o resultado do procedimento. As provas, principalmente testemunhais, devem ser l\u00edcitas e estarem sem qualquer tipo de contamina\u00e7\u00e3o, uma vez que maculada, tamb\u00e9m contaminam a senten\u00e7a, tornando sua efic\u00e1cia neutralizada.<\/span><span style=\"color: #212121;\">Assim diz a<\/span><span style=\"color: #212121;\"> Constitui\u00e7\u00e3o Federal<\/span><span style=\"color: #212121;\">:<\/span><span style=\"color: #212121;\">Artigo 5\u00ba (&#8230;)<\/span><\/p>\n<p style=\"text-align: justify;\"><span style=\"color: #4472c4;\"><strong>LVI &#8211; s\u00e3o inadmiss\u00edveis, no processo, as provas obtidas por meios il\u00edcitos.<\/strong><\/span><\/p>\n<p><span style=\"color: #212121;\">(Discorrer sobre os fatos)<\/span><span style=\"color: #212121;\">O<\/span><span style=\"color: #212121;\"> C\u00f3digo de Processo Penal<\/span><span style=\"color: #212121;\">\u00a0em seu artigo<\/span><span style=\"color: #212121;\"> 213 <\/span><span style=\"color: #212121;\">diz:<\/span><\/p>\n<p style=\"text-align: justify;\"><span style=\"color: #4472c4;\"><strong>Art. 213. O juiz n\u00e3o permitir\u00e1 que a testemunha manifeste suas aprecia\u00e7\u00f5es pessoais, salvo quando insepar\u00e1veis da narrativa do fato.<\/strong><\/span><\/p>\n<p><span style=\"color: #212121;\">Como o pr\u00f3prio artigo diz, s\u00f3 \u00e9 admitido a manifesta\u00e7\u00e3o de aprecia\u00e7\u00f5es pessoais quando estas s\u00e3o insepar\u00e1veis do fato, o que N\u00c3O OCORRE no presente caso. (Discorrer sobre os fatos).<\/span><span style=\"color: #212121;\">Pode-se citar neste caso a teoria da \u00e1rvore dos frutos envenenados (<\/span><span style=\"color: #212121;\">fruits of poisonous)<\/span><span style=\"color: #212121;\">, que ao falar do processo penal diz que a simples prova obtida por meio il\u00edcito, contamina todas as demais provas, tornando todo o procedimento nulo. No caso em tela, (discorrer sobre os fatos).<\/span><span style=\"color: #212121;\">Pelo exposto Nobre Desembargador, p\u00f4de-se analisar que as nulidades foram referentes a princ\u00edpios basilares dos direitos e garantias fundamentais do cidad\u00e3o, conforme a<\/span><span style=\"color: #212121;\"> Constitui\u00e7\u00e3o<\/span><span style=\"color: #212121;\"> <\/span><span style=\"color: #212121;\">de 1988. Sendo assim, tais princ\u00edpios violados impossibilitaram o regular procedimento do feito, tornando o processo nulo\/nulidade absoluta, visto que o corol\u00e1rio de todos os princ\u00edpios constitucionais \u00e9 o devido processo legal, que foi notoriamente ferido.<\/span><span style=\"color: #212121;\"><strong>AUS\u00caNCIA DOS PRESSUPOSTOS DA PREVENTIVA<\/strong><\/span><span style=\"color: #212121;\">\u00c9 evidente que a<\/span><span style=\"color: #212121;\"> Constitui\u00e7\u00e3o t<\/span><span style=\"color: #212121;\">amb\u00e9m possibilita a decreta\u00e7\u00e3o de pris\u00e3o provis\u00f3ria antes de uma senten\u00e7a condenat\u00f3ria transitada em julgado, entretanto, essas pris\u00f5es t\u00eam car\u00e1ter eminentemente cautelar e, como toda medida dessa linhagem, para serem legitimamente decretadas devem preencher os requisitos cautelares do\u00a0<\/span><span style=\"color: #212121;\">fumus comissi delicti e periculum in libertatis<\/span><span style=\"color: #212121;\">, sendo imprescind\u00edvel, portanto, que a exist\u00eancia do crime esteja devidamente comprovada e que haja, pelo menos, ind\u00edcios m\u00ednimos de autoria (<\/span><span style=\"color: #212121;\">fumus boni iuris<\/span><span style=\"color: #212121;\">), al\u00e9m de comprova\u00e7\u00e3o da necessidade da pris\u00e3o, ou seja, risco para o transcurso normal do processo, caso n\u00e3o seja ela decretada (<\/span><span style=\"color: #212121;\">periculum in mora<\/span><span style=\"color: #212121;\">).<\/span><span style=\"color: #212121;\">Em suma, a pris\u00e3o cautelar s\u00f3 poder\u00e1 ser decretada, quando, havendo ind\u00edcios de autoria e prova da materialidade, for necess\u00e1ria para a garantia da ordem p\u00fablica, por conveni\u00eancia da instru\u00e7\u00e3o criminal ou para assegurar a aplica\u00e7\u00e3o da lei penal (artigo<\/span><span style=\"color: #212121;\"> 312 <\/span><span style=\"color: #212121;\">do<\/span><span style=\"color: #212121;\"> C\u00f3digo de Processo Penal<\/span><span style=\"color: #212121;\">). Assim, ainda que Vossas Excel\u00eancias considerem haver ind\u00edcios suficientes de autoria, o mesmo n\u00e3o se <\/span><span style=\"color: #212121;\">pode dizer com rela\u00e7\u00e3o ao\u00a0<\/span><span style=\"color: #212121;\">periculum in libertatis<\/span><span style=\"color: #212121;\">, pois essa exig\u00eancia cautelar aqui n\u00e3o se encontra presente.<\/span><span style=\"color: #212121;\">N\u00e3o h\u00e1 nos autos elementos que fa\u00e7am supor que o paciente, que sequer registra outros processos criminais tramitando em seu desfavor, pretendia se furtar \u00e0 apura\u00e7\u00e3o de sua responsabilidade criminal ou influir no depoimento de testemunhas, com o objetivo de obstaculizar o decurso da instru\u00e7\u00e3o processual, ou seja, n\u00e3o se vislumbra, nesse caso, o risco que a liberdade do expoente poderia oferecer ao deslinde da instru\u00e7\u00e3o processual, \u00e0 ordem p\u00fablica, tampouco \u00e0 aplica\u00e7\u00e3o da lei penal, ausentes, portanto, os requisitos para a decreta\u00e7\u00e3o da pris\u00e3o preventiva.<\/span><span style=\"color: #212121;\">Diga-se que as justificativas de uma pris\u00e3o cautelar devem ressurgir de elementos de convic\u00e7\u00e3o existentes nos autos, ou seja, a declara\u00e7\u00e3o da v\u00edtima de um suposto crime cometido, que ao menos fora investigado, ocorrido h\u00e1 mais de trinta anos n\u00e3o pode ser considerada como argumento para a caracteriza\u00e7\u00e3o do\u00a0<\/span><span style=\"color: #212121;\">periculum in libertatis<\/span><span style=\"color: #212121;\">. <\/span><span style=\"color: #212121;\">Essa, ali\u00e1s, \u00e9 a li\u00e7\u00e3o de Lu\u00eds Fl\u00e1vio Gomes, que com extrema propriedade doutrina <\/span><span style=\"color: #212121;\">(Direito de Apelar em Liberdade, Ed. RT, p. 39).<\/span><\/p>\n<p>\u00a0\n<\/p>\n<p style=\"text-align: justify;\"><span style=\"color: #4472c4;\"><strong>\u201cque a pris\u00e3o cautelar \u00e9 excepcional e instrumental. Desse modo, s\u00f3 se justifica quando o juiz, motivadamente, demonstra seu embasamento f\u00e1tico e jur\u00eddico, valendo das provas produzidas dentro do processo\u201d <\/strong><\/span><\/p>\n<p><span style=\"color: #212121;\">Destaca-se que a simples alega\u00e7\u00e3o de gravidade do delito n\u00e3o \u00e9 suficiente a sustentar decreto prisional cautelar, posto que como pac\u00edfico entendimento doutrin\u00e1rio e jurisprudencial, a necessidade da medida deve ser comprovada por fatos concretos e n\u00e3o apenas na afirma\u00e7\u00e3o de que a gravidade do crime afeta a paz social e deixa abalada a comunidade local.<\/span><span style=\"color: #212121;\">Neste sentido j\u00e1 decidiram o Supremo Tribunal Federal e o Superior Tribunal de Justi\u00e7a:<\/span><\/p>\n<p style=\"text-align: justify;\"><span style=\"color: #4472c4;\"><strong>Boletim Informativo n\u00ba 213 do STJ. DECIS\u00c3O DA 6\u00aa TURMA. PRIS\u00c3O PREVENTIVA. REQUISITOS. FUNDAMENTA\u00c7\u00c3O. A gravidade do delito mesmo quando praticado crime hediondo, se considerada de modo gen\u00e9rico e abstratamente, sem que haja correla\u00e7\u00e3o com a fundamenta\u00e7\u00e3o f\u00e1tico objetiva, n\u00e3o justifica a pris\u00e3o cautelar. A pris\u00e3o preventiva \u00e9 medida excepcional de cautela, devendo ser decretada quando comprovados objetiva e corretamente, com motiva\u00e7\u00e3o atual, seus requisitos autorizadores. O clamor p\u00fablico, por si s\u00f3, n\u00e3o justifica a cust\u00f3dia cautelar. Precedentes citados: HC 5.626-MT, DJ 16\/6\/1997, e HC 31.692- PE, DJ 3\/5\/2004. HC 33.770-BA, Rel. Min. Paulo Medina, julgado em 17\/6\/2004.<\/strong><\/span><\/p>\n<p><span style=\"color: #212121;\">Assim, n\u00e3o se pode compreender na express\u00e3o garantia da ordem p\u00fablica, a quest\u00e3o do clamor p\u00fablico, porque n\u00e3o estaria sendo aferido neste caso o perigo que a liberdade do paciente poderia acarretar, mas t\u00e3o somente a gravidade objetiva do crime e os anseios da sociedade.<\/span><span style=\"color: #212121;\">Em rela\u00e7\u00e3o \u00e0 aplica\u00e7\u00e3o da lei penal, n\u00e3o h\u00e1 fundamento para a decreta\u00e7\u00e3o da pris\u00e3o preventiva, pois n\u00e3o h\u00e1 receio de que o paciente, se solto, venha a evadir-se do distrito da culpa, uma vez que possui bons antecedentes, resid\u00eancia fixa, identidade certa e trabalho.<\/span><span style=\"color: #212121;\"><strong>DOS PRESSUPOSTOS DA MEDIDA LIMINAR<\/strong><\/span><span style=\"color: #212121;\">Diante da flagrante ilegalidade da decreta\u00e7\u00e3o da pris\u00e3o do paciente, n\u00e3o pairam d\u00favidas para que, num gesto de estrita justi\u00e7a, seja concedida liminarmente o direito \u00e0 liberdade ao mesmo.<\/span><span style=\"color: #212121;\">A plausibilidade jur\u00eddica da concess\u00e3o da liminar encontra-se devidamente caracterizada. O \u201c<\/span><span style=\"color: #212121;\">fumus comissi delicti<\/span><span style=\"color: #212121;\">\u201d, significa a fuma\u00e7a do cometimento do delito, o qual pelos elementos f\u00e1ticos e jur\u00eddicos trazidos \u00e0 cola\u00e7\u00e3o n\u00e3o foram <\/span><span style=\"color: #212121;\">capazes de demonstrar a efetiva participa\u00e7\u00e3o do paciente no crime emo comento. Por sua vez, no que concerne o\u00a0<\/span><span style=\"color: #212121;\">\u201cpericulum libertatis<\/span><span style=\"color: #212121;\">\u201d (perigo na liberdade do acusado), conforme demonstrado minuciosamente, n\u00e3o vislumbra-se qualquer justificativa plaus\u00edvel para a pris\u00e3o cautelar do paciente.<\/span><span style=\"color: #212121;\">Cabe citar os ensinamentos do jurista Alberto Silva Franco, veja-se:<\/span><\/p>\n<p style=\"text-align: justify;\"><span style=\"color: #4472c4;\"><strong>\u201c\u00c9 evidente, assim, que apesar da tramita\u00e7\u00e3o mais acelerada do rem\u00e9dio constitucional, em confronto com as a\u00e7\u00f5es previstas no ordenamento processual penal, o direito de liberdade do cidad\u00e3o \u00e9 pass\u00edvel de sofrer flagrante coarcta\u00e7\u00e3o ilegal e abusiva. Para obviar tal situa\u00e7\u00e3o \u00e9 que, numa linha l\u00f3gica inafast\u00e1vel, foi sendo constru\u00eddo, pretoriamente, em n\u00edvel de habeas corpus, o instituto da liminar, tomando de empr\u00e9stimo do mandado de seguran\u00e7a, que \u00e9 dele irm\u00e3o g\u00eameo. A liminar, em habeas corpus, tem o mesmo car\u00e1ter de medida de cautela, que lhe \u00e9 atribu\u00edda do mandado de seguran\u00e7a\u201d.<\/strong><\/span><\/p>\n<p><span style=\"color: #212121;\">Frente ao exposto, a presente ordem de\u00a0<\/span><span style=\"color: #212121;\">habeas corpus<\/span><span style=\"color: #212121;\">\u00a0deve ser concedida liminarmente com o fim de obstar a pris\u00e3o preventiva do ora paciente.<\/span><span style=\"color: #212121;\"><strong>DOS PEDIDOS<\/strong><\/span><span style=\"color: #212121;\">Diante do exposto, resta induvidoso que o paciente sofreu constrangimento ilegal por ato da autoridade coatora, o Excelent\u00edssimo Senhor Juiz de Direito da<\/span><span style=\"color: #212121;\"> 00\u00ba<\/span><span style=\"color: #212121;\"> Vara Criminal da Comarca de <\/span><span style=\"color: #212121;\">CIDADE-UF<\/span><span style=\"color: #212121;\">, circunst\u00e2ncia \u201c<\/span><span style=\"color: #212121;\">contra legem<\/span><span style=\"color: #212121;\">\u201d que deve ser remediada por esse Colendo Tribunal. Isto posto, com base no artigo<\/span><span style=\"color: #212121;\"> 5\u00ba, LXVIII<\/span><span style=\"color: #212121;\">, da<\/span><span style=\"color: #212121;\"> CF<\/span><span style=\"color: #212121;\">, c\/c artigos<\/span><span style=\"color: #212121;\"> 647<\/span><span style=\"color: #212121;\">\u00a0e<\/span><span style=\"color: #212121;\"> 648<\/span><span style=\"color: #212121;\">\u00a0do<\/span><span style=\"color: #212121;\"> CPP<\/span><span style=\"color: #212121;\">, requer:<\/span><span style=\"color: #212121;\">A)<\/span><span style=\"color: #212121;\"> a oitiva da Douta Procuradoria de Justi\u00e7a na condi\u00e7\u00e3o de\u00a0<\/span><span style=\"color: #212121;\">&#8220;custos legis&#8221;<\/span><span style=\"color: #212121;\">, para que apresente parecer;<\/span><span style=\"color: #212121;\">B)<\/span><span style=\"color: #212121;\"> a requisi\u00e7\u00e3o de informa\u00e7\u00f5es ao Merit\u00edssimo Juiz da <\/span><span style=\"color: #212121;\">00\u00ba<\/span><span style=\"color: #212121;\"> Vara Criminal da Comarca de <\/span><span style=\"color: #212121;\">CIDADE-UF<\/span><span style=\"color: #212121;\"> ora apontado como autoridade coatora;<\/span><span style=\"color: #212121;\">C)<\/span><span style=\"color: #212121;\"> a confirma\u00e7\u00e3o no m\u00e9rito da liminar pleiteada para que se consolide, em favor do paciente <\/span><span style=\"color: #212121;\">TAL<\/span><span style=\"color: #212121;\">, a competente ordem de \u201c<\/span><span style=\"color: #212121;\">habeas corpus<\/span><span style=\"color: #212121;\">\u201d, para fazer impedir o constrangimento ilegal que o mesmo vem sofrendo, como medida da mais inteira Justi\u00e7a, expedindo-se, imediatamente, o competente\u00a0<\/span><span style=\"color: #212121;\"><strong>ALVAR\u00c1 DE SOLTURA<\/strong><\/span><span style=\"color: #212121;\">, a fim de que seja o paciente posto em liberdade;<\/span><span style=\"color: #212121;\">D)<\/span><span style=\"color: #212121;\"> A intima\u00e7\u00e3o pessoal do Douto Advogado para a sustenta\u00e7\u00e3o oral, a ser marcada em dia e hora por esta Colenda C\u00e2mara.<\/span><\/p>\n<p>\u00a0<\/p>\n<p><span style=\"color: #212121;\">Termos em que,<\/span><\/p>\n<p><span style=\"color: #212121;\">Pede Deferimento<\/span><\/p>\n<p><span style=\"color: #212121;\">CIDADE, 00, M\u00caS, ANO<\/span><\/p>\n<p>\u00a0<\/p>\n<p><span style=\"color: #212121;\"><strong>ADVOGADO<\/strong><\/span><\/p>\n<p>\u00a0<\/p>\n<p><span style=\"color: #212121;\"><strong>OAB N\u00ba<\/strong><\/span><\/p>\n<p>\u00a0\n<\/p>\n<p style=\"text-align: center;\"><a href=\"https:\/\/advbox.com.br\/blog\/como-automatizar-seus-modelos-de-peticoes\/\" target=\"_blank\"><img fetchpriority=\"high\" decoding=\"async\" src=\"https:\/\/advbox.com.br\/blog\/wp-content\/uploads\/2019\/05\/automatize_a_produ%C3%A7%C3%A3o_de_suas_peti%C3%A7%C3%B5es.png\" alt=\"Automatize a Produ\u00e7\u00e3o de suas Peti\u00e7\u00f5es - Torne sua Advocacia ainda mais inteligente\" width=\"1000\" height=\"276\" class=\"alignnone wp-image-11456 size-full\"><\/a><\/p><\/p>\n","protected":false},"excerpt":{"rendered":"<p>Quer descobrir como automatizar o preenchimento de todos os seus modelos de peti\u00e7\u00e3o e otimizar o tempo de toda sua equipe? Clique aqui \u00a0 MODELO DE HABEAS CORPUS &#8211; CONCESS\u00c3O DE LIMINAR \u00a0 EXCELENT\u00cdSSIMO SENHOR DESEMBARGADOR PRESIDENTE DO EGR\u00c9GIO TRIBUNAL DE JUSTI\u00c7A DO ESTADO TAL \u00a0 \u00a0 NOME DO ADVOGADO, [&hellip;]<\/p>\n","protected":false},"author":44,"featured_media":11456,"comment_status":"closed","ping_status":"closed","template":"","meta":{"_acf_changed":false,"om_disable_all_campaigns":false,"footnotes":""},"modelo_category":[1457],"class_list":["post-12224","modelos","type-modelos","status-publish","has-post-thumbnail","hentry","modelo_category-direito"],"acf":[],"yoast_head":"<!-- This site is optimized with the Yoast SEO plugin v26.9 - https:\/\/yoast.com\/product\/yoast-seo-wordpress\/ -->\n<title>Modelo de Habeas Corpus - Concess\u00e3o de Liminar | ADVBOX<\/title>\n<meta name=\"description\" content=\"Disponibilizamos para voc\u00ea um Modelo de Habeas Corpus - Concess\u00e3o de Liminar. ADVBOX\" \/>\n<meta name=\"robots\" content=\"index, follow, max-snippet:-1, max-image-preview:large, max-video-preview:-1\" \/>\n<link rel=\"canonical\" href=\"https:\/\/advbox.com.br\/blog\/modelos\/habeas-corpus-concessao-de-liminar\/\" \/>\n<meta property=\"og:locale\" content=\"pt_BR\" \/>\n<meta property=\"og:type\" content=\"article\" \/>\n<meta property=\"og:title\" content=\"Modelo de Habeas Corpus - Concess\u00e3o de Liminar | ADVBOX\" \/>\n<meta property=\"og:description\" content=\"Disponibilizamos para voc\u00ea um Modelo de Habeas Corpus - Concess\u00e3o de Liminar. ADVBOX\" \/>\n<meta property=\"og:url\" content=\"https:\/\/advbox.com.br\/blog\/modelos\/habeas-corpus-concessao-de-liminar\/\" \/>\n<meta property=\"og:site_name\" content=\"Software Jur\u00eddico Completo - ADVBOX\" \/>\n<meta property=\"article:publisher\" content=\"https:\/\/www.facebook.com\/advbox\/\" \/>\n<meta property=\"article:modified_time\" content=\"2024-12-26T19:15:12+00:00\" \/>\n<meta property=\"og:image\" content=\"https:\/\/advbox.com.br\/blog\/wp-content\/uploads\/2019\/05\/automatize_a_produ\u00e7\u00e3o_de_suas_peti\u00e7\u00f5es.png\" \/>\n\t<meta property=\"og:image:width\" content=\"1000\" \/>\n\t<meta property=\"og:image:height\" content=\"276\" \/>\n\t<meta property=\"og:image:type\" content=\"image\/png\" \/>\n<meta name=\"twitter:card\" content=\"summary_large_image\" \/>\n<meta name=\"twitter:site\" content=\"@advbox2\" \/>\n<script type=\"application\/ld+json\" class=\"yoast-schema-graph\">{\"@context\":\"https:\/\/schema.org\",\"@graph\":[{\"@type\":\"WebPage\",\"@id\":\"https:\/\/advbox.com.br\/blog\/modelos\/habeas-corpus-concessao-de-liminar\/\",\"url\":\"https:\/\/advbox.com.br\/blog\/modelos\/habeas-corpus-concessao-de-liminar\/\",\"name\":\"Modelo de Habeas Corpus - Concess\u00e3o de Liminar | ADVBOX\",\"isPartOf\":{\"@id\":\"https:\/\/advbox.com.br\/blog\/#website\"},\"primaryImageOfPage\":{\"@id\":\"https:\/\/advbox.com.br\/blog\/modelos\/habeas-corpus-concessao-de-liminar\/#primaryimage\"},\"image\":{\"@id\":\"https:\/\/advbox.com.br\/blog\/modelos\/habeas-corpus-concessao-de-liminar\/#primaryimage\"},\"thumbnailUrl\":\"https:\/\/advbox.com.br\/blog\/wp-content\/uploads\/2019\/05\/automatize_a_produ\u00e7\u00e3o_de_suas_peti\u00e7\u00f5es.png\",\"datePublished\":\"2019-03-07T05:52:44+00:00\",\"dateModified\":\"2024-12-26T19:15:12+00:00\",\"description\":\"Disponibilizamos para voc\u00ea um Modelo de Habeas Corpus - Concess\u00e3o de Liminar. ADVBOX\",\"breadcrumb\":{\"@id\":\"https:\/\/advbox.com.br\/blog\/modelos\/habeas-corpus-concessao-de-liminar\/#breadcrumb\"},\"inLanguage\":\"pt-BR\",\"potentialAction\":[{\"@type\":\"ReadAction\",\"target\":[\"https:\/\/advbox.com.br\/blog\/modelos\/habeas-corpus-concessao-de-liminar\/\"]}]},{\"@type\":\"ImageObject\",\"inLanguage\":\"pt-BR\",\"@id\":\"https:\/\/advbox.com.br\/blog\/modelos\/habeas-corpus-concessao-de-liminar\/#primaryimage\",\"url\":\"https:\/\/advbox.com.br\/blog\/wp-content\/uploads\/2019\/05\/automatize_a_produ\u00e7\u00e3o_de_suas_peti\u00e7\u00f5es.png\",\"contentUrl\":\"https:\/\/advbox.com.br\/blog\/wp-content\/uploads\/2019\/05\/automatize_a_produ\u00e7\u00e3o_de_suas_peti\u00e7\u00f5es.png\",\"width\":1000,\"height\":276,\"caption\":\"automatiza\u00e7\u00e3o de peti\u00e7\u00f5es\"},{\"@type\":\"BreadcrumbList\",\"@id\":\"https:\/\/advbox.com.br\/blog\/modelos\/habeas-corpus-concessao-de-liminar\/#breadcrumb\",\"itemListElement\":[{\"@type\":\"ListItem\",\"position\":1,\"name\":\"In\u00edcio\",\"item\":\"https:\/\/advbox.com.br\/blog\/\"},{\"@type\":\"ListItem\",\"position\":2,\"name\":\"Modelos\",\"item\":\"https:\/\/advbox.com.br\/blog\/modelos\/\"},{\"@type\":\"ListItem\",\"position\":3,\"name\":\"Modelo de Habeas Corpus &#8211; Concess\u00e3o de Liminar\"}]},{\"@type\":\"WebSite\",\"@id\":\"https:\/\/advbox.com.br\/blog\/#website\",\"url\":\"https:\/\/advbox.com.br\/blog\/\",\"name\":\"Software Jur\u00eddico Completo - ADVBOX\",\"description\":\"Plataforma para Advocacia Digital\",\"publisher\":{\"@id\":\"https:\/\/advbox.com.br\/blog\/#organization\"},\"potentialAction\":[{\"@type\":\"SearchAction\",\"target\":{\"@type\":\"EntryPoint\",\"urlTemplate\":\"https:\/\/advbox.com.br\/blog\/?s={search_term_string}\"},\"query-input\":{\"@type\":\"PropertyValueSpecification\",\"valueRequired\":true,\"valueName\":\"search_term_string\"}}],\"inLanguage\":\"pt-BR\"},{\"@type\":\"Organization\",\"@id\":\"https:\/\/advbox.com.br\/blog\/#organization\",\"name\":\"ADVBOX Blog - Software jur\u00eddico da advocacia digital\",\"url\":\"https:\/\/advbox.com.br\/blog\/\",\"logo\":{\"@type\":\"ImageObject\",\"inLanguage\":\"pt-BR\",\"@id\":\"https:\/\/advbox.com.br\/blog\/#\/schema\/logo\/image\/\",\"url\":\"https:\/\/advbox.com.br\/blog\/wp-content\/uploads\/2019\/12\/Como-aumentar-a-produtividade_.jpg\",\"contentUrl\":\"https:\/\/advbox.com.br\/blog\/wp-content\/uploads\/2019\/12\/Como-aumentar-a-produtividade_.jpg\",\"width\":320,\"height\":213,\"caption\":\"ADVBOX Blog - Software jur\u00eddico da advocacia digital\"},\"image\":{\"@id\":\"https:\/\/advbox.com.br\/blog\/#\/schema\/logo\/image\/\"},\"sameAs\":[\"https:\/\/www.facebook.com\/advbox\/\",\"https:\/\/x.com\/advbox2\"]}]}<\/script>\n<!-- \/ Yoast SEO plugin. -->","yoast_head_json":{"title":"Modelo de Habeas Corpus - Concess\u00e3o de Liminar | ADVBOX","description":"Disponibilizamos para voc\u00ea um Modelo de Habeas Corpus - Concess\u00e3o de Liminar. ADVBOX","robots":{"index":"index","follow":"follow","max-snippet":"max-snippet:-1","max-image-preview":"max-image-preview:large","max-video-preview":"max-video-preview:-1"},"canonical":"https:\/\/advbox.com.br\/blog\/modelos\/habeas-corpus-concessao-de-liminar\/","og_locale":"pt_BR","og_type":"article","og_title":"Modelo de Habeas Corpus - Concess\u00e3o de Liminar | ADVBOX","og_description":"Disponibilizamos para voc\u00ea um Modelo de Habeas Corpus - Concess\u00e3o de Liminar. ADVBOX","og_url":"https:\/\/advbox.com.br\/blog\/modelos\/habeas-corpus-concessao-de-liminar\/","og_site_name":"Software Jur\u00eddico Completo - ADVBOX","article_publisher":"https:\/\/www.facebook.com\/advbox\/","article_modified_time":"2024-12-26T19:15:12+00:00","og_image":[{"width":1000,"height":276,"url":"https:\/\/advbox.com.br\/blog\/wp-content\/uploads\/2019\/05\/automatize_a_produ\u00e7\u00e3o_de_suas_peti\u00e7\u00f5es.png","type":"image\/png"}],"twitter_card":"summary_large_image","twitter_site":"@advbox2","schema":{"@context":"https:\/\/schema.org","@graph":[{"@type":"WebPage","@id":"https:\/\/advbox.com.br\/blog\/modelos\/habeas-corpus-concessao-de-liminar\/","url":"https:\/\/advbox.com.br\/blog\/modelos\/habeas-corpus-concessao-de-liminar\/","name":"Modelo de Habeas Corpus - Concess\u00e3o de Liminar | ADVBOX","isPartOf":{"@id":"https:\/\/advbox.com.br\/blog\/#website"},"primaryImageOfPage":{"@id":"https:\/\/advbox.com.br\/blog\/modelos\/habeas-corpus-concessao-de-liminar\/#primaryimage"},"image":{"@id":"https:\/\/advbox.com.br\/blog\/modelos\/habeas-corpus-concessao-de-liminar\/#primaryimage"},"thumbnailUrl":"https:\/\/advbox.com.br\/blog\/wp-content\/uploads\/2019\/05\/automatize_a_produ\u00e7\u00e3o_de_suas_peti\u00e7\u00f5es.png","datePublished":"2019-03-07T05:52:44+00:00","dateModified":"2024-12-26T19:15:12+00:00","description":"Disponibilizamos para voc\u00ea um Modelo de Habeas Corpus - Concess\u00e3o de Liminar. ADVBOX","breadcrumb":{"@id":"https:\/\/advbox.com.br\/blog\/modelos\/habeas-corpus-concessao-de-liminar\/#breadcrumb"},"inLanguage":"pt-BR","potentialAction":[{"@type":"ReadAction","target":["https:\/\/advbox.com.br\/blog\/modelos\/habeas-corpus-concessao-de-liminar\/"]}]},{"@type":"ImageObject","inLanguage":"pt-BR","@id":"https:\/\/advbox.com.br\/blog\/modelos\/habeas-corpus-concessao-de-liminar\/#primaryimage","url":"https:\/\/advbox.com.br\/blog\/wp-content\/uploads\/2019\/05\/automatize_a_produ\u00e7\u00e3o_de_suas_peti\u00e7\u00f5es.png","contentUrl":"https:\/\/advbox.com.br\/blog\/wp-content\/uploads\/2019\/05\/automatize_a_produ\u00e7\u00e3o_de_suas_peti\u00e7\u00f5es.png","width":1000,"height":276,"caption":"automatiza\u00e7\u00e3o de peti\u00e7\u00f5es"},{"@type":"BreadcrumbList","@id":"https:\/\/advbox.com.br\/blog\/modelos\/habeas-corpus-concessao-de-liminar\/#breadcrumb","itemListElement":[{"@type":"ListItem","position":1,"name":"In\u00edcio","item":"https:\/\/advbox.com.br\/blog\/"},{"@type":"ListItem","position":2,"name":"Modelos","item":"https:\/\/advbox.com.br\/blog\/modelos\/"},{"@type":"ListItem","position":3,"name":"Modelo de Habeas Corpus &#8211; Concess\u00e3o de Liminar"}]},{"@type":"WebSite","@id":"https:\/\/advbox.com.br\/blog\/#website","url":"https:\/\/advbox.com.br\/blog\/","name":"Software Jur\u00eddico Completo - ADVBOX","description":"Plataforma para Advocacia Digital","publisher":{"@id":"https:\/\/advbox.com.br\/blog\/#organization"},"potentialAction":[{"@type":"SearchAction","target":{"@type":"EntryPoint","urlTemplate":"https:\/\/advbox.com.br\/blog\/?s={search_term_string}"},"query-input":{"@type":"PropertyValueSpecification","valueRequired":true,"valueName":"search_term_string"}}],"inLanguage":"pt-BR"},{"@type":"Organization","@id":"https:\/\/advbox.com.br\/blog\/#organization","name":"ADVBOX Blog - Software jur\u00eddico da advocacia digital","url":"https:\/\/advbox.com.br\/blog\/","logo":{"@type":"ImageObject","inLanguage":"pt-BR","@id":"https:\/\/advbox.com.br\/blog\/#\/schema\/logo\/image\/","url":"https:\/\/advbox.com.br\/blog\/wp-content\/uploads\/2019\/12\/Como-aumentar-a-produtividade_.jpg","contentUrl":"https:\/\/advbox.com.br\/blog\/wp-content\/uploads\/2019\/12\/Como-aumentar-a-produtividade_.jpg","width":320,"height":213,"caption":"ADVBOX Blog - Software jur\u00eddico da advocacia digital"},"image":{"@id":"https:\/\/advbox.com.br\/blog\/#\/schema\/logo\/image\/"},"sameAs":["https:\/\/www.facebook.com\/advbox\/","https:\/\/x.com\/advbox2"]}]}},"_links":{"self":[{"href":"https:\/\/advbox.com.br\/blog\/wp-json\/wp\/v2\/modelos\/12224","targetHints":{"allow":["GET"]}}],"collection":[{"href":"https:\/\/advbox.com.br\/blog\/wp-json\/wp\/v2\/modelos"}],"about":[{"href":"https:\/\/advbox.com.br\/blog\/wp-json\/wp\/v2\/types\/modelos"}],"author":[{"embeddable":true,"href":"https:\/\/advbox.com.br\/blog\/wp-json\/wp\/v2\/users\/44"}],"replies":[{"embeddable":true,"href":"https:\/\/advbox.com.br\/blog\/wp-json\/wp\/v2\/comments?post=12224"}],"version-history":[{"count":2,"href":"https:\/\/advbox.com.br\/blog\/wp-json\/wp\/v2\/modelos\/12224\/revisions"}],"predecessor-version":[{"id":70269,"href":"https:\/\/advbox.com.br\/blog\/wp-json\/wp\/v2\/modelos\/12224\/revisions\/70269"}],"wp:featuredmedia":[{"embeddable":true,"href":"https:\/\/advbox.com.br\/blog\/wp-json\/wp\/v2\/media\/11456"}],"wp:attachment":[{"href":"https:\/\/advbox.com.br\/blog\/wp-json\/wp\/v2\/media?parent=12224"}],"wp:term":[{"taxonomy":"modelo_category","embeddable":true,"href":"https:\/\/advbox.com.br\/blog\/wp-json\/wp\/v2\/modelo_category?post=12224"}],"curies":[{"name":"wp","href":"https:\/\/api.w.org\/{rel}","templated":true}]}}