{"id":12333,"date":"2019-03-07T12:29:04","date_gmt":"2019-03-07T12:29:04","guid":{"rendered":"https:\/\/advbox.com.br\/blog\/?post_type=modelos&#038;p=12333"},"modified":"2025-08-15T14:51:10","modified_gmt":"2025-08-15T17:51:10","slug":"queimacrime-rede-social","status":"publish","type":"modelos","link":"https:\/\/advbox.com.br\/blog\/modelos\/queimacrime-rede-social\/","title":{"rendered":"MODELO DE QUEIMA-CRIME &#8211; REDE SOCIAL"},"content":{"rendered":"<p style=\"text-align: center; background: #eee; padding: 10px;\"><strong><em>Quer descobrir como automatizar o preenchimento de todos os seus modelos de peti\u00e7\u00e3o e otimizar o tempo de toda sua equipe? <a href=\"https:\/\/advbox.com.br\/blog\/como-automatizar-seus-modelos-de-peticoes\/\" alt=\"Automatize o preenchimento das suas Peti\u00e7\u00f5es e otimize Tempo\" target=\"_blank\">Clique aqui<\/a><\/em><\/strong><\/p>\n<h1><strong>MODELO DE QUEIMA-CRIME &#8211; REDE SOCIAL<\/strong><\/h1>\n<p><span><strong>EX<\/strong><\/span><span><strong>CELENT\u00cdSSIMO SENHOR DOUTOR JUIZ DE DIREITO DA<\/strong><\/span><span><strong> 00\u00ba <\/strong><\/span><span><strong>UNIDADE DO JUIZADO ESPECIAL CRIMINAL <\/strong><\/span><span><strong>DA CIDADE<\/strong><\/span><span><strong>-UF<\/strong><\/span><span>FULANO DE TAL, estado civil<\/span><span>, <\/span><span>profiss\u00e3o<\/span><span>, residente e domiciliado na <\/span><span>Rua<\/span><span> <\/span><span>TAL<\/span><span>, n\u00ba. 0000, na <\/span><span>CIDADE-UF<\/span><span> CEP n\u00ba <\/span><span>00000000<\/span><span>, <\/span><span>inscrito no CPF<\/span><span> <\/span><span>(MF) sob o n\u00ba <\/span><span>00000000<\/span><span>, <\/span><span>vem, <\/span><span>por interm\u00e9dio de seu patrono <\/span><span>ao final subscrito<\/span><span>, <\/span><span>i<\/span><span>nstrumento procurat\u00f3rio acostado<\/span><span>, o qual observa os ditames do art. 44, do CPP<\/span><span>, c<\/span><span>aus\u00eddico<\/span><span> inscrito na Ordem dos Advogados do Brasil, Sec\u00e7\u00e3o do <\/span><span>Estado TAL<\/span><span>, sob o n\u00ba <\/span><span>0000<\/span><span>, com endere\u00e7o profissional consignado no timbre deste<\/span><span> arrazoado<\/span><span>, onde receber\u00e1 intima\u00e7\u00f5es que se fizeram necess\u00e1rias, comparece, com o devido respeito <\/span><span>\u00e0 presen\u00e7a de <\/span><span>V<\/span><span>ossa <\/span><span>Excel\u00eancia, <\/span><span>para, <\/span><span>com estribo no<\/span><span> a<\/span><span>rt<\/span><span>.<\/span><span> <\/span><span>30 <\/span><span>do Caderno de Ritos Penal c\/c a<\/span><span>rts. 139, 140 e 141, <\/span><span>inc. <\/span><span>III<\/span><span>,<\/span><span> <\/span><span>todos <\/span><span>do Estatuto Repressivo<\/span><span>, <\/span><span>para ajuizar a presente <\/span><span> <\/span><span><strong>QUEIXA-CRIME<\/strong><\/span><span>em <\/span><span>des<\/span><span>favor de <\/span><span>BELTRANO DE TAL<\/span><span>, <\/span><span>estado civil<\/span><span>, <\/span><span>profiss\u00e3o<\/span><span>, possuidor do RG n\u00ba<\/span><span> 000000 \u2013 <\/span><span>SSP<\/span><span>\/UF<\/span><span>, residente e domiciliado na Rua <\/span><span>TAL<\/span><span>, n\u00ba. 000<\/span><span>, na Cidade<\/span><span>, em raz\u00e3o das justificativas de ordem f\u00e1tica<\/span><span> e de direito abaixo delineadas.<\/span><span><strong>DOS FATOS<\/strong><\/span><span>O<\/span><span> Q<\/span><span>u<\/span><span>erelante <\/span><span>\u00e9 pessoa id\u00f4nea, m\u00e9dico conceituado, al\u00e9m de muito bem quisto em sua cidade. Esse, entretanto, em que pese essas qualidades, vem sofrendo constantes agress\u00f5es \u00e0 sua personalidade nas redes sociais, maiormente por meio do \u201cFacebook\u201d.<\/span><span>O <\/span><span>Querelante<\/span><span> \u00e9 candidato ao cargo de prefeito da Cidade <\/span><span>TAL<\/span><span>, consoante prova acostada. (docs. 0<\/span><span>0<\/span><span>\/0<\/span><span>0<\/span><span>) As pesquisas mostram que o mesmo det\u00e9m quase 65%<\/span><span> <\/span><span>(sessenta e cinco por cento) de votos do eleitorado. Esse fato, \u00f3bvio, enfureceu n\u00e3o s\u00f3 seus advers\u00e1rios que pretendem o mesmo cargo, mas sim todos partidos que concorrem. <\/span><span>No entanto uma pessoa, da oposi\u00e7\u00e3o, concorrente ao cargo de vereador, chama aten\u00e7\u00e3o pela frequ\u00eancia de ataques, o grau de insultos e a intensidade de palavras injuriosas<\/span><span> e difamat\u00f3rias<\/span><span>. Mais ainda, isso sendo feito pela mais r\u00e1pida de dissemina\u00e7\u00e3o: as redes sociais. <\/span><span>Na hip\u00f3tese essas manifesta\u00e7\u00f5es prov\u00eam da pessoa de Francisco das Quantas, <\/span><span>ora querelado<\/span><span>. <\/span><span>V<\/span><span>eja que na data de <\/span><span>TAL<\/span><span>, em sua p\u00e1gina pessoal do Facebook (doc. 0<\/span><span>0<\/span><span>), o <\/span><span>Querelado <\/span><span>asseverou, agressivamente, que \u201cvotar no Pedro de Tal \u00e9 pedir para <\/span><span>arruinar a cidade. Esse \u00e9 totalmente desqualificado, burro e incapaz de tomar conta do pr\u00f3prio nariz.<\/span><span> Ele se diz o melhor m\u00e9dico da regi\u00e3o. Mas que eu saiba quem fez aquela cirurgia de urg\u00eancia da Marina de Tal n\u00e3o foi ele, mas sim o Dr. Beltrano<\/span><span> de TAL<\/span><span>. Ele n\u00e3o tinha compet\u00eancia<\/span><span> m\u00ednima<\/span><span> para fazer aquela cirurgia. Como entregar ent\u00e3o uma cidade a um cidad\u00e3o <\/span><span>desse? \u201c<\/span><span>(<\/span><span>doc. 0<\/span><span>0<\/span><span>)<\/span><span>Mais <\/span><span>\u00e0<\/span><span> frente, n\u00e3o mais que uma semana depois, tornou a atacar com os seguintes dizeres: \u201cHoje eu ouvi <\/span><span>no<\/span><span> r\u00e1dio uma grande idiotice do Pedro de Tal. Ele fala pensando que o povo \u00e9 burro. Burro pode ser ele, n\u00e3o os eleitores desta cidade. Ele fala que vai construir um novo hospital. Ele n\u00e3o faz nem um muro na casa dele, meu povo. Abram o olho. <\/span><span>\u201c(<\/span><span>doc. <\/span><span>00<\/span><span>)<\/span><span>E os ataques prosseguem, prosseguem, diariamente. <\/span><span>Todas essas assertivas podem ser constatadas no seguinte endere\u00e7o eletr\u00f4nico (URL): <\/span><span>LINK DO FACEBOOK<\/span><span> <\/span><span>O <\/span><span>Querelado<\/span><span> tamb\u00e9m fizera registro de ocorr\u00eancia desses fatos na Delegacia da Cidade<\/span><span>.<\/span><span>Igualmente todo esse quadro f\u00e1tico fora constatado pelo Tabeli\u00e3o do Cart\u00f3rio do 00\u00ba Registro de T\u00edtulos e Documentos e Pessoas Jur\u00eddicas da Cidade, por interm\u00e9dio de ata notarial, a qual ora \u00e9 colacionada. (doc. <\/span><span>00<\/span><span>) <\/span><span>Com efeito, as injustas e dolosas agress\u00f5es s\u00e3o inver\u00eddicas, ofensivas, injuriosas e ilegais, maiormente quando atenta para o sagrado direito da personalidade previsto na Constitui\u00e7\u00e3o Federal.<\/span><span>Foram s\u00e9rios os constrangimentos sofridos pelo <\/span><span>Querelante<\/span><span> em face dos aludidos acontecimentos, reclamando a condena\u00e7\u00e3o judicial pertinente. <\/span><span><\/span><span><\/span><span><strong>DA COMPET\u00caNCIA DE<\/strong><\/span><span><strong>STE<\/strong><\/span><span><strong> JU\u00cdZO <\/strong><\/span><span>Verifica-se <\/span><span>que <\/span><span>a<\/span><span>s coloca\u00e7\u00f5es f\u00e1ticas feitas pelo Querelante<\/span><span> tende<\/span><span>m<\/span><span> a atribuir ao <\/span><span>Querelado a concorr\u00eancia para o<\/span><span> <\/span><span>crime de difama\u00e7\u00e3o<\/span><span> <\/span><span>(CP, art. 139<\/span><span>) e<\/span><span> crime de <\/span><span>inj\u00faria (<\/span><span>CP, art. 140)<\/span><span>.<\/span><span> As penas m\u00e1ximas cominadas a estes delitos correspondem, respectivamente, a 01(um) ano e (06) meses. <\/span><span>Se as penas fossem somadas, o Querelado <\/span><span>poderia ser condenado em at\u00e9 0<\/span><span>1<\/span><span>(<\/span><span>um<\/span><span>) ano e 06(seis) meses de deten\u00e7\u00e3o, o que, por si s\u00f3,<\/span><span> por conta do concurso de crimes<\/span><span>(CP, art. 69)<\/span><span>,<\/span><span> j\u00e1 excluiria do rol das chamadas <\/span><span>\u201c<\/span><span>infra\u00e7\u00f5<\/span><span>es de menor potencial ofensivo<\/span><span>\u201d<\/span><span>, acarretando, assim, na <\/span><span>compet\u00eancia dos Juizados Especiais<\/span><span>. <\/span><span><strong>LEI DOS JUIZADOS ESPECIAIS C\u00cdVEIS E <\/strong><\/span><span><strong>CRIMINAIS (<\/strong><\/span><span><strong>Lei 9.099\/95)<\/strong><\/span><\/p>\n<p style=\"text-align: justify;\"><span style=\"color: #4472c4;\"><strong>Art. 61. Consideram-se infra\u00e7\u00f5es penais de menor potencial ofensivo, para os efeitos desta Lei, as contraven\u00e7\u00f5es penais e os crimes a que a lei comine pena m\u00e1xima n\u00e3o superior a 2 (dois) anos, cumulada ou n\u00e3o com multa.<\/strong><\/span><\/p>\n<p><span>Ness<\/span><span>e sentido:<\/span><span><strong>CONFLITO NEGATIVO DE COMPET\u00caNCIA<\/strong><\/span><\/p>\n<p style=\"text-align: justify;\"><span style=\"color: #4472c4;\"><strong>Difama\u00e7\u00e3o e inj\u00faria (arts. 139 e 140 do c\u00f3digo penal), praticados na presen\u00e7a de v\u00e1rias pessoas e contra pessoa maior de sessenta anos de idade (art. 141 do c\u00f3digo penal). Ju\u00edzo suscitado que encaminhou os autos a Vara Criminal comum da Comarca por entender que as penas em abstrato ultrapassam o limite de 2 (dois) anos, da\u00ed a incompet\u00eancia do juizado especial criminal. Equ\u00edvoco. Somat\u00f3rio que n\u00e3o ultrapassa o limite de 2 (dois) anos. Caso concreto que n\u00e3o se amolda \u00e0 hip\u00f3tese. Compet\u00eancia do juizado especial criminal. Conflito julgado procedente, com o envio dos autos ao 2\u00ba juizado especial criminal da Comarca de ponta grossa. I. (TJPR; ConCompCr 1183515-5; Ponta Grossa; Segunda C\u00e2mara Criminal em Composi\u00e7\u00e3o Integral; Rel. Des. Jos\u00e9 Mauricio Pinto de Almeida; DJPR 09\/05\/2014; P\u00e1g. 403)<\/strong><\/span><\/p>\n<p><span>De outro bordo, levando-se em conta que os crimes foram perpe<\/span><span>trados por meio da internet, propagado por rede social, ainda assim este ju\u00edzo \u00e9 o competente. <\/span><span> O Querela<\/span><span>do<\/span><span> exerce suas atividades nesta Cidade e, mais, tem domic\u00edlio aqui firmado. (docs. <\/span><span>00<\/span><span>\/<\/span><span>00<\/span><span>)<\/span><span>Por conta disso, n\u00e3o se sabe ao certo onde as infra\u00e7\u00f5es penais foram cometidas. Desse modo, prevalece a regra do domic\u00edlio ou resid\u00eancia do <\/span><span>Querelado\/R\u00e9u. (CPP, art. <\/span><span>72, caput).<\/span><span>Conv\u00e9m ressaltar o magist\u00e9rio de Edilson Mougenot Bonfim:<\/span><\/p>\n<p style=\"text-align: justify;\"><span style=\"color: #4472c4;\"><strong>\u201c<\/strong><\/span><span style=\"color: #4472c4;\"><strong>Quando desconhecido o lugar da infra\u00e7\u00e3o, a compet\u00eancia ser\u00e1 <\/strong><\/span><span style=\"color: #4472c4;\"><strong>determinada<\/strong><\/span><span style=\"color: #4472c4;\"><strong> pelo locado do domic\u00edlio ou resid\u00eancia do r\u00e9u (art. 72, caput, do C\u00f3digo de Processo Penal). Adotou, assim, o legislador o local do domic\u00edlio do <\/strong><\/span><span style=\"color: #4472c4;\"><strong>r\u00e9u como subsidi\u00e1rio ou supletivo, para as hip\u00f3teses em que houver impossibilidade de determinar o lugar da infra\u00e7\u00e3o do crime.\u201d (<\/strong><\/span><span style=\"color: #4472c4;\"><strong>BONFIM, Edilson Mougenot. Curso de processo penal. 8\u00aa Ed. S\u00e3o Paulo: Saraiva, 2013, p. 291)<\/strong><\/span><\/p>\n<p><span> <\/span><span><\/span><span><\/span><span><\/span><span> <\/span><span>Em abono dessa disposi\u00e7\u00e3o doutrin\u00e1ria:<\/span><\/p>\n<p style=\"text-align: justify;\"><span style=\"color: #4472c4;\"><strong>CONFLITO NEGATIVO DE JURISDI\u00c7\u00c3O. QUEIXA-CRIME.<\/strong><\/span><\/p>\n<p style=\"text-align: justify;\"><span style=\"color: #4472c4;\"><strong>Crimes de difama\u00e7\u00e3o e inj\u00faria (arts. 139 e 140, do C\u00f3digo Penal), supostamente praticados por meio eletr\u00f4nico, via internet. Controv\u00e9rsia acerca do exato local da consuma\u00e7\u00e3o dos delitos. Inexist\u00eancia de elementos ou ind\u00edcios que revelem onde a v\u00edtima ou pessoa diversa teve conhecimento das imputadas ofensas. Compet\u00eancia que, no caso concreto, deve ser fixada pelo domic\u00edlio do r\u00e9u. Crit\u00e9rio subsidi\u00e1rio previsto pelo artigo 72, caput, do c\u00f3digo de processo penal. Conflito conhecido, com a declara\u00e7\u00e3o da compet\u00eancia do ju\u00edzo suscitante. (TJSP; CJ 0012249-95.2014.8.26.0000; Ac. 7611079; Praia Grande; C\u00e2mara Especial; Rel\u00aa Des\u00aa Claudia Lucia Fonseca Fanucchi; Julg. 02\/06\/2014; DJESP 16\/07\/2014)<\/strong><\/span><\/p>\n<p><span><strong>DA AUS\u00caNCIA DE DECAD\u00caNCIA<\/strong><\/span><span><strong> <\/strong><\/span><span>Segundo consta da narrativa f\u00e1tica, o <\/span><span>primeiro <\/span><span>epis\u00f3dio delitivo ocorrera na <\/span><span>DATA TAL<\/span><span>, <\/span><span>o que se constata pela publica\u00e7\u00e3o na p\u00e1gina do Facebook antes comentada<\/span><span>. <\/span><span>Ness<\/span><span>a exata data o Querelante tomou conhecimento da autoria dos crimes. <\/span><span>Verifica-se, destarte, <\/span><span>conta<\/span><span>n<\/span><span>do-se da data do <\/span><span>fato<\/span><span> <\/span><span>(onde o Querelante tomou conhecimento do autor dos crimes)<\/span><span> <\/span><span>(CP, art. 10), <\/span><span>que a pretens\u00e3o punitiva fora <\/span><span>estipulado em Ju<\/span><span>\u00edzo dentro do prazo legal, n\u00e3o ocorrendo a figura jur\u00eddica da decad<\/span><span>\u00eancia.<\/span><span> <\/span><span><strong>C\u00d3DIGO PENAL<\/strong><\/span><\/p>\n<p style=\"text-align: justify;\"><span style=\"color: #4472c4;\"><strong>Art. <\/strong><\/span><span style=\"color: #4472c4;\"><strong>38 \u2013 Salvo disposi\u00e7\u00e3o em contr\u00e1rio, o ofendido, ou seu representante legal, decair\u00e1 do direito de queixa ou representa\u00e7\u00e3o, se n\u00e3o o exercer dentro do prazo de 6(seis) meses, contado do dia em que vier a saber quem \u00e9 o autor do crime, ou, no caso do art. 29, d<\/strong><\/span><span style=\"color: #4472c4;\"><strong>o dia em que se esgotar o prazo para oferecimento da den\u00fancia.<\/strong><\/span><\/p>\n<p><span>(&#8230;)<\/span><\/p>\n<p style=\"text-align: justify;\"><span style=\"color: #4472c4;\"><strong>Art. 107 <\/strong><\/span><span style=\"color: #4472c4;\"><strong>\u2013<\/strong><\/span><span style=\"color: #4472c4;\"><strong> <\/strong><\/span><span style=\"color: #4472c4;\"><strong>Extingue-se a punibilidade:<\/strong><\/span><\/p>\n<p style=\"text-align: justify;\"><span style=\"color: #4472c4;\"><strong>IV \u2013 pela prescri\u00e7\u00e3o, decad\u00eancia ou peremp\u00e7\u00e3o;<\/strong><\/span><\/p>\n<p><span>Nesse contexto, <\/span><span>este \u00e9 o pensamento <\/span><span>de Norberto Avena:<\/span><\/p>\n<p style=\"text-align: justify;\"><span style=\"color: #4472c4;\"><strong>\u201c<\/strong><\/span><span style=\"color: #4472c4;\"><strong>Como regra geral, o direito de queixa dever\u00e1 ser exercido no prazo de seis meses, contados do dia em que o ofendido, seu representante legal ou cada uma das pessoas do art. 31 do CPP (no caso de morte da v\u00edtima ou de sua aus\u00eancia) vierem a saber quem foi o autor do crime, conforme reza o art. 38 do CPP. <\/strong><\/span><span style=\"color: #4472c4;\"><strong>\u201c(<\/strong><\/span><span style=\"color: #4472c4;\"><strong>AVENA, Norberto Cl\u00e1udio P\u00e2ncaro. Processo Penal: Esquematizado. 4\u00aa Ed. S\u00e3o Paulo: M\u00e9todo, 2012. P\u00e1g. 241)<\/strong><\/span><\/p>\n<p><span>Com <\/span><span>efeito,<\/span><span> \u00e9 ancilar o entendimento jurisprudencial:<\/span><\/p>\n<p style=\"text-align: justify;\"><span style=\"color: #4472c4;\"><strong>DIREITO PENAL E PROCESSUAL PENAL. QUEIXA. CRIME CONTRA A HONRA. PRAZO DECAD\u00caNCIA. DIA DO COME\u00c7O.<\/strong><\/span><\/p>\n<p style=\"text-align: justify;\"><span style=\"color: #4472c4;\"><strong>1. Ac\u00f3rd\u00e3o elaborado de conformidade com o disposto no art. 82, \u00a7 5\u00ba. da Lei n\u00ba 9.099\/1995, e arts. 12, inciso IX, 98 e 99 do Regimento Interno das Turmas Recursais. Recurso pr\u00f3prio, regular e tempestivo. 2. Queixa. Decad\u00eancia. Em face do que disp\u00f5e o art. 10 do C\u00f3digo Penal, o dia do come\u00e7o inclui-se na contagem do prazo decadencial. Precedentes no STJ. (HC 139937 \/ BA HABEAS CORPUS 2009\/0116780-5 Relator Ministro Jorge MUSSI). A alega\u00e7\u00e3o do recorrente de que s\u00f3 soube do fato no dia seguinte, est\u00e1 em desacordo com a inicial, na qual afirma ter recebido mensagem telef\u00f4nica no mesmo dia. Senten\u00e7a que se confirma <\/strong><\/span><span style=\"color: #4472c4;\"><strong>pelos seus pr\u00f3prios fundamentos. 3. Recurso conhecido, mas n\u00e3o provido. (TJDF; Rec 2013.04.1.008372-6; Ac. 770.108; Segunda Turma Recursal dos Juizados Especiais do Distrito Federal; Rel. Juiz Aiston Henrique de Sousa; DJDFTE 24\/03\/2014; P\u00e1g. 369)<\/strong><\/span><\/p>\n<p><span><strong>TIPICIDADE DAS CONDUTAS DELITIVAS <\/strong><\/span><span><strong>DA DIFAMA\u00c7\u00c3O<\/strong><\/span><span>Encontramos, dentre in\u00fameros ataques despropositado feitos pelo Querelado, as seguintes express\u00f5es:<\/span><span>\u201c<\/span><span>Ele se diz o melhor m\u00e9dico da regi\u00e3o. Mas que eu saiba quem fez aquela cirurgia de urg\u00eancia da Marina de Tal n\u00e3o foi ele, mas sim o Dr. Beltrano. Ele n\u00e3o tinha compet\u00eancia m\u00ednima para fazer aquela cirurgia. Como entregar ent\u00e3o uma cidade a um cidad<\/span><span>\u00e3o des<\/span><span>s<\/span><span>e? <\/span><span>\u201c(<\/span><span>doc. 0<\/span><span>0<\/span><span>)<\/span><span>Nesse passo, <\/span><span>o Querelado ofendeu a honra do Querelante<\/span><span> quando aludiu fato inver\u00eddico e, al\u00e9m disso, imputando a <\/span><span>figura de \u201cincompetente\u201d para exercer a medicina<\/span><span>. <\/span><span>O Querelante \u00e9 homem de bem, honesto e respeitado na cidade onde ocorreu o epis\u00f3dio acima descrito. N\u00e3o responde a nenhum crime e, mais, exerce cargo profissional de destaque<\/span><span> <\/span><span>na sua regi\u00e3o<\/span><span>. <\/span><span>Diante disso, \u00e9 inescus\u00e1vel que<\/span><span> o Querelado incorreu no crime de difama\u00e7\u00e3o. <\/span><span><strong>C\u00d3DIGO PENAL<\/strong><\/span><\/p>\n<p style=\"text-align: justify;\"><span style=\"color: #4472c4;\"><strong>Art. 139 \u2013 Difamar algu\u00e9m, imputando-lhe fato ofensivo \u00e0 sua reputa\u00e7\u00e3o:<\/strong><\/span><\/p>\n<p><span>V<\/span><span>\u00e1lidas as coloca\u00e7\u00f5es de Cleber Rog\u00e9rio Masson, quando, no tocante ao crime de difama\u00e7\u00e3o, leciona que:<\/span><\/p>\n<p style=\"text-align: justify;\"><span style=\"color: #4472c4;\"><strong>\u201cConstitui-se a difama\u00e7\u00e3o em crime que ofende a honra objetiva e, da mesma forma que a cal<\/strong><\/span><span style=\"color: #4472c4;\"><strong>\u00fania, depende da imputa\u00e7\u00e3o de algum fato a algu\u00e9m. Esse fato, todavia, n\u00e3o precisa ser criminoso. Basta que tenha a capacidade de macular a reputa\u00e7\u00e3o da v\u00edtima, isto \u00e9, o bom conceito que ela desfruta na coletividade, pouco importando se verdadeiro ou falso. \u201c(Ob e aut, citados, p\u00e1g. 175)<\/strong><\/span><\/p>\n<p><span><strong>DA INJ\u00daRIA<\/strong><\/span><span> <\/span><span>Em outro momento, assim se manifestou o Querelado, ainda na citada rede social:<\/span><span>\u201cHoje eu ouvi <\/span><span>no<\/span><span> r\u00e1dio uma grande idiotice do Pedro de Tal. Ele fala pensando que o povo \u00e9 burro. Burro pode ser ele, n\u00e3o os eleitores desta cidade.<\/span><span>\u201d<\/span><span>Nesse diapas\u00e3o<\/span><span>, <\/span><span>dessa feita se concretizou<\/span><span> o crime de inj\u00faria<\/span><span>.<\/span><span> <\/span><span>O<\/span><span> Querelado, injustamente, <\/span><span>cometera o delito quando, assacando sua f\u00faria contra o Querelante, <\/span><span>chegou a <\/span><span>cham\u00e1-lo de \u201c<\/span><span>burro<\/span><span>\u201d. <\/span><span> H\u00e1, destarte, uma qualidade negativa asseverada contra o Querelante, a qual ofendeu, sem sombra de d\u00favidas, a dignidade e o decoro do<\/span><span> mesmo<\/span><span>. <\/span><span>H\u00e1 previs\u00e3o legal ness<\/span><span>e <\/span><span>prisma <\/span><span>(crime de inj\u00faria):<\/span><span><strong>C\u00d3DIGO PENAL<\/strong><\/span><\/p>\n<p style=\"text-align: justify;\"><span style=\"color: #4472c4;\"><strong>Art. 1<\/strong><\/span><span style=\"color: #4472c4;\"><strong>40<\/strong><\/span><span style=\"color: #4472c4;\"><strong> \u2013 <\/strong><\/span><span style=\"color: #4472c4;\"><strong>Injuriar algu\u00e9m, ofendendo-lhe a dignidade e o decoro<\/strong><\/span><span style=\"color: #4472c4;\"><strong>:<\/strong><\/span><\/p>\n<p><span>Sobre o crime de <\/span><span>inj\u00faria<\/span><span>, <\/span><span>ensina Luiz Regis Prado que:<\/span><\/p>\n<p style=\"text-align: justify;\"><span style=\"color: #4472c4;\"><strong>\u201c<\/strong><\/span><span style=\"color: #4472c4;\"><strong>A nota caracter\u00edstica da inj\u00faria \u00e9 a exterioriza\u00e7\u00e3o do desprezo e desrespeito, ou seja, consiste <\/strong><\/span><span style=\"color: #4472c4;\"><strong>em um ju\u00edzo de valor negativo, apto a ofender o sentimento e dignidade da v\u00edtima. Pode fazer refer\u00eancias <\/strong><\/span><span style=\"color: #4472c4;\"><strong>\u00e0s condi\u00e7\u00f5es pessoais do <\/strong><\/span><span style=\"color: #4472c4;\"><strong>ofendido (<\/strong><\/span><span style=\"color: #4472c4;\"><strong>v. g., corpo, bagagem cultural, moral) ou \u00e0 sua qualifica\u00e7\u00e3o social ou capacidade profissional. Distingue-se a inj\u00faria da cal\u00fania e da difama\u00e7\u00e3o por n\u00e3o significar a imputa\u00e7\u00e3o de fato determinado \u2013 criminoso ou desonroso &#8211;, mas sim a atribui\u00e7\u00e3o de v\u00edcios ou defeitos morais, intelectuais ou f\u00edsicos. <\/strong><\/span><span style=\"color: #4472c4;\"><strong>\u201c(In Curso<\/strong><\/span><span style=\"color: #4472c4;\"><strong> de Direito Penal Brasileiro: parte especial<\/strong><\/span><span style=\"color: #4472c4;\"><strong>. 9<\/strong><\/span><span style=\"color: #4472c4;\"><strong>\u00aa Ed. S\u00e3o Paulo: RT, 20<\/strong><\/span><span style=\"color: #4472c4;\"><strong>10<\/strong><\/span><span style=\"color: #4472c4;\"><strong>, Vol. 02. P\u00e1g. <\/strong><\/span><span style=\"color: #4472c4;\"><strong>24<\/strong><\/span><span style=\"color: #4472c4;\"><strong>7)<\/strong><\/span><\/p>\n<p><span><strong>DO CRIME CONTRA HONRA \u2013 CAUSA DE AUMENTO<\/strong><\/span><span> Constata-se que as palavras ofensivas ao Querelante foram levadas a efeito perante <\/span><span>a rede mundial de internet<\/span><span>, <\/span><span>mais precisamente por meio do Facebook<\/span><span>. <\/span><span>Diante diss<\/span><span>o, as penas cominadas aos delitos perpetrados dever\u00e3o ser aumentadas de um ter\u00e7o, pois que:<\/span><span><strong>C\u00d3DIGO PENAL<\/strong><\/span><\/p>\n<p style=\"text-align: justify;\"><span style=\"color: #4472c4;\"><strong>Art. <\/strong><\/span><span style=\"color: #4472c4;\"><strong>141 \u2013 As penas cometidas neste Cap\u00edtulo aumentam-se de um ter\u00e7o, se qualquer dos crimes \u00e9 cometido:<\/strong><\/span><\/p>\n<p style=\"text-align: justify;\"><span style=\"color: #4472c4;\"><strong>III \u2013 na presen\u00e7a de v\u00e1rias pessoas, ou por meio que facilite a divulga\u00e7\u00e3o da cal\u00fania, da difama\u00e7\u00e3o ou inj\u00faria;<\/strong><\/span><\/p>\n<p><span><strong>DOS PEDIDOS<\/strong><\/span><span>N\u00e3o resta<\/span><span> d\u00favida que a exposi\u00e7\u00e3o f\u00e1tica colocada <\/span><span>nos <\/span><span>leva <\/span><span>\u00e0<\/span><span> disciplina r\u00edgida dos arts. 139 e 140 do <\/span><span>C\u00f3digo<\/span><span> Penal<\/span><span>, vez que <\/span><span>se reduz<\/span><span> <\/span><span>em<\/span><span> palavras <\/span><span>inver\u00eddicas<\/span><span> e<\/span><span> <\/span><span>ofensivas <\/span><span>\u00e0<\/span><span> dignidade e <\/span><span>\u00e0<\/span><span> reputa\u00e7\u00e3o do Querelante, merecendo a reprimenda penal cab\u00edvel.<\/span><span>Em <\/span><span>arremate<\/span><span>, o Querelante requer que V<\/span><span>ossa<\/span><span> Excel\u00eancia se digne de tomar<\/span><span> as seguintes provid\u00eancias:<\/span><span>a)<\/span><span> <\/span><span>Determinar, antes do recebimento desta, o comparecimento do Querelante e Querelado, sem <\/span><span>seu<\/span><span>(<\/span><span>s<\/span><span>)<\/span><span> advogado<\/span><span>(<\/span><span>s<\/span><span>)<\/span><span>, \u00e0<\/span><span> audi\u00eancia de <\/span><span>concilia\u00e7\u00e3o (<\/span><span>CPP, ar<\/span><span>t.<\/span><span> <\/span><span>520). Em virtude de ainda n\u00e3o haver a<\/span><span> <\/span><span>figura do contradit\u00f3rio, pede<\/span><span>-se<\/span><span> a NOTIFICA\u00c7\u00c3O do Querelado, para tomar conhecimento deste ato<\/span><span> processual<\/span><span>;<\/span><span>b) n\u00e3o havendo <\/span><span>a <\/span><span>reconcilia\u00e7\u00e3o, pede<\/span><span> seja <\/span><span>recebida a presente Queixa-Crime e <\/span><span>designada data para o <\/span><span>interrogat\u00f3rio<\/span><span> do Querelado, devendo o mesmo ser <\/span><span>CITADO (<\/span><span>CPP, art. 363)<\/span><span> para responder aos termos da presente<\/span><span>, <\/span><span>no endere\u00e7o<\/span><span> j\u00e1 mencionado em linhas anteriores, <\/span><span>apresentando<\/span><span> a sua defesa<\/span><span>;<\/span><span>c) s<\/span><span>olicita, outrossim, que sejam ouvidas as teste<\/span><span>munhas arroladas nesta, onde ser\u00e3o trazidas a ju\u00edzo independente de intima\u00e7\u00f5es, bastando, apenas, ato <\/span><span>intimat\u00f3rio<\/span><span> ao <\/span><span>caus\u00eddico<\/span><span> subscritor desta<\/span><span> <\/span><span>(CPP, a<\/span><span>rt. 370);<\/span><span>d) pede-se, mais, a intima\u00e7\u00e3o do \u00f3rg\u00e3o ministerial,<\/span><span> na qualidade de fiscal da lei,<\/span><span> para que o mesmo acompanhe a presente a\u00e7\u00e3o penal privada<\/span><span> e<\/span><span>, querendo, adite-a(CPP, art. 45);<\/span><span>e<\/span><span>) de resto, requer a condena\u00e7\u00e3o do Querelado nas penas previstas nos arts. 139 e 140 do Diploma Legal respectivo, <\/span><span>aumentando-as<\/span><span> de um ter\u00e7o, por for\u00e7a do art. 141, III, do Caderno Penal. Pede, tamb\u00e9m,<\/span><span> <\/span><span>a sucumb\u00eancia de <\/span><span>car\u00e1ter<\/span><span> privado, notadamente respeitante <\/span><span>\u00e0s<\/span><span> custas processuais<\/span><span> suportadas e adiantadas pelo <\/span><span>Querelante (<\/span><span>CPP, art. <\/span><span>804<\/span><span>)<\/span><span> e <\/span><span>honor\u00e1rios<\/span><span> advocat\u00edcios<\/span><span>, <\/span><span>atualizado<\/span><span> monetariamente, tudo com arrimo nos arts. 3<\/span><span>\u00ba<\/span><span> e 804 do C\u00f3digo de Processo Penal<\/span><span> por analogia ao art. 20 do C\u00f3digo <\/span><span>Buzaid (<\/span><span>acompanham: STF, REcrim 91.112, <\/span><span>RTJ 96\/825 <\/span><span>e RF<\/span><span> 274\/268; TAcrimSP, RT 591\/352).<\/span><span>Termos em que,<\/span><span>Pede Deferimento<\/span><span>CIDADE, 00, M\u00caS, ANO<\/span><span><strong>ADVOGADO<\/strong><\/span><span><strong>OAB N\u00ba<\/strong><\/span><span>ROL DE TESTEMUNHAS:<\/span><span>1-<\/span><span>2-<\/span><span>3-<\/span><\/p>\n<p style=\"text-align: center;\"><a href=\"https:\/\/advbox.com.br\/blog\/como-automatizar-seus-modelos-de-peticoes\/\" target=\"_blank\"><img fetchpriority=\"high\" decoding=\"async\" src=\"https:\/\/advbox.com.br\/blog\/wp-content\/uploads\/2019\/05\/automatize_a_produ%C3%A7%C3%A3o_de_suas_peti%C3%A7%C3%B5es.png\" alt=\"Automatize a Produ\u00e7\u00e3o de suas Peti\u00e7\u00f5es - Torne sua Advocacia ainda mais inteligente\" width=\"1000\" height=\"276\" class=\"alignnone wp-image-11456 size-full\"><\/a><\/p><\/p>\n","protected":false},"excerpt":{"rendered":"<p>Quer descobrir como automatizar o preenchimento de todos os seus modelos de peti\u00e7\u00e3o e otimizar o tempo de toda sua equipe? Clique aqui MODELO DE QUEIMA-CRIME &#8211; REDE SOCIAL EXCELENT\u00cdSSIMO SENHOR DOUTOR JUIZ DE DIREITO DA 00\u00ba UNIDADE DO JUIZADO ESPECIAL CRIMINAL DA CIDADE-UFFULANO DE TAL, estado civil, profiss\u00e3o, residente [&hellip;]<\/p>\n","protected":false},"author":44,"featured_media":11456,"comment_status":"closed","ping_status":"closed","template":"","meta":{"_acf_changed":false,"om_disable_all_campaigns":false,"footnotes":""},"modelo_category":[1457,1483],"class_list":["post-12333","modelos","type-modelos","status-publish","has-post-thumbnail","hentry","modelo_category-direito","modelo_category-direito-penal"],"acf":[],"yoast_head":"<!-- This site is optimized with the Yoast SEO plugin v26.9 - https:\/\/yoast.com\/product\/yoast-seo-wordpress\/ -->\n<title>MODELO DE QUEIMA-CRIME - REDE SOCIAL<\/title>\n<meta name=\"description\" content=\"Copie aqui sem restri\u00e7\u00f5es e baixe em word seu modelo de queima-crime - rede social\" \/>\n<meta name=\"robots\" content=\"index, follow, max-snippet:-1, max-image-preview:large, max-video-preview:-1\" \/>\n<link rel=\"canonical\" href=\"https:\/\/advbox.com.br\/blog\/modelos\/queimacrime-rede-social\/\" \/>\n<meta property=\"og:locale\" content=\"pt_BR\" \/>\n<meta property=\"og:type\" content=\"article\" \/>\n<meta property=\"og:title\" content=\"MODELO DE QUEIMA-CRIME - REDE SOCIAL\" \/>\n<meta property=\"og:description\" content=\"Copie aqui sem restri\u00e7\u00f5es e baixe em word seu modelo de queima-crime - rede social\" \/>\n<meta property=\"og:url\" content=\"https:\/\/advbox.com.br\/blog\/modelos\/queimacrime-rede-social\/\" \/>\n<meta property=\"og:site_name\" content=\"Software Jur\u00eddico Completo - ADVBOX\" \/>\n<meta property=\"article:publisher\" content=\"https:\/\/www.facebook.com\/advbox\/\" \/>\n<meta property=\"article:modified_time\" content=\"2025-08-15T17:51:10+00:00\" \/>\n<meta property=\"og:image\" content=\"https:\/\/advbox.com.br\/blog\/wp-content\/uploads\/2019\/05\/automatize_a_produ\u00e7\u00e3o_de_suas_peti\u00e7\u00f5es.png\" \/>\n\t<meta property=\"og:image:width\" content=\"1000\" \/>\n\t<meta property=\"og:image:height\" content=\"276\" \/>\n\t<meta property=\"og:image:type\" content=\"image\/png\" \/>\n<meta name=\"twitter:card\" content=\"summary_large_image\" \/>\n<meta name=\"twitter:site\" content=\"@advbox2\" \/>\n<script type=\"application\/ld+json\" class=\"yoast-schema-graph\">{\"@context\":\"https:\/\/schema.org\",\"@graph\":[{\"@type\":[\"WebPage\",\"ItemPage\"],\"@id\":\"https:\/\/advbox.com.br\/blog\/modelos\/queimacrime-rede-social\/\",\"url\":\"https:\/\/advbox.com.br\/blog\/modelos\/queimacrime-rede-social\/\",\"name\":\"MODELO DE QUEIMA-CRIME - REDE SOCIAL\",\"isPartOf\":{\"@id\":\"https:\/\/advbox.com.br\/blog\/#website\"},\"primaryImageOfPage\":{\"@id\":\"https:\/\/advbox.com.br\/blog\/modelos\/queimacrime-rede-social\/#primaryimage\"},\"image\":{\"@id\":\"https:\/\/advbox.com.br\/blog\/modelos\/queimacrime-rede-social\/#primaryimage\"},\"thumbnailUrl\":\"https:\/\/advbox.com.br\/blog\/wp-content\/uploads\/2019\/05\/automatize_a_produ\u00e7\u00e3o_de_suas_peti\u00e7\u00f5es.png\",\"datePublished\":\"2019-03-07T12:29:04+00:00\",\"dateModified\":\"2025-08-15T17:51:10+00:00\",\"description\":\"Copie aqui sem restri\u00e7\u00f5es e baixe em word seu modelo de queima-crime - rede social\",\"breadcrumb\":{\"@id\":\"https:\/\/advbox.com.br\/blog\/modelos\/queimacrime-rede-social\/#breadcrumb\"},\"inLanguage\":\"pt-BR\",\"potentialAction\":[{\"@type\":\"ReadAction\",\"target\":[\"https:\/\/advbox.com.br\/blog\/modelos\/queimacrime-rede-social\/\"]}]},{\"@type\":\"ImageObject\",\"inLanguage\":\"pt-BR\",\"@id\":\"https:\/\/advbox.com.br\/blog\/modelos\/queimacrime-rede-social\/#primaryimage\",\"url\":\"https:\/\/advbox.com.br\/blog\/wp-content\/uploads\/2019\/05\/automatize_a_produ\u00e7\u00e3o_de_suas_peti\u00e7\u00f5es.png\",\"contentUrl\":\"https:\/\/advbox.com.br\/blog\/wp-content\/uploads\/2019\/05\/automatize_a_produ\u00e7\u00e3o_de_suas_peti\u00e7\u00f5es.png\",\"width\":1000,\"height\":276,\"caption\":\"automatiza\u00e7\u00e3o de peti\u00e7\u00f5es\"},{\"@type\":\"BreadcrumbList\",\"@id\":\"https:\/\/advbox.com.br\/blog\/modelos\/queimacrime-rede-social\/#breadcrumb\",\"itemListElement\":[{\"@type\":\"ListItem\",\"position\":1,\"name\":\"In\u00edcio\",\"item\":\"https:\/\/advbox.com.br\/blog\/\"},{\"@type\":\"ListItem\",\"position\":2,\"name\":\"Modelos\",\"item\":\"https:\/\/advbox.com.br\/blog\/modelos\/\"},{\"@type\":\"ListItem\",\"position\":3,\"name\":\"MODELO DE QUEIMA-CRIME &#8211; REDE SOCIAL\"}]},{\"@type\":\"WebSite\",\"@id\":\"https:\/\/advbox.com.br\/blog\/#website\",\"url\":\"https:\/\/advbox.com.br\/blog\/\",\"name\":\"Software Jur\u00eddico Completo - ADVBOX\",\"description\":\"Plataforma para Advocacia Digital\",\"publisher\":{\"@id\":\"https:\/\/advbox.com.br\/blog\/#organization\"},\"potentialAction\":[{\"@type\":\"SearchAction\",\"target\":{\"@type\":\"EntryPoint\",\"urlTemplate\":\"https:\/\/advbox.com.br\/blog\/?s={search_term_string}\"},\"query-input\":{\"@type\":\"PropertyValueSpecification\",\"valueRequired\":true,\"valueName\":\"search_term_string\"}}],\"inLanguage\":\"pt-BR\"},{\"@type\":\"Organization\",\"@id\":\"https:\/\/advbox.com.br\/blog\/#organization\",\"name\":\"ADVBOX Blog - Software jur\u00eddico da advocacia digital\",\"url\":\"https:\/\/advbox.com.br\/blog\/\",\"logo\":{\"@type\":\"ImageObject\",\"inLanguage\":\"pt-BR\",\"@id\":\"https:\/\/advbox.com.br\/blog\/#\/schema\/logo\/image\/\",\"url\":\"https:\/\/advbox.com.br\/blog\/wp-content\/uploads\/2019\/12\/Como-aumentar-a-produtividade_.jpg\",\"contentUrl\":\"https:\/\/advbox.com.br\/blog\/wp-content\/uploads\/2019\/12\/Como-aumentar-a-produtividade_.jpg\",\"width\":320,\"height\":213,\"caption\":\"ADVBOX Blog - Software jur\u00eddico da advocacia digital\"},\"image\":{\"@id\":\"https:\/\/advbox.com.br\/blog\/#\/schema\/logo\/image\/\"},\"sameAs\":[\"https:\/\/www.facebook.com\/advbox\/\",\"https:\/\/x.com\/advbox2\"]}]}<\/script>\n<!-- \/ Yoast SEO plugin. -->","yoast_head_json":{"title":"MODELO DE QUEIMA-CRIME - REDE SOCIAL","description":"Copie aqui sem restri\u00e7\u00f5es e baixe em word seu modelo de queima-crime - rede social","robots":{"index":"index","follow":"follow","max-snippet":"max-snippet:-1","max-image-preview":"max-image-preview:large","max-video-preview":"max-video-preview:-1"},"canonical":"https:\/\/advbox.com.br\/blog\/modelos\/queimacrime-rede-social\/","og_locale":"pt_BR","og_type":"article","og_title":"MODELO DE QUEIMA-CRIME - REDE SOCIAL","og_description":"Copie aqui sem restri\u00e7\u00f5es e baixe em word seu modelo de queima-crime - rede social","og_url":"https:\/\/advbox.com.br\/blog\/modelos\/queimacrime-rede-social\/","og_site_name":"Software Jur\u00eddico Completo - ADVBOX","article_publisher":"https:\/\/www.facebook.com\/advbox\/","article_modified_time":"2025-08-15T17:51:10+00:00","og_image":[{"width":1000,"height":276,"url":"https:\/\/advbox.com.br\/blog\/wp-content\/uploads\/2019\/05\/automatize_a_produ\u00e7\u00e3o_de_suas_peti\u00e7\u00f5es.png","type":"image\/png"}],"twitter_card":"summary_large_image","twitter_site":"@advbox2","schema":{"@context":"https:\/\/schema.org","@graph":[{"@type":["WebPage","ItemPage"],"@id":"https:\/\/advbox.com.br\/blog\/modelos\/queimacrime-rede-social\/","url":"https:\/\/advbox.com.br\/blog\/modelos\/queimacrime-rede-social\/","name":"MODELO DE QUEIMA-CRIME - REDE SOCIAL","isPartOf":{"@id":"https:\/\/advbox.com.br\/blog\/#website"},"primaryImageOfPage":{"@id":"https:\/\/advbox.com.br\/blog\/modelos\/queimacrime-rede-social\/#primaryimage"},"image":{"@id":"https:\/\/advbox.com.br\/blog\/modelos\/queimacrime-rede-social\/#primaryimage"},"thumbnailUrl":"https:\/\/advbox.com.br\/blog\/wp-content\/uploads\/2019\/05\/automatize_a_produ\u00e7\u00e3o_de_suas_peti\u00e7\u00f5es.png","datePublished":"2019-03-07T12:29:04+00:00","dateModified":"2025-08-15T17:51:10+00:00","description":"Copie aqui sem restri\u00e7\u00f5es e baixe em word seu modelo de queima-crime - rede social","breadcrumb":{"@id":"https:\/\/advbox.com.br\/blog\/modelos\/queimacrime-rede-social\/#breadcrumb"},"inLanguage":"pt-BR","potentialAction":[{"@type":"ReadAction","target":["https:\/\/advbox.com.br\/blog\/modelos\/queimacrime-rede-social\/"]}]},{"@type":"ImageObject","inLanguage":"pt-BR","@id":"https:\/\/advbox.com.br\/blog\/modelos\/queimacrime-rede-social\/#primaryimage","url":"https:\/\/advbox.com.br\/blog\/wp-content\/uploads\/2019\/05\/automatize_a_produ\u00e7\u00e3o_de_suas_peti\u00e7\u00f5es.png","contentUrl":"https:\/\/advbox.com.br\/blog\/wp-content\/uploads\/2019\/05\/automatize_a_produ\u00e7\u00e3o_de_suas_peti\u00e7\u00f5es.png","width":1000,"height":276,"caption":"automatiza\u00e7\u00e3o de peti\u00e7\u00f5es"},{"@type":"BreadcrumbList","@id":"https:\/\/advbox.com.br\/blog\/modelos\/queimacrime-rede-social\/#breadcrumb","itemListElement":[{"@type":"ListItem","position":1,"name":"In\u00edcio","item":"https:\/\/advbox.com.br\/blog\/"},{"@type":"ListItem","position":2,"name":"Modelos","item":"https:\/\/advbox.com.br\/blog\/modelos\/"},{"@type":"ListItem","position":3,"name":"MODELO DE QUEIMA-CRIME &#8211; REDE SOCIAL"}]},{"@type":"WebSite","@id":"https:\/\/advbox.com.br\/blog\/#website","url":"https:\/\/advbox.com.br\/blog\/","name":"Software Jur\u00eddico Completo - ADVBOX","description":"Plataforma para Advocacia Digital","publisher":{"@id":"https:\/\/advbox.com.br\/blog\/#organization"},"potentialAction":[{"@type":"SearchAction","target":{"@type":"EntryPoint","urlTemplate":"https:\/\/advbox.com.br\/blog\/?s={search_term_string}"},"query-input":{"@type":"PropertyValueSpecification","valueRequired":true,"valueName":"search_term_string"}}],"inLanguage":"pt-BR"},{"@type":"Organization","@id":"https:\/\/advbox.com.br\/blog\/#organization","name":"ADVBOX Blog - Software jur\u00eddico da advocacia digital","url":"https:\/\/advbox.com.br\/blog\/","logo":{"@type":"ImageObject","inLanguage":"pt-BR","@id":"https:\/\/advbox.com.br\/blog\/#\/schema\/logo\/image\/","url":"https:\/\/advbox.com.br\/blog\/wp-content\/uploads\/2019\/12\/Como-aumentar-a-produtividade_.jpg","contentUrl":"https:\/\/advbox.com.br\/blog\/wp-content\/uploads\/2019\/12\/Como-aumentar-a-produtividade_.jpg","width":320,"height":213,"caption":"ADVBOX Blog - Software jur\u00eddico da advocacia digital"},"image":{"@id":"https:\/\/advbox.com.br\/blog\/#\/schema\/logo\/image\/"},"sameAs":["https:\/\/www.facebook.com\/advbox\/","https:\/\/x.com\/advbox2"]}]}},"_links":{"self":[{"href":"https:\/\/advbox.com.br\/blog\/wp-json\/wp\/v2\/modelos\/12333","targetHints":{"allow":["GET"]}}],"collection":[{"href":"https:\/\/advbox.com.br\/blog\/wp-json\/wp\/v2\/modelos"}],"about":[{"href":"https:\/\/advbox.com.br\/blog\/wp-json\/wp\/v2\/types\/modelos"}],"author":[{"embeddable":true,"href":"https:\/\/advbox.com.br\/blog\/wp-json\/wp\/v2\/users\/44"}],"replies":[{"embeddable":true,"href":"https:\/\/advbox.com.br\/blog\/wp-json\/wp\/v2\/comments?post=12333"}],"version-history":[{"count":2,"href":"https:\/\/advbox.com.br\/blog\/wp-json\/wp\/v2\/modelos\/12333\/revisions"}],"predecessor-version":[{"id":76229,"href":"https:\/\/advbox.com.br\/blog\/wp-json\/wp\/v2\/modelos\/12333\/revisions\/76229"}],"wp:featuredmedia":[{"embeddable":true,"href":"https:\/\/advbox.com.br\/blog\/wp-json\/wp\/v2\/media\/11456"}],"wp:attachment":[{"href":"https:\/\/advbox.com.br\/blog\/wp-json\/wp\/v2\/media?parent=12333"}],"wp:term":[{"taxonomy":"modelo_category","embeddable":true,"href":"https:\/\/advbox.com.br\/blog\/wp-json\/wp\/v2\/modelo_category?post=12333"}],"curies":[{"name":"wp","href":"https:\/\/api.w.org\/{rel}","templated":true}]}}