{"id":12349,"date":"2019-03-07T06:18:49","date_gmt":"2019-03-07T06:18:49","guid":{"rendered":"https:\/\/advbox.com.br\/blog\/?post_type=modelos&#038;p=12349"},"modified":"2025-08-15T14:55:58","modified_gmt":"2025-08-15T17:55:58","slug":"queixacrime-justica-comum","status":"publish","type":"modelos","link":"https:\/\/advbox.com.br\/blog\/modelos\/queixacrime-justica-comum\/","title":{"rendered":"Modelo de Queixa-crime &#8211; Justi\u00e7a comum"},"content":{"rendered":"<p style=\"text-align: center; background: #eee; padding: 10px;\"><strong><em>Quer descobrir como automatizar o preenchimento de todos os seus modelos de peti\u00e7\u00e3o e otimizar o tempo de toda sua equipe? <a href=\"https:\/\/advbox.com.br\/blog\/como-automatizar-seus-modelos-de-peticoes\/\" alt=\"Automatize o preenchimento das suas Peti\u00e7\u00f5es e otimize Tempo\" target=\"_blank\">Clique aqui<\/a><\/em><\/strong><\/p>\n<p>\n\u00a0\n<\/p>\n<h1><strong>MODELO DE QUEIXA-CRIME &#8211; JUSTI\u00c7A COMUM<\/strong><\/h1>\n<p>\n\u00a0<\/p>\n<p><span><strong>EX<\/strong><\/span><span><strong>CELENT\u00cdSSIMO SENHOR DOUTOR JUIZ DE DIREITO DA<\/strong><\/span><span><strong> 00\u00ba <\/strong><\/span><span><strong>VARA CRIMINAL DE <\/strong><\/span><span><strong>CIDADE-UF<\/strong><\/span><\/p>\n<p>\u00a0<\/p>\n<p>\u00a0<\/p>\n<p>\u00a0<\/p>\n<p>\u00a0<\/p>\n<p>\u00a0<\/p>\n<p>\u00a0<\/p>\n<p><span><strong>NOME DO CLIENTE,<\/strong><\/span><span> brasileiro, maior, <\/span><span>estado civil<\/span><span>, <\/span><span>profiss\u00e3o<\/span><span>, residente e domiciliado na Rua <\/span><span>TAL<\/span><span>, n\u00ba 0000, em <\/span><span>CIDADE-UF, <\/span><span>CEP n\u00ba <\/span><span>000000000<\/span><span>, <\/span><span>inscrito no CPF<\/span><span> <\/span><span>(MF) sob o n\u00ba<\/span><span> 00000000<\/span><span>, por interm\u00e9dio de seu patrono <\/span><span>ao final subscrito \u2013 i<\/span><span>nstrumento procurat\u00f3rio acostado<\/span><span>, o qual observa os ditames do art. 44, do CPP<\/span><span>, c<\/span><span>aus\u00eddico<\/span><span> inscrito na Ordem dos Advogados do Brasil, Sec\u00e7\u00e3o do Cear\u00e1, sob o n\u00ba <\/span><span>0000<\/span><span>, com endere\u00e7o profissional consignado no timbre deste<\/span><span> arrazoado<\/span><span>, onde receber\u00e1 intima\u00e7\u00f5es que se fizeram necess\u00e1rias, comparece, com o devido respeito <\/span><span>\u00e0 presen\u00e7a de <\/span><span>V<\/span><span>ossa <\/span><span>Excel\u00eancia, <\/span><span>para, <\/span><span>com estribo no<\/span><span> a<\/span><span>rt<\/span><span>.<\/span><span> <\/span><span>30 <\/span><span>do Caderno de Ritos Penal c\/c a<\/span><span>rt. <\/span><span>138, <\/span><span>139, 140 e 141, <\/span><span>inc. <\/span><span>III<\/span><span>,<\/span><span> <\/span><span>todos <\/span><span>do Estatuto Repressivo<\/span><span>, <\/span><span>para ajuizar a presente<\/span><\/p>\n<p>\u00a0<\/p>\n<p><span><strong>QUEIXA-CRIME<\/strong><\/span><\/p>\n<p>\u00a0<\/p>\n<p><span>em <\/span><span>des<\/span><span>favor de <\/span><span>Fulano de TAL<\/span><span>, brasileiro, <\/span><span>maior, <\/span><span>solteiro, <\/span><span>profiss\u00e3o<\/span><span>, possuidor do RG. n\u00ba <\/span><span>0000000000000<\/span><span> residente e domiciliado na Rua <\/span><span>TAL<\/span><span>, n\u00ba. 000<\/span><span>, em <\/span><span>CIDADE-UF<\/span><span> em raz\u00e3o das justificativas de ordem f\u00e1tica<\/span><span> e de direito abaixo delineadas.<\/span><\/p>\n<p>\u00a0<\/p>\n<p><span><strong> <\/strong><\/span><\/p>\n<p>\u00a0<\/p>\n<p><span>Segundo <\/span><span>contam <\/span><span>dos autos do inqu\u00e9rito acostado<\/span><span> <\/span><span>(IP n\u00ba <\/span><span>000000<\/span><span>)<\/span><span>, o<\/span><span> Querelante, citado nos argumentos preambulares des<\/span><span>ta pe\u00e7a exordial, \u00e9 titular da empresa <\/span><span>TAL<\/span><span> <\/span><span>LTDA<\/span><span> <\/span><span>(doc. 0<\/span><span>0<\/span><span>)<\/span><span>. O objetivo primordial<\/span><span> dess<\/span><span>a,<\/span><span> registre-se,<\/span><span> <\/span><span>\u00e9 <\/span><span>o com\u00e9rcio de g\u00eanero aliment\u00edcios, notadamente respeitante a licita\u00e7\u00f5es em prefeituras e outros <\/span><span>\u00f3<\/span><span>rg\u00e3os<\/span><span> p<\/span><span>\u00fablicos.<\/span><\/p>\n<p>\u00a0<\/p>\n<p><span>Como curial aos seus neg\u00f3cios, a empresa do Querelante <\/span><span>tamb\u00e9m <\/span><span>se <\/span><span>direcionou<\/span><span> a licitar junto \u00e0 Administra\u00e7\u00e3o Municipal da Cidade de <\/span><span>CIDADE-UF<\/span><span>, dispondo-se a ofertar g\u00eaneros aliment\u00edcios.<\/span><\/p>\n<p>\u00a0<\/p>\n<p><span>Em detrimento da diretriz tra\u00e7ada pela Lei de Licita\u00e7\u00f5es, na \u00f3tica do <\/span><span>Querelante<\/span><span>, o procedimento licitat\u00f3rio em comento <\/span><span>enveredou <\/span><span>por caminhos<\/span><span> alheios daqueles fixados pela l<\/span><span>egisla<\/span><span>\u00e7\u00e3o pertinente. Tanto \u00e9 verdade<\/span><span> que <\/span><span>fora <\/span><span>ajuiz<\/span><span>ado Mandado de Seguran\u00e7a <\/span><span>visando <\/span><span>refutar<\/span><span> a admissibilidade d<\/span><span>a empresa Da Casa <\/span><span>Ltda <\/span><span>de <\/span><span>participar do certame<\/span><span>, <\/span><span>porquanto <\/span><span>incapacitada juridicamente de tomar parte.<\/span><\/p>\n<p>\u00a0<\/p>\n<p><span>Em determinada<\/span><span> <\/span><span>fase <\/span><span>da licita\u00e7\u00e3o, com precis\u00e3o na abertura e julgamento de proposta da Tomada de Pre\u00e7os<\/span><span> <\/span><span>n\u00ba 0000000000<\/span><span> realizada no dia <\/span><span>00<\/span><span> do m\u00eas retr\u00f3gado pr\u00f3ximo, o Querelante ligou para o presidente da comiss\u00e3<\/span><span>o permanente de licita\u00e7\u00e3o<\/span><span> <\/span><span>(d<\/span><span>oc.<\/span><span> <\/span><span>0<\/span><span>0<\/span><span>). Pretendia, como homem zeloso que \u00e9, inteirar-se de fatos ocorridos na Tomada de <\/span><span>Pre\u00e7os em evid\u00eancia, onde foi atendido, sem qualquer raz\u00e3o plaus\u00edvel, de forma r\u00edspida.<\/span><\/p>\n<p>\u00a0<\/p>\n<p><span>De imediato, o <\/span><span>Querela<\/span><span>do<\/span><span> <\/span><span>contatou, por telefone, com o Quer<\/span><span>elante<\/span><span>. <\/span><span>Interrompendo<\/span><span> <\/span><span>a sess\u00e3<\/span><span>o, o Querela<\/span><span>do<\/span><span> atendeu <\/span><span>\u00e0<\/span><span> liga\u00e7\u00e3o telef\u00f4nica, oriunda do <\/span><span>presidente da co<\/span><span>miss\u00e3o <\/span><span>permanente de licita\u00e7\u00e3o<\/span><span>, e, <\/span><span>em um<\/span><span> gesto repugnante, colocou-se a <\/span><span>evidenciar <\/span><span>palavras ultrajantes <\/span><span>\u00e0<\/span><span> pesso<\/span><span>a do Querelante. Ness<\/span><span>a mesma sess\u00e3o, onde <\/span><span>se <\/span><span>encontrava<\/span><span>m<\/span><span> v\u00e1rias pessoas, estava o preposto da empresa <\/span><span>A<\/span><span> Ltda<\/span><span>, <\/span><span>o senhor <\/span><span>Fulano<\/span><span> de <\/span><span>TAL<\/span><span> (d<\/span><span>oc. 0<\/span><span>0<\/span><span>).<\/span><\/p>\n<p>\u00a0<\/p>\n<p><span>Mister <\/span><span>ressaltar que es<\/span><span>s<\/span><span>as atribui\u00e7\u00f5es mal\u00e9f<\/span><span>icas e simplesmente inver\u00eddicas<\/span><span> foram proferidas pelo Querelado, tudo em alto e bom som, sob os olhares de v\u00e1rias pessoas<\/span><span>, algumas dess<\/span><span>as ar<\/span><span>roladas como testemunhas nesta querela penal p<\/span><span>rivada:<\/span><\/p>\n<p>\u00a0\n<\/p>\n<p style=\"text-align: justify;\"><span style=\"color: #4472c4;\"><strong>\u201c<\/strong><\/span><span style=\"color: #4472c4;\"><strong>E<\/strong><\/span><span style=\"color: #4472c4;\"><strong>sse <\/strong><\/span><span style=\"color: #4472c4;\"><strong>Fulano de Tal<\/strong><\/span><span style=\"color: #4472c4;\"><strong> <\/strong><\/span><span style=\"color: #4472c4;\"><strong>\u00e9 um cachorro&#8230;\u201d<\/strong><\/span><\/p>\n<p>\n\u00a0<\/p>\n<p><span>(&#8230;)<\/span><\/p>\n<p>\u00a0\n<\/p>\n<p style=\"text-align: justify;\"><span style=\"color: #4472c4;\"><strong>\u201cEle n\u00e3o vai fazer as enroladas que v<\/strong><\/span><span style=\"color: #4472c4;\"><strong>em fazendo por a\u00ed nas outras pre<\/strong><\/span><span style=\"color: #4472c4;\"><strong>feituras&#8230;\u201d<\/strong><\/span><\/p>\n<p><span>(&#8230;)<\/span><\/p>\n<p>\u00a0\n<\/p>\n<p style=\"text-align: justify;\"><span style=\"color: #4472c4;\"><strong>\u201c\u00c9<\/strong><\/span><span style=\"color: #4472c4;\"><strong>, eu <\/strong><\/span><span style=\"color: #4472c4;\"><strong>estou<\/strong><\/span><span style=\"color: #4472c4;\"><strong> sabendo do ro<\/strong><\/span><span style=\"color: #4472c4;\"><strong>ubo que ele fez na prefeitura da cidade Tal<\/strong><\/span><span style=\"color: #4472c4;\"><strong>&#8230;\u201d<\/strong><\/span><\/p>\n<p><span>(&#8230;)<\/span><\/p>\n<p>\u00a0\n<\/p>\n<p style=\"text-align: justify;\"><span style=\"color: #4472c4;\"><strong>\u201cRapaz, se o <\/strong><\/span><span style=\"color: #4472c4;\"><strong>Fulano de Tal<\/strong><\/span><span style=\"color: #4472c4;\"><strong> <\/strong><\/span><span style=\"color: #4472c4;\"><strong>fosse homem falava comigo cara-a-cara, n\u00e3o por telefone<\/strong><\/span><span style=\"color: #4472c4;\"><strong>. <\/strong><\/span><span style=\"color: #4472c4;\"><strong>(<\/strong><\/span><span style=\"color: #4472c4;\"><strong>\u201c<\/strong><\/span><span style=\"color: #4472c4;\"><strong>talvez referindo-se a um poss\u00edvel telefonema do Sr. <\/strong><\/span><span style=\"color: #4472c4;\"><strong>Fulano<\/strong><\/span><span style=\"color: #4472c4;\"><strong> ao mesmo<\/strong><\/span><span style=\"color: #4472c4;\"><strong>\u201d<\/strong><\/span><span style=\"color: #4472c4;\"><strong>).\u201d<\/strong><\/span><\/p>\n<p>\n\u00a0<\/p>\n<p><span>(&#8230;)<\/span><\/p>\n<p>\u00a0<\/p>\n<p><span>F<\/span><span>oi com a mais profunda decep\u00e7\u00e3o que o Querelante <\/span><span>tivera <\/span><span>ci\u00eancia dos fatos, dito que soube <\/span><span>por meio<\/span><span> de seu pr\u00f3prio empregado, aquele mesmo que sempre o teve como exemplo de empregador. Por outro lado, e mais grave ainda, os fatos<\/span><span> <\/span><span>transcorreram<\/span><span> na presen\u00e7a de v\u00e1rios prepostos de <\/span><span>empresas<\/span><span> de amigos, do mesmo <\/span><span>setor, o que trouxe uma extrema imagem negativa do Querelante ante a seus consortes do ramo.<\/span><\/p>\n<p>\u00a0<\/p>\n<p><span><strong>DA COMPET\u00caNCIA DE JU\u00cdZO<\/strong><\/span><\/p>\n<p>\u00a0<\/p>\n<p><span>A<\/span><span>s coloca\u00e7\u00f5es f\u00e1ticas feitas pelo Querelante<\/span><span> tende<\/span><span>m<\/span><span> a atribuir ao <\/span><span>Querelado a concorr\u00eancia para o <\/span><span>crime de<\/span><span> cal\u00fania<\/span><span> <\/span><span>(CP, art. 139), <\/span><span>crime de <\/span><span>difama\u00e7\u00e3o (<\/span><span>CP, art. 139<\/span><span>) e<\/span><span> crime de <\/span><span>inj\u00faria (<\/span><span>CP, art. 140)<\/span><span>.<\/span><span> As penas m\u00e1ximas cominadas<\/span><span> a ess<\/span><span>es delitos correspondem, respectivamente, a 02(dois) anos, 01<\/span><span> <\/span><span>(um) ano e (06) meses.<\/span><\/p>\n<p>\u00a0<\/p>\n<p><span>Se <\/span><span>somadas as penas<\/span><span> o Querelado <\/span><span>poderia ser condenado em at\u00e9 03<\/span><span> <\/span><span>(tr\u00eas) anos e 06<\/span><span> <\/span><span>(seis) meses de deten\u00e7\u00e3o, o que, por si s\u00f3,<\/span><span> por conta do concurso de <\/span><span>crimes (<\/span><span>CP, art. 69)<\/span><span>,<\/span><span> j\u00e1 excluiria do rol das chamadas <\/span><span>\u201c<\/span><span>infra\u00e7\u00f5<\/span><span>es de menor potencial ofensivo<\/span><span>\u201d<\/span><span>. Assim, a tramita\u00e7\u00e3o \u00e9 da<\/span><span> compet\u00eancia da Justi\u00e7a Comum Criminal.<\/span><\/p>\n<p>\u00a0<\/p>\n<p><span>LEI DOS JUIZADOS ESPECIAIS C\u00cdVEIS E <\/span><span>CRIMINAIS (<\/span><span>Lei 9.099\/95)<\/span><\/p>\n<p>\u00a0\n<\/p>\n<p style=\"text-align: justify;\"><span style=\"color: #4472c4;\"><strong>Art. 61. Consideram-se infra\u00e7\u00f5es penais de menor potencial ofensivo, para os efeitos desta Lei, as contraven\u00e7\u00f5es penais e os crimes a que a lei comine pena m\u00e1xima n\u00e3o superior a 2 (dois) anos, cumulada ou n\u00e3o com multa.<\/strong><\/span><\/p>\n<p>\n\u00a0<\/p>\n<p><span>Ness<\/span><span>e sentido:<\/span><\/p>\n<p>\u00a0\n<\/p>\n<p style=\"text-align: justify;\"><span style=\"color: #4472c4;\"><strong>CONFLITO DE COMPET\u00caNCIA. JUSTI\u00c7A COMUM E JUIZADO ESPECIAL CRIMINAL. CONCURSO DE CRIMES.<\/strong><\/span><\/p>\n<p style=\"text-align: justify;\"><span style=\"color: #4472c4;\"><strong>A configura\u00e7\u00e3o ou n\u00e3o dos delitos imputados a querelada n\u00e3o foi objeto de decis\u00e3o na origem. H\u00e1, inclusive, <\/strong><\/span><span style=\"color: #4472c4;\"><strong>manifesta\u00e7\u00e3o<\/strong><\/span><span style=\"color: #4472c4;\"><strong> do Dr. Promotor de justi\u00e7a no sentido de ser emenda da pe\u00e7a vestibular. N\u00e3o \u00e9 caso, assim, anteciparmos decis\u00e3o quanto ao ponto, sob pena de supress\u00e3o de inst\u00e2ncia. &#8211; Da an\u00e1lise dos autos apreende-se que o querelante ajuizou queixa-crime imputando contra <\/strong><\/span><span style=\"color: #4472c4;\"><strong>a querelada<\/strong><\/span><span style=\"color: #4472c4;\"><strong> a pr\u00e1tica dos delitos de cal\u00fania (artigo 138 do C\u00f3digo Penal) e difama\u00e7\u00e3o (artigo 139 do C\u00f3digo Penal). &#8211; Em rela\u00e7\u00e3o a compet\u00eancia, j\u00e1 deixou assentado o Superior Tribunal de justi\u00e7a: &#8220;1. \u00c9 pac\u00edfica a jurisprud\u00eancia desta corte de que, no caso de concurso de crimes, a pena considerada para fins de fixa\u00e7\u00e3o da compet\u00eancia do juizado especial criminal ser\u00e1 o resultado da soma, no caso de concurso material, ou a exaspera\u00e7\u00e3o, na hip\u00f3tese de concurso formal ou crime continuado, das penas m\u00e1ximas cominadas aos delitos; destarte, se desse somat\u00f3rio resultar um apenamento superior a 02 (dois) anos, fica afastada a compet\u00eancia do juizado especial. &#8221; (passagem da ementa do HC 143.500\/PE, Rel. Ministro napole\u00e3o nunes maia filho, quinta turma, julgado em 31\/05\/2011, dje 27\/06\/2011) &#8220;2. Verificando-se que no caso de concurso material, o somat\u00f3rio das penas m\u00e1ximas cominadas em abstrato (ou no caso de concurso formal, a exaspera\u00e7\u00e3o) ultrapassa o limite de 2 (dois) anos, imposto pelo art. 61 da Lei n\u00ba 9.099\/95, imp\u00f5e-se a fixa\u00e7\u00e3o da compet\u00eancia da 1\u00aa Vara Criminal de Belo Horizonte -MG. Precedentes do STJ&#8221; (passagem da ementa do AGRG no CC 94488 \/ MG, ministra jane Silva (desembargadora convocada do TJ\/MG) terceira se\u00e7\u00e3o, j. Em <\/strong><\/span><span style=\"color: #4472c4;\"><strong>23\/06\/2008) conflito de compet\u00eancia julgado improcedente. (TJRS; CJ 338780-09.2012.8.21.7000; Porto Alegre; Segunda C\u00e2mara Criminal; Rel. Des. Marco Aur\u00e9lio de Oliveira Canosa; Julg. 10\/07\/2014; DJERS 01\/08\/2014)<\/strong><\/span><\/p>\n<p><span>(&#8230;)<\/span><\/p>\n<p>\u00a0\n<\/p>\n<p style=\"text-align: justify;\"><span style=\"color: #4472c4;\"><strong>CONFLITO NEGATIVO DE COMPET\u00caNCIA. CONFLITO DE COMPET\u00caNCIA ENTRE A DR\u00aa. JU\u00cdZA DE DIREITO DO 1\u00ba JUIZADO ESPECIAL CRIMINAL E A DR\u00aa. JU\u00cdZA DE DIREITO DA 11\u00aa VARA CRIMINAL, AMBOS DA COMARCA DE PORTO ALEGRE.<\/strong><\/span><\/p>\n<p style=\"text-align: justify;\"><span style=\"color: #4472c4;\"><strong>Versa o presente conflito de compet\u00eancia sobre a fixa\u00e7\u00e3o do ju\u00edzo competente para aprecia\u00e7\u00e3o e julgamento de queixa-crime que visa apurar a pr\u00e1tica, em tese, dos crimes de cal\u00fania, difama\u00e7\u00e3o e inj\u00faria. Segundo a ju\u00edza suscitante (1\u00ba juizado especial criminal do foro central da Comarca de Porto Alegre) a compet\u00eancia para a persecu\u00e7\u00e3o penal, no caso em an\u00e1lise, seria da Vara Criminal comum, ou seja, a do ju\u00edzo ora suscitado da mesma Comarca j\u00e1 que, no seu entender, o concurso material acarreta consequ\u00eancia jur\u00eddico-penal para fins de fixa\u00e7\u00e3o da compet\u00eancia dos crimes de menor potencial ofensivo. Tenho que raz\u00e3o assiste ao ju\u00edzo suscitante. Realmente, \u00e9 entendimento assentado na jurisprud\u00eancia que, para fins de fixa\u00e7\u00e3o de compet\u00eancia, em se tratando de concurso material, h\u00e1 que se considerar o somat\u00f3rio das penas em abstrato. E, no caso em apre\u00e7o, infere-se da queixa-crime acusa\u00e7\u00f5es por infra\u00e7\u00e3o aos artigos 138 (cal\u00fania), 139 (difama\u00e7\u00e3o) e 140 (inj\u00faria), do C\u00f3digo Penal, combinado com o artigo 70 (concurso formal), ambos do mesmo diploma legal, cujas penas, somadas, excedem o limite de dois anos estabelecido para delimitar os crimes de menor potencial ofensivo, de compet\u00eancia dos juizados especiais criminais. Logo, ainda que os <\/strong><\/span><span style=\"color: #4472c4;\"><strong>crimes mencionados na queixa-crime, isoladamente, sejam considerados de menor potencial ofensivo, ocorrendo concurso material ou formal e continuidade delitiva, quando o somat\u00f3rio das penas cominadas em abstrato ultrapassar dois anos, resta afastada a compet\u00eancia do juizado especial criminal. Nessa conformidade, acolho o presente conflito negativo de jurisdi\u00e7\u00e3o e declaro competente para o processamento do feito o ju\u00edzo suscitado, titular da 11\u00aa Vara Criminal da Comarca de Porto Alegre. Conflito acolhido. (TJRS; CJ 392823-56.2013.8.21.7000; Porto Alegre; Segunda C\u00e2mara Criminal; Rel. Des. Jos\u00e9 Ant\u00f4nio Cidade Pitrez; Julg. 20\/03\/2014; DJERS 15\/05\/2014)<\/strong><\/span><\/p>\n<p>\n\u00a0<\/p>\n<p>\u00a0<\/p>\n<p><span><strong>DA AUS\u00caNCIA DE DECAD\u00caNCIA<\/strong><\/span><\/p>\n<p>\u00a0<\/p>\n<p><span>Segundo consta da narrativa f\u00e1tica, o epis\u00f3dio delitivo ocorrera na data de <\/span><span>00\/11\/2222<\/span><span> dentro das depend\u00eancias do \u00f3rg\u00e3o onde ocorrera a licita\u00e7\u00e3o. <\/span><span>Ness<\/span><span>a exata data o Querelante tomou conhecimento da autoria dos crimes.<\/span><\/p>\n<p>\u00a0<\/p>\n<p><span>D<\/span><span>estarte, <\/span><span>contando-se<\/span><span> da data do <\/span><span>fato<\/span><span> <\/span><span>(onde o Querelante tomou conhecimento do autor dos crimes)<\/span><span>, <\/span><span>(CP, art. 10), <\/span><span>a pretens\u00e3o punitiva fora estipulad<\/span><span>a<\/span><span> em Ju<\/span><span>\u00edzo dentro do prazo legal, n\u00e3o ocorrendo a figura jur\u00eddica da decad<\/span><span>\u00eancia.<\/span><\/p>\n<p>\u00a0<\/p>\n<p><span><strong>C\u00d3DIGO PENAL<\/strong><\/span><\/p>\n<p>\u00a0\n<\/p>\n<p style=\"text-align: justify;\"><span style=\"color: #4472c4;\"><strong>Art. <\/strong><\/span><span style=\"color: #4472c4;\"><strong>38 \u2013 Salvo disposi\u00e7\u00e3o em contr\u00e1rio, o ofendido, ou seu representante legal, decair\u00e1 do direito de queixa ou representa\u00e7\u00e3o, se n\u00e3o o exercer dentro do prazo de 6(seis) meses, contado do dia em que vier a saber quem \u00e9 o autor do crime, ou, no caso do art. 29, d<\/strong><\/span><span style=\"color: #4472c4;\"><strong>o dia em que se esgotar o prazo para oferecimento da den\u00fancia.<\/strong><\/span><\/p>\n<p>\n\u00a0<\/p>\n<p><span>(&#8230;)<\/span><\/p>\n<p>\u00a0\n<\/p>\n<p style=\"text-align: justify;\"><span style=\"color: #4472c4;\"><strong>Art. 107 <\/strong><\/span><span style=\"color: #4472c4;\"><strong>\u2013<\/strong><\/span><span style=\"color: #4472c4;\"><strong> <\/strong><\/span><span style=\"color: #4472c4;\"><strong>Extingue-se a punibilidade:<\/strong><\/span><\/p>\n<p style=\"text-align: justify;\"><span style=\"color: #4472c4;\"><strong>IV \u2013 pela prescri\u00e7\u00e3o, decad\u00eancia ou peremp\u00e7\u00e3o;<\/strong><\/span><\/p>\n<p>\n\u00a0<\/p>\n<p>\u00a0<\/p>\n<p><span>Nesse contexto, conv\u00e9m ressaltar o magist\u00e9rio de Norberto Avena:<\/span><\/p>\n<p>\u00a0\n<\/p>\n<p style=\"text-align: justify;\"><span style=\"color: #4472c4;\"><strong>\u201c<\/strong><\/span><span style=\"color: #4472c4;\"><strong>Como regra geral, o direito de queixa dever\u00e1 ser exercido no prazo de seis meses, contados do dia em que o ofendido, seu representante legal ou cada uma das pessoas do art. 31 do CPP (no caso de morte da v\u00edtima ou de sua aus\u00eancia) vierem a saber quem foi o autor do crime, conforme <\/strong><\/span><span style=\"color: #4472c4;\"><strong>reza o art. 38 do CPP. <\/strong><\/span><span style=\"color: #4472c4;\"><strong>\u201c(<\/strong><\/span><span style=\"color: #4472c4;\"><strong>AVENA, Norberto Cl\u00e1udio P\u00e2ncaro. Processo Penal: Esquematizado. 4\u00aa Ed. S\u00e3o Paulo: M\u00e9todo, 2012. P\u00e1g. 241)<\/strong><\/span><\/p>\n<p>\n\u00a0<\/p>\n<p>\u00a0<\/p>\n<p><span>Com <\/span><span>efeito,<\/span><span> \u00e9 ancilar o entendimento jurisprudencial:<\/span><\/p>\n<p>\u00a0\n<\/p>\n<p style=\"text-align: justify;\"><span style=\"color: #4472c4;\"><strong>PROCESSUAL PENAL. DECIS\u00c3O QUE DECRETA EXTIN\u00c7\u00c3O DA PUNIBILIDADE PELA DECAD\u00caNCIA. IMPUTA\u00c7\u00c3O DE CAL\u00daNIA, <\/strong><\/span><span style=\"color: #4472c4;\"><strong>DIFAMA\u00c7\u00c3O E INJ\u00daRIA<\/strong><\/span><span style=\"color: #4472c4;\"><strong>. <\/strong><\/span><span style=\"color: #4472c4;\"><strong>TERMO INICIAL DO PRAZO PARA AJU<\/strong><\/span><span style=\"color: #4472c4;\"><strong>IZAR QUEIXA-CRIME. SENTEN\u00c7A CONFIRMADA.<\/strong><\/span><\/p>\n<p style=\"text-align: justify;\"><span style=\"color: #4472c4;\"><strong>1 Prescreve o artigo 103 do C\u00f3digo Penal que o direito de queixa deve ser exercido dentro do prazo de seis meses contados da data em que se tem conhecimento das ofensas e de quem seja a autoria. Tratando-se de prazo decadencial, n\u00e3o est\u00e1 sujeito a interrup\u00e7\u00e3o, suspens\u00e3o ou prorroga\u00e7\u00e3o. 2 Se entre as datas das ofensas indicadas na queixa-crime e a protocoliza\u00e7\u00e3o da inicial se passaram mais de seis meses, n\u00e3o h\u00e1 o que censurar na senten\u00e7a que reconheceu e declarou a decad\u00eancia do direito. Eventual irregularidade processual san\u00e1vel deve ser corrigida antes de prolatada a senten\u00e7a, conforme o artigo 596 do C\u00f3digo de Processo Penal. 3 Recurso desprovido. (TJDF; Rec 2013.01.1.065907-9; Ac. 816.130; Primeira Turma Criminal; Rel. Des. George Lopes Leite; DJDFTE 12\/09\/2014; P\u00e1g. 154)<\/strong><\/span><\/p>\n<p>\n\u00a0<\/p>\n<p>\u00a0\n<\/p>\n<p style=\"text-align: justify;\"><span style=\"color: #4472c4;\"><strong>DIREITO PENAL E PROCESSUAL PENAL. QUEIXA. CRIME CONTRA A HONRA. PRAZO <\/strong><\/span><span style=\"color: #4472c4;\"><strong>DECAD\u00caNCIA<\/strong><\/span><span style=\"color: #4472c4;\"><strong>. DIA DO COME\u00c7O.<\/strong><\/span><\/p>\n<p style=\"text-align: justify;\"><span style=\"color: #4472c4;\"><strong>1. Ac\u00f3rd\u00e3o elaborado de conformidade com o disposto no art. 82, \u00a7 5\u00ba. da Lei n\u00ba 9.099\/1995, e arts. 12, inciso IX, 98 e 99 do Regimento Interno das Turmas Recursais. Recurso pr\u00f3prio, regular e tempestivo. 2. Queixa. Decad\u00eancia. Em face do que disp\u00f5e o art. 10 do C\u00f3digo Penal, o dia do come\u00e7o inclui-se na contagem do prazo decadencial. Precedentes no STJ. (HC 139937 \/ BA HABEAS CORPUS 2009\/0116780-5 Relator Ministro Jorge MUSSI). A alega\u00e7\u00e3o do recorrente de que s\u00f3 soube do fato no dia seguinte, est\u00e1 em desacordo com a inicial, na qual afirma ter recebido mensagem telef\u00f4nica no mesmo dia. Senten\u00e7a que se confirma pelos seus pr\u00f3prios fundamentos. 3. Recurso conhecido, mas n\u00e3o provido. (TJDF; Rec 2013.04.1.008372-6; Ac. 770.108; Segunda Turma Recursal dos Juizados Especiais do Distrito Federal; Rel. Juiz Aiston Henrique de Sousa; DJDFTE 24\/03\/2014; P\u00e1g. 369)<\/strong><\/span><\/p>\n<p>\n\u00a0<\/p>\n<p>\u00a0<\/p>\n<p><span><strong>TIPICIDADE DAS CONDUTAS DELITIVAS<\/strong><\/span><\/p>\n<p>\u00a0<\/p>\n<p><span><strong>DA CAL\u00daNIA<\/strong><\/span><\/p>\n<p>\u00a0\n<\/p>\n<p style=\"text-align: justify;\"><span style=\"color: #4472c4;\"><strong>\u201c<\/strong><\/span><span style=\"color: #4472c4;\"><strong>\u00c9<\/strong><\/span><span style=\"color: #4472c4;\"><strong>, eu <\/strong><\/span><span style=\"color: #4472c4;\"><strong>estou<\/strong><\/span><span style=\"color: #4472c4;\"><strong> sabendo do roubo que ele fez na prefeitura da cidade Tal&#8230;\u201d<\/strong><\/span><\/p>\n<p>\n\u00a0<\/p>\n<p><span>Ao lan\u00e7ar a frase acima descrita o Querelado im<\/span><span>putou ao Querelante a <\/span><span>pretensa perpetra\u00e7<\/span><span>\u00e3o do crime de roubo, com previs\u00e3o no Estatuto <\/span><span>Repressivo (<\/span><span>CP, art. 157).<\/span><\/p>\n<p>\u00a0<\/p>\n<p><span>Incorre, ness<\/span><span>e diapas\u00e3o,<\/span><span> quando atribuiu o fato delituoso penal<\/span><span> falso<\/span><span> ora estipulado, <\/span><span>no crime de cal\u00fania.<\/span><\/p>\n<p>\u00a0<\/p>\n<p>\u00a0<\/p>\n<p><span><strong>C\u00d3DIGO PENAL<\/strong><\/span><\/p>\n<p>\u00a0\n<\/p>\n<p style=\"text-align: justify;\"><span style=\"color: #4472c4;\"><strong>Art. 138 \u2013 Caluniar algu\u00e9m, imputando-lhe falsamente fato definido como crime:<\/strong><\/span><\/p>\n<p>\n\u00a0<\/p>\n<p>\u00a0<\/p>\n<p><span>A prop\u00f3sito, estas s\u00e3o as li\u00e7\u00f5es de Cleber Rog\u00e9rio Masson<\/span><span> <\/span><span>quando conceitua o crime de cal\u00fania:<\/span><\/p>\n<p>\u00a0\n<\/p>\n<p style=\"text-align: justify;\"><span style=\"color: #4472c4;\"><strong>\u201c<\/strong><\/span><span style=\"color: #4472c4;\"><strong>Caluniar consiste na atividade de atribuir falsamente a algu\u00e9m a pr\u00e1tica de um fato definido como crime. O legislador foi repetitivo, pois ambos os verbos &#8212; \u00b4<\/strong><\/span><span style=\"color: #4472c4;\"><strong>caluniar \u2018e<\/strong><\/span><span style=\"color: #4472c4;\"><strong> \u00b4imputar<\/strong><\/span><span style=\"color: #4472c4;\"><strong>\u00b4 &#8212;<\/strong><\/span><span style=\"color: #4472c4;\"><strong> equivalem a atribuir.<\/strong><\/span><\/p>\n<p>\n\u00a0<\/p>\n<p><span>(.<\/span><span>.<\/span><span>.)<\/span><\/p>\n<p>\u00a0<\/p>\n<p><span>Vislumbra-se, pois, que a cal\u00fania nada mais \u00e9 do que uma difama\u00e7\u00e3o qualificada, ou seja, uma esp\u00e9cie de difama\u00e7\u00e3o. Atinge a honra objetiva da pessoa, atribuindo-lhe o agente um fato desairoso, no caso particular, um fato falso definido como crime.<\/span><span>\u201d<\/span><span> (<\/span><span>In Direito<\/span><span> Penal <\/span><span>Esquematizado<\/span><span>: parte especial. 2\u00aa Ed. Rio de Janeiro: M\u00e9todo, 2010<\/span><span>, vol. 2<\/span><span>. P\u00e1g. 167)<\/span><\/p>\n<p>\u00a0<\/p>\n<p>\u00a0<\/p>\n<p>\u00a0<\/p>\n<p><span><strong>DA DIFAMA\u00c7\u00c3O<\/strong><\/span><\/p>\n<p>\u00a0\n<\/p>\n<p style=\"text-align: justify;\"><span style=\"color: #4472c4;\"><strong>\u201cEle n\u00e3o vai fazer as enroladas que vem fazendo por a\u00ed nas outras prefeituras&#8230;\u201d<\/strong><\/span><\/p>\n<p>\n\u00a0<\/p>\n<p>\u00a0<\/p>\n<p><span>(&#8230;)<\/span><\/p>\n<p>\u00a0\n<\/p>\n<p style=\"text-align: justify;\"><span style=\"color: #4472c4;\"><strong>\u201cRapaz, se o Fulano de Tal fosse homem falava comigo cara-a-cara, n\u00e3o por telefone<\/strong><\/span><span style=\"color: #4472c4;\"><strong> <\/strong><\/span><span style=\"color: #4472c4;\"><strong>(\u201ctalvez referindo-se a um poss\u00edvel telefonema do Sr. Fulano ao mesmo).\u201d<\/strong><\/span><\/p>\n<p>\n\u00a0<\/p>\n<p><span>De outro <\/span><span>Norte<\/span><span>, entendemos que o Querelado tamb\u00e9m ofendeu a honra do Querelante, <\/span><span>na medida em que<\/span><span> lan\u00e7ou as palavras <\/span><span>acima evidenciadas<\/span><span>.<\/span><\/p>\n<p>\u00a0<\/p>\n<p><span>O Querelante \u00e9 homem de bem, honesto e respeitado na cidade onde ocorreu o epis\u00f3dio acima descrito. N\u00e3o responde a nenhum <\/span><span>processo criminal<\/span><span> e, mais, exerce cargo profissional de destaque.<\/span><\/p>\n<p>\u00a0<\/p>\n<p><span>Diante diss<\/span><span>o, <\/span><span>\u00e9 inescus\u00e1vel <\/span><span>que o Querelado incorreu no crime de difama\u00e7\u00e3o.<\/span><\/p>\n<p>\u00a0<\/p>\n<p><span><strong>C\u00d3DIGO PENAL<\/strong><\/span><\/p>\n<p>\u00a0\n<\/p>\n<p style=\"text-align: justify;\"><span style=\"color: #4472c4;\"><strong>Art. 139 \u2013 Difamar algu\u00e9m, imputando-lhe fato ofensivo \u00e0 sua reputa\u00e7\u00e3o:<\/strong><\/span><\/p>\n<p>\n\u00a0<\/p>\n<p>\u00a0<\/p>\n<p><span>V<\/span><span>\u00e1lidas<\/span><span> novamente as coloca\u00e7\u00f5es de Cleber Rog\u00e9rio Masson, quando, no tocante ao crime de difama\u00e7\u00e3o, leciona que:<\/span><\/p>\n<p>\u00a0<\/p>\n<p><span>\u201cConstitui-se a difama\u00e7\u00e3o em crime que ofende a honra objetiva e, da mesma forma que a cal<\/span><span>\u00fania, depende da imputa\u00e7\u00e3o de algum fato a algu\u00e9m. Esse fato, todavia, n\u00e3o precisa ser criminoso. Basta que tenha a capacidade de macular a reputa\u00e7\u00e3o da v\u00edtima, isto \u00e9, o bom conceito que ela desfruta na coletividade, pouco importando se verdadeiro ou falso. \u201c(Ob e aut, citados, p\u00e1g. 175)<\/span><\/p>\n<p>\u00a0<\/p>\n<p><span><strong>DA INJ\u00daRIA<\/strong><\/span><\/p>\n<p>\u00a0\n<\/p>\n<p style=\"text-align: justify;\"><span style=\"color: #4472c4;\"><strong>\u201cEsse Fulano de Tal [o propriet\u00e1rio da empresa B Ltda., ora Querelante] \u00e9 um cachorro&#8230;\u201d<\/strong><\/span><\/p>\n<p>\n\u00a0<\/p>\n<p><span>De outro bordo, concretizou-se id<\/span><span>enticamente o crime de inj\u00faria. O<\/span><span> Querelado, injustamente, <\/span><span>fez <\/span><span>coloca\u00e7\u00f5es verbais <\/span><span>negativas <\/span><span>contra sua pessoa, <\/span><span>insultando-o, falando mal, ofendo-o ao cham\u00e1-lo de \u201ccachorro\u201d. <\/span><span> H\u00e1, destarte, uma qualidade negativa asseverada contra o Querelante, a qual ofendeu, sem sombra de d\u00favidas, a dignidade e o decoro do Querelante.<\/span><\/p>\n<p>\u00a0<\/p>\n<p><span>H\u00e1 previs\u00e3o legal neste tocante<\/span><span> <\/span><span>(crime de inj\u00faria):<\/span><\/p>\n<p>\u00a0<\/p>\n<p><span>C\u00d3DIGO PENAL<\/span><\/p>\n<p>\u00a0\n<\/p>\n<p style=\"text-align: justify;\"><span style=\"color: #4472c4;\"><strong>Art. 1<\/strong><\/span><span style=\"color: #4472c4;\"><strong>40<\/strong><\/span><span style=\"color: #4472c4;\"><strong> \u2013 <\/strong><\/span><span style=\"color: #4472c4;\"><strong>Injuriar algu\u00e9m, <\/strong><\/span><span style=\"color: #4472c4;\"><strong>ofendendo-lhe<\/strong><\/span><span style=\"color: #4472c4;\"><strong> a dignidade e o decoro<\/strong><\/span><span style=\"color: #4472c4;\"><strong>:<\/strong><\/span><\/p>\n<p>\n\u00a0<\/p>\n<p><span>Sobre o crime de difama\u00e7\u00e3o, <\/span><span>ensina Luiz Regis Prado que:<\/span><\/p>\n<p>\u00a0\n<\/p>\n<p style=\"text-align: justify;\"><span style=\"color: #4472c4;\"><strong>\u201c<\/strong><\/span><span style=\"color: #4472c4;\"><strong>A nota caracter\u00edstica da inj\u00faria \u00e9 a exterioriza\u00e7\u00e3o do desprezo e desrespeito, ou seja, consiste <\/strong><\/span><span style=\"color: #4472c4;\"><strong>em um ju\u00edzo de valor negativo, apto a ofender o sentimento e dignidade da v\u00edtima. Pode fazer refer\u00eancias <\/strong><\/span><span style=\"color: #4472c4;\"><strong>\u00e0s condi\u00e7\u00f5es pessoais do <\/strong><\/span><span style=\"color: #4472c4;\"><strong>ofendido (<\/strong><\/span><span style=\"color: #4472c4;\"><strong>v. g., corpo, bagagem cultural, moral) ou \u00e0 sua qualifica\u00e7\u00e3o social ou capacidade profissional. Distingue-se a inj\u00faria da cal\u00fania e da difama\u00e7\u00e3o por n\u00e3o significar a imputa\u00e7\u00e3o de fato determinado \u2013 criminoso ou desonroso &#8211;, mas sim a atribui\u00e7\u00e3o de v\u00edcios ou defeitos morais, intelectuais ou f\u00edsicos. <\/strong><\/span><span style=\"color: #4472c4;\"><strong>\u201c(<\/strong><\/span><span style=\"color: #4472c4;\"><strong>In Curso<\/strong><\/span><span style=\"color: #4472c4;\"><strong> de Direito Penal Brasileiro: parte especial<\/strong><\/span><span style=\"color: #4472c4;\"><strong>. 9<\/strong><\/span><span style=\"color: #4472c4;\"><strong>\u00aa Ed. S\u00e3o Paulo: RT, 20<\/strong><\/span><span style=\"color: #4472c4;\"><strong>10<\/strong><\/span><span style=\"color: #4472c4;\"><strong>, Vol. 02. P\u00e1g. <\/strong><\/span><span style=\"color: #4472c4;\"><strong>24<\/strong><\/span><span style=\"color: #4472c4;\"><strong>7)<\/strong><\/span><\/p>\n<p>\n\u00a0<\/p>\n<p>\u00a0<\/p>\n<p>\u00a0<\/p>\n<p><span><strong>CRIME CONTRA HONRA<\/strong><\/span><span><strong> &#8211; <\/strong><\/span><span><strong>CAUSA DE AUMENTO <\/strong><\/span><\/p>\n<p><span>Constata-se que as palavras ofensivas ao Querelante foram levadas a efeito perante v\u00e1rias pessoas, as quais participavam de um certame licitat\u00f3rio.<\/span><\/p>\n<p>\u00a0<\/p>\n<p><span>Diante dis<\/span><span>s<\/span><span>o, as penas cominadas aos delitos perpetrados dever\u00e3o ser aumentadas de um ter\u00e7o, pois que:<\/span><\/p>\n<p>\u00a0<\/p>\n<p>\u00a0<\/p>\n<p>\u00a0<\/p>\n<p><span><strong>C\u00d3DIGO PENAL<\/strong><\/span><\/p>\n<p>\u00a0\n<\/p>\n<p style=\"text-align: justify;\"><span style=\"color: #4472c4;\"><strong>Art. <\/strong><\/span><span style=\"color: #4472c4;\"><strong>141 \u2013 As penas cometidas neste Cap\u00edtulo aumentam-se de um ter\u00e7o, se qualquer dos crimes \u00e9 cometido:<\/strong><\/span><\/p>\n<p>\n\u00a0<\/p>\n<p><span>(&#8230;)<\/span><\/p>\n<p>\u00a0\n<\/p>\n<p style=\"text-align: justify;\"><span style=\"color: #4472c4;\"><strong>III \u2013 na presen\u00e7a de v\u00e1rias pessoas, ou por meio que facilite a divulga\u00e7\u00e3o da cal\u00fania, da difama\u00e7\u00e3o ou inj\u00faria;<\/strong><\/span><\/p>\n<p>\n\u00a0<\/p>\n<p><span><strong>DOS PEDIDOS<\/strong><\/span><\/p>\n<p>\u00a0<\/p>\n<p><span>N\u00e3o restam d\u00favidas que a exposi\u00e7\u00e3o f\u00e1tica colocada <\/span><span>nos leva \u00e0<\/span><span> disciplina r\u00edgida dos arts. <\/span><span>138, <\/span><span>139 e 140 do <\/span><span>C\u00f3digo<\/span><span> Penal<\/span><span>, vez que <\/span><span>se <\/span><span>reduz a palavras <\/span><span>inver\u00eddicas<\/span><span>, assim como<\/span><span> ofensivas <\/span><span>\u00e0<\/span><span> dignidade e <\/span><span>\u00e0<\/span><span> reputa\u00e7\u00e3o do Querelante<\/span><span>. Desse modo, <\/span><span>merece a reprimenda penal cab\u00edvel, exe<\/span><span>r<\/span><span>cendo-se, por conseguinte, o jus puniendi inerente <\/span><span>\u00e0<\/span><span> atividade Estatal.<\/span><\/p>\n<p>\u00a0<\/p>\n<p><span>Em <\/span><span>arremate<\/span><span>, o Querelante requer que V<\/span><span>ossa<\/span><span> Excel\u00eancia se digne de tomar<\/span><span> as seguintes provid\u00eancias:<\/span><\/p>\n<p>\u00a0<\/p>\n<p><span>a)<\/span><span> <\/span><span>Determinar, antes do recebimento desta, o comparecimento do Querelante e Querelado, sem <\/span><span>seu<\/span><span>(<\/span><span>s<\/span><span>)<\/span><span> advogado<\/span><span>(<\/span><span>s<\/span><span>)<\/span><span>, \u00e0<\/span><span> audi\u00eancia de <\/span><span>concilia\u00e7\u00e3o<\/span><span> <\/span><span>(CPP, ar<\/span><span>t.<\/span><span> <\/span><span>520). Em virtude de ainda n\u00e3o haver afigura do contradit\u00f3rio, pede<\/span><span>-se<\/span><span> a NOTIFICA\u00c7\u00c3O do Querelado, para tomar conhecimento deste ato<\/span><span> processual<\/span><span>;<\/span><\/p>\n<p>\u00a0<\/p>\n<p><span>b) n\u00e3o havendo <\/span><span>a <\/span><span>reconcilia\u00e7\u00e3o, pede<\/span><span> seja <\/span><span>recebida a presente Queixa-Crime e <\/span><span>designada data para o <\/span><span>interrogat\u00f3rio<\/span><span> do Querelado, devendo o mesmo ser CITADO<\/span><span>(CPP, art. 363)<\/span><span> para responder aos termos da presente<\/span><span>, <\/span><span>no endere\u00e7o<\/span><span> j\u00e1 mencionado em linhas anteriores, <\/span><span>apresentando<\/span><span> a sua defesa<\/span><span>, querendo, <\/span><span>com a notifica\u00e7\u00e3o, tamb\u00e9m, do chefe imediato deste<\/span><span>, visto que o \u00e9 funcion\u00e1rio p<\/span><span>\u00fablico<\/span><span> <\/span><span>(<\/span><span>CPP, art. 359<\/span><span>);<\/span><\/p>\n<p>\u00a0<\/p>\n<p><span>c) s<\/span><span>olicita, outrossim, que sejam ouvidas as teste<\/span><span>munhas arroladas nesta, onde ser\u00e3o trazidas a ju\u00edzo independente de intima\u00e7\u00f5es, bastando, apenas, ato <\/span><span>intimat\u00f3rio<\/span><span> ao <\/span><span>caus\u00eddico<\/span><span> subscritor desta<\/span><span> <\/span><span>(CPP, a<\/span><span>rt. 370);<\/span><\/p>\n<p>\u00a0<\/p>\n<p><span>d) pede-se, mais, a intima\u00e7\u00e3o do \u00f3rg\u00e3o ministerial,<\/span><span> na qualidade de fiscal da lei,<\/span><span> para que o mesmo acompanhe a presente a\u00e7\u00e3o penal privada<\/span><span> e<\/span><span>, querendo, adite-a<\/span><span> <\/span><span>(CPP, art. 45);<\/span><\/p>\n<p>\u00a0<\/p>\n<p><span>e<\/span><span>) de resto, requer a condena\u00e7\u00e3o do Querelado nas penas previstas nos arts. <\/span><span>138, <\/span><span>139 e 140 do Diploma Legal respectivo, aumentadas de um ter\u00e7o, por for\u00e7a do art. 141, III, do Caderno Penal. Pede, tamb\u00e9m,<\/span><span> <\/span><span>a sucumb\u00eancia de <\/span><span>car\u00e1ter<\/span><span> privado, notadamente respeitante <\/span><span>\u00e0s<\/span><span> custas processuais<\/span><span> suportadas e adiantadas pelo Querelante<\/span><span> <\/span><span>(CPP, art. <\/span><span>804<\/span><span>)<\/span><span> e <\/span><span>honor\u00e1rios<\/span><span> advocat\u00edcios<\/span><span>, <\/span><span>atualizado<\/span><span> monetariamente, tudo com arrimo nos arts. 3<\/span><span>\u00ba<\/span><span> e 804 do C\u00f3digo de Processo Penal<\/span><span> por analogia ao art. 20 do C\u00f3digo Buzaid<\/span><span> <\/span><span>(acompanham: STF, REcrim 91.112, <\/span><span>RTJ 96\/825 e RF 274\/268; TAcrimSP, RT 591\/352).<\/span><\/p>\n<p>\u00a0<\/p>\n<p>\u00a0<\/p>\n<p><span>Termos em que,<\/span><\/p>\n<p><span>Pede Deferimento.<\/span><\/p>\n<p>\u00a0<\/p>\n<p><span>CIDADE, 00, M\u00caS, ANO<\/span><\/p>\n<p>\u00a0<\/p>\n<p><span><strong>ADVOGADO<\/strong><\/span><\/p>\n<p>\u00a0<\/p>\n<p><span><strong>OAB N\u00ba<\/strong><\/span><span> <\/span><\/p>\n<p>\u00a0\n<\/p>\n<p style=\"text-align: center;\"><a href=\"https:\/\/advbox.com.br\/blog\/como-automatizar-seus-modelos-de-peticoes\/\" target=\"_blank\"><img fetchpriority=\"high\" decoding=\"async\" src=\"https:\/\/advbox.com.br\/blog\/wp-content\/uploads\/2019\/05\/automatize_a_produ%C3%A7%C3%A3o_de_suas_peti%C3%A7%C3%B5es.png\" alt=\"Automatize a Produ\u00e7\u00e3o de suas Peti\u00e7\u00f5es - Torne sua Advocacia ainda mais inteligente\" width=\"1000\" height=\"276\" class=\"alignnone wp-image-11456 size-full\"><\/a><\/p><\/p>\n","protected":false},"excerpt":{"rendered":"<p>Quer descobrir como automatizar o preenchimento de todos os seus modelos de peti\u00e7\u00e3o e otimizar o tempo de toda sua equipe? Clique aqui \u00a0 MODELO DE QUEIXA-CRIME &#8211; JUSTI\u00c7A COMUM \u00a0 EXCELENT\u00cdSSIMO SENHOR DOUTOR JUIZ DE DIREITO DA 00\u00ba VARA CRIMINAL DE CIDADE-UF \u00a0 \u00a0 \u00a0 \u00a0 \u00a0 \u00a0 NOME [&hellip;]<\/p>\n","protected":false},"author":44,"featured_media":11456,"comment_status":"closed","ping_status":"closed","template":"","meta":{"_acf_changed":false,"om_disable_all_campaigns":false,"footnotes":""},"modelo_category":[1457,1483],"class_list":["post-12349","modelos","type-modelos","status-publish","has-post-thumbnail","hentry","modelo_category-direito","modelo_category-direito-penal"],"acf":[],"yoast_head":"<!-- This site is optimized with the Yoast SEO plugin v26.9 - https:\/\/yoast.com\/product\/yoast-seo-wordpress\/ -->\n<title>Modelo de Queixa-crime - Justi\u00e7a comum | Agilize seus processos<\/title>\n<meta name=\"description\" content=\"Disponibilizamos para voc\u00ea um modelo de Queixa-crime - Justi\u00e7a comum. ADVBOX\" \/>\n<meta name=\"robots\" content=\"index, follow, max-snippet:-1, max-image-preview:large, max-video-preview:-1\" \/>\n<link rel=\"canonical\" href=\"https:\/\/advbox.com.br\/blog\/modelos\/queixacrime-justica-comum\/\" \/>\n<meta property=\"og:locale\" content=\"pt_BR\" \/>\n<meta property=\"og:type\" content=\"article\" \/>\n<meta property=\"og:title\" content=\"Modelo de Queixa-crime - Justi\u00e7a comum | Agilize seus processos\" \/>\n<meta property=\"og:description\" content=\"Disponibilizamos para voc\u00ea um modelo de Queixa-crime - Justi\u00e7a comum. ADVBOX\" \/>\n<meta property=\"og:url\" content=\"https:\/\/advbox.com.br\/blog\/modelos\/queixacrime-justica-comum\/\" \/>\n<meta property=\"og:site_name\" content=\"Software Jur\u00eddico Completo - ADVBOX\" \/>\n<meta property=\"article:publisher\" content=\"https:\/\/www.facebook.com\/advbox\/\" \/>\n<meta property=\"article:modified_time\" content=\"2025-08-15T17:55:58+00:00\" \/>\n<meta property=\"og:image\" content=\"https:\/\/advbox.com.br\/blog\/wp-content\/uploads\/2019\/05\/automatize_a_produ\u00e7\u00e3o_de_suas_peti\u00e7\u00f5es.png\" \/>\n\t<meta property=\"og:image:width\" content=\"1000\" \/>\n\t<meta property=\"og:image:height\" content=\"276\" \/>\n\t<meta property=\"og:image:type\" content=\"image\/png\" \/>\n<meta name=\"twitter:card\" content=\"summary_large_image\" \/>\n<meta name=\"twitter:site\" content=\"@advbox2\" \/>\n<script type=\"application\/ld+json\" class=\"yoast-schema-graph\">{\"@context\":\"https:\/\/schema.org\",\"@graph\":[{\"@type\":\"WebPage\",\"@id\":\"https:\/\/advbox.com.br\/blog\/modelos\/queixacrime-justica-comum\/\",\"url\":\"https:\/\/advbox.com.br\/blog\/modelos\/queixacrime-justica-comum\/\",\"name\":\"Modelo de Queixa-crime - Justi\u00e7a comum | Agilize seus processos\",\"isPartOf\":{\"@id\":\"https:\/\/advbox.com.br\/blog\/#website\"},\"primaryImageOfPage\":{\"@id\":\"https:\/\/advbox.com.br\/blog\/modelos\/queixacrime-justica-comum\/#primaryimage\"},\"image\":{\"@id\":\"https:\/\/advbox.com.br\/blog\/modelos\/queixacrime-justica-comum\/#primaryimage\"},\"thumbnailUrl\":\"https:\/\/advbox.com.br\/blog\/wp-content\/uploads\/2019\/05\/automatize_a_produ\u00e7\u00e3o_de_suas_peti\u00e7\u00f5es.png\",\"datePublished\":\"2019-03-07T06:18:49+00:00\",\"dateModified\":\"2025-08-15T17:55:58+00:00\",\"description\":\"Disponibilizamos para voc\u00ea um modelo de Queixa-crime - Justi\u00e7a comum. ADVBOX\",\"breadcrumb\":{\"@id\":\"https:\/\/advbox.com.br\/blog\/modelos\/queixacrime-justica-comum\/#breadcrumb\"},\"inLanguage\":\"pt-BR\",\"potentialAction\":[{\"@type\":\"ReadAction\",\"target\":[\"https:\/\/advbox.com.br\/blog\/modelos\/queixacrime-justica-comum\/\"]}]},{\"@type\":\"ImageObject\",\"inLanguage\":\"pt-BR\",\"@id\":\"https:\/\/advbox.com.br\/blog\/modelos\/queixacrime-justica-comum\/#primaryimage\",\"url\":\"https:\/\/advbox.com.br\/blog\/wp-content\/uploads\/2019\/05\/automatize_a_produ\u00e7\u00e3o_de_suas_peti\u00e7\u00f5es.png\",\"contentUrl\":\"https:\/\/advbox.com.br\/blog\/wp-content\/uploads\/2019\/05\/automatize_a_produ\u00e7\u00e3o_de_suas_peti\u00e7\u00f5es.png\",\"width\":1000,\"height\":276,\"caption\":\"automatiza\u00e7\u00e3o de peti\u00e7\u00f5es\"},{\"@type\":\"BreadcrumbList\",\"@id\":\"https:\/\/advbox.com.br\/blog\/modelos\/queixacrime-justica-comum\/#breadcrumb\",\"itemListElement\":[{\"@type\":\"ListItem\",\"position\":1,\"name\":\"In\u00edcio\",\"item\":\"https:\/\/advbox.com.br\/blog\/\"},{\"@type\":\"ListItem\",\"position\":2,\"name\":\"Modelos\",\"item\":\"https:\/\/advbox.com.br\/blog\/modelos\/\"},{\"@type\":\"ListItem\",\"position\":3,\"name\":\"Modelo de Queixa-crime &#8211; Justi\u00e7a comum\"}]},{\"@type\":\"WebSite\",\"@id\":\"https:\/\/advbox.com.br\/blog\/#website\",\"url\":\"https:\/\/advbox.com.br\/blog\/\",\"name\":\"Software Jur\u00eddico Completo - ADVBOX\",\"description\":\"Plataforma para Advocacia Digital\",\"publisher\":{\"@id\":\"https:\/\/advbox.com.br\/blog\/#organization\"},\"potentialAction\":[{\"@type\":\"SearchAction\",\"target\":{\"@type\":\"EntryPoint\",\"urlTemplate\":\"https:\/\/advbox.com.br\/blog\/?s={search_term_string}\"},\"query-input\":{\"@type\":\"PropertyValueSpecification\",\"valueRequired\":true,\"valueName\":\"search_term_string\"}}],\"inLanguage\":\"pt-BR\"},{\"@type\":\"Organization\",\"@id\":\"https:\/\/advbox.com.br\/blog\/#organization\",\"name\":\"ADVBOX Blog - Software jur\u00eddico da advocacia digital\",\"url\":\"https:\/\/advbox.com.br\/blog\/\",\"logo\":{\"@type\":\"ImageObject\",\"inLanguage\":\"pt-BR\",\"@id\":\"https:\/\/advbox.com.br\/blog\/#\/schema\/logo\/image\/\",\"url\":\"https:\/\/advbox.com.br\/blog\/wp-content\/uploads\/2019\/12\/Como-aumentar-a-produtividade_.jpg\",\"contentUrl\":\"https:\/\/advbox.com.br\/blog\/wp-content\/uploads\/2019\/12\/Como-aumentar-a-produtividade_.jpg\",\"width\":320,\"height\":213,\"caption\":\"ADVBOX Blog - Software jur\u00eddico da advocacia digital\"},\"image\":{\"@id\":\"https:\/\/advbox.com.br\/blog\/#\/schema\/logo\/image\/\"},\"sameAs\":[\"https:\/\/www.facebook.com\/advbox\/\",\"https:\/\/x.com\/advbox2\"]}]}<\/script>\n<!-- \/ Yoast SEO plugin. -->","yoast_head_json":{"title":"Modelo de Queixa-crime - Justi\u00e7a comum | Agilize seus processos","description":"Disponibilizamos para voc\u00ea um modelo de Queixa-crime - Justi\u00e7a comum. ADVBOX","robots":{"index":"index","follow":"follow","max-snippet":"max-snippet:-1","max-image-preview":"max-image-preview:large","max-video-preview":"max-video-preview:-1"},"canonical":"https:\/\/advbox.com.br\/blog\/modelos\/queixacrime-justica-comum\/","og_locale":"pt_BR","og_type":"article","og_title":"Modelo de Queixa-crime - Justi\u00e7a comum | Agilize seus processos","og_description":"Disponibilizamos para voc\u00ea um modelo de Queixa-crime - Justi\u00e7a comum. ADVBOX","og_url":"https:\/\/advbox.com.br\/blog\/modelos\/queixacrime-justica-comum\/","og_site_name":"Software Jur\u00eddico Completo - ADVBOX","article_publisher":"https:\/\/www.facebook.com\/advbox\/","article_modified_time":"2025-08-15T17:55:58+00:00","og_image":[{"width":1000,"height":276,"url":"https:\/\/advbox.com.br\/blog\/wp-content\/uploads\/2019\/05\/automatize_a_produ\u00e7\u00e3o_de_suas_peti\u00e7\u00f5es.png","type":"image\/png"}],"twitter_card":"summary_large_image","twitter_site":"@advbox2","schema":{"@context":"https:\/\/schema.org","@graph":[{"@type":"WebPage","@id":"https:\/\/advbox.com.br\/blog\/modelos\/queixacrime-justica-comum\/","url":"https:\/\/advbox.com.br\/blog\/modelos\/queixacrime-justica-comum\/","name":"Modelo de Queixa-crime - Justi\u00e7a comum | Agilize seus processos","isPartOf":{"@id":"https:\/\/advbox.com.br\/blog\/#website"},"primaryImageOfPage":{"@id":"https:\/\/advbox.com.br\/blog\/modelos\/queixacrime-justica-comum\/#primaryimage"},"image":{"@id":"https:\/\/advbox.com.br\/blog\/modelos\/queixacrime-justica-comum\/#primaryimage"},"thumbnailUrl":"https:\/\/advbox.com.br\/blog\/wp-content\/uploads\/2019\/05\/automatize_a_produ\u00e7\u00e3o_de_suas_peti\u00e7\u00f5es.png","datePublished":"2019-03-07T06:18:49+00:00","dateModified":"2025-08-15T17:55:58+00:00","description":"Disponibilizamos para voc\u00ea um modelo de Queixa-crime - Justi\u00e7a comum. ADVBOX","breadcrumb":{"@id":"https:\/\/advbox.com.br\/blog\/modelos\/queixacrime-justica-comum\/#breadcrumb"},"inLanguage":"pt-BR","potentialAction":[{"@type":"ReadAction","target":["https:\/\/advbox.com.br\/blog\/modelos\/queixacrime-justica-comum\/"]}]},{"@type":"ImageObject","inLanguage":"pt-BR","@id":"https:\/\/advbox.com.br\/blog\/modelos\/queixacrime-justica-comum\/#primaryimage","url":"https:\/\/advbox.com.br\/blog\/wp-content\/uploads\/2019\/05\/automatize_a_produ\u00e7\u00e3o_de_suas_peti\u00e7\u00f5es.png","contentUrl":"https:\/\/advbox.com.br\/blog\/wp-content\/uploads\/2019\/05\/automatize_a_produ\u00e7\u00e3o_de_suas_peti\u00e7\u00f5es.png","width":1000,"height":276,"caption":"automatiza\u00e7\u00e3o de peti\u00e7\u00f5es"},{"@type":"BreadcrumbList","@id":"https:\/\/advbox.com.br\/blog\/modelos\/queixacrime-justica-comum\/#breadcrumb","itemListElement":[{"@type":"ListItem","position":1,"name":"In\u00edcio","item":"https:\/\/advbox.com.br\/blog\/"},{"@type":"ListItem","position":2,"name":"Modelos","item":"https:\/\/advbox.com.br\/blog\/modelos\/"},{"@type":"ListItem","position":3,"name":"Modelo de Queixa-crime &#8211; Justi\u00e7a comum"}]},{"@type":"WebSite","@id":"https:\/\/advbox.com.br\/blog\/#website","url":"https:\/\/advbox.com.br\/blog\/","name":"Software Jur\u00eddico Completo - ADVBOX","description":"Plataforma para Advocacia Digital","publisher":{"@id":"https:\/\/advbox.com.br\/blog\/#organization"},"potentialAction":[{"@type":"SearchAction","target":{"@type":"EntryPoint","urlTemplate":"https:\/\/advbox.com.br\/blog\/?s={search_term_string}"},"query-input":{"@type":"PropertyValueSpecification","valueRequired":true,"valueName":"search_term_string"}}],"inLanguage":"pt-BR"},{"@type":"Organization","@id":"https:\/\/advbox.com.br\/blog\/#organization","name":"ADVBOX Blog - Software jur\u00eddico da advocacia digital","url":"https:\/\/advbox.com.br\/blog\/","logo":{"@type":"ImageObject","inLanguage":"pt-BR","@id":"https:\/\/advbox.com.br\/blog\/#\/schema\/logo\/image\/","url":"https:\/\/advbox.com.br\/blog\/wp-content\/uploads\/2019\/12\/Como-aumentar-a-produtividade_.jpg","contentUrl":"https:\/\/advbox.com.br\/blog\/wp-content\/uploads\/2019\/12\/Como-aumentar-a-produtividade_.jpg","width":320,"height":213,"caption":"ADVBOX Blog - Software jur\u00eddico da advocacia digital"},"image":{"@id":"https:\/\/advbox.com.br\/blog\/#\/schema\/logo\/image\/"},"sameAs":["https:\/\/www.facebook.com\/advbox\/","https:\/\/x.com\/advbox2"]}]}},"_links":{"self":[{"href":"https:\/\/advbox.com.br\/blog\/wp-json\/wp\/v2\/modelos\/12349","targetHints":{"allow":["GET"]}}],"collection":[{"href":"https:\/\/advbox.com.br\/blog\/wp-json\/wp\/v2\/modelos"}],"about":[{"href":"https:\/\/advbox.com.br\/blog\/wp-json\/wp\/v2\/types\/modelos"}],"author":[{"embeddable":true,"href":"https:\/\/advbox.com.br\/blog\/wp-json\/wp\/v2\/users\/44"}],"replies":[{"embeddable":true,"href":"https:\/\/advbox.com.br\/blog\/wp-json\/wp\/v2\/comments?post=12349"}],"version-history":[{"count":3,"href":"https:\/\/advbox.com.br\/blog\/wp-json\/wp\/v2\/modelos\/12349\/revisions"}],"predecessor-version":[{"id":76234,"href":"https:\/\/advbox.com.br\/blog\/wp-json\/wp\/v2\/modelos\/12349\/revisions\/76234"}],"wp:featuredmedia":[{"embeddable":true,"href":"https:\/\/advbox.com.br\/blog\/wp-json\/wp\/v2\/media\/11456"}],"wp:attachment":[{"href":"https:\/\/advbox.com.br\/blog\/wp-json\/wp\/v2\/media?parent=12349"}],"wp:term":[{"taxonomy":"modelo_category","embeddable":true,"href":"https:\/\/advbox.com.br\/blog\/wp-json\/wp\/v2\/modelo_category?post=12349"}],"curies":[{"name":"wp","href":"https:\/\/api.w.org\/{rel}","templated":true}]}}