{"id":12393,"date":"2026-02-02T17:26:06","date_gmt":"2026-02-02T20:26:06","guid":{"rendered":"https:\/\/advbox.com.br\/blog\/?post_type=modelos&#038;p=12393"},"modified":"2026-02-19T17:20:36","modified_gmt":"2026-02-19T20:20:36","slug":"manifestacao-laudo-pericial-encaminhamento-reabilitacao-profisiional","status":"publish","type":"modelos","link":"https:\/\/advbox.com.br\/blog\/modelos\/manifestacao-laudo-pericial-encaminhamento-reabilitacao-profisiional\/","title":{"rendered":"Modelo de manifesta\u00e7\u00e3o de laudo pericial e qual \u00e9 o prazo"},"content":{"rendered":"\n<h1 class=\"wp-block-heading\">Modelo de manifesta\u00e7\u00e3o de laudo pericial e qual \u00e9 o prazo<\/h1>\n\n\n\n<p>A manifesta\u00e7\u00e3o sobre o laudo pericial \u00e9 a resposta formal que deve ser apresentada ao juiz ap\u00f3s o perito entregar o resultado da per\u00edcia t\u00e9cnica. O objetivo deste documento \u00e9 analisar, concordar ou discordar das conclus\u00f5es do perito, garantindo que o seu lado da hist\u00f3ria seja levado em conta.<\/p>\n\n\n\n<p>Em um processo judicial, o laudo pericial, como um c\u00e1lculo complexo ou uma avalia\u00e7\u00e3o m\u00e9dica, \u00e9 uma prova muito importante, mas n\u00e3o \u00e9 a palavra final. Todos t\u00eam o direito de questionar.<\/p>\n\n\n\n<p>Neste texto, vamos explicar o que exatamente \u00e9 essa manifesta\u00e7\u00e3o, qual o prazo legal para faz\u00ea-la no <a href=\"https:\/\/advbox.com.br\/blog\/cpc-2015\/\" target=\"_blank\">Novo C\u00f3digo de Processo Civil<\/a>, quem pode apresentar essa manifesta\u00e7\u00e3o e o que acontece se voc\u00ea simplesmente n\u00e3o se manifestar.&nbsp;<\/p>\n\n\n\n<p>Dominar o prazo e a forma correta de contestar o laudo \u00e9 crucial para defender os seus direitos no processo. Continue a leitura e fique por dentro de todos os detalhes sobre esse tema.<\/p>\n\n\n\n<h2 class=\"wp-block-heading\">Modelo de manifesta\u00e7\u00e3o de laudo pericial<\/h2>\n\n\n\n<p><strong>MANIFESTA\u00c7\u00c3O DE LAUDO PERICIAL COM ENCAMINHAMENTO REABILITA\u00c7\u00c3O PROFISSIONAL<\/strong><\/p>\n\n\n\n<p><strong>DOUTO JUIZO FEDERAL DA \u2026 VARA \/ JUIZADO FEDERAL DA COMARCA DE \u2026\/\u2026<\/strong><\/p>\n\n\n\n<p><strong>Processo n.\u00ba\u2026<\/strong><\/p>\n\n\n\n<p><strong>\u2026 (nome completo em negrito do reclamante)<\/strong>, \u2026 (nacionalidade), \u2026 (estado civil), \u2026 (profiss\u00e3o), portador do CPF\/MF n\u00ba \u2026, com Documento de Identidade de n\u00b0 \u2026, residente e domiciliado na Rua \u2026, n. \u2026, \u2026 (bairro), CEP: \u2026, \u2026 (Munic\u00edpio \u2013 UF), vem, perante Vossa Excel\u00eancia, em aten\u00e7\u00e3o \u00e0 per\u00edcia m\u00e9dica realizada, expor e requerer o que segue.<\/p>\n\n\n\n<p>No exame pericial realizado na Parte Autora pelo expert do ju\u00edzo, Dr. \u2026, foram identificadas sequelas parciais e permanentes naquela, notadamente no membro \u2026 (local afetado), que reduzem sua capacidade laboral permanentemente.<\/p>\n\n\n\n<p>Entretanto, conforme consta no laudo pericial, a Parte Autora est\u00e1 eleg\u00edvel para exercer outras fun\u00e7\u00f5es que n\u00e3o exijam esfor\u00e7o f\u00edsico e\/ou perman\u00eancia em p\u00e9\/sentado por longos per\u00edodos de tempo, existindo a possibilidade de readapta\u00e7\u00e3o funcional compat\u00edvel com sua restri\u00e7\u00e3o f\u00edsica.<\/p>\n\n\n\n<p>Nas palavras do expert, a Parte Autora \u201c\u2026\u201dDesta forma, comprovada a necessidade de readapta\u00e7\u00e3o laboral da Parte Autora, merece aplica\u00e7\u00e3o, via de consequ\u00eancia, a regra contida no art. 62, da Lei n.\u00ba 8.213\/91, que determina:<\/p>\n\n\n\n<p>Art. 62. O segurado em gozo de aux\u00edlio-doen\u00e7a, insuscept\u00edvel de recupera\u00e7\u00e3o para sua atividade habitual, dever\u00e1 submeter-se a processo de reabilita\u00e7\u00e3o profissional para o exerc\u00edcio de outra atividade. N\u00e3o cessar\u00e1 o benef\u00edcio at\u00e9 que seja dado como habilitado para o desempenho de nova atividade que lhe garanta a subsist\u00eancia ou, quando considerado n\u00e3o-recuper\u00e1vel, for aposentado por invalidez.<\/p>\n\n\n\n<p>Assim como o art. 89 da mesma lei:<\/p>\n\n\n\n<p>Art. 89. A habilita\u00e7\u00e3o e a reabilita\u00e7\u00e3o profissional e social dever\u00e3o proporcionar ao benefici\u00e1rio incapacitado parcial ou totalmente para o trabalho, e \u00e0s pessoas portadoras de defici\u00eancia, os meios para a (re)educa\u00e7\u00e3o e de (re)adapta\u00e7\u00e3o profissional e social indicados para participar do mercado de trabalho e do contexto em que vive.<\/p>\n\n\n\n<p>Acerca do tema, j\u00e1 posicionaram-se os Tribunais P\u00e1trios:<\/p>\n\n\n\n<p>Apela\u00e7\u00e3o C\u00edvel e Reexame Necess\u00e1rio.<strong> Infortun\u00edstica. Auxiliar de Produ\u00e7\u00e3o. les\u00e3o do ombro direito (CID M75). Incapacidade total e permanente para o exerc\u00edcio das suas atividades laborais. Necessidade de reabilita\u00e7\u00e3o. Aux\u00edlio-doen\u00e7a devido, na forma do art. 62 da Lei n 8.213\/91. <\/strong>Adequa\u00e7\u00e3o dos \u00edndices de atualiza\u00e7\u00e3o. Senten\u00e7a reformada. Recursos volunt\u00e1rios e remessa necess\u00e1ria parcialmente providos. O segurado em gozo de aux\u00edlio-doen\u00e7a, insuscet\u00edvel de recupera\u00e7\u00e3o para sua atividade habitual, dever\u00e1 submeter-se a processo de reabilita\u00e7\u00e3o profissional para o exerc\u00edcio de outra atividade. N\u00e3o cessar\u00e1 o benef\u00edcio at\u00e9 que seja dado como habilitado para o desempenho de nova atividade que lhe garanta a subsist\u00eancia ou, quando considerado n\u00e3o recuper\u00e1vel, for aposentado por invalidez. (TJSC, Apela\u00e7\u00e3o C\u00edvel n. 2014.022584-9, de Joa\u00e7aba, rel. Des. Pedro Manoel Abreu, j. 13-01-2015, sem grifo no original).<\/p>\n\n\n\n<p>Acidente do trabalho \u2013 Acidente t\u00edpico \u2013 Fratura no punho esquerdo \u2013 Laudo pericial que d\u00e1 conta da redu\u00e7\u00e3o parcial e permanente da capacidade laborativa do autor e indica a necessidade de encaminhamento \u00e0 reabilita\u00e7\u00e3o profissional \u2013 Aux\u00edlio-doen\u00e7a devido durante o per\u00edodo de reabilita\u00e7\u00e3o.<\/p>\n\n\n\n<p>Aposentadoria por invalidez \u2013 Descabimento \u2013 Extens\u00e3o das patologias e condi\u00e7\u00f5es subjetivas que n\u00e3o autorizam a aposenta\u00e7\u00e3o.<\/p>\n\n\n\n<p>Termo inicial a partir do dia seguinte \u00e0 cessa\u00e7\u00e3o do aux\u00edlio-doen\u00e7a \u2013 Juros morat\u00f3rios e corre\u00e7\u00e3o monet\u00e1ria \u2013 Incid\u00eancia da Lei n\u00ba 11.960\/09, observando-se, contudo, o decidido pelo STF nas ADIs n\u00ba 4.357, 4.372, 4.400 e 4.425, e na Repercuss\u00e3o Geral n\u00ba 810 \u2013 Honor\u00e1rios advocat\u00edcios fixados adequadamente.<\/p>\n\n\n\n<p>Reexame necess\u00e1rio provido em parte; apelo do obreiro improvido. (TJSP, Relator(a): xxxxxx; Comarca: xxxx; \u00d3rg\u00e3o julgador: 17\u00aa C\u00e2mara de Direito P\u00fablico; Data do julgamento: 24\/11\/2015; Data de registro: 25\/11\/2015)<\/p>\n\n\n\n<p>DIREITO PREVIDENCI\u00c1RIO. A\u00c7\u00c3O ACIDENT\u00c1RIA. PRETENS\u00c3O DE CONCESS\u00c3O DE APOSENTADORIA POR INVALIDEZ OU AUX\u00cdLIO-DOEN\u00c7A. SENTEN\u00c7A QUE RECONHECEU O DIREITO AO RECEBIMENTO DO BENEF\u00cdCIO DE AUX\u00cdLIO-DOEN\u00c7A ACIDENT\u00c1RIO. AUTOR QUE APRESENTA QUADRO DE LES\u00c3O DO MANGUITO ROTADOR E CAPSULITE ADESIVA EM OMBRO DIREITO. SEGURADO QUE EXERCIA A PROFISS\u00c3O DE MONTADOR DE BLOCOS EM METAL\u00daRGICA. <strong>LAUDO M\u00c9DICO PERICIAL QUE ATESTA A INCAPACIDADE PARCIAL E PERMANENTE PARA O DEMANDANTE EXERCER SUA ATIVIDADE PROFISSIONAL HABITUAL, PASS\u00cdVEL, POR\u00c9M, DE REABILITA\u00c7\u00c3O PROFISSIONAL. NEXO ETIOL\u00d3GICO COMPROVADO. RESTABELECIMENTO DO BENEF\u00cdCIO DE AUX\u00cdLIO-DOEN\u00c7A ACIDENT\u00c1RIO DEVIDO<\/strong> (ART. 59, DA LEI N. 8.213\/91). Comprovado o infort\u00fanio laboral e a incapacidade para o exerc\u00edcio da atividade profissional que exercia habitualmente, <strong>o trabalhador faz jus ao benef\u00edcio de aux\u00edlio-doen\u00e7a acident\u00e1rio at\u00e9 que seja reabilitado profissionalmente (artigo 62, da Lei n. 8.213\/91)<\/strong>. MARCO INICIAL. DIA SEGUINTE \u00c0 CESSA\u00c7\u00c3O DO BENEF\u00cdCIO DE AUX\u00cdLIO-DOEN\u00c7A CONCEDIDO NA SEARA ADMINISTRATIVA. O termo inicial do restabelecimento do benef\u00edcio de aux\u00edlio-doen\u00e7a acident\u00e1rio, ser\u00e1 o dia seguinte ao da cessa\u00e7\u00e3o deste \u00faltimo benef\u00edcio, at\u00e9 o dia anterior ao retorno do segurado \u00e0 atividade laborativa. CONSECT\u00c1RIOS LEGAIS. APLICABILIDADE DA LEI N. 11.960\/2009 AOS JUROS MORAT\u00d3RIOS E \u00c0 CORRE\u00c7\u00c3O MONET\u00c1RIA. HONOR\u00c1RIOS ADVOCAT\u00cdCIOS ARBITRADOS NOS TERMOS DA S\u00daMULA 111 DO STJ EM 10% SOBRE O VALOR DAS PARCELAS CORRIGIDAS E VENCIDAS AT\u00c9 A DATA DA PUBLICA\u00c7\u00c3O DA SENTEN\u00c7A. CUSTAS LEGAIS DEVIDAS PELA METADE. SENTEN\u00c7A REFORMADA. RECURSOS DE APELA\u00c7\u00c3O DESPROVIDOS. SENTEN\u00c7A CONFIRMADA EM REEXAME NECESS\u00c1RIO. (TJSC, Apela\u00e7\u00e3o C\u00edvel n. 2014.070916-3, de Joinville, rel. Des. xxxxxx, j. xxxx, sem grifo no original).<\/p>\n\n\n\n<p>Portanto, diante do que foi exposto, restam presentes todos os requisitos para a Parte Autora submeter-se a processo de reabilita\u00e7\u00e3o profissional, o qual dever\u00e1 ser realizado pelo pr\u00f3prio INSS, mediante agendamento de entrevista com assistente social.<\/p>\n\n\n\n<p>Necess\u00e1rio frisar que, enquanto a Parte Autora aguardar e permanecer na reabilita\u00e7\u00e3o profissional, dever\u00e1 o INSS manter a concess\u00e3o do benef\u00edcio de aux\u00edlio-doen\u00e7a \u00e0quela, at\u00e9 que essa seja considerada readaptada para reingressar no mercado de trabalho.<\/p>\n\n\n\n<p>Nestes termos, requer a proced\u00eancia dos pedidos da inicial e o prosseguimento do feito na sua forma legal.<\/p>\n\n\n\n<p>pede e espera deferimento.<\/p>\n\n\n\n<p>\u2026 (Munic\u00edpio \u2013 UF), \u2026 (dia) de \u2026 (m\u00eas) de \u2026 (ano).<\/p>\n\n\n\n<p>ADVOGADO<\/p>\n\n\n\n<p>OAB n\u00b0 \u2026. \u2013 UF<\/p>\n\n\n\n<h2 class=\"wp-block-heading\">O que \u00e9 manifesta\u00e7\u00e3o sobre laudo pericial?<\/h2>\n\n\n\n<p>Manifesta\u00e7\u00e3o sobre laudo pericial<strong> \u00e9 a peti\u00e7\u00e3o apresentada pelas partes de um processo (autor, r\u00e9u ou terceiros interessados) para se posicionarem formalmente acerca das conclus\u00f5es do perito Judicial<\/strong>.<strong>&nbsp;<\/strong><\/p>\n\n\n\n<p>A manifesta\u00e7\u00e3o sobre o laudo pericial \u00e9 um passo muito importante dentro de um processo judicial. Depois que o perito, que \u00e9 um especialista nomeado pelo juiz, entrega seu relat\u00f3rio t\u00e9cnico (o laudo), as partes envolvidas t\u00eam a chance de se pronunciar. Essa manifesta\u00e7\u00e3o \u00e9, basicamente, uma peti\u00e7\u00e3o formal onde voc\u00ea diz ao juiz o que pensa sobre o resultado da per\u00edcia.<\/p>\n\n\n\n<p>Voc\u00ea pode usar essa manifesta\u00e7\u00e3o para diversas finalidades, sendo que a mais comum \u00e9 <a href=\"https:\/\/advbox.com.br\/blog\/legislacao-impugnacao\/\" target=\"_blank\">impugnar<\/a> o laudo, ou seja, discordar das conclus\u00f5es do perito e mostrar os pontos que voc\u00ea considera errados ou incompletos. Se voc\u00ea discorda, deve apresentar argumentos s\u00f3lidos, documentos e at\u00e9 provas adicionais que contradigam o que foi dito no laudo.<\/p>\n\n\n\n<p>Mas, se voc\u00ea concordar com o resultado, tamb\u00e9m deve se manifestar. O documento pode ser usado para simplesmente concordar com as conclus\u00f5es e pedir que o processo avance. Al\u00e9m disso, a manifesta\u00e7\u00e3o serve para solicitar esclarecimentos ao perito, caso o relat\u00f3rio n\u00e3o tenha sido claro em algum ponto.<\/p>\n\n\n\n<p>Em resumo, o juiz n\u00e3o \u00e9 obrigado a seguir cegamente o que o perito disse. Ele pode formar sua decis\u00e3o baseado em outras provas do processo. Por isso, ao se manifestar, voc\u00ea est\u00e1 dando ao juiz a sua perspectiva, refor\u00e7ando ou questionando a prova t\u00e9cnica. \u00c9 a sua chance de influenciar diretamente a decis\u00e3o final do magistrado.<\/p>\n\n\n\n<h2 class=\"wp-block-heading\">Qual o prazo para manifestar sobre laudo pericial no processo civil?<\/h2>\n\n\n\n<p>O <a href=\"https:\/\/advbox.com.br\/blog\/prazo-fatal-e-prazos-processuais\/\" target=\"_blank\">prazo<\/a> para manifestar sobre o laudo pericial no processo civil<strong> \u00e9, na maioria das vezes, de 15 (quinze) dias \u00fateis ap\u00f3s a intima\u00e7\u00e3o<\/strong>.<strong> <\/strong>Embora o juiz possa, em algumas situa\u00e7\u00f5es espec\u00edficas, determinar um prazo diferente, a regra geral estabelecida pelo <a href=\"https:\/\/advbox.com.br\/blog\/codigo-de-processo-civil\/\" target=\"_blank\">C\u00f3digo de Processo Civil (CPC)<\/a> \u00e9 de quinze dias.&nbsp;<\/p>\n\n\n\n<p>\u00c9 fundamental ter em mente que o perito, antes de tudo, tem a obriga\u00e7\u00e3o de entregar o laudo no cart\u00f3rio com uma certa anteced\u00eancia, geralmente 20 dias antes da audi\u00eancia de julgamento, para que as partes tenham tempo suficiente para analis\u00e1-lo.<\/p>\n\n\n\n<p>Assim que o laudo \u00e9 juntado ao processo, todas as partes s\u00e3o notificadas. \u00c9 a partir dessa <a href=\"https:\/\/advbox.com.br\/blog\/mandado-de-intimacao\/\" target=\"_blank\">intima\u00e7\u00e3o<\/a> que come\u00e7a a correr o prazo de 15 dias. \u00c9 um per\u00edodo relativamente curto para uma an\u00e1lise t\u00e9cnica t\u00e3o importante, n\u00e3o concorda? Por isso, a agilidade \u00e9 fundamental!&nbsp;<\/p>\n\n\n\n<p>Se houver necessidade de pedir ao perito que explique melhor algum ponto, ele tamb\u00e9m ter\u00e1 o mesmo prazo de 15 dias para fornecer esses esclarecimentos. Este \u00e9 um momento importante para confrontar a prova t\u00e9cnica ou confirm\u00e1-la.<\/p>\n\n\n\n<h2 class=\"wp-block-heading\">Quem pode apresentar manifesta\u00e7\u00e3o sobre o laudo pericial?<\/h2>\n\n\n\n<p>As manifesta\u00e7\u00f5es sobre o laudo pericial podem ser apresentadas<strong> principalmente pelas partes do processo: o autor e o r\u00e9u, que agem por meio de seus advogados<\/strong>.<strong> <\/strong>No entanto, o trabalho n\u00e3o \u00e9 feito apenas pelo advogado.&nbsp;<\/p>\n\n\n\n<p>Os assistentes t\u00e9cnicos contratados t\u00eam um papel fundamental aqui. Eles s\u00e3o especialistas que revisam o laudo do perito judicial. Se houver algum erro, diverg\u00eancia t\u00e9cnica ou falha, s\u00e3o eles que identificam e ajudam a construir a argumenta\u00e7\u00e3o para a manifesta\u00e7\u00e3o. O parecer desses assistentes deve ser anexado ao processo junto com a manifesta\u00e7\u00e3o do advogado, e o prazo de 15 dias vale para todos.<\/p>\n\n\n\n<p>Al\u00e9m das partes, o Minist\u00e9rio P\u00fablico (MP), se estiver atuando no processo (como em casos que envolvem crian\u00e7as ou incapazes), tamb\u00e9m pode se manifestar e pedir esclarecimentos. Tamb\u00e9m, \u00e9 claro, o pr\u00f3prio Juiz pode sentir a necessidade de pedir informa\u00e7\u00f5es adicionais ao perito para tirar d\u00favidas antes de tomar sua decis\u00e3o.<\/p>\n\n\n\n<p>Viu como a an\u00e1lise do laudo envolve um time? \u00c9 essencial que o advogado e, se poss\u00edvel, o assistente t\u00e9cnico trabalhem juntos para garantir que a manifesta\u00e7\u00e3o seja completa e convincente.<\/p>\n\n\n\n<figure class=\"wp-block-image size-large\"><img fetchpriority=\"high\" decoding=\"async\" width=\"1024\" height=\"654\" src=\"https:\/\/advbox.com.br\/blog\/wp-content\/uploads\/2026\/02\/Os-envolvidos-que-podem-se-manifestar-sobre-o-laudo-pericial_-1024x654.webp\" alt=\"Modelo de manifesta\u00e7\u00e3o de laudo pericial e qual \u00e9 o prazo\n\" class=\"wp-image-81899\" srcset=\"https:\/\/advbox.com.br\/blog\/wp-content\/uploads\/2026\/02\/Os-envolvidos-que-podem-se-manifestar-sobre-o-laudo-pericial_-scaled.webp 1024w, https:\/\/advbox.com.br\/blog\/wp-content\/uploads\/2026\/02\/Os-envolvidos-que-podem-se-manifestar-sobre-o-laudo-pericial_-500x319.webp 500w, https:\/\/advbox.com.br\/blog\/wp-content\/uploads\/2026\/02\/Os-envolvidos-que-podem-se-manifestar-sobre-o-laudo-pericial_-768x491.webp 768w, https:\/\/advbox.com.br\/blog\/wp-content\/uploads\/2026\/02\/Os-envolvidos-que-podem-se-manifestar-sobre-o-laudo-pericial_-150x96.webp 150w\" sizes=\"(max-width: 1024px) 100vw, 1024px\" \/><\/figure>\n\n\n\n<h2 class=\"wp-block-heading\">\u00c9 obrigat\u00f3rio manifestar-se sobre o laudo pericial?<\/h2>\n\n\n\n<p><strong>N\u00e3o, n\u00e3o \u00e9 estritamente obrigat\u00f3rio se manifestar sobre o laudo pericial<\/strong>, no sentido de que o processo n\u00e3o ser\u00e1 anulado se voc\u00ea ficar em sil\u00eancio. No entanto, mesmo n\u00e3o sendo uma obriga\u00e7\u00e3o formal, \u00e9 altamente recomendado e, na pr\u00e1tica, essencial que voc\u00ea se posicione, especialmente se o resultado da per\u00edcia for contr\u00e1rio aos seus interesses.&nbsp;<\/p>\n\n\n\n<p>Imagine a seguinte situa\u00e7\u00e3o: o laudo diz que voc\u00ea n\u00e3o tem direito ao benef\u00edcio, e voc\u00ea n\u00e3o diz nada. Voc\u00ea est\u00e1 perdendo a oportunidade de apresentar argumentos t\u00e9cnicos e provas que levariam o juiz a decidir a seu favor. Como o juiz n\u00e3o \u00e9 obrigado a seguir o laudo, uma manifesta\u00e7\u00e3o bem fundamentada aumenta a chance de ele discordar do perito e dar ganho de causa para voc\u00ea.<\/p>\n\n\n\n<p>Se manifestar \u00e9 uma quest\u00e3o de estrat\u00e9gia e defesa de direitos? \u00c9 o seu momento de convencer o juiz de que a verdade est\u00e1 ao seu lado, mesmo que o perito tenha conclu\u00eddo o contr\u00e1rio. Continue sua leitura para saber mais detalhes sobre o assunto.<\/p>\n\n\n\n<h2 class=\"wp-block-heading\">O que acontece se eu n\u00e3o me manifestar sobre o laudo pericial no prazo?<\/h2>\n\n\n\n<p>Se voc\u00ea n\u00e3o se manifestar sobre o laudo pericial no prazo, <strong>voc\u00ea perde a chance de contestar formalmente o trabalho do perito e de pedir explica\u00e7\u00f5es ou uma nova per\u00edcia<\/strong>.<\/p>\n\n\n\n<p>O que acontece na pr\u00e1tica \u00e9 que o laudo pericial passa a ser a principal prova t\u00e9cnica do processo e fica incontestada nos autos. Embora o juiz ainda possa decidir a seu favor, ele ter\u00e1 muito mais dificuldade em discordar do perito se voc\u00ea n\u00e3o apontar nenhuma falha ou apresentar argumentos contr\u00e1rios.<\/p>\n\n\n\n<p>Ao ficar em sil\u00eancio, voc\u00ea corre um grande risco de a decis\u00e3o final ser baseada em uma conclus\u00e3o t\u00e9cnica que, na verdade, poderia ter sido refutada ou corrigida. Ou seja, o sil\u00eancio das partes fortalece a conclus\u00e3o do perito.<\/p>\n\n\n\n<h2 class=\"wp-block-heading\">Conclus\u00e3o<\/h2>\n\n\n\n<p>Ao longo do texto, exploramos a fundo a import\u00e2ncia da manifesta\u00e7\u00e3o sobre o laudo pericial. Vimos que, embora n\u00e3o seja formalmente obrigat\u00f3ria, ela \u00e9 essencial para exercer o direito de defesa e influenciar a decis\u00e3o do juiz. O prazo para essa manifesta\u00e7\u00e3o \u00e9, via de regra, de 15 dias \u00fateis.<\/p>\n\n\n\n<p>Lembre-se que o juiz n\u00e3o \u00e9 obrigado a aceitar o laudo. Contudo, essa liberdade de decis\u00e3o precisa ser alimentada pela sua peti\u00e7\u00e3o, seja para refor\u00e7ar um laudo favor\u00e1vel ou para impugnar e contestar tecnicamente um resultado desfavor\u00e1vel. Perder o prazo significa deixar a prova t\u00e9cnica sem contesta\u00e7\u00e3o, o que prejudica seriamente o seu caso.<\/p>\n\n\n\n<p>Para voc\u00ea, advogado, a gest\u00e3o pontual desses prazos e intima\u00e7\u00f5es \u00e9 a chave para o sucesso. Se voc\u00ea est\u00e1 perdendo tempo com tarefas manuais e correndo riscos de perder prazos, a solu\u00e7\u00e3o est\u00e1 na tecnologia.<\/p>\n\n\n\n<p><a href=\"https:\/\/advbox.com.br\/blog\/o-diferencial-da-advbox\/\" target=\"_blank\">Na ADVBOX, desenvolvemos um software jur\u00eddico completo<\/a>, um ecossistema que transforma a rotina do seu escrit\u00f3rio, garantindo que voc\u00ea tenha controle total sobre prazos e documentos.<\/p>\n\n\n\n<p>Experimente o futuro da advocacia! <a href=\"https:\/\/app.advbox.com.br\/register\" target=\"_blank\">Conhe\u00e7a a plataforma<\/a> e eleve os resultados do seu escrit\u00f3rio.<\/p>\n\n\n\n<figure class=\"wp-block-image size-full\"><a href=\"https:\/\/advbox.com.br\/blog\/como-automatizar-seus-modelos-de-peticoes\/\" target=\"_blank\"><img decoding=\"async\" width=\"1024\" height=\"270\" src=\"https:\/\/advbox.com.br\/blog\/wp-content\/uploads\/2025\/12\/CTA-REBRANDING-16.webp\" alt=\"Banner com imagem ilustrativa de automa\u00e7\u00e3o de peti\u00e7\u00f5es jur\u00eddicas, destacando cria\u00e7\u00e3o, padroniza\u00e7\u00e3o e controle de peti\u00e7\u00f5es para advogados com a ADVBOX\" class=\"wp-image-79759\" srcset=\"https:\/\/advbox.com.br\/blog\/wp-content\/uploads\/2025\/12\/CTA-REBRANDING-16.webp 1024w, https:\/\/advbox.com.br\/blog\/wp-content\/uploads\/2025\/12\/CTA-REBRANDING-16-500x132.webp 500w, https:\/\/advbox.com.br\/blog\/wp-content\/uploads\/2025\/12\/CTA-REBRANDING-16-768x203.webp 768w, https:\/\/advbox.com.br\/blog\/wp-content\/uploads\/2025\/12\/CTA-REBRANDING-16-150x40.webp 150w\" sizes=\"(max-width: 1024px) 100vw, 1024px\" loading=\"lazy\" \/><\/a><\/figure>\n","protected":false},"excerpt":{"rendered":"<p>Modelo de manifesta\u00e7\u00e3o de laudo pericial e qual \u00e9 o prazo A manifesta\u00e7\u00e3o sobre o laudo pericial \u00e9 a resposta formal que deve ser apresentada ao juiz ap\u00f3s o perito entregar o resultado da per\u00edcia t\u00e9cnica. O objetivo deste documento \u00e9 analisar, concordar ou discordar das conclus\u00f5es do perito, garantindo [&hellip;]<\/p>\n","protected":false},"author":44,"featured_media":79776,"comment_status":"closed","ping_status":"closed","template":"","meta":{"_acf_changed":false,"om_disable_all_campaigns":false,"footnotes":""},"modelo_category":[1457],"class_list":["post-12393","modelos","type-modelos","status-publish","has-post-thumbnail","hentry","modelo_category-direito"],"acf":[],"yoast_head":"<!-- This site is optimized with the Yoast SEO plugin v26.9 - https:\/\/yoast.com\/product\/yoast-seo-wordpress\/ -->\n<title>Modelo de manifesta\u00e7\u00e3o de laudo pericial e qual \u00e9 o prazo<\/title>\n<meta name=\"description\" content=\"Entenda o que \u00e9 manifesta\u00e7\u00e3o de laudo pericial, qual o prazo, quem pode apresentar, se \u00e9 obrigat\u00f3rio sobre o laudo pericial e mais. Confira o modelo.\" \/>\n<meta name=\"robots\" content=\"index, follow, max-snippet:-1, max-image-preview:large, max-video-preview:-1\" \/>\n<link rel=\"canonical\" href=\"https:\/\/advbox.com.br\/blog\/modelos\/manifestacao-laudo-pericial-encaminhamento-reabilitacao-profisiional\/\" \/>\n<meta property=\"og:locale\" content=\"pt_BR\" \/>\n<meta property=\"og:type\" content=\"article\" \/>\n<meta property=\"og:title\" content=\"Modelo de manifesta\u00e7\u00e3o de laudo pericial e qual \u00e9 o prazo\" \/>\n<meta property=\"og:description\" content=\"Entenda o que \u00e9 manifesta\u00e7\u00e3o de laudo pericial, qual o prazo, quem pode apresentar, se \u00e9 obrigat\u00f3rio sobre o laudo pericial e mais. Confira o modelo.\" \/>\n<meta property=\"og:url\" content=\"https:\/\/advbox.com.br\/blog\/modelos\/manifestacao-laudo-pericial-encaminhamento-reabilitacao-profisiional\/\" \/>\n<meta property=\"og:site_name\" content=\"Software Jur\u00eddico Completo - ADVBOX\" \/>\n<meta property=\"article:publisher\" content=\"https:\/\/www.facebook.com\/advbox\/\" \/>\n<meta property=\"article:modified_time\" content=\"2026-02-19T20:20:36+00:00\" \/>\n<meta property=\"og:image\" content=\"https:\/\/advbox.com.br\/blog\/wp-content\/uploads\/2025\/12\/sobrestamento-1.jpg\" \/>\n\t<meta property=\"og:image:width\" content=\"1024\" \/>\n\t<meta property=\"og:image:height\" content=\"576\" \/>\n\t<meta property=\"og:image:type\" content=\"image\/jpeg\" \/>\n<meta name=\"twitter:card\" content=\"summary_large_image\" \/>\n<meta name=\"twitter:site\" content=\"@advbox2\" \/>\n<script type=\"application\/ld+json\" class=\"yoast-schema-graph\">{\"@context\":\"https:\/\/schema.org\",\"@graph\":[{\"@type\":\"WebPage\",\"@id\":\"https:\/\/advbox.com.br\/blog\/modelos\/manifestacao-laudo-pericial-encaminhamento-reabilitacao-profisiional\/\",\"url\":\"https:\/\/advbox.com.br\/blog\/modelos\/manifestacao-laudo-pericial-encaminhamento-reabilitacao-profisiional\/\",\"name\":\"Modelo de manifesta\u00e7\u00e3o de laudo pericial e qual \u00e9 o prazo\",\"isPartOf\":{\"@id\":\"https:\/\/advbox.com.br\/blog\/#website\"},\"primaryImageOfPage\":{\"@id\":\"https:\/\/advbox.com.br\/blog\/modelos\/manifestacao-laudo-pericial-encaminhamento-reabilitacao-profisiional\/#primaryimage\"},\"image\":{\"@id\":\"https:\/\/advbox.com.br\/blog\/modelos\/manifestacao-laudo-pericial-encaminhamento-reabilitacao-profisiional\/#primaryimage\"},\"thumbnailUrl\":\"https:\/\/advbox.com.br\/blog\/wp-content\/uploads\/2025\/12\/sobrestamento-1.jpg\",\"datePublished\":\"2026-02-02T20:26:06+00:00\",\"dateModified\":\"2026-02-19T20:20:36+00:00\",\"description\":\"Entenda o que \u00e9 manifesta\u00e7\u00e3o de laudo pericial, qual o prazo, quem pode apresentar, se \u00e9 obrigat\u00f3rio sobre o laudo pericial e mais. Confira o modelo.\",\"breadcrumb\":{\"@id\":\"https:\/\/advbox.com.br\/blog\/modelos\/manifestacao-laudo-pericial-encaminhamento-reabilitacao-profisiional\/#breadcrumb\"},\"inLanguage\":\"pt-BR\",\"potentialAction\":[{\"@type\":\"ReadAction\",\"target\":[\"https:\/\/advbox.com.br\/blog\/modelos\/manifestacao-laudo-pericial-encaminhamento-reabilitacao-profisiional\/\"]}]},{\"@type\":\"ImageObject\",\"inLanguage\":\"pt-BR\",\"@id\":\"https:\/\/advbox.com.br\/blog\/modelos\/manifestacao-laudo-pericial-encaminhamento-reabilitacao-profisiional\/#primaryimage\",\"url\":\"https:\/\/advbox.com.br\/blog\/wp-content\/uploads\/2025\/12\/sobrestamento-1.jpg\",\"contentUrl\":\"https:\/\/advbox.com.br\/blog\/wp-content\/uploads\/2025\/12\/sobrestamento-1.jpg\",\"width\":1024,\"height\":576,\"caption\":\"Banner institucional da ADVBOX com elemento visual abstrato em tons de azul, representando estrutura, tecnologia e identidade visual da marca\"},{\"@type\":\"BreadcrumbList\",\"@id\":\"https:\/\/advbox.com.br\/blog\/modelos\/manifestacao-laudo-pericial-encaminhamento-reabilitacao-profisiional\/#breadcrumb\",\"itemListElement\":[{\"@type\":\"ListItem\",\"position\":1,\"name\":\"In\u00edcio\",\"item\":\"https:\/\/advbox.com.br\/blog\/\"},{\"@type\":\"ListItem\",\"position\":2,\"name\":\"Modelos\",\"item\":\"https:\/\/advbox.com.br\/blog\/modelos\/\"},{\"@type\":\"ListItem\",\"position\":3,\"name\":\"Modelo de manifesta\u00e7\u00e3o de laudo pericial e qual \u00e9 o prazo\"}]},{\"@type\":\"WebSite\",\"@id\":\"https:\/\/advbox.com.br\/blog\/#website\",\"url\":\"https:\/\/advbox.com.br\/blog\/\",\"name\":\"Software Jur\u00eddico Completo - ADVBOX\",\"description\":\"Plataforma para Advocacia Digital\",\"publisher\":{\"@id\":\"https:\/\/advbox.com.br\/blog\/#organization\"},\"potentialAction\":[{\"@type\":\"SearchAction\",\"target\":{\"@type\":\"EntryPoint\",\"urlTemplate\":\"https:\/\/advbox.com.br\/blog\/?s={search_term_string}\"},\"query-input\":{\"@type\":\"PropertyValueSpecification\",\"valueRequired\":true,\"valueName\":\"search_term_string\"}}],\"inLanguage\":\"pt-BR\"},{\"@type\":\"Organization\",\"@id\":\"https:\/\/advbox.com.br\/blog\/#organization\",\"name\":\"ADVBOX Blog - Software jur\u00eddico da advocacia digital\",\"url\":\"https:\/\/advbox.com.br\/blog\/\",\"logo\":{\"@type\":\"ImageObject\",\"inLanguage\":\"pt-BR\",\"@id\":\"https:\/\/advbox.com.br\/blog\/#\/schema\/logo\/image\/\",\"url\":\"https:\/\/advbox.com.br\/blog\/wp-content\/uploads\/2019\/12\/Como-aumentar-a-produtividade_.jpg\",\"contentUrl\":\"https:\/\/advbox.com.br\/blog\/wp-content\/uploads\/2019\/12\/Como-aumentar-a-produtividade_.jpg\",\"width\":320,\"height\":213,\"caption\":\"ADVBOX Blog - Software jur\u00eddico da advocacia digital\"},\"image\":{\"@id\":\"https:\/\/advbox.com.br\/blog\/#\/schema\/logo\/image\/\"},\"sameAs\":[\"https:\/\/www.facebook.com\/advbox\/\",\"https:\/\/x.com\/advbox2\"]}]}<\/script>\n<!-- \/ Yoast SEO plugin. -->","yoast_head_json":{"title":"Modelo de manifesta\u00e7\u00e3o de laudo pericial e qual \u00e9 o prazo","description":"Entenda o que \u00e9 manifesta\u00e7\u00e3o de laudo pericial, qual o prazo, quem pode apresentar, se \u00e9 obrigat\u00f3rio sobre o laudo pericial e mais. Confira o modelo.","robots":{"index":"index","follow":"follow","max-snippet":"max-snippet:-1","max-image-preview":"max-image-preview:large","max-video-preview":"max-video-preview:-1"},"canonical":"https:\/\/advbox.com.br\/blog\/modelos\/manifestacao-laudo-pericial-encaminhamento-reabilitacao-profisiional\/","og_locale":"pt_BR","og_type":"article","og_title":"Modelo de manifesta\u00e7\u00e3o de laudo pericial e qual \u00e9 o prazo","og_description":"Entenda o que \u00e9 manifesta\u00e7\u00e3o de laudo pericial, qual o prazo, quem pode apresentar, se \u00e9 obrigat\u00f3rio sobre o laudo pericial e mais. Confira o modelo.","og_url":"https:\/\/advbox.com.br\/blog\/modelos\/manifestacao-laudo-pericial-encaminhamento-reabilitacao-profisiional\/","og_site_name":"Software Jur\u00eddico Completo - ADVBOX","article_publisher":"https:\/\/www.facebook.com\/advbox\/","article_modified_time":"2026-02-19T20:20:36+00:00","og_image":[{"width":1024,"height":576,"url":"https:\/\/advbox.com.br\/blog\/wp-content\/uploads\/2025\/12\/sobrestamento-1.jpg","type":"image\/jpeg"}],"twitter_card":"summary_large_image","twitter_site":"@advbox2","schema":{"@context":"https:\/\/schema.org","@graph":[{"@type":"WebPage","@id":"https:\/\/advbox.com.br\/blog\/modelos\/manifestacao-laudo-pericial-encaminhamento-reabilitacao-profisiional\/","url":"https:\/\/advbox.com.br\/blog\/modelos\/manifestacao-laudo-pericial-encaminhamento-reabilitacao-profisiional\/","name":"Modelo de manifesta\u00e7\u00e3o de laudo pericial e qual \u00e9 o prazo","isPartOf":{"@id":"https:\/\/advbox.com.br\/blog\/#website"},"primaryImageOfPage":{"@id":"https:\/\/advbox.com.br\/blog\/modelos\/manifestacao-laudo-pericial-encaminhamento-reabilitacao-profisiional\/#primaryimage"},"image":{"@id":"https:\/\/advbox.com.br\/blog\/modelos\/manifestacao-laudo-pericial-encaminhamento-reabilitacao-profisiional\/#primaryimage"},"thumbnailUrl":"https:\/\/advbox.com.br\/blog\/wp-content\/uploads\/2025\/12\/sobrestamento-1.jpg","datePublished":"2026-02-02T20:26:06+00:00","dateModified":"2026-02-19T20:20:36+00:00","description":"Entenda o que \u00e9 manifesta\u00e7\u00e3o de laudo pericial, qual o prazo, quem pode apresentar, se \u00e9 obrigat\u00f3rio sobre o laudo pericial e mais. Confira o modelo.","breadcrumb":{"@id":"https:\/\/advbox.com.br\/blog\/modelos\/manifestacao-laudo-pericial-encaminhamento-reabilitacao-profisiional\/#breadcrumb"},"inLanguage":"pt-BR","potentialAction":[{"@type":"ReadAction","target":["https:\/\/advbox.com.br\/blog\/modelos\/manifestacao-laudo-pericial-encaminhamento-reabilitacao-profisiional\/"]}]},{"@type":"ImageObject","inLanguage":"pt-BR","@id":"https:\/\/advbox.com.br\/blog\/modelos\/manifestacao-laudo-pericial-encaminhamento-reabilitacao-profisiional\/#primaryimage","url":"https:\/\/advbox.com.br\/blog\/wp-content\/uploads\/2025\/12\/sobrestamento-1.jpg","contentUrl":"https:\/\/advbox.com.br\/blog\/wp-content\/uploads\/2025\/12\/sobrestamento-1.jpg","width":1024,"height":576,"caption":"Banner institucional da ADVBOX com elemento visual abstrato em tons de azul, representando estrutura, tecnologia e identidade visual da marca"},{"@type":"BreadcrumbList","@id":"https:\/\/advbox.com.br\/blog\/modelos\/manifestacao-laudo-pericial-encaminhamento-reabilitacao-profisiional\/#breadcrumb","itemListElement":[{"@type":"ListItem","position":1,"name":"In\u00edcio","item":"https:\/\/advbox.com.br\/blog\/"},{"@type":"ListItem","position":2,"name":"Modelos","item":"https:\/\/advbox.com.br\/blog\/modelos\/"},{"@type":"ListItem","position":3,"name":"Modelo de manifesta\u00e7\u00e3o de laudo pericial e qual \u00e9 o prazo"}]},{"@type":"WebSite","@id":"https:\/\/advbox.com.br\/blog\/#website","url":"https:\/\/advbox.com.br\/blog\/","name":"Software Jur\u00eddico Completo - ADVBOX","description":"Plataforma para Advocacia Digital","publisher":{"@id":"https:\/\/advbox.com.br\/blog\/#organization"},"potentialAction":[{"@type":"SearchAction","target":{"@type":"EntryPoint","urlTemplate":"https:\/\/advbox.com.br\/blog\/?s={search_term_string}"},"query-input":{"@type":"PropertyValueSpecification","valueRequired":true,"valueName":"search_term_string"}}],"inLanguage":"pt-BR"},{"@type":"Organization","@id":"https:\/\/advbox.com.br\/blog\/#organization","name":"ADVBOX Blog - Software jur\u00eddico da advocacia digital","url":"https:\/\/advbox.com.br\/blog\/","logo":{"@type":"ImageObject","inLanguage":"pt-BR","@id":"https:\/\/advbox.com.br\/blog\/#\/schema\/logo\/image\/","url":"https:\/\/advbox.com.br\/blog\/wp-content\/uploads\/2019\/12\/Como-aumentar-a-produtividade_.jpg","contentUrl":"https:\/\/advbox.com.br\/blog\/wp-content\/uploads\/2019\/12\/Como-aumentar-a-produtividade_.jpg","width":320,"height":213,"caption":"ADVBOX Blog - Software jur\u00eddico da advocacia digital"},"image":{"@id":"https:\/\/advbox.com.br\/blog\/#\/schema\/logo\/image\/"},"sameAs":["https:\/\/www.facebook.com\/advbox\/","https:\/\/x.com\/advbox2"]}]}},"_links":{"self":[{"href":"https:\/\/advbox.com.br\/blog\/wp-json\/wp\/v2\/modelos\/12393","targetHints":{"allow":["GET"]}}],"collection":[{"href":"https:\/\/advbox.com.br\/blog\/wp-json\/wp\/v2\/modelos"}],"about":[{"href":"https:\/\/advbox.com.br\/blog\/wp-json\/wp\/v2\/types\/modelos"}],"author":[{"embeddable":true,"href":"https:\/\/advbox.com.br\/blog\/wp-json\/wp\/v2\/users\/44"}],"replies":[{"embeddable":true,"href":"https:\/\/advbox.com.br\/blog\/wp-json\/wp\/v2\/comments?post=12393"}],"version-history":[{"count":8,"href":"https:\/\/advbox.com.br\/blog\/wp-json\/wp\/v2\/modelos\/12393\/revisions"}],"predecessor-version":[{"id":81900,"href":"https:\/\/advbox.com.br\/blog\/wp-json\/wp\/v2\/modelos\/12393\/revisions\/81900"}],"wp:featuredmedia":[{"embeddable":true,"href":"https:\/\/advbox.com.br\/blog\/wp-json\/wp\/v2\/media\/79776"}],"wp:attachment":[{"href":"https:\/\/advbox.com.br\/blog\/wp-json\/wp\/v2\/media?parent=12393"}],"wp:term":[{"taxonomy":"modelo_category","embeddable":true,"href":"https:\/\/advbox.com.br\/blog\/wp-json\/wp\/v2\/modelo_category?post=12393"}],"curies":[{"name":"wp","href":"https:\/\/api.w.org\/{rel}","templated":true}]}}