{"id":12402,"date":"2019-03-07T21:17:28","date_gmt":"2019-03-07T21:17:28","guid":{"rendered":"https:\/\/advbox.com.br\/blog\/?post_type=modelos&#038;p=12402"},"modified":"2025-04-16T16:11:32","modified_gmt":"2025-04-16T19:11:32","slug":"recurso-de-apelacao-tribunal-do-juri-infanticidio","status":"publish","type":"modelos","link":"https:\/\/advbox.com.br\/blog\/modelos\/recurso-de-apelacao-tribunal-do-juri-infanticidio\/","title":{"rendered":"MODELO DE RECURSO DE APELA\u00c7\u00c3O &#8211; TRIBUNAL DO J\u00daRI &#8211; INFANTIC\u00cdDIO"},"content":{"rendered":"<p style=\"text-align: center; background: #eee; padding: 10px;\"><strong><em>Quer descobrir como automatizar o preenchimento de todos os seus modelos de peti\u00e7\u00e3o e otimizar o tempo de toda sua equipe? <a href=\"https:\/\/advbox.com.br\/blog\/como-automatizar-seus-modelos-de-peticoes\/\" alt=\"Automatize o preenchimento das suas Peti\u00e7\u00f5es e otimize Tempo\" target=\"_blank\">Clique aqui<\/a><\/em><\/strong><\/p>\n<h1><strong>MODELO DE RECURSO DE APELA\u00c7\u00c3O &#8211; TRIBUNAL DO J\u00daRI &#8211; INFANTIC\u00cdDIO<\/strong><\/h1>\n<p style=\"text-align: justify;\"><span><strong>EXCELENT\u00cdSSIMO SENHOR DOUTOR JUIZ DE DIREITO PRESIDENTE DO TRIBUNAL DO JUR\u00cd <\/strong><\/span><span><strong>DA COMARCA DE CIDADE-UF<\/strong><\/span><\/p>\n<p style=\"text-align: justify;\"><span>Processo n\u00ba 000000000000<\/span><\/p>\n<p style=\"text-align: justify;\"><span><strong>NOME DO CLIENTE, <\/strong><\/span><span>j\u00e1<\/span><span> devidamente qualificada nos autos da presente a\u00e7\u00e3o penal, por seu Advogado devidamente habilitado nos referidos autos e que esta subscreve, vem, respeitosamente, \u00e0 presen\u00e7a de Vossa Excel\u00eancia, tempestivamente, interpor:<\/span><\/p>\n<p><span><strong>RECURSO DE APELA\u00c7\u00c3O NO TRIBUNAL DO JUR\u00cd<\/strong><\/span><\/p>\n<p style=\"text-align: justify;\"><span>nos termos do artigo\u00a0<\/span><span>593<\/span><span>, inciso\u00a0<\/span><span>III<\/span><span>\u00a0do\u00a0<\/span><span>C\u00f3digo de Processo Penal<\/span><span>, pelos relevantes motivos de fato e de direito a seguir aduzidos.<\/span><\/p>\n<p style=\"text-align: justify;\"><span>Requer seja o presente recurso conhecido, e determinando-se a posterior remessa dos presentes autos ao E. Tribunal de Justi\u00e7a de<\/span><span> Estado TAL.<\/span><\/p>\n<p style=\"text-align: justify;\"><span>Termos em que,<\/span><\/p>\n<p style=\"text-align: justify;\"><span>Pede Deferimento.<\/span><\/p>\n<p style=\"text-align: justify;\"><span>CIDADE, 00, M\u00caS, ANO.<\/span><\/p>\n<p style=\"text-align: justify;\"><span><strong>ADVOGADO<\/strong><\/span><\/p>\n<p style=\"text-align: justify;\"><span><strong>OAB N\u00ba<\/strong><\/span><\/p>\n<p><span><strong>RAZ\u00d5ES DE RECURSO DE APELA\u00c7\u00c3O DO JUR\u00cd<\/strong><\/span><\/p>\n<p style=\"text-align: justify;\"><span><strong>Processo n\u00ba <\/strong><\/span><span><strong>0000000<\/strong><\/span><\/p>\n<p style=\"text-align: justify;\"><span><strong>Apelante:\u00a0<\/strong><\/span><span><strong>Fulano de TAL<\/strong><\/span><\/p>\n<p style=\"text-align: justify;\"><span><strong>Apelado:\u00a0<\/strong><\/span><span><strong>Minist\u00e9rio P\u00fablico do Estado<\/strong><\/span><\/p>\n<p><span><strong>Colenda Turma,<\/strong><\/span><span><strong>\u00cdnclitos Julgadores.<\/strong><\/span><\/p>\n<p style=\"text-align: justify;\"><span><strong>DOS FATOS<\/strong><\/span><\/p>\n<p style=\"text-align: justify;\"><span>Narram os fatos que, <\/span><span>segundos ap\u00f3s o nascimento de seu primog\u00eanito, sob a influ\u00eancia do estado puerperal, arremessou seu beb\u00ea do d\u00e9cimo quinto andar da maternidade Santa Joana, em S\u00e3o Paulo, dando causa ao seu falecimento.<\/span><\/p>\n<p style=\"text-align: justify;\"><span>Diante disso, foi presa em flagrante pelos m\u00e9dicos e enfermeiros que presenciaram horrorizados a cena, foi processada criminalmente por homic\u00eddio qualificado por meio cruel &#8211; art.\u00a0<\/span><span>121<\/span><span>,\u00a0<\/span><span>\u00a7 2.\u00ba<\/span><span>,\u00a0<\/span><span>III<\/span><span>, do\u00a0<\/span><span>CP<\/span><span>\u00a0e pronunciada nestes termos.<\/span><\/p>\n<p style=\"text-align: justify;\"><span>A pron\u00fancia transitou em julgado e, em Plen\u00e1rio do J\u00fari, Lara confessou ter feito isso, mas negou estar em seu ju\u00edzo perfeito no momento do crime. O Conselho de senten\u00e7a votou os quesitos da seguinte forma:\u00a0<\/span><span>1.\u00ba &#8211; Desclassificou-se para infantic\u00eddio &#8211; art.\u00a0<\/span><span>123<\/span><span>,\u00a0<\/span><span>CP<\/span><span>\u00a0(desclassifica\u00e7\u00e3o). 2.\u00ba &#8211; SIM, o crime existiu (materialidade). 3.\u00ba &#8211; SIM, <\/span><span>Fulano de TAL<\/span><span> deu causa ao crime (autoria). 4.\u00ba &#8211; SIM, absolvemos a acusada (absolvi\u00e7\u00e3o).<\/span><\/p>\n<p style=\"text-align: justify;\"><span>Inconformado com a decis\u00e3o dos jurados, o Juiz-Presidente, ao proferir a senten\u00e7a, condenou a acusada a 14 anos de reclus\u00e3o em regime inicial fechado, pelo crime de homic\u00eddio qualificado, nos termos da pron\u00fancia.<\/span><\/p>\n<p style=\"text-align: justify;\"><span>A pena foi individualizada da seguinte forma: pena-base no m\u00ednimo legal &#8211; (12 anos), com o acr\u00e9scimo de 1\/6 pela circunst\u00e2ncia agravante do art.\u00a0<\/span><span>61<\/span><span>,\u00a0<\/span><span>II<\/span><span>,\u00a0<\/span><span>e<\/span><span>,\u00a0<\/span><span>CP<\/span><span>.<\/span><\/p>\n<p style=\"text-align: justify;\"><span>Ao sair do F\u00f3rum naquela tarde, deu entrevista para a TV Local e afirmou:\u00a0<\/span><span>&#8220;A decis\u00e3o dos jurados n\u00e3o est\u00e1 acima da Justi\u00e7a. Se eu permitisse essa absolvi\u00e7\u00e3o, n\u00e3o existiria mais seguran\u00e7a para os beb\u00eas no Brasil&#8221;.<\/span><\/p>\n<p style=\"text-align: justify;\"><span><strong>DO CABIMENTO<\/strong><\/span><\/p>\n<p style=\"text-align: justify;\"><span>Em que pese \u00e0 decis\u00e3o do Tribunal do J\u00fari, a decis\u00e3o merece ser totalmente reformada, tendo em vista o previsto no artigo\u00a0<\/span><span>593<\/span><span>,\u00a0<\/span><span>III<\/span><span>, al\u00ednea\u00a0<\/span><span>b<\/span><span>\u00a0do\u00a0<\/span><span>C\u00f3digo de Processo Penal<\/span><span>. Desta forma, baseado nos fatos a seguir dispostos e com fundamento no artigo\u00a0<\/span><span>593<\/span><span>,\u00a0<\/span><span>III<\/span><span>, do\u00a0<\/span><span>CPP<\/span><span>\u00a0interp\u00f5e-se o Recurso de Apela\u00e7\u00e3o do Tribunal do J\u00fari.<\/span><\/p>\n<p style=\"text-align: justify;\"><span><strong>DO DIREITO<\/strong><\/span><\/p>\n<p style=\"text-align: justify;\"><span>Em decorr\u00eancia dos fatos alegados, a senten\u00e7a divergiu totalmente da classifica\u00e7\u00e3o legal do crime, afinal <\/span><span>Fulano de TAL<\/span><span>, ap\u00f3s o parto, sob influ\u00eancia do estado puerperal, praticou o crime de infantic\u00eddio e jamais o expresso no homic\u00eddio qualificado. Sendo expresso no artigo\u00a0<\/span><span>123<\/span><span>\u00a0do\u00a0<\/span><span>C\u00f3digo Penal<\/span><span>\u00a0os atos que a ora Apelante praticou,\u00a0<\/span><span>in verbis:<\/span><\/p>\n<p style=\"text-align: justify;\"><span style=\"color: #4472c4;\"><strong>\u201cArt. 123 &#8211; Matar, sob a influ\u00eancia do estado puerperal, o pr\u00f3prio filho, durante o parto ou logo ap\u00f3s.\u201d<\/strong><\/span><\/p>\n<p style=\"text-align: justify;\"><span>Assim, salta aos olhos que a conduta se tipifica conforme o artigo acima mencionado e n\u00e3o ao homic\u00eddio qualificado. O que ocorre \u00e9 que a senten\u00e7a proferida, sendo contr\u00e1ria a esta, incorre em diverg\u00eancia ao previsto na primeira parte do artigo\u00a0<\/span><span>593<\/span><span>,\u00a0<\/span><span>III<\/span><span>, al\u00ednea\u00a0<\/span><span>b<\/span><span>, do\u00a0<\/span><span>C\u00f3digo de Processo Penal<\/span><span>, pois seria uma decis\u00e3o diversa do que a lei expressamente informa.<\/span><\/p>\n<p style=\"text-align: justify;\"><span>Em consequ\u00eancia, tamb\u00e9m ocorreu diverg\u00eancia diante da decis\u00e3o dos jurados, que decidiram pela desclassifica\u00e7\u00e3o do crime. Deste modo, \u00e9 necess\u00e1rio o reconhecimento do crime de infantic\u00eddio.<\/span><\/p>\n<p style=\"text-align: justify;\"><span>Em que pese os fatos alegados, e a situa\u00e7\u00e3o de o julgamento ocorrer perante o Tribunal J\u00fari, deve-se prevalecer o Princ\u00edpio da Soberania dos Veredictos, ou seja, a decis\u00e3o dos jurados \u00e9 que deve fundamentar a senten\u00e7a do MM. Ju\u00edzo.<\/span><\/p>\n<p style=\"text-align: justify;\"><span>Neste diapas\u00e3o, verifica-se que o MM. Juiz Presidente equivocou-se ao proferir senten\u00e7a diversa da decis\u00e3o do J\u00fari, ferindo legalmente o previsto na segunda parte da al\u00ednea b do artigo\u00a0<\/span><span>593<\/span><span>,\u00a0<\/span><span>III<\/span><span>, do\u00a0<\/span><span>C\u00f3digo de Processo Penal<\/span><span>,\u00a0<\/span><span>in verbis:<\/span><\/p>\n<p style=\"text-align: justify;\"><span style=\"color: #4472c4;\"><strong>\u201cArt. 593. Caber\u00e1 apela\u00e7\u00e3o no prazo de 5 (cinco) dias:<\/strong><\/span><\/p>\n<p style=\"text-align: justify;\"><span style=\"color: #4472c4;\"><strong>III &#8211; das decis\u00f5es do Tribunal do J\u00fari, quando:<\/strong><\/span><\/p>\n<p style=\"text-align: justify;\"><span style=\"color: #4472c4;\"><strong>for\u00a0<\/strong><\/span><span style=\"color: #4472c4;\"><strong>a senten\u00e7a do juiz-presidente contr\u00e1ria<\/strong><\/span><span style=\"color: #4472c4;\"><strong>\u00a0\u00e0 lei expressa\u00a0<\/strong><\/span><span style=\"color: #4472c4;\"><strong>ou \u00e0 decis\u00e3o dos jurados;<\/strong><\/span><span style=\"color: #4472c4;\"><strong>\u00a0(grifo nosso).<\/strong><\/span><\/p>\n<p style=\"text-align: justify;\"><span>Al\u00e9m disso, entende-se que a decis\u00e3o dos jurados, no Tribunal do J\u00fari, compreende uma vontade popular, denominada de veredicto, sendo esta soberana, conforme previsto em nossa lei supra, qual seja, a\u00a0<\/span><span>Constitui\u00e7\u00e3o <\/span><span>, em seu artigo\u00a0<\/span><span>5\u00ba<\/span><span>,\u00a0<\/span><span>XXXVIII<\/span><span>, al\u00ednea c: \u201c<\/span><span>\u00e9 reconhecida a institui\u00e7\u00e3o do j\u00fari, com a organiza\u00e7\u00e3o que lhe der a lei, assegurados: c)\u00a0a soberania dos veredictos\u201d.<\/span><\/p>\n<p style=\"text-align: justify;\"><span>Neste mesmo sentido da soberania dos veredictos, decorre a conclus\u00e3o de que um Tribunal formado por Ju\u00edzes togados n\u00e3o pode modificar, no m\u00e9rito, a decis\u00e3o proferida pelo conselho de senten\u00e7a. Desta forma n\u00e3o se defere ao ju\u00edzo a possibilidade de ingressar na decis\u00e3o do jurado para fins de absolver ou condenar o acusado.<\/span><\/p>\n<p style=\"text-align: justify;\"><span>Desta forma, da an\u00e1lise dos fatos os jurados decidiram pela ABSOLVI\u00c7\u00c3O da ora Apelante, diante da desclassifica\u00e7\u00e3o do crime para Infantic\u00eddio, previsto no artigo\u00a0<\/span><span>123<\/span><span>, do\u00a0<\/span><span>C\u00f3digo Penal<\/span><span>. Por\u00e9m, contr\u00e1ria a esta decis\u00e3o, o MM. Ju\u00edzo, enganou-se em proferir a senten\u00e7a condenando a mesma a 14 anos de reclus\u00e3o em regime fechado por homic\u00eddio qualificado.<\/span><\/p>\n<p style=\"text-align: justify;\"><span>Data m\u00e1xima V\u00eania,\u00a0<\/span><span>estamos diante de uma infra\u00e7\u00e3o \u00e0 soberania dos veredictos do jurados, e consequentemente a uma viola\u00e7\u00e3o prevista na\u00a0<\/span><span>Constitui\u00e7\u00e3o Federal<\/span><span>, assim como na lei que rege os procedimentos do sistema Penal Brasileiro, qual seja, o\u00a0<\/span><span>C\u00f3digo de Processo Penal<\/span><span>.<\/span><\/p>\n<p style=\"text-align: justify;\"><span>Diante do exposto <\/span><span>\u00e9<\/span><span> necess\u00e1rio o entendimento e a corre\u00e7\u00e3o, tendo em vista a viola\u00e7\u00e3o supramencionada, afinal, a senten\u00e7a do MM. Ju\u00edzo deveria basear-se no fato da desclassifica\u00e7\u00e3o do crime e na absolvi\u00e7\u00e3o da apelante diante do julgamento.<\/span><\/p>\n<p style=\"text-align: justify;\"><span><strong>DO<\/strong><\/span><span><strong>S<\/strong><\/span><span><strong> PEDIDO<\/strong><\/span><span><strong>S<\/strong><\/span><\/p>\n<p style=\"text-align: justify;\"><span>Espera-se o recebimento e provimento deste RECURSO DE APELA\u00c7\u00c3O DO TRIBUNAL DO J\u00daRI, porquanto tempestivo e pertinente \u00e0 hip\u00f3tese em vertente, onde se aguarda a reforma da senten\u00e7a para a absolvi\u00e7\u00e3o e desclassifica\u00e7\u00e3o do delito, sejam acolhidas as teses apresentadas, com fundamento no artigo 593, III, al\u00ednea b.<\/span><\/p>\n<p style=\"text-align: justify;\"><span>Termos em que,<\/span><\/p>\n<p style=\"text-align: justify;\"><span>Pede Deferimento.<\/span><\/p>\n<p style=\"text-align: justify;\"><span>CIDADE, 00, M\u00caS, ANO<\/span><\/p>\n<p style=\"text-align: justify;\"><span><strong>ADVOGADO<\/strong><\/span><\/p>\n<p style=\"text-align: justify;\"><span><strong>OAB N\u00ba<\/strong><\/span><\/p>\n<p style=\"text-align: center;\"><a href=\"https:\/\/advbox.com.br\/blog\/como-automatizar-seus-modelos-de-peticoes\/\" target=\"_blank\"><img fetchpriority=\"high\" decoding=\"async\" src=\"https:\/\/advbox.com.br\/blog\/wp-content\/uploads\/2019\/05\/automatize_a_produ%C3%A7%C3%A3o_de_suas_peti%C3%A7%C3%B5es.png\" alt=\"Automatize a Produ\u00e7\u00e3o de suas Peti\u00e7\u00f5es - Torne sua Advocacia ainda mais inteligente\" width=\"1000\" height=\"276\" class=\"alignnone wp-image-11456 size-full\"><\/a><\/p><\/p>\n","protected":false},"excerpt":{"rendered":"<p>Quer descobrir como automatizar o preenchimento de todos os seus modelos de peti\u00e7\u00e3o e otimizar o tempo de toda sua equipe? Clique aqui MODELO DE RECURSO DE APELA\u00c7\u00c3O &#8211; TRIBUNAL DO J\u00daRI &#8211; INFANTIC\u00cdDIO EXCELENT\u00cdSSIMO SENHOR DOUTOR JUIZ DE DIREITO PRESIDENTE DO TRIBUNAL DO JUR\u00cd DA COMARCA DE CIDADE-UF Processo [&hellip;]<\/p>\n","protected":false},"author":44,"featured_media":11456,"comment_status":"closed","ping_status":"closed","template":"","meta":{"_acf_changed":false,"om_disable_all_campaigns":false,"footnotes":""},"modelo_category":[1491],"class_list":["post-12402","modelos","type-modelos","status-publish","has-post-thumbnail","hentry","modelo_category-recursos"],"acf":[],"yoast_head":"<!-- This site is optimized with the Yoast SEO plugin v26.9 - https:\/\/yoast.com\/product\/yoast-seo-wordpress\/ -->\n<title>RECURSO DE APELA\u00c7\u00c3O - TRIBUNAL DO J\u00daRI - INFANTIC\u00cdDIO<\/title>\n<meta name=\"description\" content=\"Copie aqui sem restri\u00e7\u00f5es e baixe em word seu modelo de recurso de apela\u00e7\u00e3o - tribunal do j\u00fari - infantic\u00eddio\" \/>\n<meta name=\"robots\" content=\"index, follow, max-snippet:-1, max-image-preview:large, max-video-preview:-1\" \/>\n<link rel=\"canonical\" href=\"https:\/\/advbox.com.br\/blog\/modelos\/recurso-de-apelacao-tribunal-do-juri-infanticidio\/\" \/>\n<meta property=\"og:locale\" content=\"pt_BR\" \/>\n<meta property=\"og:type\" content=\"article\" \/>\n<meta property=\"og:title\" content=\"RECURSO DE APELA\u00c7\u00c3O - TRIBUNAL DO J\u00daRI - INFANTIC\u00cdDIO\" \/>\n<meta property=\"og:description\" content=\"Copie aqui sem restri\u00e7\u00f5es e baixe em word seu modelo de recurso de apela\u00e7\u00e3o - tribunal do j\u00fari - infantic\u00eddio\" \/>\n<meta property=\"og:url\" content=\"https:\/\/advbox.com.br\/blog\/modelos\/recurso-de-apelacao-tribunal-do-juri-infanticidio\/\" \/>\n<meta property=\"og:site_name\" content=\"Software Jur\u00eddico Completo - ADVBOX\" \/>\n<meta property=\"article:publisher\" content=\"https:\/\/www.facebook.com\/advbox\/\" \/>\n<meta property=\"article:modified_time\" content=\"2025-04-16T19:11:32+00:00\" \/>\n<meta property=\"og:image\" content=\"https:\/\/advbox.com.br\/blog\/wp-content\/uploads\/2019\/05\/automatize_a_produ\u00e7\u00e3o_de_suas_peti\u00e7\u00f5es.png\" \/>\n\t<meta property=\"og:image:width\" content=\"1000\" \/>\n\t<meta property=\"og:image:height\" content=\"276\" \/>\n\t<meta property=\"og:image:type\" content=\"image\/png\" \/>\n<meta name=\"twitter:card\" content=\"summary_large_image\" \/>\n<meta name=\"twitter:site\" content=\"@advbox2\" \/>\n<script type=\"application\/ld+json\" class=\"yoast-schema-graph\">{\"@context\":\"https:\/\/schema.org\",\"@graph\":[{\"@type\":\"WebPage\",\"@id\":\"https:\/\/advbox.com.br\/blog\/modelos\/recurso-de-apelacao-tribunal-do-juri-infanticidio\/\",\"url\":\"https:\/\/advbox.com.br\/blog\/modelos\/recurso-de-apelacao-tribunal-do-juri-infanticidio\/\",\"name\":\"RECURSO DE APELA\u00c7\u00c3O - TRIBUNAL DO J\u00daRI - INFANTIC\u00cdDIO\",\"isPartOf\":{\"@id\":\"https:\/\/advbox.com.br\/blog\/#website\"},\"primaryImageOfPage\":{\"@id\":\"https:\/\/advbox.com.br\/blog\/modelos\/recurso-de-apelacao-tribunal-do-juri-infanticidio\/#primaryimage\"},\"image\":{\"@id\":\"https:\/\/advbox.com.br\/blog\/modelos\/recurso-de-apelacao-tribunal-do-juri-infanticidio\/#primaryimage\"},\"thumbnailUrl\":\"https:\/\/advbox.com.br\/blog\/wp-content\/uploads\/2019\/05\/automatize_a_produ\u00e7\u00e3o_de_suas_peti\u00e7\u00f5es.png\",\"datePublished\":\"2019-03-07T21:17:28+00:00\",\"dateModified\":\"2025-04-16T19:11:32+00:00\",\"description\":\"Copie aqui sem restri\u00e7\u00f5es e baixe em word seu modelo de recurso de apela\u00e7\u00e3o - tribunal do j\u00fari - infantic\u00eddio\",\"breadcrumb\":{\"@id\":\"https:\/\/advbox.com.br\/blog\/modelos\/recurso-de-apelacao-tribunal-do-juri-infanticidio\/#breadcrumb\"},\"inLanguage\":\"pt-BR\",\"potentialAction\":[{\"@type\":\"ReadAction\",\"target\":[\"https:\/\/advbox.com.br\/blog\/modelos\/recurso-de-apelacao-tribunal-do-juri-infanticidio\/\"]}]},{\"@type\":\"ImageObject\",\"inLanguage\":\"pt-BR\",\"@id\":\"https:\/\/advbox.com.br\/blog\/modelos\/recurso-de-apelacao-tribunal-do-juri-infanticidio\/#primaryimage\",\"url\":\"https:\/\/advbox.com.br\/blog\/wp-content\/uploads\/2019\/05\/automatize_a_produ\u00e7\u00e3o_de_suas_peti\u00e7\u00f5es.png\",\"contentUrl\":\"https:\/\/advbox.com.br\/blog\/wp-content\/uploads\/2019\/05\/automatize_a_produ\u00e7\u00e3o_de_suas_peti\u00e7\u00f5es.png\",\"width\":1000,\"height\":276,\"caption\":\"automatiza\u00e7\u00e3o de peti\u00e7\u00f5es\"},{\"@type\":\"BreadcrumbList\",\"@id\":\"https:\/\/advbox.com.br\/blog\/modelos\/recurso-de-apelacao-tribunal-do-juri-infanticidio\/#breadcrumb\",\"itemListElement\":[{\"@type\":\"ListItem\",\"position\":1,\"name\":\"In\u00edcio\",\"item\":\"https:\/\/advbox.com.br\/blog\/\"},{\"@type\":\"ListItem\",\"position\":2,\"name\":\"Modelos\",\"item\":\"https:\/\/advbox.com.br\/blog\/modelos\/\"},{\"@type\":\"ListItem\",\"position\":3,\"name\":\"MODELO DE RECURSO DE APELA\u00c7\u00c3O &#8211; TRIBUNAL DO J\u00daRI &#8211; INFANTIC\u00cdDIO\"}]},{\"@type\":\"WebSite\",\"@id\":\"https:\/\/advbox.com.br\/blog\/#website\",\"url\":\"https:\/\/advbox.com.br\/blog\/\",\"name\":\"Software Jur\u00eddico Completo - ADVBOX\",\"description\":\"Plataforma para Advocacia Digital\",\"publisher\":{\"@id\":\"https:\/\/advbox.com.br\/blog\/#organization\"},\"potentialAction\":[{\"@type\":\"SearchAction\",\"target\":{\"@type\":\"EntryPoint\",\"urlTemplate\":\"https:\/\/advbox.com.br\/blog\/?s={search_term_string}\"},\"query-input\":{\"@type\":\"PropertyValueSpecification\",\"valueRequired\":true,\"valueName\":\"search_term_string\"}}],\"inLanguage\":\"pt-BR\"},{\"@type\":\"Organization\",\"@id\":\"https:\/\/advbox.com.br\/blog\/#organization\",\"name\":\"ADVBOX Blog - Software jur\u00eddico da advocacia digital\",\"url\":\"https:\/\/advbox.com.br\/blog\/\",\"logo\":{\"@type\":\"ImageObject\",\"inLanguage\":\"pt-BR\",\"@id\":\"https:\/\/advbox.com.br\/blog\/#\/schema\/logo\/image\/\",\"url\":\"https:\/\/advbox.com.br\/blog\/wp-content\/uploads\/2019\/12\/Como-aumentar-a-produtividade_.jpg\",\"contentUrl\":\"https:\/\/advbox.com.br\/blog\/wp-content\/uploads\/2019\/12\/Como-aumentar-a-produtividade_.jpg\",\"width\":320,\"height\":213,\"caption\":\"ADVBOX Blog - Software jur\u00eddico da advocacia digital\"},\"image\":{\"@id\":\"https:\/\/advbox.com.br\/blog\/#\/schema\/logo\/image\/\"},\"sameAs\":[\"https:\/\/www.facebook.com\/advbox\/\",\"https:\/\/x.com\/advbox2\"]}]}<\/script>\n<!-- \/ Yoast SEO plugin. -->","yoast_head_json":{"title":"RECURSO DE APELA\u00c7\u00c3O - TRIBUNAL DO J\u00daRI - INFANTIC\u00cdDIO","description":"Copie aqui sem restri\u00e7\u00f5es e baixe em word seu modelo de recurso de apela\u00e7\u00e3o - tribunal do j\u00fari - infantic\u00eddio","robots":{"index":"index","follow":"follow","max-snippet":"max-snippet:-1","max-image-preview":"max-image-preview:large","max-video-preview":"max-video-preview:-1"},"canonical":"https:\/\/advbox.com.br\/blog\/modelos\/recurso-de-apelacao-tribunal-do-juri-infanticidio\/","og_locale":"pt_BR","og_type":"article","og_title":"RECURSO DE APELA\u00c7\u00c3O - TRIBUNAL DO J\u00daRI - INFANTIC\u00cdDIO","og_description":"Copie aqui sem restri\u00e7\u00f5es e baixe em word seu modelo de recurso de apela\u00e7\u00e3o - tribunal do j\u00fari - infantic\u00eddio","og_url":"https:\/\/advbox.com.br\/blog\/modelos\/recurso-de-apelacao-tribunal-do-juri-infanticidio\/","og_site_name":"Software Jur\u00eddico Completo - ADVBOX","article_publisher":"https:\/\/www.facebook.com\/advbox\/","article_modified_time":"2025-04-16T19:11:32+00:00","og_image":[{"width":1000,"height":276,"url":"https:\/\/advbox.com.br\/blog\/wp-content\/uploads\/2019\/05\/automatize_a_produ\u00e7\u00e3o_de_suas_peti\u00e7\u00f5es.png","type":"image\/png"}],"twitter_card":"summary_large_image","twitter_site":"@advbox2","schema":{"@context":"https:\/\/schema.org","@graph":[{"@type":"WebPage","@id":"https:\/\/advbox.com.br\/blog\/modelos\/recurso-de-apelacao-tribunal-do-juri-infanticidio\/","url":"https:\/\/advbox.com.br\/blog\/modelos\/recurso-de-apelacao-tribunal-do-juri-infanticidio\/","name":"RECURSO DE APELA\u00c7\u00c3O - TRIBUNAL DO J\u00daRI - INFANTIC\u00cdDIO","isPartOf":{"@id":"https:\/\/advbox.com.br\/blog\/#website"},"primaryImageOfPage":{"@id":"https:\/\/advbox.com.br\/blog\/modelos\/recurso-de-apelacao-tribunal-do-juri-infanticidio\/#primaryimage"},"image":{"@id":"https:\/\/advbox.com.br\/blog\/modelos\/recurso-de-apelacao-tribunal-do-juri-infanticidio\/#primaryimage"},"thumbnailUrl":"https:\/\/advbox.com.br\/blog\/wp-content\/uploads\/2019\/05\/automatize_a_produ\u00e7\u00e3o_de_suas_peti\u00e7\u00f5es.png","datePublished":"2019-03-07T21:17:28+00:00","dateModified":"2025-04-16T19:11:32+00:00","description":"Copie aqui sem restri\u00e7\u00f5es e baixe em word seu modelo de recurso de apela\u00e7\u00e3o - tribunal do j\u00fari - infantic\u00eddio","breadcrumb":{"@id":"https:\/\/advbox.com.br\/blog\/modelos\/recurso-de-apelacao-tribunal-do-juri-infanticidio\/#breadcrumb"},"inLanguage":"pt-BR","potentialAction":[{"@type":"ReadAction","target":["https:\/\/advbox.com.br\/blog\/modelos\/recurso-de-apelacao-tribunal-do-juri-infanticidio\/"]}]},{"@type":"ImageObject","inLanguage":"pt-BR","@id":"https:\/\/advbox.com.br\/blog\/modelos\/recurso-de-apelacao-tribunal-do-juri-infanticidio\/#primaryimage","url":"https:\/\/advbox.com.br\/blog\/wp-content\/uploads\/2019\/05\/automatize_a_produ\u00e7\u00e3o_de_suas_peti\u00e7\u00f5es.png","contentUrl":"https:\/\/advbox.com.br\/blog\/wp-content\/uploads\/2019\/05\/automatize_a_produ\u00e7\u00e3o_de_suas_peti\u00e7\u00f5es.png","width":1000,"height":276,"caption":"automatiza\u00e7\u00e3o de peti\u00e7\u00f5es"},{"@type":"BreadcrumbList","@id":"https:\/\/advbox.com.br\/blog\/modelos\/recurso-de-apelacao-tribunal-do-juri-infanticidio\/#breadcrumb","itemListElement":[{"@type":"ListItem","position":1,"name":"In\u00edcio","item":"https:\/\/advbox.com.br\/blog\/"},{"@type":"ListItem","position":2,"name":"Modelos","item":"https:\/\/advbox.com.br\/blog\/modelos\/"},{"@type":"ListItem","position":3,"name":"MODELO DE RECURSO DE APELA\u00c7\u00c3O &#8211; TRIBUNAL DO J\u00daRI &#8211; INFANTIC\u00cdDIO"}]},{"@type":"WebSite","@id":"https:\/\/advbox.com.br\/blog\/#website","url":"https:\/\/advbox.com.br\/blog\/","name":"Software Jur\u00eddico Completo - ADVBOX","description":"Plataforma para Advocacia Digital","publisher":{"@id":"https:\/\/advbox.com.br\/blog\/#organization"},"potentialAction":[{"@type":"SearchAction","target":{"@type":"EntryPoint","urlTemplate":"https:\/\/advbox.com.br\/blog\/?s={search_term_string}"},"query-input":{"@type":"PropertyValueSpecification","valueRequired":true,"valueName":"search_term_string"}}],"inLanguage":"pt-BR"},{"@type":"Organization","@id":"https:\/\/advbox.com.br\/blog\/#organization","name":"ADVBOX Blog - Software jur\u00eddico da advocacia digital","url":"https:\/\/advbox.com.br\/blog\/","logo":{"@type":"ImageObject","inLanguage":"pt-BR","@id":"https:\/\/advbox.com.br\/blog\/#\/schema\/logo\/image\/","url":"https:\/\/advbox.com.br\/blog\/wp-content\/uploads\/2019\/12\/Como-aumentar-a-produtividade_.jpg","contentUrl":"https:\/\/advbox.com.br\/blog\/wp-content\/uploads\/2019\/12\/Como-aumentar-a-produtividade_.jpg","width":320,"height":213,"caption":"ADVBOX Blog - Software jur\u00eddico da advocacia digital"},"image":{"@id":"https:\/\/advbox.com.br\/blog\/#\/schema\/logo\/image\/"},"sameAs":["https:\/\/www.facebook.com\/advbox\/","https:\/\/x.com\/advbox2"]}]}},"_links":{"self":[{"href":"https:\/\/advbox.com.br\/blog\/wp-json\/wp\/v2\/modelos\/12402","targetHints":{"allow":["GET"]}}],"collection":[{"href":"https:\/\/advbox.com.br\/blog\/wp-json\/wp\/v2\/modelos"}],"about":[{"href":"https:\/\/advbox.com.br\/blog\/wp-json\/wp\/v2\/types\/modelos"}],"author":[{"embeddable":true,"href":"https:\/\/advbox.com.br\/blog\/wp-json\/wp\/v2\/users\/44"}],"replies":[{"embeddable":true,"href":"https:\/\/advbox.com.br\/blog\/wp-json\/wp\/v2\/comments?post=12402"}],"version-history":[{"count":2,"href":"https:\/\/advbox.com.br\/blog\/wp-json\/wp\/v2\/modelos\/12402\/revisions"}],"predecessor-version":[{"id":73232,"href":"https:\/\/advbox.com.br\/blog\/wp-json\/wp\/v2\/modelos\/12402\/revisions\/73232"}],"wp:featuredmedia":[{"embeddable":true,"href":"https:\/\/advbox.com.br\/blog\/wp-json\/wp\/v2\/media\/11456"}],"wp:attachment":[{"href":"https:\/\/advbox.com.br\/blog\/wp-json\/wp\/v2\/media?parent=12402"}],"wp:term":[{"taxonomy":"modelo_category","embeddable":true,"href":"https:\/\/advbox.com.br\/blog\/wp-json\/wp\/v2\/modelo_category?post=12402"}],"curies":[{"name":"wp","href":"https:\/\/api.w.org\/{rel}","templated":true}]}}