{"id":12511,"date":"2019-03-07T17:17:18","date_gmt":"2019-03-07T17:17:18","guid":{"rendered":"https:\/\/advbox.com.br\/blog\/?post_type=modelos&#038;p=12511"},"modified":"2025-10-27T13:33:18","modified_gmt":"2025-10-27T16:33:18","slug":"reclamacao-trabalhista-23","status":"publish","type":"modelos","link":"https:\/\/advbox.com.br\/blog\/modelos\/reclamacao-trabalhista-23\/","title":{"rendered":"Modelo de reclama\u00e7\u00e3o trabalhista"},"content":{"rendered":"<p style=\"text-align: center; background: #eee; padding: 10px;\"><strong><em>Quer descobrir como automatizar o preenchimento de todos os seus modelos de peti\u00e7\u00e3o e otimizar o tempo de toda sua equipe? <a href=\"https:\/\/advbox.com.br\/blog\/como-automatizar-seus-modelos-de-peticoes\/\" alt=\"Automatize o preenchimento das suas Peti\u00e7\u00f5es e otimize Tempo\" target=\"_blank\">Clique aqui<\/a><\/em><\/strong><\/p>\n<h1><strong>MODELO DE RECLAMA\u00c7\u00c3O TRABALHISTA<\/strong><\/h1>\n<p style=\"text-align: justify;\"><span><strong>AO JUIZO FEDERAL DA &#8230;\u00aa VARA DO TRABALHO DA COMARCA DA &#8230;<\/strong><\/span><\/p>\n<p style=\"text-align: justify;\"><span><strong>&#8230; <\/strong><\/span><span><strong>(nome completo em negrito da parte)<\/strong><\/span><span>, &#8230; (nacionalidade), &#8230; (estado civil), &#8230; (profiss\u00e3o), portador do CPF\/MF n\u00ba &#8230;, com Documento de Identidade de n\u00b0 &#8230;, residente e domiciliado na <\/span><span>Rua &#8230;, n. &#8230;, &#8230; (bairro), CE<\/span><span>P: &#8230;, &#8230; (Munic\u00edpio \u2013 UF)<\/span><span>,<\/span><span> por meio de seu advogado que esta subscreve, vem perante Vossa Excel\u00eancia, propor:<\/span><\/p>\n<p style=\"text-align: center;\"><span><strong>RECLAMA\u00c7\u00c3O TRABALHISTA<\/strong><\/span><\/p>\n<p style=\"text-align: justify;\"><span>em face de <\/span><span><strong>&#8230; (nome em negrito da parte)<\/strong><\/span><span>, &#8230; (indicar se \u00e9 pessoa f\u00edsica ou jur\u00eddica), com CPF\/CNPJ de n. &#8230;, com sede na Rua &#8230;, n. &#8230;, &#8230; (bairro), CEP: &#8230;, &#8230; (Munic\u00edpio\u2013 UF)<\/span><span>, pelas raz\u00f5es de fato e de direito que passa a aduzir e no final requer.:<\/span><\/p>\n<p style=\"text-align: justify;\"><span><strong>REQUERIMENTO DE JUSTI\u00c7A GRATUITA<\/strong><\/span><\/p>\n<p style=\"text-align: justify;\"><span>O reclamante n\u00e3o tem condi\u00e7\u00f5es de arcar com as despesas do processo sem o preju\u00edzo de seu sustento, pr\u00f3prio e de sua fam\u00edlia, por isso desde j\u00e1 requer que seja concedido o benef\u00edcio da justi\u00e7a gratuita nos termos do art.\u00a0<\/span><span>98<\/span><span>\u00a0do\u00a0<\/span><span>CPC\/2015<\/span><span>.<\/span><\/p>\n<p style=\"text-align: justify;\"><span><strong>DOS FATOS<\/strong><\/span><\/p>\n<p style=\"text-align: justify;\"><span>O <\/span><span>&#8230;<\/span><span> foi admitido na empresa reclamada no dia 10\/04\/2012 para cumprir uma carga hor\u00e1ria semanal de 44 horas percebendo como sal\u00e1rio mensal o valor de R$ 622,00 (seiscentos e vinte e dois reais).<\/span><\/p>\n<p style=\"text-align: justify;\"><span>Ele foi contratado para exercer as tarefas inerentes ao cargo de eletricista, sendo respons\u00e1vel por toda a parte el\u00e9trica do condom\u00ednio, o que gerava muito mais trabalho do que o que poderia ser realizado dentro das 44 horas semanais, implicando que o reclamante fazia todos os dias 2 horas extras de segunda a s\u00e1bado.<\/span><\/p>\n<p style=\"text-align: justify;\"><span>At\u00e9 que em 07\/04\/2017 a reclamada rescindiu, imotivadamente, o contrato de trabalho dele, determinando que ao final do dia ele encerrasse definitivamente suas atividades laborais, sem lhe pagar as verbas rescis\u00f3rias que s\u00e3o devidas. Ao tempo da rescis\u00e3o o sal\u00e1rio do empregado era de R$ 1.100,00 (hum mil e cem reais)<\/span><\/p>\n<p style=\"text-align: justify;\"><span>Portanto abaixo, h\u00e1 os c\u00e1lculos deduzidos das verbas rescis\u00f3rias n\u00e3o pagas com seus respectivos valores aos quais requer-se que sejam pagas atrav\u00e9s desta demanda:<\/span><\/p>\n<p style=\"text-align: justify;\"><span><strong>VERBA<\/strong><\/span><span><strong>\u2003<\/strong><\/span><span><strong>QUANTIDADE<\/strong><\/span><span><strong>\u2003<\/strong><\/span><span><strong>\u00a0VALOR<\/strong><\/span><\/p>\n<p style=\"text-align: justify;\"><span>Aviso Pr\u00e9vio<\/span><span>\u2003<\/span><span>42 dias<\/span><span>\u2003<\/span><span>R$ 1.540,00<\/span><\/p>\n<p style=\"text-align: justify;\"><span>Saldo de Sal\u00e1rio <\/span><span>\u2003<\/span><span>7 dias<\/span><span>\u2003<\/span><span>R$ 256,69<\/span><\/p>\n<p style=\"text-align: justify;\"><span>F\u00e9rias Simples <\/span><span>\u2003<\/span><span>2016\/2017<\/span><span>\u2003<\/span><span>R$ 1.100,00<\/span><\/p>\n<p style=\"text-align: justify;\"><span>Gratifica\u00e7\u00e3o de F\u00e9rias Simples<\/span><span>\u2003<\/span><span>1\/3 <\/span><span>\u2003<\/span><span>R$ 366,67<\/span><\/p>\n<p style=\"text-align: justify;\"><span>F\u00e9rias Proporcionais<\/span><span>\u2003<\/span><span>1\/12<\/span><span>\u2003<\/span><span>R$ 91,67<\/span><\/p>\n<p style=\"text-align: justify;\"><span>Gratifica\u00e7\u00e3o de F\u00e9rias Proporcionais<\/span><span>\u2003<\/span><span>1\/3<\/span><span>\u2003<\/span><span>R$ 30,56<\/span><\/p>\n<p style=\"text-align: justify;\"><span>F\u00e9rias Vencidas<\/span><span>\u2003<\/span><span>2015\/2016<\/span><span>\u2003<\/span><span>R$ 2.200,00<\/span><\/p>\n<p style=\"text-align: justify;\"><span>Gratifica\u00e7\u00e3o de F\u00e9rias Vencidas<\/span><span>\u2003<\/span><span>1\/3<\/span><span>\u2003<\/span><span>R$ 733,33<\/span><\/p>\n<p style=\"text-align: justify;\"><span>Gratifica\u00e7\u00e3o Natalina (13\u00ba)<\/span><span>\u2003<\/span><span>2016<\/span><span>\u2003<\/span><span>R$ 1.100,00<\/span><\/p>\n<p style=\"text-align: justify;\"><span>13\u00ba Proporcional<\/span><span>\u2003<\/span><span>5\/12<\/span><span>\u2003<\/span><span>R$ 458,33<\/span><\/p>\n<p style=\"text-align: justify;\"><span>Horas Extras<\/span><span>\u2003<\/span><span>3.900<\/span><span>\u2003<\/span><span>R$ 29.250,00<\/span><\/p>\n<p style=\"text-align: justify;\"><span>Multa do FGTS (40%)<\/span><span>\u2003<\/span><span>1<\/span><span>\u2003<\/span><span>R$ 2.112,00<\/span><\/p>\n<p style=\"text-align: justify;\"><span><strong>TOTAL<\/strong><\/span><span><strong>\u2003<\/strong><\/span><span><strong>R$ 39.239,25<\/strong><\/span><\/p>\n<p style=\"text-align: justify;\"><span><strong>DOS REQUERIMENTOS<\/strong><\/span><\/p>\n<p style=\"text-align: justify;\"><span>Ante o exposto requer-se:<\/span><\/p>\n<p style=\"text-align: justify;\"><span>a) O deferimento da gratuidade da justi\u00e7a.<\/span><\/p>\n<p style=\"text-align: justify;\"><span>b) Cita\u00e7\u00e3o da reclamada para, no prazo legal, responder a esta demanda.<\/span><\/p>\n<p style=\"text-align: justify;\"><span>c) Marca\u00e7\u00e3o de Dia e Hora para audi\u00eancia, se ausente a parte reclamada desde j\u00e1 pedimos que se apliquem as penalidades da revelia e da confiss\u00e3o presumida dos fatos que lhe s\u00e3o imputados e a multa de 50% prevista no art.\u00a0<\/span><span>467<\/span><span>, da\u00a0<\/span><span>CLT<\/span><span>.<\/span><\/p>\n<p style=\"text-align: justify;\"><span>d) Que a presente demanda seja ao final julgada procedente.<\/span><\/p>\n<p style=\"text-align: justify;\"><span>e) A produ\u00e7\u00e3o de todos os meios de provas admitidos em Direito e principalmente o depoimento do preposto da reclamada, sob pena de confiss\u00e3o.<\/span><\/p>\n<p style=\"text-align: justify;\"><span><strong>D\u00e1-se o valor da causa na import\u00e2ncia de R$ 39.239,25 (trinta e nove mil duzentos e trinta e nove reais e vinte e cinco centavos).<\/strong><\/span><\/p>\n<p style=\"text-align: justify;\"><span>Nestes termos, <\/span><\/p>\n<p style=\"text-align: justify;\"><span>pede e espera deferimento.<\/span><\/p>\n<p style=\"text-align: justify;\"><span>&#8230; (Munic\u00edpio \u2013 UF), &#8230; (dia) de &#8230; (m\u00eas) de &#8230; (ano).<\/span><\/p>\n<p style=\"text-align: center; margin-left: 80px;\"><span><strong>ADVOGADO<\/strong><\/span><\/p>\n<p style=\"text-align: center; margin-left: 80px;\"><span><strong>OAB n\u00b0 &#8230;. &#8211; UF<\/strong><\/span><\/p>\n<p style=\"text-align: center; margin-left: 0px;\">\n<p style=\"text-align: center;\"><a href=\"https:\/\/advbox.com.br\/blog\/como-automatizar-seus-modelos-de-peticoes\/\" target=\"_blank\"><img fetchpriority=\"high\" decoding=\"async\" src=\"https:\/\/advbox.com.br\/blog\/wp-content\/uploads\/2019\/05\/automatize_a_produ%C3%A7%C3%A3o_de_suas_peti%C3%A7%C3%B5es.png\" alt=\"Automatize a Produ\u00e7\u00e3o de suas Peti\u00e7\u00f5es - Torne sua Advocacia ainda mais inteligente\" width=\"1000\" height=\"276\" class=\"alignnone wp-image-11456 size-full\"><\/a><\/p><\/p>\n","protected":false},"excerpt":{"rendered":"<p>Quer descobrir como automatizar o preenchimento de todos os seus modelos de peti\u00e7\u00e3o e otimizar o tempo de toda sua equipe? Clique aqui MODELO DE RECLAMA\u00c7\u00c3O TRABALHISTA AO JUIZO FEDERAL DA &#8230;\u00aa VARA DO TRABALHO DA COMARCA DA &#8230; &#8230; (nome completo em negrito da parte), &#8230; (nacionalidade), &#8230; (estado [&hellip;]<\/p>\n","protected":false},"author":44,"featured_media":11456,"comment_status":"closed","ping_status":"closed","template":"","meta":{"_acf_changed":false,"om_disable_all_campaigns":false,"footnotes":""},"modelo_category":[1457,1489],"class_list":["post-12511","modelos","type-modelos","status-publish","has-post-thumbnail","hentry","modelo_category-direito","modelo_category-direito-do-trabalho"],"acf":[],"yoast_head":"<!-- This site is optimized with the Yoast SEO plugin v26.9 - https:\/\/yoast.com\/product\/yoast-seo-wordpress\/ -->\n<title>Modelo de reclama\u00e7\u00e3o trabalhista | Agilize seus processos<\/title>\n<meta name=\"description\" content=\"Confira o modelo de reclama\u00e7\u00e3o trabalhista com pedido de verbas rescis\u00f3rias e horas extras: pe\u00e7a pronta com c\u00e1lculos e fundamentos jur\u00eddicos.\" \/>\n<meta name=\"robots\" content=\"index, follow, max-snippet:-1, max-image-preview:large, max-video-preview:-1\" \/>\n<link rel=\"canonical\" href=\"https:\/\/advbox.com.br\/blog\/modelos\/reclamacao-trabalhista-23\/\" \/>\n<meta property=\"og:locale\" content=\"pt_BR\" \/>\n<meta property=\"og:type\" content=\"article\" \/>\n<meta property=\"og:title\" content=\"Modelo de reclama\u00e7\u00e3o trabalhista | Agilize seus processos\" \/>\n<meta property=\"og:description\" content=\"Confira o modelo de reclama\u00e7\u00e3o trabalhista com pedido de verbas rescis\u00f3rias e horas extras: pe\u00e7a pronta com c\u00e1lculos e fundamentos jur\u00eddicos.\" \/>\n<meta property=\"og:url\" content=\"https:\/\/advbox.com.br\/blog\/modelos\/reclamacao-trabalhista-23\/\" \/>\n<meta property=\"og:site_name\" content=\"Software Jur\u00eddico Completo - ADVBOX\" \/>\n<meta property=\"article:publisher\" content=\"https:\/\/www.facebook.com\/advbox\/\" \/>\n<meta property=\"article:modified_time\" content=\"2025-10-27T16:33:18+00:00\" \/>\n<meta property=\"og:image\" content=\"https:\/\/advbox.com.br\/blog\/wp-content\/uploads\/2019\/05\/automatize_a_produ\u00e7\u00e3o_de_suas_peti\u00e7\u00f5es.png\" \/>\n\t<meta property=\"og:image:width\" content=\"1000\" \/>\n\t<meta property=\"og:image:height\" content=\"276\" \/>\n\t<meta property=\"og:image:type\" content=\"image\/png\" \/>\n<meta name=\"twitter:card\" content=\"summary_large_image\" \/>\n<meta name=\"twitter:site\" content=\"@advbox2\" \/>\n<script type=\"application\/ld+json\" class=\"yoast-schema-graph\">{\"@context\":\"https:\/\/schema.org\",\"@graph\":[{\"@type\":\"WebPage\",\"@id\":\"https:\/\/advbox.com.br\/blog\/modelos\/reclamacao-trabalhista-23\/\",\"url\":\"https:\/\/advbox.com.br\/blog\/modelos\/reclamacao-trabalhista-23\/\",\"name\":\"Modelo de reclama\u00e7\u00e3o trabalhista | Agilize seus processos\",\"isPartOf\":{\"@id\":\"https:\/\/advbox.com.br\/blog\/#website\"},\"primaryImageOfPage\":{\"@id\":\"https:\/\/advbox.com.br\/blog\/modelos\/reclamacao-trabalhista-23\/#primaryimage\"},\"image\":{\"@id\":\"https:\/\/advbox.com.br\/blog\/modelos\/reclamacao-trabalhista-23\/#primaryimage\"},\"thumbnailUrl\":\"https:\/\/advbox.com.br\/blog\/wp-content\/uploads\/2019\/05\/automatize_a_produ\u00e7\u00e3o_de_suas_peti\u00e7\u00f5es.png\",\"datePublished\":\"2019-03-07T17:17:18+00:00\",\"dateModified\":\"2025-10-27T16:33:18+00:00\",\"description\":\"Confira o modelo de reclama\u00e7\u00e3o trabalhista com pedido de verbas rescis\u00f3rias e horas extras: pe\u00e7a pronta com c\u00e1lculos e fundamentos jur\u00eddicos.\",\"breadcrumb\":{\"@id\":\"https:\/\/advbox.com.br\/blog\/modelos\/reclamacao-trabalhista-23\/#breadcrumb\"},\"inLanguage\":\"pt-BR\",\"potentialAction\":[{\"@type\":\"ReadAction\",\"target\":[\"https:\/\/advbox.com.br\/blog\/modelos\/reclamacao-trabalhista-23\/\"]}]},{\"@type\":\"ImageObject\",\"inLanguage\":\"pt-BR\",\"@id\":\"https:\/\/advbox.com.br\/blog\/modelos\/reclamacao-trabalhista-23\/#primaryimage\",\"url\":\"https:\/\/advbox.com.br\/blog\/wp-content\/uploads\/2019\/05\/automatize_a_produ\u00e7\u00e3o_de_suas_peti\u00e7\u00f5es.png\",\"contentUrl\":\"https:\/\/advbox.com.br\/blog\/wp-content\/uploads\/2019\/05\/automatize_a_produ\u00e7\u00e3o_de_suas_peti\u00e7\u00f5es.png\",\"width\":1000,\"height\":276,\"caption\":\"automatiza\u00e7\u00e3o de peti\u00e7\u00f5es\"},{\"@type\":\"BreadcrumbList\",\"@id\":\"https:\/\/advbox.com.br\/blog\/modelos\/reclamacao-trabalhista-23\/#breadcrumb\",\"itemListElement\":[{\"@type\":\"ListItem\",\"position\":1,\"name\":\"In\u00edcio\",\"item\":\"https:\/\/advbox.com.br\/blog\/\"},{\"@type\":\"ListItem\",\"position\":2,\"name\":\"Modelos\",\"item\":\"https:\/\/advbox.com.br\/blog\/modelos\/\"},{\"@type\":\"ListItem\",\"position\":3,\"name\":\"Modelo de reclama\u00e7\u00e3o trabalhista com pedido de verbas rescis\u00f3rias e horas extras\"}]},{\"@type\":\"WebSite\",\"@id\":\"https:\/\/advbox.com.br\/blog\/#website\",\"url\":\"https:\/\/advbox.com.br\/blog\/\",\"name\":\"Software Jur\u00eddico Completo - ADVBOX\",\"description\":\"Plataforma para Advocacia Digital\",\"publisher\":{\"@id\":\"https:\/\/advbox.com.br\/blog\/#organization\"},\"potentialAction\":[{\"@type\":\"SearchAction\",\"target\":{\"@type\":\"EntryPoint\",\"urlTemplate\":\"https:\/\/advbox.com.br\/blog\/?s={search_term_string}\"},\"query-input\":{\"@type\":\"PropertyValueSpecification\",\"valueRequired\":true,\"valueName\":\"search_term_string\"}}],\"inLanguage\":\"pt-BR\"},{\"@type\":\"Organization\",\"@id\":\"https:\/\/advbox.com.br\/blog\/#organization\",\"name\":\"ADVBOX Blog - Software jur\u00eddico da advocacia digital\",\"url\":\"https:\/\/advbox.com.br\/blog\/\",\"logo\":{\"@type\":\"ImageObject\",\"inLanguage\":\"pt-BR\",\"@id\":\"https:\/\/advbox.com.br\/blog\/#\/schema\/logo\/image\/\",\"url\":\"https:\/\/advbox.com.br\/blog\/wp-content\/uploads\/2019\/12\/Como-aumentar-a-produtividade_.jpg\",\"contentUrl\":\"https:\/\/advbox.com.br\/blog\/wp-content\/uploads\/2019\/12\/Como-aumentar-a-produtividade_.jpg\",\"width\":320,\"height\":213,\"caption\":\"ADVBOX Blog - Software jur\u00eddico da advocacia digital\"},\"image\":{\"@id\":\"https:\/\/advbox.com.br\/blog\/#\/schema\/logo\/image\/\"},\"sameAs\":[\"https:\/\/www.facebook.com\/advbox\/\",\"https:\/\/x.com\/advbox2\"]}]}<\/script>\n<!-- \/ Yoast SEO plugin. -->","yoast_head_json":{"title":"Modelo de reclama\u00e7\u00e3o trabalhista | Agilize seus processos","description":"Confira o modelo de reclama\u00e7\u00e3o trabalhista com pedido de verbas rescis\u00f3rias e horas extras: pe\u00e7a pronta com c\u00e1lculos e fundamentos jur\u00eddicos.","robots":{"index":"index","follow":"follow","max-snippet":"max-snippet:-1","max-image-preview":"max-image-preview:large","max-video-preview":"max-video-preview:-1"},"canonical":"https:\/\/advbox.com.br\/blog\/modelos\/reclamacao-trabalhista-23\/","og_locale":"pt_BR","og_type":"article","og_title":"Modelo de reclama\u00e7\u00e3o trabalhista | Agilize seus processos","og_description":"Confira o modelo de reclama\u00e7\u00e3o trabalhista com pedido de verbas rescis\u00f3rias e horas extras: pe\u00e7a pronta com c\u00e1lculos e fundamentos jur\u00eddicos.","og_url":"https:\/\/advbox.com.br\/blog\/modelos\/reclamacao-trabalhista-23\/","og_site_name":"Software Jur\u00eddico Completo - ADVBOX","article_publisher":"https:\/\/www.facebook.com\/advbox\/","article_modified_time":"2025-10-27T16:33:18+00:00","og_image":[{"width":1000,"height":276,"url":"https:\/\/advbox.com.br\/blog\/wp-content\/uploads\/2019\/05\/automatize_a_produ\u00e7\u00e3o_de_suas_peti\u00e7\u00f5es.png","type":"image\/png"}],"twitter_card":"summary_large_image","twitter_site":"@advbox2","schema":{"@context":"https:\/\/schema.org","@graph":[{"@type":"WebPage","@id":"https:\/\/advbox.com.br\/blog\/modelos\/reclamacao-trabalhista-23\/","url":"https:\/\/advbox.com.br\/blog\/modelos\/reclamacao-trabalhista-23\/","name":"Modelo de reclama\u00e7\u00e3o trabalhista | Agilize seus processos","isPartOf":{"@id":"https:\/\/advbox.com.br\/blog\/#website"},"primaryImageOfPage":{"@id":"https:\/\/advbox.com.br\/blog\/modelos\/reclamacao-trabalhista-23\/#primaryimage"},"image":{"@id":"https:\/\/advbox.com.br\/blog\/modelos\/reclamacao-trabalhista-23\/#primaryimage"},"thumbnailUrl":"https:\/\/advbox.com.br\/blog\/wp-content\/uploads\/2019\/05\/automatize_a_produ\u00e7\u00e3o_de_suas_peti\u00e7\u00f5es.png","datePublished":"2019-03-07T17:17:18+00:00","dateModified":"2025-10-27T16:33:18+00:00","description":"Confira o modelo de reclama\u00e7\u00e3o trabalhista com pedido de verbas rescis\u00f3rias e horas extras: pe\u00e7a pronta com c\u00e1lculos e fundamentos jur\u00eddicos.","breadcrumb":{"@id":"https:\/\/advbox.com.br\/blog\/modelos\/reclamacao-trabalhista-23\/#breadcrumb"},"inLanguage":"pt-BR","potentialAction":[{"@type":"ReadAction","target":["https:\/\/advbox.com.br\/blog\/modelos\/reclamacao-trabalhista-23\/"]}]},{"@type":"ImageObject","inLanguage":"pt-BR","@id":"https:\/\/advbox.com.br\/blog\/modelos\/reclamacao-trabalhista-23\/#primaryimage","url":"https:\/\/advbox.com.br\/blog\/wp-content\/uploads\/2019\/05\/automatize_a_produ\u00e7\u00e3o_de_suas_peti\u00e7\u00f5es.png","contentUrl":"https:\/\/advbox.com.br\/blog\/wp-content\/uploads\/2019\/05\/automatize_a_produ\u00e7\u00e3o_de_suas_peti\u00e7\u00f5es.png","width":1000,"height":276,"caption":"automatiza\u00e7\u00e3o de peti\u00e7\u00f5es"},{"@type":"BreadcrumbList","@id":"https:\/\/advbox.com.br\/blog\/modelos\/reclamacao-trabalhista-23\/#breadcrumb","itemListElement":[{"@type":"ListItem","position":1,"name":"In\u00edcio","item":"https:\/\/advbox.com.br\/blog\/"},{"@type":"ListItem","position":2,"name":"Modelos","item":"https:\/\/advbox.com.br\/blog\/modelos\/"},{"@type":"ListItem","position":3,"name":"Modelo de reclama\u00e7\u00e3o trabalhista com pedido de verbas rescis\u00f3rias e horas extras"}]},{"@type":"WebSite","@id":"https:\/\/advbox.com.br\/blog\/#website","url":"https:\/\/advbox.com.br\/blog\/","name":"Software Jur\u00eddico Completo - ADVBOX","description":"Plataforma para Advocacia Digital","publisher":{"@id":"https:\/\/advbox.com.br\/blog\/#organization"},"potentialAction":[{"@type":"SearchAction","target":{"@type":"EntryPoint","urlTemplate":"https:\/\/advbox.com.br\/blog\/?s={search_term_string}"},"query-input":{"@type":"PropertyValueSpecification","valueRequired":true,"valueName":"search_term_string"}}],"inLanguage":"pt-BR"},{"@type":"Organization","@id":"https:\/\/advbox.com.br\/blog\/#organization","name":"ADVBOX Blog - Software jur\u00eddico da advocacia digital","url":"https:\/\/advbox.com.br\/blog\/","logo":{"@type":"ImageObject","inLanguage":"pt-BR","@id":"https:\/\/advbox.com.br\/blog\/#\/schema\/logo\/image\/","url":"https:\/\/advbox.com.br\/blog\/wp-content\/uploads\/2019\/12\/Como-aumentar-a-produtividade_.jpg","contentUrl":"https:\/\/advbox.com.br\/blog\/wp-content\/uploads\/2019\/12\/Como-aumentar-a-produtividade_.jpg","width":320,"height":213,"caption":"ADVBOX Blog - Software jur\u00eddico da advocacia digital"},"image":{"@id":"https:\/\/advbox.com.br\/blog\/#\/schema\/logo\/image\/"},"sameAs":["https:\/\/www.facebook.com\/advbox\/","https:\/\/x.com\/advbox2"]}]}},"_links":{"self":[{"href":"https:\/\/advbox.com.br\/blog\/wp-json\/wp\/v2\/modelos\/12511","targetHints":{"allow":["GET"]}}],"collection":[{"href":"https:\/\/advbox.com.br\/blog\/wp-json\/wp\/v2\/modelos"}],"about":[{"href":"https:\/\/advbox.com.br\/blog\/wp-json\/wp\/v2\/types\/modelos"}],"author":[{"embeddable":true,"href":"https:\/\/advbox.com.br\/blog\/wp-json\/wp\/v2\/users\/44"}],"replies":[{"embeddable":true,"href":"https:\/\/advbox.com.br\/blog\/wp-json\/wp\/v2\/comments?post=12511"}],"version-history":[{"count":4,"href":"https:\/\/advbox.com.br\/blog\/wp-json\/wp\/v2\/modelos\/12511\/revisions"}],"predecessor-version":[{"id":78552,"href":"https:\/\/advbox.com.br\/blog\/wp-json\/wp\/v2\/modelos\/12511\/revisions\/78552"}],"wp:featuredmedia":[{"embeddable":true,"href":"https:\/\/advbox.com.br\/blog\/wp-json\/wp\/v2\/media\/11456"}],"wp:attachment":[{"href":"https:\/\/advbox.com.br\/blog\/wp-json\/wp\/v2\/media?parent=12511"}],"wp:term":[{"taxonomy":"modelo_category","embeddable":true,"href":"https:\/\/advbox.com.br\/blog\/wp-json\/wp\/v2\/modelo_category?post=12511"}],"curies":[{"name":"wp","href":"https:\/\/api.w.org\/{rel}","templated":true}]}}