{"id":13007,"date":"2025-07-02T17:17:16","date_gmt":"2025-07-02T20:17:16","guid":{"rendered":"https:\/\/advbox.com.br\/blog\/?post_type=modelos&#038;p=13007"},"modified":"2025-12-30T15:02:48","modified_gmt":"2025-12-30T18:02:48","slug":"chamamento-ao-processo","status":"publish","type":"modelos","link":"https:\/\/advbox.com.br\/blog\/modelos\/chamamento-ao-processo\/","title":{"rendered":"Modelo de chamamento ao processo"},"content":{"rendered":"\n<h1 class=\"wp-block-heading\">Modelo de chamamento ao processo<\/h1>\n\n\n\n<p>Muitas vezes um processo pode recair sobre uma pessoa que nem sempre \u00e9 a principal respons\u00e1vel por ele. Portanto, nestes casos, existe o modelo chamamento ao processo, que permite que o r\u00e9u chame para a a\u00e7\u00e3o outros indiv\u00edduos que tamb\u00e9m respondem por ela.<\/p>\n\n\n\n<p>Assim, ele amplia a rela\u00e7\u00e3o, trazendo para o processo outros devedores solid\u00e1rios para que tamb\u00e9m se responsabilizem pelos resultados da senten\u00e7a do processo.<\/p>\n\n\n\n<p>Desta forma, este conte\u00fado destaca:<\/p>\n\n\n\n<ul class=\"wp-block-list has-small-font-size\">\n<li>Modelo chamamento ao processo<\/li>\n\n\n\n<li>O que \u00e9 chamamento ao processo?<\/li>\n\n\n\n<li>Quando \u00e9 cab\u00edvel o chamamento ao processo?<\/li>\n\n\n\n<li>Quais s\u00e3o os requisitos para o chamamento ao processo?<\/li>\n\n\n\n<li>Como se faz o chamamento ao processo?<\/li>\n\n\n\n<li>Qual o prazo para requerer o chamamento ao processo?<\/li>\n\n\n\n<li>O chamamento ao processo \u00e9 obrigat\u00f3rio?<\/li>\n<\/ul>\n\n\n\n<h2 class=\"wp-block-heading\">Modelo chamamento ao processo<\/h2>\n\n\n\n<p><strong>EXCELENT\u00cdSSIMO SENHOR DOUTOR JUIZ DE DIREITO DA (XX)<\/strong><\/p>\n\n\n\n<p>Processo n. (XX)<\/p>\n\n\n\n<p>Requer aprecia\u00e7\u00e3o preliminar do pedido de chamamento ao processo do devedor principal nos termos do art. 130, I, do CPC.<\/p>\n\n\n\n<p>(\u2026), por seus procuradores (documento 1), vem, respeitosamente, \u00e0 presen\u00e7a de Vossa Excel\u00eancia, apresentar tempestivamente:<\/p>\n\n\n\n<p><strong>CONTESTA\u00c7\u00c3O<\/strong><\/p>\n\n\n\n<p>O que faz com fundamento nos arts. 335 e seguintes do C\u00f3digo de Processo Civil e pelos argumentos de fato e direito a seguir aduzidos:<\/p>\n\n\n\n<p><strong>S\u00cdNTESE DA INICIAL<\/strong><\/p>\n\n\n\n<p>Trata-se de a\u00e7\u00e3o de indeniza\u00e7\u00e3o promovida pelo locador em raz\u00e3o de supostos estragos perpetrados pelo locat\u00e1rio, Sr. (\u2026) afian\u00e7ado do r\u00e9u, ora contestante, no im\u00f3vel locado nos termos do contrato de loca\u00e7\u00e3o de fls. (\u2026).<\/p>\n\n\n\n<p>Ocorre que (\u2026) deduzir os argumentos impeditivos, modificativos ou extintivos do direito do autor.<\/p>\n\n\n\n<p>Portanto, a a\u00e7\u00e3o deve ser julgada improcedente.<\/p>\n\n\n\n<p><strong>REQUERIMENTOS<\/strong><\/p>\n\n\n\n<ul class=\"wp-block-list\">\n<li>Chamamento ao processo (CPC, art. 130,I)<\/li>\n<\/ul>\n\n\n\n<p>Tendo em vista que o r\u00e9u foi fiador solid\u00e1rio no contrato noticiado pelo autor, nos termos do art. 130, I, do C\u00f3digo de Processo Civil, faz jus ao chamamento do locat\u00e1rio, devedor principal que, nos termos do art. 285 do C\u00f3digo Civil deve responder pela obriga\u00e7\u00e3o eventualmente reconhecida em fun\u00e7\u00e3o da presente a\u00e7\u00e3o.<\/p>\n\n\n\n<p>Sendo assim, o devedor solid\u00e1rio que paga a integralidade da d\u00edvida, n\u00e3o sendo juridicamente o beneficiado, como \u00e9 o caso do fiador de contrato de loca\u00e7\u00e3o, qualidade ostentada pelo r\u00e9u, poder\u00e1 cobrar a d\u00edvida toda do devedor principal (C\u00f3digo Civil, art. 285) e, nessa medida:<\/p>\n\n\n\n<p>\u201cFian\u00e7a. Loca\u00e7\u00e3o. Fiador que paga o d\u00e9bito. Sub-roga\u00e7\u00e3o em tudo o que pagou. Recurso desprovido. Em a\u00e7\u00e3o regressiva o devedor responde por tudo aquilo que o fiador pagou, incluindo principal, acess\u00f3rios, custas e honor\u00e1rios de a\u00e7\u00e3o de despejo promovida contra o locat\u00e1rio afian\u00e7ado. (\u2026). Doutrina: Monteiro, Washington de Barros, Curso de Direito Civil, 6. ed. Direito das Obriga\u00e7\u00f5es, p. 388\u201d (TAPr \u2013 ApCiv. 855.561.00 \u2013 6.\u00aa C\u00e2m. Civ. \u2013 j. 12.02.1996 \u2013 Juiz Ruy Cunha Sobrinho e ApCiv. 4.616,DJ 23.02.1996).<\/p>\n\n\n\n<p>Posta assim a quest\u00e3o, requer a cita\u00e7\u00e3o do Sr. (\u2026), com endere\u00e7o na (\u2026) pelo correio, nos termos dos arts. 246, I, 247 e 248 do C\u00f3digo de Processo Civil, para responder integralmente perante o ora contestante em raz\u00e3o de eventual senten\u00e7a de proced\u00eancia.<\/p>\n\n\n\n<ul class=\"wp-block-list\">\n<li>Seja julgado totalmente improcedente a presente a\u00e7\u00e3o, condenando a autora no pagamento de custas e honor\u00e1rios advocat\u00edcios, assim como demais \u00f4nus da sucumb\u00eancia<\/li>\n<\/ul>\n\n\n\n<p>Cumpridas as necess\u00e1rias formalidades legais, deve a presente ser recebida e juntada aos autos.<\/p>\n\n\n\n<p>Respeitosamente, pede deferimento.<\/p>\n\n\n\n<p>(Cidade, data, m\u00eas, ano)<\/p>\n\n\n\n<p>Advogado<\/p>\n\n\n\n<p>OAB\/UF<\/p>\n\n\n\n<h2 class=\"wp-block-heading\">O que \u00e9 chamamento ao processo?<\/h2>\n\n\n\n<p>Chamamento ao processo<strong> \u00e9 a possibilidade que um r\u00e9u tem de chamar terceiros, ou devedores solid\u00e1rios, que tamb\u00e9m respondem pela obriga\u00e7\u00e3o para integrar o polo passivo de uma a\u00e7\u00e3o, ampliando o v\u00ednculo processual<\/strong>. Com isso, os indiv\u00edduos tornam-se tamb\u00e9m respons\u00e1veis diante do resultado de um <a href=\"https:\/\/advbox.com.br\/blog\/vale-a-pena-entrar-com-um-processo\/\" target=\"_blank\">processo<\/a>.<\/p>\n\n\n\n<p>Em suma, se caracteriza por ser uma responsabilidade solid\u00e1ria para facilitar a cobran\u00e7a ou a defesa de uma d\u00edvida e que pode ser acionada apenas pelo r\u00e9u.<\/p>\n\n\n\n<h3 class=\"wp-block-heading\">Qual a diferen\u00e7a entre chamamento ao processo e denuncia\u00e7\u00e3o \u00e0 lide?<\/h3>\n\n\n\n<p>A diferen\u00e7a entre o chamamento ao processo e a <a href=\"https:\/\/advbox.com.br\/blog\/denunciacao-a-lide\/\" target=\"_blank\">denuncia\u00e7\u00e3o da lide<\/a><strong> encontra-se na finalidade do recurso e em quem promove a interven\u00e7\u00e3o de terceiros<\/strong>.<\/p>\n\n\n\n<p>Veja a diferen\u00e7a em detalhes:<\/p>\n\n\n\n<h4 class=\"wp-block-heading\">Denuncia\u00e7\u00e3o da Lide<\/h4>\n\n\n\n<p><strong>Garante o direito de regresso do r\u00e9u (reembolso) contra um terceiro a quem ele atribui ser o verdadeiro respons\u00e1vel pela d\u00edvida ou dano<\/strong>. Destaca-se ainda que tanto o r\u00e9u quanto o autor promovem a a\u00e7\u00e3o.<\/p>\n\n\n\n<p>Um exemplo simples \u00e9 quando o r\u00e9u, processado por danos causados por um defeito em um produto, denuncia o fabricante como o verdadeiro respons\u00e1vel pela indeniza\u00e7\u00e3o.<\/p>\n\n\n\n<h4 class=\"wp-block-heading\">Chamamento ao processo<\/h4>\n\n\n\n<p><strong>Garante que se envolva um terceiro no processo, que, por meio de lei ou contrato, \u00e9 igualmente respons\u00e1vel pelo pagamento da d\u00edvida<\/strong>. O chamamento \u00e9 promovido somente pelo r\u00e9u.<\/p>\n\n\n\n<p>Um exemplo deste recurso \u00e9 quando um fiador (r\u00e9u) chama ao processo um inquilino (correspons\u00e1vel, devedor solid\u00e1rio) para que tamb\u00e9m seja responsabilizado a pagar a d\u00edvida de aluguel.<\/p>\n\n\n\n<h2 class=\"wp-block-heading\">Quando \u00e9 cab\u00edvel o chamamento ao processo?<\/h2>\n\n\n\n<p>O modelo chamamento ao processo \u00e9 cab\u00edvel <strong>quando, em uma a\u00e7\u00e3o de cobran\u00e7a, o r\u00e9u inclui o devedor principal, outros fiadores, al\u00e9m de outros devedores solid\u00e1rios para que tamb\u00e9m respondam pela d\u00edvida<\/strong>.<\/p>\n\n\n\n<p>Resumindo, ele cabe quando h\u00e1:<\/p>\n\n\n\n<ul class=\"wp-block-list has-small-font-size\">\n<li><strong>Devedor principal:<\/strong> quando h\u00e1 uma afian\u00e7ado, ou seja, um devedor principal em uma a\u00e7\u00e3o contra o fiador (r\u00e9u), este chama o devedor principal junto \u00e0 responsabilidade pela d\u00edvida;<\/li>\n\n\n\n<li><strong>Demais fiadores:<\/strong> quando h\u00e1 v\u00e1rios fiadores, mas a a\u00e7\u00e3o \u00e9 contra apenas um deles, o r\u00e9u fiador chama os demais fiadores para que todos respondam \u00e0 d\u00edvida;<\/li>\n\n\n\n<li><strong>Demais devedores solid\u00e1rios:<\/strong> quando h\u00e1 v\u00e1rios devedores solid\u00e1rios, mas a a\u00e7\u00e3o \u00e9 apenas contra um deles, o r\u00e9u devedor chama os outros para que todos respondam pela d\u00edvida.&nbsp;<\/li>\n<\/ul>\n\n\n\n<h3 class=\"wp-block-heading\">Quais s\u00e3o as hip\u00f3teses de chamamento ao processo do art. 130 do CPC?<\/h3>\n\n\n\n<p><strong>S\u00e3o tr\u00eas as hip\u00f3teses de chamamento ao processo<\/strong>, conforme artigo 130 do CPC (<a href=\"https:\/\/advbox.com.br\/blog\/codigo-de-processo-civil\/\" target=\"_blank\">C\u00f3digo de Processo Civil<\/a>):<strong> chamamento do afian\u00e7ado, chamamento dos demais fiadores e chamamento dos demais devedores solid\u00e1rios<\/strong>.<\/p>\n\n\n\n<p>Confira detalhes e exemplos das hip\u00f3teses:<\/p>\n\n\n\n<ul class=\"wp-block-list has-small-font-size\">\n<li><strong>Chamamento do afian\u00e7ado:<\/strong> quando o fiador \u00e9 r\u00e9u no processo, ele chama o devedor principal (o afian\u00e7ado) para que seja parte da a\u00e7\u00e3o. Por exemplo, na rela\u00e7\u00e3o entre fiador e inquilino em <a href=\"https:\/\/advbox.com.br\/blog\/modelos\/contrato-de-aluguel-de-imovel\/\" target=\"_blank\">aluguel de im\u00f3vel<\/a> que n\u00e3o foi pago;<\/li>\n\n\n\n<li><strong>Chamamento dos demais fiadores:<\/strong> quando a a\u00e7\u00e3o \u00e9 contra um fiador, ele chama os demais no processo. Por exemplo, diante de um contrato de aluguel com v\u00e1rios fiadores, por\u00e9m, apenas um se torna r\u00e9u pela d\u00edvida do locat\u00e1rio;<\/li>\n\n\n\n<li><strong>Chamamento dos demais devedores solid\u00e1rios:<\/strong> quando a a\u00e7\u00e3o \u00e9 contra um devedor solid\u00e1rio, os demais s\u00e3o chamados para que tamb\u00e9m respondam \u00e0 d\u00edvida. Por exemplo, um empr\u00e9stimo feito entre s\u00f3cios e apenas um \u00e9 cobrado.<\/li>\n<\/ul>\n\n\n\n<figure class=\"wp-block-image size-large\"><img fetchpriority=\"high\" decoding=\"async\" width=\"1024\" height=\"590\" src=\"https:\/\/advbox.com.br\/blog\/wp-content\/uploads\/2025\/07\/modelo-chamamento-ao-processo-1024x590.webp\" alt=\"modelo chamamento ao processo\" class=\"wp-image-75446\" srcset=\"https:\/\/advbox.com.br\/blog\/wp-content\/uploads\/2025\/07\/modelo-chamamento-ao-processo-scaled.webp 1024w, https:\/\/advbox.com.br\/blog\/wp-content\/uploads\/2025\/07\/modelo-chamamento-ao-processo-500x288.webp 500w, https:\/\/advbox.com.br\/blog\/wp-content\/uploads\/2025\/07\/modelo-chamamento-ao-processo-768x442.webp 768w, https:\/\/advbox.com.br\/blog\/wp-content\/uploads\/2025\/07\/modelo-chamamento-ao-processo-1536x885.webp 1536w, https:\/\/advbox.com.br\/blog\/wp-content\/uploads\/2025\/07\/modelo-chamamento-ao-processo-2048x1180.webp 2048w, https:\/\/advbox.com.br\/blog\/wp-content\/uploads\/2025\/07\/modelo-chamamento-ao-processo-150x86.webp 150w\" sizes=\"(max-width: 1024px) 100vw, 1024px\" \/><\/figure>\n\n\n\n<h2 class=\"wp-block-heading\">Quais s\u00e3o os requisitos para o chamamento ao processo?<\/h2>\n\n\n\n<p>Os requisitos para o chamamento ao processo iniciam com o b\u00e1sico, que \u00e9<strong> o envolvimento direto do r\u00e9u e v\u00e3o at\u00e9 as devidas senten\u00e7as e responsabilidades.<\/strong><\/p>\n\n\n\n<p>Acompanhe os requisitos do recurso:<\/p>\n\n\n\n<ul class=\"wp-block-list has-small-font-size\">\n<li><strong>Legitimidade: <\/strong>a legitimidade do r\u00e9u no caso \u00e9 importante para exercer o direito de chamar outros ao processo;<\/li>\n\n\n\n<li><strong>Hip\u00f3teses:<\/strong> \u00e9 preciso que haja hip\u00f3teses de cabimento para o chamamento ao processo que envolvem o chamamento do afian\u00e7ado, o chamamento dos demais fiadores e o chamamento dos demais devedores solid\u00e1rios;<\/li>\n\n\n\n<li><strong>Pedido:<\/strong> o chamamento \u00e9 feito na <a href=\"https:\/\/advbox.com.br\/blog\/contestacao-prazo\/\" target=\"_blank\">contesta\u00e7\u00e3o<\/a>, em outras palavras, na resposta \u00e0 a\u00e7\u00e3o, de forma clara e fundamentada;<\/li>\n\n\n\n<li><strong>Suspens\u00e3o:<\/strong> juiz suspende processo e estipula a cita\u00e7\u00e3o dos chamados para que respondam \u00e0 a\u00e7\u00e3o;<\/li>\n\n\n\n<li><strong>Contesta\u00e7\u00e3o:<\/strong> chamados t\u00eam prazo para contestar o chamamento e apresentar defesa, em geral de 15 dias;<\/li>\n\n\n\n<li><strong>Efeitos:<\/strong> com o chamamento aceito, os chamados se configuram <a href=\"https:\/\/advbox.com.br\/blog\/litisconsorcio-passivo\/\" target=\"_blank\">litisconsortes passivos<\/a> do r\u00e9u original, ou seja, tornam-se r\u00e9us na mesma a\u00e7\u00e3o;<\/li>\n\n\n\n<li><strong>Senten\u00e7a: <\/strong>ao julgar procedente o pedido, a <a href=\"https:\/\/advbox.com.br\/blog\/o-que-e-sentenca\/\" target=\"_blank\">senten\u00e7a<\/a> condena todos os r\u00e9us, incluindo os chamados.<\/li>\n<\/ul>\n\n\n\n<h2 class=\"wp-block-heading\">Como se faz o chamamento ao processo?&nbsp;<\/h2>\n\n\n\n<p>O chamamento ao processo se faz, <strong>primeiramente, respeitando o <\/strong><a href=\"https:\/\/advbox.com.br\/blog\/prazos-cpc\/\" target=\"_blank\"><strong>prazo<\/strong><\/a><strong> para faz\u00ea-lo, seguindo com o pedido propriamente dito, a suspens\u00e3o dele, a movimenta\u00e7\u00e3o da pessoa chamada e o seguimento da a\u00e7\u00e3o<\/strong>.<\/p>\n\n\n\n<p>Veja as etapas para fazer o chamamento ao processo:<\/p>\n\n\n\n<ul class=\"wp-block-list has-small-font-size\">\n<li><strong>Prazo: <\/strong>r\u00e9u requere o chamamento ao processo no momento da contesta\u00e7\u00e3o, sob pena de <a href=\"https:\/\/advbox.com.br\/blog\/preclusao\/\" target=\"_blank\">preclus\u00e3o<\/a>, ou seja, a perda do direito de faz\u00ea-lo;<\/li>\n\n\n\n<li><strong>Pedido: <\/strong>r\u00e9u solicita ao juiz que cite a pessoa chamada para integrar o processo;<\/li>\n\n\n\n<li><strong>Suspens\u00e3o:<\/strong> juiz suspende a a\u00e7\u00e3o e cita a pessoa chamada;<\/li>\n\n\n\n<li><strong>Resposta: <\/strong>ap\u00f3s a cita\u00e7\u00e3o, a pessoa chamada tem um prazo, normalmente de 15 dias, para apresentar sua resposta;<\/li>\n\n\n\n<li><strong>Aceita\u00e7\u00e3o:<\/strong> ao aceitar o chamamento, a pessoa chamada torna-se <a href=\"https:\/\/advbox.com.br\/blog\/art-114-cpc\/\" target=\"_blank\">litisconsorte<\/a> do r\u00e9u, em outras palavras, ingressa como parte do processo;<\/li>\n\n\n\n<li><strong>Continuidade: <\/strong>ap\u00f3s a pessoa chamada integrar o processo, ele segue normalmente com ela defendendo seus interesses.<\/li>\n<\/ul>\n\n\n\n<h2 class=\"wp-block-heading\">Qual o prazo para requerer o chamamento ao processo?<\/h2>\n\n\n\n<p>O prazo para requerer o chamamento ao processo \u00e9 o mesmo da contesta\u00e7\u00e3o, ou seja, <strong>15 dias \u00fateis ap\u00f3s a cita\u00e7\u00e3o do r\u00e9u, sob pena de preclus\u00e3o<\/strong>.<\/p>\n\n\n\n<p>J\u00e1 <strong>o prazo para efetivar a cita\u00e7\u00e3o dos chamados \u00e9 de 30 dias, estendendo-se a dois meses<\/strong>, caso o chamado resida em outra comarca, se\u00e7\u00e3o ou subse\u00e7\u00e3o judici\u00e1ria, ou ainda em lugar incerto.<\/p>\n\n\n\n<h2 class=\"wp-block-heading\">O chamamento ao processo \u00e9 obrigat\u00f3rio?<\/h2>\n\n\n\n<p>O chamamento ao processo<strong> n\u00e3o \u00e9 obrigat\u00f3rio, ou seja, ele \u00e9 um direito e n\u00e3o um ato compuls\u00f3rio<\/strong>.<\/p>\n\n\n\n<p>Portanto, caso o r\u00e9u entenda que n\u00e3o h\u00e1 corresponsabilidades no processo, n\u00e3o h\u00e1 motivos para o chamamento ao processo.<\/p>\n\n\n\n<h2 class=\"wp-block-heading\">Conclus\u00e3o<\/h2>\n\n\n\n<p>O modelo chamamento ao processo \u00e9 um documento fundamental caso o r\u00e9u tenha necessidade de chamar terceiros na responsabilidade junto ao processo. A chamada responsabilidade solid\u00e1ria neste caso, pode ser acionada apenas pelo r\u00e9u e facilita a cobran\u00e7a ou a defesa de uma d\u00edvida.<\/p>\n\n\n\n<p>O recurso \u00e9 cab\u00edvel quando o r\u00e9u inclui em uma a\u00e7\u00e3o de cobran\u00e7a o devedor principal, outros fiadores, al\u00e9m de outros devedores solid\u00e1rios para que respondam com ele pela d\u00edvida.<\/p>\n\n\n\n<p>O passo a passo de um chamamento ao processo envolve o prazo, que \u00e9 no momento da contesta\u00e7\u00e3o, o pedido em si para citar a pessoa para integrar o processo, a suspens\u00e3o da a\u00e7\u00e3o para a cita\u00e7\u00e3o, a contesta\u00e7\u00e3o do chamamento, a aceita\u00e7\u00e3o do chamamento e a continuidade do processo at\u00e9 a senten\u00e7a que pode julgar o chamamento procedente e condenar todos os r\u00e9us, mesmo os chamados.<\/p>\n\n\n\n<p>Importante lembrar que o chamamento ao processo n\u00e3o \u00e9 obrigat\u00f3rio, apenas um direito do r\u00e9u.<\/p>\n\n\n\n<p>A ADVBOX estrutura a gest\u00e3o do escrit\u00f3rio para advogados que buscam produtividade, organiza\u00e7\u00e3o e controle real dos processos. A plataforma combina automa\u00e7\u00e3o inteligente com um banco estrat\u00e9gico de mais de 15 mil peti\u00e7\u00f5es, garantindo consist\u00eancia jur\u00eddica, efici\u00eancia operacional e seguran\u00e7a na atua\u00e7\u00e3o.<\/p>\n\n\n\n<p><a href=\"https:\/\/app.advbox.com.br\/register\" target=\"_blank\">Acesse a ADVBOX<\/a> e transforme produ\u00e7\u00e3o jur\u00eddica em uma opera\u00e7\u00e3o previs\u00edvel e profissional.<\/p>\n\n\n\n<figure class=\"wp-block-image size-full\"><a href=\"https:\/\/advbox.com.br\/blog\/como-automatizar-seus-modelos-de-peticoes\/\" target=\"_blank\"><img decoding=\"async\" width=\"1024\" height=\"270\" src=\"https:\/\/advbox.com.br\/blog\/wp-content\/uploads\/2025\/12\/CTA-REBRANDING-17.webp\" alt=\"Banner com imagem ilustrativa de peti\u00e7\u00f5es automatizadas, destacando redu\u00e7\u00e3o de erros e ganho de escala na automa\u00e7\u00e3o jur\u00eddica para advogados\" class=\"wp-image-79760\" srcset=\"https:\/\/advbox.com.br\/blog\/wp-content\/uploads\/2025\/12\/CTA-REBRANDING-17.webp 1024w, https:\/\/advbox.com.br\/blog\/wp-content\/uploads\/2025\/12\/CTA-REBRANDING-17-500x132.webp 500w, https:\/\/advbox.com.br\/blog\/wp-content\/uploads\/2025\/12\/CTA-REBRANDING-17-768x203.webp 768w, https:\/\/advbox.com.br\/blog\/wp-content\/uploads\/2025\/12\/CTA-REBRANDING-17-150x40.webp 150w\" sizes=\"(max-width: 1024px) 100vw, 1024px\" loading=\"lazy\" \/><\/a><\/figure>\n","protected":false},"excerpt":{"rendered":"<p>Modelo de chamamento ao processo Muitas vezes um processo pode recair sobre uma pessoa que nem sempre \u00e9 a principal respons\u00e1vel por ele. Portanto, nestes casos, existe o modelo chamamento ao processo, que permite que o r\u00e9u chame para a a\u00e7\u00e3o outros indiv\u00edduos que tamb\u00e9m respondem por ela. Assim, ele [&hellip;]<\/p>\n","protected":false},"author":44,"featured_media":79776,"comment_status":"closed","ping_status":"closed","template":"","meta":{"_acf_changed":false,"om_disable_all_campaigns":false,"footnotes":""},"modelo_category":[1457],"class_list":["post-13007","modelos","type-modelos","status-publish","has-post-thumbnail","hentry","modelo_category-direito"],"acf":[],"yoast_head":"<!-- This site is optimized with the Yoast SEO plugin v26.9 - https:\/\/yoast.com\/product\/yoast-seo-wordpress\/ -->\n<title>Modelo de chamamento ao processo<\/title>\n<meta name=\"description\" content=\"Vejo o modelo de chamamento ao processo e entenda o que \u00e9, quando \u00e9 cab\u00edvel e quais os requisitos deste instituto processual.\" \/>\n<meta name=\"robots\" content=\"index, follow, max-snippet:-1, max-image-preview:large, max-video-preview:-1\" \/>\n<link rel=\"canonical\" href=\"https:\/\/advbox.com.br\/blog\/modelos\/chamamento-ao-processo\/\" \/>\n<meta property=\"og:locale\" content=\"pt_BR\" \/>\n<meta property=\"og:type\" content=\"article\" \/>\n<meta property=\"og:title\" content=\"Modelo de chamamento ao processo\" \/>\n<meta property=\"og:description\" content=\"Vejo o modelo de chamamento ao processo e entenda o que \u00e9, quando \u00e9 cab\u00edvel e quais os requisitos deste instituto processual.\" \/>\n<meta property=\"og:url\" content=\"https:\/\/advbox.com.br\/blog\/modelos\/chamamento-ao-processo\/\" \/>\n<meta property=\"og:site_name\" content=\"Software Jur\u00eddico Completo - ADVBOX\" \/>\n<meta property=\"article:publisher\" content=\"https:\/\/www.facebook.com\/advbox\/\" \/>\n<meta property=\"article:modified_time\" content=\"2025-12-30T18:02:48+00:00\" \/>\n<meta property=\"og:image\" content=\"https:\/\/advbox.com.br\/blog\/wp-content\/uploads\/2025\/12\/sobrestamento-1.jpg\" \/>\n\t<meta property=\"og:image:width\" content=\"1024\" \/>\n\t<meta property=\"og:image:height\" content=\"576\" \/>\n\t<meta property=\"og:image:type\" content=\"image\/jpeg\" \/>\n<meta name=\"twitter:card\" content=\"summary_large_image\" \/>\n<meta name=\"twitter:site\" content=\"@advbox2\" \/>\n<script type=\"application\/ld+json\" class=\"yoast-schema-graph\">{\"@context\":\"https:\/\/schema.org\",\"@graph\":[{\"@type\":\"WebPage\",\"@id\":\"https:\/\/advbox.com.br\/blog\/modelos\/chamamento-ao-processo\/\",\"url\":\"https:\/\/advbox.com.br\/blog\/modelos\/chamamento-ao-processo\/\",\"name\":\"Modelo de chamamento ao processo\",\"isPartOf\":{\"@id\":\"https:\/\/advbox.com.br\/blog\/#website\"},\"primaryImageOfPage\":{\"@id\":\"https:\/\/advbox.com.br\/blog\/modelos\/chamamento-ao-processo\/#primaryimage\"},\"image\":{\"@id\":\"https:\/\/advbox.com.br\/blog\/modelos\/chamamento-ao-processo\/#primaryimage\"},\"thumbnailUrl\":\"https:\/\/advbox.com.br\/blog\/wp-content\/uploads\/2025\/12\/sobrestamento-1.jpg\",\"datePublished\":\"2025-07-02T20:17:16+00:00\",\"dateModified\":\"2025-12-30T18:02:48+00:00\",\"description\":\"Vejo o modelo de chamamento ao processo e entenda o que \u00e9, quando \u00e9 cab\u00edvel e quais os requisitos deste instituto processual.\",\"breadcrumb\":{\"@id\":\"https:\/\/advbox.com.br\/blog\/modelos\/chamamento-ao-processo\/#breadcrumb\"},\"inLanguage\":\"pt-BR\",\"potentialAction\":[{\"@type\":\"ReadAction\",\"target\":[\"https:\/\/advbox.com.br\/blog\/modelos\/chamamento-ao-processo\/\"]}]},{\"@type\":\"ImageObject\",\"inLanguage\":\"pt-BR\",\"@id\":\"https:\/\/advbox.com.br\/blog\/modelos\/chamamento-ao-processo\/#primaryimage\",\"url\":\"https:\/\/advbox.com.br\/blog\/wp-content\/uploads\/2025\/12\/sobrestamento-1.jpg\",\"contentUrl\":\"https:\/\/advbox.com.br\/blog\/wp-content\/uploads\/2025\/12\/sobrestamento-1.jpg\",\"width\":1024,\"height\":576,\"caption\":\"Banner institucional da ADVBOX com elemento visual abstrato em tons de azul, representando estrutura, tecnologia e identidade visual da marca\"},{\"@type\":\"BreadcrumbList\",\"@id\":\"https:\/\/advbox.com.br\/blog\/modelos\/chamamento-ao-processo\/#breadcrumb\",\"itemListElement\":[{\"@type\":\"ListItem\",\"position\":1,\"name\":\"In\u00edcio\",\"item\":\"https:\/\/advbox.com.br\/blog\/\"},{\"@type\":\"ListItem\",\"position\":2,\"name\":\"Modelos\",\"item\":\"https:\/\/advbox.com.br\/blog\/modelos\/\"},{\"@type\":\"ListItem\",\"position\":3,\"name\":\"Modelo de chamamento ao processo\"}]},{\"@type\":\"WebSite\",\"@id\":\"https:\/\/advbox.com.br\/blog\/#website\",\"url\":\"https:\/\/advbox.com.br\/blog\/\",\"name\":\"Software Jur\u00eddico Completo - ADVBOX\",\"description\":\"Plataforma para Advocacia Digital\",\"publisher\":{\"@id\":\"https:\/\/advbox.com.br\/blog\/#organization\"},\"potentialAction\":[{\"@type\":\"SearchAction\",\"target\":{\"@type\":\"EntryPoint\",\"urlTemplate\":\"https:\/\/advbox.com.br\/blog\/?s={search_term_string}\"},\"query-input\":{\"@type\":\"PropertyValueSpecification\",\"valueRequired\":true,\"valueName\":\"search_term_string\"}}],\"inLanguage\":\"pt-BR\"},{\"@type\":\"Organization\",\"@id\":\"https:\/\/advbox.com.br\/blog\/#organization\",\"name\":\"ADVBOX Blog - Software jur\u00eddico da advocacia digital\",\"url\":\"https:\/\/advbox.com.br\/blog\/\",\"logo\":{\"@type\":\"ImageObject\",\"inLanguage\":\"pt-BR\",\"@id\":\"https:\/\/advbox.com.br\/blog\/#\/schema\/logo\/image\/\",\"url\":\"https:\/\/advbox.com.br\/blog\/wp-content\/uploads\/2019\/12\/Como-aumentar-a-produtividade_.jpg\",\"contentUrl\":\"https:\/\/advbox.com.br\/blog\/wp-content\/uploads\/2019\/12\/Como-aumentar-a-produtividade_.jpg\",\"width\":320,\"height\":213,\"caption\":\"ADVBOX Blog - Software jur\u00eddico da advocacia digital\"},\"image\":{\"@id\":\"https:\/\/advbox.com.br\/blog\/#\/schema\/logo\/image\/\"},\"sameAs\":[\"https:\/\/www.facebook.com\/advbox\/\",\"https:\/\/x.com\/advbox2\"]}]}<\/script>\n<!-- \/ Yoast SEO plugin. -->","yoast_head_json":{"title":"Modelo de chamamento ao processo","description":"Vejo o modelo de chamamento ao processo e entenda o que \u00e9, quando \u00e9 cab\u00edvel e quais os requisitos deste instituto processual.","robots":{"index":"index","follow":"follow","max-snippet":"max-snippet:-1","max-image-preview":"max-image-preview:large","max-video-preview":"max-video-preview:-1"},"canonical":"https:\/\/advbox.com.br\/blog\/modelos\/chamamento-ao-processo\/","og_locale":"pt_BR","og_type":"article","og_title":"Modelo de chamamento ao processo","og_description":"Vejo o modelo de chamamento ao processo e entenda o que \u00e9, quando \u00e9 cab\u00edvel e quais os requisitos deste instituto processual.","og_url":"https:\/\/advbox.com.br\/blog\/modelos\/chamamento-ao-processo\/","og_site_name":"Software Jur\u00eddico Completo - ADVBOX","article_publisher":"https:\/\/www.facebook.com\/advbox\/","article_modified_time":"2025-12-30T18:02:48+00:00","og_image":[{"width":1024,"height":576,"url":"https:\/\/advbox.com.br\/blog\/wp-content\/uploads\/2025\/12\/sobrestamento-1.jpg","type":"image\/jpeg"}],"twitter_card":"summary_large_image","twitter_site":"@advbox2","schema":{"@context":"https:\/\/schema.org","@graph":[{"@type":"WebPage","@id":"https:\/\/advbox.com.br\/blog\/modelos\/chamamento-ao-processo\/","url":"https:\/\/advbox.com.br\/blog\/modelos\/chamamento-ao-processo\/","name":"Modelo de chamamento ao processo","isPartOf":{"@id":"https:\/\/advbox.com.br\/blog\/#website"},"primaryImageOfPage":{"@id":"https:\/\/advbox.com.br\/blog\/modelos\/chamamento-ao-processo\/#primaryimage"},"image":{"@id":"https:\/\/advbox.com.br\/blog\/modelos\/chamamento-ao-processo\/#primaryimage"},"thumbnailUrl":"https:\/\/advbox.com.br\/blog\/wp-content\/uploads\/2025\/12\/sobrestamento-1.jpg","datePublished":"2025-07-02T20:17:16+00:00","dateModified":"2025-12-30T18:02:48+00:00","description":"Vejo o modelo de chamamento ao processo e entenda o que \u00e9, quando \u00e9 cab\u00edvel e quais os requisitos deste instituto processual.","breadcrumb":{"@id":"https:\/\/advbox.com.br\/blog\/modelos\/chamamento-ao-processo\/#breadcrumb"},"inLanguage":"pt-BR","potentialAction":[{"@type":"ReadAction","target":["https:\/\/advbox.com.br\/blog\/modelos\/chamamento-ao-processo\/"]}]},{"@type":"ImageObject","inLanguage":"pt-BR","@id":"https:\/\/advbox.com.br\/blog\/modelos\/chamamento-ao-processo\/#primaryimage","url":"https:\/\/advbox.com.br\/blog\/wp-content\/uploads\/2025\/12\/sobrestamento-1.jpg","contentUrl":"https:\/\/advbox.com.br\/blog\/wp-content\/uploads\/2025\/12\/sobrestamento-1.jpg","width":1024,"height":576,"caption":"Banner institucional da ADVBOX com elemento visual abstrato em tons de azul, representando estrutura, tecnologia e identidade visual da marca"},{"@type":"BreadcrumbList","@id":"https:\/\/advbox.com.br\/blog\/modelos\/chamamento-ao-processo\/#breadcrumb","itemListElement":[{"@type":"ListItem","position":1,"name":"In\u00edcio","item":"https:\/\/advbox.com.br\/blog\/"},{"@type":"ListItem","position":2,"name":"Modelos","item":"https:\/\/advbox.com.br\/blog\/modelos\/"},{"@type":"ListItem","position":3,"name":"Modelo de chamamento ao processo"}]},{"@type":"WebSite","@id":"https:\/\/advbox.com.br\/blog\/#website","url":"https:\/\/advbox.com.br\/blog\/","name":"Software Jur\u00eddico Completo - ADVBOX","description":"Plataforma para Advocacia Digital","publisher":{"@id":"https:\/\/advbox.com.br\/blog\/#organization"},"potentialAction":[{"@type":"SearchAction","target":{"@type":"EntryPoint","urlTemplate":"https:\/\/advbox.com.br\/blog\/?s={search_term_string}"},"query-input":{"@type":"PropertyValueSpecification","valueRequired":true,"valueName":"search_term_string"}}],"inLanguage":"pt-BR"},{"@type":"Organization","@id":"https:\/\/advbox.com.br\/blog\/#organization","name":"ADVBOX Blog - Software jur\u00eddico da advocacia digital","url":"https:\/\/advbox.com.br\/blog\/","logo":{"@type":"ImageObject","inLanguage":"pt-BR","@id":"https:\/\/advbox.com.br\/blog\/#\/schema\/logo\/image\/","url":"https:\/\/advbox.com.br\/blog\/wp-content\/uploads\/2019\/12\/Como-aumentar-a-produtividade_.jpg","contentUrl":"https:\/\/advbox.com.br\/blog\/wp-content\/uploads\/2019\/12\/Como-aumentar-a-produtividade_.jpg","width":320,"height":213,"caption":"ADVBOX Blog - Software jur\u00eddico da advocacia digital"},"image":{"@id":"https:\/\/advbox.com.br\/blog\/#\/schema\/logo\/image\/"},"sameAs":["https:\/\/www.facebook.com\/advbox\/","https:\/\/x.com\/advbox2"]}]}},"_links":{"self":[{"href":"https:\/\/advbox.com.br\/blog\/wp-json\/wp\/v2\/modelos\/13007","targetHints":{"allow":["GET"]}}],"collection":[{"href":"https:\/\/advbox.com.br\/blog\/wp-json\/wp\/v2\/modelos"}],"about":[{"href":"https:\/\/advbox.com.br\/blog\/wp-json\/wp\/v2\/types\/modelos"}],"author":[{"embeddable":true,"href":"https:\/\/advbox.com.br\/blog\/wp-json\/wp\/v2\/users\/44"}],"replies":[{"embeddable":true,"href":"https:\/\/advbox.com.br\/blog\/wp-json\/wp\/v2\/comments?post=13007"}],"version-history":[{"count":6,"href":"https:\/\/advbox.com.br\/blog\/wp-json\/wp\/v2\/modelos\/13007\/revisions"}],"predecessor-version":[{"id":80947,"href":"https:\/\/advbox.com.br\/blog\/wp-json\/wp\/v2\/modelos\/13007\/revisions\/80947"}],"wp:featuredmedia":[{"embeddable":true,"href":"https:\/\/advbox.com.br\/blog\/wp-json\/wp\/v2\/media\/79776"}],"wp:attachment":[{"href":"https:\/\/advbox.com.br\/blog\/wp-json\/wp\/v2\/media?parent=13007"}],"wp:term":[{"taxonomy":"modelo_category","embeddable":true,"href":"https:\/\/advbox.com.br\/blog\/wp-json\/wp\/v2\/modelo_category?post=13007"}],"curies":[{"name":"wp","href":"https:\/\/api.w.org\/{rel}","templated":true}]}}