{"id":13814,"date":"2025-09-17T18:18:57","date_gmt":"2025-09-17T21:18:57","guid":{"rendered":"https:\/\/advbox.com.br\/blog\/?post_type=modelos&#038;p=13814"},"modified":"2025-09-29T15:41:08","modified_gmt":"2025-09-29T18:41:08","slug":"contrato-de-opcao-de-compra-de-imoveis-rurais","status":"publish","type":"modelos","link":"https:\/\/advbox.com.br\/blog\/modelos\/contrato-de-opcao-de-compra-de-imoveis-rurais\/","title":{"rendered":"Modelo de contrato de compra e venda porteira fechada"},"content":{"rendered":"\n<h1 class=\"wp-block-heading\">Modelo de contrato de compra e venda porteira fechada<\/h1>\n\n\n\n<p>O modelo de contrato de compra e venda porteira fechada \u00e9 um instrumento jur\u00eddico que garante seguran\u00e7a tanto para quem vende quanto para quem <a href=\"https:\/\/advbox.com.br\/blog\/modelos\/contrato-de-venda-de-imovel-rural\/\" target=\"_blank\">compra um im\u00f3vel rural<\/a> com todos os bens que o comp\u00f5em, incluindo benfeitorias, m\u00f3veis, animais e equipamentos.&nbsp;<\/p>\n\n\n\n<p>Essa modalidade \u00e9 bastante comum no agroneg\u00f3cio e em negocia\u00e7\u00f5es de propriedades rurais, pois facilita a continuidade das atividades sem que o comprador precise investir imediatamente em estrutura ou rebanho.<\/p>\n\n\n\n<p>Neste artigo, voc\u00ea vai entender o que significa a venda com porteira fechada, quais s\u00e3o os pontos essenciais desse contrato, os riscos envolvidos e um exemplo pr\u00e1tico de como esse documento pode ser elaborado.<\/p>\n\n\n\n<figure class=\"wp-block-embed is-type-video is-provider-youtube wp-block-embed-youtube wp-embed-aspect-16-9 wp-has-aspect-ratio\"><div class=\"wp-block-embed__wrapper\">\n<iframe title=\"Como funciona o Mercado Jur\u00eddico\" width=\"750\" height=\"422\" src=\"https:\/\/www.youtube.com\/embed\/cLoXoieB7_8?feature=oembed\" frameborder=\"0\" allow=\"accelerometer; autoplay; clipboard-write; encrypted-media; gyroscope; picture-in-picture; web-share\" referrerpolicy=\"strict-origin-when-cross-origin\" allowfullscreen loading=\"lazy\"><\/iframe>\n<\/div><\/figure>\n\n\n\n<h2 class=\"wp-block-heading\">Modelo de contrato de op\u00e7\u00e3o de compra de im\u00f3veis rurais<\/h2>\n\n\n\n<p>Por este Termo de Op\u00e7\u00e3o de Compra de Im\u00f3veis Rurais, outorgada por: Sr. Fulano de Tal, pessoa jur\u00eddica de direito privado, inscrita no CNPJ\/MF sob n.\u00ba 000000, com sede e foro em CIDADE-UF, na rua TAL, n.\u00ba 000000, na qualidade de propriet\u00e1ria de parte e de nua propriet\u00e1ria de outra parte do im\u00f3vel constante do inciso \u201cI\u201d, adiante descrito, neste ato representada por seu s\u00f3cio gerente Sr. Beltrano de Tal, estado civil, profiss\u00e3o, residente na Rua Tal, Bairro Tal, CIDADE-UF, portador do CPF n\u00ba 000000, nos termos do Contrato Social e sua \u00faltima altera\u00e7\u00e3o, arquivados na Junta Comercial de 000000 sob n.\u00bas 000000, em data TAL, e em data TAL.<\/p>\n\n\n\n<p>Na qualidade de propriet\u00e1rios dos im\u00f3veis constantes dos incisos \u201cII\u201d adiante especificados, de usufrutu\u00e1rios do im\u00f3vel constante do inciso \u201cIII\u201d, de co-possuidores dos direitos possess\u00f3rios da \u00e1rea constante do mesmo inciso, e de detentores dos direitos possess\u00f3rios dos im\u00f3veis constantes dos incisos \u201cIV\u201d e \u201cV\u201d adiante especificados:<\/p>\n\n\n\n<ul class=\"wp-block-list\">\n<li>Sra. Beltrana de Tal, profiss\u00e3o, residente na Rua Tal, Bairro Tal, CIDADE-UF, portadora do CPF n\u00ba 000000, na qualidade de usufrutu\u00e1ria da \u00e1rea de 000000 ha, correspondente a uma parte ideal do im\u00f3vel constante do inciso \u201cI\u201d, adiante descrito;<br><\/li>\n\n\n\n<li>Sra. Ciclana de Tal, profiss\u00e3o, residente na Rua Tal, Bairro Tal, CIDADE-UF, portadora do CPF n\u00ba 000000;<br><\/li>\n\n\n\n<li>Fulana de Tal, profiss\u00e3o, residente na Rua Tal, Bairro Tal, CIDADE-UF, portadora do CPF n\u00ba 000000, casada pelo regime de comunh\u00e3o parcial de bens com Sr. Fulano de Tal, profiss\u00e3o, residente na Rua Tal, Bairro Tal, CIDADE-UF, portador do CPF n\u00ba 000000. Elas, na qualidade de nuas propriet\u00e1rias do im\u00f3vel constante do inciso \u201cIII\u201d e co-possu\u00eddoras de direitos possess\u00f3rios sobre o mesmo; ele, na qualidade de anuente com os atos aqui praticados.<\/li>\n<\/ul>\n\n\n\n<p>Ainda:<\/p>\n\n\n\n<ul class=\"wp-block-list\">\n<li>Sr. Beltrano de Tal, profiss\u00e3o, residente na Rua Tal, Bairro Tal, CIDADE-UF, portador do CPF n\u00ba 000000, na qualidade de credor pignorat\u00edcio do im\u00f3vel descrito no inciso \u201cI\u201d, conforme registro de penhora protocolado sob n.\u00ba 000000, de data TAL, constante da Matr\u00edcula n.\u00ba 000000 do R.I. da Comarca de CIDADE-UF, e de anuente com os atos aqui praticados;<br><\/li>\n\n\n\n<li>Sr. Ciclano de Tal, profiss\u00e3o, residente na Rua Tal, Bairro Tal, CIDADE-UF, portador do CPF n\u00ba 000000, tamb\u00e9m na qualidade de anuente com os atos praticados.<\/li>\n<\/ul>\n\n\n\n<p><strong>Concedem, em car\u00e1ter exclusivo, irrevog\u00e1vel e irretrat\u00e1vel, pelo prazo de TANTOS dias contados a partir da data da assinatura deste documento, a OP\u00c7\u00c3O DE COMPRA DE IM\u00d3VEIS RURAIS<\/strong>, que comp\u00f5em a Fazenda TAL, com \u00e1rea total de 000000 hectares, em favor da Fazenda TAL, pessoa jur\u00eddica de direito privado, sem fins lucrativos, com sede na cidade de CIDADE-UF, Rua TAL, inscrita no CGPJ\/MF sob n.\u00ba 000000, conforme Estatuto Social e Ata devidamente registrados.<\/p>\n\n\n\n<p><strong>Im\u00f3veis especificados:<\/strong><\/p>\n\n\n\n<p><strong>I \u2013<\/strong> Terreno rural situado no lugar denominado Fazenda TAL, Munic\u00edpio TAL, com a \u00e1rea de 000000 hectares, com as caracter\u00edsticas constantes da Matr\u00edcula n.\u00ba 000000 do Registro de Im\u00f3veis da Comarca de CIDADE-UF.<\/p>\n\n\n\n<p><strong>II \u2013<\/strong> Im\u00f3vel constitu\u00eddo pela \u00e1rea de terras medindo 000000 hectares e 000000 ares, no lugar denominado Fazenda TAL, Munic\u00edpio TAL, com memorial descritivo constante da Matr\u00edcula n.\u00ba 000000 do Registro de Im\u00f3veis \u2013 000000\u00ba Of\u00edcio, da Comarca de CIDADE-UF.<\/p>\n\n\n\n<p><strong>III \u2013<\/strong> Direitos dominiais e possess\u00f3rios sobre uma \u00e1rea de terras que, na totalidade, mede 000000 hectares, constitu\u00edda pela denominada \u00e1rea TAL, situada no lugar denominado Fazenda TAL, Munic\u00edpio TAL, descritos nas al\u00edneas seguintes:<\/p>\n\n\n\n<ul class=\"wp-block-list\">\n<li>Direitos de nua propriedade e usufruto vital\u00edcio sobre o im\u00f3vel denominado Fazenda TAL, contendo 000000 hectares, objeto da Matr\u00edcula n.\u00ba 000000 do Registro de Im\u00f3veis \u2013 000000\u00ba Of\u00edcio.<br><\/li>\n\n\n\n<li>Direitos possess\u00f3rios exercidos h\u00e1 mais de 20 (vinte) anos, de forma mansa e pac\u00edfica, sobre o remanescente da \u00e1rea TAL descrita acima, contendo 000000 hectares.<br><\/li>\n\n\n\n<li>Direitos possess\u00f3rios exercidos h\u00e1 mais de 20 (vinte) anos sobre uma \u00e1rea medindo 000000 hectares, localizada ao norte da terra TAL, confrontando com terras do Sr. Beltrano de TAL e outros confrontantes indicados.<br><\/li>\n\n\n\n<li>Direitos possess\u00f3rios exercidos h\u00e1 mais de 29 (vinte e nove) anos sobre o im\u00f3vel denominado Fazenda TAL, contendo aproximadamente 000000 hectares, limitando-se ao norte por linhas secas com terras TAL e, ao leste, sul e sudeste, pelo canal principal da TAL at\u00e9 atingir o rio TAL.<\/li>\n<\/ul>\n\n\n\n<p><strong>Fica tamb\u00e9m CONVENCIONADO e AJUSTADO entre as partes subscritoras deste Instrumento:<\/strong><\/p>\n\n\n\n<p><strong>CL\u00c1USULA 1\u00b0 \u2013<\/strong> O pre\u00e7o total a ser pago pelos im\u00f3veis relacionados nos incisos I, II, III, IV e V, supra e retro \u00be que perfazem a \u00e1rea de 000000 hectares, a um pre\u00e7o m\u00e9dio aproximado de R$ 000000 (REAIS), por hectare \u00be, e benfeitorias neles existentes, \u00e9 de R$ 000000 (REAIS), que ser\u00e1 pago sem reajuste ou qualquer tipo de acr\u00e9scimo, em duas parcelas no valor de R$ 000000 (REAIS) cada uma, sendo a primeira parcela paga na Data da assinatura da Escritura P\u00fablica Definitiva de Compra e Venda com Pacto Comiss\u00f3rio, ou instrumento equivalente a ser lavrado em tabelionato que vier a ser indicado pela Outorgada, e a segunda e \u00faltima parcela, quarenta e cinco dias ap\u00f3s essa Data.<\/p>\n\n\n\n<p><strong>CL\u00c1USULA 2\u00b0 \u2013<\/strong> Incluir-se-\u00e1 tamb\u00e9m na transa\u00e7\u00e3o objeto desta Op\u00e7\u00e3o, nas condi\u00e7\u00f5es adiante descritas, a compra e venda de b\u00fafalos que permanecerem nos im\u00f3veis na Data do exerc\u00edcio do direito de compra concedido por este Instrumento, podendo, todavia, os Outorgantes, durante o prazo de vig\u00eancia deste Termo, vender a terceiros alguns ou todos os animais do rebanho, atualmente composto por 000000 cabe\u00e7as, assim discriminados:<\/p>\n\n\n\n<p><strong>2.1 \u2013<\/strong> Fica ajustado que a compra e venda dos animais remanescentes \u00be que ser\u00e3o identificados e quantificados at\u00e9 15 (quinze) dias antes da Data do exerc\u00edcio do direito outorgado por esta Op\u00e7\u00e3o \u00be ser\u00e1 realizada mediante pagamento do valor correspondente a R$ 000000 (REAIS) por cada vaca, R$ 000000 (REAIS) por TAL e R$ 000000 (REAIS) por cada touro, mediante pagamento nas mesmas condi\u00e7\u00f5es e Datas estabelecidas no item 1 (um) retro;<\/p>\n\n\n\n<p><strong>CL\u00c1USULA 2\u00b0 \u2013<\/strong> Os Outorgantes se obrigam e se responsabilizam pela retirada de todas as pessoas que estejam prestando servi\u00e7o na \u00e1rea, sejam prepostos, arrendat\u00e1rios, empregados, dentre outros, com exce\u00e7\u00e3o dos \u201cposseiros\u201d, autores de a\u00e7\u00e3o de usucapi\u00e3o sobre partes do im\u00f3vel TAL, todos contestados no Ju\u00edzo de Direito da Comarca de CIDADE-UF;<\/p>\n\n\n\n<p><strong>CL\u00c1USULA 3\u00b0 \u2013<\/strong> A compra e venda dos bens objeto desta Op\u00e7\u00e3o ser\u00e1 feita sob a condi\u00e7\u00e3o de \u201cporteira fechada\u201d, isto \u00e9, a compra e venda incluir\u00e1 todos os bens im\u00f3veis e benfeitorias atualmente existentes nos im\u00f3veis, bem assim os animais que remanescerem (obedecido o procedimento estabelecido no item 2 (dois) e subitem 2.1 (dois ponto um), supra), e os m\u00f3veis tamb\u00e9m existentes na Data desta Op\u00e7\u00e3o, dentre os quais, inclui-se:<\/p>\n\n\n\n<p>LISTAR OS M\u00d3VEIS<\/p>\n\n\n\n<p><strong>CL\u00c1USULA 4\u00b0 \u2013<\/strong> Os Outorgantes se obrigam e se comprometem a outorgar e assinar a(s) competente(s) escritura(s) p\u00fablica(s) e demais documentos em favor da Outorgada no momento em que for exercido o direito concedido por esta Op\u00e7\u00e3o e realizado o pagamento da primeira parcela, sendo que as despesas de escritura\u00e7\u00e3o correr\u00e3o por conta da Outorgada. No mesmo ato, os Outorgantes imitir\u00e3o, definitivamente a Outorgada na posse dos bens im\u00f3veis e suas benfeitorias, dos m\u00f3veis e dos semoventes;<\/p>\n\n\n\n<p><strong>CL\u00c1USULA 5\u00b0 \u2013<\/strong> Os outorgantes se obrigam a abrir as divisas de todos os lotes no prazo m\u00e1ximo de 60 (sessenta) dias contados a partir da Data da assinatura desta Op\u00e7\u00e3o, bem como a obter, atrav\u00e9s de instrumento pr\u00f3prio, a anu\u00eancia dos vizinhos confrontantes;<\/p>\n\n\n\n<p><strong>CL\u00c1USULA 6\u00b0 \u2013<\/strong> Os direitos possess\u00f3rios e dominiais dos bens im\u00f3veis, benfeitorias, m\u00f3veis e semoventes ser\u00e3o vendidos \u00e0 Outorgada com a condi\u00e7\u00e3o de estarem livres e desembara\u00e7ados de quaisquer d\u00favidas, d\u00edvidas, \u00f4nus, penhoras, inclusive hipotecas mesmo legais, responsabilizando-se os Outorgantes, por si, seus herdeiros ou eventuais sucessores por quaisquer d\u00edvidas disto decorrentes.<\/p>\n\n\n\n<p><strong>CL\u00c1USULA 7\u00b0 \u2013<\/strong> Os Outorgantes assumem expressa e incondicionalmente, a obriga\u00e7\u00e3o e a responsabilidade de providenciar e apresentar a documenta\u00e7\u00e3o dos im\u00f3veis devidamente regularizada junto ao(s) registro(s) imobili\u00e1rio(s) competente(s) com anteced\u00eancia m\u00ednima de dez dias da Data de expira\u00e7\u00e3o do prazo estabelecido nesta Op\u00e7\u00e3o, a seguir especificados:<\/p>\n\n\n\n<p><strong>7.1 \u2013 Em rela\u00e7\u00e3o aos im\u00f3veis:<\/strong><\/p>\n\n\n\n<ul class=\"wp-block-list\">\n<li>Matr\u00edculas e Certid\u00f5es Negativas de \u00d4nus fornecidas pelos Registros de Im\u00f3veis das Comarcas de CIDADE-UF, quando couber;<\/li>\n\n\n\n<li>CCIR \u2013 Certificado de Cadastro de Im\u00f3vel Rural \u2013 INCRA,<\/li>\n\n\n\n<li>Imposto Territorial Rural \u2013 ITR, dos \u00faltimos cinco anos (de data TAL at\u00e9 data TAL) ou, Certid\u00e3o de Regularidade Fiscal, emitida pelo Minist\u00e9rio da Fazenda (Receita Federal);<\/li>\n\n\n\n<li>Plantas atualizadas das \u00e1reas;<\/li>\n<\/ul>\n\n\n\n<p><strong>7.2 \u2013 Em rela\u00e7\u00e3o aos vendedores:<\/strong><\/p>\n\n\n\n<ul class=\"wp-block-list\">\n<li>Pessoa f\u00edsica: Certid\u00f5es expedidas pelas Comarcas de seu domic\u00edlio e de situa\u00e7\u00e3o do im\u00f3vel, dos Distribuidores \u00be C\u00edvel, Protesto, Fiscal e Deposit\u00e1rio P\u00fablico;<\/li>\n\n\n\n<li>Certid\u00f5es da Justi\u00e7a Federal e da Justi\u00e7a do Trabalho;<\/li>\n\n\n\n<li>IBAMA e TAL;<\/li>\n\n\n\n<li>Pessoa jur\u00eddica: Contrato Social e suas altera\u00e7\u00f5es demonstrando, inclusive, a capacidade e legitimidade para transacionar bens im\u00f3veis;<\/li>\n\n\n\n<li>CND (INSS);<\/li>\n\n\n\n<li>Certid\u00f5es:<br>\n<ul class=\"wp-block-list\">\n<li>I \u2013 Distribuidores C\u00edvel, Protesto, Fiscal e Deposit\u00e1rio P\u00fablico, expedidas pelos \u00f3rg\u00e3os competentes das Comarcas de CIDADE-UF;<\/li>\n\n\n\n<li>II \u2013 Justi\u00e7a Federal;<\/li>\n\n\n\n<li>III \u2013 Justi\u00e7a do Trabalho;<\/li>\n\n\n\n<li>IV \u2013 Instituto Ambiental TAL;<\/li>\n\n\n\n<li>V \u2013 Instituto Brasileiro do Meio Ambiente e Recursos H\u00eddricos \u2013 IBAMA.<\/li>\n<\/ul>\n<\/li>\n<\/ul>\n\n\n\n<p><strong>CL\u00c1USULA 8\u00b0 \u2013<\/strong> As partes elegem o foro da Comarca da situa\u00e7\u00e3o do im\u00f3vel para nele serem resolvidas todas as quest\u00f5es oriundas deste instrumento, renunciando aos demais, mesmo que privilegiados.<\/p>\n\n\n\n<p>E, por estarem devidamente certos e ajustados firmam o presente documento depois de lido e achado conforme, em tr\u00eas vias de igual teor e forma, na presen\u00e7a das testemunhas abaixo, a tudo presente.<\/p>\n\n\n\n<p><strong>CIDADE, 00, M\u00caS, ANO.<\/strong><\/p>\n\n\n\n<p>NOME COMPLETO \u2013 PRIMEIRO CONTRATANTE<\/p>\n\n\n\n<p>NOME COMPLETO \u2013 SEGUNDO CONTRATANTE<\/p>\n\n\n\n<p>ASSINATURAS<\/p>\n\n\n\n<p>TESTEMUNHAS<\/p>\n\n\n\n<h2 class=\"wp-block-heading\">O que \u00e9 venda de im\u00f3vel com porteira fechada?<\/h2>\n\n\n\n<p>A venda de im\u00f3vel com porteira fechada <strong>\u00e9 a negocia\u00e7\u00e3o em que o comprador adquire a terra, e tamb\u00e9m todos os bens que comp\u00f5em a propriedade no momento da compra<\/strong>, como benfeitorias, m\u00f3veis, equipamentos, animais e planta\u00e7\u00f5es.<\/p>\n\n\n\n<p>Esse tipo de contrato garante que o im\u00f3vel seja transferido pronto para uso, permitindo ao novo propriet\u00e1rio dar continuidade imediata \u00e0s atividades produtivas. \u00c9 uma modalidade bastante utilizada em <a href=\"https:\/\/advbox.com.br\/blog\/modelos\/contrato-de-opcao-de-compra-de-imoveis-rurais\/\" target=\"_blank\">im\u00f3veis rurais<\/a>, especialmente no agroneg\u00f3cio, onde o funcionamento da fazenda depende de infraestrutura e rebanhos j\u00e1 estabelecidos.<\/p>\n\n\n\n<h3 class=\"wp-block-heading\">Qual a diferen\u00e7a entre comprar um im\u00f3vel rural com e sem porteira fechada?<\/h3>\n\n\n\n<p>A diferen\u00e7a \u00e9 que na compra com porteira fechada <strong>o comprador leva a terra com todos os bens, benfeitorias, m\u00f3veis, equipamentos e animais, enquanto na compra sem porteira fechada adquire apenas a terra nua<\/strong>, sem os demais itens da propriedade.<\/p>\n\n\n\n<p>Na pr\u00e1tica, quem compra com porteira fechada recebe uma estrutura completa e pronta para uso, ideal para dar continuidade imediata \u00e0 produ\u00e7\u00e3o. J\u00e1 na compra sem porteira fechada, ser\u00e1 necess\u00e1rio investir em rebanho, m\u00e1quinas e infraestrutura antes de iniciar qualquer atividade.<\/p>\n\n\n\n<figure class=\"wp-block-image size-large\"><img fetchpriority=\"high\" decoding=\"async\" width=\"1024\" height=\"567\" src=\"https:\/\/advbox.com.br\/blog\/wp-content\/uploads\/2025\/09\/modelo-de-contrato-de-compra-e-venda-porteira-fechada-1024x567.jpg\" alt=\"modelo de contrato de compra e venda porteira fechada\" class=\"wp-image-77248\" srcset=\"https:\/\/advbox.com.br\/blog\/wp-content\/uploads\/2025\/09\/modelo-de-contrato-de-compra-e-venda-porteira-fechada-scaled.jpg 1024w, https:\/\/advbox.com.br\/blog\/wp-content\/uploads\/2025\/09\/modelo-de-contrato-de-compra-e-venda-porteira-fechada-500x277.jpg 500w, https:\/\/advbox.com.br\/blog\/wp-content\/uploads\/2025\/09\/modelo-de-contrato-de-compra-e-venda-porteira-fechada-768x425.jpg 768w, https:\/\/advbox.com.br\/blog\/wp-content\/uploads\/2025\/09\/modelo-de-contrato-de-compra-e-venda-porteira-fechada-150x83.jpg 150w\" sizes=\"(max-width: 1024px) 100vw, 1024px\" \/><\/figure>\n\n\n\n<h2 class=\"wp-block-heading\">O que n\u00e3o pode faltar em um contrato de compra e venda de porteira fechada?<\/h2>\n\n\n\n<p>O que n\u00e3o pode faltar em um contrato de compra e venda de porteira fechada s\u00e3o <strong>cl\u00e1usulas que detalham o <\/strong><a href=\"https:\/\/advbox.com.br\/blog\/modelos\/sucessoes-inventario-de-bens\/\" target=\"_blank\"><strong>invent\u00e1rio de bens<\/strong><\/a><strong>, a forma de pagamento, as condi\u00e7\u00f5es de posse e transfer\u00eancia, al\u00e9m de disposi\u00e7\u00f5es jur\u00eddicas essenciais para garantir validade e seguran\u00e7a<\/strong>.<\/p>\n\n\n\n<p>Esses elementos asseguram que tanto vendedor quanto comprador estejam protegidos, evitando futuros conflitos e mal-entendidos. Para entender melhor, vamos analisar cada um desses pontos em detalhe.<\/p>\n\n\n\n<h3 class=\"wp-block-heading\">Invent\u00e1rio detalhado dos bens<\/h3>\n\n\n\n<p>O invent\u00e1rio detalhado \u00e9 fundamental porque especifica exatamente quais bens fazem parte da negocia\u00e7\u00e3o. Isso inclui m\u00f3veis, m\u00e1quinas, animais, colheitas em andamento e equipamentos agr\u00edcolas, deixando claro o que ser\u00e1 transferido ao comprador.<\/p>\n\n\n\n<p>Ao listar todos os itens no contrato, as partes evitam discuss\u00f5es futuras sobre bens que poderiam ser considerados fora da negocia\u00e7\u00e3o. Esse cuidado aumenta a transpar\u00eancia e d\u00e1 mais seguran\u00e7a jur\u00eddica para ambas as partes.<\/p>\n\n\n\n<h3 class=\"wp-block-heading\">Pre\u00e7o e discrimina\u00e7\u00e3o fiscal<\/h3>\n\n\n\n<p>O contrato precisa apresentar o pre\u00e7o claramente discriminando o valor da terra, das benfeitorias e dos bens m\u00f3veis ou semoventes. Essa separa\u00e7\u00e3o \u00e9 importante tanto para efeitos tribut\u00e1rios quanto para eventual c\u00e1lculo de imposto de transmiss\u00e3o.<\/p>\n\n\n\n<p>Sem essa discrimina\u00e7\u00e3o, o contrato pode gerar d\u00favidas sobre a composi\u00e7\u00e3o do pre\u00e7o, criando inseguran\u00e7a jur\u00eddica e problemas fiscais. Por isso, definir valores de forma detalhada protege comprador e vendedor contra questionamentos futuros.<\/p>\n\n\n\n<h3 class=\"wp-block-heading\">Condi\u00e7\u00f5es de posse e transfer\u00eancia<\/h3>\n\n\n\n<p>Outro ponto essencial \u00e9 a defini\u00e7\u00e3o sobre quando e como ocorrer\u00e1 a <a href=\"https:\/\/advbox.com.br\/blog\/posse-e-propriedade\/\" target=\"_blank\">posse do im\u00f3vel<\/a> e dos bens. O contrato deve estabelecer a data de entrega, as responsabilidades de retirada de terceiros e as condi\u00e7\u00f5es em que a propriedade ser\u00e1 transferida.<\/p>\n\n\n\n<p>Esse cuidado garante que o comprador tenha pleno dom\u00ednio do im\u00f3vel e de todos os itens adquiridos, evitando riscos como disputas de posse ou d\u00edvidas ocultas ligadas \u00e0 propriedade. Assim, a transi\u00e7\u00e3o se torna clara e segura.<\/p>\n\n\n\n<h3 class=\"wp-block-heading\">Cl\u00e1usulas jur\u00eddicas essenciais<\/h3>\n\n\n\n<p>As cl\u00e1usulas jur\u00eddicas funcionam como a base de validade do contrato. Devem estar presentes disposi\u00e7\u00f5es sobre foro competente, hip\u00f3teses de <a href=\"https:\/\/advbox.com.br\/blog\/rescisao\/\" target=\"_blank\">rescis\u00e3o<\/a>, obriga\u00e7\u00f5es das partes e garantias de regulariza\u00e7\u00e3o documental.<\/p>\n\n\n\n<p>Esses pontos d\u00e3o suporte jur\u00eddico para resolver eventuais conflitos, al\u00e9m de refor\u00e7ar a legalidade da negocia\u00e7\u00e3o. Sem essas cl\u00e1usulas, o contrato fica fragilizado e pode at\u00e9 ser considerado inv\u00e1lido em disputas judiciais.<\/p>\n\n\n\n<h2 class=\"wp-block-heading\">O que invalida um contrato de compra e venda?<\/h2>\n\n\n\n<p>O que invalida um contrato de compra e venda \u00e9 <strong>a aus\u00eancia de requisitos legais, como a falta de assinaturas, a inexist\u00eancia de registro do im\u00f3vel, cl\u00e1usulas abusivas ou a presen\u00e7a de d\u00edvidas e \u00f4nus que impe\u00e7am a transfer\u00eancia<\/strong>.<\/p>\n\n\n\n<p>Al\u00e9m desses pontos, a falta de clareza na descri\u00e7\u00e3o do objeto da venda ou na defini\u00e7\u00e3o do pre\u00e7o tamb\u00e9m pode tornar o contrato nulo. Por isso, \u00e9 essencial que todas as exig\u00eancias legais sejam cumpridas e que o documento seja elaborado com rigor jur\u00eddico.<\/p>\n\n\n\n<h2 class=\"wp-block-heading\">Qual o risco de comprar im\u00f3vel com contrato de compra e venda?<\/h2>\n\n\n\n<p>O risco de comprar im\u00f3vel com contrato de compra e venda est\u00e1 em <strong>adquirir uma propriedade que possua d\u00edvidas ocultas, disputas judiciais, problemas de documenta\u00e7\u00e3o ou cl\u00e1usulas que n\u00e3o ofere\u00e7am prote\u00e7\u00e3o suficiente ao comprador<\/strong>.<\/p>\n\n\n\n<p>Al\u00e9m disso, quando o contrato n\u00e3o \u00e9 bem elaborado, podem surgir conflitos sobre posse, retirada de terceiros ou mesmo sobre os bens que fazem parte da negocia\u00e7\u00e3o. Por isso, \u00e9 indispens\u00e1vel que o documento seja redigido com clareza, acompanhado por um advogado especializado e devidamente registrado em cart\u00f3rio para garantir seguran\u00e7a jur\u00eddica.<\/p>\n\n\n\n<h2 class=\"wp-block-heading\">Conclus\u00e3o<\/h2>\n\n\n\n<p>O modelo de contrato de compra e venda porteira fechada garante que comprador e vendedor tenham clareza sobre o que est\u00e1 sendo negociado. Ao prever detalhadamente os bens, valores e condi\u00e7\u00f5es, o documento protege ambas as partes contra conflitos futuros.<\/p>\n\n\n\n<p>Mais do que uma formalidade, esse tipo de contrato \u00e9 a base da seguran\u00e7a jur\u00eddica em neg\u00f3cios rurais. Ele assegura que a propriedade ser\u00e1 entregue conforme combinado, incluindo terras, benfeitorias, m\u00f3veis e animais, sem riscos de preju\u00edzos ou surpresas desagrad\u00e1veis.<\/p>\n\n\n\n<p>Para quem atua no meio jur\u00eddico, contar com tecnologia faz toda a diferen\u00e7a. <a href=\"https:\/\/advbox.com.br\/sistema-para-escritorios-advocacia\" target=\"_blank\">A ADVBOX \u00e9 um software jur\u00eddico que re\u00fane toda a gest\u00e3o do escrit\u00f3rio em um \u00fanico sistema<\/a>, com automa\u00e7\u00e3o de contratos e organiza\u00e7\u00e3o de processos.&nbsp;<\/p>\n\n\n\n<p><a href=\"https:\/\/app.advbox.com.br\/register\" target=\"_blank\">Experimente a ADVBOX gratuitamente<\/a> e descubra como transformar a elabora\u00e7\u00e3o de contratos em um processo muito mais \u00e1gil e eficiente.<\/p>\n\n\n\n<figure class=\"wp-block-image size-full\"><a href=\"https:\/\/advbox.com.br\/blog\/como-automatizar-seus-modelos-de-peticoes\/\" target=\"_blank\"><img decoding=\"async\" width=\"1024\" height=\"270\" src=\"https:\/\/advbox.com.br\/blog\/wp-content\/uploads\/2019\/02\/automatizacao-de-peticoes.jpg\" alt=\"automatizacao de peticoes\" class=\"wp-image-76439\" srcset=\"https:\/\/advbox.com.br\/blog\/wp-content\/uploads\/2019\/02\/automatizacao-de-peticoes.jpg 1024w, https:\/\/advbox.com.br\/blog\/wp-content\/uploads\/2019\/02\/automatizacao-de-peticoes-500x132.jpg 500w, https:\/\/advbox.com.br\/blog\/wp-content\/uploads\/2019\/02\/automatizacao-de-peticoes-768x203.jpg 768w, https:\/\/advbox.com.br\/blog\/wp-content\/uploads\/2019\/02\/automatizacao-de-peticoes-150x40.jpg 150w\" sizes=\"(max-width: 1024px) 100vw, 1024px\" loading=\"lazy\" \/><\/a><\/figure>\n","protected":false},"excerpt":{"rendered":"<p>Modelo de contrato de compra e venda porteira fechada O modelo de contrato de compra e venda porteira fechada \u00e9 um instrumento jur\u00eddico que garante seguran\u00e7a tanto para quem vende quanto para quem compra um im\u00f3vel rural com todos os bens que o comp\u00f5em, incluindo benfeitorias, m\u00f3veis, animais e equipamentos.&nbsp; [&hellip;]<\/p>\n","protected":false},"author":44,"featured_media":76544,"comment_status":"closed","ping_status":"closed","template":"","meta":{"_acf_changed":false,"om_disable_all_campaigns":false,"footnotes":""},"modelo_category":[1490],"class_list":["post-13814","modelos","type-modelos","status-publish","has-post-thumbnail","hentry","modelo_category-direito-contratual"],"acf":[],"yoast_head":"<!-- This site is optimized with the Yoast SEO plugin v26.9 - https:\/\/yoast.com\/product\/yoast-seo-wordpress\/ -->\n<title>Modelo de contrato de compra e venda porteira fechada<\/title>\n<meta name=\"description\" content=\"Saiba o que \u00e9 venda porteira fechada, o que n\u00e3o pode faltar em um contrato de compra e venda porteira fechada, riscos e mais. Confira o modelo.\" \/>\n<meta name=\"robots\" content=\"index, follow, max-snippet:-1, max-image-preview:large, max-video-preview:-1\" \/>\n<link rel=\"canonical\" href=\"https:\/\/advbox.com.br\/blog\/modelos\/contrato-de-opcao-de-compra-de-imoveis-rurais\/\" \/>\n<meta property=\"og:locale\" content=\"pt_BR\" \/>\n<meta property=\"og:type\" content=\"article\" \/>\n<meta property=\"og:title\" content=\"Modelo de contrato de compra e venda porteira fechada\" \/>\n<meta property=\"og:description\" content=\"Saiba o que \u00e9 venda porteira fechada, o que n\u00e3o pode faltar em um contrato de compra e venda porteira fechada, riscos e mais. Confira o modelo.\" \/>\n<meta property=\"og:url\" content=\"https:\/\/advbox.com.br\/blog\/modelos\/contrato-de-opcao-de-compra-de-imoveis-rurais\/\" \/>\n<meta property=\"og:site_name\" content=\"Software Jur\u00eddico Completo - ADVBOX\" \/>\n<meta property=\"article:publisher\" content=\"https:\/\/www.facebook.com\/advbox\/\" \/>\n<meta property=\"article:modified_time\" content=\"2025-09-29T18:41:08+00:00\" \/>\n<meta property=\"og:image\" content=\"https:\/\/advbox.com.br\/blog\/wp-content\/uploads\/2019\/02\/modelo-de-contrato-de-compra-e-venda-porteira-fechada.webp\" \/>\n\t<meta property=\"og:image:width\" content=\"1024\" \/>\n\t<meta property=\"og:image:height\" content=\"576\" \/>\n\t<meta property=\"og:image:type\" content=\"image\/webp\" \/>\n<meta name=\"twitter:card\" content=\"summary_large_image\" \/>\n<meta name=\"twitter:site\" content=\"@advbox2\" \/>\n<script type=\"application\/ld+json\" class=\"yoast-schema-graph\">{\"@context\":\"https:\/\/schema.org\",\"@graph\":[{\"@type\":\"WebPage\",\"@id\":\"https:\/\/advbox.com.br\/blog\/modelos\/contrato-de-opcao-de-compra-de-imoveis-rurais\/\",\"url\":\"https:\/\/advbox.com.br\/blog\/modelos\/contrato-de-opcao-de-compra-de-imoveis-rurais\/\",\"name\":\"Modelo de contrato de compra e venda porteira fechada\",\"isPartOf\":{\"@id\":\"https:\/\/advbox.com.br\/blog\/#website\"},\"primaryImageOfPage\":{\"@id\":\"https:\/\/advbox.com.br\/blog\/modelos\/contrato-de-opcao-de-compra-de-imoveis-rurais\/#primaryimage\"},\"image\":{\"@id\":\"https:\/\/advbox.com.br\/blog\/modelos\/contrato-de-opcao-de-compra-de-imoveis-rurais\/#primaryimage\"},\"thumbnailUrl\":\"https:\/\/advbox.com.br\/blog\/wp-content\/uploads\/2019\/02\/modelo-de-contrato-de-compra-e-venda-porteira-fechada.webp\",\"datePublished\":\"2025-09-17T21:18:57+00:00\",\"dateModified\":\"2025-09-29T18:41:08+00:00\",\"description\":\"Saiba o que \u00e9 venda porteira fechada, o que n\u00e3o pode faltar em um contrato de compra e venda porteira fechada, riscos e mais. Confira o modelo.\",\"breadcrumb\":{\"@id\":\"https:\/\/advbox.com.br\/blog\/modelos\/contrato-de-opcao-de-compra-de-imoveis-rurais\/#breadcrumb\"},\"inLanguage\":\"pt-BR\",\"potentialAction\":[{\"@type\":\"ReadAction\",\"target\":[\"https:\/\/advbox.com.br\/blog\/modelos\/contrato-de-opcao-de-compra-de-imoveis-rurais\/\"]}]},{\"@type\":\"ImageObject\",\"inLanguage\":\"pt-BR\",\"@id\":\"https:\/\/advbox.com.br\/blog\/modelos\/contrato-de-opcao-de-compra-de-imoveis-rurais\/#primaryimage\",\"url\":\"https:\/\/advbox.com.br\/blog\/wp-content\/uploads\/2019\/02\/modelo-de-contrato-de-compra-e-venda-porteira-fechada.webp\",\"contentUrl\":\"https:\/\/advbox.com.br\/blog\/wp-content\/uploads\/2019\/02\/modelo-de-contrato-de-compra-e-venda-porteira-fechada.webp\",\"width\":1024,\"height\":576,\"caption\":\"modelo de contrato de compra e venda porteira fechada\"},{\"@type\":\"BreadcrumbList\",\"@id\":\"https:\/\/advbox.com.br\/blog\/modelos\/contrato-de-opcao-de-compra-de-imoveis-rurais\/#breadcrumb\",\"itemListElement\":[{\"@type\":\"ListItem\",\"position\":1,\"name\":\"In\u00edcio\",\"item\":\"https:\/\/advbox.com.br\/blog\/\"},{\"@type\":\"ListItem\",\"position\":2,\"name\":\"Modelos\",\"item\":\"https:\/\/advbox.com.br\/blog\/modelos\/\"},{\"@type\":\"ListItem\",\"position\":3,\"name\":\"Modelo de contrato de compra e venda porteira fechada\"}]},{\"@type\":\"WebSite\",\"@id\":\"https:\/\/advbox.com.br\/blog\/#website\",\"url\":\"https:\/\/advbox.com.br\/blog\/\",\"name\":\"Software Jur\u00eddico Completo - ADVBOX\",\"description\":\"Plataforma para Advocacia Digital\",\"publisher\":{\"@id\":\"https:\/\/advbox.com.br\/blog\/#organization\"},\"potentialAction\":[{\"@type\":\"SearchAction\",\"target\":{\"@type\":\"EntryPoint\",\"urlTemplate\":\"https:\/\/advbox.com.br\/blog\/?s={search_term_string}\"},\"query-input\":{\"@type\":\"PropertyValueSpecification\",\"valueRequired\":true,\"valueName\":\"search_term_string\"}}],\"inLanguage\":\"pt-BR\"},{\"@type\":\"Organization\",\"@id\":\"https:\/\/advbox.com.br\/blog\/#organization\",\"name\":\"ADVBOX Blog - Software jur\u00eddico da advocacia digital\",\"url\":\"https:\/\/advbox.com.br\/blog\/\",\"logo\":{\"@type\":\"ImageObject\",\"inLanguage\":\"pt-BR\",\"@id\":\"https:\/\/advbox.com.br\/blog\/#\/schema\/logo\/image\/\",\"url\":\"https:\/\/advbox.com.br\/blog\/wp-content\/uploads\/2019\/12\/Como-aumentar-a-produtividade_.jpg\",\"contentUrl\":\"https:\/\/advbox.com.br\/blog\/wp-content\/uploads\/2019\/12\/Como-aumentar-a-produtividade_.jpg\",\"width\":320,\"height\":213,\"caption\":\"ADVBOX Blog - Software jur\u00eddico da advocacia digital\"},\"image\":{\"@id\":\"https:\/\/advbox.com.br\/blog\/#\/schema\/logo\/image\/\"},\"sameAs\":[\"https:\/\/www.facebook.com\/advbox\/\",\"https:\/\/x.com\/advbox2\"]}]}<\/script>\n<!-- \/ Yoast SEO plugin. -->","yoast_head_json":{"title":"Modelo de contrato de compra e venda porteira fechada","description":"Saiba o que \u00e9 venda porteira fechada, o que n\u00e3o pode faltar em um contrato de compra e venda porteira fechada, riscos e mais. Confira o modelo.","robots":{"index":"index","follow":"follow","max-snippet":"max-snippet:-1","max-image-preview":"max-image-preview:large","max-video-preview":"max-video-preview:-1"},"canonical":"https:\/\/advbox.com.br\/blog\/modelos\/contrato-de-opcao-de-compra-de-imoveis-rurais\/","og_locale":"pt_BR","og_type":"article","og_title":"Modelo de contrato de compra e venda porteira fechada","og_description":"Saiba o que \u00e9 venda porteira fechada, o que n\u00e3o pode faltar em um contrato de compra e venda porteira fechada, riscos e mais. Confira o modelo.","og_url":"https:\/\/advbox.com.br\/blog\/modelos\/contrato-de-opcao-de-compra-de-imoveis-rurais\/","og_site_name":"Software Jur\u00eddico Completo - ADVBOX","article_publisher":"https:\/\/www.facebook.com\/advbox\/","article_modified_time":"2025-09-29T18:41:08+00:00","og_image":[{"width":1024,"height":576,"url":"https:\/\/advbox.com.br\/blog\/wp-content\/uploads\/2019\/02\/modelo-de-contrato-de-compra-e-venda-porteira-fechada.webp","type":"image\/webp"}],"twitter_card":"summary_large_image","twitter_site":"@advbox2","schema":{"@context":"https:\/\/schema.org","@graph":[{"@type":"WebPage","@id":"https:\/\/advbox.com.br\/blog\/modelos\/contrato-de-opcao-de-compra-de-imoveis-rurais\/","url":"https:\/\/advbox.com.br\/blog\/modelos\/contrato-de-opcao-de-compra-de-imoveis-rurais\/","name":"Modelo de contrato de compra e venda porteira fechada","isPartOf":{"@id":"https:\/\/advbox.com.br\/blog\/#website"},"primaryImageOfPage":{"@id":"https:\/\/advbox.com.br\/blog\/modelos\/contrato-de-opcao-de-compra-de-imoveis-rurais\/#primaryimage"},"image":{"@id":"https:\/\/advbox.com.br\/blog\/modelos\/contrato-de-opcao-de-compra-de-imoveis-rurais\/#primaryimage"},"thumbnailUrl":"https:\/\/advbox.com.br\/blog\/wp-content\/uploads\/2019\/02\/modelo-de-contrato-de-compra-e-venda-porteira-fechada.webp","datePublished":"2025-09-17T21:18:57+00:00","dateModified":"2025-09-29T18:41:08+00:00","description":"Saiba o que \u00e9 venda porteira fechada, o que n\u00e3o pode faltar em um contrato de compra e venda porteira fechada, riscos e mais. Confira o modelo.","breadcrumb":{"@id":"https:\/\/advbox.com.br\/blog\/modelos\/contrato-de-opcao-de-compra-de-imoveis-rurais\/#breadcrumb"},"inLanguage":"pt-BR","potentialAction":[{"@type":"ReadAction","target":["https:\/\/advbox.com.br\/blog\/modelos\/contrato-de-opcao-de-compra-de-imoveis-rurais\/"]}]},{"@type":"ImageObject","inLanguage":"pt-BR","@id":"https:\/\/advbox.com.br\/blog\/modelos\/contrato-de-opcao-de-compra-de-imoveis-rurais\/#primaryimage","url":"https:\/\/advbox.com.br\/blog\/wp-content\/uploads\/2019\/02\/modelo-de-contrato-de-compra-e-venda-porteira-fechada.webp","contentUrl":"https:\/\/advbox.com.br\/blog\/wp-content\/uploads\/2019\/02\/modelo-de-contrato-de-compra-e-venda-porteira-fechada.webp","width":1024,"height":576,"caption":"modelo de contrato de compra e venda porteira fechada"},{"@type":"BreadcrumbList","@id":"https:\/\/advbox.com.br\/blog\/modelos\/contrato-de-opcao-de-compra-de-imoveis-rurais\/#breadcrumb","itemListElement":[{"@type":"ListItem","position":1,"name":"In\u00edcio","item":"https:\/\/advbox.com.br\/blog\/"},{"@type":"ListItem","position":2,"name":"Modelos","item":"https:\/\/advbox.com.br\/blog\/modelos\/"},{"@type":"ListItem","position":3,"name":"Modelo de contrato de compra e venda porteira fechada"}]},{"@type":"WebSite","@id":"https:\/\/advbox.com.br\/blog\/#website","url":"https:\/\/advbox.com.br\/blog\/","name":"Software Jur\u00eddico Completo - ADVBOX","description":"Plataforma para Advocacia Digital","publisher":{"@id":"https:\/\/advbox.com.br\/blog\/#organization"},"potentialAction":[{"@type":"SearchAction","target":{"@type":"EntryPoint","urlTemplate":"https:\/\/advbox.com.br\/blog\/?s={search_term_string}"},"query-input":{"@type":"PropertyValueSpecification","valueRequired":true,"valueName":"search_term_string"}}],"inLanguage":"pt-BR"},{"@type":"Organization","@id":"https:\/\/advbox.com.br\/blog\/#organization","name":"ADVBOX Blog - Software jur\u00eddico da advocacia digital","url":"https:\/\/advbox.com.br\/blog\/","logo":{"@type":"ImageObject","inLanguage":"pt-BR","@id":"https:\/\/advbox.com.br\/blog\/#\/schema\/logo\/image\/","url":"https:\/\/advbox.com.br\/blog\/wp-content\/uploads\/2019\/12\/Como-aumentar-a-produtividade_.jpg","contentUrl":"https:\/\/advbox.com.br\/blog\/wp-content\/uploads\/2019\/12\/Como-aumentar-a-produtividade_.jpg","width":320,"height":213,"caption":"ADVBOX Blog - Software jur\u00eddico da advocacia digital"},"image":{"@id":"https:\/\/advbox.com.br\/blog\/#\/schema\/logo\/image\/"},"sameAs":["https:\/\/www.facebook.com\/advbox\/","https:\/\/x.com\/advbox2"]}]}},"_links":{"self":[{"href":"https:\/\/advbox.com.br\/blog\/wp-json\/wp\/v2\/modelos\/13814","targetHints":{"allow":["GET"]}}],"collection":[{"href":"https:\/\/advbox.com.br\/blog\/wp-json\/wp\/v2\/modelos"}],"about":[{"href":"https:\/\/advbox.com.br\/blog\/wp-json\/wp\/v2\/types\/modelos"}],"author":[{"embeddable":true,"href":"https:\/\/advbox.com.br\/blog\/wp-json\/wp\/v2\/users\/44"}],"replies":[{"embeddable":true,"href":"https:\/\/advbox.com.br\/blog\/wp-json\/wp\/v2\/comments?post=13814"}],"version-history":[{"count":7,"href":"https:\/\/advbox.com.br\/blog\/wp-json\/wp\/v2\/modelos\/13814\/revisions"}],"predecessor-version":[{"id":77249,"href":"https:\/\/advbox.com.br\/blog\/wp-json\/wp\/v2\/modelos\/13814\/revisions\/77249"}],"wp:featuredmedia":[{"embeddable":true,"href":"https:\/\/advbox.com.br\/blog\/wp-json\/wp\/v2\/media\/76544"}],"wp:attachment":[{"href":"https:\/\/advbox.com.br\/blog\/wp-json\/wp\/v2\/media?parent=13814"}],"wp:term":[{"taxonomy":"modelo_category","embeddable":true,"href":"https:\/\/advbox.com.br\/blog\/wp-json\/wp\/v2\/modelo_category?post=13814"}],"curies":[{"name":"wp","href":"https:\/\/api.w.org\/{rel}","templated":true}]}}