{"id":14540,"date":"2019-02-07T14:46:33","date_gmt":"2019-02-07T14:46:33","guid":{"rendered":"https:\/\/advbox.com.br\/blog\/?post_type=modelos&#038;p=14540"},"modified":"2024-09-26T09:15:29","modified_gmt":"2024-09-26T12:15:29","slug":"compra-e-venda-de-imovel-963","status":"publish","type":"modelos","link":"https:\/\/advbox.com.br\/blog\/modelos\/compra-e-venda-de-imovel-963\/","title":{"rendered":"MODELO DE COMPRA E VENDA DE IMO\u0301VEL"},"content":{"rendered":"<p style=\"text-align: center; background: #eee; padding: 10px;\"><strong><em>Descubra como <a href=\"https:\/\/advbox.com.br\/blog\/como-automatizar-seus-modelos-de-peticoes\/\" target=\"_blank\">automatizar o preenchimento de todos os seus modelos de peti\u00e7\u00e3o<\/a> e otimizar o tempo de toda sua equipe.<\/em><\/strong><\/p>\n<p>\n\u00a0\n<\/p>\n<h1><strong>MODELO DE COMPRA E VENDA DE IMO\u0301VEL 963<\/strong><\/h1>\n<p>\n\u00a0\n<\/p>\n<p style=\"text-align: center;\"><span><strong>Instrumento Particular de Venda e Compra de Im\u00f3vel<\/strong><\/span><\/p>\n<p style=\"text-align: justify;\"><span><\/span><\/p>\n<p style=\"text-align: justify;\"><span><\/span><\/p>\n<p style=\"text-align: justify;\"><span>Por este instrumento particular de compromisso de compra e venda de im\u00f3vel, de um lado<\/span><span><strong> <\/strong><\/span><span>doravante denominado(s) simplesmente de Vendedor(es):<\/span><\/p>\n<p style=\"text-align: justify;\"><span><\/span><\/p>\n<p style=\"text-align: justify;\"><span>&#8230;&#8230;&#8230;&#8230;&#8230;&#8230;&#8230;&#8230;&#8230; (nome completo), &#8230;&#8230;&#8230;. (nacionalidade),&#8230;&#8230;&#8230;.. (profiss\u00e3o), portador da C\u00e9dula de Identidade n\u00ba &#8230;&#8230;&#8230;&#8230;&#8230;, inscrito no CPF\/MF n\u00ba &#8230;&#8230;&#8230;.., casado com &#8230;&#8230;&#8230;&#8230;. (nome completo), &#8230;&#8230;&#8230;&#8230;. (nacionalidade), &#8230;&#8230;&#8230;&#8230;..(profiss\u00e3o), portador(a) da C\u00e9dula de Identidade RG. n\u00ba &#8230;&#8230;&#8230;&#8230;&#8230;.., inscrita no CPF\/MF n\u00ba &#8230;&#8230;&#8230;&#8230;&#8230;&#8230;&#8230;&#8230;, residentes e domiciliados na &#8230;&#8230;&#8230;&#8230;&#8230;..(endere\u00e7o completo: rua [av], n\u00ba, complemento, bairro, cep, munic\u00edpio e UF), (se for mais do que um vendedor qualificar os demais minuciosamente), e &#8230;&#8230;&#8230;&#8230;&#8230;&#8230;&#8230;&#8230;&#8230; (nome completo), &#8230;&#8230;&#8230;.. (nacionalidade), &#8230;&#8230;&#8230;&#8230;&#8230; (estado civil), &#8230;&#8230;&#8230;.. (profiss\u00e3o), portador da c\u00e9dula de identidade RG n\u00ba&#8230;&#8230;&#8230;&#8230;., inscrito no CPF sob n\u00ba&#8230;&#8230;&#8230;&#8230;, residente e domiciliado na &#8230;&#8230;&#8230;&#8230;&#8230;.. (endere\u00e7o completo: rua [av], n\u00ba, complemento, bairro, cep, munic\u00edpio e UF), doravante denominado simplesmente COMPRADOR, t\u00eam entre si justo e contratado o seguinte:<\/span><\/p>\n<p style=\"text-align: justify;\"><span> <\/span><\/p>\n<p style=\"text-align: justify;\"><span>1. Que o(s) compromitente(s) vendedor(es) \u00e9 (s\u00e3o) o(s) \u00fanico(s) herdeiro(s) do(s) falecidos &#8230;&#8230;&#8230;&#8230;&#8230;&#8230;&#8230;. (nome completo) e &#8230;&#8230;&#8230;.., leg\u00edtimos propriet\u00e1rios do im\u00f3vel situado na &#8230;&#8230;&#8230;&#8230;&#8230;. (endere\u00e7o completo: rua, n\u00ba, bairro, cep., munic\u00edpio e UF), havido atrav\u00e9s da Escritura de Venda e Compra lavrada no &#8230;.\u00ba Tabeli\u00e3o de &#8230;&#8230;&#8230;&#8230; (estado e UF), Datada de &#8230;&#8230;&#8230;. (dia, m\u00eas e ano), devidamente registrada no &#8230;\u00ba Cart\u00f3rio de Registro de Im\u00f3veis &#8230;&#8230;&#8230;&#8230; (cidade, estado e UF) na Matr\u00edcula n\u00ba &#8230;&#8230;&#8230;, cadastrado na Prefeitura local sob n\u00ba &#8230;&#8230;&#8230;&#8230;.<\/span><\/p>\n<p style=\"text-align: justify;\"><span><\/span><\/p>\n<p style=\"text-align: justify;\"><span>2. Sendo, portanto, a justo t\u00edtulo, Senhor(es) e possuidor(es) do im\u00f3vel acima descrito, o(s) vendedor(es), por este Instrumento Particular e na melhor forma de direito se comprometem a vend\u00ea-lo, livre e desembara\u00e7ado de quaisquer d\u00edvidas, d\u00favidas ou \u00f4nus.<\/span><\/p>\n<p style=\"text-align: justify;\"><span>O pre\u00e7o certo e ajustado \u00e9 de R$ &#8230;&#8230;&#8230;&#8230; (valor por extenso), que ser\u00e1 pago o pre\u00e7o da seguinte forma: <\/span><\/p>\n<p style=\"text-align: justify;\"><span>I \u2013 a quantia de R$ &#8230;&#8230;&#8230;. (valor por extenso) neste ato, representada pelo Cheque n\u00ba &#8230;&#8230;&#8230;, sacado contra o Banco &#8230;&#8230;., ag\u00eancia n\u00ba&#8230;&#8230;., &#8230;&#8230;&#8230;&#8230;..(bairro da ag\u00eancia), da qual d\u00e1(\u00e3o) o(s) vendedor(es) plena e irrevog\u00e1vel quita\u00e7\u00e3o ao comprador ap\u00f3s compensa\u00e7\u00e3o banc\u00e1ria;<\/span><\/p>\n<p style=\"text-align: justify;\"><span>II \u2013 o restante de R$ &#8230;&#8230;&#8230; (valor por extenso) ser\u00e1 pago da seguinte maneira:<\/span><\/p>\n<p style=\"text-align: justify;\"><span>&#8230;&#8230;&#8230;&#8230;&#8230;&#8230;&#8230;&#8230;&#8230;&#8230;&#8230;..(especificar a forma de pagamento).<\/span><\/p>\n<p style=\"text-align: justify;\"><span><\/span><\/p>\n<p style=\"text-align: justify;\"><span>3. O compromiss\u00e1rio Comprador entra desde j\u00e1 na posse do im\u00f3vel, ainda que precariamente, exercendo-a em nome do(s) Vendedor(es) at\u00e9 o momento em que este(s) lhe(s) outorgar, ou a quem for indicado, ou ainda a quem legalmente o represente, a escritura definitiva de venda e compra, correndo as despesas deste contrato e da escritura, registros e outras necess\u00e1rias por conta do compromiss\u00e1rio comprador. A partir desta Data, poder\u00e1 o comprador fazer reformas que lhe convier no im\u00f3vel.<\/span><\/p>\n<p style=\"text-align: justify;\"><span><\/span><\/p>\n<p style=\"text-align: justify;\"><span>8. No ato da lavratura da escritura o(s) Comprador(es) dever\u00e3o apresentar certid\u00f5es pessoais, c\u00edveis e de execu\u00e7\u00f5es fiscais, declara\u00e7\u00e3o de quita\u00e7\u00e3o das taxas condominiais e quita\u00e7\u00e3o do IPTU at\u00e9 o ano de &#8230;&#8230;&#8230;<\/span><\/p>\n<p style=\"text-align: justify;\"><span><\/span><\/p>\n<p style=\"text-align: justify;\"><span>5. Todos os impostos, taxas e contribui\u00e7\u00f5es, bem como todas as intima\u00e7\u00f5es dos Poderes P\u00fablicos que incidirem sobre o referido im\u00f3vel a partir desta Data correr\u00e3o por conta e \u00f4nus do comprador, e os d\u00e9bitos ou \u00f4nus eventualmente existentes anteriormente a esta Data ser\u00e3o de responsabilidade do(s) Vendedor(es).<\/span><\/p>\n<p style=\"text-align: justify;\"><span><\/span><\/p>\n<p style=\"text-align: justify;\"><span>6. Durante a vig\u00eancia deste contrato o Comprador n\u00e3o poder\u00e1 ceder ou transferir, no todo ou em parte, os direitos e as obriga\u00e7\u00f5es decorrentes deste contrato, sem pr\u00e9vio consentimento do(s) Vendedor(es).<\/span><\/p>\n<p style=\"text-align: justify;\"><span><\/span><\/p>\n<p style=\"text-align: justify;\"><span>7. O(s) Vendedor(es) declara(m) que n\u00e3o existem fatos, a\u00e7\u00f5es, protestos, execu\u00e7\u00f5es ou quaisquer medidas administrativas, judiciais ou extrajudiciais, que afetem a seguran\u00e7a deste neg\u00f3cio.<\/span><\/p>\n<p style=\"text-align: justify;\"><span><\/span><\/p>\n<p style=\"text-align: justify;\"><span>8. O presente contrato \u00e9 celebrado com cl\u00e1usula de irrevogabilidade e irretratabilidade, por for\u00e7a da qual nenhuma das partes poder\u00e1 se arrepender das condi\u00e7\u00f5es aqui pactuadas, obrigando-se por si, seus herdeiros e sucessores a qualquer t\u00edtulo, inclusive pela evic\u00e7\u00e3o de direito.<\/span><\/p>\n<p style=\"text-align: justify;\"><span><\/span><\/p>\n<p style=\"text-align: justify;\"><span>9. Em caso de descumprimento do presente contrato por qualquer das partes, a parte culpada pagar\u00e1 \u00e0 inocente multa de 10% (dez por cento) sobre o valor total do contrato.<\/span><\/p>\n<p style=\"text-align: justify;\"><span><\/span><\/p>\n<p style=\"text-align: justify;\"><span>10. \u00c9 eleito o foro da Comarca &#8230;&#8230;&#8230;&#8230;&#8230;. como competente para dirimir eventuais quest\u00f5es derivadas deste contrato, com ren\u00fancia a qualquer outro por mais privilegiado que seja.<\/span><\/p>\n<p style=\"text-align: justify;\"><span><\/span><\/p>\n<p style=\"text-align: justify;\"><span>Assim, por estarem justas e contratadas as partes e de pleno acordo com as cl\u00e1usulas aqui estabelecidas, declarando n\u00e3o estarem vinculadas \u00e0s restri\u00e7\u00f5es da legisla\u00e7\u00e3o previdenci\u00e1ria como empregadores e nem ao FUNRURAL como contribuintes obrigat\u00f3rios, firmam o presente contrato em 02 (duas) vias de igual teor, sendo todas assinadas em presen\u00e7a de duas testemunhas.<\/span><\/p>\n<p style=\"text-align: justify;\"><span><\/span><\/p>\n<p style=\"text-align: justify;\"><span><\/span><\/p>\n<p style=\"text-align: justify;\"><span>&#8230;&#8230;&#8230;&#8230;&#8230;&#8230;&#8230;&#8230;, &#8230;&#8230;. de &#8230;&#8230;&#8230;&#8230;&#8230;.. de &#8230;&#8230;&#8230;&#8230;&#8230;&#8230;&#8230;.<\/span><\/p>\n<p style=\"text-align: justify;\"><span>(local e Data)<\/span><\/p>\n<p style=\"text-align: justify;\"><span><\/span><\/p>\n<p style=\"text-align: justify;\"><span><\/span><\/p>\n<p><span>&#8230;&#8230;&#8230;&#8230;&#8230;&#8230;&#8230;&#8230;&#8230;&#8230;&#8230;&#8230;&#8230;&#8230;&#8230;&#8230;&#8230;.. &#8230;&#8230;&#8230;&#8230;&#8230;&#8230;&#8230;&#8230;&#8230;&#8230;&#8230;&#8230;&#8230;&#8230;&#8230;&#8230;&#8230;&#8230;.<\/span><span>Vendedor(es) Vendedor (c\u00f4njuge)<\/span><\/p>\n<p style=\"text-align: center;\"><span><\/span><\/p>\n<p style=\"text-align: justify;\"><span><\/span><\/p>\n<p style=\"text-align: justify;\"><span>__________________________<\/span><\/p>\n<p style=\"text-align: justify; margin-left: 40px;\"><span>Comprador<\/span><\/p>\n<p style=\"text-align: justify;\"><span><\/span><\/p>\n<p style=\"text-align: justify;\"><span><\/span><\/p>\n<p style=\"text-align: justify;\"><span>TESTEMUNHAS:<\/span><\/p>\n<p style=\"text-align: justify;\"><span><\/span><\/p>\n<p style=\"text-align: justify;\"><span>____________________________ ____________________________<\/span><\/p>\n<p style=\"text-align: justify;\"><span>(Nome) (Nome)<\/span><\/p>\n<p style=\"text-align: justify;\"><span>R.G.:&#8230;&#8230;&#8230;&#8230;&#8230;&#8230;&#8230;&#8230;&#8230;&#8230;&#8230;&#8230;&#8230;&#8230;&#8230;&#8230;. R.G.:&#8230;&#8230;&#8230;&#8230;&#8230;&#8230;&#8230;&#8230;&#8230;&#8230;&#8230;&#8230;&#8230;&#8230;..<\/span><\/p>\n<p style=\"text-align: center; background: #eee; padding: 10px;\">Descubra como ampliar a sua carteira de clientes com MARKETING JUR\u00cdDICO DIGITAL e descubra todas as vantagens que o <a href=\"https:\/\/advbox.com.br\/blog\/escritorio-digital\/\" target=\"_blank\">ESCRIT\u00d3RIO DIGITAL<\/a> pode trazer para a sua advocacia garantindo a produtividade da sua equipe, melhorando os resultados e organiza\u00e7\u00e3o com o mais completo <a href=\"https:\/\/advbox.com.br\/blog\/5-recursos-mais-eficientes-nos-softwares-juridicos-do-mercado\/\" target=\"_blank\">SOFTWARE JUR\u00cdDICO<\/a> do mercado brasileiro.<\/p>\n<p style=\"text-align: center;\"><a href=\"https:\/\/advbox.com.br\/blog\/como-automatizar-seus-modelos-de-peticoes\/\" target=\"_blank\"><img fetchpriority=\"high\" decoding=\"async\" src=\"https:\/\/advbox.com.br\/blog\/wp-content\/uploads\/2019\/05\/automatize_a_produ%C3%A7%C3%A3o_de_suas_peti%C3%A7%C3%B5es.png\" alt=\"Automatize a Produ\u00e7\u00e3o de suas Peti\u00e7\u00f5es - Torne sua Advocacia ainda mais inteligente\" width=\"1000\" height=\"276\" class=\"alignnone wp-image-11456 size-full\"><\/a><\/p><\/p>\n","protected":false},"excerpt":{"rendered":"<p>Descubra como automatizar o preenchimento de todos os seus modelos de peti\u00e7\u00e3o e otimizar o tempo de toda sua equipe. \u00a0 MODELO DE COMPRA E VENDA DE IMO\u0301VEL 963 \u00a0 Instrumento Particular de Venda e Compra de Im\u00f3vel Por este instrumento particular de compromisso de compra e venda de im\u00f3vel, [&hellip;]<\/p>\n","protected":false},"author":44,"featured_media":11456,"comment_status":"closed","ping_status":"closed","template":"","meta":{"_acf_changed":false,"om_disable_all_campaigns":false,"footnotes":""},"modelo_category":[1457],"class_list":["post-14540","modelos","type-modelos","status-publish","has-post-thumbnail","hentry","modelo_category-direito"],"acf":[],"yoast_head":"<!-- This site is optimized with the Yoast SEO plugin v26.9 - https:\/\/yoast.com\/product\/yoast-seo-wordpress\/ -->\n<title>Compra e Venda de Im\u00f3vel<\/title>\n<meta name=\"description\" content=\"Copie aqui sem restri\u00e7\u00f5es e baixe em word seu modelo de compra e venda de imo\u0301vel 963\" \/>\n<meta name=\"robots\" content=\"index, follow, max-snippet:-1, max-image-preview:large, max-video-preview:-1\" \/>\n<link rel=\"canonical\" href=\"https:\/\/advbox.com.br\/blog\/modelos\/compra-e-venda-de-imovel-963\/\" \/>\n<meta property=\"og:locale\" content=\"pt_BR\" \/>\n<meta property=\"og:type\" content=\"article\" \/>\n<meta property=\"og:title\" content=\"Compra e Venda de Im\u00f3vel\" \/>\n<meta property=\"og:description\" content=\"Copie aqui sem restri\u00e7\u00f5es e baixe em word seu modelo de compra e venda de imo\u0301vel 963\" \/>\n<meta property=\"og:url\" content=\"https:\/\/advbox.com.br\/blog\/modelos\/compra-e-venda-de-imovel-963\/\" \/>\n<meta property=\"og:site_name\" content=\"Software Jur\u00eddico Completo - ADVBOX\" \/>\n<meta property=\"article:publisher\" content=\"https:\/\/www.facebook.com\/advbox\/\" \/>\n<meta property=\"article:modified_time\" content=\"2024-09-26T12:15:29+00:00\" \/>\n<meta property=\"og:image\" content=\"https:\/\/advbox.com.br\/blog\/wp-content\/uploads\/2019\/05\/automatize_a_produ\u00e7\u00e3o_de_suas_peti\u00e7\u00f5es.png\" \/>\n\t<meta property=\"og:image:width\" content=\"1000\" \/>\n\t<meta property=\"og:image:height\" content=\"276\" \/>\n\t<meta property=\"og:image:type\" content=\"image\/png\" \/>\n<meta name=\"twitter:card\" content=\"summary_large_image\" \/>\n<meta name=\"twitter:site\" content=\"@advbox2\" \/>\n<script type=\"application\/ld+json\" class=\"yoast-schema-graph\">{\"@context\":\"https:\/\/schema.org\",\"@graph\":[{\"@type\":\"WebPage\",\"@id\":\"https:\/\/advbox.com.br\/blog\/modelos\/compra-e-venda-de-imovel-963\/\",\"url\":\"https:\/\/advbox.com.br\/blog\/modelos\/compra-e-venda-de-imovel-963\/\",\"name\":\"Compra e Venda de Im\u00f3vel\",\"isPartOf\":{\"@id\":\"https:\/\/advbox.com.br\/blog\/#website\"},\"primaryImageOfPage\":{\"@id\":\"https:\/\/advbox.com.br\/blog\/modelos\/compra-e-venda-de-imovel-963\/#primaryimage\"},\"image\":{\"@id\":\"https:\/\/advbox.com.br\/blog\/modelos\/compra-e-venda-de-imovel-963\/#primaryimage\"},\"thumbnailUrl\":\"https:\/\/advbox.com.br\/blog\/wp-content\/uploads\/2019\/05\/automatize_a_produ\u00e7\u00e3o_de_suas_peti\u00e7\u00f5es.png\",\"datePublished\":\"2019-02-07T14:46:33+00:00\",\"dateModified\":\"2024-09-26T12:15:29+00:00\",\"description\":\"Copie aqui sem restri\u00e7\u00f5es e baixe em word seu modelo de compra e venda de imo\u0301vel 963\",\"breadcrumb\":{\"@id\":\"https:\/\/advbox.com.br\/blog\/modelos\/compra-e-venda-de-imovel-963\/#breadcrumb\"},\"inLanguage\":\"pt-BR\",\"potentialAction\":[{\"@type\":\"ReadAction\",\"target\":[\"https:\/\/advbox.com.br\/blog\/modelos\/compra-e-venda-de-imovel-963\/\"]}]},{\"@type\":\"ImageObject\",\"inLanguage\":\"pt-BR\",\"@id\":\"https:\/\/advbox.com.br\/blog\/modelos\/compra-e-venda-de-imovel-963\/#primaryimage\",\"url\":\"https:\/\/advbox.com.br\/blog\/wp-content\/uploads\/2019\/05\/automatize_a_produ\u00e7\u00e3o_de_suas_peti\u00e7\u00f5es.png\",\"contentUrl\":\"https:\/\/advbox.com.br\/blog\/wp-content\/uploads\/2019\/05\/automatize_a_produ\u00e7\u00e3o_de_suas_peti\u00e7\u00f5es.png\",\"width\":1000,\"height\":276,\"caption\":\"automatiza\u00e7\u00e3o de peti\u00e7\u00f5es\"},{\"@type\":\"BreadcrumbList\",\"@id\":\"https:\/\/advbox.com.br\/blog\/modelos\/compra-e-venda-de-imovel-963\/#breadcrumb\",\"itemListElement\":[{\"@type\":\"ListItem\",\"position\":1,\"name\":\"In\u00edcio\",\"item\":\"https:\/\/advbox.com.br\/blog\/\"},{\"@type\":\"ListItem\",\"position\":2,\"name\":\"Modelos\",\"item\":\"https:\/\/advbox.com.br\/blog\/modelos\/\"},{\"@type\":\"ListItem\",\"position\":3,\"name\":\"MODELO DE COMPRA E VENDA DE IMO\u0301VEL\"}]},{\"@type\":\"WebSite\",\"@id\":\"https:\/\/advbox.com.br\/blog\/#website\",\"url\":\"https:\/\/advbox.com.br\/blog\/\",\"name\":\"Software Jur\u00eddico Completo - ADVBOX\",\"description\":\"Plataforma para Advocacia Digital\",\"publisher\":{\"@id\":\"https:\/\/advbox.com.br\/blog\/#organization\"},\"potentialAction\":[{\"@type\":\"SearchAction\",\"target\":{\"@type\":\"EntryPoint\",\"urlTemplate\":\"https:\/\/advbox.com.br\/blog\/?s={search_term_string}\"},\"query-input\":{\"@type\":\"PropertyValueSpecification\",\"valueRequired\":true,\"valueName\":\"search_term_string\"}}],\"inLanguage\":\"pt-BR\"},{\"@type\":\"Organization\",\"@id\":\"https:\/\/advbox.com.br\/blog\/#organization\",\"name\":\"ADVBOX Blog - Software jur\u00eddico da advocacia digital\",\"url\":\"https:\/\/advbox.com.br\/blog\/\",\"logo\":{\"@type\":\"ImageObject\",\"inLanguage\":\"pt-BR\",\"@id\":\"https:\/\/advbox.com.br\/blog\/#\/schema\/logo\/image\/\",\"url\":\"https:\/\/advbox.com.br\/blog\/wp-content\/uploads\/2019\/12\/Como-aumentar-a-produtividade_.jpg\",\"contentUrl\":\"https:\/\/advbox.com.br\/blog\/wp-content\/uploads\/2019\/12\/Como-aumentar-a-produtividade_.jpg\",\"width\":320,\"height\":213,\"caption\":\"ADVBOX Blog - Software jur\u00eddico da advocacia digital\"},\"image\":{\"@id\":\"https:\/\/advbox.com.br\/blog\/#\/schema\/logo\/image\/\"},\"sameAs\":[\"https:\/\/www.facebook.com\/advbox\/\",\"https:\/\/x.com\/advbox2\"]}]}<\/script>\n<!-- \/ Yoast SEO plugin. -->","yoast_head_json":{"title":"Compra e Venda de Im\u00f3vel","description":"Copie aqui sem restri\u00e7\u00f5es e baixe em word seu modelo de compra e venda de imo\u0301vel 963","robots":{"index":"index","follow":"follow","max-snippet":"max-snippet:-1","max-image-preview":"max-image-preview:large","max-video-preview":"max-video-preview:-1"},"canonical":"https:\/\/advbox.com.br\/blog\/modelos\/compra-e-venda-de-imovel-963\/","og_locale":"pt_BR","og_type":"article","og_title":"Compra e Venda de Im\u00f3vel","og_description":"Copie aqui sem restri\u00e7\u00f5es e baixe em word seu modelo de compra e venda de imo\u0301vel 963","og_url":"https:\/\/advbox.com.br\/blog\/modelos\/compra-e-venda-de-imovel-963\/","og_site_name":"Software Jur\u00eddico Completo - ADVBOX","article_publisher":"https:\/\/www.facebook.com\/advbox\/","article_modified_time":"2024-09-26T12:15:29+00:00","og_image":[{"width":1000,"height":276,"url":"https:\/\/advbox.com.br\/blog\/wp-content\/uploads\/2019\/05\/automatize_a_produ\u00e7\u00e3o_de_suas_peti\u00e7\u00f5es.png","type":"image\/png"}],"twitter_card":"summary_large_image","twitter_site":"@advbox2","schema":{"@context":"https:\/\/schema.org","@graph":[{"@type":"WebPage","@id":"https:\/\/advbox.com.br\/blog\/modelos\/compra-e-venda-de-imovel-963\/","url":"https:\/\/advbox.com.br\/blog\/modelos\/compra-e-venda-de-imovel-963\/","name":"Compra e Venda de Im\u00f3vel","isPartOf":{"@id":"https:\/\/advbox.com.br\/blog\/#website"},"primaryImageOfPage":{"@id":"https:\/\/advbox.com.br\/blog\/modelos\/compra-e-venda-de-imovel-963\/#primaryimage"},"image":{"@id":"https:\/\/advbox.com.br\/blog\/modelos\/compra-e-venda-de-imovel-963\/#primaryimage"},"thumbnailUrl":"https:\/\/advbox.com.br\/blog\/wp-content\/uploads\/2019\/05\/automatize_a_produ\u00e7\u00e3o_de_suas_peti\u00e7\u00f5es.png","datePublished":"2019-02-07T14:46:33+00:00","dateModified":"2024-09-26T12:15:29+00:00","description":"Copie aqui sem restri\u00e7\u00f5es e baixe em word seu modelo de compra e venda de imo\u0301vel 963","breadcrumb":{"@id":"https:\/\/advbox.com.br\/blog\/modelos\/compra-e-venda-de-imovel-963\/#breadcrumb"},"inLanguage":"pt-BR","potentialAction":[{"@type":"ReadAction","target":["https:\/\/advbox.com.br\/blog\/modelos\/compra-e-venda-de-imovel-963\/"]}]},{"@type":"ImageObject","inLanguage":"pt-BR","@id":"https:\/\/advbox.com.br\/blog\/modelos\/compra-e-venda-de-imovel-963\/#primaryimage","url":"https:\/\/advbox.com.br\/blog\/wp-content\/uploads\/2019\/05\/automatize_a_produ\u00e7\u00e3o_de_suas_peti\u00e7\u00f5es.png","contentUrl":"https:\/\/advbox.com.br\/blog\/wp-content\/uploads\/2019\/05\/automatize_a_produ\u00e7\u00e3o_de_suas_peti\u00e7\u00f5es.png","width":1000,"height":276,"caption":"automatiza\u00e7\u00e3o de peti\u00e7\u00f5es"},{"@type":"BreadcrumbList","@id":"https:\/\/advbox.com.br\/blog\/modelos\/compra-e-venda-de-imovel-963\/#breadcrumb","itemListElement":[{"@type":"ListItem","position":1,"name":"In\u00edcio","item":"https:\/\/advbox.com.br\/blog\/"},{"@type":"ListItem","position":2,"name":"Modelos","item":"https:\/\/advbox.com.br\/blog\/modelos\/"},{"@type":"ListItem","position":3,"name":"MODELO DE COMPRA E VENDA DE IMO\u0301VEL"}]},{"@type":"WebSite","@id":"https:\/\/advbox.com.br\/blog\/#website","url":"https:\/\/advbox.com.br\/blog\/","name":"Software Jur\u00eddico Completo - ADVBOX","description":"Plataforma para Advocacia Digital","publisher":{"@id":"https:\/\/advbox.com.br\/blog\/#organization"},"potentialAction":[{"@type":"SearchAction","target":{"@type":"EntryPoint","urlTemplate":"https:\/\/advbox.com.br\/blog\/?s={search_term_string}"},"query-input":{"@type":"PropertyValueSpecification","valueRequired":true,"valueName":"search_term_string"}}],"inLanguage":"pt-BR"},{"@type":"Organization","@id":"https:\/\/advbox.com.br\/blog\/#organization","name":"ADVBOX Blog - Software jur\u00eddico da advocacia digital","url":"https:\/\/advbox.com.br\/blog\/","logo":{"@type":"ImageObject","inLanguage":"pt-BR","@id":"https:\/\/advbox.com.br\/blog\/#\/schema\/logo\/image\/","url":"https:\/\/advbox.com.br\/blog\/wp-content\/uploads\/2019\/12\/Como-aumentar-a-produtividade_.jpg","contentUrl":"https:\/\/advbox.com.br\/blog\/wp-content\/uploads\/2019\/12\/Como-aumentar-a-produtividade_.jpg","width":320,"height":213,"caption":"ADVBOX Blog - Software jur\u00eddico da advocacia digital"},"image":{"@id":"https:\/\/advbox.com.br\/blog\/#\/schema\/logo\/image\/"},"sameAs":["https:\/\/www.facebook.com\/advbox\/","https:\/\/x.com\/advbox2"]}]}},"_links":{"self":[{"href":"https:\/\/advbox.com.br\/blog\/wp-json\/wp\/v2\/modelos\/14540","targetHints":{"allow":["GET"]}}],"collection":[{"href":"https:\/\/advbox.com.br\/blog\/wp-json\/wp\/v2\/modelos"}],"about":[{"href":"https:\/\/advbox.com.br\/blog\/wp-json\/wp\/v2\/types\/modelos"}],"author":[{"embeddable":true,"href":"https:\/\/advbox.com.br\/blog\/wp-json\/wp\/v2\/users\/44"}],"replies":[{"embeddable":true,"href":"https:\/\/advbox.com.br\/blog\/wp-json\/wp\/v2\/comments?post=14540"}],"version-history":[{"count":4,"href":"https:\/\/advbox.com.br\/blog\/wp-json\/wp\/v2\/modelos\/14540\/revisions"}],"predecessor-version":[{"id":67047,"href":"https:\/\/advbox.com.br\/blog\/wp-json\/wp\/v2\/modelos\/14540\/revisions\/67047"}],"wp:featuredmedia":[{"embeddable":true,"href":"https:\/\/advbox.com.br\/blog\/wp-json\/wp\/v2\/media\/11456"}],"wp:attachment":[{"href":"https:\/\/advbox.com.br\/blog\/wp-json\/wp\/v2\/media?parent=14540"}],"wp:term":[{"taxonomy":"modelo_category","embeddable":true,"href":"https:\/\/advbox.com.br\/blog\/wp-json\/wp\/v2\/modelo_category?post=14540"}],"curies":[{"name":"wp","href":"https:\/\/api.w.org\/{rel}","templated":true}]}}