{"id":22723,"date":"2021-01-29T21:46:00","date_gmt":"2021-01-29T23:46:00","guid":{"rendered":"https:\/\/advbox.com.br\/blog\/?post_type=modelos&#038;p=22723"},"modified":"2025-10-28T13:17:36","modified_gmt":"2025-10-28T16:17:36","slug":"criminal-pedido-de-liberdade-provisoria","status":"publish","type":"modelos","link":"https:\/\/advbox.com.br\/blog\/modelos\/criminal-pedido-de-liberdade-provisoria\/","title":{"rendered":"Pedido de Liberdade Provis\u00f3ria &#8211; Porte de arma"},"content":{"rendered":"<p>Acesse agora o modelo Pedido de Liberdade Provis\u00f3ria &#8211; Porte de arma. Saiba como muitos advogados conseguem manter o<a href=\"https:\/\/advbox.com.br\/blog\/como-automatizar-seus-modelos-de-peticoes\/\" target=\"_blank\"><strong> banco de modelos de peti\u00e7\u00f5es atualizado<\/strong><\/a> sem perder tempo e atualiza\u00e7\u00e3o.<\/p><p>Com a<a href=\"https:\/\/advbox.com.br\/blog\/advocacia-digital-por-onde-comecar\/\" target=\"_blank\"><strong> advocacia digital<\/strong><\/a>, voc\u00ea pode aproveitar esse e os diversos benef\u00edcios ao utilizar<a href=\"https:\/\/advbox.com.br\/cadastro\/\" target=\"_blank\"> <strong>software jur\u00eddico<\/strong><\/a> para o seu escrit\u00f3rio.<\/p><p>Baixe nosso ebook e melhore os resultados do seu escrit\u00f3rio utilizando os diversos recursos dispon\u00edveis no software jur\u00eddico ADVBOX.<\/p><h2 class=\"wp-block-heading\">Modelo pedido de liberdade provis\u00f3ria<strong> &#8211; <\/strong>Porte de arma<\/h2><hr class=\"wp-block-separator has-css-opacity\"><p>EXCELENT\u00cdSSIMO(A) SENHOR(A) JUIZ(A) DE DIREITO DA ___ VARA CRIMINAL DA COMARCA DE __________ &#8211; UF.<\/p><p>URGENTE &#8211; R\u00c9U PRESO<\/p><p>Processo n\u00ba __________<\/p><h3 class=\"wp-block-heading\">Peti\u00e7\u00e3o: LIBERDADE PROVIS\u00d3RIA<\/h3><p>__________, brasileiro, solteiro, Carteira de Identidade n\u00ba __________, expedida pelo ___\/UF, inscrito no CPF sob o n\u00ba __________, residente e domiciliado na Rua __________, n\u00ba ___, Bairro __________, na cidade de __________, CEP __________, telefone (XX) __________, vem \u00e0 presen\u00e7a de Vossa Excel\u00eancia, por interm\u00e9dio de seu advogado e bastante procurador que esta subscreve, com fundamento no art. 5\u00ba, LXVI, da CF\/88 e art. 310 do C\u00f3digo de Processo Penal, requerer sua<\/p><h3 class=\"wp-block-heading\"><strong>LIBERDADE PROVIS\u00d3RIA,<\/strong><\/h3><p>o que se faz pelas raz\u00f5es de fato e de direito a seguir aduzidas:<\/p><p>1. DOS FATOS<\/p><p>O Requerente, jovem de ___ anos de idade, prim\u00e1rio e de bons antecedentes, estudante do ___ ano do segundo grau do Col\u00e9gio Estadual __________, exercendo, atualmente, a profiss\u00e3o de __________, tendo iniciado a sua vida laboral desde os prim\u00f3rdios da adolesc\u00eancia, uma vez que consciente dos benef\u00edcios que o trabalho e o estudo trazem, n\u00e3o s\u00f3 para si, mas para toda a fam\u00edlia e sociedade, encontra-se enclausurado no Pres\u00eddio __________, desde __ de __________ de ____, em raz\u00e3o de ter sido preso em flagrante delito pelo crime previsto no artigo 14 da Lei n\u00ba 10.826\/03.<\/p><p>Conforme consta do Auto de Pris\u00e3o em Flagrante, o Requerente foi preso no dia __\/__\/____, por estar transportando em sua mochila uma arma de fogo, marca __________, calibre ___, de uso permitido, desmuniciada, raz\u00e3o pela qual foi indiciado como incurso no artigo 14 da Lei n\u00ba 10.826\/03 e encontra-se preso at\u00e9 a presente data.<\/p><p>Data v\u00eania, a pris\u00e3o cautelar do Requerido n\u00e3o pode perdurar, uma vez que, em que pese ter sido preso em flagrante, n\u00e3o existem motivos que justifiquem a segrega\u00e7\u00e3o cautelar do Requerente, ainda mais for levado em considera\u00e7\u00e3o que a pr\u00f3pria lei concede o direito de responder o processo em liberdade.<\/p><p>2. DA CONDUTA DO ACUSADO<\/p><p>Cumpre ressaltar Excel\u00eancia, antes de qualquer coisa e acima de tudo, que o Requerente \u00e9 pessoa \u00edntegra, voltada para os estudos e trabalho, COM PROFISS\u00c3O DEFINIDA DE __________ (conforme documentos em anexo).<\/p><p>O Acusado jamais teve participa\u00e7\u00e3o em qualquer tipo de delito, \u00e9 PRIM\u00c1RIO e possui BONS ANTECEDENTES, sendo, o delito que o levou \u00e0 pris\u00e3o,\u00a0 crime de mera conduta, o que, por si s\u00f3, descaracteriza a presun\u00e7\u00e3o de periculosidade.<\/p><p>O Requerente possui resid\u00eancia fixa &#8211; mora com os pais e irm\u00e3s.<\/p><p>Conforme comprova inclusa c\u00f3pia da Carteira de Trabalho, o Requerente sempre primou pelo labor di\u00e1rio, tendo come\u00e7ado a trabalhar com dezessete anos.<\/p><p>N\u00e3o se vislumbra raz\u00e3o para se manter um jovem de __________ anos em cumprimento antecipado de uma pena, diante da possibilidade da suspens\u00e3o condicional do processo em caso de eventual condena\u00e7\u00e3o &#8211; ou at\u00e9 de absolvi\u00e7\u00e3o, caso o entendimento siga a linha de pensamento do il. Min. Sep\u00falveda Pertence, que, no julgamento do RHC 81057\/SP, deliberou que porte de arma sem muni\u00e7\u00e3o n\u00e3o apresenta potencialidade lesiva, motivo pelo qual n\u00e3o configura crime.<\/p><p>Inexistem motivos para que o Requerente seja mantido enclausurado, uma vez que preenche os requisitos constantes da lei para a concess\u00e3o da liberdade provis\u00f3ria.<\/p><p>Com a devida v\u00eania, n\u00e3o se apresenta como medida justa o encarceramento de pessoa cuja conduta sempre se baseou na honestidade e no trabalho. O enclausuramento do Requerente em nada contribui para a seguran\u00e7a da sociedade, at\u00e9 mesmo por que o Requerente trabalha e convive em harmonia com seus familiares.<\/p><p>Dessa feita, o encarceramento do Requerente, como medida de antecipa\u00e7\u00e3o de uma poss\u00edvel pena, \u00e9 medida que se afasta dos anseios da sociedade. O Acusado, em nenhum momento, cometera crime de grande repercuss\u00e3o social ou, at\u00e9 mesmo, crime violento ou que causasse intranquilidade social.<\/p><p>3. DO DIREITO<\/p><p>Vejamos o que discorre o insigne JULIO FABBRINI MIRABETE sobre o tema:<\/p><p><em>\u201cComo, em princ\u00edpio, ningu\u00e9m dever ser recolhido \u00e0 pris\u00e3o sen\u00e3o ap\u00f3s a senten\u00e7a condenat\u00f3ria transitada em julgado, procura-se estabelecer institutos e medidas que assegurem o desenvolvimento regular do processo com a presen\u00e7a do acusado sem sacrif\u00edcio de sua liberdade, deixando a cust\u00f3dia provis\u00f3ria apenas para as hip\u00f3teses de absoluta necessidade.\u201d<\/em><\/p><p>Excel\u00eancia, n\u00e3o se faz necess\u00e1rio colocar-se diante do Requerente para concluir acerca da falta de motivos legais e justos para a continuidade da segrega\u00e7\u00e3o cautelar, pois dos inclusos documentos pode-se abstrair que aquele jamais se entregou \u00e0 vadiagem e criminalidade, tendo sempre demonstrado ter uma vida dedicada ao trabalho e conviv\u00eancia familiar. N\u00e3o se pode analisar um fato isolado e deixar de lado a avalia\u00e7\u00e3o de toda vida pregressa do Requerente e de sua personalidade.<\/p><p>Nesse sentido, vejamos ementa do Eg. TJGO:<\/p><p><em>HABEAS CORPUS. PORTE ILEGAL DE ARMA. PRIS\u00c3O EM FLAGRANTE. PEDIDO DE LIBERDADE PROVIS\u00d3RIA. INDEFERIMENTO. AUS\u00caNCIA DE FUNDAMENTA\u00c7\u00c3O. PREDICADOS PESSOAIS. ART. 14 DO ESTATUTO DO DESARMAMENTO. INCONSTITUCIONALIDADE. 1 &#8211; CONSTITUI CONSTRANGIMENTO ILEGAL SAN\u00c1VEL POR &#8216;HABEAS CORPUS&#8217; A DENEGA\u00c7\u00c3O DE PEDIDO DE LIBERDADE PROVIS\u00d3RIA EM DECIS\u00c3O DESPIDA DE FUNDAMENTA\u00c7\u00c3O. 2 &#8211; COMPROVADO QUE O PACIENTE TEM ENDERE\u00c7O FIXO NO DISTRITO DA CULPA, TRABALHO L\u00cdCITO, SENDO PRIM\u00c1RIO E DE BONS ANTECEDENTES E AUSENTES AS HIP\u00d3TESES PREVISTAS NO ARTIGO 312 DO C\u00d3DIGO DE PROCESSO PENAL, DESNECESS\u00c1RIA SE MOSTRA A MANUTEN\u00c7\u00c3O DA CUSTODIA CAUTELAR. 3 &#8211; TENDO O STF DECLARADO A INCONSTITUCIONALIDADE DO ART. 14 DO ESTATUTO DO DESARMAMENTO, ASSUMEM CAR\u00c1TER DE AFIAN\u00c7\u00c1VEIS O PORTE ILEGAL DE ARMA E O DISPARO DE ARMA DE FOGO. 4 &#8211; ORDEM CONCEDIDA. LIMINAR CONFIRMADA.&#8221; (28785-0\/217 &#8211; HABEAS-CORPUS, Relator: DES. PAULO TELES, DJ 15004 de 21\/05\/2007). (grifou-se).<\/em><\/p><p>No caso em tela, patente \u00e9 a inexist\u00eancia do periculum in libertatis, cabendo ressaltar que a medida cautelar s\u00f3 deve prosperar diante da exist\u00eancia de absoluta necessidade de sua manuten\u00e7\u00e3o e caso subsista os dois pressupostos basilares de todo provimento cautelar, ou seja, o fumus bonis juris e o periculum in mora, devendo haver a presen\u00e7a simult\u00e2nea dos dois requisitos, de modo que, ausente um, \u00e9 ela incab\u00edvel.<\/p><p>Resta evidente que, em nenhum momento, resta demonstrada a periculosidade ou conduta temer\u00e1ria do Requerente, cabendo ressaltar que o delito o qual se encontra incurso o Requerente n\u00e3o deve ser equiparado aos crimes que acarretam les\u00e3o ou amea\u00e7a de les\u00e3o \u00e0 vida ou patrim\u00f4nio.<\/p><p>3.1 &#8211; DA GARANTIA DA ORDEM P\u00daBLICA<\/p><p>Caso solto o Acusado, n\u00e3o haver\u00e1 preju\u00edzo algum para a ordem p\u00fablica, uma vez que o Requerente \u00e9 homem de bem, trabalhador e dedicado \u00e0 vida familiar. O primeiro passo a ser dado pelo Requerente ser\u00e1 retornar ao trabalho e aos estudos, para provar ser merecedor das garantias legais inerentes \u00e0 liberdade pessoal.<\/p><p>O Requerente n\u00e3o apresenta e n\u00e3o ocasionar\u00e1 nenhum risco para a ordem p\u00fablica, cabendo ressaltar que \u00e9 no seio da fam\u00edlia, n\u00facleo social de suma import\u00e2ncia para a redu\u00e7\u00e3o da criminalidade, que o Requerente pretende se estabelecer e dar continuidade ao labor di\u00e1rio, raz\u00e3o pela qual n\u00e3o se pode cometer a injusti\u00e7a de presumir uma periculosidade inexistente e que resta afastada diante dos documentos juntados aos autos.<\/p><p>Outrossim, impor ao Requerente o cumprimento antecipado de uma pena \u00e9 o mesmo que fechar os olhos aos princ\u00edpios que norteiam o ordenamento jur\u00eddico, em especial,\u00a0<\/p><p>3.2 &#8211; DA CONVENI\u00caNCIA DA INSTRU\u00c7\u00c3O CRIMINAL<\/p><p>O Requerente n\u00e3o pretende e de nenhuma forma perturbar\u00e1 ou dificultar\u00e1 a busca da verdade real e o desenvolvimento da marcha processual. Estar\u00e1 voltado t\u00e3o-somente a defender-se da acusa\u00e7\u00e3o que contra si foi imputada, estando certo de que com a continuidade do labor di\u00e1rio chegar\u00e1 ao termo do processo com a consci\u00eancia de ter feito jus \u00e0 confian\u00e7a do Estado-juiz e da sociedade.<\/p><p>Ademais, o Requerente \u00e9 consciente de que a instru\u00e7\u00e3o criminal \u00e9 o meio h\u00e1bil de exercer o direito constitucional do contradit\u00f3rio e da ampla defesa, raz\u00e3o pela qual n\u00e3o se pode presumir que o mesmo se voltar\u00e1 contra o \u00fanico meio que possibilitar\u00e1 o exerc\u00edcio de sua defesa.<\/p><p>3.3 &#8211; DA APLICA\u00c7\u00c3O DA LEI PENAL<\/p><p>A pris\u00e3o n\u00e3o deve prosperar sob o argumento de se garantir a aplica\u00e7\u00e3o da lei penal, posto que o Requerente possui endere\u00e7o conhecido, bem como emprego fixo e definido.<\/p><p>O Requerente jamais se furtar\u00e1 a defender-se da acusa\u00e7\u00e3o que lhe \u00e9 imputada. Compromete-se a comparecer a todos os atos do processo, disponibilizando-se a ser localizado a qualquer momento para a pr\u00e1tica dos atos processuais.<\/p><p>Destitu\u00edda de qualquer finalidade se mostra a manuten\u00e7\u00e3o do Requerente no encarceramento estatal, sendo que a sociedade e o Estado ser\u00e3o os maiores beneficiados em possibilitar ao Requerente responder ao processo criminal em liberdade, posto que permitir\u00e3o que o mesmo retorne ao trabalho e continue a contribuir para a harmoniza\u00e7\u00e3o da vida familiar e, consequentemente, para a pacifica\u00e7\u00e3o social.<\/p><p>No sentido do que at\u00e9 aqui foi discorrido, interessante transcrever os ensinamentos do insigne JULIO FABBRINI MIRABETE, in literis:<\/p><p><em>\u201cComo, em princ\u00edpio, ningu\u00e9m dever ser recolhido \u00e0 pris\u00e3o sen\u00e3o ap\u00f3s a senten\u00e7a condenat\u00f3ria transitada em julgado, procura-se estabelecer institutos e medidas que assegurem o desenvolvimento regular do processo com a presen\u00e7a do acusado sem sacrif\u00edcio de sua liberdade, deixando a cust\u00f3dia provis\u00f3ria apenas para as hip\u00f3teses de absoluta necessidade.\u201d<\/em><\/p><p>Ademais, vejamos ainda:<\/p><p><em>\u201c\u00c9 poss\u00edvel a concess\u00e3o de liberdade provis\u00f3ria ao agente prim\u00e1rio, com profiss\u00e3o definida e resid\u00eancia fixa, por n\u00e3o estarem presentes os pressupostos ensejadores da manuten\u00e7\u00e3o da cust\u00f3dia cautelar.\u201d (RJDTACRIM 40\/321).<\/em><\/p><p><em>\u201cSe a ordem p\u00fablica, a instru\u00e7\u00e3o criminal e a aplica\u00e7\u00e3o da lei penal n\u00e3o correm perigo deve a liberdade provis\u00f3ria ser concedida a acusado preso em flagrante, nos termos do art. 310, par\u00e1grafo \u00fanico, do CPP. A gravidade do crime que lhe \u00e9 imputado, desvinculada de raz\u00f5es s\u00e9rias e fundadas, devidamente especificadas, n\u00e3o justifica sua cust\u00f3dia provis\u00f3ria\u201d (RT 562\/329)<\/em><\/p><p>\u00c9 saliente o fato de que a concess\u00e3o da liberdade provis\u00f3ria, ora pleiteada, permitir\u00e1 a concilia\u00e7\u00e3o dos interesses sociais, os quais exigem a aplica\u00e7\u00e3o e execu\u00e7\u00e3o da pena ao autor do crime, aos interesses do Requerente, os quais se consubstanciam no direito e garantia de n\u00e3o ser preso sen\u00e3o quando considerado culpado por senten\u00e7a condenat\u00f3ria transitada em julgado.<\/p><p>Dessa forma, \u00ednclito julgador, a concess\u00e3o de LIBERDADE PROVIS\u00d3RIA ao acusado \u00e9 medida que se ajusta perfeitamente ao caso em tela, n\u00e3o havendo, por conseguinte, raz\u00f5es para a manuten\u00e7\u00e3o do mesmo aprisionado, ainda mais nos tempos atuais em que a pris\u00e3o n\u00e3o cumpre com a finalidade a que se destina, servindo mais para o aperfei\u00e7oamento dos criminosos reincidentes que ali adentram e para a inicializa\u00e7\u00e3o no mundo do crime de jovens que, de forma isolada e prim\u00e1ria, vieram a cometer algum tipo de delito.<\/p><p>4 &#8211; DO PEDIDO<\/p><p>Pelo exposto e de acordo com a melhor doutrina e jurisprud\u00eancia aplicadas ao caso em an\u00e1lise, requer a concess\u00e3o da LIBERDADE PROVIS\u00d3RIA SEM FIAN\u00c7A, uma vez restarem ausentes as hip\u00f3teses constantes do art. 312 do CPP.<\/p><p>Concedida a medida pleiteada, requer a imediata expedi\u00e7\u00e3o de alvar\u00e1 de soltura em favor do Requerente, conforme as disposi\u00e7\u00f5es legais pertinentes.<\/p><p>Por fim, requer que seja concedido o benef\u00edcio da gratuidade judici\u00e1ria, uma vez que o Requerente n\u00e3o tem condi\u00e7\u00f5es de arcar com o pagamento das custas sem preju\u00edzo \u00e0 pr\u00f3pria subsist\u00eancia.<\/p><p>Termos em que, pede deferimento.<\/p><p>__________, __ de __________ de ____.<\/p><p>p. p. __________<\/p><p>OAB\/UF n\u00ba _____<\/p><h3 class=\"wp-block-heading\">DOCUMENTOS ACOSTADOS:<\/h3><p>1 &#8211; PROCURA\u00c7\u00c3O<\/p><p>2 &#8211; IDENTIDADE E CPF\u00a0<\/p><p>3 &#8211; CARTEIRA DE TRABALHO E PREVID\u00caNCIA SOCIAL<\/p><p>4. &#8211; CONTRACHEQUE<\/p><p>5 &#8211; DECLARA\u00c7\u00c3O DE TRABALHO<\/p><p>6 &#8211; PROVA DE RESID\u00caNCIA<\/p><p>7 &#8211; TITULO ELEITORAL<\/p><p>8 &#8211; CERTIFICADO DE ALISTAMENTO MILITAR<\/p><p>9 &#8211; DECLARA\u00c7\u00c3O DE IDONEIDADE<\/p><p>10 &#8211; ABAIXO-ASSINADO \/ IDONEIDADE MORAL<\/p><p>11 &#8211; CERTIFICADO DE CURSO<\/p><p>12 &#8211; DECLARA\u00c7\u00c3O DE MATR\u00cdCULA NO COL\u00c9GIO __________<\/p><p>13 &#8211; PROVA DE RELIGIOSIDADE<\/p><p>14 &#8211; AUTO DE APREENS\u00c3O DA ARMA<\/p><p>Modelo cedido por Orlando Cardoso de Melo e Ronaldo Teixeira Gon\u00e7alves Advogados &#8211; Rio de janeiro &#8211; RJ<\/p><h4 class=\"wp-block-heading\">Artigos jur\u00eddicos <\/h4><ul class=\"wp-block-latest-posts__list is-grid columns-3 wp-block-latest-posts\"><li><div class=\"wp-block-latest-posts__featured-image\"><img fetchpriority=\"high\" decoding=\"async\" width=\"350\" height=\"230\" src=\"https:\/\/advbox.com.br\/blog\/wp-content\/uploads\/2024\/10\/a-inteligencia-artificial-colaborando-com-o-direito-e-a-justica-350x230.webp\" class=\"attachment-thumbnail size-thumbnail wp-post-image\" alt=\"a inteligencia artificial colaborando com o direito e a justi\u00e7a\" style=\"\" \/><\/div><a class=\"wp-block-latest-posts__post-title\" href=\"https:\/\/advbox.com.br\/blog\/a-inteligencia-artificial-colaborando-com-o-direito-e-a-justica\/\" target=\"_blank\">A Intelig\u00eancia Artificial colaborando com o direito e a justi\u00e7a<\/a><\/li>\n<li><div class=\"wp-block-latest-posts__featured-image\"><img decoding=\"async\" width=\"350\" height=\"230\" src=\"https:\/\/advbox.com.br\/blog\/wp-content\/uploads\/2025\/12\/sobrestamento-1-350x230.jpg\" class=\"attachment-thumbnail size-thumbnail wp-post-image\" alt=\"Banner institucional da ADVBOX com elemento visual abstrato em tons de azul, representando estrutura, tecnologia e identidade visual da marca\" style=\"\" loading=\"lazy\" \/><\/div><a class=\"wp-block-latest-posts__post-title\" href=\"https:\/\/advbox.com.br\/blog\/como-funciona-a-inteligencia-artificial-direito\/\" target=\"_blank\">Como funciona a Intelig\u00eancia Artificial no Direito e como utilizar?<\/a><\/li>\n<li><div class=\"wp-block-latest-posts__featured-image\"><img decoding=\"async\" width=\"350\" height=\"230\" src=\"https:\/\/advbox.com.br\/blog\/wp-content\/uploads\/2025\/12\/sobrestamento-1-350x230.jpg\" class=\"attachment-thumbnail size-thumbnail wp-post-image\" alt=\"Banner institucional da ADVBOX com elemento visual abstrato em tons de azul, representando estrutura, tecnologia e identidade visual da marca\" style=\"\" loading=\"lazy\" \/><\/div><a class=\"wp-block-latest-posts__post-title\" href=\"https:\/\/advbox.com.br\/blog\/prompt-juridico-chat-gpt\/\" target=\"_blank\">220 prompts jur\u00eddicos do ChatGPT para advogados e como criar<\/a><\/li>\n<\/ul>\n","protected":false},"excerpt":{"rendered":"<p>Acesse agora o modelo Pedido de Liberdade Provis\u00f3ria &#8211; Porte de arma. Saiba como muitos advogados conseguem manter o banco de modelos de peti\u00e7\u00f5es atualizado sem perder tempo e atualiza\u00e7\u00e3o. Com a advocacia digital, voc\u00ea pode aproveitar esse e os diversos benef\u00edcios ao utilizar software jur\u00eddico para o seu escrit\u00f3rio. [&hellip;]<\/p>\n","protected":false},"author":2,"featured_media":21548,"comment_status":"closed","ping_status":"closed","template":"","meta":{"_acf_changed":false,"om_disable_all_campaigns":false,"footnotes":""},"modelo_category":[1483],"class_list":["post-22723","modelos","type-modelos","status-publish","has-post-thumbnail","hentry","modelo_category-direito-penal"],"acf":[],"yoast_head":"<!-- This site is optimized with the Yoast SEO plugin v26.9 - https:\/\/yoast.com\/product\/yoast-seo-wordpress\/ -->\n<title>Pedido de Liberdade Provis\u00f3ria - Porte de arma<\/title>\n<meta name=\"description\" content=\"Confira o modelo de peti\u00e7\u00e3o de pedido de liberdade provis\u00f3ria de porte de arma, com fundamentos legais atualizados e adapt\u00e1vel para uso.\" \/>\n<meta name=\"robots\" content=\"index, follow, max-snippet:-1, max-image-preview:large, max-video-preview:-1\" \/>\n<link rel=\"canonical\" href=\"https:\/\/advbox.com.br\/blog\/modelos\/criminal-pedido-de-liberdade-provisoria\/\" \/>\n<meta property=\"og:locale\" content=\"pt_BR\" \/>\n<meta property=\"og:type\" content=\"article\" \/>\n<meta property=\"og:title\" content=\"Pedido de Liberdade Provis\u00f3ria - Porte de arma\" \/>\n<meta property=\"og:description\" content=\"Confira o modelo de peti\u00e7\u00e3o de pedido de liberdade provis\u00f3ria de porte de arma, com fundamentos legais atualizados e adapt\u00e1vel para uso.\" \/>\n<meta property=\"og:url\" content=\"https:\/\/advbox.com.br\/blog\/modelos\/criminal-pedido-de-liberdade-provisoria\/\" \/>\n<meta property=\"og:site_name\" content=\"Software Jur\u00eddico Completo - ADVBOX\" \/>\n<meta property=\"article:publisher\" content=\"https:\/\/www.facebook.com\/advbox\/\" \/>\n<meta property=\"article:modified_time\" content=\"2025-10-28T16:17:36+00:00\" \/>\n<meta property=\"og:image\" content=\"https:\/\/advbox.com.br\/blog\/wp-content\/uploads\/2020\/11\/software-juridico.jpg\" \/>\n\t<meta property=\"og:image:width\" content=\"626\" \/>\n\t<meta property=\"og:image:height\" content=\"417\" \/>\n\t<meta property=\"og:image:type\" content=\"image\/jpeg\" \/>\n<meta name=\"twitter:card\" content=\"summary_large_image\" \/>\n<meta name=\"twitter:site\" content=\"@advbox2\" \/>\n<script type=\"application\/ld+json\" class=\"yoast-schema-graph\">{\"@context\":\"https:\/\/schema.org\",\"@graph\":[{\"@type\":\"WebPage\",\"@id\":\"https:\/\/advbox.com.br\/blog\/modelos\/criminal-pedido-de-liberdade-provisoria\/\",\"url\":\"https:\/\/advbox.com.br\/blog\/modelos\/criminal-pedido-de-liberdade-provisoria\/\",\"name\":\"Pedido de Liberdade Provis\u00f3ria - Porte de arma\",\"isPartOf\":{\"@id\":\"https:\/\/advbox.com.br\/blog\/#website\"},\"primaryImageOfPage\":{\"@id\":\"https:\/\/advbox.com.br\/blog\/modelos\/criminal-pedido-de-liberdade-provisoria\/#primaryimage\"},\"image\":{\"@id\":\"https:\/\/advbox.com.br\/blog\/modelos\/criminal-pedido-de-liberdade-provisoria\/#primaryimage\"},\"thumbnailUrl\":\"https:\/\/advbox.com.br\/blog\/wp-content\/uploads\/2020\/11\/software-juridico.jpg\",\"datePublished\":\"2021-01-29T23:46:00+00:00\",\"dateModified\":\"2025-10-28T16:17:36+00:00\",\"description\":\"Confira o modelo de peti\u00e7\u00e3o de pedido de liberdade provis\u00f3ria de porte de arma, com fundamentos legais atualizados e adapt\u00e1vel para uso.\",\"breadcrumb\":{\"@id\":\"https:\/\/advbox.com.br\/blog\/modelos\/criminal-pedido-de-liberdade-provisoria\/#breadcrumb\"},\"inLanguage\":\"pt-BR\",\"potentialAction\":[{\"@type\":\"ReadAction\",\"target\":[\"https:\/\/advbox.com.br\/blog\/modelos\/criminal-pedido-de-liberdade-provisoria\/\"]}]},{\"@type\":\"ImageObject\",\"inLanguage\":\"pt-BR\",\"@id\":\"https:\/\/advbox.com.br\/blog\/modelos\/criminal-pedido-de-liberdade-provisoria\/#primaryimage\",\"url\":\"https:\/\/advbox.com.br\/blog\/wp-content\/uploads\/2020\/11\/software-juridico.jpg\",\"contentUrl\":\"https:\/\/advbox.com.br\/blog\/wp-content\/uploads\/2020\/11\/software-juridico.jpg\",\"width\":626,\"height\":417,\"caption\":\"software juridico\"},{\"@type\":\"BreadcrumbList\",\"@id\":\"https:\/\/advbox.com.br\/blog\/modelos\/criminal-pedido-de-liberdade-provisoria\/#breadcrumb\",\"itemListElement\":[{\"@type\":\"ListItem\",\"position\":1,\"name\":\"In\u00edcio\",\"item\":\"https:\/\/advbox.com.br\/blog\/\"},{\"@type\":\"ListItem\",\"position\":2,\"name\":\"Modelos\",\"item\":\"https:\/\/advbox.com.br\/blog\/modelos\/\"},{\"@type\":\"ListItem\",\"position\":3,\"name\":\"Pedido de Liberdade Provis\u00f3ria &#8211; Porte de arma\"}]},{\"@type\":\"WebSite\",\"@id\":\"https:\/\/advbox.com.br\/blog\/#website\",\"url\":\"https:\/\/advbox.com.br\/blog\/\",\"name\":\"Software Jur\u00eddico Completo - ADVBOX\",\"description\":\"Plataforma para Advocacia Digital\",\"publisher\":{\"@id\":\"https:\/\/advbox.com.br\/blog\/#organization\"},\"potentialAction\":[{\"@type\":\"SearchAction\",\"target\":{\"@type\":\"EntryPoint\",\"urlTemplate\":\"https:\/\/advbox.com.br\/blog\/?s={search_term_string}\"},\"query-input\":{\"@type\":\"PropertyValueSpecification\",\"valueRequired\":true,\"valueName\":\"search_term_string\"}}],\"inLanguage\":\"pt-BR\"},{\"@type\":\"Organization\",\"@id\":\"https:\/\/advbox.com.br\/blog\/#organization\",\"name\":\"ADVBOX Blog - Software jur\u00eddico da advocacia digital\",\"url\":\"https:\/\/advbox.com.br\/blog\/\",\"logo\":{\"@type\":\"ImageObject\",\"inLanguage\":\"pt-BR\",\"@id\":\"https:\/\/advbox.com.br\/blog\/#\/schema\/logo\/image\/\",\"url\":\"https:\/\/advbox.com.br\/blog\/wp-content\/uploads\/2019\/12\/Como-aumentar-a-produtividade_.jpg\",\"contentUrl\":\"https:\/\/advbox.com.br\/blog\/wp-content\/uploads\/2019\/12\/Como-aumentar-a-produtividade_.jpg\",\"width\":320,\"height\":213,\"caption\":\"ADVBOX Blog - Software jur\u00eddico da advocacia digital\"},\"image\":{\"@id\":\"https:\/\/advbox.com.br\/blog\/#\/schema\/logo\/image\/\"},\"sameAs\":[\"https:\/\/www.facebook.com\/advbox\/\",\"https:\/\/x.com\/advbox2\"]}]}<\/script>\n<!-- \/ Yoast SEO plugin. -->","yoast_head_json":{"title":"Pedido de Liberdade Provis\u00f3ria - Porte de arma","description":"Confira o modelo de peti\u00e7\u00e3o de pedido de liberdade provis\u00f3ria de porte de arma, com fundamentos legais atualizados e adapt\u00e1vel para uso.","robots":{"index":"index","follow":"follow","max-snippet":"max-snippet:-1","max-image-preview":"max-image-preview:large","max-video-preview":"max-video-preview:-1"},"canonical":"https:\/\/advbox.com.br\/blog\/modelos\/criminal-pedido-de-liberdade-provisoria\/","og_locale":"pt_BR","og_type":"article","og_title":"Pedido de Liberdade Provis\u00f3ria - Porte de arma","og_description":"Confira o modelo de peti\u00e7\u00e3o de pedido de liberdade provis\u00f3ria de porte de arma, com fundamentos legais atualizados e adapt\u00e1vel para uso.","og_url":"https:\/\/advbox.com.br\/blog\/modelos\/criminal-pedido-de-liberdade-provisoria\/","og_site_name":"Software Jur\u00eddico Completo - ADVBOX","article_publisher":"https:\/\/www.facebook.com\/advbox\/","article_modified_time":"2025-10-28T16:17:36+00:00","og_image":[{"width":626,"height":417,"url":"https:\/\/advbox.com.br\/blog\/wp-content\/uploads\/2020\/11\/software-juridico.jpg","type":"image\/jpeg"}],"twitter_card":"summary_large_image","twitter_site":"@advbox2","schema":{"@context":"https:\/\/schema.org","@graph":[{"@type":"WebPage","@id":"https:\/\/advbox.com.br\/blog\/modelos\/criminal-pedido-de-liberdade-provisoria\/","url":"https:\/\/advbox.com.br\/blog\/modelos\/criminal-pedido-de-liberdade-provisoria\/","name":"Pedido de Liberdade Provis\u00f3ria - Porte de arma","isPartOf":{"@id":"https:\/\/advbox.com.br\/blog\/#website"},"primaryImageOfPage":{"@id":"https:\/\/advbox.com.br\/blog\/modelos\/criminal-pedido-de-liberdade-provisoria\/#primaryimage"},"image":{"@id":"https:\/\/advbox.com.br\/blog\/modelos\/criminal-pedido-de-liberdade-provisoria\/#primaryimage"},"thumbnailUrl":"https:\/\/advbox.com.br\/blog\/wp-content\/uploads\/2020\/11\/software-juridico.jpg","datePublished":"2021-01-29T23:46:00+00:00","dateModified":"2025-10-28T16:17:36+00:00","description":"Confira o modelo de peti\u00e7\u00e3o de pedido de liberdade provis\u00f3ria de porte de arma, com fundamentos legais atualizados e adapt\u00e1vel para uso.","breadcrumb":{"@id":"https:\/\/advbox.com.br\/blog\/modelos\/criminal-pedido-de-liberdade-provisoria\/#breadcrumb"},"inLanguage":"pt-BR","potentialAction":[{"@type":"ReadAction","target":["https:\/\/advbox.com.br\/blog\/modelos\/criminal-pedido-de-liberdade-provisoria\/"]}]},{"@type":"ImageObject","inLanguage":"pt-BR","@id":"https:\/\/advbox.com.br\/blog\/modelos\/criminal-pedido-de-liberdade-provisoria\/#primaryimage","url":"https:\/\/advbox.com.br\/blog\/wp-content\/uploads\/2020\/11\/software-juridico.jpg","contentUrl":"https:\/\/advbox.com.br\/blog\/wp-content\/uploads\/2020\/11\/software-juridico.jpg","width":626,"height":417,"caption":"software juridico"},{"@type":"BreadcrumbList","@id":"https:\/\/advbox.com.br\/blog\/modelos\/criminal-pedido-de-liberdade-provisoria\/#breadcrumb","itemListElement":[{"@type":"ListItem","position":1,"name":"In\u00edcio","item":"https:\/\/advbox.com.br\/blog\/"},{"@type":"ListItem","position":2,"name":"Modelos","item":"https:\/\/advbox.com.br\/blog\/modelos\/"},{"@type":"ListItem","position":3,"name":"Pedido de Liberdade Provis\u00f3ria &#8211; Porte de arma"}]},{"@type":"WebSite","@id":"https:\/\/advbox.com.br\/blog\/#website","url":"https:\/\/advbox.com.br\/blog\/","name":"Software Jur\u00eddico Completo - ADVBOX","description":"Plataforma para Advocacia Digital","publisher":{"@id":"https:\/\/advbox.com.br\/blog\/#organization"},"potentialAction":[{"@type":"SearchAction","target":{"@type":"EntryPoint","urlTemplate":"https:\/\/advbox.com.br\/blog\/?s={search_term_string}"},"query-input":{"@type":"PropertyValueSpecification","valueRequired":true,"valueName":"search_term_string"}}],"inLanguage":"pt-BR"},{"@type":"Organization","@id":"https:\/\/advbox.com.br\/blog\/#organization","name":"ADVBOX Blog - Software jur\u00eddico da advocacia digital","url":"https:\/\/advbox.com.br\/blog\/","logo":{"@type":"ImageObject","inLanguage":"pt-BR","@id":"https:\/\/advbox.com.br\/blog\/#\/schema\/logo\/image\/","url":"https:\/\/advbox.com.br\/blog\/wp-content\/uploads\/2019\/12\/Como-aumentar-a-produtividade_.jpg","contentUrl":"https:\/\/advbox.com.br\/blog\/wp-content\/uploads\/2019\/12\/Como-aumentar-a-produtividade_.jpg","width":320,"height":213,"caption":"ADVBOX Blog - Software jur\u00eddico da advocacia digital"},"image":{"@id":"https:\/\/advbox.com.br\/blog\/#\/schema\/logo\/image\/"},"sameAs":["https:\/\/www.facebook.com\/advbox\/","https:\/\/x.com\/advbox2"]}]}},"_links":{"self":[{"href":"https:\/\/advbox.com.br\/blog\/wp-json\/wp\/v2\/modelos\/22723","targetHints":{"allow":["GET"]}}],"collection":[{"href":"https:\/\/advbox.com.br\/blog\/wp-json\/wp\/v2\/modelos"}],"about":[{"href":"https:\/\/advbox.com.br\/blog\/wp-json\/wp\/v2\/types\/modelos"}],"author":[{"embeddable":true,"href":"https:\/\/advbox.com.br\/blog\/wp-json\/wp\/v2\/users\/2"}],"replies":[{"embeddable":true,"href":"https:\/\/advbox.com.br\/blog\/wp-json\/wp\/v2\/comments?post=22723"}],"version-history":[{"count":5,"href":"https:\/\/advbox.com.br\/blog\/wp-json\/wp\/v2\/modelos\/22723\/revisions"}],"predecessor-version":[{"id":75113,"href":"https:\/\/advbox.com.br\/blog\/wp-json\/wp\/v2\/modelos\/22723\/revisions\/75113"}],"wp:featuredmedia":[{"embeddable":true,"href":"https:\/\/advbox.com.br\/blog\/wp-json\/wp\/v2\/media\/21548"}],"wp:attachment":[{"href":"https:\/\/advbox.com.br\/blog\/wp-json\/wp\/v2\/media?parent=22723"}],"wp:term":[{"taxonomy":"modelo_category","embeddable":true,"href":"https:\/\/advbox.com.br\/blog\/wp-json\/wp\/v2\/modelo_category?post=22723"}],"curies":[{"name":"wp","href":"https:\/\/api.w.org\/{rel}","templated":true}]}}