{"id":26472,"date":"2021-03-22T10:04:57","date_gmt":"2021-03-22T13:04:57","guid":{"rendered":"https:\/\/advbox.com.br\/blog\/?post_type=modelos&#038;p=26472"},"modified":"2026-01-07T09:19:24","modified_gmt":"2026-01-07T12:19:24","slug":"civel-acao-cobranca-de-comissao-de-corretagem","status":"publish","type":"modelos","link":"https:\/\/advbox.com.br\/blog\/modelos\/civel-acao-cobranca-de-comissao-de-corretagem\/","title":{"rendered":"Modelo de a\u00e7\u00e3o de cobran\u00e7a de comiss\u00e3o de corretagem"},"content":{"rendered":"\n<p><\/p>\n\n\n\n<h2 class=\"wp-block-heading\">A\u00c7\u00c3O DE COBRAN\u00c7A DE COMISS\u00c3O DE CORRETAGEM<\/h2>\n\n\n\n<p><strong>EXCELENT\u00cdSSIMO(A)&nbsp;SENHOR(A) DOUTOR(A) JUIZ(A)&nbsp;DE DIREITO DA [[Vara]] VARA (&#8230;)&nbsp;DA&nbsp;[[Comarca]]&nbsp;DE&nbsp;[[Cidade do cliente]]\/[[UF do cliente]].<\/strong><\/p>\n\n\n\n<p><strong>[[Nome do cliente]]<\/strong>, [[Nacionalidade do cliente]],&nbsp;[[Estado civil do cliente]],&nbsp;[[Profiss\u00e3o do cliente]], [[Sexo do cliente]],&nbsp;nascido(a)&nbsp;em&nbsp;[[Data de nascimento do cliente]], &nbsp;inscrito(a) no CPF sob n\u00ba&nbsp;[[CPF\/CNPJ do cliente]], RG sob n\u00ba [[RG do cliente]], residente e domiciliado(a) na&nbsp;[[Endere\u00e7o do cliente]], [[Cidade do cliente]]\/[[UF do cliente]], CEP XXXX,&nbsp;com endere\u00e7o eletr\u00f4nico [[E-mail do cliente]], representado nesta a\u00e7\u00e3o por seu\/sua advogado(a),&nbsp;[[Outorgados]], conforme procura\u00e7\u00e3o anexa, com endere\u00e7o profissional na&nbsp;[[Endere\u00e7o do escrit\u00f3rio]],&nbsp;[[Cidade do escrit\u00f3rio]]\/[[UF do escrit\u00f3rio]], vem respeitosamente \u00e0 presen\u00e7a de Vossa Excel\u00eancia, conforme os fundamentos de fato e de direito postos a seguir, propor a presente&nbsp;<\/p>\n\n\n\n<p><strong>A\u00c7\u00c3O DE COBRAN\u00c7A DE COMISS\u00c3O DE CORRETAGEM<\/strong><\/p>\n\n\n\n<p>em face de&nbsp;<strong>[[Parte contr\u00e1ria]]<\/strong>, (indicar se \u00e9 pessoa f\u00edsica ou jur\u00eddica), com CPF\/CNPJ sob n\u00ba \u2026, com sede na Rua \u2026, n\u00ba&nbsp;\u2026, bairro &#8230;, CEP: \u2026, Munic\u00edpio\u2013 UF, pelas raz\u00f5es de fato e de direito que passa a aduzir e no final requer:<\/p>\n\n\n\n<p><strong>I &#8211; DOS FATOS<\/strong><\/p>\n\n\n\n<p>Na qualidade de corretor de im\u00f3veis, devidamente autorizado pelo r\u00e9u, consoante autoriza\u00e7\u00e3o de venda anexa (documento 2), o autor, com grande disp\u00eandio de tempo e de dinheiro (publicidade, combust\u00edvel, etc.), logrou angariar comprador id\u00f4neo.<\/p>\n\n\n\n<p>Sendo assim, vendedor e comprador firmaram a competente escritura p\u00fablica de compra e venda, t\u00edtulo esse que foi levado a registro.<\/p>\n\n\n\n<p>No ato da outorga da escritura, o vendedor, ora r\u00e9u, recebeu integralmente o pre\u00e7o ajustado, de R$ XX (reais).<\/p>\n\n\n\n<p>No entanto, a par da efetiva participa\u00e7\u00e3o do autor que mediou o neg\u00f3cio entre as partes, o r\u00e9u se nega a cumprir a sua obriga\u00e7\u00e3o de pagar a comiss\u00e3o ajustada, no montante de 6% (seis por cento) sobre o valor da opera\u00e7\u00e3o, ou seja, R$ XX (reais).<\/p>\n\n\n\n<p>Sendo assim, baldos os esfor\u00e7os para receber amigavelmente o valor devido, n\u00e3o restou alternativa ao autor sen\u00e3o a propositura da vertente a\u00e7\u00e3o.<\/p>\n\n\n\n<p><strong>II &#8211; DO DIREITO<\/strong><\/p>\n\n\n\n<p>Determina o C\u00f3digo Civil:<\/p>\n\n\n\n<p><em>Art. 725. &#8220;A remunera\u00e7\u00e3o \u00e9 devida ao corretor uma vez que tenha conseguido o resultado previsto no contrato de media\u00e7\u00e3o, ou ainda que este n\u00e3o se efetive em virtude de arrependimento das partes.&#8221;<\/em><\/p>\n\n\n\n<p>Sendo assim, o r\u00e9u dever\u00e1 ser condenado a pagar a comiss\u00e3o a que o autor faz jus em raz\u00e3o da media\u00e7\u00e3o \u00fatil, acrescida de custas, despesas e honor\u00e1rios, isso mesmo n\u00e3o havendo contrato escrito, como atesta remansosa jurisprud\u00eancia. Como n\u00e3o se trata de contrato solene, a jurisprud\u00eancia remansosa admite a prova do contrato atrav\u00e9s da ordem de venda anexa (documento 2) e at\u00e9 mesmo por testemunhas:<\/p>\n\n\n\n<p><em>Segundo Tribunal de Al\u00e7ada Civil de S\u00e3o Paulo. \u201cMedia\u00e7\u00e3o \u2013 comiss\u00e3o de corretagem \u2013 cobran\u00e7a \u2013 prova exclusivamente testemunhal \u2013 validade.\u201d (Apel. c\/ Ver. N\u00ba 516.255, 4\u00aa C\u00e2m. \u2013 rel. Juiz Mariano Siqueira \u2013 02.06.1998. Refer\u00eancias: Resp n\u00ba 8.216-MG, 4\u00aa Turma \u2013 rel. Min. Barros Monteiro \u2013 27.08.1991; Resp n\u00ba 13.508-SP \u2013 3\u00aa Turma \u2013 rel. Min. Cl\u00e1udio Santos \u2013 14.12.1992; Apel. C\u00edv. N\u00ba 216.876-2 \u2013 rel. Accioli Freire, SP \u2013 03.02.1994; AC n\u00ba 134.467-2 \u2013 Birigui \u2013 rel. Camargo Viana \u2013 19.09.1988 \u2013 RT 535\/230, 476\/235 \u2013 RTJ 121\/1.189; RE n\u00ba 106.442-PR, 25.895, 102.747, 70.563; Resp&nbsp; 11.553. No mesmo sentido: Apel. N\u00ba 520.977 \u2013 12\u00aa C\u00e2m. \u2013 rel. Juiz Gama Pellegrini \u2013 27.08.1998; Apel. N\u00ba 553.226 \u2013 12\u00aa C\u00e2m. \u2013 rel. Juiz Gama Pellegrini \u2013 19.11.1998; Apel. N\u00ba 521.845 \u2013 1\u00aa C\u00e2m. \u2013 rel. Juiz Vieira de Moraes \u2013 09.11.1998).<\/em><\/p>\n\n\n\n<p><em>Segundo Tribunal de Al\u00e7ada Civil de S\u00e3o Paulo. \u201cMedia\u00e7\u00e3o \u2013 comiss\u00e3o de corretagem \u2013 cobran\u00e7a \u2013 prova \u2013 exist\u00eancia \u2013 percentual de 6% sobre o valor da transa\u00e7\u00e3o \u2013 cabimento. Se a prova documental e oral confirma a intermedia\u00e7\u00e3o da transa\u00e7\u00e3o, \u00e9 devida a comiss\u00e3o cobrada, de 6% sobre o valor real da venda, comprovada nos autos, Senten\u00e7a mantida. Agravo retido e recurso de apela\u00e7\u00e3o improvidos.\u201d (Apel. N\u00ba 516.936 \u2013 2\u00aa C\u00e2m. \u2013 rel. Juiz Felipe Ferreira \u2013 27.04.1998. No mesmo sentido: Apel. N\u00ba 516.646 \u2013 3\u00aa C\u00e2m. \u2013 rel. Juiz Ribeiro Pinto \u2013 j. em 11.08.1998).<\/em><\/p>\n\n\n\n<p><strong>III &#8211; DEMONSTRA\u00c7\u00c3O DO D\u00c9BITO<\/strong><\/p>\n\n\n\n<p>Valor da opera\u00e7\u00e3o: R$ XX (reais).<\/p>\n\n\n\n<p>Comiss\u00e3o de corretagem: 6% (seis por cento) = (&#8230;)<\/p>\n\n\n\n<p><strong>IV &#8211; DOS PEDIDOS<\/strong><\/p>\n\n\n\n<p>Ex positis, requer o autor que, ao final, digne-se Vossa Excel\u00eancia de julgar procedente a presente a\u00e7\u00e3o, condenando o r\u00e9u a pagar o principal, no valor de R$ XX (reais), acrescido de juros legais desde a cita\u00e7\u00e3o, corre\u00e7\u00e3o monet\u00e1ria desde a data do neg\u00f3cio, despesas, custas e honor\u00e1rios advocat\u00edcios que Vossa Excel\u00eancia houver por bem arbitrar.<\/p>\n\n\n\n<p><strong>V &#8211; DA CITA\u00c7\u00c3O<\/strong><\/p>\n\n\n\n<p>Requer-se que a cita\u00e7\u00e3o do r\u00e9u seja efetuada pelo correio, nos termos dos arts. 246, I; 247 e 248 do C\u00f3digo de Processo Civil, para responder no prazo de 15 (quinze) dias (art. 335, do C\u00f3digo de Processo Civil), sob pena de serem tidos por verdadeiros todos os fatos aqui alegados (art. 344 do C\u00f3digo de Processo Civil), devendo o respectivo mandado conter as finalidades da cita\u00e7\u00e3o, as respectivas determina\u00e7\u00f5es e comina\u00e7\u00f5es, bem como a c\u00f3pia do despacho do(a) MM. Juiz(a), comunicando, ainda, o prazo para resposta, o ju\u00edzo e o cart\u00f3rio, com o respectivo endere\u00e7o.&nbsp;<\/p>\n\n\n\n<p>Ou:<\/p>\n\n\n\n<p>Nos termos do art. 246, II, do C\u00f3digo de Processo Civil (justificar o motivo, posto que a cita\u00e7\u00e3o por Oficial de Justi\u00e7a \u00e9 subsidi\u00e1ria) requer-se a cita\u00e7\u00e3o do r\u00e9u por interm\u00e9dio do Sr. Oficial de Justi\u00e7a para, querendo, responder no prazo de 15 (quinze) dias (art. 335, do C\u00f3digo de Processo Civil), sob pena de serem tidos por verdadeiros todos os fatos aqui alegados (art. 344 do C\u00f3digo de Processo Civil), devendo o respectivo mandado conter as finalidades da cita\u00e7\u00e3o, as respectivas determina\u00e7\u00f5es e comina\u00e7\u00f5es, bem como a c\u00f3pia do despacho do(a) MM. Juiz(a), comunicando, ainda, o prazo para resposta, o ju\u00edzo e o cart\u00f3rio, com o respectivo endere\u00e7o, facultando-se ao Sr. Oficial de Justi\u00e7a encarregado da dilig\u00eancia proceder nos dias e hor\u00e1rios de exce\u00e7\u00e3o (CPC, art. 212, \u00a7 2\u00ba).<\/p>\n\n\n\n<p><strong>VI &#8211; DA AUDI\u00caNCIA DE CONCILIA\u00c7\u00c3O<\/strong><\/p>\n\n\n\n<p>Nos termos do art. 334, \u00a7 5\u00ba, do C\u00f3digo de Processo Civil, o autor desde j\u00e1 manifesta, pela natureza do lit\u00edgio, desinteresse em autocomposi\u00e7\u00e3o.&nbsp;<\/p>\n\n\n\n<p>Ou:<\/p>\n\n\n\n<p>Tendo em vista a natureza do direito e demonstrando esp\u00edrito conciliador, a par das in\u00fameras tentativas de resolver amigavelmente a quest\u00e3o, o autor desde j\u00e1, nos termos do art. 334 do C\u00f3digo de Processo Civil, manifesta interesse em autocomposi\u00e7\u00e3o, aguardando a designa\u00e7\u00e3o de audi\u00eancia de concilia\u00e7\u00e3o.&nbsp;<\/p>\n\n\n\n<p><strong>VII &#8211; DAS PROVAS<\/strong><\/p>\n\n\n\n<p>Requer-se provar o alegado por todos os meios de prova em direito admitidos, incluindo per\u00edcia, produ\u00e7\u00e3o de prova documental, testemunhal, inspe\u00e7\u00e3o judicial, depoimento pessoal sob pena de confiss\u00e3o caso o r\u00e9u (ou seu representante) n\u00e3o compare\u00e7a, ou, comparecendo, se negue a depor (art. 385, \u00a7 1\u00ba, do C\u00f3digo de Processo Civil).<\/p>\n\n\n\n<p>D\u00e1-se \u00e0 causa o valor de <strong>[[Expectativa\/valor da causa]]<\/strong>, nos termos do art. 292, III, do NCPC.<\/p>\n\n\n\n<p>Termos em que,<\/p>\n\n\n\n<p>Pede deferimento.<\/p>\n\n\n\n<p>[[Cidade do escrit\u00f3rio]],&nbsp;[[Dia atual]],&nbsp;[[M\u00eas atual]],&nbsp;[[Ano atual]].<\/p>\n\n\n\n<p><strong>[[Gestores do escrit\u00f3rio]]<\/strong><\/p>\n\n\n\n<figure class=\"wp-block-image size-full\"><a href=\"https:\/\/advbox.com.br\/blog\/como-automatizar-seus-modelos-de-peticoes\/\" target=\"_blank\"><img fetchpriority=\"high\" decoding=\"async\" width=\"1024\" height=\"270\" src=\"https:\/\/advbox.com.br\/blog\/wp-content\/uploads\/2025\/12\/CTA-REBRANDING-16.webp\" alt=\"Banner com imagem ilustrativa de automa\u00e7\u00e3o de peti\u00e7\u00f5es jur\u00eddicas, destacando cria\u00e7\u00e3o, padroniza\u00e7\u00e3o e controle de peti\u00e7\u00f5es para advogados com a ADVBOX\" class=\"wp-image-79759\" srcset=\"https:\/\/advbox.com.br\/blog\/wp-content\/uploads\/2025\/12\/CTA-REBRANDING-16.webp 1024w, https:\/\/advbox.com.br\/blog\/wp-content\/uploads\/2025\/12\/CTA-REBRANDING-16-500x132.webp 500w, https:\/\/advbox.com.br\/blog\/wp-content\/uploads\/2025\/12\/CTA-REBRANDING-16-768x203.webp 768w, https:\/\/advbox.com.br\/blog\/wp-content\/uploads\/2025\/12\/CTA-REBRANDING-16-150x40.webp 150w\" sizes=\"(max-width: 1024px) 100vw, 1024px\" \/><\/a><\/figure>\n","protected":false},"excerpt":{"rendered":"<p>A\u00c7\u00c3O DE COBRAN\u00c7A DE COMISS\u00c3O DE CORRETAGEM EXCELENT\u00cdSSIMO(A)&nbsp;SENHOR(A) DOUTOR(A) JUIZ(A)&nbsp;DE DIREITO DA [[Vara]] VARA (&#8230;)&nbsp;DA&nbsp;[[Comarca]]&nbsp;DE&nbsp;[[Cidade do cliente]]\/[[UF do cliente]]. [[Nome do cliente]], [[Nacionalidade do cliente]],&nbsp;[[Estado civil do cliente]],&nbsp;[[Profiss\u00e3o do cliente]], [[Sexo do cliente]],&nbsp;nascido(a)&nbsp;em&nbsp;[[Data de nascimento do cliente]], &nbsp;inscrito(a) no CPF sob n\u00ba&nbsp;[[CPF\/CNPJ do cliente]], RG sob n\u00ba [[RG do cliente]], [&hellip;]<\/p>\n","protected":false},"author":44,"featured_media":79776,"comment_status":"closed","ping_status":"closed","template":"","meta":{"_acf_changed":false,"om_disable_all_campaigns":false,"footnotes":""},"modelo_category":[1457],"class_list":["post-26472","modelos","type-modelos","status-publish","has-post-thumbnail","hentry","modelo_category-direito"],"acf":[],"yoast_head":"<!-- This site is optimized with the Yoast SEO plugin v26.9 - https:\/\/yoast.com\/product\/yoast-seo-wordpress\/ -->\n<title>Modelo de cobran\u00e7a de comiss\u00e3o de corretagem | ADVBOX<\/title>\n<meta name=\"description\" content=\"Disponibilizamos para voc\u00ea um modelo de a\u00e7\u00e3o de cobran\u00e7a de comiss\u00e3o de corretagem. ADVBOX\" \/>\n<meta name=\"robots\" content=\"index, follow, max-snippet:-1, max-image-preview:large, max-video-preview:-1\" \/>\n<link rel=\"canonical\" href=\"https:\/\/advbox.com.br\/blog\/modelos\/civel-acao-cobranca-de-comissao-de-corretagem\/\" \/>\n<meta property=\"og:locale\" content=\"pt_BR\" \/>\n<meta property=\"og:type\" content=\"article\" \/>\n<meta property=\"og:title\" content=\"Modelo de cobran\u00e7a de comiss\u00e3o de corretagem | ADVBOX\" \/>\n<meta property=\"og:description\" content=\"Disponibilizamos para voc\u00ea um modelo de a\u00e7\u00e3o de cobran\u00e7a de comiss\u00e3o de corretagem. ADVBOX\" \/>\n<meta property=\"og:url\" content=\"https:\/\/advbox.com.br\/blog\/modelos\/civel-acao-cobranca-de-comissao-de-corretagem\/\" \/>\n<meta property=\"og:site_name\" content=\"Software Jur\u00eddico Completo - ADVBOX\" \/>\n<meta property=\"article:publisher\" content=\"https:\/\/www.facebook.com\/advbox\/\" \/>\n<meta property=\"article:modified_time\" content=\"2026-01-07T12:19:24+00:00\" \/>\n<meta property=\"og:image\" content=\"https:\/\/advbox.com.br\/blog\/wp-content\/uploads\/2025\/12\/sobrestamento-1.jpg\" \/>\n\t<meta property=\"og:image:width\" content=\"1024\" \/>\n\t<meta property=\"og:image:height\" content=\"576\" \/>\n\t<meta property=\"og:image:type\" content=\"image\/jpeg\" \/>\n<meta name=\"twitter:card\" content=\"summary_large_image\" \/>\n<meta name=\"twitter:site\" content=\"@advbox2\" \/>\n<script type=\"application\/ld+json\" class=\"yoast-schema-graph\">{\"@context\":\"https:\/\/schema.org\",\"@graph\":[{\"@type\":\"WebPage\",\"@id\":\"https:\/\/advbox.com.br\/blog\/modelos\/civel-acao-cobranca-de-comissao-de-corretagem\/\",\"url\":\"https:\/\/advbox.com.br\/blog\/modelos\/civel-acao-cobranca-de-comissao-de-corretagem\/\",\"name\":\"Modelo de cobran\u00e7a de comiss\u00e3o de corretagem | ADVBOX\",\"isPartOf\":{\"@id\":\"https:\/\/advbox.com.br\/blog\/#website\"},\"primaryImageOfPage\":{\"@id\":\"https:\/\/advbox.com.br\/blog\/modelos\/civel-acao-cobranca-de-comissao-de-corretagem\/#primaryimage\"},\"image\":{\"@id\":\"https:\/\/advbox.com.br\/blog\/modelos\/civel-acao-cobranca-de-comissao-de-corretagem\/#primaryimage\"},\"thumbnailUrl\":\"https:\/\/advbox.com.br\/blog\/wp-content\/uploads\/2025\/12\/sobrestamento-1.jpg\",\"datePublished\":\"2021-03-22T13:04:57+00:00\",\"dateModified\":\"2026-01-07T12:19:24+00:00\",\"description\":\"Disponibilizamos para voc\u00ea um modelo de a\u00e7\u00e3o de cobran\u00e7a de comiss\u00e3o de corretagem. ADVBOX\",\"breadcrumb\":{\"@id\":\"https:\/\/advbox.com.br\/blog\/modelos\/civel-acao-cobranca-de-comissao-de-corretagem\/#breadcrumb\"},\"inLanguage\":\"pt-BR\",\"potentialAction\":[{\"@type\":\"ReadAction\",\"target\":[\"https:\/\/advbox.com.br\/blog\/modelos\/civel-acao-cobranca-de-comissao-de-corretagem\/\"]}]},{\"@type\":\"ImageObject\",\"inLanguage\":\"pt-BR\",\"@id\":\"https:\/\/advbox.com.br\/blog\/modelos\/civel-acao-cobranca-de-comissao-de-corretagem\/#primaryimage\",\"url\":\"https:\/\/advbox.com.br\/blog\/wp-content\/uploads\/2025\/12\/sobrestamento-1.jpg\",\"contentUrl\":\"https:\/\/advbox.com.br\/blog\/wp-content\/uploads\/2025\/12\/sobrestamento-1.jpg\",\"width\":1024,\"height\":576,\"caption\":\"Banner institucional da ADVBOX com elemento visual abstrato em tons de azul, representando estrutura, tecnologia e identidade visual da marca\"},{\"@type\":\"BreadcrumbList\",\"@id\":\"https:\/\/advbox.com.br\/blog\/modelos\/civel-acao-cobranca-de-comissao-de-corretagem\/#breadcrumb\",\"itemListElement\":[{\"@type\":\"ListItem\",\"position\":1,\"name\":\"In\u00edcio\",\"item\":\"https:\/\/advbox.com.br\/blog\/\"},{\"@type\":\"ListItem\",\"position\":2,\"name\":\"Modelos\",\"item\":\"https:\/\/advbox.com.br\/blog\/modelos\/\"},{\"@type\":\"ListItem\",\"position\":3,\"name\":\"Modelo de a\u00e7\u00e3o de cobran\u00e7a de comiss\u00e3o de corretagem\"}]},{\"@type\":\"WebSite\",\"@id\":\"https:\/\/advbox.com.br\/blog\/#website\",\"url\":\"https:\/\/advbox.com.br\/blog\/\",\"name\":\"Software Jur\u00eddico Completo - ADVBOX\",\"description\":\"Plataforma para Advocacia Digital\",\"publisher\":{\"@id\":\"https:\/\/advbox.com.br\/blog\/#organization\"},\"potentialAction\":[{\"@type\":\"SearchAction\",\"target\":{\"@type\":\"EntryPoint\",\"urlTemplate\":\"https:\/\/advbox.com.br\/blog\/?s={search_term_string}\"},\"query-input\":{\"@type\":\"PropertyValueSpecification\",\"valueRequired\":true,\"valueName\":\"search_term_string\"}}],\"inLanguage\":\"pt-BR\"},{\"@type\":\"Organization\",\"@id\":\"https:\/\/advbox.com.br\/blog\/#organization\",\"name\":\"ADVBOX Blog - Software jur\u00eddico da advocacia digital\",\"url\":\"https:\/\/advbox.com.br\/blog\/\",\"logo\":{\"@type\":\"ImageObject\",\"inLanguage\":\"pt-BR\",\"@id\":\"https:\/\/advbox.com.br\/blog\/#\/schema\/logo\/image\/\",\"url\":\"https:\/\/advbox.com.br\/blog\/wp-content\/uploads\/2019\/12\/Como-aumentar-a-produtividade_.jpg\",\"contentUrl\":\"https:\/\/advbox.com.br\/blog\/wp-content\/uploads\/2019\/12\/Como-aumentar-a-produtividade_.jpg\",\"width\":320,\"height\":213,\"caption\":\"ADVBOX Blog - Software jur\u00eddico da advocacia digital\"},\"image\":{\"@id\":\"https:\/\/advbox.com.br\/blog\/#\/schema\/logo\/image\/\"},\"sameAs\":[\"https:\/\/www.facebook.com\/advbox\/\",\"https:\/\/x.com\/advbox2\"]}]}<\/script>\n<!-- \/ Yoast SEO plugin. -->","yoast_head_json":{"title":"Modelo de cobran\u00e7a de comiss\u00e3o de corretagem | ADVBOX","description":"Disponibilizamos para voc\u00ea um modelo de a\u00e7\u00e3o de cobran\u00e7a de comiss\u00e3o de corretagem. ADVBOX","robots":{"index":"index","follow":"follow","max-snippet":"max-snippet:-1","max-image-preview":"max-image-preview:large","max-video-preview":"max-video-preview:-1"},"canonical":"https:\/\/advbox.com.br\/blog\/modelos\/civel-acao-cobranca-de-comissao-de-corretagem\/","og_locale":"pt_BR","og_type":"article","og_title":"Modelo de cobran\u00e7a de comiss\u00e3o de corretagem | ADVBOX","og_description":"Disponibilizamos para voc\u00ea um modelo de a\u00e7\u00e3o de cobran\u00e7a de comiss\u00e3o de corretagem. ADVBOX","og_url":"https:\/\/advbox.com.br\/blog\/modelos\/civel-acao-cobranca-de-comissao-de-corretagem\/","og_site_name":"Software Jur\u00eddico Completo - ADVBOX","article_publisher":"https:\/\/www.facebook.com\/advbox\/","article_modified_time":"2026-01-07T12:19:24+00:00","og_image":[{"width":1024,"height":576,"url":"https:\/\/advbox.com.br\/blog\/wp-content\/uploads\/2025\/12\/sobrestamento-1.jpg","type":"image\/jpeg"}],"twitter_card":"summary_large_image","twitter_site":"@advbox2","schema":{"@context":"https:\/\/schema.org","@graph":[{"@type":"WebPage","@id":"https:\/\/advbox.com.br\/blog\/modelos\/civel-acao-cobranca-de-comissao-de-corretagem\/","url":"https:\/\/advbox.com.br\/blog\/modelos\/civel-acao-cobranca-de-comissao-de-corretagem\/","name":"Modelo de cobran\u00e7a de comiss\u00e3o de corretagem | ADVBOX","isPartOf":{"@id":"https:\/\/advbox.com.br\/blog\/#website"},"primaryImageOfPage":{"@id":"https:\/\/advbox.com.br\/blog\/modelos\/civel-acao-cobranca-de-comissao-de-corretagem\/#primaryimage"},"image":{"@id":"https:\/\/advbox.com.br\/blog\/modelos\/civel-acao-cobranca-de-comissao-de-corretagem\/#primaryimage"},"thumbnailUrl":"https:\/\/advbox.com.br\/blog\/wp-content\/uploads\/2025\/12\/sobrestamento-1.jpg","datePublished":"2021-03-22T13:04:57+00:00","dateModified":"2026-01-07T12:19:24+00:00","description":"Disponibilizamos para voc\u00ea um modelo de a\u00e7\u00e3o de cobran\u00e7a de comiss\u00e3o de corretagem. ADVBOX","breadcrumb":{"@id":"https:\/\/advbox.com.br\/blog\/modelos\/civel-acao-cobranca-de-comissao-de-corretagem\/#breadcrumb"},"inLanguage":"pt-BR","potentialAction":[{"@type":"ReadAction","target":["https:\/\/advbox.com.br\/blog\/modelos\/civel-acao-cobranca-de-comissao-de-corretagem\/"]}]},{"@type":"ImageObject","inLanguage":"pt-BR","@id":"https:\/\/advbox.com.br\/blog\/modelos\/civel-acao-cobranca-de-comissao-de-corretagem\/#primaryimage","url":"https:\/\/advbox.com.br\/blog\/wp-content\/uploads\/2025\/12\/sobrestamento-1.jpg","contentUrl":"https:\/\/advbox.com.br\/blog\/wp-content\/uploads\/2025\/12\/sobrestamento-1.jpg","width":1024,"height":576,"caption":"Banner institucional da ADVBOX com elemento visual abstrato em tons de azul, representando estrutura, tecnologia e identidade visual da marca"},{"@type":"BreadcrumbList","@id":"https:\/\/advbox.com.br\/blog\/modelos\/civel-acao-cobranca-de-comissao-de-corretagem\/#breadcrumb","itemListElement":[{"@type":"ListItem","position":1,"name":"In\u00edcio","item":"https:\/\/advbox.com.br\/blog\/"},{"@type":"ListItem","position":2,"name":"Modelos","item":"https:\/\/advbox.com.br\/blog\/modelos\/"},{"@type":"ListItem","position":3,"name":"Modelo de a\u00e7\u00e3o de cobran\u00e7a de comiss\u00e3o de corretagem"}]},{"@type":"WebSite","@id":"https:\/\/advbox.com.br\/blog\/#website","url":"https:\/\/advbox.com.br\/blog\/","name":"Software Jur\u00eddico Completo - ADVBOX","description":"Plataforma para Advocacia Digital","publisher":{"@id":"https:\/\/advbox.com.br\/blog\/#organization"},"potentialAction":[{"@type":"SearchAction","target":{"@type":"EntryPoint","urlTemplate":"https:\/\/advbox.com.br\/blog\/?s={search_term_string}"},"query-input":{"@type":"PropertyValueSpecification","valueRequired":true,"valueName":"search_term_string"}}],"inLanguage":"pt-BR"},{"@type":"Organization","@id":"https:\/\/advbox.com.br\/blog\/#organization","name":"ADVBOX Blog - Software jur\u00eddico da advocacia digital","url":"https:\/\/advbox.com.br\/blog\/","logo":{"@type":"ImageObject","inLanguage":"pt-BR","@id":"https:\/\/advbox.com.br\/blog\/#\/schema\/logo\/image\/","url":"https:\/\/advbox.com.br\/blog\/wp-content\/uploads\/2019\/12\/Como-aumentar-a-produtividade_.jpg","contentUrl":"https:\/\/advbox.com.br\/blog\/wp-content\/uploads\/2019\/12\/Como-aumentar-a-produtividade_.jpg","width":320,"height":213,"caption":"ADVBOX Blog - Software jur\u00eddico da advocacia digital"},"image":{"@id":"https:\/\/advbox.com.br\/blog\/#\/schema\/logo\/image\/"},"sameAs":["https:\/\/www.facebook.com\/advbox\/","https:\/\/x.com\/advbox2"]}]}},"_links":{"self":[{"href":"https:\/\/advbox.com.br\/blog\/wp-json\/wp\/v2\/modelos\/26472","targetHints":{"allow":["GET"]}}],"collection":[{"href":"https:\/\/advbox.com.br\/blog\/wp-json\/wp\/v2\/modelos"}],"about":[{"href":"https:\/\/advbox.com.br\/blog\/wp-json\/wp\/v2\/types\/modelos"}],"author":[{"embeddable":true,"href":"https:\/\/advbox.com.br\/blog\/wp-json\/wp\/v2\/users\/44"}],"replies":[{"embeddable":true,"href":"https:\/\/advbox.com.br\/blog\/wp-json\/wp\/v2\/comments?post=26472"}],"version-history":[{"count":8,"href":"https:\/\/advbox.com.br\/blog\/wp-json\/wp\/v2\/modelos\/26472\/revisions"}],"predecessor-version":[{"id":81179,"href":"https:\/\/advbox.com.br\/blog\/wp-json\/wp\/v2\/modelos\/26472\/revisions\/81179"}],"wp:featuredmedia":[{"embeddable":true,"href":"https:\/\/advbox.com.br\/blog\/wp-json\/wp\/v2\/media\/79776"}],"wp:attachment":[{"href":"https:\/\/advbox.com.br\/blog\/wp-json\/wp\/v2\/media?parent=26472"}],"wp:term":[{"taxonomy":"modelo_category","embeddable":true,"href":"https:\/\/advbox.com.br\/blog\/wp-json\/wp\/v2\/modelo_category?post=26472"}],"curies":[{"name":"wp","href":"https:\/\/api.w.org\/{rel}","templated":true}]}}