{"id":28681,"date":"2024-07-30T17:11:42","date_gmt":"2024-07-30T20:11:42","guid":{"rendered":"https:\/\/advbox.com.br\/blog\/?post_type=modelos&#038;p=28681"},"modified":"2025-04-25T15:45:03","modified_gmt":"2025-04-25T18:45:03","slug":"tributario-acao-anulatoria-de-lancamento-tributario-base-de-calculo-por-estimativa","status":"publish","type":"modelos","link":"https:\/\/advbox.com.br\/blog\/modelos\/tributario-acao-anulatoria-de-lancamento-tributario-base-de-calculo-por-estimativa\/","title":{"rendered":"Modelo de A\u00e7\u00e3o Anulat\u00f3ria de lan\u00e7amento &#8211; Base de c\u00e1lculo por estimativa"},"content":{"rendered":"<p>Todo advogado sabe que n\u00e3o \u00e9 f\u00e1cil fazer um\u00a0<strong>bom banco de modelos de peti\u00e7\u00f5es, que atenda as especificidades dos diferentes processos\u00a0<\/strong>no dia a dia do trabalho jur\u00eddico.<\/p><p>Isso exige muito tempo gasto com a pesquisa de peti\u00e7\u00f5es, organiza\u00e7\u00e3o dos arquivos e tamb\u00e9m com a atualiza\u00e7\u00e3o das pe\u00e7as conforme mudan\u00e7as de jurisprud\u00eancia regional ou altera\u00e7\u00f5es em entendimentos de tribunais superiores.:<\/p><p>Por\u00e9m, com a plataforma certa para advocacia digital, \u00e9 poss\u00edvel economizar todo esse tempo gasto<strong>. Basta um \u00fanico membro da equipe atualizar ou alterar algum modelo de pe\u00e7a processual no sistema para atualizar para todos usu\u00e1rios da plataforma!<\/strong><\/p><p>Dessa forma \u00e9 poss\u00edvel\u00a0<strong>acelerar a produtividade do trabalho jur\u00eddico<\/strong>\u00a0de maneira bem relevante, al\u00e9m de potencializar ainda mais o crescimento do seu escrit\u00f3rio com os v\u00e1rios outros recursos das ferramentas de advocacia digital.\u00a0<a href=\"https:\/\/advbox.com.br\/blog\/como-automatizar-seus-modelos-de-peticoes\/\" target=\"_blank\"><strong>Clique abaixo e saiba mais!<\/strong>\u00a0<\/a><\/p><figure class=\"wp-block-image size-large\"><a href=\"https:\/\/advbox.com.br\/\" target=\"_blank\"><img decoding=\"async\" src=\"https:\/\/advbox.com.br\/blog\/wp-content\/uploads\/2019\/07\/automatize_a_produ%C3%A7%C3%A3o_de_suas_peti%C3%A7%C3%B5es.png\" alt=\"Automatize a produ\u00e7\u00e3o de suas peti\u00e7\u00f5es\" class=\"wp-image-15502\" loading=\"lazy\"><\/a><\/figure><h2 class=\"wp-block-heading\">A\u00c7\u00c3O ANULAT\u00d3RIA DE LAN\u00c7AMENTO TRIBUT\u00c1RIO &#8211; BASE DE C\u00c1LCULO POR ESTIMATIVA<\/h2><p><strong>EXCELENT\u00cdSSIMO(A)\u00a0SENHOR(A) DOUTOR(A) JUIZ(A)\u00a0DE DIREITO DA [[Vara]] VARA DA FAZENDA P\u00daBLICA DA\u00a0[[Comarca]]\u00a0DE\u00a0[[Cidade do cliente]]\/[[UF do cliente]].<\/strong><\/p><p><strong>[[Nome do cliente]]<\/strong>, [[Nacionalidade do cliente]],\u00a0[[Estado civil do cliente]],\u00a0[[Profiss\u00e3o do cliente]], [[Sexo do cliente]],\u00a0nascido(a)\u00a0em\u00a0[[Data de nascimento do cliente]], \u00a0inscrito(a) no CPF sob n\u00ba\u00a0[[CPF\/CNPJ do cliente]], RG sob n\u00ba [[RG do cliente]], residente e domiciliado(a) na\u00a0[[Endere\u00e7o do cliente]], [[Cidade do cliente]]\/[[UF do cliente]], CEP XXXX,\u00a0com endere\u00e7o eletr\u00f4nico [[E-mail do cliente]], representado nesta a\u00e7\u00e3o por seu\/sua advogado(a),\u00a0[[Outorgados]], conforme procura\u00e7\u00e3o anexa, com endere\u00e7o profissional na\u00a0[[Endere\u00e7o do escrit\u00f3rio]],\u00a0[[Cidade do escrit\u00f3rio]]\/[[UF do escrit\u00f3rio]], vem respeitosamente \u00e0 presen\u00e7a de Vossa Excel\u00eancia, conforme os fundamentos de fato e de direito postos a seguir, propor a presente\u00a0<\/p><p><strong>A\u00c7\u00c3O ANULAT\u00d3RIA DE LAN\u00c7AMENTO TRIBUT\u00c1RIO C\/C PEDIDO DE LIMINAR<\/strong><\/p><p>em face de\u00a0<strong>[[Parte contr\u00e1ria]]<\/strong>, (indicar se \u00e9 pessoa f\u00edsica ou jur\u00eddica), com CPF\/CNPJ sob n\u00ba \u2026, com sede na Rua \u2026, n\u00ba\u00a0\u2026, bairro &#8230;, CEP: \u2026, Munic\u00edpio\u2013 UF, pelas raz\u00f5es de fato e de direito que passa a aduzir e no final requer:<\/p><p><strong>I \u2013 DOS FATOS<\/strong><\/p><p>O autor foi surpreendido ao receber em seu domic\u00edlio v\u00e1rios autos de infra\u00e7\u00f5es e intima\u00e7\u00f5es de lan\u00e7amentos e multas aplicados pela r\u00e9, a qual fundamenta os mesmos com diversas irregularidades tribut\u00e1rias eventualmente praticadas pelo autor, como recolhimento a menor de ISS, fora do prazo legal, emiss\u00e3o de documentos fiscais em desacordo com o regulamento, extravio de documentos fiscais, adultera\u00e7\u00e3o ou fraude de documentos, n\u00e3o escritura\u00e7\u00e3o do livro fiscal adequadamente.<\/p><p>Somando o total dos lan\u00e7amentos tribut\u00e1rios do Imposto Sobre Servi\u00e7os de Qualquer Natureza \u2013 ISSQN \u2013 temos que pretende a r\u00e9 cobrar do autor a quantia de R$ XX (reais), conforme se v\u00ea nos autos anexos (docs. XX).<\/p><p>Todavia, os lan\u00e7amentos e multas aplicados pela r\u00e9 s\u00e3o indevidos e, no m\u00ednimo, equivocados, vez que n\u00e3o correspondem \u00e0 realidade tribut\u00e1ria e patrimonial do autor, pois verifica-se nos autos referidos que a r\u00e9 estimou os valores utilizados por ela na base de c\u00e1lculo indicada nos autos de infra\u00e7\u00f5es, onde estimou valores de at\u00e9 R$ XX (reais), etc., variando os valores sempre nesta m\u00e9dia, aproximada.<\/p><p>Acontece que os agentes fiscais da agravada n\u00e3o tomaram o devido cuidado de fiscalizar adequadamente a vida financeira e tribut\u00e1ria do agravante, pois trata-se o mesmo de um pequeno marceneiro, com um humilde estabelecimento localizado num bairro de classe m\u00e9dia baixa, nesta capital, com faturamento mensal de aproximadamente R$ XX (reais), etc., sendo que h\u00e1 meses sem sequer faturar um servi\u00e7o, conforme se v\u00ea nos <em>\u201cREGISTROS DE NOTAS FISCAIS DE SERVI\u00c7OS PRESTADOS\u201d<\/em> (docs. XX, fls. XX).\u00a0<\/p><p>Nota-se que os registros de notas fiscais de servi\u00e7os prestados foram corretamente contabilizados pelo agravante, eis que o mesmo lan\u00e7ou no livro supra-referido os respectivos valores de servi\u00e7os prestados, conforme se compara e v\u00ea nas notas fiscais anexas.<\/p><p>Ainda, demonstrando a boa f\u00e9 do agravante, notamos que o mesmo sempre recolheu corretamente o imposto sobre servi\u00e7o, conforme se v\u00ea nos <em>\u201cDOCUMENTOS DE ARRECADA\u00c7\u00c3O DE TRIBUTOS MOBILI\u00c1RIOS \u2013 DARM\u201d<\/em> j\u00e1 juntados.<\/p><p>Comparando os valores lan\u00e7ados no Registro de Notas Fiscais de Servi\u00e7os Prestados com as notas fiscais e documentos de arrecada\u00e7\u00e3o de tributos mobili\u00e1rios, veremos que todos os valores conferem um com o outro, demonstrando que o agravante efetuou os devidos lan\u00e7amentos e respectivos pagamentos, n\u00e3o tendo nada a dever para a agravada.<\/p><p>Acontece que a agravada contrariou o princ\u00edpio tribut\u00e1rio e constitucional da base de c\u00e1lculo, a qual deve ser composta por valor certo e correlacionado com o fato gerador do imposto, n\u00e3o permitindo ao Fisco que venha a estimar a base de c\u00e1lculo sem crit\u00e9rios materiais.<\/p><p>Temos que uma das fun\u00e7\u00f5es da base de c\u00e1lculo \u00e9 medir as propor\u00e7\u00f5es reais do fato gerador do tributo, e relaciona-se necessariamente \u00e0quele, pois o comportamento tribut\u00e1rio do contribuinte \u00e9 medido de acordo com o seu comportamento relacionado ao fato gerador. Logo, o valor a ser composto na base de c\u00e1lculo precisa ter coer\u00eancia com o fato gerador do imposto sobre servi\u00e7o. E se assim o \u00e9, os valores estimativos lan\u00e7ados pela agravada n\u00e3o correspondem ao fato gerador do imposto incorrido pelo agravante, contrariando portanto todo o sistema constitucional e infralegal tribut\u00e1rio.<\/p><p>\u00c9 oportuno trazer \u00e0 baila ensinamentos do Professor da Pontif\u00edcia Universidade Cat\u00f3lica de S\u00e3o Paulo \u2013 PUC \u2013 Paulo de Barros Carvalho1, a saber:\u00a0<\/p><p><em>\u201cTemos para n\u00f3s que a base de c\u00e1lculo \u00e9 a grandeza institu\u00edda na consequ\u00eancia da regra-matriz tribut\u00e1ria, e que se destina, primordialmente, a dimensionar a intensidade do comportamento inserto no n\u00facleo do fato jur\u00eddico, para que, combinando-se \u00e0 al\u00edquota, seja determinado o valor da presta\u00e7\u00e3o pecuni\u00e1ria. Paralelamente, tem a virtude de confirmar, infirmar ou afirmar o crit\u00e9rio material expresso na composi\u00e7\u00e3o do suposto normativo. A versatilidade categorial desse instrumento jur\u00eddico se apresenta em tr\u00eas fun\u00e7\u00f5es distintas: a) medir as propor\u00e7\u00f5es reais do fato; b) compor a espec\u00edfica determina\u00e7\u00e3o da d\u00edvida; c) confirmar, infirmar ou afirmar o verdadeiro crit\u00e9rio material da descri\u00e7\u00e3o contida no antecedente da norma.\u201d\u00a0<\/em><\/p><p>O Professor Roque Ant\u00f4nio Carrazza aponta mais um:<\/p><p><em>\u201cO tipo tribut\u00e1rio \u00e9 revelado, no Brasil, ap\u00f3s a an\u00e1lise conjunta da hip\u00f3tese de incid\u00eancia e da base de c\u00e1lculo da exa\u00e7\u00e3o. Assim, a Lei das Leis, ao discriminar as compet\u00eancias tribut\u00e1rias das v\u00e1rias pessoas pol\u00edticas, estabeleceu, igualmente, as bases de c\u00e1lculo in abstracto poss\u00edveis dos v\u00e1rios tributos federais, estaduais, municipais e distritais. Melhor esclarecendo, se o tributo \u00e9 sobre a renda, sua base de c\u00e1lculo dever\u00e1, necessariamente, levar em conta uma medida de renda (v.g. a renda l\u00edquida); se o tributo \u00e9 sobre a propriedade, sua base de c\u00e1lculo dever\u00e1, necessariamente, levar em conta uma medida da propriedade (v.g, o valor venal da propriedade); se o atributo \u00e9 sobre servi\u00e7os, sua base de c\u00e1lculo dever\u00e1, necessariamente, levar em conta uma medida dos servi\u00e7os (v.g., o valor dos servi\u00e7os prestados). Os exemplos poderiam ser multiplicados, at\u00e9 porque a base de c\u00e1lculo e a hip\u00f3tese de incid\u00eancia de todo e qualquer tributo devem guardar sempre uma rela\u00e7\u00e3o de iner\u00eancia. Em suma, a base de c\u00e1lculo h\u00e1 de ser, em qualquer tributo (imposto, taxa ou contribui\u00e7\u00e3o de melhoria), uma medida da materialidade da hip\u00f3tese de incid\u00eancia tribut\u00e1ria.\u201d<\/em><\/p><p>A base de c\u00e1lculo de todos os tributos vinculados ou n\u00e3o vinculados deve ser a perspectiva dimens\u00edvel da hip\u00f3tese de incid\u00eancia (Geraldo Ataliba), no caso do imposto sobre servi\u00e7o deve ser o valor cobrado pela execu\u00e7\u00e3o de um servi\u00e7o, no caso do autor, do servi\u00e7o de marceneiro.<\/p><p>Conforme se v\u00ea em toda contabilidade do agravante (todos os anos constantes dos autos de infra\u00e7\u00f5es), o mesmo lan\u00e7ou e recolheu o imposto sobre servi\u00e7o com base no seu faturamento decorrente dos servi\u00e7os prestados, n\u00e3o tendo omitido quaisquer informa\u00e7\u00f5es fiscais. De tal sorte que, ao contr\u00e1rio do que aponta a agravada nos autos n\u00fameros (&#8230;), recolheu todos os valores correspondentes ao fato gerador e base de c\u00e1lculo, no prazo previsto na legisla\u00e7\u00e3o do ISSQN.<\/p><p>Nota-se tamb\u00e9m, nos documentos juntados, que a contabilidade fiscal do agravante foi elaborada todos estes anos nos termos da legisla\u00e7\u00e3o tribut\u00e1ria e que n\u00e3o extraviou quaisquer documentos fiscais e, muito menos, adulterou ou fraudou os documentos fiscais previstos em regulamentos, como quer fazer demonstrar equivocadamente a agravada, de tal sorte que tamb\u00e9m improcedem as multas previstas nos autos de infra\u00e7\u00f5es n\u00fameros (&#8230;).<\/p><p><strong>II \u2013 DA CAUSA DE PEDIR<\/strong><\/p><p>Os lan\u00e7amentos tribut\u00e1rios do imposto sobre servi\u00e7os de qualquer natureza e as multas respectivas, constantes dos autos de infra\u00e7\u00f5es acima n\u00e3o podem prosperar, devendo ser declarados nulos por Vossa Excel\u00eancia, vez que a r\u00e9 definiu as bases de c\u00e1lculos dos impostos ora cobrados por estimativa, deixando de considerar a verdadeira situa\u00e7\u00e3o fiscal do autor que tem faturamento humilde e que passa longe do pretendido pela r\u00e9, e, ainda, por n\u00e3o respeitar os princ\u00edpios constitucionais da legalidade, da seguran\u00e7a jur\u00eddica e da capacidade tribut\u00e1ria.<\/p><p><strong>III \u2013 DO PRINC\u00cdPIO CONSTITUCIONAL DA LEGALIDADE<\/strong><\/p><p>Conforme narrado nos itens acima e com os documentos acostados aos autos, ficou demonstrado que a agravada deixou de observar o artigo 7\u00ba da Lei Complementar (federal) n. 116, de 31 de julho de 2003, que afirma: <em>\u201cA base de c\u00e1lculo do imposto \u00e9 o pre\u00e7o do servi\u00e7o\u201d<\/em>, bem como o Decreto-Lei n. 406, de 31 de dezembro de 1968, que define base de c\u00e1lculo id\u00eantica \u00e0 da nova Lei acima.<\/p><p>Percebe-se, pois, que a agravada, na verdade, deixou de aplicar ao caso concreto o princ\u00edpio constitucional da legalidade, previsto no artigo 37 da Constitui\u00e7\u00e3o Federal, o qual disp\u00f5e que:<\/p><p><em>&#8220;A Administra\u00e7\u00e3o P\u00fablica direta e indireta, de qualquer dos Poderes da Uni\u00e3o, dos Estados, do Distrito Federal e dos Munic\u00edpios obedecer\u00e1 aos princ\u00edpios da legalidade.&#8221;<\/em><\/p><p>Vale dizer que todo ato praticado pela Administra\u00e7\u00e3o P\u00fablica tem que ser previsto em lei, de tal forma que podemos afirmar que a legisla\u00e7\u00e3o municipal da agravada vem a complementar Lei Complementar n. 116\/03, cujas disposi\u00e7\u00f5es n\u00e3o poderiam ser inobservadas por parte da agravada que veio a infringir o artigo 37 da Constitui\u00e7\u00e3o Federal.<\/p><p>Nesse sentido, vale registrar os ensinamentos do Professor CELSO ANTONIO BANDEIRA DE MELLO, em sua obra CURSO DE DIREITO ADMINISTRATIVO, 13\u00aa Edi\u00e7\u00e3o, Editora Malheiros, p. 311 e 313, a saber:\u00a0<\/p><p><em>\u201cOs preceptivos da Constitui\u00e7\u00e3o brasileira, retrotranscritos, respondem com precis\u00e3o capilar a objetivos fundamentais do Estado de Direito e exprimem com rigor o ide\u00e1rio e as preocupa\u00e7\u00f5es que nele historicamente se substanciaram, pois seu projeto \u00e9 o de que vigore o governo das leis e n\u00e3o o dos homens. Ou seja: a rule of law, not of men, conforme a assertiva cl\u00e1ssica oriunda do Direito ingl\u00eas.<\/em><\/p><p><em>Nos aludidos vers\u00edculos constitucionais estampa-se o cuidado que engendrou a triparti\u00e7\u00e3o do exerc\u00edcio do Poder, isto \u00e9, o de evitar que os Poderes P\u00fablicos se concentrem em um \u2018mesmo homem ou corpo de principais\u2019, para usar das express\u00f5es do pr\u00f3prio Montesquieu, cautela indispens\u00e1vel, porquanto, no dizer deste iluminado te\u00f3rico: &#8216;\u00e9 uma experi\u00eancia eterna a de que todo homem que tem poder \u00e9 levado a abusar dele; ele vai at\u00e9 que encontre limites&#8217;.&#8221;<\/em><\/p><p>Disse Fritz Fritz Fleiner: <em>&#8220;Administra\u00e7\u00e3o legal significa, pois: Administra\u00e7\u00e3o posta em movimento pela lei e exercida nos limites de suas disposi\u00e7\u00f5es.&#8221;<\/em><\/p><p>O eminente Professor de Coimbra Afonso Rodrigues Queir\u00f3s proferiu os seguintes preciosos ensinamentos:<em> &#8220;A atividade administrativa \u00e9 uma atividade de subsun\u00e7\u00e3o dos fatos da vida real \u00e0s categoria legais&#8221;<\/em>. Ou: <em>&#8220;O Executivo \u00e9 a longa manus do legislador&#8221;<\/em>.<\/p><p>Renato Alessi indica que a atividade administrativa subordina-se \u00e0 legislativa tanto em um sentido negativo (proibi\u00e7\u00f5es concernentes a atividades, finalidades, meios e formas de a\u00e7\u00e3o) quanto em um sentido positivo, significando este \u00faltimo n\u00e3o apenas que a lei pode vincular positivamente a atividade administrativa a determinadas finalidades, meios ou formas, mas que, sobretudo no que concerne a atividades de car\u00e1ter jur\u00eddico, a Administra\u00e7\u00e3o <em>&#8220;pode fazer t\u00e3o somente o que a lei consente&#8221;<\/em>.<\/p><p>Conclui-se, pois, que os lan\u00e7amentos tribut\u00e1rios e as multas aplicadas pela agravada devem ser declarados nulos, por estarem em total desacordo com a legisla\u00e7\u00e3o do imposto sobre servi\u00e7o, com o CTN e com a Constitui\u00e7\u00e3o Federal, vez que seus atos deveriam todos estar vinculados \u00e0 reserva legal.<\/p><p><strong>IV \u2013 DO PEDIDO DE LIMINAR<\/strong><\/p><p><strong>IV.1 &#8211; Do Fumus Boni Iuris\u00a0<\/strong><\/p><p>O fumus boni iuris demonstra-se na medida em que os lan\u00e7amentos tribut\u00e1rios e as multas infringiram o artigo 7\u00ba da Lei Complementar (federal) n. 116, de 31 de julho de 2003, que afirma: <em>\u201cA base de c\u00e1lculo do imposto \u00e9 o pre\u00e7o do servi\u00e7o\u201d<\/em>, bem como o Decreto-Lei n. 406, de 31 de dezembro de 1968, que define a base de c\u00e1lculo id\u00eantica a nova Lei acima.<\/p><p><strong>IV.2 &#8211;\u00a0Do Periculum in Mora<\/strong><\/p><p>Por sua vez, o periculum in mora encontra-se patente no receio do autor de ser autuado pela r\u00e9, como inscri\u00e7\u00e3o do d\u00e9bito em d\u00edvida ativa, o que impossibilitar\u00e1 ao mesmo a obten\u00e7\u00e3o de certid\u00f5es negativas de d\u00e9bito fiscal municipal, por estar deixando de recolher o imposto sobre servi\u00e7os e as multas flagrantemente ilegais e inconstitucionais, na medida em que se tornaram exig\u00edveis a partir do lan\u00e7amento tribut\u00e1rio e respectiva notifica\u00e7\u00e3o do autor, que se deu em (data). Sendo que a partir do dia (data), estar\u00e1 o autor sujeito a cobran\u00e7a executiva, conforme se v\u00ea descrito nos autos de infra\u00e7\u00f5es referidos.<\/p><p>Ademais, dano grave e de dif\u00edcil repara\u00e7\u00e3o sofrer\u00e1 o autor se tiver de pagar o tributo, que \u00e9 de valor expressivo, para depois repeti-lo em demorada demanda judicial. Ou, se optar por n\u00e3o pagar, haver\u00e1 a inscri\u00e7\u00e3o da d\u00edvida e o ajuizamento de execu\u00e7\u00e3o fiscal, com todos os gravames da\u00ed resultantes, al\u00e9m de se sujeitar a multa e juros de mora.<\/p><p>\u00c9 oportuno registrar que o autor nem sequer tem condi\u00e7\u00f5es financeiras para garantir este Ju\u00edzo com o dep\u00f3sito do valor ora discutido, e muito menos para quitar o tributo para depois repetir o ind\u00e9bito, vez que se trata de pessoa humilde, de baixa renda, e que sustenta toda sua fam\u00edlia com o pequeno faturamento (acima demonstrado) que aufere de seu servi\u00e7o de marceneiro, pois constata-se nas declara\u00e7\u00f5es de imposto de renda do autor que o mesmo \u00e9 pobre na concep\u00e7\u00e3o legal da palavra e que os seus rendimentos anuais correspondem a R$ XX (reais) \u2013 Exerc\u00edcio de 2012 (isento do pagamento do imposto de renda) \u2013 (docs. XX).<\/p><p>Por tais raz\u00f5es, estando presentes o fumus boni juris e o periculum in mora, o autor requer a concess\u00e3o de medida liminar inaudita altera pars para suspender a exigibilidade do cr\u00e9dito tribut\u00e1rio e das obriga\u00e7\u00f5es acess\u00f3rias (multas), nos termos do artigo 151, inciso V, do C\u00f3digo Tribut\u00e1rio Nacional, e a impedir a r\u00e9 de lan\u00e7ar o seu nome no rol de d\u00edvida ativa e ou em quaisquer cadastros administrativos de inadimplentes. E, se j\u00e1 o tenha feito, seja cancelado, at\u00e9 julgamento de m\u00e9rito e tr\u00e2nsito em julgado da senten\u00e7a.<\/p><p><strong>V \u2013 DO PEDIDO DE M\u00c9RITO<\/strong><\/p><p>Ap\u00f3s concedida a liminar pleiteada, requer o autor:<\/p><p>a) A\u00a0proced\u00eancia total da a\u00e7\u00e3o para declarar nulos os lan\u00e7amentos tribut\u00e1rios dos impostos sobre servi\u00e7os e as respectivas obriga\u00e7\u00f5es acess\u00f3rias (multas) constantes dos autos de infra\u00e7\u00f5es n\u00fameros (&#8230;), desobrigando o autor do seu pagamento, por ser a cobran\u00e7a ilegal e inconstitucional;<\/p><p>b)\u00a0A cita\u00e7\u00e3o da r\u00e9 para que conteste, querendo, nos termos da presente, sob pena de revelia;<\/p><p>c)\u00a0A cita\u00e7\u00e3o nos termos do artigo 172 e par\u00e1grafos do C\u00f3digo de Processo Civil;<\/p><p>d)\u00a0Com a proced\u00eancia da a\u00e7\u00e3o, requer a condena\u00e7\u00e3o da r\u00e9 nas custas e despesas processuais e honor\u00e1rios advocat\u00edcios a serem arbitrados por Vossa Excel\u00eancia;<\/p><p>e)\u00a0Sejam as publica\u00e7\u00f5es dos atos processuais feitas em todos os nomes constantes da procura\u00e7\u00e3o ad judicia, sem exce\u00e7\u00e3o.<\/p><p>D\u00e1-se \u00e0 causa o valor de <strong>[[Expectativa\/valor da causa]]<\/strong>, nos termos do art. 292, III, do NCPC.<\/p><p>Termos em que,<\/p><p>Pede deferimento.<\/p><p>[[Cidade do escrit\u00f3rio]],\u00a0[[Dia atual]],\u00a0[[M\u00eas atual]],\u00a0[[Ano atual]].<\/p><p><strong>[[Gestores do escrit\u00f3rio]]<\/strong><\/p><figure class=\"wp-block-image size-large\"><a href=\"https:\/\/materiais.advbox.com.br\/manual-controladoria-juridica-digital-advbox\" target=\"_blank\"><img fetchpriority=\"high\" decoding=\"async\" width=\"1024\" height=\"536\" src=\"https:\/\/advbox.com.br\/blog\/wp-content\/uploads\/2020\/10\/advbx_pj_cta_optimoster_controlhe_juridico-1024x536.png\" alt=\"\" class=\"wp-image-23162\" srcset=\"https:\/\/advbox.com.br\/blog\/wp-content\/uploads\/2020\/10\/advbx_pj_cta_optimoster_controlhe_juridico.png 1024w, https:\/\/advbox.com.br\/blog\/wp-content\/uploads\/2020\/10\/advbx_pj_cta_optimoster_controlhe_juridico-500x262.png 500w, https:\/\/advbox.com.br\/blog\/wp-content\/uploads\/2020\/10\/advbx_pj_cta_optimoster_controlhe_juridico-768x402.png 768w\" sizes=\"(max-width: 1024px) 100vw, 1024px\" \/><\/a><\/figure>\n","protected":false},"excerpt":{"rendered":"<p>Todo advogado sabe que n\u00e3o \u00e9 f\u00e1cil fazer um\u00a0bom banco de modelos de peti\u00e7\u00f5es, que atenda as especificidades dos diferentes processos\u00a0no dia a dia do trabalho jur\u00eddico. Isso exige muito tempo gasto com a pesquisa de peti\u00e7\u00f5es, organiza\u00e7\u00e3o dos arquivos e tamb\u00e9m com a atualiza\u00e7\u00e3o das pe\u00e7as conforme mudan\u00e7as de [&hellip;]<\/p>\n","protected":false},"author":44,"featured_media":33127,"comment_status":"closed","ping_status":"closed","template":"","meta":{"_acf_changed":false,"om_disable_all_campaigns":false,"footnotes":""},"modelo_category":[1482],"class_list":["post-28681","modelos","type-modelos","status-publish","has-post-thumbnail","hentry","modelo_category-direito-tributario"],"acf":[],"yoast_head":"<!-- This site is optimized with the Yoast SEO plugin v26.9 - https:\/\/yoast.com\/product\/yoast-seo-wordpress\/ -->\n<title>Modelo de A\u00e7\u00e3o Anulat\u00f3ria de lan\u00e7amento - C\u00e1lculo por estimativa<\/title>\n<meta name=\"description\" content=\"Disponibilizamos para voc\u00ea um modelo de a\u00e7\u00e3o anulat\u00f3ria de lan\u00e7amento tribut\u00e1rio - C\u00e1lculo por estimativa. ADVBOX\" \/>\n<meta name=\"robots\" content=\"index, follow, max-snippet:-1, max-image-preview:large, max-video-preview:-1\" \/>\n<link rel=\"canonical\" href=\"https:\/\/advbox.com.br\/blog\/modelos\/tributario-acao-anulatoria-de-lancamento-tributario-base-de-calculo-por-estimativa\/\" \/>\n<meta property=\"og:locale\" content=\"pt_BR\" \/>\n<meta property=\"og:type\" content=\"article\" \/>\n<meta property=\"og:title\" content=\"Modelo de A\u00e7\u00e3o Anulat\u00f3ria de lan\u00e7amento - C\u00e1lculo por estimativa\" \/>\n<meta property=\"og:description\" content=\"Disponibilizamos para voc\u00ea um modelo de a\u00e7\u00e3o anulat\u00f3ria de lan\u00e7amento tribut\u00e1rio - C\u00e1lculo por estimativa. ADVBOX\" \/>\n<meta property=\"og:url\" content=\"https:\/\/advbox.com.br\/blog\/modelos\/tributario-acao-anulatoria-de-lancamento-tributario-base-de-calculo-por-estimativa\/\" \/>\n<meta property=\"og:site_name\" content=\"Software Jur\u00eddico Completo - ADVBOX\" \/>\n<meta property=\"article:publisher\" content=\"https:\/\/www.facebook.com\/advbox\/\" \/>\n<meta property=\"article:modified_time\" content=\"2025-04-25T18:45:03+00:00\" \/>\n<meta property=\"og:image\" content=\"https:\/\/advbox.com.br\/blog\/wp-content\/uploads\/2021\/05\/teletrabalho.jpg\" \/>\n\t<meta property=\"og:image:width\" content=\"672\" \/>\n\t<meta property=\"og:image:height\" content=\"448\" \/>\n\t<meta property=\"og:image:type\" content=\"image\/jpeg\" \/>\n<meta name=\"twitter:card\" content=\"summary_large_image\" \/>\n<meta name=\"twitter:site\" content=\"@advbox2\" \/>\n<script type=\"application\/ld+json\" class=\"yoast-schema-graph\">{\"@context\":\"https:\/\/schema.org\",\"@graph\":[{\"@type\":\"WebPage\",\"@id\":\"https:\/\/advbox.com.br\/blog\/modelos\/tributario-acao-anulatoria-de-lancamento-tributario-base-de-calculo-por-estimativa\/\",\"url\":\"https:\/\/advbox.com.br\/blog\/modelos\/tributario-acao-anulatoria-de-lancamento-tributario-base-de-calculo-por-estimativa\/\",\"name\":\"Modelo de A\u00e7\u00e3o Anulat\u00f3ria de lan\u00e7amento - C\u00e1lculo por estimativa\",\"isPartOf\":{\"@id\":\"https:\/\/advbox.com.br\/blog\/#website\"},\"primaryImageOfPage\":{\"@id\":\"https:\/\/advbox.com.br\/blog\/modelos\/tributario-acao-anulatoria-de-lancamento-tributario-base-de-calculo-por-estimativa\/#primaryimage\"},\"image\":{\"@id\":\"https:\/\/advbox.com.br\/blog\/modelos\/tributario-acao-anulatoria-de-lancamento-tributario-base-de-calculo-por-estimativa\/#primaryimage\"},\"thumbnailUrl\":\"https:\/\/advbox.com.br\/blog\/wp-content\/uploads\/2021\/05\/teletrabalho.jpg\",\"datePublished\":\"2024-07-30T20:11:42+00:00\",\"dateModified\":\"2025-04-25T18:45:03+00:00\",\"description\":\"Disponibilizamos para voc\u00ea um modelo de a\u00e7\u00e3o anulat\u00f3ria de lan\u00e7amento tribut\u00e1rio - C\u00e1lculo por estimativa. ADVBOX\",\"breadcrumb\":{\"@id\":\"https:\/\/advbox.com.br\/blog\/modelos\/tributario-acao-anulatoria-de-lancamento-tributario-base-de-calculo-por-estimativa\/#breadcrumb\"},\"inLanguage\":\"pt-BR\",\"potentialAction\":[{\"@type\":\"ReadAction\",\"target\":[\"https:\/\/advbox.com.br\/blog\/modelos\/tributario-acao-anulatoria-de-lancamento-tributario-base-de-calculo-por-estimativa\/\"]}]},{\"@type\":\"ImageObject\",\"inLanguage\":\"pt-BR\",\"@id\":\"https:\/\/advbox.com.br\/blog\/modelos\/tributario-acao-anulatoria-de-lancamento-tributario-base-de-calculo-por-estimativa\/#primaryimage\",\"url\":\"https:\/\/advbox.com.br\/blog\/wp-content\/uploads\/2021\/05\/teletrabalho.jpg\",\"contentUrl\":\"https:\/\/advbox.com.br\/blog\/wp-content\/uploads\/2021\/05\/teletrabalho.jpg\",\"width\":672,\"height\":448,\"caption\":\"teletrabalho - transforma\u00e7\u00e3o digital na advocacia\"},{\"@type\":\"BreadcrumbList\",\"@id\":\"https:\/\/advbox.com.br\/blog\/modelos\/tributario-acao-anulatoria-de-lancamento-tributario-base-de-calculo-por-estimativa\/#breadcrumb\",\"itemListElement\":[{\"@type\":\"ListItem\",\"position\":1,\"name\":\"In\u00edcio\",\"item\":\"https:\/\/advbox.com.br\/blog\/\"},{\"@type\":\"ListItem\",\"position\":2,\"name\":\"Modelos\",\"item\":\"https:\/\/advbox.com.br\/blog\/modelos\/\"},{\"@type\":\"ListItem\",\"position\":3,\"name\":\"Modelo de A\u00e7\u00e3o Anulat\u00f3ria de lan\u00e7amento &#8211; Base de c\u00e1lculo por estimativa\"}]},{\"@type\":\"WebSite\",\"@id\":\"https:\/\/advbox.com.br\/blog\/#website\",\"url\":\"https:\/\/advbox.com.br\/blog\/\",\"name\":\"Software Jur\u00eddico Completo - ADVBOX\",\"description\":\"Plataforma para Advocacia Digital\",\"publisher\":{\"@id\":\"https:\/\/advbox.com.br\/blog\/#organization\"},\"potentialAction\":[{\"@type\":\"SearchAction\",\"target\":{\"@type\":\"EntryPoint\",\"urlTemplate\":\"https:\/\/advbox.com.br\/blog\/?s={search_term_string}\"},\"query-input\":{\"@type\":\"PropertyValueSpecification\",\"valueRequired\":true,\"valueName\":\"search_term_string\"}}],\"inLanguage\":\"pt-BR\"},{\"@type\":\"Organization\",\"@id\":\"https:\/\/advbox.com.br\/blog\/#organization\",\"name\":\"ADVBOX Blog - Software jur\u00eddico da advocacia digital\",\"url\":\"https:\/\/advbox.com.br\/blog\/\",\"logo\":{\"@type\":\"ImageObject\",\"inLanguage\":\"pt-BR\",\"@id\":\"https:\/\/advbox.com.br\/blog\/#\/schema\/logo\/image\/\",\"url\":\"https:\/\/advbox.com.br\/blog\/wp-content\/uploads\/2019\/12\/Como-aumentar-a-produtividade_.jpg\",\"contentUrl\":\"https:\/\/advbox.com.br\/blog\/wp-content\/uploads\/2019\/12\/Como-aumentar-a-produtividade_.jpg\",\"width\":320,\"height\":213,\"caption\":\"ADVBOX Blog - Software jur\u00eddico da advocacia digital\"},\"image\":{\"@id\":\"https:\/\/advbox.com.br\/blog\/#\/schema\/logo\/image\/\"},\"sameAs\":[\"https:\/\/www.facebook.com\/advbox\/\",\"https:\/\/x.com\/advbox2\"]}]}<\/script>\n<!-- \/ Yoast SEO plugin. -->","yoast_head_json":{"title":"Modelo de A\u00e7\u00e3o Anulat\u00f3ria de lan\u00e7amento - C\u00e1lculo por estimativa","description":"Disponibilizamos para voc\u00ea um modelo de a\u00e7\u00e3o anulat\u00f3ria de lan\u00e7amento tribut\u00e1rio - C\u00e1lculo por estimativa. ADVBOX","robots":{"index":"index","follow":"follow","max-snippet":"max-snippet:-1","max-image-preview":"max-image-preview:large","max-video-preview":"max-video-preview:-1"},"canonical":"https:\/\/advbox.com.br\/blog\/modelos\/tributario-acao-anulatoria-de-lancamento-tributario-base-de-calculo-por-estimativa\/","og_locale":"pt_BR","og_type":"article","og_title":"Modelo de A\u00e7\u00e3o Anulat\u00f3ria de lan\u00e7amento - C\u00e1lculo por estimativa","og_description":"Disponibilizamos para voc\u00ea um modelo de a\u00e7\u00e3o anulat\u00f3ria de lan\u00e7amento tribut\u00e1rio - C\u00e1lculo por estimativa. ADVBOX","og_url":"https:\/\/advbox.com.br\/blog\/modelos\/tributario-acao-anulatoria-de-lancamento-tributario-base-de-calculo-por-estimativa\/","og_site_name":"Software Jur\u00eddico Completo - ADVBOX","article_publisher":"https:\/\/www.facebook.com\/advbox\/","article_modified_time":"2025-04-25T18:45:03+00:00","og_image":[{"width":672,"height":448,"url":"https:\/\/advbox.com.br\/blog\/wp-content\/uploads\/2021\/05\/teletrabalho.jpg","type":"image\/jpeg"}],"twitter_card":"summary_large_image","twitter_site":"@advbox2","schema":{"@context":"https:\/\/schema.org","@graph":[{"@type":"WebPage","@id":"https:\/\/advbox.com.br\/blog\/modelos\/tributario-acao-anulatoria-de-lancamento-tributario-base-de-calculo-por-estimativa\/","url":"https:\/\/advbox.com.br\/blog\/modelos\/tributario-acao-anulatoria-de-lancamento-tributario-base-de-calculo-por-estimativa\/","name":"Modelo de A\u00e7\u00e3o Anulat\u00f3ria de lan\u00e7amento - C\u00e1lculo por estimativa","isPartOf":{"@id":"https:\/\/advbox.com.br\/blog\/#website"},"primaryImageOfPage":{"@id":"https:\/\/advbox.com.br\/blog\/modelos\/tributario-acao-anulatoria-de-lancamento-tributario-base-de-calculo-por-estimativa\/#primaryimage"},"image":{"@id":"https:\/\/advbox.com.br\/blog\/modelos\/tributario-acao-anulatoria-de-lancamento-tributario-base-de-calculo-por-estimativa\/#primaryimage"},"thumbnailUrl":"https:\/\/advbox.com.br\/blog\/wp-content\/uploads\/2021\/05\/teletrabalho.jpg","datePublished":"2024-07-30T20:11:42+00:00","dateModified":"2025-04-25T18:45:03+00:00","description":"Disponibilizamos para voc\u00ea um modelo de a\u00e7\u00e3o anulat\u00f3ria de lan\u00e7amento tribut\u00e1rio - C\u00e1lculo por estimativa. ADVBOX","breadcrumb":{"@id":"https:\/\/advbox.com.br\/blog\/modelos\/tributario-acao-anulatoria-de-lancamento-tributario-base-de-calculo-por-estimativa\/#breadcrumb"},"inLanguage":"pt-BR","potentialAction":[{"@type":"ReadAction","target":["https:\/\/advbox.com.br\/blog\/modelos\/tributario-acao-anulatoria-de-lancamento-tributario-base-de-calculo-por-estimativa\/"]}]},{"@type":"ImageObject","inLanguage":"pt-BR","@id":"https:\/\/advbox.com.br\/blog\/modelos\/tributario-acao-anulatoria-de-lancamento-tributario-base-de-calculo-por-estimativa\/#primaryimage","url":"https:\/\/advbox.com.br\/blog\/wp-content\/uploads\/2021\/05\/teletrabalho.jpg","contentUrl":"https:\/\/advbox.com.br\/blog\/wp-content\/uploads\/2021\/05\/teletrabalho.jpg","width":672,"height":448,"caption":"teletrabalho - transforma\u00e7\u00e3o digital na advocacia"},{"@type":"BreadcrumbList","@id":"https:\/\/advbox.com.br\/blog\/modelos\/tributario-acao-anulatoria-de-lancamento-tributario-base-de-calculo-por-estimativa\/#breadcrumb","itemListElement":[{"@type":"ListItem","position":1,"name":"In\u00edcio","item":"https:\/\/advbox.com.br\/blog\/"},{"@type":"ListItem","position":2,"name":"Modelos","item":"https:\/\/advbox.com.br\/blog\/modelos\/"},{"@type":"ListItem","position":3,"name":"Modelo de A\u00e7\u00e3o Anulat\u00f3ria de lan\u00e7amento &#8211; Base de c\u00e1lculo por estimativa"}]},{"@type":"WebSite","@id":"https:\/\/advbox.com.br\/blog\/#website","url":"https:\/\/advbox.com.br\/blog\/","name":"Software Jur\u00eddico Completo - ADVBOX","description":"Plataforma para Advocacia Digital","publisher":{"@id":"https:\/\/advbox.com.br\/blog\/#organization"},"potentialAction":[{"@type":"SearchAction","target":{"@type":"EntryPoint","urlTemplate":"https:\/\/advbox.com.br\/blog\/?s={search_term_string}"},"query-input":{"@type":"PropertyValueSpecification","valueRequired":true,"valueName":"search_term_string"}}],"inLanguage":"pt-BR"},{"@type":"Organization","@id":"https:\/\/advbox.com.br\/blog\/#organization","name":"ADVBOX Blog - Software jur\u00eddico da advocacia digital","url":"https:\/\/advbox.com.br\/blog\/","logo":{"@type":"ImageObject","inLanguage":"pt-BR","@id":"https:\/\/advbox.com.br\/blog\/#\/schema\/logo\/image\/","url":"https:\/\/advbox.com.br\/blog\/wp-content\/uploads\/2019\/12\/Como-aumentar-a-produtividade_.jpg","contentUrl":"https:\/\/advbox.com.br\/blog\/wp-content\/uploads\/2019\/12\/Como-aumentar-a-produtividade_.jpg","width":320,"height":213,"caption":"ADVBOX Blog - Software jur\u00eddico da advocacia digital"},"image":{"@id":"https:\/\/advbox.com.br\/blog\/#\/schema\/logo\/image\/"},"sameAs":["https:\/\/www.facebook.com\/advbox\/","https:\/\/x.com\/advbox2"]}]}},"_links":{"self":[{"href":"https:\/\/advbox.com.br\/blog\/wp-json\/wp\/v2\/modelos\/28681","targetHints":{"allow":["GET"]}}],"collection":[{"href":"https:\/\/advbox.com.br\/blog\/wp-json\/wp\/v2\/modelos"}],"about":[{"href":"https:\/\/advbox.com.br\/blog\/wp-json\/wp\/v2\/types\/modelos"}],"author":[{"embeddable":true,"href":"https:\/\/advbox.com.br\/blog\/wp-json\/wp\/v2\/users\/44"}],"replies":[{"embeddable":true,"href":"https:\/\/advbox.com.br\/blog\/wp-json\/wp\/v2\/comments?post=28681"}],"version-history":[{"count":6,"href":"https:\/\/advbox.com.br\/blog\/wp-json\/wp\/v2\/modelos\/28681\/revisions"}],"predecessor-version":[{"id":73433,"href":"https:\/\/advbox.com.br\/blog\/wp-json\/wp\/v2\/modelos\/28681\/revisions\/73433"}],"wp:featuredmedia":[{"embeddable":true,"href":"https:\/\/advbox.com.br\/blog\/wp-json\/wp\/v2\/media\/33127"}],"wp:attachment":[{"href":"https:\/\/advbox.com.br\/blog\/wp-json\/wp\/v2\/media?parent=28681"}],"wp:term":[{"taxonomy":"modelo_category","embeddable":true,"href":"https:\/\/advbox.com.br\/blog\/wp-json\/wp\/v2\/modelo_category?post=28681"}],"curies":[{"name":"wp","href":"https:\/\/api.w.org\/{rel}","templated":true}]}}