{"id":29733,"date":"2024-07-24T14:24:28","date_gmt":"2024-07-24T17:24:28","guid":{"rendered":"https:\/\/advbox.com.br\/blog\/?post_type=modelos&#038;p=29733"},"modified":"2025-06-23T16:33:49","modified_gmt":"2025-06-23T19:33:49","slug":"criminal-queixa-crime-e-injuria","status":"publish","type":"modelos","link":"https:\/\/advbox.com.br\/blog\/modelos\/criminal-queixa-crime-e-injuria\/","title":{"rendered":"Modelo de Queixa-crime e inj\u00faria"},"content":{"rendered":"<p>Acesse o modelo queixa crime e injuria, entenda\u00a0 como a advocacia online consegue manter todos os modelos no <a href=\"https:\/\/advbox.com.br\/blog\/como-automatizar-seus-modelos-de-peticoes\/\" target=\"_blank\"><strong>banco de peti\u00e7\u00f5es<\/strong><\/a> organizado e atualizado facilmente.<\/p><p>A ADVBOX <a href=\"https:\/\/advbox.com.br\/blog\/assista-demonstracao-advbox\/\" target=\"_blank\">plataforma certa<strong> para advocacia digital<\/strong><\/a> \u00e9 poss\u00edvel aproveitar os principais recursos para melhorar os resultados do seu escrit\u00f3rio como o <a href=\"https:\/\/advbox.com.br\/blog\/o-que-e-crm-aumentar-clientes\/\" target=\"_blank\"><strong>uso de CRM<\/strong><\/a><strong>, <\/strong><a href=\"https:\/\/advbox.com.br\/blog\/controladoria-juridica\/\" target=\"_blank\"><strong>controladoria jur\u00eddica<\/strong><\/a><strong>, <\/strong><a href=\"https:\/\/advbox.com.br\/blog\/avaliacao-de-dados\/\" target=\"_blank\"><strong>gest\u00e3o por dados,<\/strong><\/a><strong> <\/strong><a href=\"https:\/\/advbox.com.br\/blog\/alta-produtividade-na-advocacia\/\" target=\"_blank\"><strong>sistema taskcore<\/strong><\/a> entre outros.<\/p><p>Baixe o ebook sobre controladoria jur\u00eddica e melhore os resultados do seu escrit\u00f3rio com esse recurso dispon\u00edvel.<\/p><p><strong>EXCELENT\u00cdSSIMO SENHOR DESEMBARGADOR PRESIDENTE DO TRIBUNAL DE JUSTI\u00c7A DO ESTADO TAL<\/strong><\/p><p><strong>NOME DO CLIENTE,<\/strong> nacionalidade, estado civil, profiss\u00e3o, portador do CPF\/MF n\u00ba 0000000, com Documento de Identidade de n\u00b0 000000, residente e domiciliado na Rua TAL, n\u00ba 00000, bairro TAL, CEP: 000000, CIDADE\/UF, atualmente ocupantes de cargos de TAIS, com endere\u00e7o na Comarca de CIDADE\/UF, na Rua TAL, n\u00ba 00 atrav\u00e9s de seu advogado e procurador, inscrito na OAB sob o n\u00ba 00, com escrit\u00f3rio profissional nesta Comarca na Rua TAL n\u00ba 00, que esta subscreve, vem\u00a0 respeitosamente a presen\u00e7a de Vossa Excel\u00eancia, oferecer<\/p><h2 class=\"wp-block-heading\">Modelo de queixa crime e injuria<\/h2><p>contra a pessoa do Sr. FULANO DE TAL (qualifica\u00e7\u00e3o), com endere\u00e7o profissional, na Rua TAL, n\u00ba 00, nesta Comarca, fazendo-o com base no art. 40, incisos I, letra &#8220;c&#8221;, da Lei n\u00ba 5.250, de 09 de fevereiro de 1967, pelos atos praticados, exclusivamente, pela sua pessoa e a seguir expostos, caracterizadores dos crimes previstos nos arts. 21 e 22 do citado diploma legal, combinado com os arts. 29 e 69, do C\u00f3digo Penal:<\/p><p>&#8220;Os ora querelantes, na qualidade de Diretores da TAL, foram alvo de ofensas perpetradas pelo querelado o qual, agindo com a vontade de ofender a honra, pois chegou ao c\u00famulo de chamar os rep\u00f3rteres, tornando p\u00fablico, fatos que atingem, diretamente as suas honras pessoais, os seus decoros e os seus prest\u00edgios\u00a0 perante a sociedade, com a n\u00edtida inten\u00e7\u00e3o de ofender a honra dos ora queixosos, al\u00e9m de obter lucros pol\u00edticos, com fins eleitoreiros, concedeu entrevista levada diretamente ao ar, em data DIA\/M\u00caS\/ANO e DIA\/M\u00caS\/ANO, aquele pela TAL, da Cidade TAL, no TAL e este, na r\u00e1dio TAL, da Cidade TAL, na Rua TAL, n\u00ba 00, no TAL, oportunidade em que utilizou, ao se dirigir de viva voz e imagem, as pessoas dos querelantes, termos e palavras de cunho altamente ofensivos a honra, especialmente, quando afirmou: &#8216;&#8230; porque a Telepar \u00e9 uma TAL, se transformou num verdadeiro sindicato do crime (&#8230;) Os crimes v\u00e3o desde desvios de verbas da TAL que era dinheiro arrecadado pela Telepar e desviado criminosamente no interesse do TAL da TAL e de outros seus parceiros da diretoria como tamb\u00e9m de fora da diretoria, at\u00e9 tamb\u00e9m contas fantasmas, fraudes em licita\u00e7\u00f5es, amea\u00e7as, inc\u00eandio de carros de pessoas que denunciaram, amea\u00e7as ao Delegado do 00\u00ba Distrito Policial, em fim um conjunto de delitos e crimes contra a administra\u00e7\u00e3o p\u00fablica federal extremamente graves (&#8230;) do TAL da Telepar que \u00e9 um criminoso e que n\u00e3o pode comandar uma companhia da posi\u00e7\u00e3o estrat\u00e9gia da Telepar.&#8221; (Entrevista prestada na TAL, de TAL) &#8220;&#8230; sobre as atividades desenvolvidas pelo TAL da Telepar Dr. FULANO DE TAL, como tamb\u00e9m por demais diretores e terceiros interessados no saque e na roubalheira que se instalou na Telepar (&#8230;) Ali\u00e1s o Dr. FULANO DE TAL, est\u00e1 acostumado a proceder a base de desmandos com persegui\u00e7\u00f5es e viol\u00eancias contra funcion\u00e1rios, bem como contra cidad\u00e3os e agora contra este parlamentar que denuncia as falcatruas havidas na sua gest\u00e3o a frente da Telecomunica\u00e7\u00f5es do TAL Temos a frente da Telepar o TAL e seus TAL delinqu\u00eancias generalizadas nos atos praticados pela Telepar estes fen\u00f4menos, estas estranhas coincid\u00eancias e a corrup\u00e7\u00e3o generalizada instalada na Telepar Transforma\u00e7\u00e3o da Telepar em instrumento de corrup\u00e7\u00e3o e locupletamento e enriquecimento il\u00edcito &#8230;&#8221;. (Entrevista prestada \u00e0 TAL, de TAL).<\/p><p>Naturalmente, que tais palavras e termos proferidos pelo querelado, caracterizam os crimes previstos nos articulados 21 e 22, da Lei de Imprensa, combinado com o art. 69, do C\u00f3digo Penal, estando, \u00e0s condutas devidamente tipificadas, pois presente o dolo, bem como n\u00e3o restando d\u00favidas da inten\u00e7\u00e3o de ofender\u00a0 com fins e objetivos\u00a0 meramente pol\u00edticos.<\/p><p>1) A compet\u00eancia para conhecer, julgar e processar o feito \u00e9 desta Corte de Justi\u00e7a, em raz\u00e3o do querelado estar, provisoriamente, ocupando uma cadeira de deputado Estadual, eis que \u00e9 suplente, &#8220;ex-vi&#8221;, art.\u00a0 101, inciso VII, letra &#8220;a&#8221;, combinado com o par\u00e1grafo 4\u00ba do art. 57, da Constitui\u00e7\u00e3o Estadual do Paran\u00e1.<\/p><p>2) Requer-se, tamb\u00e9m, em raz\u00e3o da chamada imunidade parlamentar, seja o presente de pronto, submetido \u00e0 Assembl\u00e9ia Legislativa, a fim de ser concedida a indispens\u00e1vel licen\u00e7a para o prosseguimento do &#8220;persecutio criminis&#8221;, &#8220;ex-vi&#8221;, do par\u00e1grafo 1\u00ba do artigo 57, da Constitui\u00e7\u00e3o do Estado do Paran\u00e1.<\/p><p>3) Destacamos, para Vossa Excel\u00eancia, que no presente caso, inexiste, qualquer excludente de crime aplic\u00e1vel, eis que n\u00e3o se faz presente nenhuma das hip\u00f3teses previstas do art. 27, da Lei de Imprensa, j\u00e1 que as not\u00edcias foram realizadas com a inten\u00e7\u00e3o de ofender a honra dos querelantes, visando difamar e injuriar, expondo-os e procurando desmerec\u00ea-los, perante o p\u00fablico e a sociedade, pois como membros\u00a0 da diretoria da Telepar, foram ofendidos.<\/p><p>Ali\u00e1s, salienta-se que, todo o excesso, merece ser punido, principalmente, quando presente o &#8220;animus diffamandi vel injuriandi&#8221;.<\/p><p>&#8220;In casu&#8221;, no epis\u00f3dio objeto da presente persecu\u00e7\u00e3o criminal, patente restou a inten\u00e7\u00e3o do querelado em ofender, tendo para tanto, cometidos excessos inaceit\u00e1veis e caracterizadores das condutas de difama\u00e7\u00e3o e de inj\u00faria.<\/p><p>Vale salientar que o bem atingido, ou seja, a honra de uma pessoa \u00e9, sem d\u00favida, seu maior tesouro, o seu castelo, que n\u00e3o pode ser\u00a0 abalado, chamuscado, chafurdado na lama, sem que o respons\u00e1vel seja exemplarmente punido.<\/p><p>Observamos ainda que o dolo com que agiu o querelado foi intenso, pois as suas atitudes foram praticadas com o objetivo s\u00f3rdido de denegrir e macular a honra alheia, merecendo, portanto, exemplar admoesta\u00e7\u00e3o, pois a responsabilidade torna-se de maior gravidade, por ser o primeiro, apesar de ocupar um cargo eletivo, busca denegrir e ofender, visando, obter lucros na futura campanha ao legislativo.<\/p><p>V\u00ea-se, portanto, que a puni\u00e7\u00e3o ao querelado, imp\u00f5e-se como a melhor forma de direito, restando a honra do querelante, al\u00e9m de se coibir os excessos praticados.<\/p><p>4) Quanto ao cabimento do presente &#8220;persecutio criminis&#8221;, n\u00e3o resta qualquer d\u00favida, em raz\u00e3o das express\u00f5es citadas pelo querelado, as quais s\u00e3o altamente ofensivas a honra, implicando na responsabilidade do querelado, como entrevistado.<\/p><p>Tamb\u00e9m ainda, t\u00eam-se como caracterizadas as condutas t\u00edpicas da difama\u00e7\u00e3o e inj\u00faria, uma vez que as insinua\u00e7\u00f5es e os pr\u00f3prios termos utilizados pelo entrevistado atingiram diretamente a reputa\u00e7\u00e3o, o decoro, a dignidade, bem como vilipendiando a honra dos querelantes, sendo certa a possibilidade da persecu\u00e7\u00e3o criminal.<\/p><p>Todavia para que d\u00favidas n\u00e3o ocorram, transcrevemos algumas li\u00e7\u00f5es doutrin\u00e1rias e jurisprud\u00eancias dos Tribunais P\u00e1trios, quanto a caracteriza\u00e7\u00e3o das condutas mencionadas e aplic\u00e1veis a mat\u00e9ria, &#8220;verbis&#8221;:<\/p><p><strong>&#8220;\u00c9 a manifesta\u00e7\u00e3o por qualquer meio, de um conceito ou pensamento que importe o ultraje, menoscabo ou vilip\u00eandio contra algu\u00e9m.&#8221; (in Nelson Hungria, Com. ao Cod. Pen., Ed. 1995, vol. VI, pg.85)<\/strong><\/p><p>(&#8230;)<\/p><p><strong>&#8220;A a\u00e7\u00e3o consiste no fato de imputar a outrem fato ofensivo \u00e0 sua reputa\u00e7\u00e3o. O objeto da tutela \u00e9 a reputa\u00e7\u00e3o, isto \u00e9, a estima que a pessoa goza perante a sociedade em raz\u00e3o das qualidades morais, arte ou profiss\u00e3o, que em escala gradativa seria menos que o renome e fama.&#8221; (cf. Maggiore\u00a0 Derecho Penal, 1955, vol. IV, pg.402.)<\/strong><\/p><p>(&#8230;)<\/p><p><strong>&#8220;A conduta pode consistir em gestos, palavras, escritos, enfim, qualquer meio id\u00f4neo para ofender a reputa\u00e7\u00e3o da pessoa. Trata-se de honra em sentido externo ou objetivo.&#8221; (in \u00c1lvaro Mayrink da Costa, Direito Penal, 3\u00aa Edi\u00e7\u00e3o, vol. II, tomo I, pg. 400)<\/strong><\/p><p>E prossegue o festejado autor, quanto a inj\u00faria:<\/p><p><strong>&#8220;A conduta consiste em ofender a dignidade ou o decoro de algu\u00e9m. Os fatos n\u00e3o necessitam ser precisos ou determinados. Assim, a dignidade se refere \u00e0s qualidade essenciais e o decoro \u00e0s extr\u00ednsecas.&#8221; (idem, pg.409)<\/strong><\/p><p>Tamb\u00e9m, o Tribunal de Al\u00e7ada do Paran\u00e1 quanto aos excessos praticados pelos leiloeiros da honra alheia, decidiu:<\/p><p><strong>&#8220;O exerc\u00edcio do direito de cr\u00edtica aos exercentes de fun\u00e7\u00e3o p\u00fablica n\u00e3o escapa \u00e0 no\u00e7\u00e3o geral do abuso de direito.&#8221; (in PJ 30\/244)<\/strong><\/p><p>Tamb\u00e9m o Excelso Pret\u00f3rio, quanto a mat\u00e9ria teve oportunidade de decidir:<\/p><p><strong>&#8220;Omissis &#8230;<\/strong><\/p><p><strong>3) Animus jocandi vel narrandi incomprovado. Igualmente n\u00e3o demonstraram os pacientes &#8211; jornalistas &#8211; a notoriedade dos fatos que veicularam, nem divulga\u00e7\u00e3o anterior pela imprensa. Inj\u00faria caracterizada ao revelarem-se fatos \u00edntimos do ofendido compondo-lhe perfil capaz de ferir-lhe o decoro e rebaixar-lhe o conceito perante a sociedade.&#8221; (in JSTF, 124\/337, Lex)<\/strong><\/p><p>Verifica-se, &#8220;in casu&#8221;, presentes todos os elementos tipificadores e caracterizadores dos crimes de difama\u00e7\u00e3o e inj\u00faria, sendo certo que o querelado, agira com dolo, procurando difamar e injuriar a honra dos querelantes, estando presente o &#8220;fumus boni juris&#8221;, como pertencentes a diretoria da TAL.<\/p><p>Neste sentido, ali\u00e1s, o Supremo Tribunal Federal, j\u00e1 se manifestou, &#8220;verbis&#8221;:<\/p><p><strong>&#8220;Omissis &#8230;<\/strong><\/p><p><strong>2) Inj\u00faria: sujeito passivo: a alus\u00e3o insultosa e n\u00e3o individualizada aos integrantes de um colegiado de poucos membros a todos ofende.<\/strong><\/p><p><strong>Omissis &#8230; (in JSTF 138\/228.)<\/strong><\/p><p>V\u00ea-se, portanto, como certa a possibilidade da proposi\u00e7\u00e3o da presente queixa-crime.<\/p><p>5) Quanto \u00e0 responsabilidade do entrevistado, conv\u00e9m, lembrarmos que n\u00e3o resta qualquer d\u00favida, conforme entendimento pac\u00edfico na jurisprud\u00eancia p\u00e1tria, &#8220;verbis&#8221;:<\/p><p><strong>&#8220;Ementa: Crime de Imprensa. Entrevista Jornal\u00edstica.<\/strong><\/p><p><strong>Configura crime de imprensa, em tese, a ofensa \u00e0 honra em entrevista para qual o pr\u00f3prio paciente convocou os profissionais da comunica\u00e7\u00e3o. Recurso de habeas corpus desprovido.&#8221; (in JSTF 93\/357, Lex)<\/strong><\/p><p>(&#8230;)<\/p><p><strong>&#8220;Ementa: &#8211; Habeas Corpus. Crime de imprensa. Responsabilidade. Entrevista.<\/strong><\/p><p><strong>Conquanto a Lei de Imprensa tenha contemplado uma ordem sucessiva da responsabilidade para os chamados delitos de imprensa, n\u00e3o s\u00e3o alheios a ela aqueles que, na qualidade de entrevistados, profiram conceitos ou emitam opini\u00f5es atentat\u00f3rios \u00e0 honra ou \u00e0 boa fama de outrem. Reconhecia a autenticidade da entrevista, a responsabilidade pelo que nela se cont\u00e9m \u00e9 de quem o concedeu e n\u00e3o do jornalista que a reproduziu.<\/strong><\/p><p>(&#8230;)<\/p><p><strong>Recurso de habeas corpus desprovido.&#8221; (in JSTF 95\/349, Lex)<\/strong><\/p><p><strong>&#8220;Consoante o artigo 12 da Lei de Imprensa, est\u00e3o sujeitos ao regime da mesma aqueles que, atrav\u00e9s dos meios de informa\u00e7\u00e3o e divulga\u00e7\u00e3o, praticarem abusos no exerc\u00edcio da liberdade de manifesta\u00e7\u00e3o do pensamento e informa\u00e7\u00e3o.&#8221; (in RT 575\/441, STF)<\/strong><\/p><p>N\u00e3o resta, conforme a posi\u00e7\u00e3o do Supremo Tribunal Federal, qualquer d\u00favida quanto \u00e0 responsabilidade do entrevistado.<\/p><p>6) Destaca-se, finalmente, que pelos termos da entrevista est\u00e1 claro e evidente a inten\u00e7\u00e3o do querelado de ofender a honra dos querelantes, agindo com dolo, uma vez que a investida contra a diretoria da TAL, da qual todos s\u00e3o membros, deveu-se a uma retalia\u00e7\u00e3o pol\u00edtica, com a finalidade de obter lucros eleitoreiros, n\u00e3o havendo qualquer preocupa\u00e7\u00e3o com a honra alheia, impondo-se o &#8220;persecutio criminis&#8221; ora apresentado.<\/p><p>V\u00ea-se, portanto, como certa a possibilidade da proposi\u00e7\u00e3o da presente queixa-crime.<\/p><p>7) Quanto a materialidade, n\u00e3o h\u00e1 o que se discutir, j\u00e1 que as TAL fitas apresentadas com a presente, especialmente, a fita de v\u00eddeo e a magn\u00e9tica, cont\u00eam a grava\u00e7\u00e3o total e completa de ambas as entrevistas, concedidas pelo querelado, estando, portanto, devidamente materializados os crimes.<\/p><p>Ali\u00e1s, observamos que, afora a prova apresentada das fitas com a grava\u00e7\u00e3o das entrevistas, as quais dever\u00e3o ser submetidas a per\u00edcia, com as suas degrava\u00e7\u00f5es, tamb\u00e9m, admite-se a demonstra\u00e7\u00e3o da materialidade do crime, atrav\u00e9s de provas indiretas.<\/p><p>Veja-se que, &#8220;in casu&#8221;, at\u00e9 as chamadas provas indiretas s\u00e3o desnecess\u00e1rias, uma vez que, em ambas as entrevistas, v\u00e1rias foram as vezes em que o entrevistado \u00e9 interpretado pelo seu pr\u00f3prio nome, al\u00e9m do que, existe a sua imagem, bradando a viva voz, as suas assertivas\u00a0 altamente ofensivas.<\/p><p>8) Nessas condi\u00e7\u00f5es, D. e A. a presente, diante dos fatos narrados, sendo certa a pr\u00e1tica das condutas de difama\u00e7\u00e3o e inj\u00faria, requer a cita\u00e7\u00e3o dos querelados, &#8220;ex-vi&#8221;, do par\u00e1grafo 1\u00ba do artigo 43, da Lei n\u00ba 5.250, de 1967, para apresentar sua defesa pr\u00e9via, e, ap\u00f3s se ver processar, sob pena de revelia, at\u00e9 final condena\u00e7\u00e3o, arrolando as testemunhas abaixo, uma vez que trata-se de mat\u00e9ria devidamente comprovada pelas TAL fitas em TAL, de tudo ouvido o ilustre Procurador Geral da Justi\u00e7a, por ser de direito e de Justi\u00e7a!<\/p><p>Termos em que,<\/p><p>Pede Deferimento.<\/p><p>CIDADE, 00, M\u00caS, ANO<\/p><p><strong>ADVOGADO<\/strong><\/p><p><strong>OAB N\u00ba<\/strong><\/p><p><strong>MUDAN\u00c7AS DO PACOTE ANTI CRIME<\/strong><\/p><p><strong>&#8211; LEG\u00cdTIMA DEFESA<\/strong><\/p><p><strong>Foi estendida a agente de seguran\u00e7a p\u00fablica que repele agress\u00e3o ou risco de agress\u00e3o a v\u00edtima mantida ref\u00e9m.<\/strong><\/p><p><strong>&#8211; TEMPO M\u00c1XIMO DE CUMPRIMENTO DE PENA<\/strong><\/p><p><strong>A nova lei amplia o tempo m\u00e1ximo de cumprimento da pena para 40 anos. Penas cujo somat\u00f3rio superasse isso seriam unificadas em 40 anos.<\/strong><\/p><p><strong>&#8211; N\u00c3O PERSECU\u00c7\u00c3O PENAL<\/strong><\/p><p><strong>O grupo de trabalho aprovou texto proposto por Alexandre Moraes que define o acordo de n\u00e3o persecu\u00e7\u00e3o penal, aplicado a infra\u00e7\u00f5es penais sem viol\u00eancia e com pena m\u00ednima de quatro anos. Bolsonaro vetou que a n\u00e3o persecu\u00e7\u00e3o possa ocorrer nos casos de crimes de improbidade administrativa.<\/strong><\/p><p><strong>&#8211; JUIZ DE GARANTIAS<\/strong><\/p><p><strong>Deputados inclu\u00edram o juiz de garantias, que atua durante a fase de investiga\u00e7\u00e3o do processo at\u00e9 o oferecimento da den\u00fancia. Ele n\u00e3o julga. A ideia \u00e9 evitar acusa\u00e7\u00f5es de parcialidade.<\/strong><\/p><p><strong>&#8211; PENA PARA L\u00cdDERES CRIMINOSOS<\/strong><\/p><p><strong>L\u00edderes de fac\u00e7\u00f5es come\u00e7assem a cumprir pena em pris\u00f5es de seguran\u00e7a m\u00e1xima e proibiu progress\u00e3o ao preso que ainda tivesse v\u00ednculo com a organiza\u00e7\u00e3o;<\/strong><\/p>\n","protected":false},"excerpt":{"rendered":"<p>Acesse o modelo queixa crime e injuria, entenda\u00a0 como a advocacia online consegue manter todos os modelos no banco de peti\u00e7\u00f5es organizado e atualizado facilmente. A ADVBOX plataforma certa para advocacia digital \u00e9 poss\u00edvel aproveitar os principais recursos para melhorar os resultados do seu escrit\u00f3rio como o uso de CRM, [&hellip;]<\/p>\n","protected":false},"author":2,"featured_media":23654,"comment_status":"closed","ping_status":"closed","template":"","meta":{"_acf_changed":false,"om_disable_all_campaigns":false,"footnotes":""},"modelo_category":[1483],"class_list":["post-29733","modelos","type-modelos","status-publish","has-post-thumbnail","hentry","modelo_category-direito-penal"],"acf":[],"yoast_head":"<!-- This site is optimized with the Yoast SEO plugin v26.9 - https:\/\/yoast.com\/product\/yoast-seo-wordpress\/ -->\n<title>Modelo de Queixa-crime e inj\u00faria | Agilize seus processos<\/title>\n<meta name=\"description\" content=\"Disponibilizamos para voc\u00ea um modelo de Queixa-crime e inj\u00faria. ADVBOX\" \/>\n<meta name=\"robots\" content=\"index, follow, max-snippet:-1, max-image-preview:large, max-video-preview:-1\" \/>\n<link rel=\"canonical\" href=\"https:\/\/advbox.com.br\/blog\/modelos\/criminal-queixa-crime-e-injuria\/\" \/>\n<meta property=\"og:locale\" content=\"pt_BR\" \/>\n<meta property=\"og:type\" content=\"article\" \/>\n<meta property=\"og:title\" content=\"Modelo de Queixa-crime e inj\u00faria | Agilize seus processos\" \/>\n<meta property=\"og:description\" content=\"Disponibilizamos para voc\u00ea um modelo de Queixa-crime e inj\u00faria. ADVBOX\" \/>\n<meta property=\"og:url\" content=\"https:\/\/advbox.com.br\/blog\/modelos\/criminal-queixa-crime-e-injuria\/\" \/>\n<meta property=\"og:site_name\" content=\"Software Jur\u00eddico Completo - ADVBOX\" \/>\n<meta property=\"article:publisher\" content=\"https:\/\/www.facebook.com\/advbox\/\" \/>\n<meta property=\"article:modified_time\" content=\"2025-06-23T19:33:49+00:00\" \/>\n<meta property=\"og:image\" content=\"https:\/\/advbox.com.br\/blog\/wp-content\/uploads\/2021\/02\/peticoes-15-scaled.jpg\" \/>\n\t<meta property=\"og:image:width\" content=\"1024\" \/>\n\t<meta property=\"og:image:height\" content=\"683\" \/>\n\t<meta property=\"og:image:type\" content=\"image\/jpeg\" \/>\n<meta name=\"twitter:card\" content=\"summary_large_image\" \/>\n<meta name=\"twitter:site\" content=\"@advbox2\" \/>\n<script type=\"application\/ld+json\" class=\"yoast-schema-graph\">{\"@context\":\"https:\/\/schema.org\",\"@graph\":[{\"@type\":\"WebPage\",\"@id\":\"https:\/\/advbox.com.br\/blog\/modelos\/criminal-queixa-crime-e-injuria\/\",\"url\":\"https:\/\/advbox.com.br\/blog\/modelos\/criminal-queixa-crime-e-injuria\/\",\"name\":\"Modelo de Queixa-crime e inj\u00faria | Agilize seus processos\",\"isPartOf\":{\"@id\":\"https:\/\/advbox.com.br\/blog\/#website\"},\"primaryImageOfPage\":{\"@id\":\"https:\/\/advbox.com.br\/blog\/modelos\/criminal-queixa-crime-e-injuria\/#primaryimage\"},\"image\":{\"@id\":\"https:\/\/advbox.com.br\/blog\/modelos\/criminal-queixa-crime-e-injuria\/#primaryimage\"},\"thumbnailUrl\":\"https:\/\/advbox.com.br\/blog\/wp-content\/uploads\/2021\/02\/peticoes-15-scaled.jpg\",\"datePublished\":\"2024-07-24T17:24:28+00:00\",\"dateModified\":\"2025-06-23T19:33:49+00:00\",\"description\":\"Disponibilizamos para voc\u00ea um modelo de Queixa-crime e inj\u00faria. ADVBOX\",\"breadcrumb\":{\"@id\":\"https:\/\/advbox.com.br\/blog\/modelos\/criminal-queixa-crime-e-injuria\/#breadcrumb\"},\"inLanguage\":\"pt-BR\",\"potentialAction\":[{\"@type\":\"ReadAction\",\"target\":[\"https:\/\/advbox.com.br\/blog\/modelos\/criminal-queixa-crime-e-injuria\/\"]}]},{\"@type\":\"ImageObject\",\"inLanguage\":\"pt-BR\",\"@id\":\"https:\/\/advbox.com.br\/blog\/modelos\/criminal-queixa-crime-e-injuria\/#primaryimage\",\"url\":\"https:\/\/advbox.com.br\/blog\/wp-content\/uploads\/2021\/02\/peticoes-15-scaled.jpg\",\"contentUrl\":\"https:\/\/advbox.com.br\/blog\/wp-content\/uploads\/2021\/02\/peticoes-15-scaled.jpg\",\"width\":1024,\"height\":683,\"caption\":\"peti\u00e7\u00f5es\"},{\"@type\":\"BreadcrumbList\",\"@id\":\"https:\/\/advbox.com.br\/blog\/modelos\/criminal-queixa-crime-e-injuria\/#breadcrumb\",\"itemListElement\":[{\"@type\":\"ListItem\",\"position\":1,\"name\":\"In\u00edcio\",\"item\":\"https:\/\/advbox.com.br\/blog\/\"},{\"@type\":\"ListItem\",\"position\":2,\"name\":\"Modelos\",\"item\":\"https:\/\/advbox.com.br\/blog\/modelos\/\"},{\"@type\":\"ListItem\",\"position\":3,\"name\":\"Modelo de Queixa-crime e inj\u00faria\"}]},{\"@type\":\"WebSite\",\"@id\":\"https:\/\/advbox.com.br\/blog\/#website\",\"url\":\"https:\/\/advbox.com.br\/blog\/\",\"name\":\"Software Jur\u00eddico Completo - ADVBOX\",\"description\":\"Plataforma para Advocacia Digital\",\"publisher\":{\"@id\":\"https:\/\/advbox.com.br\/blog\/#organization\"},\"potentialAction\":[{\"@type\":\"SearchAction\",\"target\":{\"@type\":\"EntryPoint\",\"urlTemplate\":\"https:\/\/advbox.com.br\/blog\/?s={search_term_string}\"},\"query-input\":{\"@type\":\"PropertyValueSpecification\",\"valueRequired\":true,\"valueName\":\"search_term_string\"}}],\"inLanguage\":\"pt-BR\"},{\"@type\":\"Organization\",\"@id\":\"https:\/\/advbox.com.br\/blog\/#organization\",\"name\":\"ADVBOX Blog - Software jur\u00eddico da advocacia digital\",\"url\":\"https:\/\/advbox.com.br\/blog\/\",\"logo\":{\"@type\":\"ImageObject\",\"inLanguage\":\"pt-BR\",\"@id\":\"https:\/\/advbox.com.br\/blog\/#\/schema\/logo\/image\/\",\"url\":\"https:\/\/advbox.com.br\/blog\/wp-content\/uploads\/2019\/12\/Como-aumentar-a-produtividade_.jpg\",\"contentUrl\":\"https:\/\/advbox.com.br\/blog\/wp-content\/uploads\/2019\/12\/Como-aumentar-a-produtividade_.jpg\",\"width\":320,\"height\":213,\"caption\":\"ADVBOX Blog - Software jur\u00eddico da advocacia digital\"},\"image\":{\"@id\":\"https:\/\/advbox.com.br\/blog\/#\/schema\/logo\/image\/\"},\"sameAs\":[\"https:\/\/www.facebook.com\/advbox\/\",\"https:\/\/x.com\/advbox2\"]}]}<\/script>\n<!-- \/ Yoast SEO plugin. -->","yoast_head_json":{"title":"Modelo de Queixa-crime e inj\u00faria | Agilize seus processos","description":"Disponibilizamos para voc\u00ea um modelo de Queixa-crime e inj\u00faria. ADVBOX","robots":{"index":"index","follow":"follow","max-snippet":"max-snippet:-1","max-image-preview":"max-image-preview:large","max-video-preview":"max-video-preview:-1"},"canonical":"https:\/\/advbox.com.br\/blog\/modelos\/criminal-queixa-crime-e-injuria\/","og_locale":"pt_BR","og_type":"article","og_title":"Modelo de Queixa-crime e inj\u00faria | Agilize seus processos","og_description":"Disponibilizamos para voc\u00ea um modelo de Queixa-crime e inj\u00faria. ADVBOX","og_url":"https:\/\/advbox.com.br\/blog\/modelos\/criminal-queixa-crime-e-injuria\/","og_site_name":"Software Jur\u00eddico Completo - ADVBOX","article_publisher":"https:\/\/www.facebook.com\/advbox\/","article_modified_time":"2025-06-23T19:33:49+00:00","og_image":[{"width":1024,"height":683,"url":"https:\/\/advbox.com.br\/blog\/wp-content\/uploads\/2021\/02\/peticoes-15-scaled.jpg","type":"image\/jpeg"}],"twitter_card":"summary_large_image","twitter_site":"@advbox2","schema":{"@context":"https:\/\/schema.org","@graph":[{"@type":"WebPage","@id":"https:\/\/advbox.com.br\/blog\/modelos\/criminal-queixa-crime-e-injuria\/","url":"https:\/\/advbox.com.br\/blog\/modelos\/criminal-queixa-crime-e-injuria\/","name":"Modelo de Queixa-crime e inj\u00faria | Agilize seus processos","isPartOf":{"@id":"https:\/\/advbox.com.br\/blog\/#website"},"primaryImageOfPage":{"@id":"https:\/\/advbox.com.br\/blog\/modelos\/criminal-queixa-crime-e-injuria\/#primaryimage"},"image":{"@id":"https:\/\/advbox.com.br\/blog\/modelos\/criminal-queixa-crime-e-injuria\/#primaryimage"},"thumbnailUrl":"https:\/\/advbox.com.br\/blog\/wp-content\/uploads\/2021\/02\/peticoes-15-scaled.jpg","datePublished":"2024-07-24T17:24:28+00:00","dateModified":"2025-06-23T19:33:49+00:00","description":"Disponibilizamos para voc\u00ea um modelo de Queixa-crime e inj\u00faria. ADVBOX","breadcrumb":{"@id":"https:\/\/advbox.com.br\/blog\/modelos\/criminal-queixa-crime-e-injuria\/#breadcrumb"},"inLanguage":"pt-BR","potentialAction":[{"@type":"ReadAction","target":["https:\/\/advbox.com.br\/blog\/modelos\/criminal-queixa-crime-e-injuria\/"]}]},{"@type":"ImageObject","inLanguage":"pt-BR","@id":"https:\/\/advbox.com.br\/blog\/modelos\/criminal-queixa-crime-e-injuria\/#primaryimage","url":"https:\/\/advbox.com.br\/blog\/wp-content\/uploads\/2021\/02\/peticoes-15-scaled.jpg","contentUrl":"https:\/\/advbox.com.br\/blog\/wp-content\/uploads\/2021\/02\/peticoes-15-scaled.jpg","width":1024,"height":683,"caption":"peti\u00e7\u00f5es"},{"@type":"BreadcrumbList","@id":"https:\/\/advbox.com.br\/blog\/modelos\/criminal-queixa-crime-e-injuria\/#breadcrumb","itemListElement":[{"@type":"ListItem","position":1,"name":"In\u00edcio","item":"https:\/\/advbox.com.br\/blog\/"},{"@type":"ListItem","position":2,"name":"Modelos","item":"https:\/\/advbox.com.br\/blog\/modelos\/"},{"@type":"ListItem","position":3,"name":"Modelo de Queixa-crime e inj\u00faria"}]},{"@type":"WebSite","@id":"https:\/\/advbox.com.br\/blog\/#website","url":"https:\/\/advbox.com.br\/blog\/","name":"Software Jur\u00eddico Completo - ADVBOX","description":"Plataforma para Advocacia Digital","publisher":{"@id":"https:\/\/advbox.com.br\/blog\/#organization"},"potentialAction":[{"@type":"SearchAction","target":{"@type":"EntryPoint","urlTemplate":"https:\/\/advbox.com.br\/blog\/?s={search_term_string}"},"query-input":{"@type":"PropertyValueSpecification","valueRequired":true,"valueName":"search_term_string"}}],"inLanguage":"pt-BR"},{"@type":"Organization","@id":"https:\/\/advbox.com.br\/blog\/#organization","name":"ADVBOX Blog - Software jur\u00eddico da advocacia digital","url":"https:\/\/advbox.com.br\/blog\/","logo":{"@type":"ImageObject","inLanguage":"pt-BR","@id":"https:\/\/advbox.com.br\/blog\/#\/schema\/logo\/image\/","url":"https:\/\/advbox.com.br\/blog\/wp-content\/uploads\/2019\/12\/Como-aumentar-a-produtividade_.jpg","contentUrl":"https:\/\/advbox.com.br\/blog\/wp-content\/uploads\/2019\/12\/Como-aumentar-a-produtividade_.jpg","width":320,"height":213,"caption":"ADVBOX Blog - Software jur\u00eddico da advocacia digital"},"image":{"@id":"https:\/\/advbox.com.br\/blog\/#\/schema\/logo\/image\/"},"sameAs":["https:\/\/www.facebook.com\/advbox\/","https:\/\/x.com\/advbox2"]}]}},"_links":{"self":[{"href":"https:\/\/advbox.com.br\/blog\/wp-json\/wp\/v2\/modelos\/29733","targetHints":{"allow":["GET"]}}],"collection":[{"href":"https:\/\/advbox.com.br\/blog\/wp-json\/wp\/v2\/modelos"}],"about":[{"href":"https:\/\/advbox.com.br\/blog\/wp-json\/wp\/v2\/types\/modelos"}],"author":[{"embeddable":true,"href":"https:\/\/advbox.com.br\/blog\/wp-json\/wp\/v2\/users\/2"}],"replies":[{"embeddable":true,"href":"https:\/\/advbox.com.br\/blog\/wp-json\/wp\/v2\/comments?post=29733"}],"version-history":[{"count":7,"href":"https:\/\/advbox.com.br\/blog\/wp-json\/wp\/v2\/modelos\/29733\/revisions"}],"predecessor-version":[{"id":75147,"href":"https:\/\/advbox.com.br\/blog\/wp-json\/wp\/v2\/modelos\/29733\/revisions\/75147"}],"wp:featuredmedia":[{"embeddable":true,"href":"https:\/\/advbox.com.br\/blog\/wp-json\/wp\/v2\/media\/23654"}],"wp:attachment":[{"href":"https:\/\/advbox.com.br\/blog\/wp-json\/wp\/v2\/media?parent=29733"}],"wp:term":[{"taxonomy":"modelo_category","embeddable":true,"href":"https:\/\/advbox.com.br\/blog\/wp-json\/wp\/v2\/modelo_category?post=29733"}],"curies":[{"name":"wp","href":"https:\/\/api.w.org\/{rel}","templated":true}]}}