{"id":31219,"date":"2024-07-30T17:03:40","date_gmt":"2024-07-30T20:03:40","guid":{"rendered":"https:\/\/advbox.com.br\/blog\/?post_type=modelos&#038;p=31219"},"modified":"2025-11-06T13:24:51","modified_gmt":"2025-11-06T16:24:51","slug":"tributario-acao-declaratoria-de-inexistencia-de-relacao-juridica-tributaria-taxas","status":"publish","type":"modelos","link":"https:\/\/advbox.com.br\/blog\/modelos\/tributario-acao-declaratoria-de-inexistencia-de-relacao-juridica-tributaria-taxas\/","title":{"rendered":"A\u00e7\u00e3o Declarat\u00f3ria de Inexist\u00eancia de Rela\u00e7\u00e3o Jur\u00eddica Tribut\u00e1ria de Taxas"},"content":{"rendered":"\n<p>Todo advogado sabe que n\u00e3o \u00e9 f\u00e1cil fazer um&nbsp;<strong>bom banco de modelos de peti\u00e7\u00f5es, que atenda as especificidades dos diferentes processos&nbsp;<\/strong>no dia a dia do trabalho jur\u00eddico.<\/p>\n\n\n\n<p>Isso exige muito tempo gasto com a pesquisa de peti\u00e7\u00f5es, organiza\u00e7\u00e3o dos arquivos e tamb\u00e9m com a atualiza\u00e7\u00e3o das pe\u00e7as conforme mudan\u00e7as de jurisprud\u00eancia regional ou altera\u00e7\u00f5es em entendimentos de tribunais superiores.:<\/p>\n\n\n\n<p>Por\u00e9m, com a plataforma certa para advocacia digital, \u00e9 poss\u00edvel economizar todo esse tempo gasto<strong>. Basta um \u00fanico membro da equipe atualizar ou alterar algum modelo de pe\u00e7a processual no sistema para atualizar para todos usu\u00e1rios da plataforma!<\/strong><\/p>\n\n\n\n<p>Dessa forma \u00e9 poss\u00edvel&nbsp;<strong>acelerar a produtividade do trabalho jur\u00eddico<\/strong>&nbsp;de maneira bem relevante, al\u00e9m de potencializar ainda mais o crescimento do seu escrit\u00f3rio com os v\u00e1rios outros recursos das ferramentas de advocacia digital.&nbsp;<a href=\"https:\/\/advbox.com.br\/blog\/como-automatizar-seus-modelos-de-peticoes\/\" target=\"_blank\"><strong>Clique abaixo e saiba mais!<\/strong>&nbsp;<\/a><\/p>\n\n\n\n<figure class=\"wp-block-image size-large\"><img decoding=\"async\" src=\"https:\/\/advbox.com.br\/blog\/wp-content\/uploads\/2019\/07\/automatize_a_produ%C3%A7%C3%A3o_de_suas_peti%C3%A7%C3%B5es.png\" alt=\"Automatize a produ\u00e7\u00e3o de suas peti\u00e7\u00f5es\" class=\"wp-image-15502\" loading=\"lazy\" \/><\/figure>\n\n\n\n<h2 class=\"wp-block-heading\">A\u00c7\u00c3O DECLARAT\u00d3RIA DE INEXIST\u00caNCIA DE RELA\u00c7\u00c3O JUR\u00cdDICA TRIBUT\u00c1RIA &#8211; TAXAS<\/h2>\n\n\n\n<p><strong>EXCELENT\u00cdSSIMO(A)&nbsp;SENHOR(A) DOUTOR(A) JUIZ(A)&nbsp;DE DIREITO DA [[Vara]] VARA (&#8230;)&nbsp;DA&nbsp;[[Comarca]]&nbsp;DE&nbsp;[[Cidade do cliente]]\/[[UF do cliente]].<\/strong><\/p>\n\n\n\n<p><strong>[[Nome do cliente]]<\/strong>, [[Nacionalidade do cliente]],&nbsp;[[Estado civil do cliente]],&nbsp;[[Profiss\u00e3o do cliente]], [[Sexo do cliente]]<img decoding=\"async\" width=\"15\" height=\"15\" src=\"blob:https:\/\/advbox.com.br\/blog\/c01ec0af-be05-4cd4-809c-b6564dd02bef\">,&nbsp;nascido(a)&nbsp;em&nbsp;[[Data de nascimento do cliente]], &nbsp;inscrito(a) no CPF sob n\u00ba&nbsp;[[CPF\/CNPJ do cliente]], RG sob n\u00ba [[RG do cliente]], residente e domiciliado(a) na&nbsp;[[Endere\u00e7o do cliente]], [[Cidade do cliente]]\/[[UF do cliente]], CEP XXXX,&nbsp;com endere\u00e7o eletr\u00f4nico [[E-mail do cliente]], representado nesta a\u00e7\u00e3o por seu\/sua advogado(a),&nbsp;[[Outorgados]], conforme procura\u00e7\u00e3o anexa, com endere\u00e7o profissional na&nbsp;[[Endere\u00e7o do escrit\u00f3rio]],&nbsp;[[Cidade do escrit\u00f3rio]]\/[[UF do escrit\u00f3rio]], vem respeitosamente \u00e0 presen\u00e7a de Vossa Excel\u00eancia, conforme os fundamentos de fato e de direito postos a seguir, propor a presente&nbsp;<\/p>\n\n\n\n<p><strong>A\u00c7\u00c3O DECLARAT\u00d3RIA DE INEXIST\u00caNCIA DE RELA\u00c7\u00c3O JUR\u00cdDICO TRIBUT\u00c1RIA COM PEDIDO DE REPETI\u00c7\u00c3O DE IND\u00c9BITO E DE ANTECIPA\u00c7\u00c3O DE TUTELA<\/strong><\/p>\n\n\n\n<p>em face de&nbsp;<strong>[[Parte contr\u00e1ria]]<\/strong>, (indicar se \u00e9 pessoa f\u00edsica ou jur\u00eddica), com CPF\/CNPJ sob n\u00ba \u2026, com sede na Rua \u2026, n\u00ba&nbsp;\u2026, bairro &#8230;, CEP: \u2026, Munic\u00edpio\u2013 UF, pelas raz\u00f5es de fato e de direito que passa a aduzir e no final requer:<\/p>\n\n\n\n<p><strong>I &#8211; DOS FATOS<\/strong><\/p>\n\n\n\n<p>A Autora \u00e9 pessoa jur\u00eddica de Direito Privado dedicada \u00e0 fabrica\u00e7\u00e3o de embalagens pl\u00e1sticas. Nesta qualidade encontra-se instalada em im\u00f3vel industrial de sua propriedade, na Av. (endere\u00e7o), nesta cidade e comarca. Referido im\u00f3vel re\u00fane as inscri\u00e7\u00f5es n\u00ba (n\u00fameros), conforme documentos anexados.<\/p>\n\n\n\n<p>O R\u00e9u tem lan\u00e7ado, em nome da Autora, taxas referentes \u00e0 ilumina\u00e7\u00e3o p\u00fablica, limpeza p\u00fablica, extin\u00e7\u00e3o de inc\u00eandio e taxa de fiscaliza\u00e7\u00e3o e funcionamento, conforme planilha discriminada em anexo, que desta inicial faz parte integrante.<\/p>\n\n\n\n<p>At\u00e9 janeiro de 2012, a Autora recolheu aos cofres do R\u00e9u o montante de R$ XX (reais), conforme c\u00e1lculos&nbsp;discriminadamente demonstrados, na planilha referida no item II desta pe\u00e7a e que integra a inicial.<\/p>\n\n\n\n<p>Entretanto, as taxas de ilumina\u00e7\u00e3o p\u00fablica, limpeza p\u00fablica, extin\u00e7\u00e3o de inc\u00eandio e de fiscaliza\u00e7\u00e3o e funcionamento, lan\u00e7adas pelo R\u00e9u, s\u00e3o manifestamente ilegais, por n\u00e3o corresponderem a qualquer contra presta\u00e7\u00e3o por servi\u00e7os realizados ou disponibilizados, de forma divis\u00edvel e individualizada, pelo R\u00e9u em favor da Autora.<\/p>\n\n\n\n<p>Por se tratarem de lan\u00e7amentos ilegais, tem-se que inexiste rela\u00e7\u00e3o jur\u00eddico tribut\u00e1ria entre as partes com rela\u00e7\u00e3o aos mesmos, sendo defeso ao R\u00e9u continuar exigindo da Autora tais exa\u00e7\u00f5es. Neste diapas\u00e3o os valores recolhidos indevidamente, a t\u00edtulo das taxas inquinadas de ilegais, dever\u00e3o ser restitu\u00eddos aos cofres da Autora, diretamente ou atrav\u00e9s de compensa\u00e7\u00e3o com os recolhimentos futuros do Imposto Sobre Propriedade Territorial Urbana &#8211; IPTU.<\/p>\n\n\n\n<p>Por esta raz\u00e3o a Autora vem a esse MM Ju\u00edzo em busca da presta\u00e7\u00e3o jurisdicional ao final requerida, pleiteando a antecipa\u00e7\u00e3o da tutela, ante a verossimilhan\u00e7a de suas alega\u00e7\u00f5es.<\/p>\n\n\n\n<p><strong>II &#8211; DO DIREITO<\/strong><\/p>\n\n\n\n<p>Segundo defini\u00e7\u00e3o do C\u00f3digo Tribut\u00e1rio Nacional, em seu artigo 77, a cobran\u00e7a de taxas pelo munic\u00edpio decorre do exerc\u00edcio regular do poder de pol\u00edcia, ou da utiliza\u00e7\u00e3o, efetiva ou potencial, de servi\u00e7o p\u00fablico espec\u00edfico e divis\u00edvel, prestado ou disponibilizado.<\/p>\n\n\n\n<p><strong>III &#8211; DA TAXA DE FISCALIZA\u00c7\u00c3O E FUNCIONAMENTO<\/strong><\/p>\n\n\n\n<p>Improcede a cobran\u00e7a da Taxa de Fiscaliza\u00e7\u00e3o e Funcionamento, porque n\u00e3o enquadrada em nenhuma das hip\u00f3teses de incid\u00eancia da exa\u00e7\u00e3o.<\/p>\n\n\n\n<p>Embora o nomem iuris dado pelo R\u00e9u sugestione sua vincula\u00e7\u00e3o ao exerc\u00edcio do Poder de Pol\u00edcia pelo munic\u00edpio, em realidade isto n\u00e3o ocorre. A cobran\u00e7a de taxas inerentes ao exerc\u00edcio do poder de pol\u00edcia ocorre somente quando a administra\u00e7\u00e3o p\u00fablica pratica ato positivo de regula\u00e7\u00e3o da pr\u00e1tica de ato ou absten\u00e7\u00e3o de fato, em raz\u00e3o de interesse p\u00fablico relativo \u00e0 seguran\u00e7a, higiene, ordem, costumes, disciplina da produ\u00e7\u00e3o e do mercado e exerc\u00edcio de atividades dependentes de autoriza\u00e7\u00e3o ou concess\u00e3o do Poder P\u00fablico.<\/p>\n\n\n\n<p>No tocante \u00e0 Taxa de Fiscaliza\u00e7\u00e3o e Funcionamento exigida pelo R\u00e9u inexiste qualquer atua\u00e7\u00e3o ou atividade exercida efetivamente pelo Poder P\u00fablico, na forma do art. 78, do CTN. A cobran\u00e7a de tal taxa seria admiss\u00edvel somente por ocasi\u00e3o do exerc\u00edcio de algum dos atos descritos na lei como hip\u00f3teses de incid\u00eancia para a exig\u00eancia de taxa inerente ao poder de pol\u00edcia.<\/p>\n\n\n\n<p>A Taxa de Fiscaliza\u00e7\u00e3o e Funcionamento, em Guarulhos, \u00e9 cobrada aleatoriamente, sem que o R\u00e9u pratique qualquer atividade inerente ao seu poder de pol\u00edcia. O simples fato de o munic\u00edpio deter o poder de pol\u00edcia, nos termos da lei, n\u00e3o se constitui em hip\u00f3tese de incid\u00eancia, nem em fato gerador de qualquer taxa inerente ao exerc\u00edcio deste poder, se efetivamente n\u00e3o exercido, atrav\u00e9s da exterioriza\u00e7\u00e3o de algum ato concreto.<\/p>\n\n\n\n<p>Por isto, inexiste rela\u00e7\u00e3o jur\u00eddico tribut\u00e1ria entre Autora e R\u00e9u, que possibilite a cobran\u00e7a de Taxa de Fiscaliza\u00e7\u00e3o e Funcionamento, raz\u00e3o pela qual dever\u00e1 ser eximida de continuar recolhendo a exa\u00e7\u00e3o, devendo ainda ser restitu\u00edda de todos os valores recolhidos indevidamente, a tal t\u00edtulo, nos \u00faltimos cinco anos, conforme planilha que<br>integra esta inicial.<\/p>\n\n\n\n<p><strong>IV &#8211; DA TAXA DE ILUMINA\u00c7\u00c3O P\u00daBLICA<\/strong><\/p>\n\n\n\n<p>A taxa de ilumina\u00e7\u00e3o p\u00fablica tamb\u00e9m n\u00e3o se enquadra na hip\u00f3tese de incid\u00eancia do art. 77, c\/c art. 79, ambos do CTN. A ilumina\u00e7\u00e3o p\u00fablica n\u00e3o se trata de servi\u00e7o divis\u00edvel, nem espec\u00edfico, n\u00e3o podendo ser utilizado separadamente, por parte de cada um de seus usu\u00e1rios, nem dividido em unidades aut\u00f4nomas.<\/p>\n\n\n\n<p>A ilumina\u00e7\u00e3o p\u00fablica serve a todas as pessoas, de forma indistinta, indivis\u00edvel e inespec\u00edfica. N\u00e3o se individualiza seu destinat\u00e1rio final ou potencial, de maneira que n\u00e3o se enquadra nos requisitos dos artigos 77 e 79 do CTN.<\/p>\n\n\n\n<p>Sendo assim, tamb\u00e9m inexiste rela\u00e7\u00e3o jur\u00eddico tribut\u00e1ria entre as partes, com rela\u00e7\u00e3o \u00e0 taxa de ilumina\u00e7\u00e3o p\u00fablica, que por isto \u00e9 exigida de maneira ilegal. Dever\u00e1, portanto, a senten\u00e7a a ser exarada, eximir a Autora de continuar recolhendo referida taxa ao R\u00e9u, condenando-o ainda \u00e0 repeti\u00e7\u00e3o de tudo o que exigiu a este t\u00edtulo, nos \u00faltimos 5 (cinco) anos.<\/p>\n\n\n\n<p><strong>V &#8211; DA TAXA DE LIMPEZA P\u00daBLICA<\/strong><\/p>\n\n\n\n<p>Outra n\u00e3o \u00e9 a situa\u00e7\u00e3o da Taxa de Limpeza P\u00fablica. Trata-se de outro servi\u00e7o indivis\u00edvel e inespec\u00edfico, que serve a uma coletividade, sem qualquer possibilidade de identifica\u00e7\u00e3o de seus destinat\u00e1rios finais ou potenciais.<\/p>\n\n\n\n<p>A limpeza p\u00fablica tamb\u00e9m n\u00e3o se enquadra nas hip\u00f3teses dos artigos 77 e 79 do CTN, raz\u00e3o pela qual inexiste rela\u00e7\u00e3o jur\u00eddico tribut\u00e1ria entre as partes, que possibilite a cobran\u00e7a da exa\u00e7\u00e3o sobre tal servi\u00e7o. Portanto, dever\u00e1 a Autora ser eximida de continuar recolhendo a exa\u00e7\u00e3o, devendo-lhe ser restitu\u00eddos todos os valores pagos a tal t\u00edtulo, indevidamente.<\/p>\n\n\n\n<p><strong>VI &#8211; DA TAXA DE EXTIN\u00c7\u00c3O DE INC\u00caNDIO<\/strong><\/p>\n\n\n\n<p>Aplicando-se os princ\u00edpios insculpidos nos artigos 77 e 79, do CTN, tem-se que a taxa de extin\u00e7\u00e3o de inc\u00eandios somente poderia ser exigida caso ocorresse efetivamente um inc\u00eandio, nas instala\u00e7\u00f5es da Autora, que fosse combatido atrav\u00e9s de equipes custeadas pela municipalidade.<\/p>\n\n\n\n<p>Entretanto, al\u00e9m de inexistir ocorr\u00eancia de inc\u00eandio nas instala\u00e7\u00f5es da Autora, caso houvesse, seria combatido pelo Corpo de Bombeiros da Pol\u00edcia Militar do Estado de S\u00e3o Paulo. Vale dizer que, a pessoa jur\u00eddica de Direito P\u00fablico que poderia instituir e cobrar taxa de extin\u00e7\u00e3o de inc\u00eandios seria, em tese, o Estado de S\u00e3o Paulo, que presta efetivamente tais servi\u00e7os, e n\u00e3o o munic\u00edpio R\u00e9u.<\/p>\n\n\n\n<p>Portanto, a taxa de extin\u00e7\u00e3o de inc\u00eandios tamb\u00e9m descumpre os requisitos dos artigos 77 e 79 do CTN, inexistindo rela\u00e7\u00e3o jur\u00eddico tribut\u00e1ria que possa embasar tal cobran\u00e7a. Por isto, a Autora dever\u00e1 ser eximida desse recolhimento e ressarcida de tudo quanto recolheu indevidamente a tal t\u00edtulo.<\/p>\n\n\n\n<p><strong>VII &#8211; DOS PEDIDOS<\/strong><\/p>\n\n\n\n<p>Ante o exposto, requer:<\/p>\n\n\n\n<p>a) A&nbsp;ANTECIPA\u00c7\u00c3O PARCIAL DA TUTELA, para o fim de eximir-se a Autora de recolher a Taxa de Fiscaliza\u00e7\u00e3o e Funcionamento, Taxa de Limpeza P\u00fablica, Taxa de Ilumina\u00e7\u00e3o P\u00fablica e Taxa de Extin\u00e7\u00e3o de Inc\u00eandios, aos cofres do R\u00e9u, autorizando-a a compensar tudo o que foi recolhido a maior, nos termos da planilha que integra esta inicial, com os recolhimentos futuros a t\u00edtulo de IPTU&nbsp;em prosseguimento;<\/p>\n\n\n\n<p>b)&nbsp;Em prosseguimento requer a cita\u00e7\u00e3o do R\u00e9u, nos termos do inc. II, do art. 221 e do art. 224 (por Oficial de Justi\u00e7a), com as advert\u00eancias dos artigos 285 e 319, ambos do CPC, para que tome conhecimento dos termos desta e ofere\u00e7a a defesa que tiver, acompanhando-a at\u00e9 senten\u00e7a final, que o julgar\u00e1 procedente, para o fim de declarar a inexist\u00eancia de rela\u00e7\u00e3o jur\u00eddico tribut\u00e1ria entre as partes concernente \u00e0 Taxa de Fiscaliza\u00e7\u00e3o e Funcionamento, Taxa de Limpeza P\u00fablica, Taxa de Ilumina\u00e7\u00e3o P\u00fablica e Taxa de Extin\u00e7\u00e3o de inc\u00eandio, eximindo-se a Autora de efetuar qualquer recolhimento, a tais t\u00edtulos, aos cofres do R\u00e9u e determinando-se a este que se abstenha de efetuar qualquer lan\u00e7amento contra a Autora, bem como, condenando-o a restituir tudo o quanto recebeu da Autora, a esses t\u00edtulos, com base na planilha que integra esta inicial, e mais o que eventualmente for recolhido no curso deste processo, devidamente atualizado e acrescido de juros, autorizando-se a compensa\u00e7\u00e3o do que for apurado com o que for devido a t\u00edtulo de IPTU e condenando-se o R\u00e9u aos \u00f4nus da sucumb\u00eancia;<\/p>\n\n\n\n<p>c)&nbsp;Provar\u00e1 o alegado pelos meios previstos nos artigos 136 do CC e 332 do CPC.<\/p>\n\n\n\n<p>D\u00e1-se \u00e0 causa o valor de <strong>[[Expectativa\/valor da causa]]<\/strong>, nos termos do art. 292, III, do NCPC.<\/p>\n\n\n\n<p>Termos em que,<\/p>\n\n\n\n<p>Pede deferimento.<\/p>\n\n\n\n<p>[[Cidade do escrit\u00f3rio]],&nbsp;[[Dia atual]],&nbsp;[[M\u00eas atual]],&nbsp;[[Ano atual]].<\/p>\n\n\n\n<p><strong>[[Gestores do escrit\u00f3rio]]<\/strong><\/p>\n\n\n\n<figure class=\"wp-block-image size-large\"><img fetchpriority=\"high\" decoding=\"async\" width=\"1024\" height=\"536\" src=\"https:\/\/advbox.com.br\/blog\/wp-content\/uploads\/2020\/10\/advbx_pj_cta_optimoster_controlhe_juridico-1024x536.png\" alt=\"\" class=\"wp-image-23162\" srcset=\"https:\/\/advbox.com.br\/blog\/wp-content\/uploads\/2020\/10\/advbx_pj_cta_optimoster_controlhe_juridico.png 1024w, https:\/\/advbox.com.br\/blog\/wp-content\/uploads\/2020\/10\/advbx_pj_cta_optimoster_controlhe_juridico-500x262.png 500w, https:\/\/advbox.com.br\/blog\/wp-content\/uploads\/2020\/10\/advbx_pj_cta_optimoster_controlhe_juridico-768x402.png 768w\" sizes=\"(max-width: 1024px) 100vw, 1024px\" \/><\/figure>\n","protected":false},"excerpt":{"rendered":"<p>Todo advogado sabe que n\u00e3o \u00e9 f\u00e1cil fazer um&nbsp;bom banco de modelos de peti\u00e7\u00f5es, que atenda as especificidades dos diferentes processos&nbsp;no dia a dia do trabalho jur\u00eddico. Isso exige muito tempo gasto com a pesquisa de peti\u00e7\u00f5es, organiza\u00e7\u00e3o dos arquivos e tamb\u00e9m com a atualiza\u00e7\u00e3o das pe\u00e7as conforme mudan\u00e7as de [&hellip;]<\/p>\n","protected":false},"author":44,"featured_media":0,"comment_status":"closed","ping_status":"closed","template":"","meta":{"_acf_changed":false,"om_disable_all_campaigns":false,"footnotes":""},"modelo_category":[1482],"class_list":["post-31219","modelos","type-modelos","status-publish","hentry","modelo_category-direito-tributario"],"acf":[],"yoast_head":"<!-- This site is optimized with the Yoast SEO plugin v26.9 - https:\/\/yoast.com\/product\/yoast-seo-wordpress\/ -->\n<title>A\u00e7\u00e3o Declarat\u00f3ria de Inexist\u00eancia de Rela\u00e7\u00e3o Jur\u00eddica Tribut\u00e1ria<\/title>\n<meta name=\"description\" content=\"Confira o modelo de a\u00e7\u00e3o declarat\u00f3ria de inexist\u00eancia de rela\u00e7\u00e3o jur\u00eddico-tribut\u00e1ria para taxas e veja como a automa\u00e7\u00e3o de peti\u00e7\u00e3o agiliza a rotina.\" \/>\n<meta name=\"robots\" content=\"index, follow, max-snippet:-1, max-image-preview:large, max-video-preview:-1\" \/>\n<link rel=\"canonical\" href=\"https:\/\/advbox.com.br\/blog\/modelos\/tributario-acao-declaratoria-de-inexistencia-de-relacao-juridica-tributaria-taxas\/\" \/>\n<meta property=\"og:locale\" content=\"pt_BR\" \/>\n<meta property=\"og:type\" content=\"article\" \/>\n<meta property=\"og:title\" content=\"A\u00e7\u00e3o Declarat\u00f3ria de Inexist\u00eancia de Rela\u00e7\u00e3o Jur\u00eddica Tribut\u00e1ria\" \/>\n<meta property=\"og:description\" content=\"Confira o modelo de a\u00e7\u00e3o declarat\u00f3ria de inexist\u00eancia de rela\u00e7\u00e3o jur\u00eddico-tribut\u00e1ria para taxas e veja como a automa\u00e7\u00e3o de peti\u00e7\u00e3o agiliza a rotina.\" \/>\n<meta property=\"og:url\" content=\"https:\/\/advbox.com.br\/blog\/modelos\/tributario-acao-declaratoria-de-inexistencia-de-relacao-juridica-tributaria-taxas\/\" \/>\n<meta property=\"og:site_name\" content=\"Software Jur\u00eddico Completo - ADVBOX\" \/>\n<meta property=\"article:publisher\" content=\"https:\/\/www.facebook.com\/advbox\/\" \/>\n<meta property=\"article:modified_time\" content=\"2025-11-06T16:24:51+00:00\" \/>\n<meta property=\"og:image\" content=\"https:\/\/advbox.com.br\/blog\/wp-content\/uploads\/2019\/07\/automatize_a_produ\u00e7\u00e3o_de_suas_peti\u00e7\u00f5es.png\" \/>\n\t<meta property=\"og:image:width\" content=\"1000\" \/>\n\t<meta property=\"og:image:height\" content=\"276\" \/>\n\t<meta property=\"og:image:type\" content=\"image\/png\" \/>\n<meta name=\"twitter:card\" content=\"summary_large_image\" \/>\n<meta name=\"twitter:site\" content=\"@advbox2\" \/>\n<script type=\"application\/ld+json\" class=\"yoast-schema-graph\">{\"@context\":\"https:\/\/schema.org\",\"@graph\":[{\"@type\":\"WebPage\",\"@id\":\"https:\/\/advbox.com.br\/blog\/modelos\/tributario-acao-declaratoria-de-inexistencia-de-relacao-juridica-tributaria-taxas\/\",\"url\":\"https:\/\/advbox.com.br\/blog\/modelos\/tributario-acao-declaratoria-de-inexistencia-de-relacao-juridica-tributaria-taxas\/\",\"name\":\"A\u00e7\u00e3o Declarat\u00f3ria de Inexist\u00eancia de Rela\u00e7\u00e3o Jur\u00eddica Tribut\u00e1ria\",\"isPartOf\":{\"@id\":\"https:\/\/advbox.com.br\/blog\/#website\"},\"primaryImageOfPage\":{\"@id\":\"https:\/\/advbox.com.br\/blog\/modelos\/tributario-acao-declaratoria-de-inexistencia-de-relacao-juridica-tributaria-taxas\/#primaryimage\"},\"image\":{\"@id\":\"https:\/\/advbox.com.br\/blog\/modelos\/tributario-acao-declaratoria-de-inexistencia-de-relacao-juridica-tributaria-taxas\/#primaryimage\"},\"thumbnailUrl\":\"https:\/\/advbox.com.br\/blog\/wp-content\/uploads\/2019\/07\/automatize_a_produ%C3%A7%C3%A3o_de_suas_peti%C3%A7%C3%B5es.png\",\"datePublished\":\"2024-07-30T20:03:40+00:00\",\"dateModified\":\"2025-11-06T16:24:51+00:00\",\"description\":\"Confira o modelo de a\u00e7\u00e3o declarat\u00f3ria de inexist\u00eancia de rela\u00e7\u00e3o jur\u00eddico-tribut\u00e1ria para taxas e veja como a automa\u00e7\u00e3o de peti\u00e7\u00e3o agiliza a rotina.\",\"breadcrumb\":{\"@id\":\"https:\/\/advbox.com.br\/blog\/modelos\/tributario-acao-declaratoria-de-inexistencia-de-relacao-juridica-tributaria-taxas\/#breadcrumb\"},\"inLanguage\":\"pt-BR\",\"potentialAction\":[{\"@type\":\"ReadAction\",\"target\":[\"https:\/\/advbox.com.br\/blog\/modelos\/tributario-acao-declaratoria-de-inexistencia-de-relacao-juridica-tributaria-taxas\/\"]}]},{\"@type\":\"ImageObject\",\"inLanguage\":\"pt-BR\",\"@id\":\"https:\/\/advbox.com.br\/blog\/modelos\/tributario-acao-declaratoria-de-inexistencia-de-relacao-juridica-tributaria-taxas\/#primaryimage\",\"url\":\"https:\/\/advbox.com.br\/blog\/wp-content\/uploads\/2019\/07\/automatize_a_produ\u00e7\u00e3o_de_suas_peti\u00e7\u00f5es.png\",\"contentUrl\":\"https:\/\/advbox.com.br\/blog\/wp-content\/uploads\/2019\/07\/automatize_a_produ\u00e7\u00e3o_de_suas_peti\u00e7\u00f5es.png\",\"width\":1000,\"height\":276,\"caption\":\"Automatize a produ\u00e7\u00e3o de suas peti\u00e7\u00f5es\"},{\"@type\":\"BreadcrumbList\",\"@id\":\"https:\/\/advbox.com.br\/blog\/modelos\/tributario-acao-declaratoria-de-inexistencia-de-relacao-juridica-tributaria-taxas\/#breadcrumb\",\"itemListElement\":[{\"@type\":\"ListItem\",\"position\":1,\"name\":\"In\u00edcio\",\"item\":\"https:\/\/advbox.com.br\/blog\/\"},{\"@type\":\"ListItem\",\"position\":2,\"name\":\"Modelos\",\"item\":\"https:\/\/advbox.com.br\/blog\/modelos\/\"},{\"@type\":\"ListItem\",\"position\":3,\"name\":\"A\u00e7\u00e3o Declarat\u00f3ria de Inexist\u00eancia de Rela\u00e7\u00e3o Jur\u00eddica Tribut\u00e1ria de Taxas\"}]},{\"@type\":\"WebSite\",\"@id\":\"https:\/\/advbox.com.br\/blog\/#website\",\"url\":\"https:\/\/advbox.com.br\/blog\/\",\"name\":\"Software Jur\u00eddico Completo - ADVBOX\",\"description\":\"Plataforma para Advocacia Digital\",\"publisher\":{\"@id\":\"https:\/\/advbox.com.br\/blog\/#organization\"},\"potentialAction\":[{\"@type\":\"SearchAction\",\"target\":{\"@type\":\"EntryPoint\",\"urlTemplate\":\"https:\/\/advbox.com.br\/blog\/?s={search_term_string}\"},\"query-input\":{\"@type\":\"PropertyValueSpecification\",\"valueRequired\":true,\"valueName\":\"search_term_string\"}}],\"inLanguage\":\"pt-BR\"},{\"@type\":\"Organization\",\"@id\":\"https:\/\/advbox.com.br\/blog\/#organization\",\"name\":\"ADVBOX Blog - Software jur\u00eddico da advocacia digital\",\"url\":\"https:\/\/advbox.com.br\/blog\/\",\"logo\":{\"@type\":\"ImageObject\",\"inLanguage\":\"pt-BR\",\"@id\":\"https:\/\/advbox.com.br\/blog\/#\/schema\/logo\/image\/\",\"url\":\"https:\/\/advbox.com.br\/blog\/wp-content\/uploads\/2019\/12\/Como-aumentar-a-produtividade_.jpg\",\"contentUrl\":\"https:\/\/advbox.com.br\/blog\/wp-content\/uploads\/2019\/12\/Como-aumentar-a-produtividade_.jpg\",\"width\":320,\"height\":213,\"caption\":\"ADVBOX Blog - Software jur\u00eddico da advocacia digital\"},\"image\":{\"@id\":\"https:\/\/advbox.com.br\/blog\/#\/schema\/logo\/image\/\"},\"sameAs\":[\"https:\/\/www.facebook.com\/advbox\/\",\"https:\/\/x.com\/advbox2\"]}]}<\/script>\n<!-- \/ Yoast SEO plugin. -->","yoast_head_json":{"title":"A\u00e7\u00e3o Declarat\u00f3ria de Inexist\u00eancia de Rela\u00e7\u00e3o Jur\u00eddica Tribut\u00e1ria","description":"Confira o modelo de a\u00e7\u00e3o declarat\u00f3ria de inexist\u00eancia de rela\u00e7\u00e3o jur\u00eddico-tribut\u00e1ria para taxas e veja como a automa\u00e7\u00e3o de peti\u00e7\u00e3o agiliza a rotina.","robots":{"index":"index","follow":"follow","max-snippet":"max-snippet:-1","max-image-preview":"max-image-preview:large","max-video-preview":"max-video-preview:-1"},"canonical":"https:\/\/advbox.com.br\/blog\/modelos\/tributario-acao-declaratoria-de-inexistencia-de-relacao-juridica-tributaria-taxas\/","og_locale":"pt_BR","og_type":"article","og_title":"A\u00e7\u00e3o Declarat\u00f3ria de Inexist\u00eancia de Rela\u00e7\u00e3o Jur\u00eddica Tribut\u00e1ria","og_description":"Confira o modelo de a\u00e7\u00e3o declarat\u00f3ria de inexist\u00eancia de rela\u00e7\u00e3o jur\u00eddico-tribut\u00e1ria para taxas e veja como a automa\u00e7\u00e3o de peti\u00e7\u00e3o agiliza a rotina.","og_url":"https:\/\/advbox.com.br\/blog\/modelos\/tributario-acao-declaratoria-de-inexistencia-de-relacao-juridica-tributaria-taxas\/","og_site_name":"Software Jur\u00eddico Completo - ADVBOX","article_publisher":"https:\/\/www.facebook.com\/advbox\/","article_modified_time":"2025-11-06T16:24:51+00:00","og_image":[{"width":1000,"height":276,"url":"https:\/\/advbox.com.br\/blog\/wp-content\/uploads\/2019\/07\/automatize_a_produ\u00e7\u00e3o_de_suas_peti\u00e7\u00f5es.png","type":"image\/png"}],"twitter_card":"summary_large_image","twitter_site":"@advbox2","schema":{"@context":"https:\/\/schema.org","@graph":[{"@type":"WebPage","@id":"https:\/\/advbox.com.br\/blog\/modelos\/tributario-acao-declaratoria-de-inexistencia-de-relacao-juridica-tributaria-taxas\/","url":"https:\/\/advbox.com.br\/blog\/modelos\/tributario-acao-declaratoria-de-inexistencia-de-relacao-juridica-tributaria-taxas\/","name":"A\u00e7\u00e3o Declarat\u00f3ria de Inexist\u00eancia de Rela\u00e7\u00e3o Jur\u00eddica Tribut\u00e1ria","isPartOf":{"@id":"https:\/\/advbox.com.br\/blog\/#website"},"primaryImageOfPage":{"@id":"https:\/\/advbox.com.br\/blog\/modelos\/tributario-acao-declaratoria-de-inexistencia-de-relacao-juridica-tributaria-taxas\/#primaryimage"},"image":{"@id":"https:\/\/advbox.com.br\/blog\/modelos\/tributario-acao-declaratoria-de-inexistencia-de-relacao-juridica-tributaria-taxas\/#primaryimage"},"thumbnailUrl":"https:\/\/advbox.com.br\/blog\/wp-content\/uploads\/2019\/07\/automatize_a_produ%C3%A7%C3%A3o_de_suas_peti%C3%A7%C3%B5es.png","datePublished":"2024-07-30T20:03:40+00:00","dateModified":"2025-11-06T16:24:51+00:00","description":"Confira o modelo de a\u00e7\u00e3o declarat\u00f3ria de inexist\u00eancia de rela\u00e7\u00e3o jur\u00eddico-tribut\u00e1ria para taxas e veja como a automa\u00e7\u00e3o de peti\u00e7\u00e3o agiliza a rotina.","breadcrumb":{"@id":"https:\/\/advbox.com.br\/blog\/modelos\/tributario-acao-declaratoria-de-inexistencia-de-relacao-juridica-tributaria-taxas\/#breadcrumb"},"inLanguage":"pt-BR","potentialAction":[{"@type":"ReadAction","target":["https:\/\/advbox.com.br\/blog\/modelos\/tributario-acao-declaratoria-de-inexistencia-de-relacao-juridica-tributaria-taxas\/"]}]},{"@type":"ImageObject","inLanguage":"pt-BR","@id":"https:\/\/advbox.com.br\/blog\/modelos\/tributario-acao-declaratoria-de-inexistencia-de-relacao-juridica-tributaria-taxas\/#primaryimage","url":"https:\/\/advbox.com.br\/blog\/wp-content\/uploads\/2019\/07\/automatize_a_produ\u00e7\u00e3o_de_suas_peti\u00e7\u00f5es.png","contentUrl":"https:\/\/advbox.com.br\/blog\/wp-content\/uploads\/2019\/07\/automatize_a_produ\u00e7\u00e3o_de_suas_peti\u00e7\u00f5es.png","width":1000,"height":276,"caption":"Automatize a produ\u00e7\u00e3o de suas peti\u00e7\u00f5es"},{"@type":"BreadcrumbList","@id":"https:\/\/advbox.com.br\/blog\/modelos\/tributario-acao-declaratoria-de-inexistencia-de-relacao-juridica-tributaria-taxas\/#breadcrumb","itemListElement":[{"@type":"ListItem","position":1,"name":"In\u00edcio","item":"https:\/\/advbox.com.br\/blog\/"},{"@type":"ListItem","position":2,"name":"Modelos","item":"https:\/\/advbox.com.br\/blog\/modelos\/"},{"@type":"ListItem","position":3,"name":"A\u00e7\u00e3o Declarat\u00f3ria de Inexist\u00eancia de Rela\u00e7\u00e3o Jur\u00eddica Tribut\u00e1ria de Taxas"}]},{"@type":"WebSite","@id":"https:\/\/advbox.com.br\/blog\/#website","url":"https:\/\/advbox.com.br\/blog\/","name":"Software Jur\u00eddico Completo - ADVBOX","description":"Plataforma para Advocacia Digital","publisher":{"@id":"https:\/\/advbox.com.br\/blog\/#organization"},"potentialAction":[{"@type":"SearchAction","target":{"@type":"EntryPoint","urlTemplate":"https:\/\/advbox.com.br\/blog\/?s={search_term_string}"},"query-input":{"@type":"PropertyValueSpecification","valueRequired":true,"valueName":"search_term_string"}}],"inLanguage":"pt-BR"},{"@type":"Organization","@id":"https:\/\/advbox.com.br\/blog\/#organization","name":"ADVBOX Blog - Software jur\u00eddico da advocacia digital","url":"https:\/\/advbox.com.br\/blog\/","logo":{"@type":"ImageObject","inLanguage":"pt-BR","@id":"https:\/\/advbox.com.br\/blog\/#\/schema\/logo\/image\/","url":"https:\/\/advbox.com.br\/blog\/wp-content\/uploads\/2019\/12\/Como-aumentar-a-produtividade_.jpg","contentUrl":"https:\/\/advbox.com.br\/blog\/wp-content\/uploads\/2019\/12\/Como-aumentar-a-produtividade_.jpg","width":320,"height":213,"caption":"ADVBOX Blog - Software jur\u00eddico da advocacia digital"},"image":{"@id":"https:\/\/advbox.com.br\/blog\/#\/schema\/logo\/image\/"},"sameAs":["https:\/\/www.facebook.com\/advbox\/","https:\/\/x.com\/advbox2"]}]}},"_links":{"self":[{"href":"https:\/\/advbox.com.br\/blog\/wp-json\/wp\/v2\/modelos\/31219","targetHints":{"allow":["GET"]}}],"collection":[{"href":"https:\/\/advbox.com.br\/blog\/wp-json\/wp\/v2\/modelos"}],"about":[{"href":"https:\/\/advbox.com.br\/blog\/wp-json\/wp\/v2\/types\/modelos"}],"author":[{"embeddable":true,"href":"https:\/\/advbox.com.br\/blog\/wp-json\/wp\/v2\/users\/44"}],"replies":[{"embeddable":true,"href":"https:\/\/advbox.com.br\/blog\/wp-json\/wp\/v2\/comments?post=31219"}],"version-history":[{"count":4,"href":"https:\/\/advbox.com.br\/blog\/wp-json\/wp\/v2\/modelos\/31219\/revisions"}],"predecessor-version":[{"id":78774,"href":"https:\/\/advbox.com.br\/blog\/wp-json\/wp\/v2\/modelos\/31219\/revisions\/78774"}],"wp:attachment":[{"href":"https:\/\/advbox.com.br\/blog\/wp-json\/wp\/v2\/media?parent=31219"}],"wp:term":[{"taxonomy":"modelo_category","embeddable":true,"href":"https:\/\/advbox.com.br\/blog\/wp-json\/wp\/v2\/modelo_category?post=31219"}],"curies":[{"name":"wp","href":"https:\/\/api.w.org\/{rel}","templated":true}]}}