{"id":31825,"date":"2021-05-17T18:49:31","date_gmt":"2021-05-17T21:49:31","guid":{"rendered":"https:\/\/advbox.com.br\/blog\/?post_type=modelos&#038;p=31825"},"modified":"2025-04-10T16:30:57","modified_gmt":"2025-04-10T19:30:57","slug":"tributario-peticao-de-uniformizacao-beneficio-previdenciario-por-idade","status":"publish","type":"modelos","link":"https:\/\/advbox.com.br\/blog\/modelos\/tributario-peticao-de-uniformizacao-beneficio-previdenciario-por-idade\/","title":{"rendered":"Modelo de peti\u00e7\u00e3o de uniformiza\u00e7\u00e3o &#8211; Benef\u00edcio previdenci\u00e1rio por idade"},"content":{"rendered":"\n<p>Todo advogado sabe que n\u00e3o \u00e9 f\u00e1cil fazer um&nbsp;<strong>bom banco de modelos de peti\u00e7\u00f5es, que atenda as especificidades dos diferentes processos&nbsp;<\/strong>no dia a dia do trabalho jur\u00eddico.<\/p>\n\n\n\n<p>Isso exige muito tempo gasto com a pesquisa de peti\u00e7\u00f5es, organiza\u00e7\u00e3o dos arquivos e tamb\u00e9m com a atualiza\u00e7\u00e3o das pe\u00e7as conforme mudan\u00e7as de jurisprud\u00eancia regional ou altera\u00e7\u00f5es em entendimentos de tribunais superiores.:<\/p>\n\n\n\n<p>Por\u00e9m, com a plataforma certa para advocacia digital, \u00e9 poss\u00edvel economizar todo esse tempo gasto<strong>. Basta um \u00fanico membro da equipe atualizar ou alterar algum modelo de pe\u00e7a processual no sistema para atualizar para todos usu\u00e1rios da plataforma!<\/strong><\/p>\n\n\n\n<p>Dessa forma \u00e9 poss\u00edvel&nbsp;<strong>acelerar a produtividade do trabalho jur\u00eddico<\/strong>&nbsp;de maneira bem relevante, al\u00e9m de potencializar ainda mais o crescimento do seu escrit\u00f3rio com os v\u00e1rios outros recursos das ferramentas de advocacia digital.&nbsp;<a href=\"https:\/\/advbox.com.br\/blog\/como-automatizar-seus-modelos-de-peticoes\/\" target=\"_blank\"><strong>Clique abaixo e saiba mais!<\/strong>&nbsp;<\/a><\/p>\n\n\n\n<figure class=\"wp-block-image size-large\"><a href=\"https:\/\/advbox.com.br\/cadastro\/\" target=\"_blank\"><img decoding=\"async\" src=\"https:\/\/advbox.com.br\/blog\/wp-content\/uploads\/2019\/07\/automatize_a_produ%C3%A7%C3%A3o_de_suas_peti%C3%A7%C3%B5es.png\" alt=\"Automatize a produ\u00e7\u00e3o de suas peti\u00e7\u00f5es\" class=\"wp-image-15502\" loading=\"lazy\" \/><\/a><\/figure>\n\n\n\n<h2 class=\"wp-block-heading\">PETI\u00c7\u00c3O DE UNIFORMIZA\u00c7\u00c3O &#8211; BENEF\u00cdCIO PREVIDENCI\u00c1RIO POR IDADE<\/h2>\n\n\n\n<p><strong>EXCELENT\u00cdSSIMO(A)&nbsp;SENHOR(A) DOUTOR(A) PRESIDENTE DO JUIZADO ESPECIAL FEDERAL DA XX\u00aa REGI\u00c3O DE&nbsp;[[UF do cliente]].<\/strong><\/p>\n\n\n\n<p><strong>PROCESSO N\u00ba&nbsp;[[N\u00famero CNJ]].<\/strong><\/p>\n\n\n\n<p><strong>[[Nome do cliente]]<\/strong>,&nbsp;j\u00e1 qualificado&nbsp;nos autos da a\u00e7\u00e3o&nbsp;em ep\u00edgrafe&nbsp;que lhe \u00e9 movida por\/move em face de&nbsp;<strong>[[Parte contr\u00e1ria]]<\/strong>, vem respeitosamente a presen\u00e7a de Vossa Excel\u00eancia, interpor<\/p>\n\n\n\n<p><strong>PEDIDO DE UNIFORMIZA\u00c7\u00c3O&nbsp;<\/strong><\/p>\n\n\n\n<p>de interpreta\u00e7\u00e3o de Lei Federal, com base em diverg\u00eancia jurisprudencial.<\/p>\n\n\n\n<p>Termos em que, cumpridas as formalidades legais, requer o envio dos autos \u00e0 Turma de Uniformiza\u00e7\u00e3o Nacional.<\/p>\n\n\n\n<p>Termos em que,<\/p>\n\n\n\n<p>Pede deferimento.<\/p>\n\n\n\n<p>[[Cidade do escrit\u00f3rio]],&nbsp;[[Dia atual]],&nbsp;[[M\u00eas atual]],&nbsp;[[Ano atual]].<\/p>\n\n\n\n<p><strong>[[Gestores do escrit\u00f3rio]]<\/strong><\/p>\n\n\n\n<p><strong>RAZ\u00d5ES DO RECURSO<\/strong><\/p>\n\n\n\n<p><strong>PROCESSO N\u00ba:&nbsp;[[N\u00famero CNJ]].<\/strong><\/p>\n\n\n\n<p><strong>AGRAVANTE:&nbsp;[[Nome do cliente]].<\/strong><\/p>\n\n\n\n<p><strong>AGRAVADO:&nbsp;[[Parte contr\u00e1ria]].<\/strong><\/p>\n\n\n\n<p><strong>Nobres Julgadores,<\/strong><\/p>\n\n\n\n<p><strong>I &#8211; DOS FATOS<\/strong><\/p>\n\n\n\n<p><strong>I.1 &#8211; Do cabimento do presente Recurso<\/strong><\/p>\n\n\n\n<p>Trata-se de a\u00e7\u00e3o na qual a autora pleiteia a concess\u00e3o de benef\u00edcio previdenci\u00e1rio por idade.<\/p>\n\n\n\n<p>Em primeira inst\u00e2ncia, o pedido foi julgado procedente.<\/p>\n\n\n\n<p>Inconformada, a autarquia previdenci\u00e1ria recorreu.<\/p>\n\n\n\n<p>Sobreveio aresto que deu provimento ao recurso de INSS, considerando que, a teor da norma do \u00a7 1\u00ba do artigo 102 da Lei n. 8.213\/91, a autora n\u00e3o preencheu os requisitos necess\u00e1rios para a aposentadoria por idade.<\/p>\n\n\n\n<p>Tal decis\u00e3o choca-se com o ac\u00f3rd\u00e3o prolatado pela Turma Recursal do Juizado Especial Federal do Paran\u00e1, que j\u00e1 se pronunciou sobre o tema, negando o pleito recursal do Instituto.<\/p>\n\n\n\n<p>O recurso \u00e9 tempestivo, isento de preparo (Lei n. 1.060\/50), estando presentes, pois, todas as condi\u00e7\u00f5es necess\u00e1rias ao seu conhecimento.<\/p>\n\n\n\n<p>Anote-se que foi (ou n\u00e3o foi) interposto tamb\u00e9m o competente recurso extraordin\u00e1rio.<\/p>\n\n\n\n<p><strong>II &#8211; DA DIVERG\u00caNCIA JURISPRUDENCIAL<\/strong><\/p>\n\n\n\n<p>O v. ac\u00f3rd\u00e3o recorrido negou o pleito da parte autora.<\/p>\n\n\n\n<p>No v. aresto restou consignado:<\/p>\n\n\n\n<p>(transcrever o ac\u00f3rd\u00e3o e juntar c\u00f3pia)<\/p>\n\n\n\n<p>Ocorre que, assim decidindo, o v. ac\u00f3rd\u00e3o diverge do v. aresto prolatado pela Turma Recursal do Juizado Especial Federal do Paran\u00e1, in verbis:<\/p>\n\n\n\n<p>(transcrever o ac\u00f3rd\u00e3o e juntar c\u00f3pia)<\/p>\n\n\n\n<p>Cuida-se, no paradigma, de caso semelhante ao discutido nestes autos nos aspectos f\u00e1ticos e jur\u00eddicos.<\/p>\n\n\n\n<p>Se n\u00e3o vejamos o que determina a legisla\u00e7\u00e3o em vigor.<\/p>\n\n\n\n<p>Assim disp\u00f5em os arts. 18 e 48 da Lei n. 8.213\/91:<\/p>\n\n\n\n<p><em>Art. 18. &#8220;O Regime Geral de Previd\u00eancia Social compreen de as seguintes presta\u00e7\u00f5es, devidas inclusive em raz\u00e3o de eventos decorrentes de acidente de trabalho, expressas em benef\u00edcios e servi\u00e7os:<\/em><\/p>\n\n\n\n<p><em>I &#8211; quanto ao segurado:<\/em><\/p>\n\n\n\n<p><em>[&#8230;]<\/em><\/p>\n\n\n\n<p><em>b) aposentadoria por idade.&#8221;<\/em><\/p>\n\n\n\n<p><em>Art. 48. &#8220;A aposentadoria por idade ser\u00e1 devida ao segurado que, cumprida a car\u00eancia exigida nesta Lei, complementar 65 (sessenta e cinco) anos de idade, se homem, e 60 (sessenta), se mulher (reda\u00e7\u00e3o alterada pela Lei n. 9.032\/95, mantida pela Lei n. 9.528\/97).&#8221;<\/em><\/p>\n\n\n\n<p>A Lei n. 8.213\/91 \u00e9 clara ao estatuir que o benef\u00edcio de aposentadoria por idade ser\u00e1 devido t\u00e3o-somente ao segurado da Previd\u00eancia Social.<\/p>\n\n\n\n<p>Por outro lado, o art. 15 do mesmo diploma legal estabelece o seguinte:<\/p>\n\n\n\n<p><em>Art. 15. &#8220;Mant\u00e9m a qualidade de segurado, independentemente de contribui\u00e7\u00f5es:<\/em><\/p>\n\n\n\n<p><em>I &#8211; sem limite de prazo, quem est\u00e1 em gozo de benef\u00edcios;<\/em><\/p>\n\n\n\n<p><em>II &#8211; at\u00e9 12 (doze) meses ap\u00f3s a cessa\u00e7\u00e3o das contribui\u00e7\u00f5es, o segurado que deixar de exercer atividade remunerada abrangida pela Previd\u00eancia Social ou estiver suspenso ou licenciado sem remunera\u00e7\u00e3o;<\/em><\/p>\n\n\n\n<p><em>III &#8211; at\u00e9 12 (doze) meses ap\u00f3s cessar a segrega\u00e7\u00e3o, o segurado acometido de doen\u00e7a de segrega\u00e7\u00e3o compuls\u00f3ria;<\/em><\/p>\n\n\n\n<p><em>IV &#8211; at\u00e9 12 (doze) meses ap\u00f3s o livramento, o segurado retido ou recluso;<\/em><\/p>\n\n\n\n<p><em>V &#8211; at\u00e9 3 (tr\u00eas) meses ap\u00f3s o licenciamento, o segurado incorporado \u00e0s For\u00e7as Armadas para prestar servi\u00e7o militar;<\/em><\/p>\n\n\n\n<p><em>VI &#8211; at\u00e9 6 (seis) meses ap\u00f3s a cessa\u00e7\u00e3o das contribui\u00e7\u00f5es, o segurado facultativo.<\/em><\/p>\n\n\n\n<p><em>\u00a7 1\u00ba. O prazo do inciso II ser\u00e1 prorrogado para at\u00e9 24 (vinte e quatro) meses se o segurado j\u00e1 tiver pago mais de 120 (cento e vinte) contribui\u00e7\u00f5es mensais sem interrup\u00e7\u00e3o que acarrete a perda da qualidade de segurado.<\/em><\/p>\n\n\n\n<p><em>\u00a7 2\u00ba. Os prazos do inciso II ou do \u00a7 1\u00ba ser\u00e3o acrescidos de 12 (doze) meses para o segurado desempregado, desde que comprovada essa situa\u00e7\u00e3o pelo registro no \u00f3rg\u00e3o pr\u00f3prio do minist\u00e9rio do Trabalho e da Previd\u00eancia Social.<\/em><\/p>\n\n\n\n<p><em>\u00a7 3\u00ba. Durante os prazos deste artigo, o segurado conserva todos os seus direitos perante a Previd\u00eancia Social.<\/em><\/p>\n\n\n\n<p><em>\u00a7 4\u00ba. A perda da qualidade de segurado ocorrer\u00e1 no dia seguinte ao do t\u00e9rmino do prazo fixado no Plano de Custeio da Seguridade Social para recolhimento da contribui\u00e7\u00e3o referente ao m\u00eas imediatamente posterior ao do final dos prazos fixados neste artigo e seus par\u00e1grafos.&#8221;<\/em><\/p>\n\n\n\n<p>E, ainda, a legisla\u00e7\u00e3o prev\u00ea:<\/p>\n\n\n\n<p><em>Art. 24. &#8220;[&#8230;]<\/em><\/p>\n\n\n\n<p><em>Par\u00e1grafo \u00fanico. Havendo perda da qualidade de segurado, as contribui\u00e7\u00f5es anteriores a essa data s\u00f3 ser\u00e3o computadas para efeito de car\u00eancia depois que o segurado contar, a partir da nova filia\u00e7\u00e3o \u00e0 Previd\u00eancia Social, com, no m\u00ednimo, V\/3 (um ter\u00e7o) do n\u00famero de contribui\u00e7\u00f5es exigidas para o cumprimento da car\u00eancia definida para o benef\u00edcio a ser requerido.&#8221;<\/em><\/p>\n\n\n\n<p>A parte autora, portanto, comprovou o preenchimento dos requisitos de idade e car\u00eancia.<\/p>\n\n\n\n<p><strong>III &#8211;&nbsp;DO PEDIDO<\/strong><\/p>\n\n\n\n<p>Ante o exposto, demonstrada a diverg\u00eancia jurisprudencial existente, requer a recorrente o conhecimento e o provimento do presente recurso, para que esta Colenda Turma de Uniformiza\u00e7\u00e3o reconhe\u00e7a a proced\u00eancia do pedido formulado pela autora e uniformize a jurisprud\u00eancia sobre o tema.<\/p>\n\n\n\n<p>Termos em que,<\/p>\n\n\n\n<p>Pede deferimento.<\/p>\n\n\n\n<p>[[Cidade do escrit\u00f3rio]],&nbsp;[[Dia atual]],&nbsp;[[M\u00eas atual]],&nbsp;[[Ano atual]].<\/p>\n\n\n\n<p><strong>[[Gestores do escrit\u00f3rio]]<\/strong><\/p>\n\n\n\n<figure class=\"wp-block-image size-large\"><a href=\"https:\/\/materiais.advbox.com.br\/manual-controladoria-juridica-digital-advbox\" target=\"_blank\"><img fetchpriority=\"high\" decoding=\"async\" width=\"1024\" height=\"536\" src=\"https:\/\/advbox.com.br\/blog\/wp-content\/uploads\/2020\/10\/advbx_pj_cta_optimoster_controlhe_juridico-1024x536.png\" alt=\"\" class=\"wp-image-23162\" srcset=\"https:\/\/advbox.com.br\/blog\/wp-content\/uploads\/2020\/10\/advbx_pj_cta_optimoster_controlhe_juridico.png 1024w, https:\/\/advbox.com.br\/blog\/wp-content\/uploads\/2020\/10\/advbx_pj_cta_optimoster_controlhe_juridico-500x262.png 500w, https:\/\/advbox.com.br\/blog\/wp-content\/uploads\/2020\/10\/advbx_pj_cta_optimoster_controlhe_juridico-768x402.png 768w\" sizes=\"(max-width: 1024px) 100vw, 1024px\" \/><\/a><\/figure>\n","protected":false},"excerpt":{"rendered":"<p>Todo advogado sabe que n\u00e3o \u00e9 f\u00e1cil fazer um&nbsp;bom banco de modelos de peti\u00e7\u00f5es, que atenda as especificidades dos diferentes processos&nbsp;no dia a dia do trabalho jur\u00eddico. Isso exige muito tempo gasto com a pesquisa de peti\u00e7\u00f5es, organiza\u00e7\u00e3o dos arquivos e tamb\u00e9m com a atualiza\u00e7\u00e3o das pe\u00e7as conforme mudan\u00e7as de [&hellip;]<\/p>\n","protected":false},"author":44,"featured_media":29750,"comment_status":"closed","ping_status":"closed","template":"","meta":{"_acf_changed":false,"om_disable_all_campaigns":false,"footnotes":""},"modelo_category":[1484],"class_list":["post-31825","modelos","type-modelos","status-publish","has-post-thumbnail","hentry","modelo_category-direito-previdenciario"],"acf":[],"yoast_head":"<!-- This site is optimized with the Yoast SEO plugin v26.9 - https:\/\/yoast.com\/product\/yoast-seo-wordpress\/ -->\n<title>Modelo peti\u00e7\u00e3o uniformiza\u00e7\u00e3o - Benef\u00edcio previdenci\u00e1rio por idade<\/title>\n<meta name=\"description\" content=\"Disponibilizamos para voc\u00ea um modelo de peti\u00e7\u00e3o de uniformiza\u00e7\u00e3o - Benef\u00edcio previdenci\u00e1rio por idade. ADVBOX\" \/>\n<meta name=\"robots\" content=\"index, follow, max-snippet:-1, max-image-preview:large, max-video-preview:-1\" \/>\n<link rel=\"canonical\" href=\"https:\/\/advbox.com.br\/blog\/modelos\/tributario-peticao-de-uniformizacao-beneficio-previdenciario-por-idade\/\" \/>\n<meta property=\"og:locale\" content=\"pt_BR\" \/>\n<meta property=\"og:type\" content=\"article\" \/>\n<meta property=\"og:title\" content=\"Modelo peti\u00e7\u00e3o uniformiza\u00e7\u00e3o - Benef\u00edcio previdenci\u00e1rio por idade\" \/>\n<meta property=\"og:description\" content=\"Disponibilizamos para voc\u00ea um modelo de peti\u00e7\u00e3o de uniformiza\u00e7\u00e3o - Benef\u00edcio previdenci\u00e1rio por idade. ADVBOX\" \/>\n<meta property=\"og:url\" content=\"https:\/\/advbox.com.br\/blog\/modelos\/tributario-peticao-de-uniformizacao-beneficio-previdenciario-por-idade\/\" \/>\n<meta property=\"og:site_name\" content=\"Software Jur\u00eddico Completo - ADVBOX\" \/>\n<meta property=\"article:publisher\" content=\"https:\/\/www.facebook.com\/advbox\/\" \/>\n<meta property=\"article:modified_time\" content=\"2025-04-10T19:30:57+00:00\" \/>\n<meta property=\"og:image\" content=\"https:\/\/advbox.com.br\/blog\/wp-content\/uploads\/2021\/04\/peticao-advbox-14.jpg\" \/>\n\t<meta property=\"og:image:width\" content=\"626\" \/>\n\t<meta property=\"og:image:height\" content=\"417\" \/>\n\t<meta property=\"og:image:type\" content=\"image\/jpeg\" \/>\n<meta name=\"twitter:card\" content=\"summary_large_image\" \/>\n<meta name=\"twitter:site\" content=\"@advbox2\" \/>\n<script type=\"application\/ld+json\" class=\"yoast-schema-graph\">{\"@context\":\"https:\/\/schema.org\",\"@graph\":[{\"@type\":\"WebPage\",\"@id\":\"https:\/\/advbox.com.br\/blog\/modelos\/tributario-peticao-de-uniformizacao-beneficio-previdenciario-por-idade\/\",\"url\":\"https:\/\/advbox.com.br\/blog\/modelos\/tributario-peticao-de-uniformizacao-beneficio-previdenciario-por-idade\/\",\"name\":\"Modelo peti\u00e7\u00e3o uniformiza\u00e7\u00e3o - Benef\u00edcio previdenci\u00e1rio por idade\",\"isPartOf\":{\"@id\":\"https:\/\/advbox.com.br\/blog\/#website\"},\"primaryImageOfPage\":{\"@id\":\"https:\/\/advbox.com.br\/blog\/modelos\/tributario-peticao-de-uniformizacao-beneficio-previdenciario-por-idade\/#primaryimage\"},\"image\":{\"@id\":\"https:\/\/advbox.com.br\/blog\/modelos\/tributario-peticao-de-uniformizacao-beneficio-previdenciario-por-idade\/#primaryimage\"},\"thumbnailUrl\":\"https:\/\/advbox.com.br\/blog\/wp-content\/uploads\/2021\/04\/peticao-advbox-14.jpg\",\"datePublished\":\"2021-05-17T21:49:31+00:00\",\"dateModified\":\"2025-04-10T19:30:57+00:00\",\"description\":\"Disponibilizamos para voc\u00ea um modelo de peti\u00e7\u00e3o de uniformiza\u00e7\u00e3o - Benef\u00edcio previdenci\u00e1rio por idade. ADVBOX\",\"breadcrumb\":{\"@id\":\"https:\/\/advbox.com.br\/blog\/modelos\/tributario-peticao-de-uniformizacao-beneficio-previdenciario-por-idade\/#breadcrumb\"},\"inLanguage\":\"pt-BR\",\"potentialAction\":[{\"@type\":\"ReadAction\",\"target\":[\"https:\/\/advbox.com.br\/blog\/modelos\/tributario-peticao-de-uniformizacao-beneficio-previdenciario-por-idade\/\"]}]},{\"@type\":\"ImageObject\",\"inLanguage\":\"pt-BR\",\"@id\":\"https:\/\/advbox.com.br\/blog\/modelos\/tributario-peticao-de-uniformizacao-beneficio-previdenciario-por-idade\/#primaryimage\",\"url\":\"https:\/\/advbox.com.br\/blog\/wp-content\/uploads\/2021\/04\/peticao-advbox-14.jpg\",\"contentUrl\":\"https:\/\/advbox.com.br\/blog\/wp-content\/uploads\/2021\/04\/peticao-advbox-14.jpg\",\"width\":626,\"height\":417,\"caption\":\"Metas de produtividade\"},{\"@type\":\"BreadcrumbList\",\"@id\":\"https:\/\/advbox.com.br\/blog\/modelos\/tributario-peticao-de-uniformizacao-beneficio-previdenciario-por-idade\/#breadcrumb\",\"itemListElement\":[{\"@type\":\"ListItem\",\"position\":1,\"name\":\"In\u00edcio\",\"item\":\"https:\/\/advbox.com.br\/blog\/\"},{\"@type\":\"ListItem\",\"position\":2,\"name\":\"Modelos\",\"item\":\"https:\/\/advbox.com.br\/blog\/modelos\/\"},{\"@type\":\"ListItem\",\"position\":3,\"name\":\"Modelo de peti\u00e7\u00e3o de uniformiza\u00e7\u00e3o &#8211; Benef\u00edcio previdenci\u00e1rio por idade\"}]},{\"@type\":\"WebSite\",\"@id\":\"https:\/\/advbox.com.br\/blog\/#website\",\"url\":\"https:\/\/advbox.com.br\/blog\/\",\"name\":\"Software Jur\u00eddico Completo - ADVBOX\",\"description\":\"Plataforma para Advocacia Digital\",\"publisher\":{\"@id\":\"https:\/\/advbox.com.br\/blog\/#organization\"},\"potentialAction\":[{\"@type\":\"SearchAction\",\"target\":{\"@type\":\"EntryPoint\",\"urlTemplate\":\"https:\/\/advbox.com.br\/blog\/?s={search_term_string}\"},\"query-input\":{\"@type\":\"PropertyValueSpecification\",\"valueRequired\":true,\"valueName\":\"search_term_string\"}}],\"inLanguage\":\"pt-BR\"},{\"@type\":\"Organization\",\"@id\":\"https:\/\/advbox.com.br\/blog\/#organization\",\"name\":\"ADVBOX Blog - Software jur\u00eddico da advocacia digital\",\"url\":\"https:\/\/advbox.com.br\/blog\/\",\"logo\":{\"@type\":\"ImageObject\",\"inLanguage\":\"pt-BR\",\"@id\":\"https:\/\/advbox.com.br\/blog\/#\/schema\/logo\/image\/\",\"url\":\"https:\/\/advbox.com.br\/blog\/wp-content\/uploads\/2019\/12\/Como-aumentar-a-produtividade_.jpg\",\"contentUrl\":\"https:\/\/advbox.com.br\/blog\/wp-content\/uploads\/2019\/12\/Como-aumentar-a-produtividade_.jpg\",\"width\":320,\"height\":213,\"caption\":\"ADVBOX Blog - Software jur\u00eddico da advocacia digital\"},\"image\":{\"@id\":\"https:\/\/advbox.com.br\/blog\/#\/schema\/logo\/image\/\"},\"sameAs\":[\"https:\/\/www.facebook.com\/advbox\/\",\"https:\/\/x.com\/advbox2\"]}]}<\/script>\n<!-- \/ Yoast SEO plugin. -->","yoast_head_json":{"title":"Modelo peti\u00e7\u00e3o uniformiza\u00e7\u00e3o - Benef\u00edcio previdenci\u00e1rio por idade","description":"Disponibilizamos para voc\u00ea um modelo de peti\u00e7\u00e3o de uniformiza\u00e7\u00e3o - Benef\u00edcio previdenci\u00e1rio por idade. ADVBOX","robots":{"index":"index","follow":"follow","max-snippet":"max-snippet:-1","max-image-preview":"max-image-preview:large","max-video-preview":"max-video-preview:-1"},"canonical":"https:\/\/advbox.com.br\/blog\/modelos\/tributario-peticao-de-uniformizacao-beneficio-previdenciario-por-idade\/","og_locale":"pt_BR","og_type":"article","og_title":"Modelo peti\u00e7\u00e3o uniformiza\u00e7\u00e3o - Benef\u00edcio previdenci\u00e1rio por idade","og_description":"Disponibilizamos para voc\u00ea um modelo de peti\u00e7\u00e3o de uniformiza\u00e7\u00e3o - Benef\u00edcio previdenci\u00e1rio por idade. ADVBOX","og_url":"https:\/\/advbox.com.br\/blog\/modelos\/tributario-peticao-de-uniformizacao-beneficio-previdenciario-por-idade\/","og_site_name":"Software Jur\u00eddico Completo - ADVBOX","article_publisher":"https:\/\/www.facebook.com\/advbox\/","article_modified_time":"2025-04-10T19:30:57+00:00","og_image":[{"width":626,"height":417,"url":"https:\/\/advbox.com.br\/blog\/wp-content\/uploads\/2021\/04\/peticao-advbox-14.jpg","type":"image\/jpeg"}],"twitter_card":"summary_large_image","twitter_site":"@advbox2","schema":{"@context":"https:\/\/schema.org","@graph":[{"@type":"WebPage","@id":"https:\/\/advbox.com.br\/blog\/modelos\/tributario-peticao-de-uniformizacao-beneficio-previdenciario-por-idade\/","url":"https:\/\/advbox.com.br\/blog\/modelos\/tributario-peticao-de-uniformizacao-beneficio-previdenciario-por-idade\/","name":"Modelo peti\u00e7\u00e3o uniformiza\u00e7\u00e3o - Benef\u00edcio previdenci\u00e1rio por idade","isPartOf":{"@id":"https:\/\/advbox.com.br\/blog\/#website"},"primaryImageOfPage":{"@id":"https:\/\/advbox.com.br\/blog\/modelos\/tributario-peticao-de-uniformizacao-beneficio-previdenciario-por-idade\/#primaryimage"},"image":{"@id":"https:\/\/advbox.com.br\/blog\/modelos\/tributario-peticao-de-uniformizacao-beneficio-previdenciario-por-idade\/#primaryimage"},"thumbnailUrl":"https:\/\/advbox.com.br\/blog\/wp-content\/uploads\/2021\/04\/peticao-advbox-14.jpg","datePublished":"2021-05-17T21:49:31+00:00","dateModified":"2025-04-10T19:30:57+00:00","description":"Disponibilizamos para voc\u00ea um modelo de peti\u00e7\u00e3o de uniformiza\u00e7\u00e3o - Benef\u00edcio previdenci\u00e1rio por idade. ADVBOX","breadcrumb":{"@id":"https:\/\/advbox.com.br\/blog\/modelos\/tributario-peticao-de-uniformizacao-beneficio-previdenciario-por-idade\/#breadcrumb"},"inLanguage":"pt-BR","potentialAction":[{"@type":"ReadAction","target":["https:\/\/advbox.com.br\/blog\/modelos\/tributario-peticao-de-uniformizacao-beneficio-previdenciario-por-idade\/"]}]},{"@type":"ImageObject","inLanguage":"pt-BR","@id":"https:\/\/advbox.com.br\/blog\/modelos\/tributario-peticao-de-uniformizacao-beneficio-previdenciario-por-idade\/#primaryimage","url":"https:\/\/advbox.com.br\/blog\/wp-content\/uploads\/2021\/04\/peticao-advbox-14.jpg","contentUrl":"https:\/\/advbox.com.br\/blog\/wp-content\/uploads\/2021\/04\/peticao-advbox-14.jpg","width":626,"height":417,"caption":"Metas de produtividade"},{"@type":"BreadcrumbList","@id":"https:\/\/advbox.com.br\/blog\/modelos\/tributario-peticao-de-uniformizacao-beneficio-previdenciario-por-idade\/#breadcrumb","itemListElement":[{"@type":"ListItem","position":1,"name":"In\u00edcio","item":"https:\/\/advbox.com.br\/blog\/"},{"@type":"ListItem","position":2,"name":"Modelos","item":"https:\/\/advbox.com.br\/blog\/modelos\/"},{"@type":"ListItem","position":3,"name":"Modelo de peti\u00e7\u00e3o de uniformiza\u00e7\u00e3o &#8211; Benef\u00edcio previdenci\u00e1rio por idade"}]},{"@type":"WebSite","@id":"https:\/\/advbox.com.br\/blog\/#website","url":"https:\/\/advbox.com.br\/blog\/","name":"Software Jur\u00eddico Completo - ADVBOX","description":"Plataforma para Advocacia Digital","publisher":{"@id":"https:\/\/advbox.com.br\/blog\/#organization"},"potentialAction":[{"@type":"SearchAction","target":{"@type":"EntryPoint","urlTemplate":"https:\/\/advbox.com.br\/blog\/?s={search_term_string}"},"query-input":{"@type":"PropertyValueSpecification","valueRequired":true,"valueName":"search_term_string"}}],"inLanguage":"pt-BR"},{"@type":"Organization","@id":"https:\/\/advbox.com.br\/blog\/#organization","name":"ADVBOX Blog - Software jur\u00eddico da advocacia digital","url":"https:\/\/advbox.com.br\/blog\/","logo":{"@type":"ImageObject","inLanguage":"pt-BR","@id":"https:\/\/advbox.com.br\/blog\/#\/schema\/logo\/image\/","url":"https:\/\/advbox.com.br\/blog\/wp-content\/uploads\/2019\/12\/Como-aumentar-a-produtividade_.jpg","contentUrl":"https:\/\/advbox.com.br\/blog\/wp-content\/uploads\/2019\/12\/Como-aumentar-a-produtividade_.jpg","width":320,"height":213,"caption":"ADVBOX Blog - Software jur\u00eddico da advocacia digital"},"image":{"@id":"https:\/\/advbox.com.br\/blog\/#\/schema\/logo\/image\/"},"sameAs":["https:\/\/www.facebook.com\/advbox\/","https:\/\/x.com\/advbox2"]}]}},"_links":{"self":[{"href":"https:\/\/advbox.com.br\/blog\/wp-json\/wp\/v2\/modelos\/31825","targetHints":{"allow":["GET"]}}],"collection":[{"href":"https:\/\/advbox.com.br\/blog\/wp-json\/wp\/v2\/modelos"}],"about":[{"href":"https:\/\/advbox.com.br\/blog\/wp-json\/wp\/v2\/types\/modelos"}],"author":[{"embeddable":true,"href":"https:\/\/advbox.com.br\/blog\/wp-json\/wp\/v2\/users\/44"}],"replies":[{"embeddable":true,"href":"https:\/\/advbox.com.br\/blog\/wp-json\/wp\/v2\/comments?post=31825"}],"version-history":[{"count":5,"href":"https:\/\/advbox.com.br\/blog\/wp-json\/wp\/v2\/modelos\/31825\/revisions"}],"predecessor-version":[{"id":72993,"href":"https:\/\/advbox.com.br\/blog\/wp-json\/wp\/v2\/modelos\/31825\/revisions\/72993"}],"wp:featuredmedia":[{"embeddable":true,"href":"https:\/\/advbox.com.br\/blog\/wp-json\/wp\/v2\/media\/29750"}],"wp:attachment":[{"href":"https:\/\/advbox.com.br\/blog\/wp-json\/wp\/v2\/media?parent=31825"}],"wp:term":[{"taxonomy":"modelo_category","embeddable":true,"href":"https:\/\/advbox.com.br\/blog\/wp-json\/wp\/v2\/modelo_category?post=31825"}],"curies":[{"name":"wp","href":"https:\/\/api.w.org\/{rel}","templated":true}]}}