{"id":31875,"date":"2021-05-17T19:27:27","date_gmt":"2021-05-17T22:27:27","guid":{"rendered":"https:\/\/advbox.com.br\/blog\/?post_type=modelos&#038;p=31875"},"modified":"2025-05-05T14:45:51","modified_gmt":"2025-05-05T17:45:51","slug":"trabalhista-estabilidade-gestante-reforma-trabalhista","status":"publish","type":"modelos","link":"https:\/\/advbox.com.br\/blog\/modelos\/trabalhista-estabilidade-gestante-reforma-trabalhista\/","title":{"rendered":"Modelo de estabilidade gestante &#8211; Reforma trabalhista"},"content":{"rendered":"<p>Acesse agora o modelo Reclama\u00e7\u00e3o trabalhista &#8211; estabilidade da gestante na reforma trabalhista. Saiba como muitos advogados conseguem manter o<a href=\"https:\/\/advbox.com.br\/blog\/como-automatizar-seus-modelos-de-peticoes\/\" target=\"_blank\"> <strong>banco de modelos de peti\u00e7\u00f5es atualizado<\/strong><\/a> sem perder tempo e atualiza\u00e7\u00e3o.<\/p><p>Com a<a href=\"https:\/\/advbox.com.br\/blog\/advocacia-digital-por-onde-comecar\/\" target=\"_blank\"> <strong>advocacia digital<\/strong><\/a>, voc\u00ea pode aproveitar esse e os diversos benef\u00edcios ao utilizar<a href=\"https:\/\/advbox.com.br\/cadastro\/\" target=\"_blank\"> <strong>software jur\u00eddico<\/strong><\/a><strong> <\/strong>para o seu escrit\u00f3rio.<\/p><p>Baixe nosso ebook e melhore os resultados do seu escrit\u00f3rio utilizando os diversos recursos dispon\u00edveis no <a href=\"https:\/\/advbox.com.br\/\" target=\"_blank\">software jur\u00eddico ADVBOX.<\/a><\/p><figure class=\"wp-block-image size-full\"><a href=\"https:\/\/advbox.com.br\/\" target=\"_blank\"><img decoding=\"async\" src=\"https:\/\/advbox.com.br\/blog\/wp-content\/uploads\/2019\/07\/automatize_a_produ%C3%A7%C3%A3o_de_suas_peti%C3%A7%C3%B5es.png\" alt=\"Automatize a produ\u00e7\u00e3o de suas peti\u00e7\u00f5es\" class=\"wp-image-15502\" loading=\"lazy\"><\/a><\/figure><h2 class=\"wp-block-heading\">Reclama\u00e7\u00e3o trabalhista &#8211;  estabilidade da gestante<\/h2><p>EXCELENT\u00cdSSIMO (A) SENHOR (A) DOUTOR (A) JUIZ (A) DE DIREITO DA ___VARA DO TRABALHO DE Cidade \/UF.<\/p><hr class=\"wp-block-separator has-css-opacity\"><p>NOME, brasileira, divorciada, auxiliar de servi\u00e7os gerais, nascida em \/\/, filha de&#8230;, portadora da c\u00e9dula de identidade RG n\u00ba&#8230;, inscrito no CPF n\u00ba&#8230;, inscrita no PIS n\u00ba&#8230; E CTPS n\u00ba&#8230; S\u00e9rie&#8230; &#8211; SP, domiciliado \u00e0 Rua&#8230; &#8211; CIDADE\/UF \u2013 CEP., por seu advogado e bastante procurador que esta subscreve, vem \u00e0 presen\u00e7a de Vossa Excel\u00eancia, propor a presente<\/p><p>RECLAMA\u00c7\u00c3O TRABALHISTA, sob o rito&#8230;, com pedido de Antecipa\u00e7\u00e3o de Tutela em face de:<\/p><p>NOME, inscrito no CNPJ ou CPF sob n\u00ba&#8230;, com endere\u00e7o&#8230;, &#8211; Cidade\/UF, CEP:, pelos motivos de fatos e de direito a seguir expostos:<\/p><h2 class=\"wp-block-heading has-normal-font-size\">I &#8211; ESTABILIDADE GESTANTE<\/h2><p>a) Conforme dados acima apontados a reclamante foi dispensada aos \/ \/ 2015, e inclusive com conhecimento da reclamada da gesta\u00e7\u00e3o.<\/p><p>b) Ocorre que, pela demiss\u00e3o dada pela reclamada, tendo ci\u00eancia da gravidez da reclamante, a reclamada dever\u00e1 realizar o apontamento e a anota\u00e7\u00e3o na CTPS at\u00e9 o final do per\u00edodo gestacional e respectiva estabilidade.<\/p><p>c) Ressalta a reclamante que a reclamada mesmo tendo ci\u00eancia da estabilidade da gestante, informou que n\u00e3o teria como manter o contrato de trabalho.<\/p><p>d) Assim, na forma prevista em lei a estabilidade provis\u00f3ria garantida \u00e0 empregada gestante est\u00e1 disciplinada no artigo 10, II, b, do ADCT\/88, segundo o qual:<\/p><p>\u201c(&#8230;) II \u2013 fica vedada a dispensa arbitr\u00e1ria ou sem justa causa: b) da empregada gestante, desde a confirma\u00e7\u00e3o da gravidez at\u00e9 cinco meses ap\u00f3s o parto (&#8230;)\u201d, considerando a exist\u00eancia do contrato de trabalho por prazo indeterminado.<\/p><p>e) Esse entendimento encontra-se em conformidade com aquele contido na Orienta\u00e7\u00e3o Jurisprudencial 30 da SDC do TST.<\/p><p>f) Em rela\u00e7\u00e3o ao trabalho, de acordo com o Artigo 392 da Consolida\u00e7\u00e3o das Leis do Trabalho (CLT):<\/p><p>\u2022 Licen\u00e7a-maternidade de 120 dias (a partir do 8\u00ba m\u00eas de gesta\u00e7\u00e3o), sem preju\u00edzo do emprego e do sal\u00e1rio, que ser\u00e1 integral. Caso receba sal\u00e1rio vari\u00e1vel, receber\u00e1 a m\u00e9dia dos \u00faltimos seis meses.<\/p><p>\u2022 Estabilidade no emprego, o que significa que do momento da confirma\u00e7\u00e3o da gravidez at\u00e9 cinco meses ap\u00f3s o parto a gestante n\u00e3o poder\u00e1 ser demitida sem justa causa.<\/p><p>g) Na forma da lei, considerando que o per\u00edodo gestacional da reclamante iniciou em \/ \/ 2015 com termino em \/ \/2015, ocorrido a demiss\u00e3o realizada em \/\/2015, a reclamante faz jus a 06 meses de estabilidade do per\u00edodo gestacional, mais 05 (cinco) meses de estabilidade provis\u00f3ria ap\u00f3s o parto,, perfazendo a soma de 00 (meses) de sal\u00e1rio indenizado, 13\u00ba, f\u00e9rias, FGTS (multa 40%), bem como todas as comina\u00e7\u00f5es legais e da categoria.<\/p><p>h) Apenas por precau\u00e7\u00e3o a reclamante informa que a reclamada tinha pleno conhecimento da gravidez, sendo que a flu\u00eancia do direito deve ser observado desde o in\u00edcio da gravidez como apresentado, nos termos da norma que instituiu a garantia.<\/p><p>i) A s\u00famula 244 do TST reconhece o direito da gestante, mesmo havendo desconhecimento do estado grav\u00eddico pelo empregador. Sendo que no presente caso, a reclamada tinha conhecimento da gravidez. Devendo a reclamada suportar o risco da demiss\u00e3o arbitr\u00e1ria de funcion\u00e1ria que se encontra em per\u00edodo gestacional.<\/p><p>j) A jurisprud\u00eancia \u00e9 un\u00edssona nesse sentido:<\/p><p>GESTANTE \u2013 ESTABILIDADE \u2013 GARANTIA DE EMPREGO \u2013 Ocorrendo a gravidez na vig\u00eancia do contrato de trabalho, assume o empregador a responsabilidade objetiva consubstanciada no dever legal de abster-se de despedir a empregada e pagar-lhe os sal\u00e1rios at\u00e9 cinco meses ap\u00f3s o parto. (TRT 11\u00aa R. \u2013 RO 2326\/2000 \u2013 ( \u2013 Rel. Juiz Jos\u00e9 dos Santos Pereira Braga \u2013 J. 07.02.2002)<\/p><p>ESTABILIDADE PROVIS\u00d3RIA \u2013 GESTANTE \u2013 Para a aquisi\u00e7\u00e3o do direito \u00e0 estabilidade provis\u00f3ria prevista na letra b&#8221;do inciso II do art. 10 do ADCT basta que a concep\u00e7\u00e3o tenha ocorrido na vig\u00eancia do liame empregat\u00edcio, sendo irrelevante o pr\u00e9vio conhecimento da gravidez pelo empregador ou pela pr\u00f3pria gestante. (TRT 12\u00aa R. \u2013 RO-V. 5904\/2001 \u2013 (02565\/2002)\u2013 Florian\u00f3polis \u2013 2\u00aa T. \u2013 Rel. Juiz Jorge Luiz Volpato \u2013 J. 14.03.2002)<\/p><p>ESTABILIDADE GESTANTE \u2013 PAGAMENTO DE INDENIZA\u00c7\u00c3O \u2013 NATUREZA JUR\u00cdDICA \u2013 Havendo indeniza\u00e7\u00e3o do per\u00edodo de estabilidade da gestante, este integra o tempo de servi\u00e7o para todos os efeitos legais, indicando claramente a natureza salarial da parcela. Recurso provido. (TRT 10\u00aa R. \u2013 RO 3444\/2001 \u2013 2\u00aa T. \u2013 Rel.\u00aa Ju\u00edza Helo\u00edsa Pinto Marques \u2013 DJU 25.01.2002 \u2013 p. 40)<\/p><p>ESTABILIDADE DA GESTANTE \u2013 A disposi\u00e7\u00e3o contida no art. 10, al\u00ednea b, do Ato das Disposi\u00e7\u00f5es Constitucionais Transit\u00f3rias, tem em mira proteger o nascituro e resguardar o estado grav\u00eddico da empregada, n\u00e3o exigindo comunica\u00e7\u00e3o, pela empregada, da gravidez ao empregador (responsabilidade objetiva). Tampouco pode ser afastada por disposi\u00e7\u00e3o contida em instrumentos convencionais, pois nem as partes nem o Sindicato dos empregados, em nome de seus representados, podem renunciar a direitos constitucionalmente assegurados \u00e0 ordem justrabalhista, que atenua o papel da vontade obreira, antepondo a ela os princ\u00edpios da imperatividade das normas laborais e da indisponibilidade de direitos. (TRT 9\u00aa R. \u2013 RO 07485-2001 \u2013 (00977-2002)\u2013 1\u00aa T. \u2013 Rel.\u00aa Ju\u00edza Rosemarie Diedrichs Pimp\u00e3o \u2013 DJPR 25.01.2002)<\/p><p>l) N\u00e3o h\u00e1 d\u00favidas quanto a proced\u00eancia do pleito da reclamante, resguardada pelas normas e Jurisprud\u00eancia uniforme de todos os Tribunais Trabalhistas do Pa\u00eds e do pr\u00f3prio TST. Devendo a reclamada ser condenada ao pagamento de indeniza\u00e7\u00e3o decorrente da estabilidade, desde o per\u00edodo em que foi demitida, at\u00e9 os cinco meses ap\u00f3s o parto.<\/p><p>m) Inclusive se faz importante ressaltar que at\u00e9 a presente data a reclamante n\u00e3o recebeu as verbas rescis\u00f3rias, transgredindo tamb\u00e9m a reclamada o disposto do artigo 477 \u00a7 8\u00ba da CLT.<\/p><p>n) Desta forma, a reclamante requer seja a reclamada condenada ao pagamento da indeniza\u00e7\u00e3o pela demiss\u00e3o no per\u00edodo gestacional realizada em \/00\/2015, tendo como refer\u00eancia os 06 meses de estabilidade do per\u00edodo gestacional, mais 05 (cinco) meses de estabilidade provis\u00f3ria ap\u00f3s o parto, perfazendo a soma de 00 (00 meses) de sal\u00e1rio indenizado no valor de R$ 00,00, mais reflexos em 13\u00ba, f\u00e9rias, FGTS (multa 40%), bem como todas as comina\u00e7\u00f5es legais e da categoria.<\/p><h3 class=\"wp-block-heading\">II &#8211; CONCLUS\u00c3O<\/h3><p>Diante do exposto, pleiteia a reclamante requer a Vossa Excel\u00eancia seja deferida a ESTABILIDADE GESTACIONAL de forma indenizada, com base em fatos e fundamentos apresentados.<\/p><p>\u201cDEMAIS PEDIDOS\u201d.<\/p><p>Ainda a reclamante; requer que seja a reclamada notificada a comparecer, sob pena de confiss\u00e3o e revelia, a audi\u00eancia a ser designada.<\/p><p>Dever\u00e1 ainda, a reclamada juntar aos autos todos os documentos,, oficiais e extra-oficiais, sob as penas do disposto nos artigos 355 e 359 do <a href=\"http:\/\/www.jusbrasil.com.br\/legislacao\/91735\/c%C3%B3digo-processo-civil-lei-5869-73\" target=\"_blank\">CPC<\/a>.<\/p><p>Protesta provar o alegado por todos os meios em direito admitidos, especialmente pelo depoimento pessoal da reclamada, sob pena de confiss\u00e3o, oitiva de testemunhas, per\u00edcias e demais atos.<\/p><p>D\u00e1-se \u00e0 Causa o valor de R$ 0.0 para fins fiscais.<\/p><p>Nesses termos,<\/p><p>Pede deferimento.<\/p><p>Cidade, 0 de m\u00eas de ano.<\/p><p>Advogado OAB\/UF n\u00ba 0<\/p><figure class=\"wp-block-image size-large\"><a href=\"https:\/\/advbox.com.br\/\" target=\"_blank\"><img fetchpriority=\"high\" decoding=\"async\" width=\"1024\" height=\"309\" src=\"https:\/\/advbox.com.br\/blog\/wp-content\/uploads\/2018\/08\/cta-nova-trial-1024x309.png\" alt=\"\" class=\"wp-image-15975\" srcset=\"https:\/\/advbox.com.br\/blog\/wp-content\/uploads\/2018\/08\/cta-nova-trial.png 1024w, https:\/\/advbox.com.br\/blog\/wp-content\/uploads\/2018\/08\/cta-nova-trial-300x91.png 300w, https:\/\/advbox.com.br\/blog\/wp-content\/uploads\/2018\/08\/cta-nova-trial-768x232.png 768w\" sizes=\"(max-width: 1024px) 100vw, 1024px\" \/><\/a><\/figure><hr class=\"wp-block-separator has-css-opacity\">\n","protected":false},"excerpt":{"rendered":"<p>Acesse agora o modelo Reclama\u00e7\u00e3o trabalhista &#8211; estabilidade da gestante na reforma trabalhista. Saiba como muitos advogados conseguem manter o banco de modelos de peti\u00e7\u00f5es atualizado sem perder tempo e atualiza\u00e7\u00e3o. Com a advocacia digital, voc\u00ea pode aproveitar esse e os diversos benef\u00edcios ao utilizar software jur\u00eddico para o seu [&hellip;]<\/p>\n","protected":false},"author":2,"featured_media":32404,"comment_status":"closed","ping_status":"closed","template":"","meta":{"_acf_changed":false,"om_disable_all_campaigns":false,"footnotes":""},"modelo_category":[1489],"class_list":["post-31875","modelos","type-modelos","status-publish","has-post-thumbnail","hentry","modelo_category-direito-do-trabalho"],"acf":[],"yoast_head":"<!-- This site is optimized with the Yoast SEO plugin v26.9 - https:\/\/yoast.com\/product\/yoast-seo-wordpress\/ -->\n<title>Modelo de estabilidade gestante - Reforma trabalhista | ADVBOX<\/title>\n<meta name=\"description\" content=\"Disponibilizamos para voc\u00ea um modelo de estabilidade gestante - Reforma trabalhista. ADVBOX\" \/>\n<meta name=\"robots\" content=\"index, follow, max-snippet:-1, max-image-preview:large, max-video-preview:-1\" \/>\n<link rel=\"canonical\" href=\"https:\/\/advbox.com.br\/blog\/modelos\/trabalhista-estabilidade-gestante-reforma-trabalhista\/\" \/>\n<meta property=\"og:locale\" content=\"pt_BR\" \/>\n<meta property=\"og:type\" content=\"article\" \/>\n<meta property=\"og:title\" content=\"Modelo de estabilidade gestante - Reforma trabalhista | ADVBOX\" \/>\n<meta property=\"og:description\" content=\"Disponibilizamos para voc\u00ea um modelo de estabilidade gestante - Reforma trabalhista. ADVBOX\" \/>\n<meta property=\"og:url\" content=\"https:\/\/advbox.com.br\/blog\/modelos\/trabalhista-estabilidade-gestante-reforma-trabalhista\/\" \/>\n<meta property=\"og:site_name\" content=\"Software Jur\u00eddico Completo - ADVBOX\" \/>\n<meta property=\"article:publisher\" content=\"https:\/\/www.facebook.com\/advbox\/\" \/>\n<meta property=\"article:modified_time\" content=\"2025-05-05T17:45:51+00:00\" \/>\n<meta property=\"og:image\" content=\"https:\/\/advbox.com.br\/blog\/wp-content\/uploads\/2021\/05\/estabilidade-da-gestante-2.jpg\" \/>\n\t<meta property=\"og:image:width\" content=\"626\" \/>\n\t<meta property=\"og:image:height\" content=\"417\" \/>\n\t<meta property=\"og:image:type\" content=\"image\/jpeg\" \/>\n<meta name=\"twitter:card\" content=\"summary_large_image\" \/>\n<meta name=\"twitter:site\" content=\"@advbox2\" \/>\n<script type=\"application\/ld+json\" class=\"yoast-schema-graph\">{\"@context\":\"https:\/\/schema.org\",\"@graph\":[{\"@type\":\"WebPage\",\"@id\":\"https:\/\/advbox.com.br\/blog\/modelos\/trabalhista-estabilidade-gestante-reforma-trabalhista\/\",\"url\":\"https:\/\/advbox.com.br\/blog\/modelos\/trabalhista-estabilidade-gestante-reforma-trabalhista\/\",\"name\":\"Modelo de estabilidade gestante - Reforma trabalhista | ADVBOX\",\"isPartOf\":{\"@id\":\"https:\/\/advbox.com.br\/blog\/#website\"},\"primaryImageOfPage\":{\"@id\":\"https:\/\/advbox.com.br\/blog\/modelos\/trabalhista-estabilidade-gestante-reforma-trabalhista\/#primaryimage\"},\"image\":{\"@id\":\"https:\/\/advbox.com.br\/blog\/modelos\/trabalhista-estabilidade-gestante-reforma-trabalhista\/#primaryimage\"},\"thumbnailUrl\":\"https:\/\/advbox.com.br\/blog\/wp-content\/uploads\/2021\/05\/estabilidade-da-gestante-2.jpg\",\"datePublished\":\"2021-05-17T22:27:27+00:00\",\"dateModified\":\"2025-05-05T17:45:51+00:00\",\"description\":\"Disponibilizamos para voc\u00ea um modelo de estabilidade gestante - Reforma trabalhista. ADVBOX\",\"breadcrumb\":{\"@id\":\"https:\/\/advbox.com.br\/blog\/modelos\/trabalhista-estabilidade-gestante-reforma-trabalhista\/#breadcrumb\"},\"inLanguage\":\"pt-BR\",\"potentialAction\":[{\"@type\":\"ReadAction\",\"target\":[\"https:\/\/advbox.com.br\/blog\/modelos\/trabalhista-estabilidade-gestante-reforma-trabalhista\/\"]}]},{\"@type\":\"ImageObject\",\"inLanguage\":\"pt-BR\",\"@id\":\"https:\/\/advbox.com.br\/blog\/modelos\/trabalhista-estabilidade-gestante-reforma-trabalhista\/#primaryimage\",\"url\":\"https:\/\/advbox.com.br\/blog\/wp-content\/uploads\/2021\/05\/estabilidade-da-gestante-2.jpg\",\"contentUrl\":\"https:\/\/advbox.com.br\/blog\/wp-content\/uploads\/2021\/05\/estabilidade-da-gestante-2.jpg\",\"width\":626,\"height\":417,\"caption\":\"Estabilidade da gestante\"},{\"@type\":\"BreadcrumbList\",\"@id\":\"https:\/\/advbox.com.br\/blog\/modelos\/trabalhista-estabilidade-gestante-reforma-trabalhista\/#breadcrumb\",\"itemListElement\":[{\"@type\":\"ListItem\",\"position\":1,\"name\":\"In\u00edcio\",\"item\":\"https:\/\/advbox.com.br\/blog\/\"},{\"@type\":\"ListItem\",\"position\":2,\"name\":\"Modelos\",\"item\":\"https:\/\/advbox.com.br\/blog\/modelos\/\"},{\"@type\":\"ListItem\",\"position\":3,\"name\":\"Modelo de estabilidade gestante &#8211; Reforma trabalhista\"}]},{\"@type\":\"WebSite\",\"@id\":\"https:\/\/advbox.com.br\/blog\/#website\",\"url\":\"https:\/\/advbox.com.br\/blog\/\",\"name\":\"Software Jur\u00eddico Completo - ADVBOX\",\"description\":\"Plataforma para Advocacia Digital\",\"publisher\":{\"@id\":\"https:\/\/advbox.com.br\/blog\/#organization\"},\"potentialAction\":[{\"@type\":\"SearchAction\",\"target\":{\"@type\":\"EntryPoint\",\"urlTemplate\":\"https:\/\/advbox.com.br\/blog\/?s={search_term_string}\"},\"query-input\":{\"@type\":\"PropertyValueSpecification\",\"valueRequired\":true,\"valueName\":\"search_term_string\"}}],\"inLanguage\":\"pt-BR\"},{\"@type\":\"Organization\",\"@id\":\"https:\/\/advbox.com.br\/blog\/#organization\",\"name\":\"ADVBOX Blog - Software jur\u00eddico da advocacia digital\",\"url\":\"https:\/\/advbox.com.br\/blog\/\",\"logo\":{\"@type\":\"ImageObject\",\"inLanguage\":\"pt-BR\",\"@id\":\"https:\/\/advbox.com.br\/blog\/#\/schema\/logo\/image\/\",\"url\":\"https:\/\/advbox.com.br\/blog\/wp-content\/uploads\/2019\/12\/Como-aumentar-a-produtividade_.jpg\",\"contentUrl\":\"https:\/\/advbox.com.br\/blog\/wp-content\/uploads\/2019\/12\/Como-aumentar-a-produtividade_.jpg\",\"width\":320,\"height\":213,\"caption\":\"ADVBOX Blog - Software jur\u00eddico da advocacia digital\"},\"image\":{\"@id\":\"https:\/\/advbox.com.br\/blog\/#\/schema\/logo\/image\/\"},\"sameAs\":[\"https:\/\/www.facebook.com\/advbox\/\",\"https:\/\/x.com\/advbox2\"]}]}<\/script>\n<!-- \/ Yoast SEO plugin. -->","yoast_head_json":{"title":"Modelo de estabilidade gestante - Reforma trabalhista | ADVBOX","description":"Disponibilizamos para voc\u00ea um modelo de estabilidade gestante - Reforma trabalhista. ADVBOX","robots":{"index":"index","follow":"follow","max-snippet":"max-snippet:-1","max-image-preview":"max-image-preview:large","max-video-preview":"max-video-preview:-1"},"canonical":"https:\/\/advbox.com.br\/blog\/modelos\/trabalhista-estabilidade-gestante-reforma-trabalhista\/","og_locale":"pt_BR","og_type":"article","og_title":"Modelo de estabilidade gestante - Reforma trabalhista | ADVBOX","og_description":"Disponibilizamos para voc\u00ea um modelo de estabilidade gestante - Reforma trabalhista. ADVBOX","og_url":"https:\/\/advbox.com.br\/blog\/modelos\/trabalhista-estabilidade-gestante-reforma-trabalhista\/","og_site_name":"Software Jur\u00eddico Completo - ADVBOX","article_publisher":"https:\/\/www.facebook.com\/advbox\/","article_modified_time":"2025-05-05T17:45:51+00:00","og_image":[{"width":626,"height":417,"url":"https:\/\/advbox.com.br\/blog\/wp-content\/uploads\/2021\/05\/estabilidade-da-gestante-2.jpg","type":"image\/jpeg"}],"twitter_card":"summary_large_image","twitter_site":"@advbox2","schema":{"@context":"https:\/\/schema.org","@graph":[{"@type":"WebPage","@id":"https:\/\/advbox.com.br\/blog\/modelos\/trabalhista-estabilidade-gestante-reforma-trabalhista\/","url":"https:\/\/advbox.com.br\/blog\/modelos\/trabalhista-estabilidade-gestante-reforma-trabalhista\/","name":"Modelo de estabilidade gestante - Reforma trabalhista | ADVBOX","isPartOf":{"@id":"https:\/\/advbox.com.br\/blog\/#website"},"primaryImageOfPage":{"@id":"https:\/\/advbox.com.br\/blog\/modelos\/trabalhista-estabilidade-gestante-reforma-trabalhista\/#primaryimage"},"image":{"@id":"https:\/\/advbox.com.br\/blog\/modelos\/trabalhista-estabilidade-gestante-reforma-trabalhista\/#primaryimage"},"thumbnailUrl":"https:\/\/advbox.com.br\/blog\/wp-content\/uploads\/2021\/05\/estabilidade-da-gestante-2.jpg","datePublished":"2021-05-17T22:27:27+00:00","dateModified":"2025-05-05T17:45:51+00:00","description":"Disponibilizamos para voc\u00ea um modelo de estabilidade gestante - Reforma trabalhista. ADVBOX","breadcrumb":{"@id":"https:\/\/advbox.com.br\/blog\/modelos\/trabalhista-estabilidade-gestante-reforma-trabalhista\/#breadcrumb"},"inLanguage":"pt-BR","potentialAction":[{"@type":"ReadAction","target":["https:\/\/advbox.com.br\/blog\/modelos\/trabalhista-estabilidade-gestante-reforma-trabalhista\/"]}]},{"@type":"ImageObject","inLanguage":"pt-BR","@id":"https:\/\/advbox.com.br\/blog\/modelos\/trabalhista-estabilidade-gestante-reforma-trabalhista\/#primaryimage","url":"https:\/\/advbox.com.br\/blog\/wp-content\/uploads\/2021\/05\/estabilidade-da-gestante-2.jpg","contentUrl":"https:\/\/advbox.com.br\/blog\/wp-content\/uploads\/2021\/05\/estabilidade-da-gestante-2.jpg","width":626,"height":417,"caption":"Estabilidade da gestante"},{"@type":"BreadcrumbList","@id":"https:\/\/advbox.com.br\/blog\/modelos\/trabalhista-estabilidade-gestante-reforma-trabalhista\/#breadcrumb","itemListElement":[{"@type":"ListItem","position":1,"name":"In\u00edcio","item":"https:\/\/advbox.com.br\/blog\/"},{"@type":"ListItem","position":2,"name":"Modelos","item":"https:\/\/advbox.com.br\/blog\/modelos\/"},{"@type":"ListItem","position":3,"name":"Modelo de estabilidade gestante &#8211; Reforma trabalhista"}]},{"@type":"WebSite","@id":"https:\/\/advbox.com.br\/blog\/#website","url":"https:\/\/advbox.com.br\/blog\/","name":"Software Jur\u00eddico Completo - ADVBOX","description":"Plataforma para Advocacia Digital","publisher":{"@id":"https:\/\/advbox.com.br\/blog\/#organization"},"potentialAction":[{"@type":"SearchAction","target":{"@type":"EntryPoint","urlTemplate":"https:\/\/advbox.com.br\/blog\/?s={search_term_string}"},"query-input":{"@type":"PropertyValueSpecification","valueRequired":true,"valueName":"search_term_string"}}],"inLanguage":"pt-BR"},{"@type":"Organization","@id":"https:\/\/advbox.com.br\/blog\/#organization","name":"ADVBOX Blog - Software jur\u00eddico da advocacia digital","url":"https:\/\/advbox.com.br\/blog\/","logo":{"@type":"ImageObject","inLanguage":"pt-BR","@id":"https:\/\/advbox.com.br\/blog\/#\/schema\/logo\/image\/","url":"https:\/\/advbox.com.br\/blog\/wp-content\/uploads\/2019\/12\/Como-aumentar-a-produtividade_.jpg","contentUrl":"https:\/\/advbox.com.br\/blog\/wp-content\/uploads\/2019\/12\/Como-aumentar-a-produtividade_.jpg","width":320,"height":213,"caption":"ADVBOX Blog - Software jur\u00eddico da advocacia digital"},"image":{"@id":"https:\/\/advbox.com.br\/blog\/#\/schema\/logo\/image\/"},"sameAs":["https:\/\/www.facebook.com\/advbox\/","https:\/\/x.com\/advbox2"]}]}},"_links":{"self":[{"href":"https:\/\/advbox.com.br\/blog\/wp-json\/wp\/v2\/modelos\/31875","targetHints":{"allow":["GET"]}}],"collection":[{"href":"https:\/\/advbox.com.br\/blog\/wp-json\/wp\/v2\/modelos"}],"about":[{"href":"https:\/\/advbox.com.br\/blog\/wp-json\/wp\/v2\/types\/modelos"}],"author":[{"embeddable":true,"href":"https:\/\/advbox.com.br\/blog\/wp-json\/wp\/v2\/users\/2"}],"replies":[{"embeddable":true,"href":"https:\/\/advbox.com.br\/blog\/wp-json\/wp\/v2\/comments?post=31875"}],"version-history":[{"count":15,"href":"https:\/\/advbox.com.br\/blog\/wp-json\/wp\/v2\/modelos\/31875\/revisions"}],"predecessor-version":[{"id":74006,"href":"https:\/\/advbox.com.br\/blog\/wp-json\/wp\/v2\/modelos\/31875\/revisions\/74006"}],"wp:featuredmedia":[{"embeddable":true,"href":"https:\/\/advbox.com.br\/blog\/wp-json\/wp\/v2\/media\/32404"}],"wp:attachment":[{"href":"https:\/\/advbox.com.br\/blog\/wp-json\/wp\/v2\/media?parent=31875"}],"wp:term":[{"taxonomy":"modelo_category","embeddable":true,"href":"https:\/\/advbox.com.br\/blog\/wp-json\/wp\/v2\/modelo_category?post=31875"}],"curies":[{"name":"wp","href":"https:\/\/api.w.org\/{rel}","templated":true}]}}