{"id":31958,"date":"2021-05-18T14:03:20","date_gmt":"2021-05-18T17:03:20","guid":{"rendered":"https:\/\/advbox.com.br\/blog\/?post_type=modelos&#038;p=31958"},"modified":"2025-12-23T09:37:56","modified_gmt":"2025-12-23T12:37:56","slug":"tributario-acao-de-obrigacao-de-fazer-danos-morais-cemiterio","status":"publish","type":"modelos","link":"https:\/\/advbox.com.br\/blog\/modelos\/tributario-acao-de-obrigacao-de-fazer-danos-morais-cemiterio\/","title":{"rendered":"Modelo de a\u00e7\u00e3o de obriga\u00e7\u00e3o de fazer &#8211; Danos morais cemit\u00e9rio"},"content":{"rendered":"\n<h2 class=\"wp-block-heading\">A\u00c7\u00c3O DE OBRIGA\u00c7\u00c3O DE FAZER &#8211; DANOS MORAIS &#8211; CEMIT\u00c9RIO<\/h2>\n\n\n\n<p><strong>EXCELENT\u00cdSSIMO(A)&nbsp;SENHOR(A) DOUTOR(A) JUIZ(A)&nbsp;DE DIREITO DA [[Vara]] VARA (&#8230;)&nbsp;DA&nbsp;[[Comarca]]&nbsp;DE&nbsp;[[Cidade do cliente]]\/[[UF do cliente]].<\/strong><\/p>\n\n\n\n<p><strong>[[Nome do cliente]]<\/strong>, [[Nacionalidade do cliente]],&nbsp;[[Estado civil do cliente]],&nbsp;[[Profiss\u00e3o do cliente]], [[Sexo do cliente]],&nbsp;nascido(a)&nbsp;em&nbsp;[[Data de nascimento do cliente]], &nbsp;inscrito(a) no CPF sob n\u00ba&nbsp;[[CPF\/CNPJ do cliente]], RG sob n\u00ba [[RG do cliente]], residente e domiciliado(a) na&nbsp;[[Endere\u00e7o do cliente]], [[Cidade do cliente]]\/[[UF do cliente]], CEP XXXX,&nbsp;com endere\u00e7o eletr\u00f4nico [[E-mail do cliente]], representado nesta a\u00e7\u00e3o por seu\/sua advogado(a),&nbsp;[[Outorgados]], conforme procura\u00e7\u00e3o anexa, com endere\u00e7o profissional na&nbsp;[[Endere\u00e7o do escrit\u00f3rio]],&nbsp;[[Cidade do escrit\u00f3rio]]\/[[UF do escrit\u00f3rio]], vem respeitosamente \u00e0 presen\u00e7a de Vossa Excel\u00eancia, conforme os fundamentos de fato e de direito postos a seguir, propor a presente&nbsp;<\/p>\n\n\n\n<p><strong>A\u00c7\u00c3O DE OBRIGA\u00c7\u00c3O DE FAZER C\/C DANOS MORAIS C\/C TUTELA ANTECIPADA<\/strong><\/p>\n\n\n\n<p>em face de&nbsp;<strong>[[Parte contr\u00e1ria]]<\/strong>, (indicar se \u00e9 pessoa f\u00edsica ou jur\u00eddica), com CPF\/CNPJ sob n\u00ba \u2026, com sede na Rua \u2026, n\u00ba&nbsp;\u2026, bairro &#8230;, CEP: \u2026, Munic\u00edpio\u2013 UF, pelas raz\u00f5es de fato e de direito que passa a aduzir e no final requer:<\/p>\n\n\n\n<p>&nbsp;<strong>I \u2013 DA GRATUIDADE DE JUSTI\u00c7A<\/strong><\/p>\n\n\n\n<p>Inicialmente, afirma n\u00e3o possuir condi\u00e7\u00f5es para arcar com as custas processuais e honor\u00e1rios advocat\u00edcios sem preju\u00edzo de seu pr\u00f3prio sustento e de sua fam\u00edlia, raz\u00e3o pela qual faz jus \u00e0 Gratuidade de Justi\u00e7a, nos termos da Lei no 1.060\/50, com a nova reda\u00e7\u00e3o introduzida pela Lei n\u00ba 7.510\/86.<\/p>\n\n\n\n<p><strong>II \u2013 DOS FATOS<\/strong><\/p>\n\n\n\n<p>A autora adquiriu junto a R\u00e9 uma sepultura no Cemit\u00e9rio Municipal de (&#8230;) em (data) para o&nbsp;sepultamento de sua&nbsp;av\u00f3.<\/p>\n\n\n\n<p>Naquela data, foi atendida nas depend\u00eancias da administra\u00e7\u00e3o do cemit\u00e9rio pelo Sr. (nome), administrador do local, que&nbsp; informou-lhe que tinha um t\u00famulo \u00e0 venda no valor de R$ XX (reais).<\/p>\n\n\n\n<p>A autora apesar de n\u00e3o possuir esta quantia, conseguiu atrav\u00e9s de empr\u00e9stimos de familiares, e pagou o valor cobrado, recebendo como comprovante de pagamento o recibo em anexo.<\/p>\n\n\n\n<p>O Sr. (nome) solicitou-lhe que fornecesse c\u00f3pia da identidade e CIC de 3 (tr\u00eas) pessoas da fam\u00edlia, que utilizariam aquela jazigo e ainda que aguardasse em m\u00e9dia 60 (sessenta) dias para receber a documenta\u00e7\u00e3o de sua propriedade, o que foi feito pela autora.<\/p>\n\n\n\n<p>Ap\u00f3s este per\u00edodo a autora retornou ao cemit\u00e9rio v\u00e1rias vezes e sempre era&nbsp; informada que ainda n\u00e3o estava pronta a documenta\u00e7\u00e3o, culminando que um dia foi atendida por outro administrador de nome (nome, o qual relatou-lhe que de acordo com as anota\u00e7\u00f5es do livro de registros,&nbsp; realmente constava o sepultamento de sua av\u00f3 naquele t\u00famulo, mas que o t\u00famulo n\u00e3o lhe pertencia, estaria em nome de terceiros.<\/p>\n\n\n\n<p>Deste dia em diante a autora n\u00e3o tem mais paz, vive em constante afli\u00e7\u00e3o e ang\u00fastia, sonha constantemente que sua av\u00f3 ser\u00e1 desenterrada, que seus olhos ser\u00e3o jogadas em cova rasa, e n\u00e3o faz outra coisa sen\u00e3o comparecer ao cemit\u00e9rio semanalmente afim de verificar as condi\u00e7\u00f5es da sepultura.<\/p>\n\n\n\n<p>Para agravar este quadro,&nbsp; autora em suas diversas idas ao cemit\u00e9rio, encontrou a tampa do t\u00famulo de sua av\u00f3 quebrada e em diversas ocasi\u00f5es tem encontrado saquinhos com ossos humanos, o que levam-na a chamar os funcion\u00e1rios da zeladoria do cemit\u00e9rio e indagar a origem daqueles ossos, os quais nada respondem e imediatamente retiram estes saquinhos.&nbsp;<\/p>\n\n\n\n<p>\u00c9 desumano e cruel o tratamento dado aos restos mortais de uma pessoa t\u00e3o amada e querida pela autora, al\u00e9m do agravante do temor de que aquele local adquirido com tanto sacrif\u00edcio para o repouso eterno dos restos mortais de sua av\u00f3 esteja sendo constantemente violado e ainda que os ossos de sua av\u00f3 possam ser subitamente removidos daquele local.<\/p>\n\n\n\n<p>Toda estes acontecimentos, afetaram de sobremaneira a vida e a sa\u00fade da autora, causando-lhe inclusive problemas de sa\u00fade.<\/p>\n\n\n\n<p>\u00c9 importante que se sublinhe por pertinente, que o Decreto E n\u00b0 3.707, de 06.02.70, autoriza a exuma\u00e7\u00e3o de cad\u00e1ver em seu artigo 113, inciso II, quando decorridos 05 anos, nas hip\u00f3teses da letra &#8220;a&#8221; , em que tal procedimento poder\u00e1 ser efetivado pela concession\u00e1ria, cm rela\u00e7\u00e3o ao cad\u00e1ver sepultado como indigente e, na letra &#8220;b&#8221;, de <em>&#8220;cad\u00e1ver sepultado em sepultura arrendada, n\u00e3o renovado o arrendamento ou terminado o prazo m\u00e1ximo deste&#8221;<\/em>, ressaltando o artigo 115 que a administra\u00e7\u00e3o do cemit\u00e9rio proceder\u00e1 \u00e0 conduta, se decorridos 30 (trinta) dias do prazo da extin\u00e7\u00e3o do arrendamento, quando n\u00e3o houver manifesta\u00e7\u00e3o de interessado.&nbsp;<\/p>\n\n\n\n<p>Ainda, o artigo 125, determina que n\u00e3o sendo os ossos reclamados, poder\u00e1 a administra\u00e7\u00e3o do cemit\u00e9rio, inciner\u00e1-los ou, se o preferir, enterr\u00e1-los em oss\u00e1rio p\u00fablico existente no cemit\u00e9rio.<\/p>\n\n\n\n<p>Verifica-se, portanto, que a destina\u00e7\u00e3o de cad\u00e1ver ou de restos mortais de ser humano fica a resguardo de seus familiares ou, se tratando daqueles que n\u00e3o s\u00e3o reclamados, a cargo da concession\u00e1ria, podendo serem incinerados.<\/p>\n\n\n\n<p>A autora vive em constante apreens\u00e3o de que respaldados no art. 113 inciso II letra \u201cb\u201d do Decreto&nbsp;n\u00b0 3.707\/10, a administra\u00e7\u00e3o do cemit\u00e9rio possa tomar as medidas previstas no art. 125 do mesmo diploma legal acima descrita.&nbsp;<\/p>\n\n\n\n<p><strong>III \u2013 DO DANO MORAL<\/strong><\/p>\n\n\n\n<p>A autora, sofreu e vem sofrendo s\u00e9rios danos morais decorrentes do sofrimento e do abalo a sua vida, configurado pela falta de respeito&nbsp; e descaso da R\u00e9, quando entrega a administra\u00e7\u00e3o de um local t\u00e3o importante, o qual guarda na mem\u00f3ria&nbsp; dos que ficam a \u00faltima lembran\u00e7a dos que partiram, a pessoas irrespons\u00e1veis.<\/p>\n\n\n\n<p>Condicionar a exist\u00eancia do dano moral com a maior ou menor dura\u00e7\u00e3o do efeito penoso, produzido no \u00e2nimo da v\u00edtima e n\u00e3o como efeito penoso mesmo, que \u00e9 o que diminui ou destr\u00f3i o seu bem estar, n\u00e3o \u00e9 razo\u00e1vel, desde que o dano, como fato jur\u00eddico, n\u00e3o deixa de ser, uma vez produzida, pela desapari\u00e7\u00e3o posterior de suas consequ\u00eancias, j\u00e1 que sua persist\u00eancia ou sua desapari\u00e7\u00e3o s\u00f3 poder\u00e1 influir em sua maior ou menor gravidade, por\u00e9m n\u00e3o no dano mesmo, que se existiu, a fugacidade de seus efeitos n\u00e3o pode fazer que n\u00e3o tenha existido.<\/p>\n\n\n\n<p>Para Bossuet, o homem \u00e9 uma subst\u00e2ncia inteligente, nascido para viver no corpo e estar intimamente unida. Plat\u00e3o afirmava que o homem \u00e9 uma alma que se serve de um corpo. O conhecimento integral do homem, ainda quando se refira a distintas ordens de id\u00e9ias, mesmo que se refiram ao esp\u00edrito e ao corpo, n\u00e3o se alcan\u00e7ar\u00e1 plenamente se houver o estudo independente da alma e do corpo. O material \u00e9 capaz de provocar no homem gozos e prazeres. Estes constituem os sensuais, morais ou intelectuais, movimentos da alma e, portanto, movimentos imateriais.<\/p>\n\n\n\n<p>Tudo isso pode ser conseguido ou ajudado a conseguir com o dinheiro. A fun\u00e7\u00e3o deste, de par ao motivo dos danos morais produzidos e da repara\u00e7\u00e3o devida, cujo objeto seria o restabelecimento da situa\u00e7\u00e3o moral anterior, pela coloca\u00e7\u00e3o em paz das penas, das inquieta\u00e7\u00f5es, das afli\u00e7\u00f5es, das feridas causadas \u00e0s afei\u00e7\u00f5es leg\u00edtimas, das dores morais produzidas pelo agravo f\u00edsico ou moral, n\u00e3o seria a de substituir o dano por seu equivalente em dinheiro por ser este e aquele de distinta natureza, sen\u00e3o a de dar \u00e0 v\u00edtima um meio adequado para fazer desaparecer ou, pelo menos, para neutralizar ou, sequer seja, para atenuar seus efeitos.<\/p>\n\n\n\n<p>Seria escandaloso que algu\u00e9m causasse mal a outrem e n\u00e3o sofresse nenhum tipo de san\u00e7\u00e3o; n\u00e3o pagasse pelo dano inferido. Seria o mesmo que afirmar \u00e0 pr\u00f3pria v\u00edtima: causei a voc\u00ea um agravo moral, por\u00e9m n\u00e3o reclame a repara\u00e7\u00e3o pecuni\u00e1ria, porque isso te desacreditaria frente aos demais. Importaria em penetrar na intimidade da consci\u00eancia do ofendido para julgar os motivos internos que o impulsionam a pedir e a aceitar a repara\u00e7\u00e3o pecuni\u00e1ria, de cuja moralidade ele, e somente ele (o ofendido), \u00e9 o XX.<\/p>\n\n\n\n<p>O dinheiro obtido como indeniza\u00e7\u00e3o n\u00e3o faz com que a v\u00edtima obtenha o mesmo bem objeto do agravo, mas permite-lhe refazer, na medida do poss\u00edvel, sua situa\u00e7\u00e3o espiritual anterior \u00e0 les\u00e3o que a perturbou, e seria evitada, enfim, aquela impunidade quando o agravo fosse o resultado de um ato que n\u00e3o se enquadre como delito do direito penal.<\/p>\n\n\n\n<p>No Brasil, n\u00e3o mais se discute a exist\u00eancia do dano moral no ordenamento jur\u00eddico.<\/p>\n\n\n\n<p>Nem entendimento diverso seria poss\u00edvel nos dias atuais. Nenhuma ofensa proferida pode ficar isenta de repara\u00e7\u00e3o. Num sistema que coloca o homem como epicentro do Direito, o reconhecimento do dano moral, como entidade pass\u00edvel de gerar indeniza\u00e7\u00e3o, \u00e9 o coroar do reconhecimento dos direitos da personalidade. Reconhecida est\u00e1, tamb\u00e9m, a possibilidade de reclamo que ser\u00e1 transformado em certo montante em dinheiro.<\/p>\n\n\n\n<p>V\u00ea-se, desde logo, que a pr\u00f3pria lei j\u00e1 prev\u00ea a possibilidade de repara\u00e7\u00e3o de danos morais decorrentes do sofrimento, do constrangimento, da situa\u00e7\u00e3o vexat\u00f3ria, do desconforto em que se encontra a autora.&nbsp;<\/p>\n\n\n\n<p><em>&#8220;Na verdade, prevalece o entendimento de que o dano moral dispensa prova em concreto, tratando-se de presun\u00e7\u00e3o absoluta, n\u00e3o sendo, outrossim, necess\u00e1ria a prova do dano patrimonial.&#8221; (CARLOS ALBERTO BITTAR, Repara\u00e7\u00e3o Civil por Danos Morais, ed. RT, 1993, p\u00e1g. 208).<\/em><\/p>\n\n\n\n<p>E, ressalve-se, a import\u00e2ncia da indeniza\u00e7\u00e3o vai al\u00e9m do caso concreto, posto que a senten\u00e7a tem alcance muito elevado, na medida em que traz consequ\u00eancias ao direito e toda sociedade.<\/p>\n\n\n\n<p>Por isso, deve haver a correspondente e necess\u00e1ria exacerba\u00e7\u00e3o do quantum da indeniza\u00e7\u00e3o tendo em vista a gravidade da ofensa \u00e0 honra da autora; os efeitos sancionadores da senten\u00e7a s\u00f3 produzir\u00e3o seus efeitos e alcan\u00e7ar\u00e3o sua finalidade se esse quantum for suficientemente alto a ponto de apenar o r\u00e9 e assim coibir que outros casos semelhantes aconte\u00e7am.<\/p>\n\n\n\n<p>Diante do exposto acima, a autora requer a condena\u00e7\u00e3o do empresa-r\u00e9 no dever de indenizar pelos danos morais que provocou.<\/p>\n\n\n\n<p><strong>IV \u2013 DA RESPONSABILIDADE DA R\u00c9<\/strong><\/p>\n\n\n\n<p>O ilustre doutrinador S\u00e9rgio Cavalieri Filho, em sua obra \u201cPrograma de Responsabilidade Civil\u201d, preleciona sobre a responsabilidade civil do Estado:<\/p>\n\n\n\n<p><em>&#8220;A responsabilidade objetiva do Estado, isto \u00e9, independentemente qualquer falta ou culpa do servi\u00e7o, desenvolvida no terreno pr\u00f3prio do Direito P\u00fablico. Chegou-se a essa posi\u00e7\u00e3o com base nos princ\u00edpios da equidade e da igualdade de \u00f4nus e encargos sociais.&nbsp;<\/em><\/p>\n\n\n\n<p><em>Se a atividade administrativa do Estado \u00e9 exercida em prol da coletividade, se traz benef\u00edcios para todos, justo o \u00e9, tamb\u00e9m, que todos respondam p\u00ealos seus \u00f4nus, a serem custeados pelos impostos. O que n\u00e3o tem sentido, nem amparo jur\u00eddico, \u00e9 fato que um ou apenas alguns administrados sofram todas as conseq\u00fc\u00eancias danosas da atividade administrativa.<\/em><\/p>\n\n\n\n<p><em>Em suma, o fundamento da responsabilidade estatal&nbsp; \u00e9 garantir uma equ\u00e2nime reparti\u00e7\u00e3o dos \u00f4nus provenientes atos ou efeitos lesivos, evitando que alguns suportem preju\u00edzos ocorridos por ocasi\u00e3o ou por causa de atividades desempenhadas no interesse \u00e8 todos. De consequente, seu fundamento \u00e9 o princ\u00edpio da igualdade, no\u00e7\u00e4o b\u00e1sica do Estado de Direito.&#8221; (Celso Ant\u00f3nio Bandeira de Mello, ob. cit.,p. 866).<\/em><\/p>\n\n\n\n<p>Nesta fase, descarta-se qualquer indaga\u00e7\u00e3o em torno o da culpa do funcion\u00e1rio causador do dano, ou, mesmo, sobre a falta do&nbsp; servi\u00e7o ou culpa an\u00f4nima da Administra\u00e7\u00e3o. Responde o Estado&nbsp; porque causou dano ao seu administrado, simplesmente porque h\u00e1 rela\u00e7\u00e3o de&nbsp; causalidade entre a atividade administrativa e o dano sofrido pelo particular.<\/p>\n\n\n\n<p>Em busca de um fundamento para a responsabilidade objetiva do Estado, valeram-se os juristas da teoria do risco, adaptando-a para a atividade p\u00fablica. Resultou, da\u00ed, a teoria do risco administrativo, imaginada originalmente por L\u00e9on Duguit e desenvolvida por renomados administrativistas, teoria, essa, que pode ser assim formulada: a Administra\u00e7\u00e3o P\u00fablica gera risco para os administrados, entendendo-se como tal a possibilidade de dano que os membros da comunidade podem sofrer em decorr\u00eancia da formal ou anormal atividade do Estado.<\/p>\n\n\n\n<p>Tendo vista que essa atividade \u00e9&nbsp; exercida em favor de todos, seus \u00f4nus devem tamb\u00e9m suportados por todos, e n\u00e3o apenas por alguns. Consequentemente, deve o Estado, que a todos representa, suportar os \u00f4nus da sua atividade, independentemente de culpa dos seus agentes.<\/p>\n\n\n\n<p>A nota constante \u00e9 a exist\u00eancia de uma rela\u00e7\u00e3o entre a fun\u00e7\u00e3o p\u00fablica exercida pelo agente e o fato gerador do dano.<\/p>\n\n\n\n<p>Em ac\u00f3rd\u00e3o da relatoria do eminente Min. Carlos Velloso, no RE 160.801-SP, a 2\u00aa Turma do Supremo Tribunal Federal assim se posicionou sobre a quest\u00e3o:<\/p>\n\n\n\n<p><em>&#8220;Constitucional &#8211; Administrativo &#8211; Responsabilidade civil do Estado &#8211; Constitui\u00e7\u00e3o Federal, art. 37, \u00a7 6B &#8211; Agress\u00e3o praticada por soldado, com a utiliza\u00e7\u00e3o de arma da corpora\u00e7\u00e3o: incid\u00eancia da responsabilidade objetiva do Estado, mesmo porque, n\u00e3o obstante fora do servi\u00e7o, foi na condi\u00e7\u00e3o de policial-mil\u00edtar que o soldado foi corrigir as pessoas. O que deve ficar assentado \u00e9 que o preceito inscrito no art. 37, \u00a7 6 da Constitui\u00e7\u00e3o Federal n\u00e3o exige que o agente p\u00fablico tenha agido no exerc\u00edcio de suas fun\u00e7\u00f5es, mas na qualidade de agente p\u00fablico&#8217;.&#8221; (RTJ 170\/631).<\/em><\/p>\n\n\n\n<p>A autora, sofreu e vem sofrendo s\u00e9rios danos morais decorrentes do sofrimento e do abalo a sua vida, configurado no nexo de causualidade entre a conduta do agente da R\u00e9 e o consequente efeito danoso em sua vida.<\/p>\n\n\n\n<p><em>&#8220;Na verdade, prevalece o entendimento de que o dano moral dispensa prova em concreto, tratando-se de presun\u00e7\u00e3o absoluta, n\u00e3o sendo, outrossim, necess\u00e1ria a prova do dano patrimonial.&#8221; (CARLOS ALBERTO BITTAR, Repara\u00e7\u00e3o Civil por Danos Morais, ed. RT, 1993, p\u00e1g. 208).<\/em><\/p>\n\n\n\n<p>E, ressalve-se, a import\u00e2ncia da indeniza\u00e7\u00e3o vai al\u00e9m do caso concreto, posto que a senten\u00e7a tem alcance muito elevado, na medida em que traz consequ\u00eancias ao direito e toda sociedade.<\/p>\n\n\n\n<p>Por isso, deve haver a correspondente e necess\u00e1ria exacerba\u00e7\u00e3o do quantum da indeniza\u00e7\u00e3o tendo em vista a gravidade da ofensa \u00e0 honra da autora; os efeitos sancionadores da senten\u00e7a s\u00f3 produzir\u00e3o seus efeitos e alcan\u00e7ar\u00e3o sua finalidade se esse quantum for suficientemente alto a ponto de apenar o r\u00e9 e assim coibir que outros casos semelhantes aconte\u00e7am.<\/p>\n\n\n\n<p><strong>V &#8211;&nbsp; DA TUTELA ANTECIPADA<\/strong><\/p>\n\n\n\n<p>Conforme evidenciado nos autos a Autora teme que a&nbsp; sepultura de sua av\u00f3 venha a ser violada, e seus restos mortais enterrados em oss\u00e1rio p\u00fablico ou incinerados, corroborado tal receio, pelas ocorr\u00eancias j\u00e1 descritas, onde ossos de origem ignorada j\u00e1 apareceram naquele local.<\/p>\n\n\n\n<p>A autora requer&nbsp; nos termos do artigo 273 do CPC, sejam ANTECIPADOS OS EFEITOS DA TUTELA PLEITEADA, uma vez que a autora preenche os requisitos autorizados de tal instituto.<\/p>\n\n\n\n<p>A credibilidade das alega\u00e7\u00f5es da autora \u00e9 inquestion\u00e1vel, estando, desta forma demonstrada a verossimilhan\u00e7a exigida. Oportuno que se ressalte n\u00e3o h\u00e1 perigo de irreversibilidade no deferimento do que ora se pleiteia (\u00a7 2\u00ba do art. 273 CPC), o que demonstra o cabimento do pedido.<\/p>\n\n\n\n<p><strong>VI &#8211; DA CONCLUS\u00c3O E&nbsp;DOS PEDIDOS<\/strong><\/p>\n\n\n\n<p>A autora pretende provar o alegado por todos os meios em direito permitidos, sem exclus\u00e3o de nenhum, e em especial pela juntada de documentos e depoimento das partes e de testemunhas, caso necess\u00e1rio.<\/p>\n\n\n\n<p>Ante o exposto, a autora requer:&nbsp;<\/p>\n\n\n\n<p>a) A concess\u00e3o da tutela antecipada afim de que sejam mantidos inviol\u00e1veis os restos mortais de sua av\u00f3, sepultados no n\u00b0 XX quadra XX, al\u00e9m do uso do citado t\u00famulo, se necess\u00e1rio para o sepultamento de outro membro da fam\u00edlia, at\u00e9 a decis\u00e3o final do presente lit\u00edgio;<\/p>\n\n\n\n<p>b) A entrega do t\u00edtulo de propriedade do jazigo de n\u00b0 XX&nbsp;quadra XX do cemit\u00e9rio (&#8230;);<\/p>\n\n\n\n<p>c)&nbsp;A cita\u00e7\u00e3o da R\u00e9, na pessoa de seu procurador, legal para, querendo, apresentar defesa \u00e0 presente a\u00e7\u00e3o no prazo legal;<\/p>\n\n\n\n<p>d) Nos termos do art. 5\u00ba da Constitui\u00e7\u00e3o Federal, requer a condena\u00e7\u00e3o da empresa R\u00e9 no pagamento de multa di\u00e1ria a ser arbitrada pelo ju\u00edzo, em caso de descumprimento da obriga\u00e7\u00e3o de fazer;<\/p>\n\n\n\n<p>e) A condena\u00e7\u00e3o do empresa r\u00e9 no pagamento de danos morais no valor equivalente a 100 (cem) sal\u00e1rios m\u00ednimos;<\/p>\n\n\n\n<p>f) A condena\u00e7\u00e3o no pagamento de honor\u00e1rios advocat\u00edcios de 20% (vinte por cento) da condena\u00e7\u00e3o.&nbsp;&nbsp;<\/p>\n\n\n\n<p>D\u00e1-se \u00e0 causa o valor de <strong>[[Expectativa\/valor da causa]]<\/strong>, nos termos do art. 292, III, do NCPC.<\/p>\n\n\n\n<p>Termos em que,<\/p>\n\n\n\n<p>Pede deferimento.<\/p>\n\n\n\n<p>[[Cidade do escrit\u00f3rio]],&nbsp;[[Dia atual]],&nbsp;[[M\u00eas atual]],&nbsp;[[Ano atual]].<\/p>\n\n\n\n<p><strong>[[Gestores do escrit\u00f3rio]]<\/strong><\/p>\n\n\n\n<figure class=\"wp-block-image size-full\"><a href=\"https:\/\/advbox.com.br\/blog\/como-automatizar-seus-modelos-de-peticoes\/\" target=\"_blank\"><img fetchpriority=\"high\" decoding=\"async\" width=\"1024\" height=\"270\" src=\"https:\/\/advbox.com.br\/blog\/wp-content\/uploads\/2025\/12\/CTA-REBRANDING-16.webp\" alt=\"Banner com imagem ilustrativa de automa\u00e7\u00e3o de peti\u00e7\u00f5es jur\u00eddicas, destacando cria\u00e7\u00e3o, padroniza\u00e7\u00e3o e controle de peti\u00e7\u00f5es para advogados com a ADVBOX\" class=\"wp-image-79759\" srcset=\"https:\/\/advbox.com.br\/blog\/wp-content\/uploads\/2025\/12\/CTA-REBRANDING-16.webp 1024w, https:\/\/advbox.com.br\/blog\/wp-content\/uploads\/2025\/12\/CTA-REBRANDING-16-500x132.webp 500w, https:\/\/advbox.com.br\/blog\/wp-content\/uploads\/2025\/12\/CTA-REBRANDING-16-768x203.webp 768w, https:\/\/advbox.com.br\/blog\/wp-content\/uploads\/2025\/12\/CTA-REBRANDING-16-150x40.webp 150w\" sizes=\"(max-width: 1024px) 100vw, 1024px\" \/><\/a><\/figure>\n","protected":false},"excerpt":{"rendered":"<p>A\u00c7\u00c3O DE OBRIGA\u00c7\u00c3O DE FAZER &#8211; DANOS MORAIS &#8211; CEMIT\u00c9RIO EXCELENT\u00cdSSIMO(A)&nbsp;SENHOR(A) DOUTOR(A) JUIZ(A)&nbsp;DE DIREITO DA [[Vara]] VARA (&#8230;)&nbsp;DA&nbsp;[[Comarca]]&nbsp;DE&nbsp;[[Cidade do cliente]]\/[[UF do cliente]]. [[Nome do cliente]], [[Nacionalidade do cliente]],&nbsp;[[Estado civil do cliente]],&nbsp;[[Profiss\u00e3o do cliente]], [[Sexo do cliente]],&nbsp;nascido(a)&nbsp;em&nbsp;[[Data de nascimento do cliente]], &nbsp;inscrito(a) no CPF sob n\u00ba&nbsp;[[CPF\/CNPJ do cliente]], RG sob n\u00ba [&hellip;]<\/p>\n","protected":false},"author":44,"featured_media":79776,"comment_status":"closed","ping_status":"closed","template":"","meta":{"_acf_changed":false,"om_disable_all_campaigns":false,"footnotes":""},"modelo_category":[1481],"class_list":["post-31958","modelos","type-modelos","status-publish","has-post-thumbnail","hentry","modelo_category-direito-civil"],"acf":[],"yoast_head":"<!-- This site is optimized with the Yoast SEO plugin v26.9 - https:\/\/yoast.com\/product\/yoast-seo-wordpress\/ -->\n<title>Modelo de a\u00e7\u00e3o de obriga\u00e7\u00e3o de fazer - Danos morais cemit\u00e9rio<\/title>\n<meta name=\"description\" content=\"Disponibilizamos para voc\u00ea um modelo de a\u00e7\u00e3o de obriga\u00e7\u00e3o de fazer - Danos morais - cemit\u00e9rio. ADVBOX\" \/>\n<meta name=\"robots\" content=\"index, follow, max-snippet:-1, max-image-preview:large, max-video-preview:-1\" \/>\n<link rel=\"canonical\" href=\"https:\/\/advbox.com.br\/blog\/modelos\/tributario-acao-de-obrigacao-de-fazer-danos-morais-cemiterio\/\" \/>\n<meta property=\"og:locale\" content=\"pt_BR\" \/>\n<meta property=\"og:type\" content=\"article\" \/>\n<meta property=\"og:title\" content=\"Modelo de a\u00e7\u00e3o de obriga\u00e7\u00e3o de fazer - Danos morais cemit\u00e9rio\" \/>\n<meta property=\"og:description\" content=\"Disponibilizamos para voc\u00ea um modelo de a\u00e7\u00e3o de obriga\u00e7\u00e3o de fazer - Danos morais - cemit\u00e9rio. ADVBOX\" \/>\n<meta property=\"og:url\" content=\"https:\/\/advbox.com.br\/blog\/modelos\/tributario-acao-de-obrigacao-de-fazer-danos-morais-cemiterio\/\" \/>\n<meta property=\"og:site_name\" content=\"Software Jur\u00eddico Completo - ADVBOX\" \/>\n<meta property=\"article:publisher\" content=\"https:\/\/www.facebook.com\/advbox\/\" \/>\n<meta property=\"article:modified_time\" content=\"2025-12-23T12:37:56+00:00\" \/>\n<meta property=\"og:image\" content=\"https:\/\/advbox.com.br\/blog\/wp-content\/uploads\/2025\/12\/sobrestamento-1.jpg\" \/>\n\t<meta property=\"og:image:width\" content=\"1024\" \/>\n\t<meta property=\"og:image:height\" content=\"576\" \/>\n\t<meta property=\"og:image:type\" content=\"image\/jpeg\" \/>\n<meta name=\"twitter:card\" content=\"summary_large_image\" \/>\n<meta name=\"twitter:site\" content=\"@advbox2\" \/>\n<script type=\"application\/ld+json\" class=\"yoast-schema-graph\">{\"@context\":\"https:\/\/schema.org\",\"@graph\":[{\"@type\":\"WebPage\",\"@id\":\"https:\/\/advbox.com.br\/blog\/modelos\/tributario-acao-de-obrigacao-de-fazer-danos-morais-cemiterio\/\",\"url\":\"https:\/\/advbox.com.br\/blog\/modelos\/tributario-acao-de-obrigacao-de-fazer-danos-morais-cemiterio\/\",\"name\":\"Modelo de a\u00e7\u00e3o de obriga\u00e7\u00e3o de fazer - Danos morais cemit\u00e9rio\",\"isPartOf\":{\"@id\":\"https:\/\/advbox.com.br\/blog\/#website\"},\"primaryImageOfPage\":{\"@id\":\"https:\/\/advbox.com.br\/blog\/modelos\/tributario-acao-de-obrigacao-de-fazer-danos-morais-cemiterio\/#primaryimage\"},\"image\":{\"@id\":\"https:\/\/advbox.com.br\/blog\/modelos\/tributario-acao-de-obrigacao-de-fazer-danos-morais-cemiterio\/#primaryimage\"},\"thumbnailUrl\":\"https:\/\/advbox.com.br\/blog\/wp-content\/uploads\/2025\/12\/sobrestamento-1.jpg\",\"datePublished\":\"2021-05-18T17:03:20+00:00\",\"dateModified\":\"2025-12-23T12:37:56+00:00\",\"description\":\"Disponibilizamos para voc\u00ea um modelo de a\u00e7\u00e3o de obriga\u00e7\u00e3o de fazer - Danos morais - cemit\u00e9rio. ADVBOX\",\"breadcrumb\":{\"@id\":\"https:\/\/advbox.com.br\/blog\/modelos\/tributario-acao-de-obrigacao-de-fazer-danos-morais-cemiterio\/#breadcrumb\"},\"inLanguage\":\"pt-BR\",\"potentialAction\":[{\"@type\":\"ReadAction\",\"target\":[\"https:\/\/advbox.com.br\/blog\/modelos\/tributario-acao-de-obrigacao-de-fazer-danos-morais-cemiterio\/\"]}]},{\"@type\":\"ImageObject\",\"inLanguage\":\"pt-BR\",\"@id\":\"https:\/\/advbox.com.br\/blog\/modelos\/tributario-acao-de-obrigacao-de-fazer-danos-morais-cemiterio\/#primaryimage\",\"url\":\"https:\/\/advbox.com.br\/blog\/wp-content\/uploads\/2025\/12\/sobrestamento-1.jpg\",\"contentUrl\":\"https:\/\/advbox.com.br\/blog\/wp-content\/uploads\/2025\/12\/sobrestamento-1.jpg\",\"width\":1024,\"height\":576,\"caption\":\"Banner institucional da ADVBOX com elemento visual abstrato em tons de azul, representando estrutura, tecnologia e identidade visual da marca\"},{\"@type\":\"BreadcrumbList\",\"@id\":\"https:\/\/advbox.com.br\/blog\/modelos\/tributario-acao-de-obrigacao-de-fazer-danos-morais-cemiterio\/#breadcrumb\",\"itemListElement\":[{\"@type\":\"ListItem\",\"position\":1,\"name\":\"In\u00edcio\",\"item\":\"https:\/\/advbox.com.br\/blog\/\"},{\"@type\":\"ListItem\",\"position\":2,\"name\":\"Modelos\",\"item\":\"https:\/\/advbox.com.br\/blog\/modelos\/\"},{\"@type\":\"ListItem\",\"position\":3,\"name\":\"Modelo de a\u00e7\u00e3o de obriga\u00e7\u00e3o de fazer &#8211; Danos morais cemit\u00e9rio\"}]},{\"@type\":\"WebSite\",\"@id\":\"https:\/\/advbox.com.br\/blog\/#website\",\"url\":\"https:\/\/advbox.com.br\/blog\/\",\"name\":\"Software Jur\u00eddico Completo - ADVBOX\",\"description\":\"Plataforma para Advocacia Digital\",\"publisher\":{\"@id\":\"https:\/\/advbox.com.br\/blog\/#organization\"},\"potentialAction\":[{\"@type\":\"SearchAction\",\"target\":{\"@type\":\"EntryPoint\",\"urlTemplate\":\"https:\/\/advbox.com.br\/blog\/?s={search_term_string}\"},\"query-input\":{\"@type\":\"PropertyValueSpecification\",\"valueRequired\":true,\"valueName\":\"search_term_string\"}}],\"inLanguage\":\"pt-BR\"},{\"@type\":\"Organization\",\"@id\":\"https:\/\/advbox.com.br\/blog\/#organization\",\"name\":\"ADVBOX Blog - Software jur\u00eddico da advocacia digital\",\"url\":\"https:\/\/advbox.com.br\/blog\/\",\"logo\":{\"@type\":\"ImageObject\",\"inLanguage\":\"pt-BR\",\"@id\":\"https:\/\/advbox.com.br\/blog\/#\/schema\/logo\/image\/\",\"url\":\"https:\/\/advbox.com.br\/blog\/wp-content\/uploads\/2019\/12\/Como-aumentar-a-produtividade_.jpg\",\"contentUrl\":\"https:\/\/advbox.com.br\/blog\/wp-content\/uploads\/2019\/12\/Como-aumentar-a-produtividade_.jpg\",\"width\":320,\"height\":213,\"caption\":\"ADVBOX Blog - Software jur\u00eddico da advocacia digital\"},\"image\":{\"@id\":\"https:\/\/advbox.com.br\/blog\/#\/schema\/logo\/image\/\"},\"sameAs\":[\"https:\/\/www.facebook.com\/advbox\/\",\"https:\/\/x.com\/advbox2\"]}]}<\/script>\n<!-- \/ Yoast SEO plugin. -->","yoast_head_json":{"title":"Modelo de a\u00e7\u00e3o de obriga\u00e7\u00e3o de fazer - Danos morais cemit\u00e9rio","description":"Disponibilizamos para voc\u00ea um modelo de a\u00e7\u00e3o de obriga\u00e7\u00e3o de fazer - Danos morais - cemit\u00e9rio. ADVBOX","robots":{"index":"index","follow":"follow","max-snippet":"max-snippet:-1","max-image-preview":"max-image-preview:large","max-video-preview":"max-video-preview:-1"},"canonical":"https:\/\/advbox.com.br\/blog\/modelos\/tributario-acao-de-obrigacao-de-fazer-danos-morais-cemiterio\/","og_locale":"pt_BR","og_type":"article","og_title":"Modelo de a\u00e7\u00e3o de obriga\u00e7\u00e3o de fazer - Danos morais cemit\u00e9rio","og_description":"Disponibilizamos para voc\u00ea um modelo de a\u00e7\u00e3o de obriga\u00e7\u00e3o de fazer - Danos morais - cemit\u00e9rio. ADVBOX","og_url":"https:\/\/advbox.com.br\/blog\/modelos\/tributario-acao-de-obrigacao-de-fazer-danos-morais-cemiterio\/","og_site_name":"Software Jur\u00eddico Completo - ADVBOX","article_publisher":"https:\/\/www.facebook.com\/advbox\/","article_modified_time":"2025-12-23T12:37:56+00:00","og_image":[{"width":1024,"height":576,"url":"https:\/\/advbox.com.br\/blog\/wp-content\/uploads\/2025\/12\/sobrestamento-1.jpg","type":"image\/jpeg"}],"twitter_card":"summary_large_image","twitter_site":"@advbox2","schema":{"@context":"https:\/\/schema.org","@graph":[{"@type":"WebPage","@id":"https:\/\/advbox.com.br\/blog\/modelos\/tributario-acao-de-obrigacao-de-fazer-danos-morais-cemiterio\/","url":"https:\/\/advbox.com.br\/blog\/modelos\/tributario-acao-de-obrigacao-de-fazer-danos-morais-cemiterio\/","name":"Modelo de a\u00e7\u00e3o de obriga\u00e7\u00e3o de fazer - Danos morais cemit\u00e9rio","isPartOf":{"@id":"https:\/\/advbox.com.br\/blog\/#website"},"primaryImageOfPage":{"@id":"https:\/\/advbox.com.br\/blog\/modelos\/tributario-acao-de-obrigacao-de-fazer-danos-morais-cemiterio\/#primaryimage"},"image":{"@id":"https:\/\/advbox.com.br\/blog\/modelos\/tributario-acao-de-obrigacao-de-fazer-danos-morais-cemiterio\/#primaryimage"},"thumbnailUrl":"https:\/\/advbox.com.br\/blog\/wp-content\/uploads\/2025\/12\/sobrestamento-1.jpg","datePublished":"2021-05-18T17:03:20+00:00","dateModified":"2025-12-23T12:37:56+00:00","description":"Disponibilizamos para voc\u00ea um modelo de a\u00e7\u00e3o de obriga\u00e7\u00e3o de fazer - Danos morais - cemit\u00e9rio. ADVBOX","breadcrumb":{"@id":"https:\/\/advbox.com.br\/blog\/modelos\/tributario-acao-de-obrigacao-de-fazer-danos-morais-cemiterio\/#breadcrumb"},"inLanguage":"pt-BR","potentialAction":[{"@type":"ReadAction","target":["https:\/\/advbox.com.br\/blog\/modelos\/tributario-acao-de-obrigacao-de-fazer-danos-morais-cemiterio\/"]}]},{"@type":"ImageObject","inLanguage":"pt-BR","@id":"https:\/\/advbox.com.br\/blog\/modelos\/tributario-acao-de-obrigacao-de-fazer-danos-morais-cemiterio\/#primaryimage","url":"https:\/\/advbox.com.br\/blog\/wp-content\/uploads\/2025\/12\/sobrestamento-1.jpg","contentUrl":"https:\/\/advbox.com.br\/blog\/wp-content\/uploads\/2025\/12\/sobrestamento-1.jpg","width":1024,"height":576,"caption":"Banner institucional da ADVBOX com elemento visual abstrato em tons de azul, representando estrutura, tecnologia e identidade visual da marca"},{"@type":"BreadcrumbList","@id":"https:\/\/advbox.com.br\/blog\/modelos\/tributario-acao-de-obrigacao-de-fazer-danos-morais-cemiterio\/#breadcrumb","itemListElement":[{"@type":"ListItem","position":1,"name":"In\u00edcio","item":"https:\/\/advbox.com.br\/blog\/"},{"@type":"ListItem","position":2,"name":"Modelos","item":"https:\/\/advbox.com.br\/blog\/modelos\/"},{"@type":"ListItem","position":3,"name":"Modelo de a\u00e7\u00e3o de obriga\u00e7\u00e3o de fazer &#8211; Danos morais cemit\u00e9rio"}]},{"@type":"WebSite","@id":"https:\/\/advbox.com.br\/blog\/#website","url":"https:\/\/advbox.com.br\/blog\/","name":"Software Jur\u00eddico Completo - ADVBOX","description":"Plataforma para Advocacia Digital","publisher":{"@id":"https:\/\/advbox.com.br\/blog\/#organization"},"potentialAction":[{"@type":"SearchAction","target":{"@type":"EntryPoint","urlTemplate":"https:\/\/advbox.com.br\/blog\/?s={search_term_string}"},"query-input":{"@type":"PropertyValueSpecification","valueRequired":true,"valueName":"search_term_string"}}],"inLanguage":"pt-BR"},{"@type":"Organization","@id":"https:\/\/advbox.com.br\/blog\/#organization","name":"ADVBOX Blog - Software jur\u00eddico da advocacia digital","url":"https:\/\/advbox.com.br\/blog\/","logo":{"@type":"ImageObject","inLanguage":"pt-BR","@id":"https:\/\/advbox.com.br\/blog\/#\/schema\/logo\/image\/","url":"https:\/\/advbox.com.br\/blog\/wp-content\/uploads\/2019\/12\/Como-aumentar-a-produtividade_.jpg","contentUrl":"https:\/\/advbox.com.br\/blog\/wp-content\/uploads\/2019\/12\/Como-aumentar-a-produtividade_.jpg","width":320,"height":213,"caption":"ADVBOX Blog - Software jur\u00eddico da advocacia digital"},"image":{"@id":"https:\/\/advbox.com.br\/blog\/#\/schema\/logo\/image\/"},"sameAs":["https:\/\/www.facebook.com\/advbox\/","https:\/\/x.com\/advbox2"]}]}},"_links":{"self":[{"href":"https:\/\/advbox.com.br\/blog\/wp-json\/wp\/v2\/modelos\/31958","targetHints":{"allow":["GET"]}}],"collection":[{"href":"https:\/\/advbox.com.br\/blog\/wp-json\/wp\/v2\/modelos"}],"about":[{"href":"https:\/\/advbox.com.br\/blog\/wp-json\/wp\/v2\/types\/modelos"}],"author":[{"embeddable":true,"href":"https:\/\/advbox.com.br\/blog\/wp-json\/wp\/v2\/users\/44"}],"replies":[{"embeddable":true,"href":"https:\/\/advbox.com.br\/blog\/wp-json\/wp\/v2\/comments?post=31958"}],"version-history":[{"count":7,"href":"https:\/\/advbox.com.br\/blog\/wp-json\/wp\/v2\/modelos\/31958\/revisions"}],"predecessor-version":[{"id":79855,"href":"https:\/\/advbox.com.br\/blog\/wp-json\/wp\/v2\/modelos\/31958\/revisions\/79855"}],"wp:featuredmedia":[{"embeddable":true,"href":"https:\/\/advbox.com.br\/blog\/wp-json\/wp\/v2\/media\/79776"}],"wp:attachment":[{"href":"https:\/\/advbox.com.br\/blog\/wp-json\/wp\/v2\/media?parent=31958"}],"wp:term":[{"taxonomy":"modelo_category","embeddable":true,"href":"https:\/\/advbox.com.br\/blog\/wp-json\/wp\/v2\/modelo_category?post=31958"}],"curies":[{"name":"wp","href":"https:\/\/api.w.org\/{rel}","templated":true}]}}