{"id":32732,"date":"2021-05-26T18:00:01","date_gmt":"2021-05-26T21:00:01","guid":{"rendered":"https:\/\/advbox.com.br\/blog\/?post_type=modelos&#038;p=32732"},"modified":"2025-10-30T15:03:46","modified_gmt":"2025-10-30T18:03:46","slug":"trabalhista-prazo-para-recurso-de-revista","status":"publish","type":"modelos","link":"https:\/\/advbox.com.br\/blog\/modelos\/trabalhista-prazo-para-recurso-de-revista\/","title":{"rendered":"Prazo para recurso de revista"},"content":{"rendered":"<p>Baixe o modelo <strong>de recurso de revista trabalhista <\/strong>e \u00a0saiba como manter seu<a href=\"https:\/\/advbox.com.br\/blog\/como-automatizar-seus-modelos-de-peticoes\/\" target=\"_blank\"> <strong>banco de modelos de peti\u00e7\u00f5es<\/strong> estruturado para <\/a>o seu escrit\u00f3rio digital.<\/p><p>Entenda tudo que a vers\u00e3o Elite da ADVBOX apresenta para voc\u00ea tomar melhores decis\u00f5es de gest\u00e3o do seu <a href=\"https:\/\/advbox.com.br\/blog\/inteligencia-advocacia\/\" target=\"_blank\"><strong>escrit\u00f3rio de advocacia<\/strong><\/a>.<\/p><p><a href=\"https:\/\/materiais.advbox.com.br\/consulta-advbox-lp\" target=\"_blank\"><strong>Clique aqui e envie seus dados <\/strong><\/a>para marcar uma conversa.<\/p><h2 class=\"wp-block-heading\">Modelo <strong>de recurso de revista trabalhista<\/strong><\/h2><p>EXMo. SR. DR. JUIZ PRESIDENTE Do EGR\u00c9Gio TRIBUNAL REGIoNAL Do TRABALHo DA &#8230;&#8230; REGI\u00e3o.<\/p><p>Invicta Ltda., nos autos do processo TRT n. &#8230;&#8230;, inconformada com a r. decis\u00e3o deste Egr\u00e9gio Tribunal, que houve por bem julgar procedente o recurso ordin\u00e1rio, vem, mui respeitosamente, dela interpor <em>recurso de revista <\/em>para o<em> <\/em>Colendo Tribunal Superior do Trabalho, em conformidade com o que disp\u00f5e o art. 896, <em>a<\/em>,<em> <\/em>da Consolida\u00e7\u00e3o das Leis do Trabalho, pelo que junta \u00e0 presente as suas raz\u00f5es de recurso, como de direito.<\/p><p>P. Deferimento.<\/p><p>Localidade e data<\/p><p>Assinatura<\/p><p>Nome do Advogado e sua\u00a0 inscri\u00e7\u00e3o na OAB<\/p><p><em>Raz\u00f5es do recurso de revista<\/em><\/p><p>CoLENDA TURMA.<\/p><p>Em processo interposto perante a &#8230;&#8230;&#8230; Vara do Trabalho, pretendeu o Reclamante fosse a Reclamada, ora Recorrente, compelida a pagar-lhe horas extraordin\u00e1rias, sob o fundamento de que, trabalhando para o grupo empresarial por esta integrado, desenvolvia atividades paralelas, fazendo jus, assim, com rela\u00e7\u00e3o \u00e0 Recorrente, \u00e0s horas suplementares. Contestado o feito, concluiu o DD. Ju\u00edzo processante pela improced\u00eancia da a\u00e7\u00e3o, tendo o Reclamante interposto recurso ordin\u00e1rio para o Egr\u00e9gio Tribunal Regional da &#8230;&#8230; Regi\u00e3o, que, por sua vez, houve por bem julgar procedente o recurso, para condenar a Reclamada a pagar ao Reclamante horas suplementares.<\/p><p>Ora, a decis\u00e3o em apre\u00e7o, <em>data maxima venia<\/em>,<em> <\/em>n\u00e3o pode pros perar, uma vez que em manifesta diverg\u00eancia com o v. Ac\u00f3rd\u00e3o 6.096\/84, abaixo transcrito, e da lavra da 3<s>\u00aa<\/s> Turma do Tribunal Regional do Trabalho da 1<s>\u00aa<\/s> Regi\u00e3o, proferida no Recurso Ordin\u00e1rio 1.789\/84, de que foi relator o \u00ednclito Juiz H\u00e9lio Nunes Teixeira:<\/p><p>&#8220;Presta\u00e7\u00e3o de servi\u00e7os dentro da jornada normal de trabalho para duas empresas do mesmo grupo empresarial n\u00e3o gera direito a pagamento suplementar por trabalho extraordin\u00e1rio&#8221;.<\/p><p>Nessas condi\u00e7\u00f5es, em face de manifesta discrep\u00e2ncia jurisprudencial, imp\u00f5e-se a acolhida do presente recurso, com a reforma do julgado e conseq\u00fcente decreta\u00e7\u00e3o da improced\u00eancia da a\u00e7\u00e3o, restaurando- se, assim, a senten\u00e7a de 1<s>\u00ba<\/s> grau, como de direito.<\/p><p>P. Deferimento.<\/p><p>Localidade e data<\/p><p>Assinatura<\/p><p>Nome do Advogado e sua inscri\u00e7\u00e3o na OAB<\/p>\n","protected":false},"excerpt":{"rendered":"<p>Baixe o modelo de recurso de revista trabalhista e \u00a0saiba como manter seu banco de modelos de peti\u00e7\u00f5es estruturado para o seu escrit\u00f3rio digital. Entenda tudo que a vers\u00e3o Elite da ADVBOX apresenta para voc\u00ea tomar melhores decis\u00f5es de gest\u00e3o do seu escrit\u00f3rio de advocacia. Clique aqui e envie seus [&hellip;]<\/p>\n","protected":false},"author":2,"featured_media":23653,"comment_status":"closed","ping_status":"closed","template":"","meta":{"_acf_changed":false,"om_disable_all_campaigns":false,"footnotes":""},"modelo_category":[1491],"class_list":["post-32732","modelos","type-modelos","status-publish","has-post-thumbnail","hentry","modelo_category-recursos"],"acf":[],"yoast_head":"<!-- This site is optimized with the Yoast SEO plugin v26.9 - https:\/\/yoast.com\/product\/yoast-seo-wordpress\/ -->\n<title>Prazo para recurso de revista<\/title>\n<meta name=\"description\" content=\"Confira o modelo de prazo para recurso de revista: entenda o prazo trabalhista, os requisitos de admissibilidade e como aplicar.\" \/>\n<meta name=\"robots\" content=\"index, follow, max-snippet:-1, max-image-preview:large, max-video-preview:-1\" \/>\n<link rel=\"canonical\" href=\"https:\/\/advbox.com.br\/blog\/modelos\/trabalhista-prazo-para-recurso-de-revista\/\" \/>\n<meta property=\"og:locale\" content=\"pt_BR\" \/>\n<meta property=\"og:type\" content=\"article\" \/>\n<meta property=\"og:title\" content=\"Prazo para recurso de revista\" \/>\n<meta property=\"og:description\" content=\"Confira o modelo de prazo para recurso de revista: entenda o prazo trabalhista, os requisitos de admissibilidade e como aplicar.\" \/>\n<meta property=\"og:url\" content=\"https:\/\/advbox.com.br\/blog\/modelos\/trabalhista-prazo-para-recurso-de-revista\/\" \/>\n<meta property=\"og:site_name\" content=\"Software Jur\u00eddico Completo - ADVBOX\" \/>\n<meta property=\"article:publisher\" content=\"https:\/\/www.facebook.com\/advbox\/\" \/>\n<meta property=\"article:modified_time\" content=\"2025-10-30T18:03:46+00:00\" \/>\n<meta property=\"og:image\" content=\"https:\/\/advbox.com.br\/blog\/wp-content\/uploads\/2021\/02\/peticoes-14.jpg\" \/>\n\t<meta property=\"og:image:width\" content=\"626\" \/>\n\t<meta property=\"og:image:height\" content=\"510\" \/>\n\t<meta property=\"og:image:type\" content=\"image\/jpeg\" \/>\n<meta name=\"twitter:card\" content=\"summary_large_image\" \/>\n<meta name=\"twitter:site\" content=\"@advbox2\" \/>\n<script type=\"application\/ld+json\" class=\"yoast-schema-graph\">{\"@context\":\"https:\/\/schema.org\",\"@graph\":[{\"@type\":\"WebPage\",\"@id\":\"https:\/\/advbox.com.br\/blog\/modelos\/trabalhista-prazo-para-recurso-de-revista\/\",\"url\":\"https:\/\/advbox.com.br\/blog\/modelos\/trabalhista-prazo-para-recurso-de-revista\/\",\"name\":\"Prazo para recurso de revista\",\"isPartOf\":{\"@id\":\"https:\/\/advbox.com.br\/blog\/#website\"},\"primaryImageOfPage\":{\"@id\":\"https:\/\/advbox.com.br\/blog\/modelos\/trabalhista-prazo-para-recurso-de-revista\/#primaryimage\"},\"image\":{\"@id\":\"https:\/\/advbox.com.br\/blog\/modelos\/trabalhista-prazo-para-recurso-de-revista\/#primaryimage\"},\"thumbnailUrl\":\"https:\/\/advbox.com.br\/blog\/wp-content\/uploads\/2021\/02\/peticoes-14.jpg\",\"datePublished\":\"2021-05-26T21:00:01+00:00\",\"dateModified\":\"2025-10-30T18:03:46+00:00\",\"description\":\"Confira o modelo de prazo para recurso de revista: entenda o prazo trabalhista, os requisitos de admissibilidade e como aplicar.\",\"breadcrumb\":{\"@id\":\"https:\/\/advbox.com.br\/blog\/modelos\/trabalhista-prazo-para-recurso-de-revista\/#breadcrumb\"},\"inLanguage\":\"pt-BR\",\"potentialAction\":[{\"@type\":\"ReadAction\",\"target\":[\"https:\/\/advbox.com.br\/blog\/modelos\/trabalhista-prazo-para-recurso-de-revista\/\"]}]},{\"@type\":\"ImageObject\",\"inLanguage\":\"pt-BR\",\"@id\":\"https:\/\/advbox.com.br\/blog\/modelos\/trabalhista-prazo-para-recurso-de-revista\/#primaryimage\",\"url\":\"https:\/\/advbox.com.br\/blog\/wp-content\/uploads\/2021\/02\/peticoes-14.jpg\",\"contentUrl\":\"https:\/\/advbox.com.br\/blog\/wp-content\/uploads\/2021\/02\/peticoes-14.jpg\",\"width\":626,\"height\":510,\"caption\":\"advocacia na pr\u00e1tica\"},{\"@type\":\"BreadcrumbList\",\"@id\":\"https:\/\/advbox.com.br\/blog\/modelos\/trabalhista-prazo-para-recurso-de-revista\/#breadcrumb\",\"itemListElement\":[{\"@type\":\"ListItem\",\"position\":1,\"name\":\"In\u00edcio\",\"item\":\"https:\/\/advbox.com.br\/blog\/\"},{\"@type\":\"ListItem\",\"position\":2,\"name\":\"Modelos\",\"item\":\"https:\/\/advbox.com.br\/blog\/modelos\/\"},{\"@type\":\"ListItem\",\"position\":3,\"name\":\"Prazo para recurso de revista\"}]},{\"@type\":\"WebSite\",\"@id\":\"https:\/\/advbox.com.br\/blog\/#website\",\"url\":\"https:\/\/advbox.com.br\/blog\/\",\"name\":\"Software Jur\u00eddico Completo - ADVBOX\",\"description\":\"Plataforma para Advocacia Digital\",\"publisher\":{\"@id\":\"https:\/\/advbox.com.br\/blog\/#organization\"},\"potentialAction\":[{\"@type\":\"SearchAction\",\"target\":{\"@type\":\"EntryPoint\",\"urlTemplate\":\"https:\/\/advbox.com.br\/blog\/?s={search_term_string}\"},\"query-input\":{\"@type\":\"PropertyValueSpecification\",\"valueRequired\":true,\"valueName\":\"search_term_string\"}}],\"inLanguage\":\"pt-BR\"},{\"@type\":\"Organization\",\"@id\":\"https:\/\/advbox.com.br\/blog\/#organization\",\"name\":\"ADVBOX Blog - Software jur\u00eddico da advocacia digital\",\"url\":\"https:\/\/advbox.com.br\/blog\/\",\"logo\":{\"@type\":\"ImageObject\",\"inLanguage\":\"pt-BR\",\"@id\":\"https:\/\/advbox.com.br\/blog\/#\/schema\/logo\/image\/\",\"url\":\"https:\/\/advbox.com.br\/blog\/wp-content\/uploads\/2019\/12\/Como-aumentar-a-produtividade_.jpg\",\"contentUrl\":\"https:\/\/advbox.com.br\/blog\/wp-content\/uploads\/2019\/12\/Como-aumentar-a-produtividade_.jpg\",\"width\":320,\"height\":213,\"caption\":\"ADVBOX Blog - Software jur\u00eddico da advocacia digital\"},\"image\":{\"@id\":\"https:\/\/advbox.com.br\/blog\/#\/schema\/logo\/image\/\"},\"sameAs\":[\"https:\/\/www.facebook.com\/advbox\/\",\"https:\/\/x.com\/advbox2\"]}]}<\/script>\n<!-- \/ Yoast SEO plugin. -->","yoast_head_json":{"title":"Prazo para recurso de revista","description":"Confira o modelo de prazo para recurso de revista: entenda o prazo trabalhista, os requisitos de admissibilidade e como aplicar.","robots":{"index":"index","follow":"follow","max-snippet":"max-snippet:-1","max-image-preview":"max-image-preview:large","max-video-preview":"max-video-preview:-1"},"canonical":"https:\/\/advbox.com.br\/blog\/modelos\/trabalhista-prazo-para-recurso-de-revista\/","og_locale":"pt_BR","og_type":"article","og_title":"Prazo para recurso de revista","og_description":"Confira o modelo de prazo para recurso de revista: entenda o prazo trabalhista, os requisitos de admissibilidade e como aplicar.","og_url":"https:\/\/advbox.com.br\/blog\/modelos\/trabalhista-prazo-para-recurso-de-revista\/","og_site_name":"Software Jur\u00eddico Completo - ADVBOX","article_publisher":"https:\/\/www.facebook.com\/advbox\/","article_modified_time":"2025-10-30T18:03:46+00:00","og_image":[{"width":626,"height":510,"url":"https:\/\/advbox.com.br\/blog\/wp-content\/uploads\/2021\/02\/peticoes-14.jpg","type":"image\/jpeg"}],"twitter_card":"summary_large_image","twitter_site":"@advbox2","schema":{"@context":"https:\/\/schema.org","@graph":[{"@type":"WebPage","@id":"https:\/\/advbox.com.br\/blog\/modelos\/trabalhista-prazo-para-recurso-de-revista\/","url":"https:\/\/advbox.com.br\/blog\/modelos\/trabalhista-prazo-para-recurso-de-revista\/","name":"Prazo para recurso de revista","isPartOf":{"@id":"https:\/\/advbox.com.br\/blog\/#website"},"primaryImageOfPage":{"@id":"https:\/\/advbox.com.br\/blog\/modelos\/trabalhista-prazo-para-recurso-de-revista\/#primaryimage"},"image":{"@id":"https:\/\/advbox.com.br\/blog\/modelos\/trabalhista-prazo-para-recurso-de-revista\/#primaryimage"},"thumbnailUrl":"https:\/\/advbox.com.br\/blog\/wp-content\/uploads\/2021\/02\/peticoes-14.jpg","datePublished":"2021-05-26T21:00:01+00:00","dateModified":"2025-10-30T18:03:46+00:00","description":"Confira o modelo de prazo para recurso de revista: entenda o prazo trabalhista, os requisitos de admissibilidade e como aplicar.","breadcrumb":{"@id":"https:\/\/advbox.com.br\/blog\/modelos\/trabalhista-prazo-para-recurso-de-revista\/#breadcrumb"},"inLanguage":"pt-BR","potentialAction":[{"@type":"ReadAction","target":["https:\/\/advbox.com.br\/blog\/modelos\/trabalhista-prazo-para-recurso-de-revista\/"]}]},{"@type":"ImageObject","inLanguage":"pt-BR","@id":"https:\/\/advbox.com.br\/blog\/modelos\/trabalhista-prazo-para-recurso-de-revista\/#primaryimage","url":"https:\/\/advbox.com.br\/blog\/wp-content\/uploads\/2021\/02\/peticoes-14.jpg","contentUrl":"https:\/\/advbox.com.br\/blog\/wp-content\/uploads\/2021\/02\/peticoes-14.jpg","width":626,"height":510,"caption":"advocacia na pr\u00e1tica"},{"@type":"BreadcrumbList","@id":"https:\/\/advbox.com.br\/blog\/modelos\/trabalhista-prazo-para-recurso-de-revista\/#breadcrumb","itemListElement":[{"@type":"ListItem","position":1,"name":"In\u00edcio","item":"https:\/\/advbox.com.br\/blog\/"},{"@type":"ListItem","position":2,"name":"Modelos","item":"https:\/\/advbox.com.br\/blog\/modelos\/"},{"@type":"ListItem","position":3,"name":"Prazo para recurso de revista"}]},{"@type":"WebSite","@id":"https:\/\/advbox.com.br\/blog\/#website","url":"https:\/\/advbox.com.br\/blog\/","name":"Software Jur\u00eddico Completo - ADVBOX","description":"Plataforma para Advocacia Digital","publisher":{"@id":"https:\/\/advbox.com.br\/blog\/#organization"},"potentialAction":[{"@type":"SearchAction","target":{"@type":"EntryPoint","urlTemplate":"https:\/\/advbox.com.br\/blog\/?s={search_term_string}"},"query-input":{"@type":"PropertyValueSpecification","valueRequired":true,"valueName":"search_term_string"}}],"inLanguage":"pt-BR"},{"@type":"Organization","@id":"https:\/\/advbox.com.br\/blog\/#organization","name":"ADVBOX Blog - Software jur\u00eddico da advocacia digital","url":"https:\/\/advbox.com.br\/blog\/","logo":{"@type":"ImageObject","inLanguage":"pt-BR","@id":"https:\/\/advbox.com.br\/blog\/#\/schema\/logo\/image\/","url":"https:\/\/advbox.com.br\/blog\/wp-content\/uploads\/2019\/12\/Como-aumentar-a-produtividade_.jpg","contentUrl":"https:\/\/advbox.com.br\/blog\/wp-content\/uploads\/2019\/12\/Como-aumentar-a-produtividade_.jpg","width":320,"height":213,"caption":"ADVBOX Blog - Software jur\u00eddico da advocacia digital"},"image":{"@id":"https:\/\/advbox.com.br\/blog\/#\/schema\/logo\/image\/"},"sameAs":["https:\/\/www.facebook.com\/advbox\/","https:\/\/x.com\/advbox2"]}]}},"_links":{"self":[{"href":"https:\/\/advbox.com.br\/blog\/wp-json\/wp\/v2\/modelos\/32732","targetHints":{"allow":["GET"]}}],"collection":[{"href":"https:\/\/advbox.com.br\/blog\/wp-json\/wp\/v2\/modelos"}],"about":[{"href":"https:\/\/advbox.com.br\/blog\/wp-json\/wp\/v2\/types\/modelos"}],"author":[{"embeddable":true,"href":"https:\/\/advbox.com.br\/blog\/wp-json\/wp\/v2\/users\/2"}],"replies":[{"embeddable":true,"href":"https:\/\/advbox.com.br\/blog\/wp-json\/wp\/v2\/comments?post=32732"}],"version-history":[{"count":4,"href":"https:\/\/advbox.com.br\/blog\/wp-json\/wp\/v2\/modelos\/32732\/revisions"}],"predecessor-version":[{"id":73880,"href":"https:\/\/advbox.com.br\/blog\/wp-json\/wp\/v2\/modelos\/32732\/revisions\/73880"}],"wp:featuredmedia":[{"embeddable":true,"href":"https:\/\/advbox.com.br\/blog\/wp-json\/wp\/v2\/media\/23653"}],"wp:attachment":[{"href":"https:\/\/advbox.com.br\/blog\/wp-json\/wp\/v2\/media?parent=32732"}],"wp:term":[{"taxonomy":"modelo_category","embeddable":true,"href":"https:\/\/advbox.com.br\/blog\/wp-json\/wp\/v2\/modelo_category?post=32732"}],"curies":[{"name":"wp","href":"https:\/\/api.w.org\/{rel}","templated":true}]}}