{"id":40581,"date":"2022-02-15T15:33:44","date_gmt":"2022-02-15T18:33:44","guid":{"rendered":"https:\/\/advbox.com.br\/blog\/?post_type=modelos&#038;p=40581"},"modified":"2025-02-19T14:44:51","modified_gmt":"2025-02-19T17:44:51","slug":"previdenciario-recurso-inominado-para-reforma-da-sentenca","status":"publish","type":"modelos","link":"https:\/\/advbox.com.br\/blog\/modelos\/previdenciario-recurso-inominado-para-reforma-da-sentenca\/","title":{"rendered":"Modelo de Recurso Inominado &#8211; Majora\u00e7\u00e3o\/adicional de 25% em reforma da senten\u00e7a"},"content":{"rendered":"<p>Recurso Inominado para Reforma da Senten\u00e7a &#8211; Majora\u00e7\u00e3o\/Adicional de 25%.<\/p><p>Todo advogado sabe que n\u00e3o \u00e9 f\u00e1cil fazer um\u00a0<strong>bom banco de modelos de peti\u00e7\u00f5es, que atenda as especificidades dos diferentes processos\u00a0<\/strong>no dia a dia do trabalho jur\u00eddico.<\/p><p>Isso exige muito tempo gasto com a pesquisa de peti\u00e7\u00f5es, organiza\u00e7\u00e3o dos arquivos e tamb\u00e9m com a atualiza\u00e7\u00e3o das pe\u00e7as conforme mudan\u00e7as de jurisprud\u00eancia regional ou altera\u00e7\u00f5es em entendimentos de tribunais superiores.<\/p><p>Por\u00e9m, com a plataforma certa para advocacia digital, \u00e9 poss\u00edvel economizar todo esse tempo gasto<strong>. Basta um \u00fanico membro da equipe atualizar ou alterar algum modelo de pe\u00e7a processual no sistema para atualizar para todos usu\u00e1rios da plataforma!<\/strong><\/p><p>Dessa forma \u00e9 poss\u00edvel\u00a0<strong>acelerar a produtividade do trabalho jur\u00eddico<\/strong>\u00a0de maneira bem relevante, al\u00e9m de potencializar ainda mais o crescimento do seu escrit\u00f3rio com os v\u00e1rios outros recursos das ferramentas de advocacia digital.\u00a0<a href=\"https:\/\/advbox.com.br\/blog\/como-automatizar-seus-modelos-de-peticoes\/\" target=\"_blank\"><strong>Clique abaixo e saiba mais!<\/strong><\/a>\u00a0<\/p><figure class=\"wp-block-image size-large\"><a href=\"https:\/\/materiais.advbox.com.br\/manual-controladoria-juridica-digital-advbox\" target=\"_blank\"><img fetchpriority=\"high\" decoding=\"async\" width=\"1024\" height=\"536\" src=\"https:\/\/advbox.com.br\/blog\/wp-content\/uploads\/2020\/10\/advbx_pj_cta_optimoster_controlhe_juridico-1024x536.png\" alt=\"Recurso Inominado para Reforma da Senten\u00e7a\" class=\"wp-image-23162\" srcset=\"https:\/\/advbox.com.br\/blog\/wp-content\/uploads\/2020\/10\/advbx_pj_cta_optimoster_controlhe_juridico.png 1024w, https:\/\/advbox.com.br\/blog\/wp-content\/uploads\/2020\/10\/advbx_pj_cta_optimoster_controlhe_juridico-500x262.png 500w, https:\/\/advbox.com.br\/blog\/wp-content\/uploads\/2020\/10\/advbx_pj_cta_optimoster_controlhe_juridico-768x402.png 768w\" sizes=\"(max-width: 1024px) 100vw, 1024px\" \/><\/a><\/figure><p><strong>EXCELENT\u00cdSSIMO(A)\u00a0SENHOR(A) DOUTOR(A) JUIZ(A) DA\u00a0[[Vara]]\u00aa VARA FEDERAL\u00a0[[Comarca]]\u00a0DE\u00a0[[Cidade do cliente]]\/[[UF do cliente]].<\/strong><\/p><p><strong>PROCESSO N\u00ba\u00a0[[N\u00famero CNJ]].<\/strong><\/p><p><strong>[[Nome do cliente]]<\/strong>, j\u00e1 qualificada\u00a0nos autos da a\u00e7\u00e3o em ep\u00edgrafe que move em face de\u00a0<strong>[[Parte contr\u00e1ria]]<\/strong>, vem,\u00a0por interm\u00e9dio de sua advogada que infra subscreve, respeitosamente, \u00e0 presen\u00e7a de Vossa Excel\u00eancia,\u00a0inconformada com a senten\u00e7a,\u00a0interpor<\/p><p><strong>RECURSO INOMINADO<\/strong><\/p><p>com fulcro no art. 1.009 e segs. do CPC, c\/c 42 da Lei 9.099\/95.<\/p><p>Nessa conformidade,\u00a0<strong>REQUER<\/strong>\u00a0o recebimento do recurso, sendo remetidos os autos, com as raz\u00f5es recursais anexas, \u00e0 Egr\u00e9gia Turma Recursal, para que, ao final, seja dado provimento ao presente recurso. Deixa de juntar preparo por ser benefici\u00e1ria de AJG (concedida no evento n\u00ba XX).<\/p><p>Termos em que,<\/p><p>Pede deferimento.<\/p><p>[[Cidade do escrit\u00f3rio]],\u00a0[[Dia atual]],\u00a0[[M\u00eas atual]],\u00a0[[Ano atual]].<\/p><p><strong>[[Gestores do escrit\u00f3rio]]<\/strong><\/p><h3 class=\"wp-block-heading\" id=\"razoes-do-recurso-inominado\"><strong>RAZ\u00d5ES DO RECURSO INOMINADO<\/strong><\/h3><p><strong>PROCESSO N\u00ba\u00a0<\/strong><strong>[[N\u00famero CNJ]].<\/strong><\/p><p><strong>RECORRENTE:\u00a0<\/strong><strong>[[Nome do cliente]].<\/strong><\/p><p><strong>RECORRIDO:\u00a0<\/strong><strong>[[Parte contr\u00e1ria]].<\/strong><\/p><p><strong>EGR\u00c9GIO TRIBUNAL<\/strong><\/p><p><strong>Nobres Julgadores,<\/strong><\/p><p>O ora Recorrente ajuizou a presente a\u00e7\u00e3o previdenci\u00e1ria postulando a\u00a0<strong>majora\u00e7\u00e3o de 25% em seu benef\u00edcio de<\/strong>\u00a0<strong>aposentadoria por tempo de contribui\u00e7\u00e3o<\/strong>, considerando que foi indeferido o pedido administrativo elaborado em (data).<\/p><p>Instru\u00eddo o feito, mediante realiza\u00e7\u00e3o de per\u00edcia m\u00e9dica, foi reconhecida a necessidade de assist\u00eancia permanente de terceiros, considerando que o Autor \u00e9 acometido por\u00a0<strong>cegueira total<\/strong>:<\/p><p>(&#8230;)<\/p><p>Contudo, o Ju\u00edzo\u00a0<em>ad quo<\/em>\u00a0indeferiu o pedido exordial, considerando que n\u00e3o seria poss\u00edvel a concess\u00e3o do adicional de 25% no benef\u00edcio de aposentadoria por tempo de contribui\u00e7\u00e3o do Recorrente, estando tal majora\u00e7\u00e3o restrita ao benef\u00edcio de aposentadoria por invalidez.<\/p><p>Assim, com o presente recurso busca o Recorrente a reforma da senten\u00e7a proferida, sendo concedida a majora\u00e7\u00e3o de 25% no seu benef\u00edcio de aposentadoria por tempo de contribui\u00e7\u00e3o.<\/p><p>Raz\u00f5es Recursais<\/p><p><strong>DO M\u00c9RITO<\/strong><\/p><p>O entendimento apresentado pelo Exmo. Juiz de primeiro grau encontra-se SUPERADO, n\u00e3o se coadunando com o melhor e mais recente julgamento do\u00a0<strong>Superior Tribunal de Justi\u00e7a\u00a0<\/strong>e da\u00a0<strong>Turma Nacional de Uniformiza\u00e7\u00e3o<\/strong>sobre a mat\u00e9ria.<\/p><p>Com efeito, a jurisprud\u00eancia especializada vem cada vez mais reconhecendo a possibilidade de concess\u00e3o do acr\u00e9scimo pretendido nas aposentadorias (distintas \u00e0 por invalidez), visto a necess\u00e1ria e imperativa an\u00e1lise mais ben\u00e9fica ao segurado do ordenamento jur\u00eddico previdenci\u00e1rio.<\/p><p>O Superior Tribunal de Justi\u00e7a, ao julgar o\u00a0<strong>Tema Repetitivo n\u00ba 982<\/strong>, entendeu ser devida a extens\u00e3o do adicional de 25% \u00e0s demais aposentadorias:<\/p><p><em>&#8220;Comprovada a necessidade de assist\u00eancia permanente de terceiro, \u00e9 devido o acr\u00e9scimo de 25%, previsto no artigo 45 da Lei 8.213\/1991,\u00a0<strong><u>a todas as modalidades de aposentadoria.&#8221;<\/u>\u00a0<\/strong>(grifado).<\/em><\/p><p>Nesse sentido, o CPC estabeleceu os entendimentos firmados em Recursos Repetitivos como precedentes de observ\u00e2ncia obrigat\u00f3ria:<\/p><p><em>Art. 927. &#8220;Os ju\u00edzes e os tribunais observar\u00e3o:<\/em><\/p><p><em>[&#8230;]<\/em><\/p><p><em>III &#8211; os ac\u00f3rd\u00e3os em incidente de assun\u00e7\u00e3o de compet\u00eancia ou de resolu\u00e7\u00e3o de demandas repetitivas e em\u00a0<strong>julgamento de recursos extraordin\u00e1rio e\u00a0<u>especial repetitivos<\/u><\/strong>.&#8221;(grifado).<\/em><\/p><p>Destarte, \u00e9 imperativa a aplica\u00e7\u00e3o do entendimento fixado pelo STJ no Tema n\u00ba 982.<\/p><p>Ademais, a Turma Nacional de Uniformiza\u00e7\u00e3o tamb\u00e9m uniformizou sua jurisprud\u00eancia no sentido de ser devido o adicional de 25% a todas as esp\u00e9cies de aposentadoria:<\/p><p><em>&#8220;Incidente conhecido e provido, em parte, para\u00a0<strong>firmar a tese de que \u00e9 extens\u00edvel \u00e0s demais aposentadorias concedidas sob o regime geral da Previd\u00eancia Social, que n\u00e3o s\u00f3 a por invalidez, o adicional de 25% previsto no art. 45 da Lei 8.213\/91, uma vez comprova a incapacidade do aposentado e a necessidade de ser assistido por terceiro<\/strong>.&#8221; (TNU &#8211; PEDILEF: 50008904920144047133, Relator: JUIZ FEDERAL S\u00c9RGIO MURILO WANDERLEY QUEIROGA, Data de Julgamento:\u00a0<strong>12\/05\/2016,<\/strong>\u00a0 Data de Publica\u00e7\u00e3o: 20\/05\/2016 &#8211; grifado).<\/em><\/p><p>Ou seja, diante do posicionamento pac\u00edfico dos \u00f3rg\u00e3os especializados na uniformiza\u00e7\u00e3o da jurisprud\u00eancia previdenci\u00e1ria, afigura-se plenamente poss\u00edvel juridicamente a concess\u00e3o do adicional de 25% \u00e0s demais aposentadorias al\u00e9m da aposentadoria por invalidez.<\/p><p>Nessa esteira, foi longamente discorrido quando do ajuizamento do feito que n\u00e3o guarda qualquer sentido o trato diferenciado aos segurados que, contribuindo igualmente ao RGPS, e aposentando-se em categorias distintas, tenham uns o direito ao acr\u00e9scimo e outros, n\u00e3o.<\/p><p>A bem da verdade, imprescind\u00edvel a seguinte an\u00e1lise: \u00e9 absolutamente poss\u00edvel a concess\u00e3o da\u00a0<strong>majora\u00e7\u00e3o<\/strong>\u00a0nas aposentadorias por invalidez mesmo ap\u00f3s a concess\u00e3o do benef\u00edcio, em uma hipot\u00e9tica patologia posterior ou mesmo o agravamento da enfermidade que, originariamente, concedeu o benef\u00edcio ao segurado.<\/p><p>Igualmente, se ap\u00f3s a jubila\u00e7\u00e3o por idade o segurado for acometido de\u00a0<strong>doen\u00e7a<\/strong>\u00a0que implique em necessidade de aux\u00edlio permanente, n\u00e3o h\u00e1 motivo para a n\u00e3o concess\u00e3o da referida majora\u00e7\u00e3o.<\/p><p>Em uma situa\u00e7\u00e3o hipot\u00e9tica, que exprime da melhor forma a aplica\u00e7\u00e3o da\u00a0<strong>isonomia<\/strong>\u00a0no caso epigrafado, imagine-se um segurado que possua a idade de 65 anos e tenha vertido n\u00famero\u00a0<strong>insuficiente<\/strong>\u00a0de contribui\u00e7\u00f5es para a aposentadoria por idade, mas, quando do adimplemento da aludida idade, seja acometido de mol\u00e9stia incapacitante e assim se\u00a0<strong>aposente por invalidez<\/strong>.<\/p><p>Agora vislumbre-se outro segurado, com a mesma idade e igual patologia incapacitante que\u00a0<strong>possua o n\u00famero de contribui\u00e7\u00f5es necess\u00e1rias para se aposentar por idade, optando, assim, por este benef\u00edcio et\u00e1rio.<\/strong><\/p><p><strong>Se ambos os segurados acometerem-se de posterior grave doen\u00e7a, que exija a assist\u00eancia permanente de terceiros, ser\u00e1 o segurado com MAIOR N\u00daMERO DE CONTRIBUI\u00c7\u00d5ES (que optou pela aposentadoria por idade) prejudicado, enquanto aquele com menos aportes (que se aposentou por invalidez) auferir\u00e1 a majora\u00e7\u00e3o em seu benef\u00edcio?<\/strong><\/p><p><strong>Veja-se que o trato diferenciado nos casos postos \u00e0 an\u00e1lise viola a isonomia, pois d\u00e1 tratamento diferenciado a quem dele n\u00e3o necessita!<\/strong><\/p><p>J\u00e1 foi trazido quando do ajuizamento do feito, e ora se transcreve, a li\u00e7\u00e3o de Celso Ant\u00f4nio Bandeira de Mello [1]\u00a0sobre a mat\u00e9ria, um dos mais gabaritados autores do tema constitucional:<\/p><p><em>\u201cAquilo que \u00e9, em absoluto rigor l\u00f3gico, necess\u00e1ria e irrefragavelmente igual para todos n\u00e3o pode ser tomado como fator de diferencia\u00e7\u00e3o, pena de hostilizar o princ\u00edpio ison\u00f4mico. Diversamente, aquilo que \u00e9 diferenci\u00e1vel, que \u00e9, por algum tra\u00e7o ou aspecto, desigual, pode ser diferen\u00e7ado, fazendo-se remiss\u00e3o \u00e0 exist\u00eancia ou \u00e0 sucess\u00e3o daquilo que dessemelhou as situa\u00e7\u00f5es.<\/em><\/p><p><em>(&#8230;) O ponto nodular para exame da corre\u00e7\u00e3o de uma regra em face do princ\u00edpio ison\u00f4mico reside na exist\u00eancia ou n\u00e3o de correla\u00e7\u00e3o l\u00f3gica entre o fator erigido em crit\u00e9rio de discr\u00edmen e a discrimina\u00e7\u00e3o legal decidida em fun\u00e7\u00e3o dele.<\/em><\/p><p><em>(&#8230;) Ocorre imediata e intuitiva rejei\u00e7\u00e3o de validade a regra que, ao apartar situa\u00e7\u00f5es, para fins de regul\u00e1-las diversamente, cal\u00e7a-se em fatores que n\u00e3o guardam pertin\u00eancia com a desigualdade de tratamento jur\u00eddico dispensado.<\/em><\/p><p><em>Esclarecendo melhor: tem-se que investigar, de um lado, aquilo que \u00e9 erigido em crit\u00e9rio discriminat\u00f3rio e, de outro lado, se h\u00e1 justificativa racional para, \u00e0 vista do tra\u00e7o desigualador adotado, atribuir o espec\u00edfico tratamento jur\u00eddico constru\u00eddo em fun\u00e7\u00e3o da desigualdade afirmada. (&#8230;)<\/em><\/p><p><em>Ent\u00e3o, no que atina ao ponto central da mat\u00e9ria abordada procede afirmar: \u00e9 agredida a igualdade quando o fator diferencial adotado para qualificar os atingidos pela regra n\u00e3o guarda rela\u00e7\u00e3o de pertin\u00eancia l\u00f3gica com a inclus\u00e3o ou exclus\u00e3o no benef\u00edcio deferido ou com a inser\u00e7\u00e3o ou arredamento do gravame imposto.\u201d<\/em><\/p><p><em>\u201cCabe, por isso mesmo, quanto a este aspecto, concluir: o crit\u00e9rio especificador escolhido pela lei, a fim de circunscrever os atingidos por uma situa\u00e7\u00e3o jur\u00eddica \u2013 a dizer: o fator de discrimina\u00e7\u00e3o \u2013 pode ser qualquer elemento radicado neles; todavia, necessita, inarredavelmente, guardar rela\u00e7\u00e3o de pertin\u00eancia l\u00f3gica com a diferencia\u00e7\u00e3o que dele resulta. Em outras palavras: a discrimina\u00e7\u00e3o n\u00e3o pode ser gratuita ou fortuita. Impende que exista uma adequa\u00e7\u00e3o racional entre o tratamento diferenciado constru\u00eddo e a raz\u00e3o diferencial que lhe serviu de suped\u00e2neo. Segue-se que, se o fator diferencial n\u00e3o guardar conex\u00e3o l\u00f3gica com a disparidade de tratamentos jur\u00eddicos dispensados, a distin\u00e7\u00e3o estabelecida afronta o princ\u00edpio da isonomia.\u201d<\/em><\/p><p>E que n\u00e3o se utilize o argumento de que n\u00e3o haveria previs\u00e3o de custeio a autorizar a concess\u00e3o da majora\u00e7\u00e3o em 25% da aposentadoria diversa da\u00a0<em>por invalidez<\/em>, violando-se, assim, a Regra da Contrapartida \u2013 Princ\u00edpio da Preexist\u00eancia de Custeio \u2013 fulcrada no artigo 195, \u00a7 5\u00ba da Constitui\u00e7\u00e3o.<\/p><p>Para a referida alega\u00e7\u00e3o ser v\u00e1lida \u00e9 imprescind\u00edvel, antes de tudo, analisar a fonte de custeio\u00a0<em><u>sob a \u00f3tica da majora\u00e7\u00e3o nas aposentadorias por invalidez<\/u>!<\/em>\u00a0Nisto, se pede v\u00eania para repisar aqui trecho da j\u00e1 mencionada decis\u00e3o da TNU, ao assim dispor:<\/p><p><em>&#8220;Ademais,\u00a0<u>como n\u00e3o h\u00e1 na legisla\u00e7\u00e3o fonte de custeio espec\u00edfico para esse adicional, entende-se que o mesmo se reveste de natureza assistencial. Assim,\u00a0<strong>a sua concess\u00e3o n\u00e3o gera ofensa ao art. 195, \u00a7 5\u00ba da CF<\/strong>, ainda mais quando se considera que aos aposentados por invalidez \u00e9 devido o adicional mesmo sem o pr\u00e9vio custeamento do acr\u00e9scimo, de modo que a quest\u00e3o do pr\u00e9vio custeio, n\u00e3o sendo \u00f3bice \u00e0 concess\u00e3o do adicional aos aposentados por invalidez, tamb\u00e9m n\u00e3o o deve ser quanto aos demais aposentados<\/u>.&#8221;<\/em><\/p><p>Portanto, Excel\u00eancias, fica justificada, pela transcri\u00e7\u00e3o do aresto citado, que a concess\u00e3o da majora\u00e7\u00e3o nas aposentadorias por invalidez\u00a0<em>independe de custeio pr\u00f3prio<\/em>, pois tendo car\u00e1ter\u00a0<em>assistencial,\u00a0<\/em>diante da evidencia\u00e7\u00e3o de que n\u00e3o se apresenta custeio diferenciado em rela\u00e7\u00e3o \u00e0s outras modalidades de aposentadoria. Por esta raz\u00e3o, n\u00e3o pode ser este o impeditivo ao deferimento do acr\u00e9scimo \u00e0s outras modalidades de aposentadoria.<\/p><p>Afinal, e como bem observado pelos Magistrados na decis\u00e3o do pedido de uniformiza\u00e7\u00e3o, do ponto de vista do car\u00e1ter assistencial do acr\u00e9scimo, a denega\u00e7\u00e3o ao pedido de majora\u00e7\u00e3o das aposentadorias diversas\u00a0<em><u>viola<\/u><\/em>\u00a0os princ\u00edpios da Seguridade Social.<\/p><p>Nessa senda, Excel\u00eancias, o adicional de 25% deve ser concedido independentemente da esp\u00e9cie de aposentadoria, conquanto preenchido o requisito da necessidade de assist\u00eancia permanente de terceiros.<\/p><p>Portanto, ante ao posicionamento do STJ e da TNU, e a flagrante viola\u00e7\u00e3o da isonomia, \u00e9 plenamente poss\u00edvel a concess\u00e3o do adicional de 25% ao caso em li\u00e7a, devendo ser reformada a senten\u00e7a, concedendo o adicional de 25% ao benef\u00edcio do Recorrente.<\/p><p><strong>DO PEDIDO<\/strong><\/p><p>Assim sendo,<strong>POSTULA<\/strong>\u00a0pelo provimento do presente recurso, para fins de\u00a0<strong>reforma<\/strong>\u00a0da senten\u00e7a, concedendo o adicional de 25% ao benef\u00edcio de aposentadoria por tempo de contribui\u00e7\u00e3o do Autor, desde a DER (data).<\/p><p>Termos em que,<\/p><p>Pede deferimento.<\/p><p>[[Cidade do escrit\u00f3rio]],\u00a0[[Dia atual]],\u00a0[[M\u00eas atual]],\u00a0[[Ano atual]].<\/p><p><strong>[[Gestores do escrit\u00f3rio]]<\/strong><\/p><figure class=\"wp-block-image size-full\"><a href=\"https:\/\/advbox.com.br\/cadastro\/\" target=\"_blank\"><img decoding=\"async\" width=\"768\" height=\"232\" src=\"https:\/\/advbox.com.br\/blog\/wp-content\/uploads\/2022\/01\/cta-nova-trial.png\" alt=\"gest\u00e3o da qualidade\" class=\"wp-image-40373\" srcset=\"https:\/\/advbox.com.br\/blog\/wp-content\/uploads\/2022\/01\/cta-nova-trial.png 768w, https:\/\/advbox.com.br\/blog\/wp-content\/uploads\/2022\/01\/cta-nova-trial-500x151.png 500w\" sizes=\"(max-width: 768px) 100vw, 768px\" loading=\"lazy\" \/><\/a><\/figure>\n","protected":false},"excerpt":{"rendered":"<p>Recurso Inominado para Reforma da Senten\u00e7a &#8211; Majora\u00e7\u00e3o\/Adicional de 25%. Todo advogado sabe que n\u00e3o \u00e9 f\u00e1cil fazer um\u00a0bom banco de modelos de peti\u00e7\u00f5es, que atenda as especificidades dos diferentes processos\u00a0no dia a dia do trabalho jur\u00eddico. Isso exige muito tempo gasto com a pesquisa de peti\u00e7\u00f5es, organiza\u00e7\u00e3o dos arquivos [&hellip;]<\/p>\n","protected":false},"author":44,"featured_media":21827,"comment_status":"closed","ping_status":"closed","template":"","meta":{"_acf_changed":false,"om_disable_all_campaigns":false,"footnotes":""},"modelo_category":[1457],"class_list":["post-40581","modelos","type-modelos","status-publish","has-post-thumbnail","hentry","modelo_category-direito"],"acf":[],"yoast_head":"<!-- This site is optimized with the Yoast SEO plugin v26.9 - https:\/\/yoast.com\/product\/yoast-seo-wordpress\/ -->\n<title>Modelo de Recurso Inominado para reforma da senten\u00e7a<\/title>\n<meta name=\"description\" content=\"Disponibilizamos para voc\u00ea um modelo de Recurso Inominado - Majora\u00e7\u00e3o\/adicional de 25% em reforma da senten\u00e7a. ADVBOX\" \/>\n<meta name=\"robots\" content=\"index, follow, max-snippet:-1, max-image-preview:large, max-video-preview:-1\" \/>\n<link rel=\"canonical\" href=\"https:\/\/advbox.com.br\/blog\/modelos\/previdenciario-recurso-inominado-para-reforma-da-sentenca\/\" \/>\n<meta property=\"og:locale\" content=\"pt_BR\" \/>\n<meta property=\"og:type\" content=\"article\" \/>\n<meta property=\"og:title\" content=\"Modelo de Recurso Inominado para reforma da senten\u00e7a\" \/>\n<meta property=\"og:description\" content=\"Disponibilizamos para voc\u00ea um modelo de Recurso Inominado - Majora\u00e7\u00e3o\/adicional de 25% em reforma da senten\u00e7a. ADVBOX\" \/>\n<meta property=\"og:url\" content=\"https:\/\/advbox.com.br\/blog\/modelos\/previdenciario-recurso-inominado-para-reforma-da-sentenca\/\" \/>\n<meta property=\"og:site_name\" content=\"Software Jur\u00eddico Completo - ADVBOX\" \/>\n<meta property=\"article:publisher\" content=\"https:\/\/www.facebook.com\/advbox\/\" \/>\n<meta property=\"article:modified_time\" content=\"2025-02-19T17:44:51+00:00\" \/>\n<meta property=\"og:image\" content=\"https:\/\/advbox.com.br\/blog\/wp-content\/uploads\/2019\/09\/iStock-1244524966-scaled.jpg\" \/>\n\t<meta property=\"og:image:width\" content=\"1024\" \/>\n\t<meta property=\"og:image:height\" content=\"683\" \/>\n\t<meta property=\"og:image:type\" content=\"image\/jpeg\" \/>\n<meta name=\"twitter:card\" content=\"summary_large_image\" \/>\n<meta name=\"twitter:site\" content=\"@advbox2\" \/>\n<script type=\"application\/ld+json\" class=\"yoast-schema-graph\">{\"@context\":\"https:\/\/schema.org\",\"@graph\":[{\"@type\":\"WebPage\",\"@id\":\"https:\/\/advbox.com.br\/blog\/modelos\/previdenciario-recurso-inominado-para-reforma-da-sentenca\/\",\"url\":\"https:\/\/advbox.com.br\/blog\/modelos\/previdenciario-recurso-inominado-para-reforma-da-sentenca\/\",\"name\":\"Modelo de Recurso Inominado para reforma da senten\u00e7a\",\"isPartOf\":{\"@id\":\"https:\/\/advbox.com.br\/blog\/#website\"},\"primaryImageOfPage\":{\"@id\":\"https:\/\/advbox.com.br\/blog\/modelos\/previdenciario-recurso-inominado-para-reforma-da-sentenca\/#primaryimage\"},\"image\":{\"@id\":\"https:\/\/advbox.com.br\/blog\/modelos\/previdenciario-recurso-inominado-para-reforma-da-sentenca\/#primaryimage\"},\"thumbnailUrl\":\"https:\/\/advbox.com.br\/blog\/wp-content\/uploads\/2019\/09\/iStock-1244524966-scaled.jpg\",\"datePublished\":\"2022-02-15T18:33:44+00:00\",\"dateModified\":\"2025-02-19T17:44:51+00:00\",\"description\":\"Disponibilizamos para voc\u00ea um modelo de Recurso Inominado - Majora\u00e7\u00e3o\/adicional de 25% em reforma da senten\u00e7a. ADVBOX\",\"breadcrumb\":{\"@id\":\"https:\/\/advbox.com.br\/blog\/modelos\/previdenciario-recurso-inominado-para-reforma-da-sentenca\/#breadcrumb\"},\"inLanguage\":\"pt-BR\",\"potentialAction\":[{\"@type\":\"ReadAction\",\"target\":[\"https:\/\/advbox.com.br\/blog\/modelos\/previdenciario-recurso-inominado-para-reforma-da-sentenca\/\"]}]},{\"@type\":\"ImageObject\",\"inLanguage\":\"pt-BR\",\"@id\":\"https:\/\/advbox.com.br\/blog\/modelos\/previdenciario-recurso-inominado-para-reforma-da-sentenca\/#primaryimage\",\"url\":\"https:\/\/advbox.com.br\/blog\/wp-content\/uploads\/2019\/09\/iStock-1244524966-scaled.jpg\",\"contentUrl\":\"https:\/\/advbox.com.br\/blog\/wp-content\/uploads\/2019\/09\/iStock-1244524966-scaled.jpg\",\"width\":1024,\"height\":683,\"caption\":\"Software Jur\u00eddico\"},{\"@type\":\"BreadcrumbList\",\"@id\":\"https:\/\/advbox.com.br\/blog\/modelos\/previdenciario-recurso-inominado-para-reforma-da-sentenca\/#breadcrumb\",\"itemListElement\":[{\"@type\":\"ListItem\",\"position\":1,\"name\":\"In\u00edcio\",\"item\":\"https:\/\/advbox.com.br\/blog\/\"},{\"@type\":\"ListItem\",\"position\":2,\"name\":\"Modelos\",\"item\":\"https:\/\/advbox.com.br\/blog\/modelos\/\"},{\"@type\":\"ListItem\",\"position\":3,\"name\":\"Modelo de Recurso Inominado &#8211; Majora\u00e7\u00e3o\/adicional de 25% em reforma da senten\u00e7a\"}]},{\"@type\":\"WebSite\",\"@id\":\"https:\/\/advbox.com.br\/blog\/#website\",\"url\":\"https:\/\/advbox.com.br\/blog\/\",\"name\":\"Software Jur\u00eddico Completo - ADVBOX\",\"description\":\"Plataforma para Advocacia Digital\",\"publisher\":{\"@id\":\"https:\/\/advbox.com.br\/blog\/#organization\"},\"potentialAction\":[{\"@type\":\"SearchAction\",\"target\":{\"@type\":\"EntryPoint\",\"urlTemplate\":\"https:\/\/advbox.com.br\/blog\/?s={search_term_string}\"},\"query-input\":{\"@type\":\"PropertyValueSpecification\",\"valueRequired\":true,\"valueName\":\"search_term_string\"}}],\"inLanguage\":\"pt-BR\"},{\"@type\":\"Organization\",\"@id\":\"https:\/\/advbox.com.br\/blog\/#organization\",\"name\":\"ADVBOX Blog - Software jur\u00eddico da advocacia digital\",\"url\":\"https:\/\/advbox.com.br\/blog\/\",\"logo\":{\"@type\":\"ImageObject\",\"inLanguage\":\"pt-BR\",\"@id\":\"https:\/\/advbox.com.br\/blog\/#\/schema\/logo\/image\/\",\"url\":\"https:\/\/advbox.com.br\/blog\/wp-content\/uploads\/2019\/12\/Como-aumentar-a-produtividade_.jpg\",\"contentUrl\":\"https:\/\/advbox.com.br\/blog\/wp-content\/uploads\/2019\/12\/Como-aumentar-a-produtividade_.jpg\",\"width\":320,\"height\":213,\"caption\":\"ADVBOX Blog - Software jur\u00eddico da advocacia digital\"},\"image\":{\"@id\":\"https:\/\/advbox.com.br\/blog\/#\/schema\/logo\/image\/\"},\"sameAs\":[\"https:\/\/www.facebook.com\/advbox\/\",\"https:\/\/x.com\/advbox2\"]}]}<\/script>\n<!-- \/ Yoast SEO plugin. -->","yoast_head_json":{"title":"Modelo de Recurso Inominado para reforma da senten\u00e7a","description":"Disponibilizamos para voc\u00ea um modelo de Recurso Inominado - Majora\u00e7\u00e3o\/adicional de 25% em reforma da senten\u00e7a. ADVBOX","robots":{"index":"index","follow":"follow","max-snippet":"max-snippet:-1","max-image-preview":"max-image-preview:large","max-video-preview":"max-video-preview:-1"},"canonical":"https:\/\/advbox.com.br\/blog\/modelos\/previdenciario-recurso-inominado-para-reforma-da-sentenca\/","og_locale":"pt_BR","og_type":"article","og_title":"Modelo de Recurso Inominado para reforma da senten\u00e7a","og_description":"Disponibilizamos para voc\u00ea um modelo de Recurso Inominado - Majora\u00e7\u00e3o\/adicional de 25% em reforma da senten\u00e7a. ADVBOX","og_url":"https:\/\/advbox.com.br\/blog\/modelos\/previdenciario-recurso-inominado-para-reforma-da-sentenca\/","og_site_name":"Software Jur\u00eddico Completo - ADVBOX","article_publisher":"https:\/\/www.facebook.com\/advbox\/","article_modified_time":"2025-02-19T17:44:51+00:00","og_image":[{"width":1024,"height":683,"url":"https:\/\/advbox.com.br\/blog\/wp-content\/uploads\/2019\/09\/iStock-1244524966-scaled.jpg","type":"image\/jpeg"}],"twitter_card":"summary_large_image","twitter_site":"@advbox2","schema":{"@context":"https:\/\/schema.org","@graph":[{"@type":"WebPage","@id":"https:\/\/advbox.com.br\/blog\/modelos\/previdenciario-recurso-inominado-para-reforma-da-sentenca\/","url":"https:\/\/advbox.com.br\/blog\/modelos\/previdenciario-recurso-inominado-para-reforma-da-sentenca\/","name":"Modelo de Recurso Inominado para reforma da senten\u00e7a","isPartOf":{"@id":"https:\/\/advbox.com.br\/blog\/#website"},"primaryImageOfPage":{"@id":"https:\/\/advbox.com.br\/blog\/modelos\/previdenciario-recurso-inominado-para-reforma-da-sentenca\/#primaryimage"},"image":{"@id":"https:\/\/advbox.com.br\/blog\/modelos\/previdenciario-recurso-inominado-para-reforma-da-sentenca\/#primaryimage"},"thumbnailUrl":"https:\/\/advbox.com.br\/blog\/wp-content\/uploads\/2019\/09\/iStock-1244524966-scaled.jpg","datePublished":"2022-02-15T18:33:44+00:00","dateModified":"2025-02-19T17:44:51+00:00","description":"Disponibilizamos para voc\u00ea um modelo de Recurso Inominado - Majora\u00e7\u00e3o\/adicional de 25% em reforma da senten\u00e7a. ADVBOX","breadcrumb":{"@id":"https:\/\/advbox.com.br\/blog\/modelos\/previdenciario-recurso-inominado-para-reforma-da-sentenca\/#breadcrumb"},"inLanguage":"pt-BR","potentialAction":[{"@type":"ReadAction","target":["https:\/\/advbox.com.br\/blog\/modelos\/previdenciario-recurso-inominado-para-reforma-da-sentenca\/"]}]},{"@type":"ImageObject","inLanguage":"pt-BR","@id":"https:\/\/advbox.com.br\/blog\/modelos\/previdenciario-recurso-inominado-para-reforma-da-sentenca\/#primaryimage","url":"https:\/\/advbox.com.br\/blog\/wp-content\/uploads\/2019\/09\/iStock-1244524966-scaled.jpg","contentUrl":"https:\/\/advbox.com.br\/blog\/wp-content\/uploads\/2019\/09\/iStock-1244524966-scaled.jpg","width":1024,"height":683,"caption":"Software Jur\u00eddico"},{"@type":"BreadcrumbList","@id":"https:\/\/advbox.com.br\/blog\/modelos\/previdenciario-recurso-inominado-para-reforma-da-sentenca\/#breadcrumb","itemListElement":[{"@type":"ListItem","position":1,"name":"In\u00edcio","item":"https:\/\/advbox.com.br\/blog\/"},{"@type":"ListItem","position":2,"name":"Modelos","item":"https:\/\/advbox.com.br\/blog\/modelos\/"},{"@type":"ListItem","position":3,"name":"Modelo de Recurso Inominado &#8211; Majora\u00e7\u00e3o\/adicional de 25% em reforma da senten\u00e7a"}]},{"@type":"WebSite","@id":"https:\/\/advbox.com.br\/blog\/#website","url":"https:\/\/advbox.com.br\/blog\/","name":"Software Jur\u00eddico Completo - ADVBOX","description":"Plataforma para Advocacia Digital","publisher":{"@id":"https:\/\/advbox.com.br\/blog\/#organization"},"potentialAction":[{"@type":"SearchAction","target":{"@type":"EntryPoint","urlTemplate":"https:\/\/advbox.com.br\/blog\/?s={search_term_string}"},"query-input":{"@type":"PropertyValueSpecification","valueRequired":true,"valueName":"search_term_string"}}],"inLanguage":"pt-BR"},{"@type":"Organization","@id":"https:\/\/advbox.com.br\/blog\/#organization","name":"ADVBOX Blog - Software jur\u00eddico da advocacia digital","url":"https:\/\/advbox.com.br\/blog\/","logo":{"@type":"ImageObject","inLanguage":"pt-BR","@id":"https:\/\/advbox.com.br\/blog\/#\/schema\/logo\/image\/","url":"https:\/\/advbox.com.br\/blog\/wp-content\/uploads\/2019\/12\/Como-aumentar-a-produtividade_.jpg","contentUrl":"https:\/\/advbox.com.br\/blog\/wp-content\/uploads\/2019\/12\/Como-aumentar-a-produtividade_.jpg","width":320,"height":213,"caption":"ADVBOX Blog - Software jur\u00eddico da advocacia digital"},"image":{"@id":"https:\/\/advbox.com.br\/blog\/#\/schema\/logo\/image\/"},"sameAs":["https:\/\/www.facebook.com\/advbox\/","https:\/\/x.com\/advbox2"]}]}},"_links":{"self":[{"href":"https:\/\/advbox.com.br\/blog\/wp-json\/wp\/v2\/modelos\/40581","targetHints":{"allow":["GET"]}}],"collection":[{"href":"https:\/\/advbox.com.br\/blog\/wp-json\/wp\/v2\/modelos"}],"about":[{"href":"https:\/\/advbox.com.br\/blog\/wp-json\/wp\/v2\/types\/modelos"}],"author":[{"embeddable":true,"href":"https:\/\/advbox.com.br\/blog\/wp-json\/wp\/v2\/users\/44"}],"replies":[{"embeddable":true,"href":"https:\/\/advbox.com.br\/blog\/wp-json\/wp\/v2\/comments?post=40581"}],"version-history":[{"count":3,"href":"https:\/\/advbox.com.br\/blog\/wp-json\/wp\/v2\/modelos\/40581\/revisions"}],"predecessor-version":[{"id":72198,"href":"https:\/\/advbox.com.br\/blog\/wp-json\/wp\/v2\/modelos\/40581\/revisions\/72198"}],"wp:featuredmedia":[{"embeddable":true,"href":"https:\/\/advbox.com.br\/blog\/wp-json\/wp\/v2\/media\/21827"}],"wp:attachment":[{"href":"https:\/\/advbox.com.br\/blog\/wp-json\/wp\/v2\/media?parent=40581"}],"wp:term":[{"taxonomy":"modelo_category","embeddable":true,"href":"https:\/\/advbox.com.br\/blog\/wp-json\/wp\/v2\/modelo_category?post=40581"}],"curies":[{"name":"wp","href":"https:\/\/api.w.org\/{rel}","templated":true}]}}