{"id":47750,"date":"2022-10-31T19:12:09","date_gmt":"2022-10-31T22:12:09","guid":{"rendered":"https:\/\/advbox.com.br\/blog\/?post_type=modelos&#038;p=47750"},"modified":"2025-04-16T15:31:25","modified_gmt":"2025-04-16T18:31:25","slug":"consumidor-acao-responsabilidade-civil-por-vicio-em-produto","status":"publish","type":"modelos","link":"https:\/\/advbox.com.br\/blog\/modelos\/consumidor-acao-responsabilidade-civil-por-vicio-em-produto\/","title":{"rendered":"Responsabilidade Civil por V\u00edcio em Produto"},"content":{"rendered":"<p>A\u00e7\u00e3o de Responsabilidade Civil por V\u00edcio em Produto.<\/p><p>Todo advogado sabe que n\u00e3o \u00e9 f\u00e1cil fazer um\u00a0<strong>bom banco de modelos de peti\u00e7\u00f5es, que atenda as especificidades dos diferentes processos\u00a0<\/strong>no dia a dia do trabalho jur\u00eddico.<\/p><p>Isso exige muito tempo gasto com a pesquisa de peti\u00e7\u00f5es, organiza\u00e7\u00e3o dos arquivos e tamb\u00e9m com a atualiza\u00e7\u00e3o das pe\u00e7as conforme mudan\u00e7as de jurisprud\u00eancia regional ou altera\u00e7\u00f5es em entendimentos de tribunais superiores.<\/p><p>Por\u00e9m, com a plataforma certa para advocacia digital, \u00e9 poss\u00edvel economizar todo esse tempo gasto<strong>. Basta um \u00fanico membro da equipe atualizar ou alterar algum modelo de pe\u00e7a processual no sistema para atualizar para todos usu\u00e1rios da plataforma!<\/strong><\/p><p>Dessa forma \u00e9 poss\u00edvel\u00a0<strong>acelerar a produtividade do trabalho jur\u00eddico<\/strong>\u00a0de maneira bem relevante, al\u00e9m de potencializar ainda mais o crescimento do seu escrit\u00f3rio com os v\u00e1rios outros recursos das ferramentas de advocacia digital.\u00a0<a href=\"https:\/\/advbox.com.br\/blog\/como-automatizar-seus-modelos-de-peticoes\/\" target=\"_blank\"><strong>Clique abaixo e saiba mais!<\/strong><\/a><\/p><figure class=\"wp-block-image size-large\"><a href=\"https:\/\/materiais.advbox.com.br\/manual-controladoria-juridica-digital-advbox\" target=\"_blank\"><img fetchpriority=\"high\" decoding=\"async\" width=\"1024\" height=\"284\" src=\"https:\/\/advbox.com.br\/blog\/wp-content\/uploads\/2022\/09\/ssbz8wim2wn-1024x284.png\" alt=\"controladoria jur\u00eddica\" class=\"wp-image-44187\" srcset=\"https:\/\/advbox.com.br\/blog\/wp-content\/uploads\/2022\/09\/ssbz8wim2wn.png 1024w, https:\/\/advbox.com.br\/blog\/wp-content\/uploads\/2022\/09\/ssbz8wim2wn-500x139.png 500w, https:\/\/advbox.com.br\/blog\/wp-content\/uploads\/2022\/09\/ssbz8wim2wn-768x213.png 768w\" sizes=\"(max-width: 1024px) 100vw, 1024px\" \/><\/a><\/figure><p><strong>EXCELENT\u00cdSSIMO(A)\u00a0SENHOR(A) DOUTOR(A) JUIZ(A)\u00a0DE DIREITO DA\u00a0<\/strong>____________<strong>VARA C\u00cdVEL DA\u00a0<\/strong>____________<strong>\u00a0DE\u00a0<\/strong>____________<strong>\/<\/strong>____________<strong>.<\/strong><\/p><p>____________,\u00a0____________,\u00a0____________,\u00a0____________,\u00a0____________,\u00a0nascido(a)\u00a0em\u00a0____________, \u00a0inscrito(a) no CPF sob n\u00ba\u00a0____________, RG sob n\u00ba\u00a0____________, residente e domiciliado(a) na\u00a0____________,\u00a0____________\/____________, CEP XXXX,\u00a0com endere\u00e7o eletr\u00f4nico\u00a0____________, representado nesta a\u00e7\u00e3o por seu\/sua advogado(a),\u00a0representado nesta a\u00e7\u00e3o por seu\/sua advogado(a),\u00a0(advogado), advogado, conforme procura\u00e7\u00e3o anexa, com endere\u00e7o profissional na\u00a0(endere\u00e7o), CEP (&#8230;), cidade de (cidade),\u00a0(estado), vem respeitosamente \u00e0 presen\u00e7a de Vossa Excel\u00eancia, conforme os fundamentos de fato e de direito postos a seguir, propor<\/p><p><strong>A\u00c7\u00c3O DE RESPONSABILIDADE CIVIL POR V\u00cdCIO DO PRODUTO C\/C DANOS MORAIS E MATERIAIS<\/strong><\/p><p>em face de\u00a0____________, (indicar se \u00e9 pessoa f\u00edsica ou jur\u00eddica), com CPF\/CNPJ sob n\u00ba \u2026, com sede na Rua \u2026, n\u00ba\u00a0\u2026, bairro &#8230;, CEP: \u2026, Munic\u00edpio\u2013 UF, pelas raz\u00f5es de fato e de direito que passa a aduzir e no final requer:<\/p><p><strong>I &#8211; DA ASSIST\u00caNCIA JUDICI\u00c1RIA GRATUITA<\/strong><\/p><p>Inicialmente postula o requerente os benef\u00edcios da justi\u00e7a gratuita, com fundamento no art. 5\u00ba, inciso LXXIV, da Constitui\u00e7\u00e3o Federal, e artigo 4\u00ba da Lei 1.060\/50, em virtude de ser pessoa pobre na acep\u00e7\u00e3o jur\u00eddica da palavra e sem condi\u00e7\u00f5es de arcar com os encargos decorrentes do processo, sem preju\u00edzo de seu pr\u00f3prio sustento e de sua fam\u00edlia.<\/p><p><strong>II &#8211; DOS FATOS<\/strong><\/p><p>No dia 11\u00a0de\u00a0dezembro\u00a0de 2016, a Requerente, efetuou uma compra de um\u00a0<strong>CAIXA AC\u00daSTICA PHILCO, MODELO PHT-50<\/strong>, atrav\u00e9s do site da Requerida A<strong>,\u00a0<\/strong>representante da marca\u00a0<strong>PHILCO,\u00a0<\/strong>no valor de R$ 219,90 (duzentos e\u00a0dezenove\u00a0nove reais\u00a0e noventa centavos), conforme cupom fiscal\u00a0e demonstrativo de pedido do site\u00a0(anexos\u00a0nos autos).<\/p><p>Acontece, Excel\u00eancia, que o produto referido acima apresentou v\u00edcio oculto, e fora enviado para assist\u00eancia t\u00e9cnica da Requerida B, em 23\/06\/2017,\u00a0conforme Ordem de Servi\u00e7o n\u00b0 56976\u00a0(anexa nos autos).<\/p><p>Cabe salientar, que at\u00e9 a presente data o produto encontra-se sem reparo, e a\u00a0Requerente\u00a0encontra-se nesse estado de impot\u00eancia, pois n\u00e3o pode desfrutar do bem que comprou com tanto sacrif\u00edcio.<\/p><p><strong>III &#8211; DO DIREITO<\/strong><\/p><p><strong>III.1 &#8211; Da Aplicabilidade do CDC<\/strong><\/p><p>O\u00a0C\u00f3digo de Defesa do Consumidor\u00a0define, de maneira bem n\u00edtida, que o consumidor de produtos e servi\u00e7os deve ser agasalhado pelas suas regras e entendimentos, sen\u00e3o vejamos:<\/p><p><em>Art. 3\u00ba. &#8220;Fornecedor \u00e9 toda pessoa f\u00edsica ou jur\u00eddica, p\u00fablica ou privada, nacional ou estrangeira, bem como os entes despersonalizados, que desenvolvem atividades de produ\u00e7\u00e3o, montagem, cria\u00e7\u00e3o, constru\u00e7\u00e3o, transforma\u00e7\u00e3o, importa\u00e7\u00e3o, exporta\u00e7\u00e3o, distribui\u00e7\u00e3o ou comercializa\u00e7\u00e3o de produtos ou presta\u00e7\u00f5es de servi\u00e7os.&#8221;<\/em><\/p><p>Com esse postulado, o\u00a0C\u00f3digo de Defesa do Consumidor\u00a0consegue abarcar que deve responder por todos os fornecedores, sejam eles pessoas f\u00edsicas, ou jur\u00eddicas, ficando evidente que quaisquer esp\u00e9cies de danos porventura causados aos seus tomadores.<\/p><p>Com isso, Excel\u00eancia, fica espont\u00e2neo o vislumbre da responsabiliza\u00e7\u00e3o da empresa requerida sob a \u00e9gide da Lei n\u00ba\u00a08.078\/90, visto que se trata de um\u00a0fornecedor de produtos que, independentemente de culpa, causou danos efetivos a um de seus consumidores.<\/p><p><strong>III.2 &#8211; Da Invers\u00e3o do \u00d4nus da Prova<\/strong><\/p><p>Percebe-se, outrossim, que o requerente deve ser beneficiado pela invers\u00e3o do \u00f4nus da prova, pelo que reza o inciso\u00a0VIII\u00a0do artigo\u00a06\u00ba\u00a0do\u00a0C\u00f3digo de Defesa do Consumidor, tendo em vista que a narrativa dos fatos encontra respaldo nos documentos anexos, que demonstram a verossimilhan\u00e7a do pedido, conforme disposi\u00e7\u00e3o legal:<\/p><p><em>Art. 6\u00ba. &#8220;S\u00e3o direitos b\u00e1sicos do consumidor:<\/em><\/p><p><em>[&#8230;]<\/em><\/p><p><em>VIII \u2013 a facilita\u00e7\u00e3o da defesa de seus direitos, inclusive com a invers\u00e3o do \u00f4nus da prova, a seu favor, no processo civil, quando, a crit\u00e9rio do juiz, for veross\u00edmil a alega\u00e7\u00e3o ou quando for ele hipossuficiente, segundo as regras ordin\u00e1rias de experi\u00eancias;&#8221;<\/em><\/p><p>O requerimento ainda encontra respaldo em diversos estatutos de nosso ordenamento jur\u00eddico, a exemplo do\u00a0C\u00f3digo Civil, que evidenciam a pertin\u00eancia do pedido de repara\u00e7\u00e3o de danos.<\/p><p>Al\u00e9m disso, segundo o Princ\u00edpio da Isonomia, todos devem ser tratados de forma igual perante a lei, mas sempre na medida de sua desigualdade. Ou seja, no caso ora debatido, a requerente realmente deve receber a supracitada invers\u00e3o, visto que se encontra em estado de hipossufici\u00eancia, uma vez que disputa a lide com uma empresa de grande porte, que possui maior facilidade em produzir as provas necess\u00e1rias para a cogni\u00e7\u00e3o do Excelent\u00edssimo magistrado.<\/p><p><strong>III.3 &#8211; Da Responsabilidade das Partes Requeridas<\/strong><\/p><p>A responsabilidade pelos v\u00edcios de qualidade apresentados por produtos de consumo dur\u00e1veis \u00e9 suportada solidariamente pelo comerciante, nos exatos termos do artigo\u00a018\u00a0do\u00a0C\u00f3digo de Defesa do Consumidor:<\/p><p><em>Art. 18. &#8220;Os fornecedores de produtos de consumo dur\u00e1veis ou n\u00e3o dur\u00e1veis respondem solidariamente pelos v\u00edcios de qualidade ou quantidade que os tornem impr\u00f3prios ou inadequados ao consumo a que se destinam ou lhes diminuam o valor, assim como por aqueles decorrentes da disparidade, com a indica\u00e7\u00f5es constantes do recipiente, da embalagem, rotulagem ou mensagem publicit\u00e1ria, respeitadas as varia\u00e7\u00f5es decorrentes de sua natureza, podendo o consumidor exigir a substitui\u00e7\u00e3o das partes viciadas.&#8221;<\/em><\/p><p>O dispositivo traduz a responsabilidade solid\u00e1ria, que obriga os diversos n\u00edveis de fornecedores a resolver o problema. No caso de protelarem a solu\u00e7\u00e3o por um dos envolvidos, os outros tamb\u00e9m podem ser chamados \u00e0 responsabilidade.<\/p><p>Basicamente, todas as empresas envolvidas na les\u00e3o ao consumidor t\u00eam participa\u00e7\u00e3o e devem responder pelos problemas causados. Cabe ao consumidor escolher se quer acionar o comerciante ou o fabricante.<\/p><p>Ora Excel\u00eancia, assim como preconiza o Art.\u00a018 do CDC, se ao adquirir um produto, se o consumidor verificar que ele apresenta defeito, o\u00a0C\u00f3digo de Defesa do Consumidor\u00a0assegura, que:<\/p><p><em>\u00a7 1\u00ba. &#8220;N\u00e3o sendo o v\u00edcio sanado no prazo m\u00e1ximo de trinta dias, pode o consumidor exigir, alternativamente e \u00e0 sua escolha:<\/em><\/p><p><em>I &#8211; a substitui\u00e7\u00e3o do produto por outro da mesma esp\u00e9cie, em perfeitas condi\u00e7\u00f5es de uso;<\/em><\/p><p><em>II &#8211; a restitui\u00e7\u00e3o imediata da quantia paga, monetariamente atualizada, sem preju\u00edzo de eventuais perdas e danos;<\/em><\/p><p><em>III \u2013 o abatimento proporcional do pre\u00e7o.&#8221;<\/em><\/p><p>Portanto, findo o trint\u00eddio a que alude o par\u00e1grafo primeiro do artigo 18, sem que o fornecedor efetue o reparo (\u00e9 direito do revendedor tentar eliminar o v\u00edcio nesse prazo), cabe ao consumidor a escolha de qualquer das alternativas acima mencionadas.<\/p><p>Contudo,\u00a0Excel\u00eancia, a Requerente opta, por resolver o contrato em perdas e danos, pleiteando a restitui\u00e7\u00e3o imediata da quantia despendida, corrigida e atualizada monetariamente, com fulcro no disposto no inciso II do \u00a7 1\u00ba do artigo 18, do diploma consumerista.<\/p><p><strong>III.4 &#8211; Do Dano Moral e Material<\/strong><\/p><p>Se v\u00ea\u00a0claramente que as Empresas Requeridas, n\u00e3o se prontificaram em resolver o problema de forma definitiva, seja pelo conserto do produto em tempo h\u00e1bil ou mesmo a restitui\u00e7\u00e3o da quantia paga, trazendo assim toda sorte de transtornos a Requerente, que se sentiu lesada e humilhada.<\/p><p>O desgaste imposto a Requerente, como j\u00e1 relatado, \u00e9 ainda maior pelo fato de ter que procurar por diversas vezes, a\u00a0Requerida A, bem como, a\u00a0Requerida B, na tentativa de resolver o problema, todavia, n\u00e3o fora logrado \u00eaxito. A sensa\u00e7\u00e3o de impot\u00eancia ao tentar solucionar o problema junto \u00e0s requeridas foi maior, pois a Requerente foi tratada com total descaso e neglig\u00eancia, mesmo diante da explana\u00e7\u00e3o do problema, que atingiu de pronto sua alma.<\/p><p>Dessa forma, as esferas patrimonial e emocional foram plenamente atingidas, sendo que os efeitos do ato il\u00edcito praticado pelas requeridas alcan\u00e7aram a vida \u00edntima da requerente, que viu quebrada a sua paz.<\/p><p>\u00c9 not\u00f3ria a responsabilidade objetiva da requerida, a qual independe do seu grau de culpabilidade, uma vez que incorreu em uma lament\u00e1vel falha, gerando o dever de indenizar, pois houve defeito relativo \u00e0 presta\u00e7\u00e3o de servi\u00e7os.\u00a0<\/p><p>O\u00a0C\u00f3digo de Defesa do Consumidor\u00a0consagra a mat\u00e9ria em seu artigo\u00a014, dispondo que:<\/p><p><em>Art. 14. &#8220;O fornecedor de servi\u00e7o responde, independentemente da exist\u00eancia de culpa, pela repara\u00e7\u00e3o dos danos causados aos consumidores por defeitos relativos \u00e0 presta\u00e7\u00e3o dos servi\u00e7os, bem como por informa\u00e7\u00f5es insuficientes ou inadequadas sobre sua frui\u00e7\u00e3o e riscos.&#8221;<\/em><\/p><p>Sabe-se que, em rela\u00e7\u00e3o ao dano moral puro, resta igualmente comprovado que as requeridas, com sua conduta negligente, violaram diretamente direito da Requerente, qual seja, de ter sua paz interior e exterior inabalado por situa\u00e7\u00f5es com ao qual n\u00e3o concorreu. Trata-se do direito da inviolabilidade \u00e0 intimidade e \u00e0 vida privada.<\/p><p>A indeniza\u00e7\u00e3o dos danos puramente morais deve representar puni\u00e7\u00e3o forte e efetiva, bem como, rem\u00e9dio para desestimular a pr\u00e1tica de atos il\u00edcitos, determinando, n\u00e3o s\u00f3 \u00e0 requerida, mas principalmente a outras empresas, a refletirem bem antes de causarem preju\u00edzo a outrem.<\/p><p>Imperativo, portanto, que a Requerente seja indenizada pelo abalo moral em decorr\u00eancia do ato il\u00edcito, em raz\u00e3o de ter sido v\u00edtima de completa e total falha e neglig\u00eancia das demandadas, assim como seja indenizado pelo abalo moral em decorr\u00eancia do ato il\u00edcito.<\/p><p>O Excelent\u00edssimo Senhor Desembargador Pinheiro Lago, na ocasi\u00e3o do julgamento da Apela\u00e7\u00e3o C\u00edvel n\u00ba\u00a090.681\/8, no TJMG, com muita propriedade asseverou em seu voto que:<\/p><p><em>&#8220;N\u00e3o se pode perder de vista que o ressarcimento por dano moral n\u00e3o objetiva somente compensar \u00e0 pessoa ofendida o sofrimento que experimentou pelo comportamento do outro, mas tamb\u00e9m, sobre outra \u00f3tica, punir o infrator, atrav\u00e9s da imposi\u00e7\u00e3o de san\u00e7\u00e3o de natureza econ\u00f4mica, em benef\u00edcio da v\u00edtima, pela ofensa \u00e0 ordem jur\u00eddica alheia.&#8221;<\/em><\/p><p>Em sede de jurisprud\u00eancia j\u00e1 se entendeu que:<\/p><p><em>&#8220;CIVIL \u2013\u00a0CDC\u00a0\u2013 DANOS MORAIS COMPROVADOS \u2013 RESPONSABILIDADE OBJETIVA DA PRESTADORA DE SERVI\u00c7OS DE TELECOMUNICA\u00c7\u00d5ES \u2013 INDENIZA\u00c7\u00c3O DEVIDA \u2013 VALOR FIXADO DENTRO DOS PARAM\u00caNTROS DETERMINADOS PELA DOUTRINA E JURISPRUD\u00caNCIA, A SABER: COMPENSA\u00c7\u00c3O E PREVEN\u00c7\u00c3O I Restando patentes os danos morais sofridos e o nexo causal entre a les\u00e3o e a conduta negligente da institui\u00e7\u00e3o prestadora de servi\u00e7os, esta tem responsabilidade civil objetiva na repara\u00e7\u00e3o dos mesmos, conforme determina a lei n\u00ba.\u00a08.078\/90 (CDC). II \u2013 correta \u00e9 a fixa\u00e7\u00e3o de indeniza\u00e7\u00e3o por danos morais que leva em conta os par\u00e2metros assentados pela doutrina e pela jurisprud\u00eancia, mormente os que dizem respeito \u00e0 compensa\u00e7\u00e3o pela dor sofrida e \u00e0 preven\u00e7\u00e3o, este com car\u00e1ter educativo a fim de evitar a repeti\u00e7\u00e3o do evento danoso; III \u2013 Recurso conhecido e improvido. Senten\u00e7a mantida.&#8221;\u00a0(Ac. 1\u00aa Turma Recursal dos Juizados Especiais C\u00edveis e Criminais do DF, na Ap. C\u00edv. 20020110581572, j. 12.08.03).<\/em><\/p><p>A culpa pelo evento danoso \u00e9 atribu\u00edda \u00e0s Requeridas pela inobserv\u00e2ncia de um dever que devia conhecer e observar.<\/p><p>Est\u00e1 assegurado na\u00a0Constitui\u00e7\u00e3o Federal\u00a0de 1988 o direito relativo \u00e0 repara\u00e7\u00e3o de danos materiais, sen\u00e3o vejamos:<\/p><p><em>Art. 5\u00ba. &#8220;Todos s\u00e3o iguais perante a lei, sem distin\u00e7\u00e3o de qualquer natureza, garantindo-se aos brasileiros e aos estrangeiros residentes no Pa\u00eds a inviolabilidade do direito \u00e0 vida, \u00e0 liberdade, \u00e0 igualdade, \u00e0 seguran\u00e7a e \u00e0 propriedade, nos termos seguintes:<\/em><\/p><p><em>[&#8230;]<\/em><\/p><p><em>X \u2013 S\u00e3o inviol\u00e1veis a intimidade, a vida privada, a honra e a imagem das pessoas, assegurado o direito \u00e0 indeniza\u00e7\u00e3o por dano material ou moral decorrente de sua viola\u00e7\u00e3o.&#8221;<\/em><\/p><p>Sobre a responsabilidade de reparar o dano causado a outrem, Luis Chacon diz que:<\/p><p><em>&#8220;O dever jur\u00eddico de reparar o dano \u00e9 proveniente da for\u00e7a legal, da lei. Esse dever jur\u00eddico tem origem, historicamente, na ideia de culpa, no\u00a0respondere\u00a0do direito romano, tornando poss\u00edvel que a v\u00edtima de ato danoso culposo praticado por algu\u00e9m pudesse exigir desse a repara\u00e7\u00e3o dos preju\u00edzos sofridos. Obviamente que se a\u00a0repara\u00e7\u00e3o n\u00e3o for espontaneamente pr\u00e1tica ser\u00e1 poss\u00edvel o exerc\u00edcio do direito de cr\u00e9dito, reconhecido por senten\u00e7a em processo de conhecimento, atrav\u00e9s da coa\u00e7\u00e3o estatal que atingir\u00e1 o patrim\u00f4nio do devedor causador dos danos.&#8221; (CHACON, Luis Fernando Rabelo. S\u00e3o Paulo: Saraiva, 2009).<\/em><\/p><p>Os artigos 79, 80 e 81 disciplinam o regime da responsabilidade das partes por dano processual. Exige-se como pressuposto a pr\u00e1tica de ato caracterizado como litig\u00e2ncia de m\u00e1-f\u00e9, presumindo-se o preju\u00edzo aos interesses da parte adversa, merecedora de indeniza\u00e7\u00e3o por perdas e danos.<\/p><p>A responsabiliza\u00e7\u00e3o do litigante \u00edmprobo, seja ele autor ou r\u00e9u, dever ser auferida e exigida nos mesmos autos, dispensando-se a\u00e7\u00e3o aut\u00f4noma. O ato descrito como de m\u00e1-f\u00e9 pressup\u00f5e o dolo do litigante. A norma n\u00e3o sanciona a categoria dos advogados, que poder\u00e3o responder regressivamente perante seu cliente em a\u00e7\u00e3o pr\u00f3pria, caso constatada sua responsabilidade civil pelo il\u00edcito processual.<\/p><p>Conforme os artigos\u00a079\u00a0e\u00a080\u00a0do caput do\u00a0CPC:<\/p><p><em>Art. 79. &#8220;Responde por perdas e danos aquele que litigar de m\u00e1-f\u00e9 como autor, r\u00e9u ou interveniente.&#8221;<\/em><\/p><p><em>Art. 80. &#8220;Considera-se litigante de m\u00e1-f\u00e9 aquele que:<\/em><\/p><p><em>I \u2013 deduzir pretens\u00e3o ou defesa contra texto expresso de lei ou fato incontroverso;<\/em><\/p><p><em>II \u2013 alterar a verdade dos fatos;<\/em><\/p><p><em>III \u2013 usar do processo para conseguir objetivo ilegal;<\/em><\/p><p><em>IV \u2013 opuser resist\u00eancia injustificada ao andamento do processo;<\/em><\/p><p><em>V \u2013 proceder de modo temer\u00e1rio em qualquer incidente ou ato do processo;<\/em><\/p><p><em>VI \u2013 provocar incidente manifestamente infundado;<\/em><\/p><p><em>VII \u2013 interpuser recurso com intuito manifestamente protelat\u00f3rio.&#8221;<\/em><\/p><p>Est\u00e1 evidente, que As Requeridas, causaram danos, a Requerente, devendo, conforme a lei, repar\u00e1-la.<\/p><p><em>Art.\u00a0927, CC. &#8220;Aquele que, por ato il\u00edcito (arts. 186 e 187), causar dano a outrem, fica obrigado a repar\u00e1-lo.<\/em><\/p><p><em>Par\u00e1grafo \u00fanico. Haver\u00e1 obriga\u00e7\u00e3o de reparar o dano, independentemente de culpa, nos casos especificados em lei, ou quando a atividade normalmente desenvolvida pelo autor do dano implicar, por sua natureza, risco para os direitos de outrem.&#8221;<\/em><\/p><p><strong>IV &#8211; DOS PEDIDOS<\/strong><\/p><p>Ante o exposto, requer:<\/p><p>a)\u00a0A cita\u00e7\u00e3o das Requeridas para que respondam \u00e0 presente a\u00e7\u00e3o, no prazo legal, sob pena de revelia e confiss\u00e3o;<\/p><p>b)\u00a0A produ\u00e7\u00e3o de todos os meios de prova em direito admitidos, em especial o depoimento pessoal dos Requeridos, e, apresenta\u00e7\u00e3o dos t\u00edtulos originais em audi\u00eancia oportuna;<\/p><p>c)\u00a0A concess\u00e3o dos benef\u00edcios da Assist\u00eancia Judici\u00e1ria Gratuita, como apresentado no introdut\u00f3rio desta exordial;<\/p><p>d)\u00a0A proced\u00eancia do pedido, com a condena\u00e7\u00e3o das requeridas ao ressarcimento imediato das quantias pagas, no valor de R$ 299,90 (duzentos e noventa nove reais\u00a0e noventa centavos), acrescidas ainda de juros e corre\u00e7\u00e3o monet\u00e1ria, conforme artigo\u00a018\u00a0do\u00a0C\u00f3digo de Defesa do Consumidor;<\/p><p>e)\u00a0Sejam as Requeridas condenadas por Vossa Excel\u00eancia, pagar\u00a0\u00e0\u00a0Requerente um quantum a t\u00edtulo de danos morais, qual seja o valor R$ 15.000,00 (quinze mil reais), em aten\u00e7\u00e3o \u00e0s condi\u00e7\u00f5es das partes,\u00a0principalmente o potencial econ\u00f4mico-social da lesante, e, a gravidade da les\u00e3o, sua repercuss\u00e3o e as circunst\u00e2ncias f\u00e1ticas, este n\u00e3o seria enriquecimento sem causa e, devido ao poder financeiro das Requeridas, tornando-se tal pena pecuni\u00e1ria em uma propor\u00e7\u00e3o que atingisse o car\u00e1ter punitivo ora pleiteado, como tamb\u00e9m o compensat\u00f3rio;<\/p><p>f)\u00a0A condena\u00e7\u00e3o das Requeridas nas\u00a0custas judiciais e honor\u00e1rios advocat\u00edcios,\u00a0estes a serem fixados por Vossa Excel\u00eancia no que tange Art.\u00a085, \u00a7 2\u00ba e \u00a7 6\u00ba do\u00a0CPC, 20% (vinte por cento)\u00a0sobre o valor da condena\u00e7\u00e3o.<\/p><p>D\u00e1-se \u00e0 causa o valor de\u00a0____________, nos termos do art. 292, III, do NCPC.<\/p><p>Termos em que,<\/p><p>Pede deferimento.<\/p><p>(data), (local), (ano).<\/p><p>[GESTORES DO ESCRIT\u00d3RIO]<\/p><figure class=\"wp-block-image size-full\"><a href=\"https:\/\/advbox.com.br\/cadastro\/\" target=\"_blank\"><img decoding=\"async\" width=\"760\" height=\"200\" src=\"https:\/\/advbox.com.br\/blog\/wp-content\/uploads\/2019\/07\/CTA-Trial-6-new.png\" alt=\"trial\" class=\"wp-image-47720\" srcset=\"https:\/\/advbox.com.br\/blog\/wp-content\/uploads\/2019\/07\/CTA-Trial-6-new.png 760w, https:\/\/advbox.com.br\/blog\/wp-content\/uploads\/2019\/07\/CTA-Trial-6-new-500x132.png 500w\" sizes=\"(max-width: 760px) 100vw, 760px\" loading=\"lazy\" \/><\/a><\/figure>\n","protected":false},"excerpt":{"rendered":"<p>A\u00e7\u00e3o de Responsabilidade Civil por V\u00edcio em Produto. Todo advogado sabe que n\u00e3o \u00e9 f\u00e1cil fazer um\u00a0bom banco de modelos de peti\u00e7\u00f5es, que atenda as especificidades dos diferentes processos\u00a0no dia a dia do trabalho jur\u00eddico. Isso exige muito tempo gasto com a pesquisa de peti\u00e7\u00f5es, organiza\u00e7\u00e3o dos arquivos e tamb\u00e9m [&hellip;]<\/p>\n","protected":false},"author":44,"featured_media":47504,"comment_status":"closed","ping_status":"closed","template":"","meta":{"_acf_changed":false,"om_disable_all_campaigns":false,"footnotes":""},"modelo_category":[1488],"class_list":["post-47750","modelos","type-modelos","status-publish","has-post-thumbnail","hentry","modelo_category-direito-do-consumidor"],"acf":[],"yoast_head":"<!-- This site is optimized with the Yoast SEO plugin v26.9 - https:\/\/yoast.com\/product\/yoast-seo-wordpress\/ -->\n<title>A\u00e7\u00e3o de Responsabilidade Civil por V\u00edcio em Produto<\/title>\n<meta name=\"description\" content=\"A\u00e7\u00e3o de Responsabilidade Civil por V\u00edcio em Produto - Modelos de peti\u00e7\u00f5es para voc\u00ea automatizar na rotina do seu escrit\u00f3rio!\" \/>\n<meta name=\"robots\" content=\"index, follow, max-snippet:-1, max-image-preview:large, max-video-preview:-1\" \/>\n<link rel=\"canonical\" href=\"https:\/\/advbox.com.br\/blog\/modelos\/consumidor-acao-responsabilidade-civil-por-vicio-em-produto\/\" \/>\n<meta property=\"og:locale\" content=\"pt_BR\" \/>\n<meta property=\"og:type\" content=\"article\" \/>\n<meta property=\"og:title\" content=\"A\u00e7\u00e3o de Responsabilidade Civil por V\u00edcio em Produto\" \/>\n<meta property=\"og:description\" content=\"A\u00e7\u00e3o de Responsabilidade Civil por V\u00edcio em Produto - Modelos de peti\u00e7\u00f5es para voc\u00ea automatizar na rotina do seu escrit\u00f3rio!\" \/>\n<meta property=\"og:url\" content=\"https:\/\/advbox.com.br\/blog\/modelos\/consumidor-acao-responsabilidade-civil-por-vicio-em-produto\/\" \/>\n<meta property=\"og:site_name\" content=\"Software Jur\u00eddico Completo - ADVBOX\" \/>\n<meta property=\"article:publisher\" content=\"https:\/\/www.facebook.com\/advbox\/\" \/>\n<meta property=\"article:modified_time\" content=\"2025-04-16T18:31:25+00:00\" \/>\n<meta property=\"og:image\" content=\"https:\/\/advbox.com.br\/blog\/wp-content\/uploads\/2022\/10\/DSC04502-scaled.jpg\" \/>\n\t<meta property=\"og:image:width\" content=\"1024\" \/>\n\t<meta property=\"og:image:height\" content=\"576\" \/>\n\t<meta property=\"og:image:type\" content=\"image\/jpeg\" \/>\n<meta name=\"twitter:card\" content=\"summary_large_image\" \/>\n<meta name=\"twitter:site\" content=\"@advbox2\" \/>\n<script type=\"application\/ld+json\" class=\"yoast-schema-graph\">{\"@context\":\"https:\/\/schema.org\",\"@graph\":[{\"@type\":\"WebPage\",\"@id\":\"https:\/\/advbox.com.br\/blog\/modelos\/consumidor-acao-responsabilidade-civil-por-vicio-em-produto\/\",\"url\":\"https:\/\/advbox.com.br\/blog\/modelos\/consumidor-acao-responsabilidade-civil-por-vicio-em-produto\/\",\"name\":\"A\u00e7\u00e3o de Responsabilidade Civil por V\u00edcio em Produto\",\"isPartOf\":{\"@id\":\"https:\/\/advbox.com.br\/blog\/#website\"},\"primaryImageOfPage\":{\"@id\":\"https:\/\/advbox.com.br\/blog\/modelos\/consumidor-acao-responsabilidade-civil-por-vicio-em-produto\/#primaryimage\"},\"image\":{\"@id\":\"https:\/\/advbox.com.br\/blog\/modelos\/consumidor-acao-responsabilidade-civil-por-vicio-em-produto\/#primaryimage\"},\"thumbnailUrl\":\"https:\/\/advbox.com.br\/blog\/wp-content\/uploads\/2022\/10\/DSC04502-scaled.jpg\",\"datePublished\":\"2022-10-31T22:12:09+00:00\",\"dateModified\":\"2025-04-16T18:31:25+00:00\",\"description\":\"A\u00e7\u00e3o de Responsabilidade Civil por V\u00edcio em Produto - Modelos de peti\u00e7\u00f5es para voc\u00ea automatizar na rotina do seu escrit\u00f3rio!\",\"breadcrumb\":{\"@id\":\"https:\/\/advbox.com.br\/blog\/modelos\/consumidor-acao-responsabilidade-civil-por-vicio-em-produto\/#breadcrumb\"},\"inLanguage\":\"pt-BR\",\"potentialAction\":[{\"@type\":\"ReadAction\",\"target\":[\"https:\/\/advbox.com.br\/blog\/modelos\/consumidor-acao-responsabilidade-civil-por-vicio-em-produto\/\"]}]},{\"@type\":\"ImageObject\",\"inLanguage\":\"pt-BR\",\"@id\":\"https:\/\/advbox.com.br\/blog\/modelos\/consumidor-acao-responsabilidade-civil-por-vicio-em-produto\/#primaryimage\",\"url\":\"https:\/\/advbox.com.br\/blog\/wp-content\/uploads\/2022\/10\/DSC04502-scaled.jpg\",\"contentUrl\":\"https:\/\/advbox.com.br\/blog\/wp-content\/uploads\/2022\/10\/DSC04502-scaled.jpg\",\"width\":1024,\"height\":576,\"caption\":\"Repeti\u00e7\u00e3o de Ind\u00e9bito ICMS\"},{\"@type\":\"BreadcrumbList\",\"@id\":\"https:\/\/advbox.com.br\/blog\/modelos\/consumidor-acao-responsabilidade-civil-por-vicio-em-produto\/#breadcrumb\",\"itemListElement\":[{\"@type\":\"ListItem\",\"position\":1,\"name\":\"In\u00edcio\",\"item\":\"https:\/\/advbox.com.br\/blog\/\"},{\"@type\":\"ListItem\",\"position\":2,\"name\":\"Modelos\",\"item\":\"https:\/\/advbox.com.br\/blog\/modelos\/\"},{\"@type\":\"ListItem\",\"position\":3,\"name\":\"Responsabilidade Civil por V\u00edcio em Produto\"}]},{\"@type\":\"WebSite\",\"@id\":\"https:\/\/advbox.com.br\/blog\/#website\",\"url\":\"https:\/\/advbox.com.br\/blog\/\",\"name\":\"Software Jur\u00eddico Completo - ADVBOX\",\"description\":\"Plataforma para Advocacia Digital\",\"publisher\":{\"@id\":\"https:\/\/advbox.com.br\/blog\/#organization\"},\"potentialAction\":[{\"@type\":\"SearchAction\",\"target\":{\"@type\":\"EntryPoint\",\"urlTemplate\":\"https:\/\/advbox.com.br\/blog\/?s={search_term_string}\"},\"query-input\":{\"@type\":\"PropertyValueSpecification\",\"valueRequired\":true,\"valueName\":\"search_term_string\"}}],\"inLanguage\":\"pt-BR\"},{\"@type\":\"Organization\",\"@id\":\"https:\/\/advbox.com.br\/blog\/#organization\",\"name\":\"ADVBOX Blog - Software jur\u00eddico da advocacia digital\",\"url\":\"https:\/\/advbox.com.br\/blog\/\",\"logo\":{\"@type\":\"ImageObject\",\"inLanguage\":\"pt-BR\",\"@id\":\"https:\/\/advbox.com.br\/blog\/#\/schema\/logo\/image\/\",\"url\":\"https:\/\/advbox.com.br\/blog\/wp-content\/uploads\/2019\/12\/Como-aumentar-a-produtividade_.jpg\",\"contentUrl\":\"https:\/\/advbox.com.br\/blog\/wp-content\/uploads\/2019\/12\/Como-aumentar-a-produtividade_.jpg\",\"width\":320,\"height\":213,\"caption\":\"ADVBOX Blog - Software jur\u00eddico da advocacia digital\"},\"image\":{\"@id\":\"https:\/\/advbox.com.br\/blog\/#\/schema\/logo\/image\/\"},\"sameAs\":[\"https:\/\/www.facebook.com\/advbox\/\",\"https:\/\/x.com\/advbox2\"]}]}<\/script>\n<!-- \/ Yoast SEO plugin. -->","yoast_head_json":{"title":"A\u00e7\u00e3o de Responsabilidade Civil por V\u00edcio em Produto","description":"A\u00e7\u00e3o de Responsabilidade Civil por V\u00edcio em Produto - Modelos de peti\u00e7\u00f5es para voc\u00ea automatizar na rotina do seu escrit\u00f3rio!","robots":{"index":"index","follow":"follow","max-snippet":"max-snippet:-1","max-image-preview":"max-image-preview:large","max-video-preview":"max-video-preview:-1"},"canonical":"https:\/\/advbox.com.br\/blog\/modelos\/consumidor-acao-responsabilidade-civil-por-vicio-em-produto\/","og_locale":"pt_BR","og_type":"article","og_title":"A\u00e7\u00e3o de Responsabilidade Civil por V\u00edcio em Produto","og_description":"A\u00e7\u00e3o de Responsabilidade Civil por V\u00edcio em Produto - Modelos de peti\u00e7\u00f5es para voc\u00ea automatizar na rotina do seu escrit\u00f3rio!","og_url":"https:\/\/advbox.com.br\/blog\/modelos\/consumidor-acao-responsabilidade-civil-por-vicio-em-produto\/","og_site_name":"Software Jur\u00eddico Completo - ADVBOX","article_publisher":"https:\/\/www.facebook.com\/advbox\/","article_modified_time":"2025-04-16T18:31:25+00:00","og_image":[{"width":1024,"height":576,"url":"https:\/\/advbox.com.br\/blog\/wp-content\/uploads\/2022\/10\/DSC04502-scaled.jpg","type":"image\/jpeg"}],"twitter_card":"summary_large_image","twitter_site":"@advbox2","schema":{"@context":"https:\/\/schema.org","@graph":[{"@type":"WebPage","@id":"https:\/\/advbox.com.br\/blog\/modelos\/consumidor-acao-responsabilidade-civil-por-vicio-em-produto\/","url":"https:\/\/advbox.com.br\/blog\/modelos\/consumidor-acao-responsabilidade-civil-por-vicio-em-produto\/","name":"A\u00e7\u00e3o de Responsabilidade Civil por V\u00edcio em Produto","isPartOf":{"@id":"https:\/\/advbox.com.br\/blog\/#website"},"primaryImageOfPage":{"@id":"https:\/\/advbox.com.br\/blog\/modelos\/consumidor-acao-responsabilidade-civil-por-vicio-em-produto\/#primaryimage"},"image":{"@id":"https:\/\/advbox.com.br\/blog\/modelos\/consumidor-acao-responsabilidade-civil-por-vicio-em-produto\/#primaryimage"},"thumbnailUrl":"https:\/\/advbox.com.br\/blog\/wp-content\/uploads\/2022\/10\/DSC04502-scaled.jpg","datePublished":"2022-10-31T22:12:09+00:00","dateModified":"2025-04-16T18:31:25+00:00","description":"A\u00e7\u00e3o de Responsabilidade Civil por V\u00edcio em Produto - Modelos de peti\u00e7\u00f5es para voc\u00ea automatizar na rotina do seu escrit\u00f3rio!","breadcrumb":{"@id":"https:\/\/advbox.com.br\/blog\/modelos\/consumidor-acao-responsabilidade-civil-por-vicio-em-produto\/#breadcrumb"},"inLanguage":"pt-BR","potentialAction":[{"@type":"ReadAction","target":["https:\/\/advbox.com.br\/blog\/modelos\/consumidor-acao-responsabilidade-civil-por-vicio-em-produto\/"]}]},{"@type":"ImageObject","inLanguage":"pt-BR","@id":"https:\/\/advbox.com.br\/blog\/modelos\/consumidor-acao-responsabilidade-civil-por-vicio-em-produto\/#primaryimage","url":"https:\/\/advbox.com.br\/blog\/wp-content\/uploads\/2022\/10\/DSC04502-scaled.jpg","contentUrl":"https:\/\/advbox.com.br\/blog\/wp-content\/uploads\/2022\/10\/DSC04502-scaled.jpg","width":1024,"height":576,"caption":"Repeti\u00e7\u00e3o de Ind\u00e9bito ICMS"},{"@type":"BreadcrumbList","@id":"https:\/\/advbox.com.br\/blog\/modelos\/consumidor-acao-responsabilidade-civil-por-vicio-em-produto\/#breadcrumb","itemListElement":[{"@type":"ListItem","position":1,"name":"In\u00edcio","item":"https:\/\/advbox.com.br\/blog\/"},{"@type":"ListItem","position":2,"name":"Modelos","item":"https:\/\/advbox.com.br\/blog\/modelos\/"},{"@type":"ListItem","position":3,"name":"Responsabilidade Civil por V\u00edcio em Produto"}]},{"@type":"WebSite","@id":"https:\/\/advbox.com.br\/blog\/#website","url":"https:\/\/advbox.com.br\/blog\/","name":"Software Jur\u00eddico Completo - ADVBOX","description":"Plataforma para Advocacia Digital","publisher":{"@id":"https:\/\/advbox.com.br\/blog\/#organization"},"potentialAction":[{"@type":"SearchAction","target":{"@type":"EntryPoint","urlTemplate":"https:\/\/advbox.com.br\/blog\/?s={search_term_string}"},"query-input":{"@type":"PropertyValueSpecification","valueRequired":true,"valueName":"search_term_string"}}],"inLanguage":"pt-BR"},{"@type":"Organization","@id":"https:\/\/advbox.com.br\/blog\/#organization","name":"ADVBOX Blog - Software jur\u00eddico da advocacia digital","url":"https:\/\/advbox.com.br\/blog\/","logo":{"@type":"ImageObject","inLanguage":"pt-BR","@id":"https:\/\/advbox.com.br\/blog\/#\/schema\/logo\/image\/","url":"https:\/\/advbox.com.br\/blog\/wp-content\/uploads\/2019\/12\/Como-aumentar-a-produtividade_.jpg","contentUrl":"https:\/\/advbox.com.br\/blog\/wp-content\/uploads\/2019\/12\/Como-aumentar-a-produtividade_.jpg","width":320,"height":213,"caption":"ADVBOX Blog - Software jur\u00eddico da advocacia digital"},"image":{"@id":"https:\/\/advbox.com.br\/blog\/#\/schema\/logo\/image\/"},"sameAs":["https:\/\/www.facebook.com\/advbox\/","https:\/\/x.com\/advbox2"]}]}},"_links":{"self":[{"href":"https:\/\/advbox.com.br\/blog\/wp-json\/wp\/v2\/modelos\/47750","targetHints":{"allow":["GET"]}}],"collection":[{"href":"https:\/\/advbox.com.br\/blog\/wp-json\/wp\/v2\/modelos"}],"about":[{"href":"https:\/\/advbox.com.br\/blog\/wp-json\/wp\/v2\/types\/modelos"}],"author":[{"embeddable":true,"href":"https:\/\/advbox.com.br\/blog\/wp-json\/wp\/v2\/users\/44"}],"replies":[{"embeddable":true,"href":"https:\/\/advbox.com.br\/blog\/wp-json\/wp\/v2\/comments?post=47750"}],"version-history":[{"count":3,"href":"https:\/\/advbox.com.br\/blog\/wp-json\/wp\/v2\/modelos\/47750\/revisions"}],"predecessor-version":[{"id":73180,"href":"https:\/\/advbox.com.br\/blog\/wp-json\/wp\/v2\/modelos\/47750\/revisions\/73180"}],"wp:featuredmedia":[{"embeddable":true,"href":"https:\/\/advbox.com.br\/blog\/wp-json\/wp\/v2\/media\/47504"}],"wp:attachment":[{"href":"https:\/\/advbox.com.br\/blog\/wp-json\/wp\/v2\/media?parent=47750"}],"wp:term":[{"taxonomy":"modelo_category","embeddable":true,"href":"https:\/\/advbox.com.br\/blog\/wp-json\/wp\/v2\/modelo_category?post=47750"}],"curies":[{"name":"wp","href":"https:\/\/api.w.org\/{rel}","templated":true}]}}