{"id":672,"date":"2018-01-15T10:31:23","date_gmt":"2018-01-15T12:31:23","guid":{"rendered":"https:\/\/advbox.com.br\/blog\/?post_type=modelos&#038;p=672"},"modified":"2024-11-27T17:12:23","modified_gmt":"2024-11-27T20:12:23","slug":"inicial-aposentadoria-por-tempo-com-reconhecimento-de-vinculos-empregaticios-nao-computados-pelo-inss","status":"publish","type":"modelos","link":"https:\/\/advbox.com.br\/blog\/modelos\/inicial-aposentadoria-por-tempo-com-reconhecimento-de-vinculos-empregaticios-nao-computados-pelo-inss\/","title":{"rendered":"Modelo de peti\u00e7\u00e3o inicial &#8211; aposentadoria por tempo com reconhecimento de v\u00ednculos empregat\u00edcios n\u00e3o computados pelo INSS"},"content":{"rendered":"<p>Todo advogado sabe que n\u00e3o \u00e9 f\u00e1cil fazer um<span>\u00a0<\/span><strong>bom banco de modelos de peti\u00e7\u00f5es, que atenda as especificidades dos diferentes processos<span>\u00a0<\/span><\/strong>no dia a dia do trabalho jur\u00eddico.<\/p>\n<p>Isso exige muito tempo gasto com a pesquisa de peti\u00e7\u00f5es, organiza\u00e7\u00e3o dos arquivos e tamb\u00e9m com a atualiza\u00e7\u00e3o das pe\u00e7as conforme mudan\u00e7as de jurisprud\u00eancia regional ou altera\u00e7\u00f5es em entendimentos de tribunais superiores.:<\/p>\n<p>Por\u00e9m, com a plataforma certa para advocacia digital, \u00e9 poss\u00edvel economizar todo esse tempo gasto<strong>. Basta um \u00fanico membro da equipe atualizar ou alterar algum modelo de pe\u00e7a processual no sistema para atualizar para todos usu\u00e1rios da plataforma!<\/strong><\/p>\n<p>Dessa forma \u00e9 poss\u00edvel<span>\u00a0<\/span><strong>acelerar a produtividade do trabalho jur\u00eddico<\/strong><span>\u00a0<\/span>de maneira bem relevante, al\u00e9m de potencializar ainda mais o crescimento do seu escrit\u00f3rio com os v\u00e1rios outros recursos das ferramentas de advocacia digital.<span>\u00a0<\/span><a href=\"https:\/\/advbox.com.br\/blog\/como-automatizar-seus-modelos-de-peticoes\/\" target=\"_blank\"><strong><\/strong><\/a><a href=\"https:\/\/advbox.com.br\/blog\/como-automatizar-seus-modelos-de-peticoes\/\" target=\"_blank\"><strong>Clique abaixo e saiba mais!<\/strong>\u00a0<\/a><\/p>\n<p><a href=\"https:\/\/advbox.com.br\/blog\/como-automatizar-seus-modelos-de-peticoes\/\" target=\"_blank\"><img fetchpriority=\"high\" decoding=\"async\" src=\"https:\/\/advbox.com.br\/blog\/wp-content\/uploads\/2020\/01\/ctas3.png\" alt=\"\" width=\"972\" height=\"269\" class=\"alignnone size-full wp-image-17329\" srcset=\"https:\/\/advbox.com.br\/blog\/wp-content\/uploads\/2020\/01\/ctas3.png 972w, https:\/\/advbox.com.br\/blog\/wp-content\/uploads\/2020\/01\/ctas3-300x83.png 300w, https:\/\/advbox.com.br\/blog\/wp-content\/uploads\/2020\/01\/ctas3-768x213.png 768w\" sizes=\"(max-width: 972px) 100vw, 972px\" \/><\/a><\/p>\n<h3><strong>Peti\u00e7\u00e3o Inicial &#8211; Aposentadoria por Tempo com reconhecimento de vinculos empregaticios n\u00e3o computados pelo INSS<\/strong><\/h3>\n<p style=\"text-align: center;\"><strong>EXCELENT\u00cdSSIMO(A) SENHOR(A) DOUTOR(A) JUIZ(IZA) FEDERAL DA VARA FEDERAL DE MUNIC\u00cdPIO\/UF.<\/strong><\/p>\n<p><strong>NOME DO CLIENTE<\/strong><\/p>\n<p>, brasileiro(a), estado civil, ocupa\u00e7\u00e3o, portador(a) do RG n\u00ba, inscrito(a) no CPF sob o n\u00ba, residente e domiciliado na Rua , n\u00ba , Bairro , Cidade\/UF, CEP, por seus advogados que esta subscrevem, com escrit\u00f3rio profissional na, n\u00ba, Bairro, cidade\/UF, onde recebem intima\u00e7\u00f5es, vem, perante Vossa Excel\u00eancia, propor a presente<\/p>\n<p>A\u00c7\u00c3O DE CONCESS\u00c3O DE BENEF\u00cdCIO PREVIDENCI\u00c1RIO \u2013 APOSENTADORIA\u00a0POR TEMPO DE CONTRIBUI\u00c7\u00c3O, em face de<\/p>\n<p><strong>INSTITUTO NACIONAL DO SEGURO SOCIAL<\/strong>, com endere\u00e7o na, n\u00ba , bairro, municipio\/UF, CEP, pelos motivos de fato e de direito a seguir expostos:<\/p>\n<p>I \u2013 BREVE RESENHA F\u00c1TICA<\/p>\n<p>A parte autora postulou, junto ao INSS, concess\u00e3o de aposentadoria por tempo de contribui\u00e7\u00e3o; entretanto, teve seu pedido indeferido. O requerimento da aposentadoria foi protocolado em 18\/02\/2013, com DER em 04\/02\/2013, NB 159.740.411-7.<\/p>\n<p>Segundo o INSS, o indeferimento do benef\u00edcio se deu por falta de tempo de contribui\u00e7\u00e3o, tendo considerado que a segurada somente possu\u00eda 25A 11M e 07D de tempo de contribui\u00e7\u00e3o.<\/p>\n<p>Todavia, considerando os v\u00ednculos na CTPS da segurada e, ainda, considerando as Certid\u00f5es Anexo VIII anexadas ao processo administrativo, a autora soma como tempo de contribui\u00e7\u00e3o 30A 1M e 26D, ou seja, 365 contribui\u00e7\u00f5es at\u00e9 a DIB, implementando, portanto, o requisito car\u00eancia.<\/p>\n<p>Destarte, buscando a corre\u00e7\u00e3o de tamanha injusti\u00e7a, recorre, a parte autora, \u00e0 via judicial competente.<\/p>\n<p>DOS V\u00cdNCULOS EMPREGAT\u00cdCIOS N\u00c3O CONSIDERADOS PELO INSS<\/p>\n<p>Compulsando o extrato do tempo de servi\u00e7o da parte autora, o INSS n\u00e3o considerou para o c\u00e1lculo do tempo de contribui\u00e7\u00e3o os seguintes per\u00edodos:<\/p>\n<p>18\/04\/1980 a 30\/10\/1980 FLOREAL SALA &#8211; CTPS FL. 10<br \/>\n03\/10\/1981 a 16\/02\/1982 FLOREAL SALA &#8211; CTPS FL. 11<br \/>\n01\/06\/1982 a 01\/07\/1982 NILDA N. BICHINHO &#8211; CTPS FL. 12<br \/>\n28\/11\/2009 a 04\/02\/2013 PREFEITURA DE IMB\u00c9 &#8211; CERTID\u00c3O ANEXO VIII<br \/>\nDO RECONHECIMENTO DO V\u00cdNCULO COM O EMPREGADOR FLOREAL SALA<\/p>\n<p>A comprova\u00e7\u00e3o do v\u00ednculo com o empregador FLOREAL SALA est\u00e1 juntada nos autos do processo administrativo, visto constar na CTPS da segurada.<\/p>\n<p>Foram dois per\u00edodos laborados na condi\u00e7\u00e3o de empregada dom\u00e9stica, quais sejam: 18\/04\/1980 a 30\/10\/1980 e 03\/10\/1981 a 16\/02\/1982.<br \/>\nAdemais, salienta-se que tais v\u00ednculos encontram-se na ordem cronol\u00f3gica e s\u00e3o contempor\u00e2neos.<\/p>\n<p>DO RECONHECIMENTO DO V\u00cdNCULO COM O EMPREGADOR NILDA N. BICHINHO<\/p>\n<p>A comprova\u00e7\u00e3o do v\u00ednculo com o empregador NILDA N. BICHINHO est\u00e1 juntada nos autos do processo administrativo, visto constar na CTPS da segurada, referente ao per\u00edodo de 01\/06\/1982 a 01\/07\/1982. Tal v\u00ednculo encontra-se na ordem cronol\u00f3gica e \u00e9 contempor\u00e2neo.<\/p><\/p>\n","protected":false},"excerpt":{"rendered":"<p>Todo advogado sabe que n\u00e3o \u00e9 f\u00e1cil fazer um\u00a0bom banco de modelos de peti\u00e7\u00f5es, que atenda as especificidades dos diferentes processos\u00a0no dia a dia do trabalho jur\u00eddico. Isso exige muito tempo gasto com a pesquisa de peti\u00e7\u00f5es, organiza\u00e7\u00e3o dos arquivos e tamb\u00e9m com a atualiza\u00e7\u00e3o das pe\u00e7as conforme mudan\u00e7as de [&hellip;]<\/p>\n","protected":false},"author":11,"featured_media":29750,"comment_status":"closed","ping_status":"closed","template":"","meta":{"_acf_changed":false,"om_disable_all_campaigns":false,"footnotes":""},"modelo_category":[1457],"class_list":["post-672","modelos","type-modelos","status-publish","has-post-thumbnail","hentry","modelo_category-direito"],"acf":[],"yoast_head":"<!-- This site is optimized with the Yoast SEO plugin v26.9 - https:\/\/yoast.com\/product\/yoast-seo-wordpress\/ -->\n<title>Peti\u00e7\u00e3o inicial aposentadoria por tempo<\/title>\n<meta name=\"description\" content=\"Disponibilizamos para voc\u00ea uma peti\u00e7\u00e3o inicial - aposentadoria por tempo com reconhecimento de v\u00ednculos empregat\u00edcios n\u00e3o computados pelo INSS.\" \/>\n<meta name=\"robots\" content=\"index, follow, max-snippet:-1, max-image-preview:large, max-video-preview:-1\" \/>\n<link rel=\"canonical\" href=\"https:\/\/advbox.com.br\/blog\/modelos\/inicial-aposentadoria-por-tempo-com-reconhecimento-de-vinculos-empregaticios-nao-computados-pelo-inss\/\" \/>\n<meta property=\"og:locale\" content=\"pt_BR\" \/>\n<meta property=\"og:type\" content=\"article\" \/>\n<meta property=\"og:title\" content=\"Peti\u00e7\u00e3o inicial aposentadoria por tempo\" \/>\n<meta property=\"og:description\" content=\"Disponibilizamos para voc\u00ea uma peti\u00e7\u00e3o inicial - aposentadoria por tempo com reconhecimento de v\u00ednculos empregat\u00edcios n\u00e3o computados pelo INSS.\" \/>\n<meta property=\"og:url\" content=\"https:\/\/advbox.com.br\/blog\/modelos\/inicial-aposentadoria-por-tempo-com-reconhecimento-de-vinculos-empregaticios-nao-computados-pelo-inss\/\" \/>\n<meta property=\"og:site_name\" content=\"Software Jur\u00eddico Completo - ADVBOX\" \/>\n<meta property=\"article:publisher\" content=\"https:\/\/www.facebook.com\/advbox\/\" \/>\n<meta property=\"article:modified_time\" content=\"2024-11-27T20:12:23+00:00\" \/>\n<meta property=\"og:image\" content=\"https:\/\/advbox.com.br\/blog\/wp-content\/uploads\/2021\/04\/peticao-advbox-14.jpg\" \/>\n\t<meta property=\"og:image:width\" content=\"626\" \/>\n\t<meta property=\"og:image:height\" content=\"417\" \/>\n\t<meta property=\"og:image:type\" content=\"image\/jpeg\" \/>\n<meta name=\"twitter:card\" content=\"summary_large_image\" \/>\n<meta name=\"twitter:site\" content=\"@advbox2\" \/>\n<script type=\"application\/ld+json\" class=\"yoast-schema-graph\">{\"@context\":\"https:\/\/schema.org\",\"@graph\":[{\"@type\":\"WebPage\",\"@id\":\"https:\/\/advbox.com.br\/blog\/modelos\/inicial-aposentadoria-por-tempo-com-reconhecimento-de-vinculos-empregaticios-nao-computados-pelo-inss\/\",\"url\":\"https:\/\/advbox.com.br\/blog\/modelos\/inicial-aposentadoria-por-tempo-com-reconhecimento-de-vinculos-empregaticios-nao-computados-pelo-inss\/\",\"name\":\"Peti\u00e7\u00e3o inicial aposentadoria por tempo\",\"isPartOf\":{\"@id\":\"https:\/\/advbox.com.br\/blog\/#website\"},\"primaryImageOfPage\":{\"@id\":\"https:\/\/advbox.com.br\/blog\/modelos\/inicial-aposentadoria-por-tempo-com-reconhecimento-de-vinculos-empregaticios-nao-computados-pelo-inss\/#primaryimage\"},\"image\":{\"@id\":\"https:\/\/advbox.com.br\/blog\/modelos\/inicial-aposentadoria-por-tempo-com-reconhecimento-de-vinculos-empregaticios-nao-computados-pelo-inss\/#primaryimage\"},\"thumbnailUrl\":\"https:\/\/advbox.com.br\/blog\/wp-content\/uploads\/2021\/04\/peticao-advbox-14.jpg\",\"datePublished\":\"2018-01-15T12:31:23+00:00\",\"dateModified\":\"2024-11-27T20:12:23+00:00\",\"description\":\"Disponibilizamos para voc\u00ea uma peti\u00e7\u00e3o inicial - aposentadoria por tempo com reconhecimento de v\u00ednculos empregat\u00edcios n\u00e3o computados pelo INSS.\",\"breadcrumb\":{\"@id\":\"https:\/\/advbox.com.br\/blog\/modelos\/inicial-aposentadoria-por-tempo-com-reconhecimento-de-vinculos-empregaticios-nao-computados-pelo-inss\/#breadcrumb\"},\"inLanguage\":\"pt-BR\",\"potentialAction\":[{\"@type\":\"ReadAction\",\"target\":[\"https:\/\/advbox.com.br\/blog\/modelos\/inicial-aposentadoria-por-tempo-com-reconhecimento-de-vinculos-empregaticios-nao-computados-pelo-inss\/\"]}]},{\"@type\":\"ImageObject\",\"inLanguage\":\"pt-BR\",\"@id\":\"https:\/\/advbox.com.br\/blog\/modelos\/inicial-aposentadoria-por-tempo-com-reconhecimento-de-vinculos-empregaticios-nao-computados-pelo-inss\/#primaryimage\",\"url\":\"https:\/\/advbox.com.br\/blog\/wp-content\/uploads\/2021\/04\/peticao-advbox-14.jpg\",\"contentUrl\":\"https:\/\/advbox.com.br\/blog\/wp-content\/uploads\/2021\/04\/peticao-advbox-14.jpg\",\"width\":626,\"height\":417,\"caption\":\"Metas de produtividade\"},{\"@type\":\"BreadcrumbList\",\"@id\":\"https:\/\/advbox.com.br\/blog\/modelos\/inicial-aposentadoria-por-tempo-com-reconhecimento-de-vinculos-empregaticios-nao-computados-pelo-inss\/#breadcrumb\",\"itemListElement\":[{\"@type\":\"ListItem\",\"position\":1,\"name\":\"In\u00edcio\",\"item\":\"https:\/\/advbox.com.br\/blog\/\"},{\"@type\":\"ListItem\",\"position\":2,\"name\":\"Modelos\",\"item\":\"https:\/\/advbox.com.br\/blog\/modelos\/\"},{\"@type\":\"ListItem\",\"position\":3,\"name\":\"Modelo de peti\u00e7\u00e3o inicial &#8211; aposentadoria por tempo com reconhecimento de v\u00ednculos empregat\u00edcios n\u00e3o computados pelo INSS\"}]},{\"@type\":\"WebSite\",\"@id\":\"https:\/\/advbox.com.br\/blog\/#website\",\"url\":\"https:\/\/advbox.com.br\/blog\/\",\"name\":\"Software Jur\u00eddico Completo - ADVBOX\",\"description\":\"Plataforma para Advocacia Digital\",\"publisher\":{\"@id\":\"https:\/\/advbox.com.br\/blog\/#organization\"},\"potentialAction\":[{\"@type\":\"SearchAction\",\"target\":{\"@type\":\"EntryPoint\",\"urlTemplate\":\"https:\/\/advbox.com.br\/blog\/?s={search_term_string}\"},\"query-input\":{\"@type\":\"PropertyValueSpecification\",\"valueRequired\":true,\"valueName\":\"search_term_string\"}}],\"inLanguage\":\"pt-BR\"},{\"@type\":\"Organization\",\"@id\":\"https:\/\/advbox.com.br\/blog\/#organization\",\"name\":\"ADVBOX Blog - Software jur\u00eddico da advocacia digital\",\"url\":\"https:\/\/advbox.com.br\/blog\/\",\"logo\":{\"@type\":\"ImageObject\",\"inLanguage\":\"pt-BR\",\"@id\":\"https:\/\/advbox.com.br\/blog\/#\/schema\/logo\/image\/\",\"url\":\"https:\/\/advbox.com.br\/blog\/wp-content\/uploads\/2019\/12\/Como-aumentar-a-produtividade_.jpg\",\"contentUrl\":\"https:\/\/advbox.com.br\/blog\/wp-content\/uploads\/2019\/12\/Como-aumentar-a-produtividade_.jpg\",\"width\":320,\"height\":213,\"caption\":\"ADVBOX Blog - Software jur\u00eddico da advocacia digital\"},\"image\":{\"@id\":\"https:\/\/advbox.com.br\/blog\/#\/schema\/logo\/image\/\"},\"sameAs\":[\"https:\/\/www.facebook.com\/advbox\/\",\"https:\/\/x.com\/advbox2\"]}]}<\/script>\n<!-- \/ Yoast SEO plugin. -->","yoast_head_json":{"title":"Peti\u00e7\u00e3o inicial aposentadoria por tempo","description":"Disponibilizamos para voc\u00ea uma peti\u00e7\u00e3o inicial - aposentadoria por tempo com reconhecimento de v\u00ednculos empregat\u00edcios n\u00e3o computados pelo INSS.","robots":{"index":"index","follow":"follow","max-snippet":"max-snippet:-1","max-image-preview":"max-image-preview:large","max-video-preview":"max-video-preview:-1"},"canonical":"https:\/\/advbox.com.br\/blog\/modelos\/inicial-aposentadoria-por-tempo-com-reconhecimento-de-vinculos-empregaticios-nao-computados-pelo-inss\/","og_locale":"pt_BR","og_type":"article","og_title":"Peti\u00e7\u00e3o inicial aposentadoria por tempo","og_description":"Disponibilizamos para voc\u00ea uma peti\u00e7\u00e3o inicial - aposentadoria por tempo com reconhecimento de v\u00ednculos empregat\u00edcios n\u00e3o computados pelo INSS.","og_url":"https:\/\/advbox.com.br\/blog\/modelos\/inicial-aposentadoria-por-tempo-com-reconhecimento-de-vinculos-empregaticios-nao-computados-pelo-inss\/","og_site_name":"Software Jur\u00eddico Completo - ADVBOX","article_publisher":"https:\/\/www.facebook.com\/advbox\/","article_modified_time":"2024-11-27T20:12:23+00:00","og_image":[{"width":626,"height":417,"url":"https:\/\/advbox.com.br\/blog\/wp-content\/uploads\/2021\/04\/peticao-advbox-14.jpg","type":"image\/jpeg"}],"twitter_card":"summary_large_image","twitter_site":"@advbox2","schema":{"@context":"https:\/\/schema.org","@graph":[{"@type":"WebPage","@id":"https:\/\/advbox.com.br\/blog\/modelos\/inicial-aposentadoria-por-tempo-com-reconhecimento-de-vinculos-empregaticios-nao-computados-pelo-inss\/","url":"https:\/\/advbox.com.br\/blog\/modelos\/inicial-aposentadoria-por-tempo-com-reconhecimento-de-vinculos-empregaticios-nao-computados-pelo-inss\/","name":"Peti\u00e7\u00e3o inicial aposentadoria por tempo","isPartOf":{"@id":"https:\/\/advbox.com.br\/blog\/#website"},"primaryImageOfPage":{"@id":"https:\/\/advbox.com.br\/blog\/modelos\/inicial-aposentadoria-por-tempo-com-reconhecimento-de-vinculos-empregaticios-nao-computados-pelo-inss\/#primaryimage"},"image":{"@id":"https:\/\/advbox.com.br\/blog\/modelos\/inicial-aposentadoria-por-tempo-com-reconhecimento-de-vinculos-empregaticios-nao-computados-pelo-inss\/#primaryimage"},"thumbnailUrl":"https:\/\/advbox.com.br\/blog\/wp-content\/uploads\/2021\/04\/peticao-advbox-14.jpg","datePublished":"2018-01-15T12:31:23+00:00","dateModified":"2024-11-27T20:12:23+00:00","description":"Disponibilizamos para voc\u00ea uma peti\u00e7\u00e3o inicial - aposentadoria por tempo com reconhecimento de v\u00ednculos empregat\u00edcios n\u00e3o computados pelo INSS.","breadcrumb":{"@id":"https:\/\/advbox.com.br\/blog\/modelos\/inicial-aposentadoria-por-tempo-com-reconhecimento-de-vinculos-empregaticios-nao-computados-pelo-inss\/#breadcrumb"},"inLanguage":"pt-BR","potentialAction":[{"@type":"ReadAction","target":["https:\/\/advbox.com.br\/blog\/modelos\/inicial-aposentadoria-por-tempo-com-reconhecimento-de-vinculos-empregaticios-nao-computados-pelo-inss\/"]}]},{"@type":"ImageObject","inLanguage":"pt-BR","@id":"https:\/\/advbox.com.br\/blog\/modelos\/inicial-aposentadoria-por-tempo-com-reconhecimento-de-vinculos-empregaticios-nao-computados-pelo-inss\/#primaryimage","url":"https:\/\/advbox.com.br\/blog\/wp-content\/uploads\/2021\/04\/peticao-advbox-14.jpg","contentUrl":"https:\/\/advbox.com.br\/blog\/wp-content\/uploads\/2021\/04\/peticao-advbox-14.jpg","width":626,"height":417,"caption":"Metas de produtividade"},{"@type":"BreadcrumbList","@id":"https:\/\/advbox.com.br\/blog\/modelos\/inicial-aposentadoria-por-tempo-com-reconhecimento-de-vinculos-empregaticios-nao-computados-pelo-inss\/#breadcrumb","itemListElement":[{"@type":"ListItem","position":1,"name":"In\u00edcio","item":"https:\/\/advbox.com.br\/blog\/"},{"@type":"ListItem","position":2,"name":"Modelos","item":"https:\/\/advbox.com.br\/blog\/modelos\/"},{"@type":"ListItem","position":3,"name":"Modelo de peti\u00e7\u00e3o inicial &#8211; aposentadoria por tempo com reconhecimento de v\u00ednculos empregat\u00edcios n\u00e3o computados pelo INSS"}]},{"@type":"WebSite","@id":"https:\/\/advbox.com.br\/blog\/#website","url":"https:\/\/advbox.com.br\/blog\/","name":"Software Jur\u00eddico Completo - ADVBOX","description":"Plataforma para Advocacia Digital","publisher":{"@id":"https:\/\/advbox.com.br\/blog\/#organization"},"potentialAction":[{"@type":"SearchAction","target":{"@type":"EntryPoint","urlTemplate":"https:\/\/advbox.com.br\/blog\/?s={search_term_string}"},"query-input":{"@type":"PropertyValueSpecification","valueRequired":true,"valueName":"search_term_string"}}],"inLanguage":"pt-BR"},{"@type":"Organization","@id":"https:\/\/advbox.com.br\/blog\/#organization","name":"ADVBOX Blog - Software jur\u00eddico da advocacia digital","url":"https:\/\/advbox.com.br\/blog\/","logo":{"@type":"ImageObject","inLanguage":"pt-BR","@id":"https:\/\/advbox.com.br\/blog\/#\/schema\/logo\/image\/","url":"https:\/\/advbox.com.br\/blog\/wp-content\/uploads\/2019\/12\/Como-aumentar-a-produtividade_.jpg","contentUrl":"https:\/\/advbox.com.br\/blog\/wp-content\/uploads\/2019\/12\/Como-aumentar-a-produtividade_.jpg","width":320,"height":213,"caption":"ADVBOX Blog - Software jur\u00eddico da advocacia digital"},"image":{"@id":"https:\/\/advbox.com.br\/blog\/#\/schema\/logo\/image\/"},"sameAs":["https:\/\/www.facebook.com\/advbox\/","https:\/\/x.com\/advbox2"]}]}},"_links":{"self":[{"href":"https:\/\/advbox.com.br\/blog\/wp-json\/wp\/v2\/modelos\/672","targetHints":{"allow":["GET"]}}],"collection":[{"href":"https:\/\/advbox.com.br\/blog\/wp-json\/wp\/v2\/modelos"}],"about":[{"href":"https:\/\/advbox.com.br\/blog\/wp-json\/wp\/v2\/types\/modelos"}],"author":[{"embeddable":true,"href":"https:\/\/advbox.com.br\/blog\/wp-json\/wp\/v2\/users\/11"}],"replies":[{"embeddable":true,"href":"https:\/\/advbox.com.br\/blog\/wp-json\/wp\/v2\/comments?post=672"}],"version-history":[{"count":2,"href":"https:\/\/advbox.com.br\/blog\/wp-json\/wp\/v2\/modelos\/672\/revisions"}],"predecessor-version":[{"id":69826,"href":"https:\/\/advbox.com.br\/blog\/wp-json\/wp\/v2\/modelos\/672\/revisions\/69826"}],"wp:featuredmedia":[{"embeddable":true,"href":"https:\/\/advbox.com.br\/blog\/wp-json\/wp\/v2\/media\/29750"}],"wp:attachment":[{"href":"https:\/\/advbox.com.br\/blog\/wp-json\/wp\/v2\/media?parent=672"}],"wp:term":[{"taxonomy":"modelo_category","embeddable":true,"href":"https:\/\/advbox.com.br\/blog\/wp-json\/wp\/v2\/modelo_category?post=672"}],"curies":[{"name":"wp","href":"https:\/\/api.w.org\/{rel}","templated":true}]}}