{"id":678,"date":"2018-01-15T10:47:25","date_gmt":"2018-01-15T12:47:25","guid":{"rendered":"https:\/\/advbox.com.br\/blog\/?post_type=modelos&#038;p=678"},"modified":"2024-12-13T15:15:43","modified_gmt":"2024-12-13T18:15:43","slug":"peticao-inicial-aposentadoria-por-idade-urbana-com-averbacao-de-vinculo-nao-reconhecido-pelo-inss","status":"publish","type":"modelos","link":"https:\/\/advbox.com.br\/blog\/modelos\/peticao-inicial-aposentadoria-por-idade-urbana-com-averbacao-de-vinculo-nao-reconhecido-pelo-inss\/","title":{"rendered":"Modelo de peti\u00e7\u00e3o inicial &#8211; aposentadoria por idade urbana com averba\u00e7\u00e3o de vinculo n\u00e3o reconhecido pelo INSS"},"content":{"rendered":"<p>Todo advogado sabe que n\u00e3o \u00e9 f\u00e1cil fazer um<span>\u00a0<\/span><strong>bom banco de modelos de peti\u00e7\u00f5es, que atenda as especificidades dos diferentes processos<span>\u00a0<\/span><\/strong>no dia a dia do trabalho jur\u00eddico.<\/p><p>Isso exige muito tempo gasto com a pesquisa de peti\u00e7\u00f5es, organiza\u00e7\u00e3o dos arquivos e tamb\u00e9m com a atualiza\u00e7\u00e3o das pe\u00e7as conforme mudan\u00e7as de jurisprud\u00eancia regional ou altera\u00e7\u00f5es em entendimentos de tribunais superiores.:<\/p><p>Por\u00e9m, com a plataforma certa para advocacia digital, \u00e9 poss\u00edvel economizar todo esse tempo gasto<strong>. Basta um \u00fanico membro da equipe atualizar ou alterar algum modelo de pe\u00e7a processual no sistema para atualizar para todos usu\u00e1rios da plataforma!<\/strong><\/p><p>Dessa forma \u00e9 poss\u00edvel<span>\u00a0<\/span><strong>acelerar a produtividade do trabalho jur\u00eddico<\/strong><span>\u00a0<\/span>de maneira bem relevante, al\u00e9m de potencializar ainda mais o crescimento do seu escrit\u00f3rio com os v\u00e1rios outros recursos das ferramentas de advocacia digital.<span>\u00a0<\/span><a href=\"https:\/\/advbox.com.br\/blog\/como-automatizar-seus-modelos-de-peticoes\/\" target=\"_blank\"><strong><\/strong><\/a><a href=\"https:\/\/advbox.com.br\/blog\/como-automatizar-seus-modelos-de-peticoes\/\" target=\"_blank\"><strong>Clique abaixo e saiba mais!<\/strong>\u00a0<\/a><\/p><figure class=\"wp-block-image\"><a href=\"https:\/\/advbox.com.br\/\" target=\"_blank\"><img fetchpriority=\"high\" decoding=\"async\" width=\"972\" height=\"269\" src=\"https:\/\/advbox.com.br\/blog\/wp-content\/uploads\/2020\/01\/ctas3.png\" alt=\"\" class=\"wp-image-17329\" srcset=\"https:\/\/advbox.com.br\/blog\/wp-content\/uploads\/2020\/01\/ctas3.png 972w, https:\/\/advbox.com.br\/blog\/wp-content\/uploads\/2020\/01\/ctas3-300x83.png 300w, https:\/\/advbox.com.br\/blog\/wp-content\/uploads\/2020\/01\/ctas3-768x213.png 768w\" sizes=\"(max-width: 972px) 100vw, 972px\" \/><\/a><\/figure><h2 class=\"wp-block-heading\"><strong>Peti\u00e7\u00e3o Inicial &#8211; Aposentadoria por Idade Urbana com averbacao de vinculo n\u00e3o reconhecido pelo INSS<\/strong><\/h2><p class=\"has-text-align-center\"><strong>EXCELENT\u00cdSSIMO(A) SENHOR(A) DOUTOR(A) JUIZ(IZA) FEDERAL DA VARA FEDERAL DE MUNIC\u00cdPIO\/UF.<\/strong><\/p><p class=\"has-text-align-left\"><b>NOME DO CLIENTE, <\/b>brasileiro(a), estado civil, ocupa\u00e7\u00e3o, portador(a) do RG n\u00ba, inscrito(a) no CPF sob o n\u00ba, residente e domiciliado na Rua , n\u00ba , Bairro , Cidade\/UF, CEP, por seus advogados que esta subscrevem, com escrit\u00f3rio profissional na, n\u00ba, Bairro, cidade\/UF, <i>onde recebem intima\u00e7\u00f5es<\/i> e notifica\u00e7\u00f5es, vem a Vossa Excel\u00eancia, propor a presente<\/p><p class=\"has-text-align-left\"><b>\u00a0<\/b><\/p><p class=\"has-text-align-left\"><b>A\u00c7\u00c3O DE CONCESS\u00c3O DE BENEF\u00cdCIO PREVIDENCI\u00c1RIO \u2013 APOSENTADORIA <\/b><\/p><p class=\"has-text-align-left\"><b>POR IDADE, <\/b>em face de<\/p><p class=\"has-text-align-left\"><b>INSTITUTO NACIONAL DO SEGURO SOCIAL<\/b>, com endere\u00e7o na, n\u00ba , bairro, municipio\/UF, CEP, ante os motivos de fato e de direito, que a seguir passa a expor e ao final requerer:<\/p><p class=\"has-text-align-left\"><b>I \u2013 BREVE RESENHA F\u00c1TICA <\/b><\/p><p class=\"has-text-align-left\">A requerente ingressou com o requerimento administrativo de Aposentadoria por Idade NB [n\u00famero do benef\u00edcio] em dd\/mm\/aaaa, por completar os requisitos necess\u00e1rios para a concess\u00e3o de referido benef\u00edcio.<\/p><p class=\"has-text-align-left\">Contudo, teve o benef\u00edcio negado em pelo motivo de falta de per\u00edodo de car\u00eancia, tendo sido reconhecido apenas 66 meses de contribui\u00e7\u00e3o at\u00e9 a DER.<\/p><p class=\"has-text-align-left\">Ocorre que <b>o INSS n\u00e3o reconheceu o tempo constante na CTPS da requerente, referente ao v\u00ednculo junto \u00e0 empresa [nome da empresa], de dd\/mm\/aaaa a dd\/mm\/aaaa<\/b>, per\u00edodo este em que a requerente esteve a maior parte em gozo de aux\u00edlio doen\u00e7a previdenci\u00e1rio NB [N\u00famero do benef\u00edcio], conforme se comprova na fl. 67 da CTPS da requerente.<\/p><p class=\"has-text-align-left\"><b>Todavia, <span style=\"text-decoration: underline;\">a requerente completou 60 anos em dd\/mm\/aaaa, <\/span><\/b><b><span style=\"text-decoration: underline;\">necessitando de 174 meses de car\u00eancia<\/span><\/b><b>.<\/b><\/p><p class=\"has-text-align-left\">Assim, sendo inclu\u00eddo no tempo de contribui\u00e7\u00e3o da autora o v\u00ednculo junto \u00e0 empresa [EMPRESA], de dd\/mm\/aaaa a dd\/mm\/aaaa, \u00e9 o tempo de contribui\u00e7\u00e3o da mesma:<\/p><p class=\"has-text-align-left\"><strong>[inserir relat\u00f3rio de tempo de contribui\u00e7\u00e3o]<\/strong><\/p><p class=\"has-text-align-left\">Dessa forma, possuindo 202 meses de contribui\u00e7\u00e3o (car\u00eancia), quando era necess\u00e1rio somente ter 174 meses de contribui\u00e7\u00e3o, visto que completou 60 anos em 2010, faz jus a parte autora ao benef\u00edcio de aposentadoria por idade.<\/p><p class=\"has-text-align-left\">Dessa forma, requer seja feito o correto c\u00e1lculo do tempo de atividade urbana, sendo reconhecidos todos os v\u00ednculos constantes na CTPS da requerente em anexo.<\/p><p class=\"has-text-align-left\"><b>DO RECONHECIMENTO DO TEMPO CONSTANTE NA CTPS<\/b><\/p><p class=\"has-text-align-left\">Portanto, conforme CTPS e CNIS em anexo, a requerente possui os seguintes v\u00ednculos e per\u00edodos contributivos:<\/p><figure class=\"wp-block-table alignleft\"><table><tbody><tr><td>dd\/mm\/aaaa A dd\/mm\/aaaa<\/td><td>NOME DA EMPRESA<\/td><td>NORMAL<\/td><\/tr><tr><td>dd\/mm\/aaaa A dd\/mm\/aaaa<\/td><td>NOME DA EMPRESA<\/td><td>NORMAL<\/td><\/tr><tr><td>dd\/mm\/aaaa A dd\/mm\/aaaa<\/td><td>NOME DA EMPRESA<\/td><td><b>NORMAL<\/b><\/td><\/tr><tr><td>dd\/mm\/aaaa A dd\/mm\/aaaa<\/td><td>NOME DA EMPRESA<\/td><td>NORMAL<\/td><\/tr><\/tbody><\/table><\/figure><p class=\"has-text-align-left\">A autarquia previdenci\u00e1ria, contudo, n\u00e3o reconheceu o tempo relativo ao per\u00edodo de dd\/mm\/aaaa A dd\/mm\/aaaa, em que a requerente laborou na empresa [NOME DA EMPRESA]. Ocorre que a autora esteve a maior parte do tempo em gozo de auxilio doen\u00e7a previdenci\u00e1rio NB [n\u00famero do benef\u00edcio], conforme se comprova na pg. 67 da CTPS da requerente.<\/p><p>&#8230;<\/p><figure class=\"wp-block-image size-large\"><a href=\"https:\/\/advbox.com.br\/\" target=\"_blank\"><img decoding=\"async\" width=\"1024\" height=\"309\" src=\"https:\/\/advbox.com.br\/blog\/wp-content\/uploads\/2018\/08\/cta-nova-trial-1024x309.png\" alt=\"\" class=\"wp-image-15975\" srcset=\"https:\/\/advbox.com.br\/blog\/wp-content\/uploads\/2018\/08\/cta-nova-trial.png 1024w, https:\/\/advbox.com.br\/blog\/wp-content\/uploads\/2018\/08\/cta-nova-trial-300x91.png 300w, https:\/\/advbox.com.br\/blog\/wp-content\/uploads\/2018\/08\/cta-nova-trial-768x232.png 768w\" sizes=\"(max-width: 1024px) 100vw, 1024px\" loading=\"lazy\" \/><\/a><\/figure>\n","protected":false},"excerpt":{"rendered":"<p>Todo advogado sabe que n\u00e3o \u00e9 f\u00e1cil fazer um\u00a0bom banco de modelos de peti\u00e7\u00f5es, que atenda as especificidades dos diferentes processos\u00a0no dia a dia do trabalho jur\u00eddico. Isso exige muito tempo gasto com a pesquisa de peti\u00e7\u00f5es, organiza\u00e7\u00e3o dos arquivos e tamb\u00e9m com a atualiza\u00e7\u00e3o das pe\u00e7as conforme mudan\u00e7as de [&hellip;]<\/p>\n","protected":false},"author":11,"featured_media":29744,"comment_status":"closed","ping_status":"closed","template":"","meta":{"_acf_changed":false,"om_disable_all_campaigns":false,"footnotes":""},"modelo_category":[1457],"class_list":["post-678","modelos","type-modelos","status-publish","has-post-thumbnail","hentry","modelo_category-direito"],"acf":[],"yoast_head":"<!-- This site is optimized with the Yoast SEO plugin v26.9 - https:\/\/yoast.com\/product\/yoast-seo-wordpress\/ -->\n<title>Modelo de peti\u00e7\u00e3o inicial aposentadoria por idade urbana<\/title>\n<meta name=\"description\" content=\"Disponibilizamos para voc\u00ea um modelo de peti\u00e7\u00e3o inicial - aposentadoria por idade urbana com averba\u00e7\u00e3o de vinculo n\u00e3o reconhecido pelo INSS.\" \/>\n<meta name=\"robots\" content=\"index, follow, max-snippet:-1, max-image-preview:large, max-video-preview:-1\" \/>\n<link rel=\"canonical\" href=\"https:\/\/advbox.com.br\/blog\/modelos\/peticao-inicial-aposentadoria-por-idade-urbana-com-averbacao-de-vinculo-nao-reconhecido-pelo-inss\/\" \/>\n<meta property=\"og:locale\" content=\"pt_BR\" \/>\n<meta property=\"og:type\" content=\"article\" \/>\n<meta property=\"og:title\" content=\"Modelo de peti\u00e7\u00e3o inicial aposentadoria por idade urbana\" \/>\n<meta property=\"og:description\" content=\"Disponibilizamos para voc\u00ea um modelo de peti\u00e7\u00e3o inicial - aposentadoria por idade urbana com averba\u00e7\u00e3o de vinculo n\u00e3o reconhecido pelo INSS.\" \/>\n<meta property=\"og:url\" content=\"https:\/\/advbox.com.br\/blog\/modelos\/peticao-inicial-aposentadoria-por-idade-urbana-com-averbacao-de-vinculo-nao-reconhecido-pelo-inss\/\" \/>\n<meta property=\"og:site_name\" content=\"Software Jur\u00eddico Completo - ADVBOX\" \/>\n<meta property=\"article:publisher\" content=\"https:\/\/www.facebook.com\/advbox\/\" \/>\n<meta property=\"article:modified_time\" content=\"2024-12-13T18:15:43+00:00\" \/>\n<meta property=\"og:image\" content=\"https:\/\/advbox.com.br\/blog\/wp-content\/uploads\/2021\/04\/peticao-advbox-8.jpg\" \/>\n\t<meta property=\"og:image:width\" content=\"626\" \/>\n\t<meta property=\"og:image:height\" content=\"417\" \/>\n\t<meta property=\"og:image:type\" content=\"image\/jpeg\" \/>\n<meta name=\"twitter:card\" content=\"summary_large_image\" \/>\n<meta name=\"twitter:site\" content=\"@advbox2\" \/>\n<script type=\"application\/ld+json\" class=\"yoast-schema-graph\">{\"@context\":\"https:\/\/schema.org\",\"@graph\":[{\"@type\":\"WebPage\",\"@id\":\"https:\/\/advbox.com.br\/blog\/modelos\/peticao-inicial-aposentadoria-por-idade-urbana-com-averbacao-de-vinculo-nao-reconhecido-pelo-inss\/\",\"url\":\"https:\/\/advbox.com.br\/blog\/modelos\/peticao-inicial-aposentadoria-por-idade-urbana-com-averbacao-de-vinculo-nao-reconhecido-pelo-inss\/\",\"name\":\"Modelo de peti\u00e7\u00e3o inicial aposentadoria por idade urbana\",\"isPartOf\":{\"@id\":\"https:\/\/advbox.com.br\/blog\/#website\"},\"primaryImageOfPage\":{\"@id\":\"https:\/\/advbox.com.br\/blog\/modelos\/peticao-inicial-aposentadoria-por-idade-urbana-com-averbacao-de-vinculo-nao-reconhecido-pelo-inss\/#primaryimage\"},\"image\":{\"@id\":\"https:\/\/advbox.com.br\/blog\/modelos\/peticao-inicial-aposentadoria-por-idade-urbana-com-averbacao-de-vinculo-nao-reconhecido-pelo-inss\/#primaryimage\"},\"thumbnailUrl\":\"https:\/\/advbox.com.br\/blog\/wp-content\/uploads\/2021\/04\/peticao-advbox-8.jpg\",\"datePublished\":\"2018-01-15T12:47:25+00:00\",\"dateModified\":\"2024-12-13T18:15:43+00:00\",\"description\":\"Disponibilizamos para voc\u00ea um modelo de peti\u00e7\u00e3o inicial - aposentadoria por idade urbana com averba\u00e7\u00e3o de vinculo n\u00e3o reconhecido pelo INSS.\",\"breadcrumb\":{\"@id\":\"https:\/\/advbox.com.br\/blog\/modelos\/peticao-inicial-aposentadoria-por-idade-urbana-com-averbacao-de-vinculo-nao-reconhecido-pelo-inss\/#breadcrumb\"},\"inLanguage\":\"pt-BR\",\"potentialAction\":[{\"@type\":\"ReadAction\",\"target\":[\"https:\/\/advbox.com.br\/blog\/modelos\/peticao-inicial-aposentadoria-por-idade-urbana-com-averbacao-de-vinculo-nao-reconhecido-pelo-inss\/\"]}]},{\"@type\":\"ImageObject\",\"inLanguage\":\"pt-BR\",\"@id\":\"https:\/\/advbox.com.br\/blog\/modelos\/peticao-inicial-aposentadoria-por-idade-urbana-com-averbacao-de-vinculo-nao-reconhecido-pelo-inss\/#primaryimage\",\"url\":\"https:\/\/advbox.com.br\/blog\/wp-content\/uploads\/2021\/04\/peticao-advbox-8.jpg\",\"contentUrl\":\"https:\/\/advbox.com.br\/blog\/wp-content\/uploads\/2021\/04\/peticao-advbox-8.jpg\",\"width\":626,\"height\":417,\"caption\":\"Peti\u00e7\u00e3o trabalhista\"},{\"@type\":\"BreadcrumbList\",\"@id\":\"https:\/\/advbox.com.br\/blog\/modelos\/peticao-inicial-aposentadoria-por-idade-urbana-com-averbacao-de-vinculo-nao-reconhecido-pelo-inss\/#breadcrumb\",\"itemListElement\":[{\"@type\":\"ListItem\",\"position\":1,\"name\":\"In\u00edcio\",\"item\":\"https:\/\/advbox.com.br\/blog\/\"},{\"@type\":\"ListItem\",\"position\":2,\"name\":\"Modelos\",\"item\":\"https:\/\/advbox.com.br\/blog\/modelos\/\"},{\"@type\":\"ListItem\",\"position\":3,\"name\":\"Modelo de peti\u00e7\u00e3o inicial &#8211; aposentadoria por idade urbana com averba\u00e7\u00e3o de vinculo n\u00e3o reconhecido pelo INSS\"}]},{\"@type\":\"WebSite\",\"@id\":\"https:\/\/advbox.com.br\/blog\/#website\",\"url\":\"https:\/\/advbox.com.br\/blog\/\",\"name\":\"Software Jur\u00eddico Completo - ADVBOX\",\"description\":\"Plataforma para Advocacia Digital\",\"publisher\":{\"@id\":\"https:\/\/advbox.com.br\/blog\/#organization\"},\"potentialAction\":[{\"@type\":\"SearchAction\",\"target\":{\"@type\":\"EntryPoint\",\"urlTemplate\":\"https:\/\/advbox.com.br\/blog\/?s={search_term_string}\"},\"query-input\":{\"@type\":\"PropertyValueSpecification\",\"valueRequired\":true,\"valueName\":\"search_term_string\"}}],\"inLanguage\":\"pt-BR\"},{\"@type\":\"Organization\",\"@id\":\"https:\/\/advbox.com.br\/blog\/#organization\",\"name\":\"ADVBOX Blog - Software jur\u00eddico da advocacia digital\",\"url\":\"https:\/\/advbox.com.br\/blog\/\",\"logo\":{\"@type\":\"ImageObject\",\"inLanguage\":\"pt-BR\",\"@id\":\"https:\/\/advbox.com.br\/blog\/#\/schema\/logo\/image\/\",\"url\":\"https:\/\/advbox.com.br\/blog\/wp-content\/uploads\/2019\/12\/Como-aumentar-a-produtividade_.jpg\",\"contentUrl\":\"https:\/\/advbox.com.br\/blog\/wp-content\/uploads\/2019\/12\/Como-aumentar-a-produtividade_.jpg\",\"width\":320,\"height\":213,\"caption\":\"ADVBOX Blog - Software jur\u00eddico da advocacia digital\"},\"image\":{\"@id\":\"https:\/\/advbox.com.br\/blog\/#\/schema\/logo\/image\/\"},\"sameAs\":[\"https:\/\/www.facebook.com\/advbox\/\",\"https:\/\/x.com\/advbox2\"]}]}<\/script>\n<!-- \/ Yoast SEO plugin. -->","yoast_head_json":{"title":"Modelo de peti\u00e7\u00e3o inicial aposentadoria por idade urbana","description":"Disponibilizamos para voc\u00ea um modelo de peti\u00e7\u00e3o inicial - aposentadoria por idade urbana com averba\u00e7\u00e3o de vinculo n\u00e3o reconhecido pelo INSS.","robots":{"index":"index","follow":"follow","max-snippet":"max-snippet:-1","max-image-preview":"max-image-preview:large","max-video-preview":"max-video-preview:-1"},"canonical":"https:\/\/advbox.com.br\/blog\/modelos\/peticao-inicial-aposentadoria-por-idade-urbana-com-averbacao-de-vinculo-nao-reconhecido-pelo-inss\/","og_locale":"pt_BR","og_type":"article","og_title":"Modelo de peti\u00e7\u00e3o inicial aposentadoria por idade urbana","og_description":"Disponibilizamos para voc\u00ea um modelo de peti\u00e7\u00e3o inicial - aposentadoria por idade urbana com averba\u00e7\u00e3o de vinculo n\u00e3o reconhecido pelo INSS.","og_url":"https:\/\/advbox.com.br\/blog\/modelos\/peticao-inicial-aposentadoria-por-idade-urbana-com-averbacao-de-vinculo-nao-reconhecido-pelo-inss\/","og_site_name":"Software Jur\u00eddico Completo - ADVBOX","article_publisher":"https:\/\/www.facebook.com\/advbox\/","article_modified_time":"2024-12-13T18:15:43+00:00","og_image":[{"width":626,"height":417,"url":"https:\/\/advbox.com.br\/blog\/wp-content\/uploads\/2021\/04\/peticao-advbox-8.jpg","type":"image\/jpeg"}],"twitter_card":"summary_large_image","twitter_site":"@advbox2","schema":{"@context":"https:\/\/schema.org","@graph":[{"@type":"WebPage","@id":"https:\/\/advbox.com.br\/blog\/modelos\/peticao-inicial-aposentadoria-por-idade-urbana-com-averbacao-de-vinculo-nao-reconhecido-pelo-inss\/","url":"https:\/\/advbox.com.br\/blog\/modelos\/peticao-inicial-aposentadoria-por-idade-urbana-com-averbacao-de-vinculo-nao-reconhecido-pelo-inss\/","name":"Modelo de peti\u00e7\u00e3o inicial aposentadoria por idade urbana","isPartOf":{"@id":"https:\/\/advbox.com.br\/blog\/#website"},"primaryImageOfPage":{"@id":"https:\/\/advbox.com.br\/blog\/modelos\/peticao-inicial-aposentadoria-por-idade-urbana-com-averbacao-de-vinculo-nao-reconhecido-pelo-inss\/#primaryimage"},"image":{"@id":"https:\/\/advbox.com.br\/blog\/modelos\/peticao-inicial-aposentadoria-por-idade-urbana-com-averbacao-de-vinculo-nao-reconhecido-pelo-inss\/#primaryimage"},"thumbnailUrl":"https:\/\/advbox.com.br\/blog\/wp-content\/uploads\/2021\/04\/peticao-advbox-8.jpg","datePublished":"2018-01-15T12:47:25+00:00","dateModified":"2024-12-13T18:15:43+00:00","description":"Disponibilizamos para voc\u00ea um modelo de peti\u00e7\u00e3o inicial - aposentadoria por idade urbana com averba\u00e7\u00e3o de vinculo n\u00e3o reconhecido pelo INSS.","breadcrumb":{"@id":"https:\/\/advbox.com.br\/blog\/modelos\/peticao-inicial-aposentadoria-por-idade-urbana-com-averbacao-de-vinculo-nao-reconhecido-pelo-inss\/#breadcrumb"},"inLanguage":"pt-BR","potentialAction":[{"@type":"ReadAction","target":["https:\/\/advbox.com.br\/blog\/modelos\/peticao-inicial-aposentadoria-por-idade-urbana-com-averbacao-de-vinculo-nao-reconhecido-pelo-inss\/"]}]},{"@type":"ImageObject","inLanguage":"pt-BR","@id":"https:\/\/advbox.com.br\/blog\/modelos\/peticao-inicial-aposentadoria-por-idade-urbana-com-averbacao-de-vinculo-nao-reconhecido-pelo-inss\/#primaryimage","url":"https:\/\/advbox.com.br\/blog\/wp-content\/uploads\/2021\/04\/peticao-advbox-8.jpg","contentUrl":"https:\/\/advbox.com.br\/blog\/wp-content\/uploads\/2021\/04\/peticao-advbox-8.jpg","width":626,"height":417,"caption":"Peti\u00e7\u00e3o trabalhista"},{"@type":"BreadcrumbList","@id":"https:\/\/advbox.com.br\/blog\/modelos\/peticao-inicial-aposentadoria-por-idade-urbana-com-averbacao-de-vinculo-nao-reconhecido-pelo-inss\/#breadcrumb","itemListElement":[{"@type":"ListItem","position":1,"name":"In\u00edcio","item":"https:\/\/advbox.com.br\/blog\/"},{"@type":"ListItem","position":2,"name":"Modelos","item":"https:\/\/advbox.com.br\/blog\/modelos\/"},{"@type":"ListItem","position":3,"name":"Modelo de peti\u00e7\u00e3o inicial &#8211; aposentadoria por idade urbana com averba\u00e7\u00e3o de vinculo n\u00e3o reconhecido pelo INSS"}]},{"@type":"WebSite","@id":"https:\/\/advbox.com.br\/blog\/#website","url":"https:\/\/advbox.com.br\/blog\/","name":"Software Jur\u00eddico Completo - ADVBOX","description":"Plataforma para Advocacia Digital","publisher":{"@id":"https:\/\/advbox.com.br\/blog\/#organization"},"potentialAction":[{"@type":"SearchAction","target":{"@type":"EntryPoint","urlTemplate":"https:\/\/advbox.com.br\/blog\/?s={search_term_string}"},"query-input":{"@type":"PropertyValueSpecification","valueRequired":true,"valueName":"search_term_string"}}],"inLanguage":"pt-BR"},{"@type":"Organization","@id":"https:\/\/advbox.com.br\/blog\/#organization","name":"ADVBOX Blog - Software jur\u00eddico da advocacia digital","url":"https:\/\/advbox.com.br\/blog\/","logo":{"@type":"ImageObject","inLanguage":"pt-BR","@id":"https:\/\/advbox.com.br\/blog\/#\/schema\/logo\/image\/","url":"https:\/\/advbox.com.br\/blog\/wp-content\/uploads\/2019\/12\/Como-aumentar-a-produtividade_.jpg","contentUrl":"https:\/\/advbox.com.br\/blog\/wp-content\/uploads\/2019\/12\/Como-aumentar-a-produtividade_.jpg","width":320,"height":213,"caption":"ADVBOX Blog - Software jur\u00eddico da advocacia digital"},"image":{"@id":"https:\/\/advbox.com.br\/blog\/#\/schema\/logo\/image\/"},"sameAs":["https:\/\/www.facebook.com\/advbox\/","https:\/\/x.com\/advbox2"]}]}},"_links":{"self":[{"href":"https:\/\/advbox.com.br\/blog\/wp-json\/wp\/v2\/modelos\/678","targetHints":{"allow":["GET"]}}],"collection":[{"href":"https:\/\/advbox.com.br\/blog\/wp-json\/wp\/v2\/modelos"}],"about":[{"href":"https:\/\/advbox.com.br\/blog\/wp-json\/wp\/v2\/types\/modelos"}],"author":[{"embeddable":true,"href":"https:\/\/advbox.com.br\/blog\/wp-json\/wp\/v2\/users\/11"}],"replies":[{"embeddable":true,"href":"https:\/\/advbox.com.br\/blog\/wp-json\/wp\/v2\/comments?post=678"}],"version-history":[{"count":3,"href":"https:\/\/advbox.com.br\/blog\/wp-json\/wp\/v2\/modelos\/678\/revisions"}],"predecessor-version":[{"id":69960,"href":"https:\/\/advbox.com.br\/blog\/wp-json\/wp\/v2\/modelos\/678\/revisions\/69960"}],"wp:featuredmedia":[{"embeddable":true,"href":"https:\/\/advbox.com.br\/blog\/wp-json\/wp\/v2\/media\/29744"}],"wp:attachment":[{"href":"https:\/\/advbox.com.br\/blog\/wp-json\/wp\/v2\/media?parent=678"}],"wp:term":[{"taxonomy":"modelo_category","embeddable":true,"href":"https:\/\/advbox.com.br\/blog\/wp-json\/wp\/v2\/modelo_category?post=678"}],"curies":[{"name":"wp","href":"https:\/\/api.w.org\/{rel}","templated":true}]}}