{"id":689,"date":"2018-01-15T11:41:57","date_gmt":"2018-01-15T13:41:57","guid":{"rendered":"https:\/\/advbox.com.br\/blog\/?post_type=modelos&#038;p=689"},"modified":"2025-11-25T14:54:08","modified_gmt":"2025-11-25T17:54:08","slug":"peticao-inicial-auxilio-acidente","status":"publish","type":"modelos","link":"https:\/\/advbox.com.br\/blog\/modelos\/peticao-inicial-auxilio-acidente\/","title":{"rendered":"Peti\u00e7\u00e3o Inicial &#8211; Aux\u00edlio Acidente"},"content":{"rendered":"<p class=\"has-text-align-center\"><strong>EXCELENT\u00cdSSIMO(A) SENHOR(A) DOUTOR(A) JUIZ(IZA) FEDERAL DA VARA FEDERAL DE MUNIC\u00cdPIO\/UF.<\/strong><\/p><p class=\"has-text-align-left\">NOME DO CLIENTE, brasileiro(a), estado civil, ocupa\u00e7\u00e3o, portador(a) do RG n\u00ba, inscrito(a) no CPF sob o n\u00ba, residente e domiciliado na Rua , n\u00ba , Bairro , Cidade\/UF, CEP, por seus advogados que esta subscrevem, com escrit\u00f3rio profissional na, n\u00ba, Bairro, cidade\/UF, onde recebem intima\u00e7\u00f5es e notifica\u00e7\u00f5es, vem \u00e0 presen\u00e7a de Vossa Excel\u00eancia requerer a presente<\/p><p class=\"has-text-align-left\">A\u00c7\u00c3O PREVIDENCI\u00c1RIA PARA CONCESS\u00c3O DE AUX\u00cdLIO ACIDENTE, com fundamento no Art. 86 da Lei n\u00ba. 8213\/91, em face do,<\/p><p class=\"has-text-align-left\">INSTITUTO NACIONAL DO SEGURO SOCIAL, com endere\u00e7o na, n\u00ba , bairro, municipio\/UF, CEP, ante os motivos de fato e de direito, que a seguir passa a expor e ao final requerer:<\/p><p class=\"has-text-align-left\">I. DOS FATOS<\/p><p class=\"has-text-align-left\">O requerente sofreu acidente de trabalho em dd\/mm\/aaaa que resultou na perda do dedo indicador e do dedo mediano da m\u00e3o direita. Recebeu o benef\u00edcio Auxilio Acidente NB [n\u00famero do benef\u00edcio] em dd\/mm\/aaaa, beneficio este que foi concedido at\u00e926\/03\/1996. Contudo o requerente restou at\u00e9 a presente data com sequelas na sua m\u00e3o direita.<\/p><p class=\"has-text-align-left\">DA ACUMULA\u00c7\u00c3O DA APOSENTADORIA COM O AUXILIO ACIDENTE<\/p><p class=\"has-text-align-left\">O autor recebe a aposentadoria por tempo de contribui\u00e7\u00e3o NB 42\/ [n\u00famero do benef\u00edcio], com DER em dd\/mm\/aaaa. E fez jus ao Auxilio Acidente NB [n\u00famero do benef\u00edcio], em 18\/10\/1995 que perdurou at\u00e9 26\/03\/1996.<\/p><p>Entre as provas para comprova\u00e7\u00e3o do direito a parte autora juntou ao processo:<\/p><p>( )\u00a0 Protocolo de requerimento de benef\u00edcio;<br>( ) Carta de indeferimento do benef\u00edcio;<br>( ) Carta de concess\u00e3o do aux\u00edlio-doen\u00e7a;<br>( ) C\u00f3pia da Carteira de Trabalho e Previd\u00eancia Social;<br>( ) Carn\u00eas de contribui\u00e7\u00e3o para a Previd\u00eancia Social;<br>( ) Laudo m\u00e9dico atestando a exist\u00eancia de sequela decorrente de acidente;<br>( ) ___________________________________.<\/p><p class=\"has-text-align-left\">A acumula\u00e7\u00e3o do auxilio acidente juntamente com a aposentadoria por invalidez, \u00e9 poss\u00edvel, pois o acidente ocorreu antes da edi\u00e7\u00e3o da MP 1.596\/97, convertida na Lei 9.528\/97. A les\u00e3o incapacitante que \u00e9 o principal crit\u00e9rio para defini\u00e7\u00e3o da concess\u00e3o do beneficio, se da no momento em que ocorreu o acidente, em 18\/10\/1995.<\/p><p class=\"has-text-align-left\">S\u00daMULA N\u00ba 65, DE 5 DE JULHO DE 2012 (*)<\/p><p class=\"has-text-align-left\">&#8220;Para a acumula\u00e7\u00e3o do aux\u00edlio-acidente com proventos de aposentadoria, a les\u00e3o incapacitante e a concess\u00e3o da aposentadoria devem ser anteriores as altera\u00e7\u00f5es inseridas no art. 86 \u00a7 2\u00ba, da Lei 8.213\/91, pela Medida Provis\u00f3ria n\u00ba 1.596-14, convertida na Lei n\u00ba 9.528\/97.&#8221;<\/p><p>Todavia, o requerente faz jus ao beneficio de auxilio acidente cumulado com a j\u00e1 concedida aposentadoria por tempo de contribui\u00e7\u00e3o.<\/p><p>DO DIREITO DO EMPREGADO DOM\u00c9STICO AO AUXILIO ACIDENTE<\/p><p>Os argumentos de que o beneficio auxilio acidente n\u00e3o s\u00e3o devidos aos empregados dom\u00e9sticos, n\u00e3o devem mais prosperar. Pois a Emenda Constitucional n.\u00ba 72, de 2013, passou a prever a aplica\u00e7\u00e3o do inciso XXVIII do art. 7.\u00bado Texto Constitucional aos dom\u00e9sticos no inciso relativo aos seguros referentes aos acidentes do trabalho.<\/p><p>A reda\u00e7\u00e3o do par\u00e1grafo \u00fanico do art. 7.\u00ba da Carta Magna passou a prever:<br>&#8220;S\u00e3o assegurados \u00e0 categoria dos trabalhadores dom\u00e9sticos os direitos previstos nos incisos IV, VI, VII, VIII, X, XIII, XV, XVI, XVII, XVIII, XIX, XXI, XXII, XXIV, XXVI, XXX, XXXI e XXXIII e, atendidas as condi\u00e7\u00f5es estabelecidas em lei e observada a simplifica\u00e7\u00e3o do cumprimento das obriga\u00e7\u00f5es tribut\u00e1rias, principais e acess\u00f3rias, decorrentes da rela\u00e7\u00e3o de trabalho e suas peculiaridades, os previstos nos incisos I, II, III, IX, XII, XXV e XXVIII, bem como a sua integra\u00e7\u00e3o \u00e0 previd\u00eancia social.&#8221;<\/p><p>Quanto \u00e0 concess\u00e3o aos segurados que tiverem preenchidos os requisitos previamente a EC 72\/13, o STF j\u00e1 vem decidindo em casos an\u00e1logos o direito a concess\u00e3o de benef\u00edcio com as regras anteriores a regulamenta\u00e7\u00e3o.<\/p><p>BENEF\u00cdCIO PREVIDENCI\u00c1RIO \u2013 PENS\u00c3O \u2013 VI\u00daVO \u2013 PRECEITO CONSTITUCIONAL DE EFIC\u00c1CIA<br>CONDICIONADA \u2013 MORTE \u2013 REGULAMENTA\u00c7\u00c3O POSTERIOR \u2013 IRRELEV\u00c2NCIA \u2013 ARTIGO 201,<br>INCISO V, DA CARTA FEDERAL. A circunst\u00e2ncia de a morte do segurado haver ocorrido em data anterior \u00e0 regulamenta\u00e7\u00e3o do preceito constitucional n\u00e3o afasta o direito \u00e0 pens\u00e3o, devendo ser observados os par\u00e2metros que passaram a viger. Precedentes: Agravo Regimental no Recurso Extraordin\u00e1rio n.\u00ba 366.246\/PA, Relator Ministro Marco Aur\u00e9lio, Primeira Turma; e, Agravo Regimental no Recurso Extraordin\u00e1rio n.\u00ba 385.397\/MG, Relator Ministro Sep\u00falveda Pertence, Plen\u00e1rio.<\/p><p class=\"has-text-align-left\">Todavia, o requerente faz jus ao beneficio de auxilio acidente, mesmo estando filiado na condi\u00e7\u00e3o de empregado dom\u00e9stico.<\/p><p class=\"has-text-align-left\">DA INCAPACIDADE<\/p><p class=\"has-text-align-left\">O requerente sofreu um acidente de trabalho enquanto laborava como ajudante geral na empresa [nome da empresa], tendo o trabalhador esmagado os dedos da m\u00e3o direita quando fazia uso de uma m\u00e1quina, o que ocorreu em 1995, na cidade de Novo Hamburgo.<\/p><p class=\"has-text-align-left\">Por falta de conhecimento a respeito, e por medo da empresa demiti-lo, tendo em vista que foi imprudente ao realizar tarefa que n\u00e3o lhe cabia, o autor n\u00e3o procurou o direito ao benef\u00edcio.<\/p><p class=\"has-text-align-left\">Como pode se depreender, com a sequela de n\u00e3o conseguir usar perfeitamente sua m\u00e3o, decorrente do acidente, o autor teve a capacidade de trabalho diminu\u00edda, em muito, advindo da\u00ed in\u00fameros problemas no seu cotidiano. Importante salientar que \u00e9 direito do requerente \u00e0 manuten\u00e7\u00e3o de sua perfeita anat\u00f4mica, \u00e0 qual se associa a integridade funcional, considerada a globalidade do ser humano, n\u00e3o delimitada apenas pelo exerc\u00edcio temporal e eventual de um emprego.<\/p><p class=\"has-text-align-left\">Portanto, resta claro quea perda dos dedos mediano e indicador da m\u00e3o direita, em decorr\u00eancia de sinistro do trabalho, ainda que implique em redu\u00e7\u00e3o apenas m\u00ednima da capacidade laborativa, goza de prote\u00e7\u00e3o acident\u00e1ria, por acarretar, automaticamente, em necessidade de disp\u00eandio de mais esfor\u00e7o para o exerc\u00edcio das atividades laborais.<\/p><p class=\"has-text-align-left\">Da mesma maneira, afirma a jurisprud\u00eancia:<\/p><p class=\"has-text-align-left\">A\u00c7\u00c3O ACIDENT\u00c1RIA. AMPUTA\u00c7\u00c3O PARCIAL DO TERCEIRO DEDO DA M\u00c3O DIREITA. PER\u00cdCIA QUE NEGA A REDU\u00c7\u00c3O DA CAPACIDADE LABORAL. CONCLUS\u00c3O EQUIVOCADA. AUX\u00cdLIO-ACIDENTE DEVIDO. TERMO INICIAL. CORRE\u00c7\u00c3O MONET\u00c1RIA. JUROS DE MORA. RECURSO PROVIDO.<br>\u00c9 equivocada a conclus\u00e3o pericial que nega a exist\u00eancia de redu\u00e7\u00e3o da capacidade laboral de obreira que, em acidente t\u00edpico, sofreu a amputa\u00e7\u00e3o parcial de dedo da m\u00e3o, pois que \u201ca m\u00e3o funciona como um conjunto harm\u00f4nico, em que cada um dos dedos tem fun\u00e7\u00e3o pr\u00f3pria e ajuda os outros na tarefa de apreens\u00e3o dos objetos, movimenta\u00e7\u00e3o e posicionamento das estruturas a serem trabalhadas e manuseadas. A altera\u00e7\u00e3o funcional de um deles acarreta o disp\u00eandio de energia\u201d (RT 700\/117).<br>A perda parcial, mesmo m\u00ednima, de dedo da m\u00e3o rende ensejo \u00e0 percep\u00e7\u00e3o do aux\u00edlio-acidente (AC n\u00ba 2009.041671-2, de Jaragu\u00e1 do Sul, rel. Des. Newton Janke, julgado em 8.9.2009).<\/p><p class=\"has-text-align-left\">Desta forma, resta evidente, a necessidade da concess\u00e3o do benef\u00edcio ao requerente, haja vista, a comprova\u00e7\u00e3o de sua incapacidade parcial e permanente decorrente de acidente de trabalho.<\/p><p class=\"has-text-align-left\">DA CAR\u00caNCIA<\/p><p class=\"has-text-align-left\">O requerente sempre contribuiu junto \u00e0 Autarquia Previdenci\u00e1ria, fazendo jus ao benef\u00edcio de Aux\u00edlio Acidente e possuindo a car\u00eancia necess\u00e1ria para sua concess\u00e3o, uma vez que, contribu\u00eda quando da ocorr\u00eancia do acidente, assim como recolhe contribui\u00e7\u00f5es at\u00e9 os dias atuais.<\/p><p class=\"has-text-align-left\">Portanto, resta evidente a exigibilidade da concess\u00e3o do benef\u00edcio pleiteado, j\u00e1 que o requerente j\u00e1 estava inscrito na Previd\u00eancia antes do acidente laboral, assim como n\u00e3o perdeu a qualidade de segurado.<\/p><p class=\"has-text-align-left\">II \u2013DO DIREITO<\/p><p class=\"has-text-align-left\">O artigo 86, da Lei n\u00ba. 8213\/91 assim disp\u00f5em:<\/p><p class=\"has-text-align-left\">\u201cArt. 86. O aux\u00edlio-acidente ser\u00e1 concedido, como indeniza\u00e7\u00e3o, ao segurado quando, ap\u00f3s consolida\u00e7\u00e3o das les\u00f5es decorrentes de acidente de qualquer natureza, resultarem seq\u00fcelas que impliquem redu\u00e7\u00e3o da capacidade para o trabalho que habitualmente exercia.<br>(&#8230;)<br>\u00a7 2\u00ba O aux\u00edlio-acidente ser\u00e1 devido a partir do dia seguinte ao da cessa\u00e7\u00e3o do aux\u00edlio-doen\u00e7a, independentemente de qualquer remunera\u00e7\u00e3o ou rendimento auferido pelo acidentado, vedada sua acumula\u00e7\u00e3o com qualquer aposentadoria.\u201d<\/p><p class=\"has-text-align-left\">Da mesma forma, o artigo 104 do Decreto 3.048 de 06.05.1999 tamb\u00e9m disp\u00f5e:<\/p><p class=\"has-text-align-left\">\u201cArt. 104. O aux\u00edlio-acidente ser\u00e1 concedido, como indeniza\u00e7\u00e3o, ao segurado empregado, exceto o dom\u00e9stico, ao trabalhador avulso, ao segurado especial e ao m\u00e9dico-residente quando, ap\u00f3s a consolida\u00e7\u00e3o das les\u00f5es decorrentes de acidente de qualquer natureza, resultar seq\u00fcela definitiva que implique:<br>I &#8211; redu\u00e7\u00e3o da capacidade para o trabalho que habitualmente exerciam e se enquadre nas situa\u00e7\u00f5es discriminadas no Anexo III;<br>II &#8211; redu\u00e7\u00e3o da capacidade para o trabalho que habitualmente exerciam e exija maior esfor\u00e7o para o desempenho da mesma atividade que exerciam \u00e0 \u00e9poca do acidente; ou<br>III &#8211; impossibilidade de desempenho da atividade que exerciam \u00e0 \u00e9poca do acidente, por\u00e9m permita o desempenho de outra, ap\u00f3s processo de reabilita\u00e7\u00e3o profissional, nos casos indicados pela per\u00edcia m\u00e9dica do Instituto Nacional do Seguro Social. \u201c<\/p><p class=\"has-text-align-left\">O caso em tela comprova, atrav\u00e9s dos documentos juntados que o autor necessita e faz jus ao benef\u00edcio pleiteado.<\/p><p class=\"has-text-align-left\">IV\u2013DA ANTECIPA\u00c7\u00c3O DE TUTELA&#8230;<\/p><p>(&#8230;).<\/p><figure class=\"wp-block-image size-large\"><a href=\"https:\/\/advbox.com.br\/\" target=\"_blank\"><img fetchpriority=\"high\" decoding=\"async\" width=\"1024\" height=\"309\" src=\"https:\/\/advbox.com.br\/blog\/wp-content\/uploads\/2018\/08\/cta-nova-trial-1024x309.png\" alt=\"\" class=\"wp-image-15975\" srcset=\"https:\/\/advbox.com.br\/blog\/wp-content\/uploads\/2018\/08\/cta-nova-trial.png 1024w, https:\/\/advbox.com.br\/blog\/wp-content\/uploads\/2018\/08\/cta-nova-trial-300x91.png 300w, https:\/\/advbox.com.br\/blog\/wp-content\/uploads\/2018\/08\/cta-nova-trial-768x232.png 768w\" sizes=\"(max-width: 1024px) 100vw, 1024px\" \/><\/a><\/figure>\n","protected":false},"excerpt":{"rendered":"<p>EXCELENT\u00cdSSIMO(A) SENHOR(A) DOUTOR(A) JUIZ(IZA) FEDERAL DA VARA FEDERAL DE MUNIC\u00cdPIO\/UF. NOME DO CLIENTE, brasileiro(a), estado civil, ocupa\u00e7\u00e3o, portador(a) do RG n\u00ba, inscrito(a) no CPF sob o n\u00ba, residente e domiciliado na Rua , n\u00ba , Bairro , Cidade\/UF, CEP, por seus advogados que esta subscrevem, com escrit\u00f3rio profissional na, n\u00ba, [&hellip;]<\/p>\n","protected":false},"author":11,"featured_media":31756,"comment_status":"closed","ping_status":"closed","template":"","meta":{"_acf_changed":false,"om_disable_all_campaigns":false,"footnotes":""},"modelo_category":[1457],"class_list":["post-689","modelos","type-modelos","status-publish","has-post-thumbnail","hentry","modelo_category-direito"],"acf":[],"yoast_head":"<!-- This site is optimized with the Yoast SEO plugin v26.9 - https:\/\/yoast.com\/product\/yoast-seo-wordpress\/ -->\n<title>Peti\u00e7\u00e3o Inicial de Aux\u00edlio Acidente<\/title>\n<meta name=\"description\" content=\"Confira o modelo de peti\u00e7\u00e3o para aux\u00edlio-acidente e automatize as peti\u00e7\u00f5es do seu escrit\u00f3rio, agilizando a rotina jur\u00eddica.\" \/>\n<meta name=\"robots\" content=\"index, follow, max-snippet:-1, max-image-preview:large, max-video-preview:-1\" \/>\n<link rel=\"canonical\" href=\"https:\/\/advbox.com.br\/blog\/modelos\/peticao-inicial-auxilio-acidente\/\" \/>\n<meta property=\"og:locale\" content=\"pt_BR\" \/>\n<meta property=\"og:type\" content=\"article\" \/>\n<meta property=\"og:title\" content=\"Peti\u00e7\u00e3o Inicial de Aux\u00edlio Acidente\" \/>\n<meta property=\"og:description\" content=\"Confira o modelo de peti\u00e7\u00e3o para aux\u00edlio-acidente e automatize as peti\u00e7\u00f5es do seu escrit\u00f3rio, agilizando a rotina jur\u00eddica.\" \/>\n<meta property=\"og:url\" content=\"https:\/\/advbox.com.br\/blog\/modelos\/peticao-inicial-auxilio-acidente\/\" \/>\n<meta property=\"og:site_name\" content=\"Software Jur\u00eddico Completo - ADVBOX\" \/>\n<meta property=\"article:publisher\" content=\"https:\/\/www.facebook.com\/advbox\/\" \/>\n<meta property=\"article:modified_time\" content=\"2025-11-25T17:54:08+00:00\" \/>\n<meta property=\"og:image\" content=\"https:\/\/advbox.com.br\/blog\/wp-content\/uploads\/2021\/05\/uberizacao-advocacia-precarizacao-do-trabalho.jpg\" \/>\n\t<meta property=\"og:image:width\" content=\"965\" \/>\n\t<meta property=\"og:image:height\" content=\"644\" \/>\n\t<meta property=\"og:image:type\" content=\"image\/jpeg\" \/>\n<meta name=\"twitter:card\" content=\"summary_large_image\" \/>\n<meta name=\"twitter:site\" content=\"@advbox2\" \/>\n<script type=\"application\/ld+json\" class=\"yoast-schema-graph\">{\"@context\":\"https:\/\/schema.org\",\"@graph\":[{\"@type\":\"WebPage\",\"@id\":\"https:\/\/advbox.com.br\/blog\/modelos\/peticao-inicial-auxilio-acidente\/\",\"url\":\"https:\/\/advbox.com.br\/blog\/modelos\/peticao-inicial-auxilio-acidente\/\",\"name\":\"Peti\u00e7\u00e3o Inicial de Aux\u00edlio Acidente\",\"isPartOf\":{\"@id\":\"https:\/\/advbox.com.br\/blog\/#website\"},\"primaryImageOfPage\":{\"@id\":\"https:\/\/advbox.com.br\/blog\/modelos\/peticao-inicial-auxilio-acidente\/#primaryimage\"},\"image\":{\"@id\":\"https:\/\/advbox.com.br\/blog\/modelos\/peticao-inicial-auxilio-acidente\/#primaryimage\"},\"thumbnailUrl\":\"https:\/\/advbox.com.br\/blog\/wp-content\/uploads\/2021\/05\/uberizacao-advocacia-precarizacao-do-trabalho.jpg\",\"datePublished\":\"2018-01-15T13:41:57+00:00\",\"dateModified\":\"2025-11-25T17:54:08+00:00\",\"description\":\"Confira o modelo de peti\u00e7\u00e3o para aux\u00edlio-acidente e automatize as peti\u00e7\u00f5es do seu escrit\u00f3rio, agilizando a rotina jur\u00eddica.\",\"breadcrumb\":{\"@id\":\"https:\/\/advbox.com.br\/blog\/modelos\/peticao-inicial-auxilio-acidente\/#breadcrumb\"},\"inLanguage\":\"pt-BR\",\"potentialAction\":[{\"@type\":\"ReadAction\",\"target\":[\"https:\/\/advbox.com.br\/blog\/modelos\/peticao-inicial-auxilio-acidente\/\"]}]},{\"@type\":\"ImageObject\",\"inLanguage\":\"pt-BR\",\"@id\":\"https:\/\/advbox.com.br\/blog\/modelos\/peticao-inicial-auxilio-acidente\/#primaryimage\",\"url\":\"https:\/\/advbox.com.br\/blog\/wp-content\/uploads\/2021\/05\/uberizacao-advocacia-precarizacao-do-trabalho.jpg\",\"contentUrl\":\"https:\/\/advbox.com.br\/blog\/wp-content\/uploads\/2021\/05\/uberizacao-advocacia-precarizacao-do-trabalho.jpg\",\"width\":965,\"height\":644,\"caption\":\"Trabalho intermitente\"},{\"@type\":\"BreadcrumbList\",\"@id\":\"https:\/\/advbox.com.br\/blog\/modelos\/peticao-inicial-auxilio-acidente\/#breadcrumb\",\"itemListElement\":[{\"@type\":\"ListItem\",\"position\":1,\"name\":\"In\u00edcio\",\"item\":\"https:\/\/advbox.com.br\/blog\/\"},{\"@type\":\"ListItem\",\"position\":2,\"name\":\"Modelos\",\"item\":\"https:\/\/advbox.com.br\/blog\/modelos\/\"},{\"@type\":\"ListItem\",\"position\":3,\"name\":\"Peti\u00e7\u00e3o Inicial &#8211; Aux\u00edlio Acidente\"}]},{\"@type\":\"WebSite\",\"@id\":\"https:\/\/advbox.com.br\/blog\/#website\",\"url\":\"https:\/\/advbox.com.br\/blog\/\",\"name\":\"Software Jur\u00eddico Completo - ADVBOX\",\"description\":\"Plataforma para Advocacia Digital\",\"publisher\":{\"@id\":\"https:\/\/advbox.com.br\/blog\/#organization\"},\"potentialAction\":[{\"@type\":\"SearchAction\",\"target\":{\"@type\":\"EntryPoint\",\"urlTemplate\":\"https:\/\/advbox.com.br\/blog\/?s={search_term_string}\"},\"query-input\":{\"@type\":\"PropertyValueSpecification\",\"valueRequired\":true,\"valueName\":\"search_term_string\"}}],\"inLanguage\":\"pt-BR\"},{\"@type\":\"Organization\",\"@id\":\"https:\/\/advbox.com.br\/blog\/#organization\",\"name\":\"ADVBOX Blog - Software jur\u00eddico da advocacia digital\",\"url\":\"https:\/\/advbox.com.br\/blog\/\",\"logo\":{\"@type\":\"ImageObject\",\"inLanguage\":\"pt-BR\",\"@id\":\"https:\/\/advbox.com.br\/blog\/#\/schema\/logo\/image\/\",\"url\":\"https:\/\/advbox.com.br\/blog\/wp-content\/uploads\/2019\/12\/Como-aumentar-a-produtividade_.jpg\",\"contentUrl\":\"https:\/\/advbox.com.br\/blog\/wp-content\/uploads\/2019\/12\/Como-aumentar-a-produtividade_.jpg\",\"width\":320,\"height\":213,\"caption\":\"ADVBOX Blog - Software jur\u00eddico da advocacia digital\"},\"image\":{\"@id\":\"https:\/\/advbox.com.br\/blog\/#\/schema\/logo\/image\/\"},\"sameAs\":[\"https:\/\/www.facebook.com\/advbox\/\",\"https:\/\/x.com\/advbox2\"]}]}<\/script>\n<!-- \/ Yoast SEO plugin. -->","yoast_head_json":{"title":"Peti\u00e7\u00e3o Inicial de Aux\u00edlio Acidente","description":"Confira o modelo de peti\u00e7\u00e3o para aux\u00edlio-acidente e automatize as peti\u00e7\u00f5es do seu escrit\u00f3rio, agilizando a rotina jur\u00eddica.","robots":{"index":"index","follow":"follow","max-snippet":"max-snippet:-1","max-image-preview":"max-image-preview:large","max-video-preview":"max-video-preview:-1"},"canonical":"https:\/\/advbox.com.br\/blog\/modelos\/peticao-inicial-auxilio-acidente\/","og_locale":"pt_BR","og_type":"article","og_title":"Peti\u00e7\u00e3o Inicial de Aux\u00edlio Acidente","og_description":"Confira o modelo de peti\u00e7\u00e3o para aux\u00edlio-acidente e automatize as peti\u00e7\u00f5es do seu escrit\u00f3rio, agilizando a rotina jur\u00eddica.","og_url":"https:\/\/advbox.com.br\/blog\/modelos\/peticao-inicial-auxilio-acidente\/","og_site_name":"Software Jur\u00eddico Completo - ADVBOX","article_publisher":"https:\/\/www.facebook.com\/advbox\/","article_modified_time":"2025-11-25T17:54:08+00:00","og_image":[{"width":965,"height":644,"url":"https:\/\/advbox.com.br\/blog\/wp-content\/uploads\/2021\/05\/uberizacao-advocacia-precarizacao-do-trabalho.jpg","type":"image\/jpeg"}],"twitter_card":"summary_large_image","twitter_site":"@advbox2","schema":{"@context":"https:\/\/schema.org","@graph":[{"@type":"WebPage","@id":"https:\/\/advbox.com.br\/blog\/modelos\/peticao-inicial-auxilio-acidente\/","url":"https:\/\/advbox.com.br\/blog\/modelos\/peticao-inicial-auxilio-acidente\/","name":"Peti\u00e7\u00e3o Inicial de Aux\u00edlio Acidente","isPartOf":{"@id":"https:\/\/advbox.com.br\/blog\/#website"},"primaryImageOfPage":{"@id":"https:\/\/advbox.com.br\/blog\/modelos\/peticao-inicial-auxilio-acidente\/#primaryimage"},"image":{"@id":"https:\/\/advbox.com.br\/blog\/modelos\/peticao-inicial-auxilio-acidente\/#primaryimage"},"thumbnailUrl":"https:\/\/advbox.com.br\/blog\/wp-content\/uploads\/2021\/05\/uberizacao-advocacia-precarizacao-do-trabalho.jpg","datePublished":"2018-01-15T13:41:57+00:00","dateModified":"2025-11-25T17:54:08+00:00","description":"Confira o modelo de peti\u00e7\u00e3o para aux\u00edlio-acidente e automatize as peti\u00e7\u00f5es do seu escrit\u00f3rio, agilizando a rotina jur\u00eddica.","breadcrumb":{"@id":"https:\/\/advbox.com.br\/blog\/modelos\/peticao-inicial-auxilio-acidente\/#breadcrumb"},"inLanguage":"pt-BR","potentialAction":[{"@type":"ReadAction","target":["https:\/\/advbox.com.br\/blog\/modelos\/peticao-inicial-auxilio-acidente\/"]}]},{"@type":"ImageObject","inLanguage":"pt-BR","@id":"https:\/\/advbox.com.br\/blog\/modelos\/peticao-inicial-auxilio-acidente\/#primaryimage","url":"https:\/\/advbox.com.br\/blog\/wp-content\/uploads\/2021\/05\/uberizacao-advocacia-precarizacao-do-trabalho.jpg","contentUrl":"https:\/\/advbox.com.br\/blog\/wp-content\/uploads\/2021\/05\/uberizacao-advocacia-precarizacao-do-trabalho.jpg","width":965,"height":644,"caption":"Trabalho intermitente"},{"@type":"BreadcrumbList","@id":"https:\/\/advbox.com.br\/blog\/modelos\/peticao-inicial-auxilio-acidente\/#breadcrumb","itemListElement":[{"@type":"ListItem","position":1,"name":"In\u00edcio","item":"https:\/\/advbox.com.br\/blog\/"},{"@type":"ListItem","position":2,"name":"Modelos","item":"https:\/\/advbox.com.br\/blog\/modelos\/"},{"@type":"ListItem","position":3,"name":"Peti\u00e7\u00e3o Inicial &#8211; Aux\u00edlio Acidente"}]},{"@type":"WebSite","@id":"https:\/\/advbox.com.br\/blog\/#website","url":"https:\/\/advbox.com.br\/blog\/","name":"Software Jur\u00eddico Completo - ADVBOX","description":"Plataforma para Advocacia Digital","publisher":{"@id":"https:\/\/advbox.com.br\/blog\/#organization"},"potentialAction":[{"@type":"SearchAction","target":{"@type":"EntryPoint","urlTemplate":"https:\/\/advbox.com.br\/blog\/?s={search_term_string}"},"query-input":{"@type":"PropertyValueSpecification","valueRequired":true,"valueName":"search_term_string"}}],"inLanguage":"pt-BR"},{"@type":"Organization","@id":"https:\/\/advbox.com.br\/blog\/#organization","name":"ADVBOX Blog - Software jur\u00eddico da advocacia digital","url":"https:\/\/advbox.com.br\/blog\/","logo":{"@type":"ImageObject","inLanguage":"pt-BR","@id":"https:\/\/advbox.com.br\/blog\/#\/schema\/logo\/image\/","url":"https:\/\/advbox.com.br\/blog\/wp-content\/uploads\/2019\/12\/Como-aumentar-a-produtividade_.jpg","contentUrl":"https:\/\/advbox.com.br\/blog\/wp-content\/uploads\/2019\/12\/Como-aumentar-a-produtividade_.jpg","width":320,"height":213,"caption":"ADVBOX Blog - Software jur\u00eddico da advocacia digital"},"image":{"@id":"https:\/\/advbox.com.br\/blog\/#\/schema\/logo\/image\/"},"sameAs":["https:\/\/www.facebook.com\/advbox\/","https:\/\/x.com\/advbox2"]}]}},"_links":{"self":[{"href":"https:\/\/advbox.com.br\/blog\/wp-json\/wp\/v2\/modelos\/689","targetHints":{"allow":["GET"]}}],"collection":[{"href":"https:\/\/advbox.com.br\/blog\/wp-json\/wp\/v2\/modelos"}],"about":[{"href":"https:\/\/advbox.com.br\/blog\/wp-json\/wp\/v2\/types\/modelos"}],"author":[{"embeddable":true,"href":"https:\/\/advbox.com.br\/blog\/wp-json\/wp\/v2\/users\/11"}],"replies":[{"embeddable":true,"href":"https:\/\/advbox.com.br\/blog\/wp-json\/wp\/v2\/comments?post=689"}],"version-history":[{"count":3,"href":"https:\/\/advbox.com.br\/blog\/wp-json\/wp\/v2\/modelos\/689\/revisions"}],"predecessor-version":[{"id":79310,"href":"https:\/\/advbox.com.br\/blog\/wp-json\/wp\/v2\/modelos\/689\/revisions\/79310"}],"wp:featuredmedia":[{"embeddable":true,"href":"https:\/\/advbox.com.br\/blog\/wp-json\/wp\/v2\/media\/31756"}],"wp:attachment":[{"href":"https:\/\/advbox.com.br\/blog\/wp-json\/wp\/v2\/media?parent=689"}],"wp:term":[{"taxonomy":"modelo_category","embeddable":true,"href":"https:\/\/advbox.com.br\/blog\/wp-json\/wp\/v2\/modelo_category?post=689"}],"curies":[{"name":"wp","href":"https:\/\/api.w.org\/{rel}","templated":true}]}}