{"id":692,"date":"2018-01-15T11:48:05","date_gmt":"2018-01-15T13:48:05","guid":{"rendered":"https:\/\/advbox.com.br\/blog\/?post_type=modelos&#038;p=692"},"modified":"2024-12-13T15:21:25","modified_gmt":"2024-12-13T18:21:25","slug":"petico-inicial-auxilio-doenca-e-aposentadoria-por-invalidez-em-doenca-de-desenvolvimento-progressivo","status":"publish","type":"modelos","link":"https:\/\/advbox.com.br\/blog\/modelos\/petico-inicial-auxilio-doenca-e-aposentadoria-por-invalidez-em-doenca-de-desenvolvimento-progressivo\/","title":{"rendered":"Modelo de peti\u00e7\u00e3o inicial &#8211; aux\u00edlio doen\u00e7a e aposentadoria por invalidez em doen\u00e7a de desenvolvimento progressivo"},"content":{"rendered":"<p class=\"has-text-align-center\"><strong>EXCELENT\u00cdSSIMO(A) SENHOR(A) DOUTOR(A) JUIZ(IZA) FEDERAL DA VARA FEDERAL DE MUNIC\u00cdPIO\/UF.<\/strong><\/p><p class=\"has-text-align-left\">NOME DO CLIENTE, brasileiro(a), estado civil, ocupa\u00e7\u00e3o, portador(a) do RG n\u00ba, inscrito(a) no CPF sob o n\u00ba, residente e domiciliado na Rua , n\u00ba , Bairro , Cidade\/UF, CEP, por seus advogados que esta subscrevem, com escrit\u00f3rio profissional na, n\u00ba, Bairro, cidade\/UF, onde recebem intima\u00e7\u00f5es e notifica\u00e7\u00f5es \u00e0 presen\u00e7a de Vossa Excel\u00eancia requerer a presente<\/p><p class=\"has-text-align-left\">A\u00c7\u00c3O PREVIDENCI\u00c1RIA PARA CONCESS\u00c3O DE BENEFICIO POR INCAPACIDADE com fundamento na Constitui\u00e7\u00e3o Federal, art. 201, e na Lei 8213\/91, art. 42 e 59 da Lei 8213\/91, em face do,<\/p><p class=\"has-text-align-left\">INSTITUTO NACIONAL DO SEGURO SOCIAL, com endere\u00e7o na rua, n\u00ba , bairro, munic\u00edpio\/UF, CEP, ante os motivos de fato e de direito, que a seguir passa a expor e ao final requerer:<\/p><p class=\"has-text-align-left\">BENEFICIO: [n\u00famero do benef\u00edcio]<br>CESSA\u00c7\u00c3O: 30\/11\/2008<br>CID: [n\u00famero da CID] \u2013 [nome da doen\u00e7a]<br>DESENVOLVIMENTO PROGRESSIVO: SIM<br>DATA DIAGN\u00d3STICO: 05\/2005<\/p><p class=\"has-text-align-left\">I. DOS FATOS<\/p><p class=\"has-text-align-left\">O requerente teve diagnosticado HIV em 2005, sendo que sentia-se bem e por esse motivo continuou trabalhando.<\/p><p class=\"has-text-align-left\">Ocorre que em 05\/2005 come\u00e7ou a sentir-se fraco e debilitado, n\u00e3o conseguindo mais realizar as suas atividades profissionais e entrou com pedido de benef\u00edcio de Aux\u00edlio Doen\u00e7a Previdenci\u00e1rio junto \u00e0 Autarquia Previdenci\u00e1ria.<\/p><p class=\"has-text-align-left\">DO DIAGN\u00d3STICO DA DOEN\u00c7A E DA INCAPACIDADE LABORAL<\/p><p class=\"has-text-align-left\">A incapacidade do requerente \u00e9 total e permanente, j\u00e1 que est\u00e1 acometido de grave doen\u00e7a terminal.<\/p><p class=\"has-text-align-left\">A empresa rescindiu o contrato de trabalho na \u00faltima vez que o autor se apresentou para trabalhar, ap\u00f3s o indeferimento do benef\u00edcio.<\/p><p class=\"has-text-align-left\">O Autor \u00e9 portador de HIV, e enfrenta o preconceito social com a doen\u00e7a, haja vista que, mesmo nas fases que est\u00e1 apto ao trabalho, n\u00e3o consegue ser reinserido no mercado, motivo pelo qual resta inabilitado para suas fun\u00e7\u00f5es.<\/p><p>DA CONDI\u00c7\u00c3O SOCIAL HIV<\/p><p>No entendimento j\u00e1 pacificado na Turma Nacional, no caso dos portadores do HIV, mesmo os assintom\u00e1ticos, a incapacidade transcende a mera limita\u00e7\u00e3o f\u00edsica, e repercute na esfera social do requerente\u00a0segregando-o do mercado de trabalho.<\/p><p>De acordo com a s\u00famula n\u00b0 78 do TNU:<\/p><p>\u201cComprovado que o requerente de benef\u00edcio \u00e9 portador do v\u00edrus HIV, cabe ao julgador verificar as condi\u00e7\u00f5es pessoais, sociais, econ\u00f4micas e culturais, de forma a analisar a incapacidade em sentido amplo, em face da elevada estigmatiza\u00e7\u00e3o social da doen\u00e7a.\u201d<\/p><p>Assim sendo, o autor n\u00e3o apresenta as condi\u00e7\u00f5es m\u00ednimas de continuar exercendo suas atividades profissionais, devido sua incapacidade laboral.<\/p><p class=\"has-text-align-left\">DA CAR\u00caNCIA E DA QUALIDADE DE SEGURADO<\/p><p class=\"has-text-align-left\">A doen\u00e7a \u00e9 isenta de car\u00eancia, pois constante na lista de doen\u00e7as graves.<\/p><p class=\"has-text-align-left\">Quanto \u00e0 qualidade de segurado, verifica-se que o autor possui, estava com a CTPS assinada quando foi diagnosticado.<\/p><p class=\"has-text-align-left\">Portanto, o requerente possui a car\u00eancia necess\u00e1ria, assim como n\u00e3o perdeu a qualidade de segurado, uma vez que, estava contribuindo quando restou incapaz para o trabalho.<\/p><p class=\"has-text-align-left\">II \u2013 DO DIREITO<\/p><p class=\"has-text-align-left\">O artigo 59, da Lei n\u00ba. 8213\/91 assim disp\u00f5em:<\/p><p class=\"has-text-align-left\">Art. 59. O aux\u00edlio-doen\u00e7a ser\u00e1 devido \u00e0 segurada que, havendo cumprido, quando for o caso, o per\u00edodo de car\u00eancia exigido nesta Lei, ficar incapacitado para o seu trabalho ou para a sua atividade habitual por mais de 15 (quinze) dias consecutivos.<\/p><p class=\"has-text-align-left\">J\u00e1 o art. 42 da mesma lei reza:<\/p><p class=\"has-text-align-left\">Art. 42. A aposentadoria por invalidez, uma vez cumprida, quando for o caso, a car\u00eancia exigida, ser\u00e1 devida ao segurado que, estando ou n\u00e3o em gozo de aux\u00edlio-doen\u00e7a, for considerado incapaz e insuscept\u00edvel de reabilita\u00e7\u00e3o para o exerc\u00edcio de atividade que lhe garanta a subsist\u00eancia, e ser-lhe-\u00e1 paga enquanto permanecer nesta condi\u00e7\u00e3o.<\/p><p class=\"has-text-align-left\">Caso a incapacidade do requerente seja considerada parcial e tempor\u00e1ria em per\u00edcia m\u00e9dica realizada por este ju\u00edzo, seja concedido o aux\u00edlio-acidente, conforme disp\u00f5e o art. 86 da Lei 8.213\/91:<\/p><p class=\"has-text-align-left\">Art. 86. O aux\u00edlio-acidente ser\u00e1 concedido, como indeniza\u00e7\u00e3o, ao segurado quando, ap\u00f3s consolida\u00e7\u00e3o das les\u00f5es decorrentes de acidente de qualquer natureza, resultar seq\u00fcelas que impliquem redu\u00e7\u00e3o da capacidade para o trabalho que habitualmente exercia.<\/p><p class=\"has-text-align-left\">O caso em tela comprova, atrav\u00e9s dos documentos juntados que o requerente necessita e faz jus ao benef\u00edcio por incapacidade, devendo ficar apontado pela per\u00edcia m\u00e9dica especializada qual \u00e9 o grau e temporaneidade de sua incapacita\u00e7\u00e3o, a fim de concess\u00e3o do benef\u00edcio mais adequado.<\/p><p class=\"has-text-align-left\">Assim, de acordo com o resultado da per\u00edcia m\u00e9dica, requer a parte autora a concess\u00e3o do benef\u00edcio por incapacidade mais adequado.<\/p><p><strong>III \u2013 DA TUTELA PROVIS\u00d3RIA DE URG\u00caNCIA&#8230;<\/strong><\/p><p>(&#8230;).<\/p><p class=\"has-text-align-left\"><\/p><figure class=\"wp-block-image size-large\"><a href=\"https:\/\/advbox.com.br\/\" target=\"_blank\"><img fetchpriority=\"high\" decoding=\"async\" width=\"1024\" height=\"309\" src=\"https:\/\/advbox.com.br\/blog\/wp-content\/uploads\/2018\/08\/cta-nova-trial-1024x309.png\" alt=\"\" class=\"wp-image-15975\" srcset=\"https:\/\/advbox.com.br\/blog\/wp-content\/uploads\/2018\/08\/cta-nova-trial.png 1024w, https:\/\/advbox.com.br\/blog\/wp-content\/uploads\/2018\/08\/cta-nova-trial-300x91.png 300w, https:\/\/advbox.com.br\/blog\/wp-content\/uploads\/2018\/08\/cta-nova-trial-768x232.png 768w\" sizes=\"(max-width: 1024px) 100vw, 1024px\" \/><\/a><\/figure>\n","protected":false},"excerpt":{"rendered":"<p>EXCELENT\u00cdSSIMO(A) SENHOR(A) DOUTOR(A) JUIZ(IZA) FEDERAL DA VARA FEDERAL DE MUNIC\u00cdPIO\/UF. NOME DO CLIENTE, brasileiro(a), estado civil, ocupa\u00e7\u00e3o, portador(a) do RG n\u00ba, inscrito(a) no CPF sob o n\u00ba, residente e domiciliado na Rua , n\u00ba , Bairro , Cidade\/UF, CEP, por seus advogados que esta subscrevem, com escrit\u00f3rio profissional na, n\u00ba, [&hellip;]<\/p>\n","protected":false},"author":11,"featured_media":33127,"comment_status":"closed","ping_status":"closed","template":"","meta":{"_acf_changed":false,"om_disable_all_campaigns":false,"footnotes":""},"modelo_category":[1457],"class_list":["post-692","modelos","type-modelos","status-publish","has-post-thumbnail","hentry","modelo_category-direito"],"acf":[],"yoast_head":"<!-- This site is optimized with the Yoast SEO plugin v26.9 - https:\/\/yoast.com\/product\/yoast-seo-wordpress\/ -->\n<title>Peti\u00e7\u00e3o inicial aux\u00edlio doen\u00e7a e aposentadoria por invalidez<\/title>\n<meta name=\"description\" content=\"Disponibilizamos para voc\u00ea um modelo de peti\u00e7\u00e3o inicial - aux\u00edlio doen\u00e7a e aposentadoria por invalidez em doen\u00e7a de desenvolvimento progressivo.\" \/>\n<meta name=\"robots\" content=\"index, follow, max-snippet:-1, max-image-preview:large, max-video-preview:-1\" \/>\n<link rel=\"canonical\" href=\"https:\/\/advbox.com.br\/blog\/modelos\/petico-inicial-auxilio-doenca-e-aposentadoria-por-invalidez-em-doenca-de-desenvolvimento-progressivo\/\" \/>\n<meta property=\"og:locale\" content=\"pt_BR\" \/>\n<meta property=\"og:type\" content=\"article\" \/>\n<meta property=\"og:title\" content=\"Peti\u00e7\u00e3o inicial aux\u00edlio doen\u00e7a e aposentadoria por invalidez\" \/>\n<meta property=\"og:description\" content=\"Disponibilizamos para voc\u00ea um modelo de peti\u00e7\u00e3o inicial - aux\u00edlio doen\u00e7a e aposentadoria por invalidez em doen\u00e7a de desenvolvimento progressivo.\" \/>\n<meta property=\"og:url\" content=\"https:\/\/advbox.com.br\/blog\/modelos\/petico-inicial-auxilio-doenca-e-aposentadoria-por-invalidez-em-doenca-de-desenvolvimento-progressivo\/\" \/>\n<meta property=\"og:site_name\" content=\"Software Jur\u00eddico Completo - ADVBOX\" \/>\n<meta property=\"article:publisher\" content=\"https:\/\/www.facebook.com\/advbox\/\" \/>\n<meta property=\"article:modified_time\" content=\"2024-12-13T18:21:25+00:00\" \/>\n<meta property=\"og:image\" content=\"https:\/\/advbox.com.br\/blog\/wp-content\/uploads\/2021\/05\/teletrabalho.jpg\" \/>\n\t<meta property=\"og:image:width\" content=\"672\" \/>\n\t<meta property=\"og:image:height\" content=\"448\" \/>\n\t<meta property=\"og:image:type\" content=\"image\/jpeg\" \/>\n<meta name=\"twitter:card\" content=\"summary_large_image\" \/>\n<meta name=\"twitter:site\" content=\"@advbox2\" \/>\n<script type=\"application\/ld+json\" class=\"yoast-schema-graph\">{\"@context\":\"https:\/\/schema.org\",\"@graph\":[{\"@type\":\"WebPage\",\"@id\":\"https:\/\/advbox.com.br\/blog\/modelos\/petico-inicial-auxilio-doenca-e-aposentadoria-por-invalidez-em-doenca-de-desenvolvimento-progressivo\/\",\"url\":\"https:\/\/advbox.com.br\/blog\/modelos\/petico-inicial-auxilio-doenca-e-aposentadoria-por-invalidez-em-doenca-de-desenvolvimento-progressivo\/\",\"name\":\"Peti\u00e7\u00e3o inicial aux\u00edlio doen\u00e7a e aposentadoria por invalidez\",\"isPartOf\":{\"@id\":\"https:\/\/advbox.com.br\/blog\/#website\"},\"primaryImageOfPage\":{\"@id\":\"https:\/\/advbox.com.br\/blog\/modelos\/petico-inicial-auxilio-doenca-e-aposentadoria-por-invalidez-em-doenca-de-desenvolvimento-progressivo\/#primaryimage\"},\"image\":{\"@id\":\"https:\/\/advbox.com.br\/blog\/modelos\/petico-inicial-auxilio-doenca-e-aposentadoria-por-invalidez-em-doenca-de-desenvolvimento-progressivo\/#primaryimage\"},\"thumbnailUrl\":\"https:\/\/advbox.com.br\/blog\/wp-content\/uploads\/2021\/05\/teletrabalho.jpg\",\"datePublished\":\"2018-01-15T13:48:05+00:00\",\"dateModified\":\"2024-12-13T18:21:25+00:00\",\"description\":\"Disponibilizamos para voc\u00ea um modelo de peti\u00e7\u00e3o inicial - aux\u00edlio doen\u00e7a e aposentadoria por invalidez em doen\u00e7a de desenvolvimento progressivo.\",\"breadcrumb\":{\"@id\":\"https:\/\/advbox.com.br\/blog\/modelos\/petico-inicial-auxilio-doenca-e-aposentadoria-por-invalidez-em-doenca-de-desenvolvimento-progressivo\/#breadcrumb\"},\"inLanguage\":\"pt-BR\",\"potentialAction\":[{\"@type\":\"ReadAction\",\"target\":[\"https:\/\/advbox.com.br\/blog\/modelos\/petico-inicial-auxilio-doenca-e-aposentadoria-por-invalidez-em-doenca-de-desenvolvimento-progressivo\/\"]}]},{\"@type\":\"ImageObject\",\"inLanguage\":\"pt-BR\",\"@id\":\"https:\/\/advbox.com.br\/blog\/modelos\/petico-inicial-auxilio-doenca-e-aposentadoria-por-invalidez-em-doenca-de-desenvolvimento-progressivo\/#primaryimage\",\"url\":\"https:\/\/advbox.com.br\/blog\/wp-content\/uploads\/2021\/05\/teletrabalho.jpg\",\"contentUrl\":\"https:\/\/advbox.com.br\/blog\/wp-content\/uploads\/2021\/05\/teletrabalho.jpg\",\"width\":672,\"height\":448,\"caption\":\"teletrabalho - transforma\u00e7\u00e3o digital na advocacia\"},{\"@type\":\"BreadcrumbList\",\"@id\":\"https:\/\/advbox.com.br\/blog\/modelos\/petico-inicial-auxilio-doenca-e-aposentadoria-por-invalidez-em-doenca-de-desenvolvimento-progressivo\/#breadcrumb\",\"itemListElement\":[{\"@type\":\"ListItem\",\"position\":1,\"name\":\"In\u00edcio\",\"item\":\"https:\/\/advbox.com.br\/blog\/\"},{\"@type\":\"ListItem\",\"position\":2,\"name\":\"Modelos\",\"item\":\"https:\/\/advbox.com.br\/blog\/modelos\/\"},{\"@type\":\"ListItem\",\"position\":3,\"name\":\"Modelo de peti\u00e7\u00e3o inicial &#8211; aux\u00edlio doen\u00e7a e aposentadoria por invalidez em doen\u00e7a de desenvolvimento progressivo\"}]},{\"@type\":\"WebSite\",\"@id\":\"https:\/\/advbox.com.br\/blog\/#website\",\"url\":\"https:\/\/advbox.com.br\/blog\/\",\"name\":\"Software Jur\u00eddico Completo - ADVBOX\",\"description\":\"Plataforma para Advocacia Digital\",\"publisher\":{\"@id\":\"https:\/\/advbox.com.br\/blog\/#organization\"},\"potentialAction\":[{\"@type\":\"SearchAction\",\"target\":{\"@type\":\"EntryPoint\",\"urlTemplate\":\"https:\/\/advbox.com.br\/blog\/?s={search_term_string}\"},\"query-input\":{\"@type\":\"PropertyValueSpecification\",\"valueRequired\":true,\"valueName\":\"search_term_string\"}}],\"inLanguage\":\"pt-BR\"},{\"@type\":\"Organization\",\"@id\":\"https:\/\/advbox.com.br\/blog\/#organization\",\"name\":\"ADVBOX Blog - Software jur\u00eddico da advocacia digital\",\"url\":\"https:\/\/advbox.com.br\/blog\/\",\"logo\":{\"@type\":\"ImageObject\",\"inLanguage\":\"pt-BR\",\"@id\":\"https:\/\/advbox.com.br\/blog\/#\/schema\/logo\/image\/\",\"url\":\"https:\/\/advbox.com.br\/blog\/wp-content\/uploads\/2019\/12\/Como-aumentar-a-produtividade_.jpg\",\"contentUrl\":\"https:\/\/advbox.com.br\/blog\/wp-content\/uploads\/2019\/12\/Como-aumentar-a-produtividade_.jpg\",\"width\":320,\"height\":213,\"caption\":\"ADVBOX Blog - Software jur\u00eddico da advocacia digital\"},\"image\":{\"@id\":\"https:\/\/advbox.com.br\/blog\/#\/schema\/logo\/image\/\"},\"sameAs\":[\"https:\/\/www.facebook.com\/advbox\/\",\"https:\/\/x.com\/advbox2\"]}]}<\/script>\n<!-- \/ Yoast SEO plugin. -->","yoast_head_json":{"title":"Peti\u00e7\u00e3o inicial aux\u00edlio doen\u00e7a e aposentadoria por invalidez","description":"Disponibilizamos para voc\u00ea um modelo de peti\u00e7\u00e3o inicial - aux\u00edlio doen\u00e7a e aposentadoria por invalidez em doen\u00e7a de desenvolvimento progressivo.","robots":{"index":"index","follow":"follow","max-snippet":"max-snippet:-1","max-image-preview":"max-image-preview:large","max-video-preview":"max-video-preview:-1"},"canonical":"https:\/\/advbox.com.br\/blog\/modelos\/petico-inicial-auxilio-doenca-e-aposentadoria-por-invalidez-em-doenca-de-desenvolvimento-progressivo\/","og_locale":"pt_BR","og_type":"article","og_title":"Peti\u00e7\u00e3o inicial aux\u00edlio doen\u00e7a e aposentadoria por invalidez","og_description":"Disponibilizamos para voc\u00ea um modelo de peti\u00e7\u00e3o inicial - aux\u00edlio doen\u00e7a e aposentadoria por invalidez em doen\u00e7a de desenvolvimento progressivo.","og_url":"https:\/\/advbox.com.br\/blog\/modelos\/petico-inicial-auxilio-doenca-e-aposentadoria-por-invalidez-em-doenca-de-desenvolvimento-progressivo\/","og_site_name":"Software Jur\u00eddico Completo - ADVBOX","article_publisher":"https:\/\/www.facebook.com\/advbox\/","article_modified_time":"2024-12-13T18:21:25+00:00","og_image":[{"width":672,"height":448,"url":"https:\/\/advbox.com.br\/blog\/wp-content\/uploads\/2021\/05\/teletrabalho.jpg","type":"image\/jpeg"}],"twitter_card":"summary_large_image","twitter_site":"@advbox2","schema":{"@context":"https:\/\/schema.org","@graph":[{"@type":"WebPage","@id":"https:\/\/advbox.com.br\/blog\/modelos\/petico-inicial-auxilio-doenca-e-aposentadoria-por-invalidez-em-doenca-de-desenvolvimento-progressivo\/","url":"https:\/\/advbox.com.br\/blog\/modelos\/petico-inicial-auxilio-doenca-e-aposentadoria-por-invalidez-em-doenca-de-desenvolvimento-progressivo\/","name":"Peti\u00e7\u00e3o inicial aux\u00edlio doen\u00e7a e aposentadoria por invalidez","isPartOf":{"@id":"https:\/\/advbox.com.br\/blog\/#website"},"primaryImageOfPage":{"@id":"https:\/\/advbox.com.br\/blog\/modelos\/petico-inicial-auxilio-doenca-e-aposentadoria-por-invalidez-em-doenca-de-desenvolvimento-progressivo\/#primaryimage"},"image":{"@id":"https:\/\/advbox.com.br\/blog\/modelos\/petico-inicial-auxilio-doenca-e-aposentadoria-por-invalidez-em-doenca-de-desenvolvimento-progressivo\/#primaryimage"},"thumbnailUrl":"https:\/\/advbox.com.br\/blog\/wp-content\/uploads\/2021\/05\/teletrabalho.jpg","datePublished":"2018-01-15T13:48:05+00:00","dateModified":"2024-12-13T18:21:25+00:00","description":"Disponibilizamos para voc\u00ea um modelo de peti\u00e7\u00e3o inicial - aux\u00edlio doen\u00e7a e aposentadoria por invalidez em doen\u00e7a de desenvolvimento progressivo.","breadcrumb":{"@id":"https:\/\/advbox.com.br\/blog\/modelos\/petico-inicial-auxilio-doenca-e-aposentadoria-por-invalidez-em-doenca-de-desenvolvimento-progressivo\/#breadcrumb"},"inLanguage":"pt-BR","potentialAction":[{"@type":"ReadAction","target":["https:\/\/advbox.com.br\/blog\/modelos\/petico-inicial-auxilio-doenca-e-aposentadoria-por-invalidez-em-doenca-de-desenvolvimento-progressivo\/"]}]},{"@type":"ImageObject","inLanguage":"pt-BR","@id":"https:\/\/advbox.com.br\/blog\/modelos\/petico-inicial-auxilio-doenca-e-aposentadoria-por-invalidez-em-doenca-de-desenvolvimento-progressivo\/#primaryimage","url":"https:\/\/advbox.com.br\/blog\/wp-content\/uploads\/2021\/05\/teletrabalho.jpg","contentUrl":"https:\/\/advbox.com.br\/blog\/wp-content\/uploads\/2021\/05\/teletrabalho.jpg","width":672,"height":448,"caption":"teletrabalho - transforma\u00e7\u00e3o digital na advocacia"},{"@type":"BreadcrumbList","@id":"https:\/\/advbox.com.br\/blog\/modelos\/petico-inicial-auxilio-doenca-e-aposentadoria-por-invalidez-em-doenca-de-desenvolvimento-progressivo\/#breadcrumb","itemListElement":[{"@type":"ListItem","position":1,"name":"In\u00edcio","item":"https:\/\/advbox.com.br\/blog\/"},{"@type":"ListItem","position":2,"name":"Modelos","item":"https:\/\/advbox.com.br\/blog\/modelos\/"},{"@type":"ListItem","position":3,"name":"Modelo de peti\u00e7\u00e3o inicial &#8211; aux\u00edlio doen\u00e7a e aposentadoria por invalidez em doen\u00e7a de desenvolvimento progressivo"}]},{"@type":"WebSite","@id":"https:\/\/advbox.com.br\/blog\/#website","url":"https:\/\/advbox.com.br\/blog\/","name":"Software Jur\u00eddico Completo - ADVBOX","description":"Plataforma para Advocacia Digital","publisher":{"@id":"https:\/\/advbox.com.br\/blog\/#organization"},"potentialAction":[{"@type":"SearchAction","target":{"@type":"EntryPoint","urlTemplate":"https:\/\/advbox.com.br\/blog\/?s={search_term_string}"},"query-input":{"@type":"PropertyValueSpecification","valueRequired":true,"valueName":"search_term_string"}}],"inLanguage":"pt-BR"},{"@type":"Organization","@id":"https:\/\/advbox.com.br\/blog\/#organization","name":"ADVBOX Blog - Software jur\u00eddico da advocacia digital","url":"https:\/\/advbox.com.br\/blog\/","logo":{"@type":"ImageObject","inLanguage":"pt-BR","@id":"https:\/\/advbox.com.br\/blog\/#\/schema\/logo\/image\/","url":"https:\/\/advbox.com.br\/blog\/wp-content\/uploads\/2019\/12\/Como-aumentar-a-produtividade_.jpg","contentUrl":"https:\/\/advbox.com.br\/blog\/wp-content\/uploads\/2019\/12\/Como-aumentar-a-produtividade_.jpg","width":320,"height":213,"caption":"ADVBOX Blog - Software jur\u00eddico da advocacia digital"},"image":{"@id":"https:\/\/advbox.com.br\/blog\/#\/schema\/logo\/image\/"},"sameAs":["https:\/\/www.facebook.com\/advbox\/","https:\/\/x.com\/advbox2"]}]}},"_links":{"self":[{"href":"https:\/\/advbox.com.br\/blog\/wp-json\/wp\/v2\/modelos\/692","targetHints":{"allow":["GET"]}}],"collection":[{"href":"https:\/\/advbox.com.br\/blog\/wp-json\/wp\/v2\/modelos"}],"about":[{"href":"https:\/\/advbox.com.br\/blog\/wp-json\/wp\/v2\/types\/modelos"}],"author":[{"embeddable":true,"href":"https:\/\/advbox.com.br\/blog\/wp-json\/wp\/v2\/users\/11"}],"replies":[{"embeddable":true,"href":"https:\/\/advbox.com.br\/blog\/wp-json\/wp\/v2\/comments?post=692"}],"version-history":[{"count":4,"href":"https:\/\/advbox.com.br\/blog\/wp-json\/wp\/v2\/modelos\/692\/revisions"}],"predecessor-version":[{"id":69966,"href":"https:\/\/advbox.com.br\/blog\/wp-json\/wp\/v2\/modelos\/692\/revisions\/69966"}],"wp:featuredmedia":[{"embeddable":true,"href":"https:\/\/advbox.com.br\/blog\/wp-json\/wp\/v2\/media\/33127"}],"wp:attachment":[{"href":"https:\/\/advbox.com.br\/blog\/wp-json\/wp\/v2\/media?parent=692"}],"wp:term":[{"taxonomy":"modelo_category","embeddable":true,"href":"https:\/\/advbox.com.br\/blog\/wp-json\/wp\/v2\/modelo_category?post=692"}],"curies":[{"name":"wp","href":"https:\/\/api.w.org\/{rel}","templated":true}]}}