{"id":28227,"date":"2021-04-12T15:23:57","date_gmt":"2021-04-12T18:23:57","guid":{"rendered":"https:\/\/advbox.com.br\/blog\/?page_id=28227"},"modified":"2025-12-29T12:13:07","modified_gmt":"2025-12-29T15:13:07","slug":"familia-peticao-homologacao-de-acordo-de-guarda-compartilhada","status":"publish","type":"page","link":"https:\/\/advbox.com.br\/blog\/familia-peticao-homologacao-de-acordo-de-guarda-compartilhada\/","title":{"rendered":"PETI\u00c7\u00c3O &#8211; HOMOLOGA\u00c7\u00c3O DE ACORDO DE GUARDA COMPARTILHADA"},"content":{"rendered":"\n<p>Todo advogado sabe que n\u00e3o \u00e9 f\u00e1cil fazer um&nbsp;<strong>bom banco de modelos de peti\u00e7\u00f5es, que atenda as especificidades dos diferentes processos&nbsp;<\/strong>no dia a dia do trabalho jur\u00eddico.<\/p>\n\n\n\n<p>Isso exige muito tempo gasto com a pesquisa de peti\u00e7\u00f5es, organiza\u00e7\u00e3o dos arquivos e tamb\u00e9m com a atualiza\u00e7\u00e3o das pe\u00e7as conforme mudan\u00e7as de jurisprud\u00eancia regional ou altera\u00e7\u00f5es em entendimentos de tribunais superiores.:<\/p>\n\n\n\n<p>Por\u00e9m, com a plataforma certa para advocacia digital, \u00e9 poss\u00edvel economizar todo esse tempo gasto<strong>. Basta um \u00fanico membro da equipe atualizar ou alterar algum modelo de pe\u00e7a processual no sistema para atualizar para todos usu\u00e1rios da plataforma!<\/strong><\/p>\n\n\n\n<p>Dessa forma \u00e9 poss\u00edvel\u00a0<strong>acelerar a produtividade do trabalho jur\u00eddico<\/strong>\u00a0de maneira bem relevante, al\u00e9m de potencializar ainda mais o crescimento do seu escrit\u00f3rio com os v\u00e1rios outros recursos das ferramentas de advocacia digital.\u00a0<strong>Clique abaixo e saiba mais!<\/strong>\u00a0<\/p>\n\n\n\n<figure class=\"wp-block-image size-full\"><a href=\"https:\/\/blog.advbox.com.br\/como-automatizar-seus-modelos-de-peticoes\/\" target=\"_blank\"><img fetchpriority=\"high\" decoding=\"async\" width=\"1024\" height=\"270\" src=\"https:\/\/advbox.com.br\/blog\/wp-content\/uploads\/2025\/12\/CTA-REBRANDING-17.webp\" alt=\"Banner com imagem ilustrativa de peti\u00e7\u00f5es automatizadas, destacando redu\u00e7\u00e3o de erros e ganho de escala na automa\u00e7\u00e3o jur\u00eddica para advogados\" class=\"wp-image-79760\" srcset=\"https:\/\/advbox.com.br\/blog\/wp-content\/uploads\/2025\/12\/CTA-REBRANDING-17.webp 1024w, https:\/\/advbox.com.br\/blog\/wp-content\/uploads\/2025\/12\/CTA-REBRANDING-17-500x132.webp 500w, https:\/\/advbox.com.br\/blog\/wp-content\/uploads\/2025\/12\/CTA-REBRANDING-17-768x203.webp 768w, https:\/\/advbox.com.br\/blog\/wp-content\/uploads\/2025\/12\/CTA-REBRANDING-17-150x40.webp 150w\" sizes=\"(max-width: 1024px) 100vw, 1024px\" \/><\/a><\/figure>\n\n\n\n<h2 class=\"wp-block-heading\">PETI\u00c7\u00c3O &#8211; HOMOLOGA\u00c7\u00c3O DE ACORDO DE GUARDA COMPARTILHADA<\/h2>\n\n\n\n<p><strong>EXCELENT\u00cdSSIMO(A)&nbsp;SENHOR(A) DOUTOR(A) JUIZ(A)&nbsp;DE DIREITO DA [[Vara]] VARA DE FAM\u00cdLIA E SUCESS\u00d5ES DA&nbsp;[[Comarca]]&nbsp;DE&nbsp;[[Cidade do cliente]]\/[[UF do cliente]].<\/strong><\/p>\n\n\n\n<p><strong>[[Nome do cliente]]<\/strong>, [[Nacionalidade do cliente]],&nbsp;[[Estado civil do cliente]],&nbsp;[[Profiss\u00e3o do cliente]], [[Sexo do cliente]],&nbsp;nascido(a)&nbsp;em&nbsp;[[Data de nascimento do cliente]], &nbsp;inscrito(a) no CPF sob n\u00ba&nbsp;[[CPF\/CNPJ do cliente]], RG sob n\u00ba [[RG do cliente]], residente e domiciliado(a) na&nbsp;[[Endere\u00e7o do cliente]], [[Cidade do cliente]]\/[[UF do cliente]], CEP XXXX,&nbsp;com endere\u00e7o eletr\u00f4nico [[E-mail do cliente]], representado nesta a\u00e7\u00e3o por seu\/sua advogado(a),&nbsp;[[Outorgados]], conforme procura\u00e7\u00e3o anexa, com endere\u00e7o profissional na&nbsp;[[Endere\u00e7o do escrit\u00f3rio]],&nbsp;[[Cidade do escrit\u00f3rio]]\/[[UF do escrit\u00f3rio]], vem respeitosamente \u00e0 presen\u00e7a de Vossa Excel\u00eancia, conforme os fundamentos de fato e de direito postos a seguir, requerer<\/p>\n\n\n\n<p><strong>HOMOLOGA\u00c7\u00c3O DO ACORDO DE GUARDA COMPARTILHADA<\/strong><\/p>\n\n\n\n<p>com fundamento na Lei 13.058\/2014, nos seguintes termos:<\/p>\n\n\n\n<p>(nome dos pais)&nbsp;tiveram um relacionamento amoroso entre os anos de XX&nbsp;e XX.<\/p>\n\n\n\n<p>Desse relacionamento, tiveram 2 (dois) filhos, que s\u00e3o menores de idade:<\/p>\n\n\n\n<ol class=\"wp-block-list\">\n<li>(nome), nascida no dia (data), com 5 (cinco) anos;<\/li>\n\n\n\n<li>(nome), nascido no dia (data), com 3 (tr\u00eas)&nbsp;anos de idade.<\/li>\n<\/ol>\n\n\n\n<p>Fulana e Ciclano se divorciaram e estabeleceram, de comum acordo, que a guarda dos filhos dever\u00e1 ser compartilhada nos termos a seguir:<\/p>\n\n\n\n<p>a) Os filhos residir\u00e3o na casa de (nome);<\/p>\n\n\n\n<p>b) (nome) dever\u00e1 buscar os filhos na escola nas ter\u00e7as e quintas feiras;<\/p>\n\n\n\n<p>c) Aos finais de semana, os genitores alternam quem fica com os filhos, ficando (nome) no primeiro e terceiro finais de semana do m\u00eas, e (nome) no segundo e \u00faltimo finais de semana do m\u00eas;<\/p>\n\n\n\n<p>d) Nas f\u00e9rias de meio de ano, os filhos ficar\u00e3o com (nome), e nas f\u00e9rias de fim de ano ficar\u00e3o com (nome);<\/p>\n\n\n\n<p>e) Os filhos passar\u00e3o a festa de Natal dos anos pares e a festa de Ano Novo dos anos \u00edmpares com (nome) e a festa de Natal dos anos \u00edmpares e festa de Ano Novo dos anos pares com (nome).<\/p>\n\n\n\n<p>Nesses termos, requerem seja o <strong>presente acordo homologado<\/strong> para que surta os devidos efeitos legais.<\/p>\n\n\n\n<p>Termos em que,<\/p>\n\n\n\n<p>Pede deferimento.<\/p>\n\n\n\n<p>[[Cidade do escrit\u00f3rio]],&nbsp;[[Dia atual]],&nbsp;[[M\u00eas atual]],&nbsp;[[Ano atual]].<\/p>\n\n\n\n<p><strong>[[Gestores do escrit\u00f3rio]]<\/strong><\/p>\n","protected":false},"excerpt":{"rendered":"<p>Todo advogado sabe que n\u00e3o \u00e9 f\u00e1cil fazer um&nbsp;bom banco de modelos de peti\u00e7\u00f5es, que atenda as especificidades dos diferentes processos&nbsp;no dia a dia do trabalho jur\u00eddico. Isso exige muito tempo gasto com a pesquisa de peti\u00e7\u00f5es, organiza\u00e7\u00e3o dos arquivos e tamb\u00e9m com a atualiza\u00e7\u00e3o das pe\u00e7as conforme mudan\u00e7as de [&hellip;]<\/p>\n","protected":false},"author":44,"featured_media":79776,"parent":0,"menu_order":0,"comment_status":"closed","ping_status":"closed","template":"","meta":{"_acf_changed":false,"om_disable_all_campaigns":false,"footnotes":""},"class_list":["post-28227","page","type-page","status-publish","has-post-thumbnail","hentry"],"acf":[],"yoast_head":"<!-- This site is optimized with the Yoast SEO plugin v26.9 - https:\/\/yoast.com\/product\/yoast-seo-wordpress\/ -->\n<title>HOMOLOGA\u00c7\u00c3O DE ACORDO DE GUARDA COMPARTILHADA<\/title>\n<meta name=\"description\" content=\"PETI\u00c7\u00c3O - HOMOLOGA\u00c7\u00c3O DE ACORDO DE GUARDA COMPARTILHADA - Peti\u00e7\u00f5es, Artigos jur\u00eddicos, jurisprud\u00eancias no site da ADVBOX.\" \/>\n<meta name=\"robots\" content=\"index, follow, max-snippet:-1, max-image-preview:large, max-video-preview:-1\" \/>\n<link rel=\"canonical\" href=\"https:\/\/advbox.com.br\/blog\/familia-peticao-homologacao-de-acordo-de-guarda-compartilhada\/\" \/>\n<meta property=\"og:locale\" content=\"pt_BR\" \/>\n<meta property=\"og:type\" content=\"article\" \/>\n<meta property=\"og:title\" content=\"HOMOLOGA\u00c7\u00c3O DE ACORDO DE GUARDA COMPARTILHADA\" \/>\n<meta property=\"og:description\" content=\"PETI\u00c7\u00c3O - HOMOLOGA\u00c7\u00c3O DE ACORDO DE GUARDA COMPARTILHADA - Peti\u00e7\u00f5es, Artigos jur\u00eddicos, jurisprud\u00eancias no site da ADVBOX.\" \/>\n<meta property=\"og:url\" content=\"https:\/\/advbox.com.br\/blog\/familia-peticao-homologacao-de-acordo-de-guarda-compartilhada\/\" \/>\n<meta property=\"og:site_name\" content=\"Software Jur\u00eddico Completo - ADVBOX\" \/>\n<meta property=\"article:publisher\" content=\"https:\/\/www.facebook.com\/advbox\/\" \/>\n<meta property=\"article:modified_time\" content=\"2025-12-29T15:13:07+00:00\" \/>\n<meta property=\"og:image\" content=\"https:\/\/advbox.com.br\/blog\/wp-content\/uploads\/2025\/12\/sobrestamento-1.jpg\" \/>\n\t<meta property=\"og:image:width\" content=\"1024\" \/>\n\t<meta property=\"og:image:height\" content=\"576\" \/>\n\t<meta property=\"og:image:type\" content=\"image\/jpeg\" \/>\n<meta name=\"twitter:card\" content=\"summary_large_image\" \/>\n<meta name=\"twitter:site\" content=\"@advbox2\" \/>\n<script type=\"application\/ld+json\" class=\"yoast-schema-graph\">{\"@context\":\"https:\/\/schema.org\",\"@graph\":[{\"@type\":\"WebPage\",\"@id\":\"https:\/\/advbox.com.br\/blog\/familia-peticao-homologacao-de-acordo-de-guarda-compartilhada\/\",\"url\":\"https:\/\/advbox.com.br\/blog\/familia-peticao-homologacao-de-acordo-de-guarda-compartilhada\/\",\"name\":\"HOMOLOGA\u00c7\u00c3O DE ACORDO DE GUARDA COMPARTILHADA\",\"isPartOf\":{\"@id\":\"https:\/\/advbox.com.br\/blog\/#website\"},\"primaryImageOfPage\":{\"@id\":\"https:\/\/advbox.com.br\/blog\/familia-peticao-homologacao-de-acordo-de-guarda-compartilhada\/#primaryimage\"},\"image\":{\"@id\":\"https:\/\/advbox.com.br\/blog\/familia-peticao-homologacao-de-acordo-de-guarda-compartilhada\/#primaryimage\"},\"thumbnailUrl\":\"https:\/\/advbox.com.br\/blog\/wp-content\/uploads\/2025\/12\/sobrestamento-1.jpg\",\"datePublished\":\"2021-04-12T18:23:57+00:00\",\"dateModified\":\"2025-12-29T15:13:07+00:00\",\"description\":\"PETI\u00c7\u00c3O - HOMOLOGA\u00c7\u00c3O DE ACORDO DE GUARDA COMPARTILHADA - Peti\u00e7\u00f5es, Artigos jur\u00eddicos, jurisprud\u00eancias no site da ADVBOX.\",\"breadcrumb\":{\"@id\":\"https:\/\/advbox.com.br\/blog\/familia-peticao-homologacao-de-acordo-de-guarda-compartilhada\/#breadcrumb\"},\"inLanguage\":\"pt-BR\",\"potentialAction\":[{\"@type\":\"ReadAction\",\"target\":[\"https:\/\/advbox.com.br\/blog\/familia-peticao-homologacao-de-acordo-de-guarda-compartilhada\/\"]}]},{\"@type\":\"ImageObject\",\"inLanguage\":\"pt-BR\",\"@id\":\"https:\/\/advbox.com.br\/blog\/familia-peticao-homologacao-de-acordo-de-guarda-compartilhada\/#primaryimage\",\"url\":\"https:\/\/advbox.com.br\/blog\/wp-content\/uploads\/2025\/12\/sobrestamento-1.jpg\",\"contentUrl\":\"https:\/\/advbox.com.br\/blog\/wp-content\/uploads\/2025\/12\/sobrestamento-1.jpg\",\"width\":1024,\"height\":576,\"caption\":\"Banner institucional da ADVBOX com elemento visual abstrato em tons de azul, representando estrutura, tecnologia e identidade visual da marca\"},{\"@type\":\"BreadcrumbList\",\"@id\":\"https:\/\/advbox.com.br\/blog\/familia-peticao-homologacao-de-acordo-de-guarda-compartilhada\/#breadcrumb\",\"itemListElement\":[{\"@type\":\"ListItem\",\"position\":1,\"name\":\"In\u00edcio\",\"item\":\"https:\/\/advbox.com.br\/blog\/\"},{\"@type\":\"ListItem\",\"position\":2,\"name\":\"PETI\u00c7\u00c3O &#8211; HOMOLOGA\u00c7\u00c3O DE ACORDO DE GUARDA COMPARTILHADA\"}]},{\"@type\":\"WebSite\",\"@id\":\"https:\/\/advbox.com.br\/blog\/#website\",\"url\":\"https:\/\/advbox.com.br\/blog\/\",\"name\":\"Software Jur\u00eddico Completo - ADVBOX\",\"description\":\"Plataforma para Advocacia Digital\",\"publisher\":{\"@id\":\"https:\/\/advbox.com.br\/blog\/#organization\"},\"potentialAction\":[{\"@type\":\"SearchAction\",\"target\":{\"@type\":\"EntryPoint\",\"urlTemplate\":\"https:\/\/advbox.com.br\/blog\/?s={search_term_string}\"},\"query-input\":{\"@type\":\"PropertyValueSpecification\",\"valueRequired\":true,\"valueName\":\"search_term_string\"}}],\"inLanguage\":\"pt-BR\"},{\"@type\":\"Organization\",\"@id\":\"https:\/\/advbox.com.br\/blog\/#organization\",\"name\":\"ADVBOX Blog - Software jur\u00eddico da advocacia digital\",\"url\":\"https:\/\/advbox.com.br\/blog\/\",\"logo\":{\"@type\":\"ImageObject\",\"inLanguage\":\"pt-BR\",\"@id\":\"https:\/\/advbox.com.br\/blog\/#\/schema\/logo\/image\/\",\"url\":\"https:\/\/advbox.com.br\/blog\/wp-content\/uploads\/2019\/12\/Como-aumentar-a-produtividade_.jpg\",\"contentUrl\":\"https:\/\/advbox.com.br\/blog\/wp-content\/uploads\/2019\/12\/Como-aumentar-a-produtividade_.jpg\",\"width\":320,\"height\":213,\"caption\":\"ADVBOX Blog - Software jur\u00eddico da advocacia digital\"},\"image\":{\"@id\":\"https:\/\/advbox.com.br\/blog\/#\/schema\/logo\/image\/\"},\"sameAs\":[\"https:\/\/www.facebook.com\/advbox\/\",\"https:\/\/x.com\/advbox2\"]}]}<\/script>\n<!-- \/ Yoast SEO plugin. -->","yoast_head_json":{"title":"HOMOLOGA\u00c7\u00c3O DE ACORDO DE GUARDA COMPARTILHADA","description":"PETI\u00c7\u00c3O - HOMOLOGA\u00c7\u00c3O DE ACORDO DE GUARDA COMPARTILHADA - Peti\u00e7\u00f5es, Artigos jur\u00eddicos, jurisprud\u00eancias no site da ADVBOX.","robots":{"index":"index","follow":"follow","max-snippet":"max-snippet:-1","max-image-preview":"max-image-preview:large","max-video-preview":"max-video-preview:-1"},"canonical":"https:\/\/advbox.com.br\/blog\/familia-peticao-homologacao-de-acordo-de-guarda-compartilhada\/","og_locale":"pt_BR","og_type":"article","og_title":"HOMOLOGA\u00c7\u00c3O DE ACORDO DE GUARDA COMPARTILHADA","og_description":"PETI\u00c7\u00c3O - HOMOLOGA\u00c7\u00c3O DE ACORDO DE GUARDA COMPARTILHADA - Peti\u00e7\u00f5es, Artigos jur\u00eddicos, jurisprud\u00eancias no site da ADVBOX.","og_url":"https:\/\/advbox.com.br\/blog\/familia-peticao-homologacao-de-acordo-de-guarda-compartilhada\/","og_site_name":"Software Jur\u00eddico Completo - ADVBOX","article_publisher":"https:\/\/www.facebook.com\/advbox\/","article_modified_time":"2025-12-29T15:13:07+00:00","og_image":[{"width":1024,"height":576,"url":"https:\/\/advbox.com.br\/blog\/wp-content\/uploads\/2025\/12\/sobrestamento-1.jpg","type":"image\/jpeg"}],"twitter_card":"summary_large_image","twitter_site":"@advbox2","schema":{"@context":"https:\/\/schema.org","@graph":[{"@type":"WebPage","@id":"https:\/\/advbox.com.br\/blog\/familia-peticao-homologacao-de-acordo-de-guarda-compartilhada\/","url":"https:\/\/advbox.com.br\/blog\/familia-peticao-homologacao-de-acordo-de-guarda-compartilhada\/","name":"HOMOLOGA\u00c7\u00c3O DE ACORDO DE GUARDA COMPARTILHADA","isPartOf":{"@id":"https:\/\/advbox.com.br\/blog\/#website"},"primaryImageOfPage":{"@id":"https:\/\/advbox.com.br\/blog\/familia-peticao-homologacao-de-acordo-de-guarda-compartilhada\/#primaryimage"},"image":{"@id":"https:\/\/advbox.com.br\/blog\/familia-peticao-homologacao-de-acordo-de-guarda-compartilhada\/#primaryimage"},"thumbnailUrl":"https:\/\/advbox.com.br\/blog\/wp-content\/uploads\/2025\/12\/sobrestamento-1.jpg","datePublished":"2021-04-12T18:23:57+00:00","dateModified":"2025-12-29T15:13:07+00:00","description":"PETI\u00c7\u00c3O - HOMOLOGA\u00c7\u00c3O DE ACORDO DE GUARDA COMPARTILHADA - Peti\u00e7\u00f5es, Artigos jur\u00eddicos, jurisprud\u00eancias no site da ADVBOX.","breadcrumb":{"@id":"https:\/\/advbox.com.br\/blog\/familia-peticao-homologacao-de-acordo-de-guarda-compartilhada\/#breadcrumb"},"inLanguage":"pt-BR","potentialAction":[{"@type":"ReadAction","target":["https:\/\/advbox.com.br\/blog\/familia-peticao-homologacao-de-acordo-de-guarda-compartilhada\/"]}]},{"@type":"ImageObject","inLanguage":"pt-BR","@id":"https:\/\/advbox.com.br\/blog\/familia-peticao-homologacao-de-acordo-de-guarda-compartilhada\/#primaryimage","url":"https:\/\/advbox.com.br\/blog\/wp-content\/uploads\/2025\/12\/sobrestamento-1.jpg","contentUrl":"https:\/\/advbox.com.br\/blog\/wp-content\/uploads\/2025\/12\/sobrestamento-1.jpg","width":1024,"height":576,"caption":"Banner institucional da ADVBOX com elemento visual abstrato em tons de azul, representando estrutura, tecnologia e identidade visual da marca"},{"@type":"BreadcrumbList","@id":"https:\/\/advbox.com.br\/blog\/familia-peticao-homologacao-de-acordo-de-guarda-compartilhada\/#breadcrumb","itemListElement":[{"@type":"ListItem","position":1,"name":"In\u00edcio","item":"https:\/\/advbox.com.br\/blog\/"},{"@type":"ListItem","position":2,"name":"PETI\u00c7\u00c3O &#8211; HOMOLOGA\u00c7\u00c3O DE ACORDO DE GUARDA COMPARTILHADA"}]},{"@type":"WebSite","@id":"https:\/\/advbox.com.br\/blog\/#website","url":"https:\/\/advbox.com.br\/blog\/","name":"Software Jur\u00eddico Completo - ADVBOX","description":"Plataforma para Advocacia Digital","publisher":{"@id":"https:\/\/advbox.com.br\/blog\/#organization"},"potentialAction":[{"@type":"SearchAction","target":{"@type":"EntryPoint","urlTemplate":"https:\/\/advbox.com.br\/blog\/?s={search_term_string}"},"query-input":{"@type":"PropertyValueSpecification","valueRequired":true,"valueName":"search_term_string"}}],"inLanguage":"pt-BR"},{"@type":"Organization","@id":"https:\/\/advbox.com.br\/blog\/#organization","name":"ADVBOX Blog - Software jur\u00eddico da advocacia digital","url":"https:\/\/advbox.com.br\/blog\/","logo":{"@type":"ImageObject","inLanguage":"pt-BR","@id":"https:\/\/advbox.com.br\/blog\/#\/schema\/logo\/image\/","url":"https:\/\/advbox.com.br\/blog\/wp-content\/uploads\/2019\/12\/Como-aumentar-a-produtividade_.jpg","contentUrl":"https:\/\/advbox.com.br\/blog\/wp-content\/uploads\/2019\/12\/Como-aumentar-a-produtividade_.jpg","width":320,"height":213,"caption":"ADVBOX Blog - Software jur\u00eddico da advocacia digital"},"image":{"@id":"https:\/\/advbox.com.br\/blog\/#\/schema\/logo\/image\/"},"sameAs":["https:\/\/www.facebook.com\/advbox\/","https:\/\/x.com\/advbox2"]}]}},"_links":{"self":[{"href":"https:\/\/advbox.com.br\/blog\/wp-json\/wp\/v2\/pages\/28227","targetHints":{"allow":["GET"]}}],"collection":[{"href":"https:\/\/advbox.com.br\/blog\/wp-json\/wp\/v2\/pages"}],"about":[{"href":"https:\/\/advbox.com.br\/blog\/wp-json\/wp\/v2\/types\/page"}],"author":[{"embeddable":true,"href":"https:\/\/advbox.com.br\/blog\/wp-json\/wp\/v2\/users\/44"}],"replies":[{"embeddable":true,"href":"https:\/\/advbox.com.br\/blog\/wp-json\/wp\/v2\/comments?post=28227"}],"version-history":[{"count":6,"href":"https:\/\/advbox.com.br\/blog\/wp-json\/wp\/v2\/pages\/28227\/revisions"}],"predecessor-version":[{"id":80525,"href":"https:\/\/advbox.com.br\/blog\/wp-json\/wp\/v2\/pages\/28227\/revisions\/80525"}],"wp:featuredmedia":[{"embeddable":true,"href":"https:\/\/advbox.com.br\/blog\/wp-json\/wp\/v2\/media\/79776"}],"wp:attachment":[{"href":"https:\/\/advbox.com.br\/blog\/wp-json\/wp\/v2\/media?parent=28227"}],"curies":[{"name":"wp","href":"https:\/\/api.w.org\/{rel}","templated":true}]}}