{"id":53363,"date":"2024-12-18T17:04:51","date_gmt":"2024-12-18T20:04:51","guid":{"rendered":"https:\/\/advbox.com.br\/blog\/?page_id=53363"},"modified":"2026-02-25T21:24:00","modified_gmt":"2026-02-26T00:24:00","slug":"requisitos-da-denuncia","status":"publish","type":"page","link":"https:\/\/advbox.com.br\/blog\/requisitos-da-denuncia\/","title":{"rendered":"Requisitos da den\u00fancia: quais s\u00e3o, prazos e o que caracteriza"},"content":{"rendered":"\n<p>Todo processo penal se inicia por meio da den\u00fancia ou da queixa-crime, que s\u00e3o pe\u00e7as que cont\u00e9m a acusa\u00e7\u00e3o do poss\u00edvel delito ou crime em discuss\u00e3o. Assim, pode surgir a d\u00favida: quais s\u00e3o os principais requisitos da den\u00fancia?<\/p>\n\n\n\n<p>Contudo, voc\u00ea n\u00e3o precisa se preocupar! Pois o artigo a seguir responde todas as poss\u00edveis d\u00favidas sobre o tema.<\/p>\n\n\n\n<p>Mas antes de adentrarmos no escopo do assunto, faremos uma r\u00e1pida diferencia\u00e7\u00e3o entre ambas pe\u00e7as exordiais citadas.<\/p>\n\n\n\n<p>Sabemos que a investiga\u00e7\u00e3o come\u00e7a por meio do inqu\u00e9rito policial e que s\u00f3 depois, caso exista prova de materialidade ou ind\u00edcios de autoria do fato delituoso, se inicia a a\u00e7\u00e3o penal, seja na modalidade p\u00fablica ou na privada.<\/p>\n\n\n\n<p>Na a\u00e7\u00e3o penal p\u00fablica (que poder\u00e1 ser condicionada ou incondicionada), a pe\u00e7a inicial \u00e9 denominada \u201cden\u00fancia\u201d, j\u00e1 na a\u00e7\u00e3o penal privada \u00e9 \u201cqueixa-crime\u201d.<\/p>\n\n\n\n<h2 class=\"wp-block-heading\">O que caracteriza uma den\u00fancia?<\/h2>\n\n\n\n<p>A den\u00fancia \u00e9 o ato formal de acusa\u00e7\u00e3o no processo penal, onde se comunica ao juiz que h\u00e1 evid\u00eancias suficientes para iniciar uma a\u00e7\u00e3o contra algu\u00e9m, acusando-o de um crime. Para ser v\u00e1lida, deve conter a descri\u00e7\u00e3o do fato criminoso, a identifica\u00e7\u00e3o do acusado, a tipifica\u00e7\u00e3o do crime e os ind\u00edcios que liguem o acusado ao delito.<\/p>\n\n\n\n<p>Ou seja, \u00e9 por interm\u00e9dio da den\u00fancia que a a\u00e7\u00e3o penal p\u00fablica inicia. Assim, o membro do Minist\u00e9rio P\u00fablico ir\u00e1 elabor\u00e1-la em face do poss\u00edvel transgressor das leis penais.<\/p>\n\n\n\n<p>Somente ap\u00f3s o recebimento da den\u00fancia pelo magistrado que a defesa atuar\u00e1 de forma t\u00e9cnica em busca da verdade real e dos interesses do denunciado.<\/p>\n\n\n\n<h2 class=\"wp-block-heading\">Quais s\u00e3o os requisitos da den\u00fancia?<\/h2>\n\n\n\n<p>Os requisitos da den\u00fancia est\u00e3o especificados no <a href=\"https:\/\/corpus927.enfam.jus.br\/legislacao\/cpp-41#art-41\" target=\"_blank\">art. 41 do C\u00f3digo de Processo Penal (CPP)<\/a>, com a seguinte reda\u00e7\u00e3o:<\/p>\n\n\n\n<p><em>Art. 41.&nbsp; A den\u00fancia ou queixa conter\u00e1 a exposi\u00e7\u00e3o do fato criminoso, com todas as suas circunst\u00e2ncias, a qualifica\u00e7\u00e3o do acusado ou esclarecimentos pelos quais se possa identific\u00e1-lo, a classifica\u00e7\u00e3o do crime e, quando necess\u00e1rio, o rol das testemunhas<\/em><\/p>\n\n\n\n<p>Com isso, observa-se que o artigo supracitado referente \u00e0 den\u00fancia cont\u00e9m 4 requisitos obrigat\u00f3rios e mais um facultativo, que s\u00f3 ocorrer\u00e1 \u201cquando necess\u00e1rio\u201d.<\/p>\n\n\n\n<h3 class=\"wp-block-heading\">Descri\u00e7\u00e3o dos fatos<\/h3>\n\n\n\n<p>A pe\u00e7a inicial dever\u00e1 expor, com detalhes, o fato criminoso que foi imputado ao denunciado, com as caracter\u00edsticas que o envolvem. Por exemplo, um homic\u00eddio triplamente qualificado por motivo f\u00fatil e\/ou torpe.<\/p>\n\n\n\n<h3 class=\"wp-block-heading\">Qualifica\u00e7\u00e3o do acusado<\/h3>\n\n\n\n<p>Neste caso, o denunciado deve ser qualificado pelo nome completo ou apelido conhecido, estado civil, filia\u00e7\u00e3o, naturalidade, idade, sexo, profiss\u00e3o, ou mais alguma informa\u00e7\u00e3o em que seja poss\u00edvel sua identifica\u00e7\u00e3o pelo Estado.<\/p>\n\n\n\n<p>Entretanto, \u00e9 v\u00e1lido frisar que a qualifica\u00e7\u00e3o poder\u00e1 ser dispensada caso o nome n\u00e3o seja conhecido ou de qualquer outro dado incompleto (o que prev\u00ea o <a href=\"https:\/\/corpus927.enfam.jus.br\/legislacao\/cpp-41#art-259\" target=\"_blank\">art. 259 do CPP<\/a>).<\/p>\n\n\n\n<h3 class=\"wp-block-heading\">Tipifica\u00e7\u00e3o penal<\/h3>\n\n\n\n<p>A den\u00fancia deve especificar qual crime est\u00e1 sendo imputado ao acusado, mencionando o artigo do C\u00f3digo Penal ou de outras leis aplic\u00e1veis, bem como a descri\u00e7\u00e3o do tipo penal que se considera cometido.<\/p>\n\n\n\n<h3 class=\"wp-block-heading\">Fundamenta\u00e7\u00e3o legal<\/h3>\n\n\n\n<p>A den\u00fancia deve estar fundamentada em normas jur\u00eddicas, como as disposi\u00e7\u00f5es do C\u00f3digo Penal, leis especiais ou outros dispositivos que amparem a acusa\u00e7\u00e3o. A fundamenta\u00e7\u00e3o \u00e9 importante para demonstrar que a acusa\u00e7\u00e3o tem respaldo legal e n\u00e3o \u00e9 arbitr\u00e1ria.<\/p>\n\n\n\n<h2 class=\"wp-block-heading\">Qual \u00e9 a import\u00e2ncia da qualifica\u00e7\u00e3o do acusado na den\u00fancia?<\/h2>\n\n\n\n<p><strong>De modo geral, a qualifica\u00e7\u00e3o do acusado na den\u00fancia \u00e9 um requisito essencial para garantir a identifica\u00e7\u00e3o precisa da pessoa acusada, evitando qualquer risco de erro, como imputar um crime a algu\u00e9m equivocado<\/strong>. <\/p>\n\n\n\n<p>Essa identifica\u00e7\u00e3o clara assegura que o acusado tenha pleno conhecimento de quem est\u00e1 sendo apontado como respons\u00e1vel pela pr\u00e1tica do crime, possibilitando que ele se prepare adequadamente para sua defesa.&nbsp;<\/p>\n\n\n\n<p>Al\u00e9m disso, a qualifica\u00e7\u00e3o contribui para a transpar\u00eancia e a legalidade do processo, garantindo que todas as partes envolvidas compreendam quem \u00e9 o acusado e a natureza da acusa\u00e7\u00e3o. O C\u00f3digo de Processo Penal exige que essa qualifica\u00e7\u00e3o seja apresentada na den\u00fancia, tornando-a uma formalidade imprescind\u00edvel para a validade do ato processual.<\/p>\n\n\n\n<h2 class=\"wp-block-heading\">Como deve ser a descri\u00e7\u00e3o dos fatos na den\u00fancia?<\/h2>\n\n\n\n<p><strong>Em resumo, a descri\u00e7\u00e3o dos fatos na den\u00fancia deve ser clara, objetiva e suficientemente detalhada, a fim de assegurar que o processo tenha uma base s\u00f3lida.<\/strong> Portanto, \u00e9 fundamental que a narrativa seja precisa e livre de ambiguidades, para que o juiz e as partes envolvidas compreendam com clareza qual crime foi cometido.&nbsp;<\/p>\n\n\n\n<p>Al\u00e9m disso, a descri\u00e7\u00e3o deve seguir uma sequ\u00eancia cronol\u00f3gica l\u00f3gica, indicando o momento e as circunst\u00e2ncias em que os fatos ocorreram, facilitando o entendimento do desenrolar da a\u00e7\u00e3o criminosa.&nbsp;<\/p>\n\n\n\n<p>Vale destacar que a den\u00fancia tamb\u00e9m deve conter todos os elementos necess\u00e1rios para caracterizar o crime, como a a\u00e7\u00e3o do acusado, o dolo ou a culpa, o objeto do crime e suas consequ\u00eancias. <\/p>\n\n\n\n<p>Quando poss\u00edvel, \u00e9 importante incluir a men\u00e7\u00e3o a provas que corroborem a acusa\u00e7\u00e3o, como documentos e testemunhas, fortalecendo a fundamenta\u00e7\u00e3o da den\u00fancia.<\/p>\n\n\n\n<h2 class=\"wp-block-heading\">Quais s\u00e3o as consequ\u00eancias de uma den\u00fancia mal elaborada?<\/h2>\n\n\n\n<p>Uma den\u00fancia mal elaborada pode acarretar v\u00e1rias consequ\u00eancias jur\u00eddicas, prejudicando tanto o processo quanto as partes envolvidas. Entre as principais consequ\u00eancias, destacam-se:<\/p>\n\n\n\n<h3 class=\"wp-block-heading\">Rejei\u00e7\u00e3o da acusa\u00e7\u00e3o<\/h3>\n\n\n\n<p>Se a den\u00fancia n\u00e3o cumprir os requisitos legais necess\u00e1rios, como a descri\u00e7\u00e3o precisa dos fatos, a qualifica\u00e7\u00e3o do acusado ou a tipifica\u00e7\u00e3o penal adequada, o juiz pode rejeitar a acusa\u00e7\u00e3o. <strong>A rejei\u00e7\u00e3o pode ocorrer, por exemplo, se a den\u00fancia for vaga ou n\u00e3o apresentar elementos suficientes para sustentar o processo.<\/strong><\/p>\n\n\n\n<h3 class=\"wp-block-heading\">Absolvi\u00e7\u00e3o do acusado<\/h3>\n\n\n\n<p>Uma den\u00fancia mal fundamentada pode prejudicar a acusa\u00e7\u00e3o ao ponto de n\u00e3o conseguir demonstrar de forma convincente a pr\u00e1tica do crime. <\/p>\n\n\n\n<p>Nesse caso, o acusado pode ser absolvido por falta de provas ou pela fragilidade das alega\u00e7\u00f5es apresentadas, o que pode ocorrer em situa\u00e7\u00f5es onde os fatos s\u00e3o mal descritos ou n\u00e3o h\u00e1 elementos suficientes para sustentar o crime.<\/p>\n\n\n\n<h3 class=\"wp-block-heading\">A\u00e7\u00f5es contra o denunciante por denuncia\u00e7\u00e3o caluniosa<\/h3>\n\n\n\n<p>Se a den\u00fancia for deliberadamente falsa ou tiver a inten\u00e7\u00e3o de prejudicar injustamente o acusado, o denunciante pode ser responsabilizado por den\u00fancia caluniosa. <\/p>\n\n\n\n<p>Nesse caso, ele pode ser processado e, dependendo das circunst\u00e2ncias, ser condenado a pena por fazer acusa\u00e7\u00f5es falsas com o intuito de prejudicar algu\u00e9m.<\/p>\n\n\n\n<h2 class=\"wp-block-heading\">Qual a diferen\u00e7a entre den\u00fancia e queixa-crime?<\/h2>\n\n\n\n<p><strong>De modo geral, a principal diferen\u00e7a entre den\u00fancia e queixa-crime est\u00e1 na titularidade da a\u00e7\u00e3o penal. <\/strong>A den\u00fancia \u00e9 apresentada pelo Minist\u00e9rio P\u00fablico em casos de a\u00e7\u00e3o penal p\u00fablica, ou seja, o MP inicia a acusa\u00e7\u00e3o independentemente da vontade da v\u00edtima.&nbsp;<\/p>\n\n\n\n<p>J\u00e1 a <a href=\"https:\/\/advbox.com.br\/blog\/modelos\/queixa-crime\/\" target=\"_blank\">queixa-crime<\/a> \u00e9 usada em a\u00e7\u00e3o penal privada, onde a v\u00edtima ou seu representante legal decide se quer processar o acusado, sendo necess\u00e1ria a manifesta\u00e7\u00e3o da v\u00edtima para iniciar o processo.&nbsp;<\/p>\n\n\n\n<p>Com isso, em ambos os casos, as pe\u00e7as devem cumprir requisitos legais, mas a den\u00fancia pode ser rejeitada pelo juiz caso n\u00e3o atenda a esses requisitos, e o mesmo ocorre com a queixa-crime, caso faltem elementos suficientes para a acusa\u00e7\u00e3o.<\/p>\n\n\n\n<p>Quais s\u00e3o as hip\u00f3teses de rejei\u00e7\u00e3o da den\u00fancia?<\/p>\n\n\n\n<p>Ap\u00f3s analisarmos os principais requisitos da den\u00fancia, faremos uma breve abordagem sobre o seu recebimento e sua rejei\u00e7\u00e3o.<\/p>\n\n\n\n<p>Na apresenta\u00e7\u00e3o da den\u00fancia, o juiz competente dever\u00e1 receber ou rejeitar a pe\u00e7a inicial. Recebendo, dar\u00e1 in\u00edcio \u00e0 a\u00e7\u00e3o penal p\u00fablica e ent\u00e3o o r\u00e9u (com nova denomina\u00e7\u00e3o) ser\u00e1 citado para que apresente sua defesa no prazo de 10 dias.<\/p>\n\n\n\n<p>A defesa ent\u00e3o apresentar\u00e1 a pe\u00e7a denominada \u201cresposta \u00e0 acusa\u00e7\u00e3o\u201d e, caso o magistrado observe aus\u00eancia de algum requisito do art. 41 do CPP, sua rejei\u00e7\u00e3o ser\u00e1 declarada, conforme o art. 395 do mesmo c\u00f3digo.<\/p>\n\n\n\n<h2 class=\"wp-block-heading\">Quais s\u00e3o os requisitos para rejei\u00e7\u00e3o da den\u00fancia?<\/h2>\n\n\n\n<p>A rejei\u00e7\u00e3o da den\u00fancia se encontra na reda\u00e7\u00e3o do art. 395 do CPP:<\/p>\n\n\n\n<p><em>Art. 395. A den\u00fancia ou queixa ser\u00e1 rejeitada quando:<\/em><\/p>\n\n\n\n<p><em>I \u2013 for manifestamente inepta;<\/em><\/p>\n\n\n\n<p><em>II \u2013 faltar pressuposto processual ou condi\u00e7\u00e3o para o exerc\u00edcio da a\u00e7\u00e3o penal;<\/em><\/p>\n\n\n\n<p><em>III \u2013 ou faltar justa causa para o exerc\u00edcio da a\u00e7\u00e3o penal.<\/em><\/p>\n\n\n\n<h3 class=\"wp-block-heading\">Den\u00fancia manifestadamente inepta<\/h3>\n\n\n\n<p>A den\u00fancia manifestadamente inepta \u00e9 aquela que n\u00e3o preenche os requisitos elencados no <a href=\"https:\/\/www.planalto.gov.br\/ccivil_03\/decreto-lei\/del3689.htm\" target=\"_blank\">art. 41 do CPP<\/a>. Com isso, caso a descri\u00e7\u00e3o dos fatos n\u00e3o seja suficiente ou o r\u00e9u n\u00e3o tenha sido identificado, haver\u00e1 sua rejei\u00e7\u00e3o.<\/p>\n\n\n\n<h3 class=\"wp-block-heading\">Falta de pressuposto processual ou condi\u00e7\u00e3o para o exerc\u00edcio da a\u00e7\u00e3o penal<\/h3>\n\n\n\n<p>J\u00e1 a aus\u00eancia de pressuposto processual ou de condi\u00e7\u00e3o para o exerc\u00edcio da a\u00e7\u00e3o penal \u00e9 aquela em que, por exemplo, h\u00e1 incompet\u00eancia do ju\u00edzo ou ilegitimidade processual.<\/p>\n\n\n\n<h3 class=\"wp-block-heading\">Falta de justa causa para o exerc\u00edcio da a\u00e7\u00e3o penal<\/h3>\n\n\n\n<p>A falta de justa causa para o exerc\u00edcio da a\u00e7\u00e3o penal significa a inexist\u00eancia de fundamentos legais ou evid\u00eancias suficientes que justifiquem o in\u00edcio de um processo penal contra um indiv\u00edduo.<\/p>\n\n\n\n<p>Isso ocorre quando n\u00e3o h\u00e1 ind\u00edcios razo\u00e1veis de que o acusado tenha cometido um crime ou quando a den\u00fancia \u00e9 baseada em elementos insuficientes ou inv\u00e1lidos, resultando no arquivamento ou rejei\u00e7\u00e3o da a\u00e7\u00e3o. Em resumo, a justa causa \u00e9 essencial para garantir que a a\u00e7\u00e3o penal seja leg\u00edtima e n\u00e3o apenas um abuso do sistema judicial.<\/p>\n\n\n\n<h3 class=\"wp-block-heading\">Artigo 569<\/h3>\n\n\n\n<p>Importante salientar que as meras omiss\u00f5es previstas na den\u00fancia n\u00e3o s\u00e3o suficientes para ensejar sua rejei\u00e7\u00e3o, podendo ser supridas em qualquer momento do processo, mas antes da senten\u00e7a.<\/p>\n\n\n\n<p><em>Art. 569. As omiss\u00f5es da den\u00fancia ou da queixa, da representa\u00e7\u00e3o, ou, nos processos das contraven\u00e7\u00f5es penais, da portaria ou do auto de pris\u00e3o em flagrante, poder\u00e3o ser supridas a todo o tempo, antes da senten\u00e7a final.<\/em><\/p>\n\n\n\n<p>Alguns exemplos de meras omiss\u00f5es ou de erros materiais pass\u00edveis de retifica\u00e7\u00f5es:<\/p>\n\n\n\n<ul class=\"wp-block-list has-small-font-size\">\n<li>Qualifica\u00e7\u00e3o do acusado (estado civil e profiss\u00e3o, por exemplo;<\/li>\n\n\n\n<li>Mudan\u00e7a no calibre da arma.<\/li>\n<\/ul>\n\n\n\n<p>Outrossim, conv\u00e9m frisar que \u00e9 cab\u00edvel recurso em sentido estrito (RESE) no caso de n\u00e3o recebimento de den\u00fancia.<\/p>\n\n\n\n<p>Desse modo, resta claro aos advogados da \u00e1rea criminal que a defesa t\u00e9cnica de seu cliente depende de uma an\u00e1lise minuciosa de diversos artigos, doutrinas e jurisprud\u00eancias.<\/p>\n\n\n\n<h2 class=\"wp-block-heading\">Qual o prazo para o oferecimento da den\u00fancia?<\/h2>\n\n\n\n<p><strong>O prazo para o oferecimento da den\u00fancia varia conforme a natureza do crime. De maneira geral, o Minist\u00e9rio P\u00fablico tem um prazo de 5 dias para oferecer a den\u00fancia ap\u00f3s a recep\u00e7\u00e3o da pe\u00e7a pelo juiz, em casos de flagrante delito ou de pris\u00e3o preventiva.&nbsp;<\/strong><\/p>\n\n\n\n<p>Nos outros casos, quando o r\u00e9u n\u00e3o est\u00e1 preso, o prazo \u00e9 de 15 dias, conforme estipulado pelo C\u00f3digo de Processo Penal (art. 46). Esses prazos podem ser prorrogados ou suspensos em situa\u00e7\u00f5es excepcionais, como em caso de dilig\u00eancias necess\u00e1rias \u00e0 apura\u00e7\u00e3o dos fatos.<\/p>\n\n\n\n<h2 class=\"wp-block-heading\">Como fazer uma den\u00fancia sem ser identificado?<\/h2>\n\n\n\n<p><strong>Caso algu\u00e9m deseje fazer uma den\u00fancia sem ser identificado, \u00e9 poss\u00edvel utilizar o disque-den\u00fancia ou outras plataformas de den\u00fancia an\u00f4nima, que garantem o anonimato do denunciante.&nbsp;<\/strong><\/p>\n\n\n\n<p>Em muitos pa\u00edses, inclusive no Brasil, existem canais de comunica\u00e7\u00e3o com as autoridades, como delegacias e \u00f3rg\u00e3os de controle, que permitem ao denunciante manter sua identidade em sigilo. <\/p>\n\n\n\n<p>Contudo, \u00e9 importante destacar que a den\u00fancia an\u00f4nima pode ser mais dif\u00edcil de ser investigada, pois a aus\u00eancia de dados sobre o denunciante limita a possibilidade de corroborar as informa\u00e7\u00f5es.<\/p>\n\n\n\n<h2 class=\"wp-block-heading\">Conclus\u00e3o<\/h2>\n\n\n\n<p><strong>Em conclus\u00e3o, a den\u00fancia \u00e9 um passo fundamental no processo penal, sendo respons\u00e1vel por formalizar a acusa\u00e7\u00e3o e dar in\u00edcio \u00e0 investiga\u00e7\u00e3o judicial. <\/strong>Para que seja v\u00e1lida, deve cumprir requisitos essenciais, como a qualifica\u00e7\u00e3o do acusado, a descri\u00e7\u00e3o clara dos fatos, a tipifica\u00e7\u00e3o penal e a fundamenta\u00e7\u00e3o legal.&nbsp;<\/p>\n\n\n\n<p>Caso esses requisitos n\u00e3o sejam atendidos, podem ocorrer consequ\u00eancias negativas, como a rejei\u00e7\u00e3o da acusa\u00e7\u00e3o, a absolvi\u00e7\u00e3o do acusado ou at\u00e9 mesmo a\u00e7\u00f5es contra o denunciante por denuncia\u00e7\u00e3o caluniosa. Al\u00e9m disso, a den\u00fancia pode ser apresentada pelo Minist\u00e9rio P\u00fablico nos casos de a\u00e7\u00e3o penal p\u00fablica, com prazos espec\u00edficos para sua formaliza\u00e7\u00e3o, enquanto que em crimes de a\u00e7\u00e3o penal privada, \u00e9 a v\u00edtima quem toma a iniciativa atrav\u00e9s da queixa-crime.&nbsp;<\/p>\n\n\n\n<p>E se voc\u00ea est\u00e1 buscando uma forma de facilitar a gest\u00e3o desses processos, a ADVBOX \u00e9 um ecossistema completo, onde voc\u00ea consegue gerenciar suas demandas jur\u00eddicas de forma pr\u00e1tica e segura.<\/p>\n\n\n\n<p>Entenda como a <a href=\"https:\/\/advbox.com.br\/software-juridico\" target=\"_blank\">ADVBOX<\/a> estrutura a produ\u00e7\u00e3o de peti\u00e7\u00f5es para reduzir falhas operacionais e sustentar o crescimento do escrit\u00f3rio.<\/p>\n\n\n\n<figure class=\"wp-block-image size-full\"><a href=\"https:\/\/advbox.com.br\/blog\/como-automatizar-seus-modelos-de-peticoes\/\" target=\"_blank\"><img fetchpriority=\"high\" decoding=\"async\" width=\"1024\" height=\"270\" src=\"https:\/\/advbox.com.br\/blog\/wp-content\/uploads\/2025\/12\/CTA-REBRANDING-17.webp\" alt=\"Banner com imagem ilustrativa de peti\u00e7\u00f5es automatizadas, destacando redu\u00e7\u00e3o de erros e ganho de escala na automa\u00e7\u00e3o jur\u00eddica para advogados\" class=\"wp-image-79760\" srcset=\"https:\/\/advbox.com.br\/blog\/wp-content\/uploads\/2025\/12\/CTA-REBRANDING-17.webp 1024w, https:\/\/advbox.com.br\/blog\/wp-content\/uploads\/2025\/12\/CTA-REBRANDING-17-500x132.webp 500w, https:\/\/advbox.com.br\/blog\/wp-content\/uploads\/2025\/12\/CTA-REBRANDING-17-768x203.webp 768w, https:\/\/advbox.com.br\/blog\/wp-content\/uploads\/2025\/12\/CTA-REBRANDING-17-150x40.webp 150w\" sizes=\"(max-width: 1024px) 100vw, 1024px\" \/><\/a><\/figure>\n","protected":false},"excerpt":{"rendered":"<p>Todo processo penal se inicia por meio da den\u00fancia ou da queixa-crime, que s\u00e3o pe\u00e7as que cont\u00e9m a acusa\u00e7\u00e3o do poss\u00edvel delito ou crime em discuss\u00e3o. Assim, pode surgir a d\u00favida: quais s\u00e3o os principais requisitos da den\u00fancia? Contudo, voc\u00ea n\u00e3o precisa se preocupar! Pois o artigo a seguir responde [&hellip;]<\/p>\n","protected":false},"author":43,"featured_media":79776,"parent":0,"menu_order":0,"comment_status":"closed","ping_status":"closed","template":"","meta":{"_acf_changed":false,"om_disable_all_campaigns":false,"footnotes":""},"class_list":["post-53363","page","type-page","status-publish","has-post-thumbnail","hentry"],"acf":[],"yoast_head":"<!-- This site is optimized with the Yoast SEO plugin v26.9 - https:\/\/yoast.com\/product\/yoast-seo-wordpress\/ -->\n<title>Requisitos da den\u00fancia: quais s\u00e3o, prazos e o que caracteriza<\/title>\n<meta name=\"description\" content=\"Entenda o que e quais s\u00e3o os requisitos da den\u00fancia. Veja qual a import\u00e2ncia, como deve ser feito, requisitos, prazos e como mais.\" \/>\n<meta name=\"robots\" content=\"index, follow, max-snippet:-1, max-image-preview:large, max-video-preview:-1\" \/>\n<link rel=\"canonical\" href=\"https:\/\/advbox.com.br\/blog\/requisitos-da-denuncia\/\" \/>\n<meta property=\"og:locale\" content=\"pt_BR\" \/>\n<meta property=\"og:type\" content=\"article\" \/>\n<meta property=\"og:title\" content=\"Requisitos da den\u00fancia: quais s\u00e3o, prazos e o que caracteriza\" \/>\n<meta property=\"og:description\" content=\"Entenda o que e quais s\u00e3o os requisitos da den\u00fancia. Veja qual a import\u00e2ncia, como deve ser feito, requisitos, prazos e como mais.\" \/>\n<meta property=\"og:url\" content=\"https:\/\/advbox.com.br\/blog\/requisitos-da-denuncia\/\" \/>\n<meta property=\"og:site_name\" content=\"Software Jur\u00eddico Completo - ADVBOX\" \/>\n<meta property=\"article:publisher\" content=\"https:\/\/www.facebook.com\/advbox\/\" \/>\n<meta property=\"article:modified_time\" content=\"2026-02-26T00:24:00+00:00\" \/>\n<meta property=\"og:image\" content=\"https:\/\/advbox.com.br\/blog\/wp-content\/uploads\/2025\/12\/sobrestamento-1.jpg\" \/>\n\t<meta property=\"og:image:width\" content=\"1024\" \/>\n\t<meta property=\"og:image:height\" content=\"576\" \/>\n\t<meta property=\"og:image:type\" content=\"image\/jpeg\" \/>\n<meta name=\"twitter:card\" content=\"summary_large_image\" \/>\n<meta name=\"twitter:site\" content=\"@advbox2\" \/>\n<script type=\"application\/ld+json\" class=\"yoast-schema-graph\">{\"@context\":\"https:\/\/schema.org\",\"@graph\":[{\"@type\":\"WebPage\",\"@id\":\"https:\/\/advbox.com.br\/blog\/requisitos-da-denuncia\/\",\"url\":\"https:\/\/advbox.com.br\/blog\/requisitos-da-denuncia\/\",\"name\":\"Requisitos da den\u00fancia: quais s\u00e3o, prazos e o que caracteriza\",\"isPartOf\":{\"@id\":\"https:\/\/advbox.com.br\/blog\/#website\"},\"primaryImageOfPage\":{\"@id\":\"https:\/\/advbox.com.br\/blog\/requisitos-da-denuncia\/#primaryimage\"},\"image\":{\"@id\":\"https:\/\/advbox.com.br\/blog\/requisitos-da-denuncia\/#primaryimage\"},\"thumbnailUrl\":\"https:\/\/advbox.com.br\/blog\/wp-content\/uploads\/2025\/12\/sobrestamento-1.jpg\",\"datePublished\":\"2024-12-18T20:04:51+00:00\",\"dateModified\":\"2026-02-26T00:24:00+00:00\",\"description\":\"Entenda o que e quais s\u00e3o os requisitos da den\u00fancia. Veja qual a import\u00e2ncia, como deve ser feito, requisitos, prazos e como mais.\",\"breadcrumb\":{\"@id\":\"https:\/\/advbox.com.br\/blog\/requisitos-da-denuncia\/#breadcrumb\"},\"inLanguage\":\"pt-BR\",\"potentialAction\":[{\"@type\":\"ReadAction\",\"target\":[\"https:\/\/advbox.com.br\/blog\/requisitos-da-denuncia\/\"]}]},{\"@type\":\"ImageObject\",\"inLanguage\":\"pt-BR\",\"@id\":\"https:\/\/advbox.com.br\/blog\/requisitos-da-denuncia\/#primaryimage\",\"url\":\"https:\/\/advbox.com.br\/blog\/wp-content\/uploads\/2025\/12\/sobrestamento-1.jpg\",\"contentUrl\":\"https:\/\/advbox.com.br\/blog\/wp-content\/uploads\/2025\/12\/sobrestamento-1.jpg\",\"width\":1024,\"height\":576,\"caption\":\"Banner institucional da ADVBOX com elemento visual abstrato em tons de azul, representando estrutura, tecnologia e identidade visual da marca\"},{\"@type\":\"BreadcrumbList\",\"@id\":\"https:\/\/advbox.com.br\/blog\/requisitos-da-denuncia\/#breadcrumb\",\"itemListElement\":[{\"@type\":\"ListItem\",\"position\":1,\"name\":\"In\u00edcio\",\"item\":\"https:\/\/advbox.com.br\/blog\/\"},{\"@type\":\"ListItem\",\"position\":2,\"name\":\"Requisitos da den\u00fancia: quais s\u00e3o, prazos e o que caracteriza\"}]},{\"@type\":\"WebSite\",\"@id\":\"https:\/\/advbox.com.br\/blog\/#website\",\"url\":\"https:\/\/advbox.com.br\/blog\/\",\"name\":\"Software Jur\u00eddico Completo - ADVBOX\",\"description\":\"Plataforma para Advocacia Digital\",\"publisher\":{\"@id\":\"https:\/\/advbox.com.br\/blog\/#organization\"},\"potentialAction\":[{\"@type\":\"SearchAction\",\"target\":{\"@type\":\"EntryPoint\",\"urlTemplate\":\"https:\/\/advbox.com.br\/blog\/?s={search_term_string}\"},\"query-input\":{\"@type\":\"PropertyValueSpecification\",\"valueRequired\":true,\"valueName\":\"search_term_string\"}}],\"inLanguage\":\"pt-BR\"},{\"@type\":\"Organization\",\"@id\":\"https:\/\/advbox.com.br\/blog\/#organization\",\"name\":\"ADVBOX Blog - Software jur\u00eddico da advocacia digital\",\"url\":\"https:\/\/advbox.com.br\/blog\/\",\"logo\":{\"@type\":\"ImageObject\",\"inLanguage\":\"pt-BR\",\"@id\":\"https:\/\/advbox.com.br\/blog\/#\/schema\/logo\/image\/\",\"url\":\"https:\/\/advbox.com.br\/blog\/wp-content\/uploads\/2019\/12\/Como-aumentar-a-produtividade_.jpg\",\"contentUrl\":\"https:\/\/advbox.com.br\/blog\/wp-content\/uploads\/2019\/12\/Como-aumentar-a-produtividade_.jpg\",\"width\":320,\"height\":213,\"caption\":\"ADVBOX Blog - Software jur\u00eddico da advocacia digital\"},\"image\":{\"@id\":\"https:\/\/advbox.com.br\/blog\/#\/schema\/logo\/image\/\"},\"sameAs\":[\"https:\/\/www.facebook.com\/advbox\/\",\"https:\/\/x.com\/advbox2\"]}]}<\/script>\n<!-- \/ Yoast SEO plugin. -->","yoast_head_json":{"title":"Requisitos da den\u00fancia: quais s\u00e3o, prazos e o que caracteriza","description":"Entenda o que e quais s\u00e3o os requisitos da den\u00fancia. Veja qual a import\u00e2ncia, como deve ser feito, requisitos, prazos e como mais.","robots":{"index":"index","follow":"follow","max-snippet":"max-snippet:-1","max-image-preview":"max-image-preview:large","max-video-preview":"max-video-preview:-1"},"canonical":"https:\/\/advbox.com.br\/blog\/requisitos-da-denuncia\/","og_locale":"pt_BR","og_type":"article","og_title":"Requisitos da den\u00fancia: quais s\u00e3o, prazos e o que caracteriza","og_description":"Entenda o que e quais s\u00e3o os requisitos da den\u00fancia. Veja qual a import\u00e2ncia, como deve ser feito, requisitos, prazos e como mais.","og_url":"https:\/\/advbox.com.br\/blog\/requisitos-da-denuncia\/","og_site_name":"Software Jur\u00eddico Completo - ADVBOX","article_publisher":"https:\/\/www.facebook.com\/advbox\/","article_modified_time":"2026-02-26T00:24:00+00:00","og_image":[{"width":1024,"height":576,"url":"https:\/\/advbox.com.br\/blog\/wp-content\/uploads\/2025\/12\/sobrestamento-1.jpg","type":"image\/jpeg"}],"twitter_card":"summary_large_image","twitter_site":"@advbox2","schema":{"@context":"https:\/\/schema.org","@graph":[{"@type":"WebPage","@id":"https:\/\/advbox.com.br\/blog\/requisitos-da-denuncia\/","url":"https:\/\/advbox.com.br\/blog\/requisitos-da-denuncia\/","name":"Requisitos da den\u00fancia: quais s\u00e3o, prazos e o que caracteriza","isPartOf":{"@id":"https:\/\/advbox.com.br\/blog\/#website"},"primaryImageOfPage":{"@id":"https:\/\/advbox.com.br\/blog\/requisitos-da-denuncia\/#primaryimage"},"image":{"@id":"https:\/\/advbox.com.br\/blog\/requisitos-da-denuncia\/#primaryimage"},"thumbnailUrl":"https:\/\/advbox.com.br\/blog\/wp-content\/uploads\/2025\/12\/sobrestamento-1.jpg","datePublished":"2024-12-18T20:04:51+00:00","dateModified":"2026-02-26T00:24:00+00:00","description":"Entenda o que e quais s\u00e3o os requisitos da den\u00fancia. Veja qual a import\u00e2ncia, como deve ser feito, requisitos, prazos e como mais.","breadcrumb":{"@id":"https:\/\/advbox.com.br\/blog\/requisitos-da-denuncia\/#breadcrumb"},"inLanguage":"pt-BR","potentialAction":[{"@type":"ReadAction","target":["https:\/\/advbox.com.br\/blog\/requisitos-da-denuncia\/"]}]},{"@type":"ImageObject","inLanguage":"pt-BR","@id":"https:\/\/advbox.com.br\/blog\/requisitos-da-denuncia\/#primaryimage","url":"https:\/\/advbox.com.br\/blog\/wp-content\/uploads\/2025\/12\/sobrestamento-1.jpg","contentUrl":"https:\/\/advbox.com.br\/blog\/wp-content\/uploads\/2025\/12\/sobrestamento-1.jpg","width":1024,"height":576,"caption":"Banner institucional da ADVBOX com elemento visual abstrato em tons de azul, representando estrutura, tecnologia e identidade visual da marca"},{"@type":"BreadcrumbList","@id":"https:\/\/advbox.com.br\/blog\/requisitos-da-denuncia\/#breadcrumb","itemListElement":[{"@type":"ListItem","position":1,"name":"In\u00edcio","item":"https:\/\/advbox.com.br\/blog\/"},{"@type":"ListItem","position":2,"name":"Requisitos da den\u00fancia: quais s\u00e3o, prazos e o que caracteriza"}]},{"@type":"WebSite","@id":"https:\/\/advbox.com.br\/blog\/#website","url":"https:\/\/advbox.com.br\/blog\/","name":"Software Jur\u00eddico Completo - ADVBOX","description":"Plataforma para Advocacia Digital","publisher":{"@id":"https:\/\/advbox.com.br\/blog\/#organization"},"potentialAction":[{"@type":"SearchAction","target":{"@type":"EntryPoint","urlTemplate":"https:\/\/advbox.com.br\/blog\/?s={search_term_string}"},"query-input":{"@type":"PropertyValueSpecification","valueRequired":true,"valueName":"search_term_string"}}],"inLanguage":"pt-BR"},{"@type":"Organization","@id":"https:\/\/advbox.com.br\/blog\/#organization","name":"ADVBOX Blog - Software jur\u00eddico da advocacia digital","url":"https:\/\/advbox.com.br\/blog\/","logo":{"@type":"ImageObject","inLanguage":"pt-BR","@id":"https:\/\/advbox.com.br\/blog\/#\/schema\/logo\/image\/","url":"https:\/\/advbox.com.br\/blog\/wp-content\/uploads\/2019\/12\/Como-aumentar-a-produtividade_.jpg","contentUrl":"https:\/\/advbox.com.br\/blog\/wp-content\/uploads\/2019\/12\/Como-aumentar-a-produtividade_.jpg","width":320,"height":213,"caption":"ADVBOX Blog - Software jur\u00eddico da advocacia digital"},"image":{"@id":"https:\/\/advbox.com.br\/blog\/#\/schema\/logo\/image\/"},"sameAs":["https:\/\/www.facebook.com\/advbox\/","https:\/\/x.com\/advbox2"]}]}},"_links":{"self":[{"href":"https:\/\/advbox.com.br\/blog\/wp-json\/wp\/v2\/pages\/53363","targetHints":{"allow":["GET"]}}],"collection":[{"href":"https:\/\/advbox.com.br\/blog\/wp-json\/wp\/v2\/pages"}],"about":[{"href":"https:\/\/advbox.com.br\/blog\/wp-json\/wp\/v2\/types\/page"}],"author":[{"embeddable":true,"href":"https:\/\/advbox.com.br\/blog\/wp-json\/wp\/v2\/users\/43"}],"replies":[{"embeddable":true,"href":"https:\/\/advbox.com.br\/blog\/wp-json\/wp\/v2\/comments?post=53363"}],"version-history":[{"count":13,"href":"https:\/\/advbox.com.br\/blog\/wp-json\/wp\/v2\/pages\/53363\/revisions"}],"predecessor-version":[{"id":82265,"href":"https:\/\/advbox.com.br\/blog\/wp-json\/wp\/v2\/pages\/53363\/revisions\/82265"}],"wp:featuredmedia":[{"embeddable":true,"href":"https:\/\/advbox.com.br\/blog\/wp-json\/wp\/v2\/media\/79776"}],"wp:attachment":[{"href":"https:\/\/advbox.com.br\/blog\/wp-json\/wp\/v2\/media?parent=53363"}],"curies":[{"name":"wp","href":"https:\/\/api.w.org\/{rel}","templated":true}]}}